{"id":91834,"date":"2026-09-03T17:24:46","date_gmt":"2026-09-03T15:24:46","guid":{"rendered":"https:\/\/www.librairieclavreuil.com\/matteucci-carlo-recueil-de-8-memoires-en-francais-et-en-italien\/"},"modified":"2026-09-04T10:01:12","modified_gmt":"2026-09-04T08:01:12","slug":"matteucci-carlo-recueil-de-8-memoires-en-francais-et-en-italien","status":"publish","type":"product","link":"https:\/\/www.librairieclavreuil.com\/en\/matteucci-carlo-recueil-de-8-memoires-en-francais-et-en-italien\/","title":{"rendered":"MATTEUCCI Carlo Recueil de 8 m\u00e9moires en fran\u00e7ais..."},"content":{"rendered":"<p style=\"text-align:justify\"><span style=\"font-variant:small-caps\">An important collection, presumably compiled by Matteucci himself, who presented it to Cardinal Lambruschini, as evidenced by the handwritten inscription on the flyleaf: <\/span>&#8220;A sua Eminenza Card. Lambruschini, Segretario di stato&#8230; Mecenato delle scienze e delle sue applicazioni. L&#8217;autore in profundo omaggio di rispetto e riverenza. \u00bb<\/p>\n<p style=\"text-align:justify\">This collection brings together Matteucci\u2019s early scientific works, ranging from his very first paper, published in 1828, on the electrical phenomena of thunderstorms, to his research in the 1830s on electricity, electrochemistry and animal electricity. Described by the DSB as \u201can outstanding scientist, whose work greatly influenced nineteenth-century electrophysiology\u201d, Matteucci studied in Bologna between 1825 and 1828 and graduated with a degree in physics at the age of 17. Through the intervention of Alexander von Humboldt, the University of Pisa offered him the post of professor of physics in 1840.<\/p>\n<p style=\"text-align:justify\">This copy was presented to Luigi Lambruschini (1776\u20131854), a cardinal of the Roman Curia and a leading figure during the pontificate of Gregory XVI. Appointed cardinal in 1831, Lambruschini served as Prefect of the Sacred Congregation of Studies from 1834 to 1836, before being appointed, in January 1836, Cardinal Secretary of State, a post he held until the death of Gregory XVI in 1846.<\/p>\n<p style=\"text-align:justify\">By dedicating this work to Lambruschini, Matteucci pays tribute to the man he explicitly describes as a patron of the sciences and their applications: \u2018<i>Mecenato delle scienze e delle sue applicazioni<\/i>\u2019. At the age of barely twenty-six, the young scholar thus dedicated this collection of his early research to one of the most senior officials in the papal administration, who had previously been in charge of educational institutions before taking up his post in the Secretariat of State.<\/p>\n<p style=\"text-align:justify\">This copy therefore provides a particularly interesting insight into the relationship between scientific research, papal institutions and networks of scholarly patronage in Italy during the Restoration period. It is all the more remarkable given that Matteucci, still at the start of his career, would go on to become one of Italy\u2019s leading figures in experimental electrophysiology and electrochemistry.<\/p>\n<p style=\"text-align:justify\">bound at the head of the volume is a bibliography of the works and papers published by Matteucci.<\/p>\n<p style=\"text-align:justify\">Contents :<\/p>\n<ol>\n<li>\n<p style=\"text-align:justify\">Sur la propagation du courant \u00e9lectrique dans les liquides. [<i>Paris, E.-J. Bailly, 1837<\/i>] 89 pp. Without the printed self-wrappers. <i>Not in Wheeler-Gift, Gartrell and Wheatland<\/i>. <span style=\"font-variant:small-caps\">First edition of the <\/span>Off-print from <i>Annales de Chimie et de Physique, 1837, <\/i><span style=\"font-variant:small-caps\">very rare.<\/span> The overview of this memoir is followed by six lengthy chapters detailing the meticulous work carried out by scientist Carlo Matteucci. He addresses questions concerning the influence of the nature, the volume, the surface area of the liquid on electricity. The tables detail the results of the experiments.<\/p>\n<\/li>\n<li>\n<p style=\"text-align:justify\">De la Force chimique du courant volatile, 3e m\u00e9moire. (communiqu\u00e9 par l&#8217;auteur).- De la diffusion du courant \u00e9lectrique dans les liquides (communiqu\u00e9 par l&#8217;auteur).- Note sur les courants \u00e9lectriques d\u00e9velopp\u00e9s dans l&#8217;action chimique les uns sur les autres, par M. A Mousson. [M\u00e9moires pr\u00e9sent\u00e9s \u00e0 Ravenne, 14 mai, et 1er juin 1839] pp. 153-176. Memoirs taken from an unidentified scientific journal. In it, Matteucci sets out the results of research into the chemical effects of electric current and their relationship to the relative quantities of the substances produced or decomposed.<\/p>\n<\/li>\n<li>\n<p style=\"text-align:justify\">Del Temporale. Discorso. <i>Bologna, Tipografia Marsigli, 1828.<\/i> 67 pp. <i>Not in Wheeler-Gift, Gartrell and Wheatland.<\/i><\/p>\n<p style=\"text-align:justify\"><span style=\"font-variant:small-caps\">First edition, very rare, of the first scientific publication of the young researcher.<\/span> &#8220;At the age of sixteen he prepared his first published paper, on meteorology&#8221; (DSB). This thesis concerns atmospheric electricity produced during thunderstorms. The author first provides a historical overview of the work of his predecessors, then studies cloud formation and other meteorological electrical phenomena.<\/p>\n<\/li>\n<li>\n<p style=\"text-align:justify\">Sul Passaggio della corrente elettrica fra i metalli et i liquidi e fra i liquidi e i liquidi. Memoria.<i> Forli, Mattei Casali, 1835.<\/i> 39 pp. <i>Not in Wheeler-Gift, Gartrell, and Wheatland.<\/i> Important memoir in which Matteucci examines the direction of electric current in bodies and liquids.<\/p>\n<\/li>\n<li>\n<p style=\"text-align:justify\">Sulla formatione della grandine. M\u00e9moria. <i>Pesaro, stamperia del Nobili, 1834. <\/i>14 pp. <span style=\"font-variant:small-caps\">First edition, very rare, on the formation and the electric properties of hale.<\/span><\/p>\n<\/li>\n<li>\n<p style=\"text-align:justify\">Sulle correnti elettro-magnetiche di Faraday. Osservazioni. [<i>Forli, Matteo Casali, 1832<\/i>]. 6 pp. 4 f.n.ch. <i>Not in Wheeler-Gift, Gartrell and Wheatland<\/i>. Important paper on the polarisation of magnetic electric current based on Faraday&#8217;s findings. Schematic images illustrate the text.<\/p>\n<\/li>\n<li>\n<p style=\"text-align:justify\">Sur l&#8217;Origine de la chaleur animale. Observations. Extrait de la Correspondance math\u00e9matique et physique de Mr. Quetelet, Bruxelles. <i>N.p., n.d.<\/i> 7 pp. After dismissing Lavoisier and Laplace&#8217;s theory that animal heat was due to the \u2018conversion of carbon and hydrogen in venous blood into carbonic acid and water\u2019 Matteucci concluded that \u2018it is therefore in nutrition, an act composed of physical and chemical actions carried out under the influence of the nervous system, that the cause of animal heat seems to lie\u2019.<\/p>\n<\/li>\n<li>\n<p style=\"text-align:justify\">Sur l&#8217;\u00e9lectricit\u00e9 animale. M\u00e9moire. [<i>Florence, 10 septembre 1834<\/i>]. 2 ff.n.ch. <i>Not in Wheeler-Gift, Gartrell and Wheatland.<\/i> Memoir in which Matteucci studies animal electricity based on research conducted by Wollaston, who \u2018was the first to attempt to explain animal secretions using electrochemistry\u2019.<\/p>\n<\/li>\n<\/ol>\n<p style=\"text-align:justify\">Fine copy.<\/p>\n<p style=\"text-align:justify\">Other provenance : Andr\u00e9 D\u00e9nier (bookplate).<\/p>\n","protected":false},"excerpt":{"rendered":"<p>8vo (200 x 125 mm). Contemporary italian red sheepskin , gilt roll framing covers, flat spine, yellow edges.<\/p>\n","protected":false},"featured_media":91792,"comment_status":"open","ping_status":"closed","template":"","meta":{"_acf_changed":false},"product_brand":[],"product_cat":[550],"product_tag":[608,1335],"class_list":{"0":"post-91834","1":"product","2":"type-product","3":"status-publish","4":"has-post-thumbnail","6":"product_cat-science","7":"product_tag-electricity","8":"product_tag-physics","9":"pa_auteur-matteucci-carlo-2","10":"pa_type-de-livre-printed-book","12":"first","13":"instock","14":"shipping-taxable","15":"purchasable","16":"product-type-simple"},"acf":{"artist":"MATTEUCCI  Carlo","chapeau":"Inscribed to cardinal Lambruschini","adresse_bibliographique":"Paris, Forli, Pesaro, 1828-1837","book_type":"Printed book","provenance":"","afficher_prix":"oui"},"yoast_head":"<!-- This site is optimized with the Yoast SEO plugin v24.7 - https:\/\/yoast.com\/wordpress\/plugins\/seo\/ -->\n<title>MATTEUCCI Carlo Recueil de 8 m\u00e9moires en fran\u00e7ais et en italien. - Libairie Clavreuil<\/title>\n<meta name=\"robots\" content=\"index, follow, max-snippet:-1, max-image-preview:large, max-video-preview:-1\" \/>\n<link rel=\"canonical\" href=\"https:\/\/www.librairieclavreuil.com\/en\/matteucci-carlo-recueil-de-8-memoires-en-francais-et-en-italien\/\" \/>\n<meta property=\"og:locale\" content=\"en_US\" \/>\n<meta property=\"og:type\" content=\"article\" \/>\n<meta property=\"og:title\" content=\"MATTEUCCI Carlo Recueil de 8 m\u00e9moires en fran\u00e7ais et en italien. - Libairie Clavreuil\" \/>\n<meta property=\"og:description\" content=\"8vo (200 x 125 mm). Contemporary italian red sheepskin , gilt roll framing covers, flat spine, yellow edges.\" \/>\n<meta property=\"og:url\" content=\"https:\/\/www.librairieclavreuil.com\/en\/matteucci-carlo-recueil-de-8-memoires-en-francais-et-en-italien\/\" \/>\n<meta property=\"og:site_name\" content=\"Libairie Clavreuil\" \/>\n<meta property=\"article:modified_time\" content=\"2026-09-04T08:01:12+00:00\" \/>\n<meta property=\"og:image\" content=\"https:\/\/www.librairieclavreuil.com\/wp-content\/uploads\/2026\/09\/carlo-matteucci-recueil-de-8-memoires-en-francais-et-en-italien-9908-6a9801147bbbf.jpg\" \/>\n\t<meta property=\"og:image:width\" content=\"622\" \/>\n\t<meta property=\"og:image:height\" content=\"800\" \/>\n\t<meta property=\"og:image:type\" content=\"image\/jpeg\" \/>\n<meta name=\"twitter:card\" content=\"summary_large_image\" \/>\n<meta name=\"twitter:label1\" content=\"Est. reading time\" \/>\n\t<meta name=\"twitter:data1\" content=\"4 minutes\" \/>\n<script type=\"application\/ld+json\" class=\"yoast-schema-graph\">{\"@context\":\"https:\/\/schema.org\",\"@graph\":[{\"@type\":\"WebPage\",\"@id\":\"https:\/\/www.librairieclavreuil.com\/en\/matteucci-carlo-recueil-de-8-memoires-en-francais-et-en-italien\/\",\"url\":\"https:\/\/www.librairieclavreuil.com\/en\/matteucci-carlo-recueil-de-8-memoires-en-francais-et-en-italien\/\",\"name\":\"MATTEUCCI Carlo Recueil de 8 m\u00e9moires en fran\u00e7ais et en italien. - Libairie Clavreuil\",\"isPartOf\":{\"@id\":\"https:\/\/www.librairieclavreuil.com\/#website\"},\"primaryImageOfPage\":{\"@id\":\"https:\/\/www.librairieclavreuil.com\/en\/matteucci-carlo-recueil-de-8-memoires-en-francais-et-en-italien\/#primaryimage\"},\"image\":{\"@id\":\"https:\/\/www.librairieclavreuil.com\/en\/matteucci-carlo-recueil-de-8-memoires-en-francais-et-en-italien\/#primaryimage\"},\"thumbnailUrl\":\"https:\/\/www.librairieclavreuil.com\/wp-content\/uploads\/2026\/09\/carlo-matteucci-recueil-de-8-memoires-en-francais-et-en-italien-9908-6a9801147bbbf.jpg\",\"datePublished\":\"2026-09-03T15:24:46+00:00\",\"dateModified\":\"2026-09-04T08:01:12+00:00\",\"breadcrumb\":{\"@id\":\"https:\/\/www.librairieclavreuil.com\/en\/matteucci-carlo-recueil-de-8-memoires-en-francais-et-en-italien\/#breadcrumb\"},\"inLanguage\":\"en-US\",\"potentialAction\":[{\"@type\":\"ReadAction\",\"target\":[\"https:\/\/www.librairieclavreuil.com\/en\/matteucci-carlo-recueil-de-8-memoires-en-francais-et-en-italien\/\"]}]},{\"@type\":\"ImageObject\",\"inLanguage\":\"en-US\",\"@id\":\"https:\/\/www.librairieclavreuil.com\/en\/matteucci-carlo-recueil-de-8-memoires-en-francais-et-en-italien\/#primaryimage\",\"url\":\"https:\/\/www.librairieclavreuil.com\/wp-content\/uploads\/2026\/09\/carlo-matteucci-recueil-de-8-memoires-en-francais-et-en-italien-9908-6a9801147bbbf.jpg\",\"contentUrl\":\"https:\/\/www.librairieclavreuil.com\/wp-content\/uploads\/2026\/09\/carlo-matteucci-recueil-de-8-memoires-en-francais-et-en-italien-9908-6a9801147bbbf.jpg\",\"width\":622,\"height\":800},{\"@type\":\"BreadcrumbList\",\"@id\":\"https:\/\/www.librairieclavreuil.com\/en\/matteucci-carlo-recueil-de-8-memoires-en-francais-et-en-italien\/#breadcrumb\",\"itemListElement\":[{\"@type\":\"ListItem\",\"position\":1,\"name\":\"Accueil\",\"item\":\"https:\/\/www.librairieclavreuil.com\/\"},{\"@type\":\"ListItem\",\"position\":2,\"name\":\"All our books\",\"item\":\"https:\/\/www.librairieclavreuil.com\/en\/all-our-books\/\"},{\"@type\":\"ListItem\",\"position\":3,\"name\":\"MATTEUCCI Carlo Recueil de 8 m\u00e9moires en fran\u00e7ais...\"}]},{\"@type\":\"WebSite\",\"@id\":\"https:\/\/www.librairieclavreuil.com\/#website\",\"url\":\"https:\/\/www.librairieclavreuil.com\/\",\"name\":\"Libairie Clavreuil\",\"description\":\"Livres anciens, manuscrits rares et \u00e9ditions originales \u2013 Librairie Clavreuil\",\"publisher\":{\"@id\":\"https:\/\/www.librairieclavreuil.com\/#organization\"},\"potentialAction\":[{\"@type\":\"SearchAction\",\"target\":{\"@type\":\"EntryPoint\",\"urlTemplate\":\"https:\/\/www.librairieclavreuil.com\/?s={search_term_string}\"},\"query-input\":{\"@type\":\"PropertyValueSpecification\",\"valueRequired\":true,\"valueName\":\"search_term_string\"}}],\"inLanguage\":\"en-US\"},{\"@type\":\"Organization\",\"@id\":\"https:\/\/www.librairieclavreuil.com\/#organization\",\"name\":\"Libairie Clavreuil\",\"url\":\"https:\/\/www.librairieclavreuil.com\/\",\"logo\":{\"@type\":\"ImageObject\",\"inLanguage\":\"en-US\",\"@id\":\"https:\/\/www.librairieclavreuil.com\/#\/schema\/logo\/image\/\",\"url\":\"https:\/\/www.librairieclavreuil.com\/wp-content\/uploads\/2021\/06\/cropped-LOGO_PNG_DATE-_gold-512x512-1.png\",\"contentUrl\":\"https:\/\/www.librairieclavreuil.com\/wp-content\/uploads\/2021\/06\/cropped-LOGO_PNG_DATE-_gold-512x512-1.png\",\"width\":512,\"height\":512,\"caption\":\"Libairie Clavreuil\"},\"image\":{\"@id\":\"https:\/\/www.librairieclavreuil.com\/#\/schema\/logo\/image\/\"},\"sameAs\":[\"https:\/\/www.instagram.com\/librairieclavreuil\/\"]}]}<\/script>\n<!-- \/ Yoast SEO plugin. -->","yoast_head_json":{"title":"MATTEUCCI Carlo Recueil de 8 m\u00e9moires en fran\u00e7ais et en italien. - Libairie Clavreuil","robots":{"index":"index","follow":"follow","max-snippet":"max-snippet:-1","max-image-preview":"max-image-preview:large","max-video-preview":"max-video-preview:-1"},"canonical":"https:\/\/www.librairieclavreuil.com\/en\/matteucci-carlo-recueil-de-8-memoires-en-francais-et-en-italien\/","og_locale":"en_US","og_type":"article","og_title":"MATTEUCCI Carlo Recueil de 8 m\u00e9moires en fran\u00e7ais et en italien. - Libairie Clavreuil","og_description":"8vo (200 x 125 mm). Contemporary italian red sheepskin , gilt roll framing covers, flat spine, yellow edges.","og_url":"https:\/\/www.librairieclavreuil.com\/en\/matteucci-carlo-recueil-de-8-memoires-en-francais-et-en-italien\/","og_site_name":"Libairie Clavreuil","article_modified_time":"2026-09-04T08:01:12+00:00","og_image":[{"width":622,"height":800,"url":"https:\/\/www.librairieclavreuil.com\/wp-content\/uploads\/2026\/09\/carlo-matteucci-recueil-de-8-memoires-en-francais-et-en-italien-9908-6a9801147bbbf.jpg","type":"image\/jpeg"}],"twitter_card":"summary_large_image","twitter_misc":{"Est. reading time":"4 minutes"},"schema":{"@context":"https:\/\/schema.org","@graph":[{"@type":"WebPage","@id":"https:\/\/www.librairieclavreuil.com\/en\/matteucci-carlo-recueil-de-8-memoires-en-francais-et-en-italien\/","url":"https:\/\/www.librairieclavreuil.com\/en\/matteucci-carlo-recueil-de-8-memoires-en-francais-et-en-italien\/","name":"MATTEUCCI Carlo Recueil de 8 m\u00e9moires en fran\u00e7ais et en italien. - Libairie Clavreuil","isPartOf":{"@id":"https:\/\/www.librairieclavreuil.com\/#website"},"primaryImageOfPage":{"@id":"https:\/\/www.librairieclavreuil.com\/en\/matteucci-carlo-recueil-de-8-memoires-en-francais-et-en-italien\/#primaryimage"},"image":{"@id":"https:\/\/www.librairieclavreuil.com\/en\/matteucci-carlo-recueil-de-8-memoires-en-francais-et-en-italien\/#primaryimage"},"thumbnailUrl":"https:\/\/www.librairieclavreuil.com\/wp-content\/uploads\/2026\/09\/carlo-matteucci-recueil-de-8-memoires-en-francais-et-en-italien-9908-6a9801147bbbf.jpg","datePublished":"2026-09-03T15:24:46+00:00","dateModified":"2026-09-04T08:01:12+00:00","breadcrumb":{"@id":"https:\/\/www.librairieclavreuil.com\/en\/matteucci-carlo-recueil-de-8-memoires-en-francais-et-en-italien\/#breadcrumb"},"inLanguage":"en-US","potentialAction":[{"@type":"ReadAction","target":["https:\/\/www.librairieclavreuil.com\/en\/matteucci-carlo-recueil-de-8-memoires-en-francais-et-en-italien\/"]}]},{"@type":"ImageObject","inLanguage":"en-US","@id":"https:\/\/www.librairieclavreuil.com\/en\/matteucci-carlo-recueil-de-8-memoires-en-francais-et-en-italien\/#primaryimage","url":"https:\/\/www.librairieclavreuil.com\/wp-content\/uploads\/2026\/09\/carlo-matteucci-recueil-de-8-memoires-en-francais-et-en-italien-9908-6a9801147bbbf.jpg","contentUrl":"https:\/\/www.librairieclavreuil.com\/wp-content\/uploads\/2026\/09\/carlo-matteucci-recueil-de-8-memoires-en-francais-et-en-italien-9908-6a9801147bbbf.jpg","width":622,"height":800},{"@type":"BreadcrumbList","@id":"https:\/\/www.librairieclavreuil.com\/en\/matteucci-carlo-recueil-de-8-memoires-en-francais-et-en-italien\/#breadcrumb","itemListElement":[{"@type":"ListItem","position":1,"name":"Accueil","item":"https:\/\/www.librairieclavreuil.com\/"},{"@type":"ListItem","position":2,"name":"All our books","item":"https:\/\/www.librairieclavreuil.com\/en\/all-our-books\/"},{"@type":"ListItem","position":3,"name":"MATTEUCCI Carlo Recueil de 8 m\u00e9moires en fran\u00e7ais..."}]},{"@type":"WebSite","@id":"https:\/\/www.librairieclavreuil.com\/#website","url":"https:\/\/www.librairieclavreuil.com\/","name":"Libairie Clavreuil","description":"Livres anciens, manuscrits rares et \u00e9ditions originales \u2013 Librairie Clavreuil","publisher":{"@id":"https:\/\/www.librairieclavreuil.com\/#organization"},"potentialAction":[{"@type":"SearchAction","target":{"@type":"EntryPoint","urlTemplate":"https:\/\/www.librairieclavreuil.com\/?s={search_term_string}"},"query-input":{"@type":"PropertyValueSpecification","valueRequired":true,"valueName":"search_term_string"}}],"inLanguage":"en-US"},{"@type":"Organization","@id":"https:\/\/www.librairieclavreuil.com\/#organization","name":"Libairie Clavreuil","url":"https:\/\/www.librairieclavreuil.com\/","logo":{"@type":"ImageObject","inLanguage":"en-US","@id":"https:\/\/www.librairieclavreuil.com\/#\/schema\/logo\/image\/","url":"https:\/\/www.librairieclavreuil.com\/wp-content\/uploads\/2021\/06\/cropped-LOGO_PNG_DATE-_gold-512x512-1.png","contentUrl":"https:\/\/www.librairieclavreuil.com\/wp-content\/uploads\/2021\/06\/cropped-LOGO_PNG_DATE-_gold-512x512-1.png","width":512,"height":512,"caption":"Libairie Clavreuil"},"image":{"@id":"https:\/\/www.librairieclavreuil.com\/#\/schema\/logo\/image\/"},"sameAs":["https:\/\/www.instagram.com\/librairieclavreuil\/"]}]}},"jetpack_sharing_enabled":true,"_links":{"self":[{"href":"https:\/\/www.librairieclavreuil.com\/en\/wp-json\/wp\/v2\/product\/91834","targetHints":{"allow":["GET"]}}],"collection":[{"href":"https:\/\/www.librairieclavreuil.com\/en\/wp-json\/wp\/v2\/product"}],"about":[{"href":"https:\/\/www.librairieclavreuil.com\/en\/wp-json\/wp\/v2\/types\/product"}],"replies":[{"embeddable":true,"href":"https:\/\/www.librairieclavreuil.com\/en\/wp-json\/wp\/v2\/comments?post=91834"}],"wp:featuredmedia":[{"embeddable":true,"href":"https:\/\/www.librairieclavreuil.com\/en\/wp-json\/wp\/v2\/media\/91792"}],"wp:attachment":[{"href":"https:\/\/www.librairieclavreuil.com\/en\/wp-json\/wp\/v2\/media?parent=91834"}],"wp:term":[{"taxonomy":"product_brand","embeddable":true,"href":"https:\/\/www.librairieclavreuil.com\/en\/wp-json\/wp\/v2\/product_brand?post=91834"},{"taxonomy":"product_cat","embeddable":true,"href":"https:\/\/www.librairieclavreuil.com\/en\/wp-json\/wp\/v2\/product_cat?post=91834"},{"taxonomy":"product_tag","embeddable":true,"href":"https:\/\/www.librairieclavreuil.com\/en\/wp-json\/wp\/v2\/product_tag?post=91834"}],"curies":[{"name":"wp","href":"https:\/\/api.w.org\/{rel}","templated":true}]}}