{"id":88464,"date":"2025-10-22T18:45:44","date_gmt":"2025-10-22T16:45:44","guid":{"rendered":"https:\/\/www.librairieclavreuil.com\/durer-albrecht-les-quatre-livres-de-la-proportion-des-parties-pourtraicts-des-corps-humains-relie-avec-institutionum-geometricarum-libri-quatuor-in-quibus-lineas-superficies-solid\/"},"modified":"2026-03-10T11:51:07","modified_gmt":"2026-03-10T10:51:07","slug":"durer-albrecht-les-quatre-livres-de-la-proportion-des-parties-pourtraicts-des-corps-humains-relie-avec-institutionum-geometricarum-libri-quatuor-in-quibus-lineas-superficies-solid","status":"publish","type":"product","link":"https:\/\/www.librairieclavreuil.com\/en\/durer-albrecht-les-quatre-livres-de-la-proportion-des-parties-pourtraicts-des-corps-humains-relie-avec-institutionum-geometricarum-libri-quatuor-in-quibus-lineas-superficies-solid\/","title":{"rendered":"D\u00dcRER Albrecht Les Quatre livres de la proportion..."},"content":{"rendered":"<p style=\"text-align:justify\"><i>Vitry, 248.&nbsp;<\/i><\/p>\n<p style=\"text-align:justify\"><span style=\"font-variant:small-caps\">Third French edition of the <\/span><i><span style=\"font-variant:small-caps\">Vier B\u00fccher von menschlicher Proportion<\/span><\/i><span style=\"font-variant:small-caps\">, D\u00fcrer&#8217;s important contribution to the science of art, anatomy, and the theory of human proportions, bound with the fifth and final Latin edition of D\u00fcrer&#8217;s first book on the theory of art, the <\/span><i><span style=\"font-variant:small-caps\">Underweysung der Messung<\/span><\/i><span style=\"font-variant:small-caps\">.<\/span><\/p>\n<p style=\"text-align:justify\"><span style=\"font-variant:small-caps\">Remarkable Provenance<\/span><\/p>\n<p style=\"text-align:justify\">This copy has belonged to the eminent scientist Jean-Fran\u00e7ois Nic\u00e9ron (1613-1646) bearing his signature on the Latin edition of D\u00fcrer. The inscription is dated just three years before the first edition of his principal treatise, <i>La Perspective Curieuse<\/i>, and the binding shows the arms of the convent to which it belonged. Provenances from important artists, architects and theorists are among the rarest to survive, presumably because their books were used to death; and works whose subject matter directly relates to the owner&#8217;s claim to our attention, where the provenance is indisputable, as here, are rare still: it was in this copy that Nic\u00e9ron read his D\u00fcrer, gathering from the Nuremberg artist and theorist the principles and techniques which he would develop in his own work, best known for the development of anamorphosis. As the copy resided in the conventual library of the Minims in Paris, it is not unlikely that it was also utilized by yet another distinguished member of that Order interested in perspective, Marin Mersenne.<\/p>\n<p style=\"text-align:justify\">Some leaves slightly toned or soiled: binding slightly rubbed or scuffed and with some old restorations, fly leaves renewed. With the engraved portrait of Jean Baptiste Scanarole tipped on front enpaper.<\/p>\n<p style=\"text-align:justify\">Other provenance : Thomas Vroom (book plate).<\/p>\n","protected":false},"excerpt":{"rendered":"<p style=\"text-align:justify\">2 works in 1 volume, folio (305 x 195 mm) 2 nn.ll., 124 num.ll. profusely illustrated including 4 folding plates for <i>Les Quatre<\/i>&#8230; ; 4 nn.ll., 185 pp. (last blank removed by the binder). Contemporary reversed calf, triple blind filet on covers, central gilt stamp of the Minime Religous Order, spine with raised bands, in a modern orange morocco backed clam-shell box (A. Lobstein).<\/p>\n","protected":false},"featured_media":88453,"comment_status":"open","ping_status":"closed","template":"","meta":{"_acf_changed":false},"product_brand":[],"product_cat":[550],"product_tag":[1199,610,1204],"class_list":{"0":"post-88464","1":"product","2":"type-product","3":"status-publish","4":"has-post-thumbnail","6":"product_cat-science","7":"product_tag-fine-arts","8":"product_tag-optical","9":"product_tag-perspective-2","10":"pa_auteur-durer-albrecht-2","11":"pa_type-de-livre-printed-book","13":"first","14":"outofstock","15":"shipping-taxable","16":"purchasable","17":"product-type-simple"},"acf":{"artist":" Albrecht D\u00dcRER","chapeau":"Nic\u00e9ron's Copy of D\u00fcrer","adresse_bibliographique":"Arnheim, Jean Janszoon, 1613 & 1605","book_type":"Printed book","provenance":"","afficher_prix":""},"yoast_head":"<!-- This site is optimized with the Yoast SEO plugin v24.7 - https:\/\/yoast.com\/wordpress\/plugins\/seo\/ -->\n<title>D\u00dcRER Albrecht Les Quatre livres de la proportion des parties &amp; pourtraicts des corps humains. [Reli\u00e9 avec]: Institutionum geometricarum libri quatuor, in quibus, lineas, superficies, &amp; solida corpora, ita tractavit. - Libairie Clavreuil<\/title>\n<meta name=\"robots\" content=\"index, follow, max-snippet:-1, max-image-preview:large, max-video-preview:-1\" \/>\n<link rel=\"canonical\" href=\"https:\/\/www.librairieclavreuil.com\/en\/durer-albrecht-les-quatre-livres-de-la-proportion-des-parties-pourtraicts-des-corps-humains-relie-avec-institutionum-geometricarum-libri-quatuor-in-quibus-lineas-superficies-solid\/\" \/>\n<meta property=\"og:locale\" content=\"en_US\" \/>\n<meta property=\"og:type\" content=\"article\" \/>\n<meta property=\"og:title\" content=\"D\u00dcRER Albrecht Les Quatre livres de la proportion des parties &amp; pourtraicts des corps humains. [Reli\u00e9 avec]: Institutionum geometricarum libri quatuor, in quibus, lineas, superficies, &amp; solida corpora, ita tractavit. - Libairie Clavreuil\" \/>\n<meta property=\"og:description\" content=\"2 works in 1 volume, folio (305 x 195 mm) 2 nn.ll., 124 num.ll. profusely illustrated including 4 folding plates for Les Quatre... ; 4 nn.ll., 185 pp. (last blank removed by the binder). Contemporary reversed calf, triple blind filet on covers, central gilt stamp of the Minime Religous Order, spine with raised bands, in a modern orange morocco backed clam-shell box (A. Lobstein).\" \/>\n<meta property=\"og:url\" content=\"https:\/\/www.librairieclavreuil.com\/en\/durer-albrecht-les-quatre-livres-de-la-proportion-des-parties-pourtraicts-des-corps-humains-relie-avec-institutionum-geometricarum-libri-quatuor-in-quibus-lineas-superficies-solid\/\" \/>\n<meta property=\"og:site_name\" content=\"Libairie Clavreuil\" \/>\n<meta property=\"article:modified_time\" content=\"2026-03-10T10:51:07+00:00\" \/>\n<meta property=\"og:image\" content=\"https:\/\/www.librairieclavreuil.com\/wp-content\/uploads\/2025\/10\/albrecht-duerer-les-quatre-livres-de-la-proportion-des-parties-pourtraicts-des-corps-humains-relie-avec-institutionum-geometricarum-libri-quatuor-in-q.jpg\" \/>\n\t<meta property=\"og:image:width\" content=\"533\" \/>\n\t<meta property=\"og:image:height\" content=\"800\" \/>\n\t<meta property=\"og:image:type\" content=\"image\/jpeg\" \/>\n<meta name=\"twitter:card\" content=\"summary_large_image\" \/>\n<meta name=\"twitter:label1\" content=\"Est. reading time\" \/>\n\t<meta name=\"twitter:data1\" content=\"1 minute\" \/>\n<script type=\"application\/ld+json\" class=\"yoast-schema-graph\">{\"@context\":\"https:\/\/schema.org\",\"@graph\":[{\"@type\":\"WebPage\",\"@id\":\"https:\/\/www.librairieclavreuil.com\/en\/durer-albrecht-les-quatre-livres-de-la-proportion-des-parties-pourtraicts-des-corps-humains-relie-avec-institutionum-geometricarum-libri-quatuor-in-quibus-lineas-superficies-solid\/\",\"url\":\"https:\/\/www.librairieclavreuil.com\/en\/durer-albrecht-les-quatre-livres-de-la-proportion-des-parties-pourtraicts-des-corps-humains-relie-avec-institutionum-geometricarum-libri-quatuor-in-quibus-lineas-superficies-solid\/\",\"name\":\"D\u00dcRER Albrecht Les Quatre livres de la proportion des parties &amp; pourtraicts des corps humains. [Reli\u00e9 avec]: Institutionum geometricarum libri quatuor, in quibus, lineas, superficies, &amp; solida corpora, ita tractavit. - Libairie Clavreuil\",\"isPartOf\":{\"@id\":\"https:\/\/www.librairieclavreuil.com\/#website\"},\"primaryImageOfPage\":{\"@id\":\"https:\/\/www.librairieclavreuil.com\/en\/durer-albrecht-les-quatre-livres-de-la-proportion-des-parties-pourtraicts-des-corps-humains-relie-avec-institutionum-geometricarum-libri-quatuor-in-quibus-lineas-superficies-solid\/#primaryimage\"},\"image\":{\"@id\":\"https:\/\/www.librairieclavreuil.com\/en\/durer-albrecht-les-quatre-livres-de-la-proportion-des-parties-pourtraicts-des-corps-humains-relie-avec-institutionum-geometricarum-libri-quatuor-in-quibus-lineas-superficies-solid\/#primaryimage\"},\"thumbnailUrl\":\"https:\/\/www.librairieclavreuil.com\/wp-content\/uploads\/2025\/10\/albrecht-duerer-les-quatre-livres-de-la-proportion-des-parties-pourtraicts-des-corps-humains-relie-avec-institutionum-geometricarum-libri-quatuor-in-q.jpg\",\"datePublished\":\"2025-10-22T16:45:44+00:00\",\"dateModified\":\"2026-03-10T10:51:07+00:00\",\"breadcrumb\":{\"@id\":\"https:\/\/www.librairieclavreuil.com\/en\/durer-albrecht-les-quatre-livres-de-la-proportion-des-parties-pourtraicts-des-corps-humains-relie-avec-institutionum-geometricarum-libri-quatuor-in-quibus-lineas-superficies-solid\/#breadcrumb\"},\"inLanguage\":\"en-US\",\"potentialAction\":[{\"@type\":\"ReadAction\",\"target\":[\"https:\/\/www.librairieclavreuil.com\/en\/durer-albrecht-les-quatre-livres-de-la-proportion-des-parties-pourtraicts-des-corps-humains-relie-avec-institutionum-geometricarum-libri-quatuor-in-quibus-lineas-superficies-solid\/\"]}]},{\"@type\":\"ImageObject\",\"inLanguage\":\"en-US\",\"@id\":\"https:\/\/www.librairieclavreuil.com\/en\/durer-albrecht-les-quatre-livres-de-la-proportion-des-parties-pourtraicts-des-corps-humains-relie-avec-institutionum-geometricarum-libri-quatuor-in-quibus-lineas-superficies-solid\/#primaryimage\",\"url\":\"https:\/\/www.librairieclavreuil.com\/wp-content\/uploads\/2025\/10\/albrecht-duerer-les-quatre-livres-de-la-proportion-des-parties-pourtraicts-des-corps-humains-relie-avec-institutionum-geometricarum-libri-quatuor-in-q.jpg\",\"contentUrl\":\"https:\/\/www.librairieclavreuil.com\/wp-content\/uploads\/2025\/10\/albrecht-duerer-les-quatre-livres-de-la-proportion-des-parties-pourtraicts-des-corps-humains-relie-avec-institutionum-geometricarum-libri-quatuor-in-q.jpg\",\"width\":533,\"height\":800},{\"@type\":\"BreadcrumbList\",\"@id\":\"https:\/\/www.librairieclavreuil.com\/en\/durer-albrecht-les-quatre-livres-de-la-proportion-des-parties-pourtraicts-des-corps-humains-relie-avec-institutionum-geometricarum-libri-quatuor-in-quibus-lineas-superficies-solid\/#breadcrumb\",\"itemListElement\":[{\"@type\":\"ListItem\",\"position\":1,\"name\":\"Accueil\",\"item\":\"https:\/\/www.librairieclavreuil.com\/\"},{\"@type\":\"ListItem\",\"position\":2,\"name\":\"All our books\",\"item\":\"https:\/\/www.librairieclavreuil.com\/en\/all-our-books\/\"},{\"@type\":\"ListItem\",\"position\":3,\"name\":\"D\u00dcRER Albrecht Les Quatre livres de la proportion...\"}]},{\"@type\":\"WebSite\",\"@id\":\"https:\/\/www.librairieclavreuil.com\/#website\",\"url\":\"https:\/\/www.librairieclavreuil.com\/\",\"name\":\"Libairie Clavreuil\",\"description\":\"Livres anciens, manuscrits rares et \u00e9ditions originales \u2013 Librairie Clavreuil\",\"publisher\":{\"@id\":\"https:\/\/www.librairieclavreuil.com\/#organization\"},\"potentialAction\":[{\"@type\":\"SearchAction\",\"target\":{\"@type\":\"EntryPoint\",\"urlTemplate\":\"https:\/\/www.librairieclavreuil.com\/?s={search_term_string}\"},\"query-input\":{\"@type\":\"PropertyValueSpecification\",\"valueRequired\":true,\"valueName\":\"search_term_string\"}}],\"inLanguage\":\"en-US\"},{\"@type\":\"Organization\",\"@id\":\"https:\/\/www.librairieclavreuil.com\/#organization\",\"name\":\"Libairie Clavreuil\",\"url\":\"https:\/\/www.librairieclavreuil.com\/\",\"logo\":{\"@type\":\"ImageObject\",\"inLanguage\":\"en-US\",\"@id\":\"https:\/\/www.librairieclavreuil.com\/#\/schema\/logo\/image\/\",\"url\":\"https:\/\/www.librairieclavreuil.com\/wp-content\/uploads\/2021\/06\/cropped-LOGO_PNG_DATE-_gold-512x512-1.png\",\"contentUrl\":\"https:\/\/www.librairieclavreuil.com\/wp-content\/uploads\/2021\/06\/cropped-LOGO_PNG_DATE-_gold-512x512-1.png\",\"width\":512,\"height\":512,\"caption\":\"Libairie Clavreuil\"},\"image\":{\"@id\":\"https:\/\/www.librairieclavreuil.com\/#\/schema\/logo\/image\/\"},\"sameAs\":[\"https:\/\/www.instagram.com\/librairieclavreuil\/\"]}]}<\/script>\n<!-- \/ Yoast SEO plugin. -->","yoast_head_json":{"title":"D\u00dcRER Albrecht Les Quatre livres de la proportion des parties &amp; pourtraicts des corps humains. [Reli\u00e9 avec]: Institutionum geometricarum libri quatuor, in quibus, lineas, superficies, &amp; solida corpora, ita tractavit. - Libairie Clavreuil","robots":{"index":"index","follow":"follow","max-snippet":"max-snippet:-1","max-image-preview":"max-image-preview:large","max-video-preview":"max-video-preview:-1"},"canonical":"https:\/\/www.librairieclavreuil.com\/en\/durer-albrecht-les-quatre-livres-de-la-proportion-des-parties-pourtraicts-des-corps-humains-relie-avec-institutionum-geometricarum-libri-quatuor-in-quibus-lineas-superficies-solid\/","og_locale":"en_US","og_type":"article","og_title":"D\u00dcRER Albrecht Les Quatre livres de la proportion des parties &amp; pourtraicts des corps humains. [Reli\u00e9 avec]: Institutionum geometricarum libri quatuor, in quibus, lineas, superficies, &amp; solida corpora, ita tractavit. - Libairie Clavreuil","og_description":"2 works in 1 volume, folio (305 x 195 mm) 2 nn.ll., 124 num.ll. profusely illustrated including 4 folding plates for Les Quatre... ; 4 nn.ll., 185 pp. (last blank removed by the binder). Contemporary reversed calf, triple blind filet on covers, central gilt stamp of the Minime Religous Order, spine with raised bands, in a modern orange morocco backed clam-shell box (A. Lobstein).","og_url":"https:\/\/www.librairieclavreuil.com\/en\/durer-albrecht-les-quatre-livres-de-la-proportion-des-parties-pourtraicts-des-corps-humains-relie-avec-institutionum-geometricarum-libri-quatuor-in-quibus-lineas-superficies-solid\/","og_site_name":"Libairie Clavreuil","article_modified_time":"2026-03-10T10:51:07+00:00","og_image":[{"width":533,"height":800,"url":"https:\/\/www.librairieclavreuil.com\/wp-content\/uploads\/2025\/10\/albrecht-duerer-les-quatre-livres-de-la-proportion-des-parties-pourtraicts-des-corps-humains-relie-avec-institutionum-geometricarum-libri-quatuor-in-q.jpg","type":"image\/jpeg"}],"twitter_card":"summary_large_image","twitter_misc":{"Est. reading time":"1 minute"},"schema":{"@context":"https:\/\/schema.org","@graph":[{"@type":"WebPage","@id":"https:\/\/www.librairieclavreuil.com\/en\/durer-albrecht-les-quatre-livres-de-la-proportion-des-parties-pourtraicts-des-corps-humains-relie-avec-institutionum-geometricarum-libri-quatuor-in-quibus-lineas-superficies-solid\/","url":"https:\/\/www.librairieclavreuil.com\/en\/durer-albrecht-les-quatre-livres-de-la-proportion-des-parties-pourtraicts-des-corps-humains-relie-avec-institutionum-geometricarum-libri-quatuor-in-quibus-lineas-superficies-solid\/","name":"D\u00dcRER Albrecht Les Quatre livres de la proportion des parties &amp; pourtraicts des corps humains. [Reli\u00e9 avec]: Institutionum geometricarum libri quatuor, in quibus, lineas, superficies, &amp; solida corpora, ita tractavit. - Libairie Clavreuil","isPartOf":{"@id":"https:\/\/www.librairieclavreuil.com\/#website"},"primaryImageOfPage":{"@id":"https:\/\/www.librairieclavreuil.com\/en\/durer-albrecht-les-quatre-livres-de-la-proportion-des-parties-pourtraicts-des-corps-humains-relie-avec-institutionum-geometricarum-libri-quatuor-in-quibus-lineas-superficies-solid\/#primaryimage"},"image":{"@id":"https:\/\/www.librairieclavreuil.com\/en\/durer-albrecht-les-quatre-livres-de-la-proportion-des-parties-pourtraicts-des-corps-humains-relie-avec-institutionum-geometricarum-libri-quatuor-in-quibus-lineas-superficies-solid\/#primaryimage"},"thumbnailUrl":"https:\/\/www.librairieclavreuil.com\/wp-content\/uploads\/2025\/10\/albrecht-duerer-les-quatre-livres-de-la-proportion-des-parties-pourtraicts-des-corps-humains-relie-avec-institutionum-geometricarum-libri-quatuor-in-q.jpg","datePublished":"2025-10-22T16:45:44+00:00","dateModified":"2026-03-10T10:51:07+00:00","breadcrumb":{"@id":"https:\/\/www.librairieclavreuil.com\/en\/durer-albrecht-les-quatre-livres-de-la-proportion-des-parties-pourtraicts-des-corps-humains-relie-avec-institutionum-geometricarum-libri-quatuor-in-quibus-lineas-superficies-solid\/#breadcrumb"},"inLanguage":"en-US","potentialAction":[{"@type":"ReadAction","target":["https:\/\/www.librairieclavreuil.com\/en\/durer-albrecht-les-quatre-livres-de-la-proportion-des-parties-pourtraicts-des-corps-humains-relie-avec-institutionum-geometricarum-libri-quatuor-in-quibus-lineas-superficies-solid\/"]}]},{"@type":"ImageObject","inLanguage":"en-US","@id":"https:\/\/www.librairieclavreuil.com\/en\/durer-albrecht-les-quatre-livres-de-la-proportion-des-parties-pourtraicts-des-corps-humains-relie-avec-institutionum-geometricarum-libri-quatuor-in-quibus-lineas-superficies-solid\/#primaryimage","url":"https:\/\/www.librairieclavreuil.com\/wp-content\/uploads\/2025\/10\/albrecht-duerer-les-quatre-livres-de-la-proportion-des-parties-pourtraicts-des-corps-humains-relie-avec-institutionum-geometricarum-libri-quatuor-in-q.jpg","contentUrl":"https:\/\/www.librairieclavreuil.com\/wp-content\/uploads\/2025\/10\/albrecht-duerer-les-quatre-livres-de-la-proportion-des-parties-pourtraicts-des-corps-humains-relie-avec-institutionum-geometricarum-libri-quatuor-in-q.jpg","width":533,"height":800},{"@type":"BreadcrumbList","@id":"https:\/\/www.librairieclavreuil.com\/en\/durer-albrecht-les-quatre-livres-de-la-proportion-des-parties-pourtraicts-des-corps-humains-relie-avec-institutionum-geometricarum-libri-quatuor-in-quibus-lineas-superficies-solid\/#breadcrumb","itemListElement":[{"@type":"ListItem","position":1,"name":"Accueil","item":"https:\/\/www.librairieclavreuil.com\/"},{"@type":"ListItem","position":2,"name":"All our books","item":"https:\/\/www.librairieclavreuil.com\/en\/all-our-books\/"},{"@type":"ListItem","position":3,"name":"D\u00dcRER Albrecht Les Quatre livres de la proportion..."}]},{"@type":"WebSite","@id":"https:\/\/www.librairieclavreuil.com\/#website","url":"https:\/\/www.librairieclavreuil.com\/","name":"Libairie Clavreuil","description":"Livres anciens, manuscrits rares et \u00e9ditions originales \u2013 Librairie Clavreuil","publisher":{"@id":"https:\/\/www.librairieclavreuil.com\/#organization"},"potentialAction":[{"@type":"SearchAction","target":{"@type":"EntryPoint","urlTemplate":"https:\/\/www.librairieclavreuil.com\/?s={search_term_string}"},"query-input":{"@type":"PropertyValueSpecification","valueRequired":true,"valueName":"search_term_string"}}],"inLanguage":"en-US"},{"@type":"Organization","@id":"https:\/\/www.librairieclavreuil.com\/#organization","name":"Libairie Clavreuil","url":"https:\/\/www.librairieclavreuil.com\/","logo":{"@type":"ImageObject","inLanguage":"en-US","@id":"https:\/\/www.librairieclavreuil.com\/#\/schema\/logo\/image\/","url":"https:\/\/www.librairieclavreuil.com\/wp-content\/uploads\/2021\/06\/cropped-LOGO_PNG_DATE-_gold-512x512-1.png","contentUrl":"https:\/\/www.librairieclavreuil.com\/wp-content\/uploads\/2021\/06\/cropped-LOGO_PNG_DATE-_gold-512x512-1.png","width":512,"height":512,"caption":"Libairie Clavreuil"},"image":{"@id":"https:\/\/www.librairieclavreuil.com\/#\/schema\/logo\/image\/"},"sameAs":["https:\/\/www.instagram.com\/librairieclavreuil\/"]}]}},"jetpack_sharing_enabled":true,"_links":{"self":[{"href":"https:\/\/www.librairieclavreuil.com\/en\/wp-json\/wp\/v2\/product\/88464","targetHints":{"allow":["GET"]}}],"collection":[{"href":"https:\/\/www.librairieclavreuil.com\/en\/wp-json\/wp\/v2\/product"}],"about":[{"href":"https:\/\/www.librairieclavreuil.com\/en\/wp-json\/wp\/v2\/types\/product"}],"replies":[{"embeddable":true,"href":"https:\/\/www.librairieclavreuil.com\/en\/wp-json\/wp\/v2\/comments?post=88464"}],"wp:featuredmedia":[{"embeddable":true,"href":"https:\/\/www.librairieclavreuil.com\/en\/wp-json\/wp\/v2\/media\/88453"}],"wp:attachment":[{"href":"https:\/\/www.librairieclavreuil.com\/en\/wp-json\/wp\/v2\/media?parent=88464"}],"wp:term":[{"taxonomy":"product_brand","embeddable":true,"href":"https:\/\/www.librairieclavreuil.com\/en\/wp-json\/wp\/v2\/product_brand?post=88464"},{"taxonomy":"product_cat","embeddable":true,"href":"https:\/\/www.librairieclavreuil.com\/en\/wp-json\/wp\/v2\/product_cat?post=88464"},{"taxonomy":"product_tag","embeddable":true,"href":"https:\/\/www.librairieclavreuil.com\/en\/wp-json\/wp\/v2\/product_tag?post=88464"}],"curies":[{"name":"wp","href":"https:\/\/api.w.org\/{rel}","templated":true}]}}