{"id":86831,"date":"2025-06-05T14:47:27","date_gmt":"2025-06-05T12:47:27","guid":{"rendered":"https:\/\/www.librairieclavreuil.com\/laplace-francois-histoire-des-desastres-de-saint-domingue-precede-dun-tableau-du-regime-et-des-progres-de-cette-colonie-depuis-sa-fondation-jusqua-lepoque-de-la-revolution-francaise\/"},"modified":"2025-11-27T12:15:46","modified_gmt":"2025-11-27T11:15:46","slug":"laplace-francois-histoire-des-desastres-de-saint-domingue-precede-dun-tableau-du-regime-et-des-progres-de-cette-colonie-depuis-sa-fondation-jusqua-lepoque-de-la-revolution-francaise","status":"publish","type":"product","link":"https:\/\/www.librairieclavreuil.com\/en\/laplace-francois-histoire-des-desastres-de-saint-domingue-precede-dun-tableau-du-regime-et-des-progres-de-cette-colonie-depuis-sa-fondation-jusqua-lepoque-de-la-revolution-francaise\/","title":{"rendered":"[LAPLACE Fran\u00e7ois] Histoire des d\u00e9sastres de Saint-Domingue, pr\u00e9c\u00e9d\u00e9..."},"content":{"rendered":"<p style=\"text-align:justify\"><i>JCB online, b2662709. Not in Sabin.&nbsp;<\/i><\/p>\n<p style=\"text-align:justify\"><span style=\"font-variant:small-caps\">First and only edition, very rare, illustrated with a fine large folding map.<\/span><\/p>\n<p style=\"text-align:justify\">The Biblioth\u00e8que nationale de France attributes this work to the Creole Fran\u00e7ois Laplace, a colonist from Saint-Domingue, owner of a coffe plantation and defender of the cause of slavery. Other probable authors are Fran\u00e7ois Barb\u00e9 de Marbois and Michel-\u00c9tienne Descourtilz.<\/p>\n<p style=\"text-align:justify\">This work is a first-hand account of the revolution in Saint-Domingue from September 1789 until the author&#8217;s flight in 1793, as described in his preface : &#8220;Cet ouvrage contient le r\u00e9cit d&#8217;\u00e9v\u00e8nements, qui, quels qu&#8217;en aient \u00e9t\u00e9 pour tous l&#8217;importance et le r\u00e9sultat, sont rest\u00e9s inconnus jusqu&#8217;aujourd&#8217;hui , ou dont on ignore du moins les causes, l&#8217;encha\u00eenement et la conclusion. Ce n&#8217;est, \u00e0 proprement parler, qu&#8217;un r\u00e9daction suivie de notes prises dans cette colonie pendant un s\u00e9jour d&#8217;un assez grand nombre d&#8217;ann\u00e9es, et qui forment un tableau des malheurs qui l&#8217;ont ruin\u00e9e et presqu&#8217;an\u00e9antie&#8221; (p. VI).<\/p>\n<p style=\"text-align:justify\">The work begins with a brief description of this colony (pp. 1-118): colonial regime, foundation and division of the colony, geology, inhabitants and towns. It is followed by a very detailed description of the state of Saint Domingue under the despotic Ancien R\u00e9gime (La Luzerne, Duchilleau, Marbois), then relates with great precision the insurrectionary movements of the revolutionaries, details on the brigands named Coco-Michel, Macaia, Pierrot, etc. The work ends with a postscript on the appalling massacre at Fort-Dauphin.<\/p>\n<p style=\"text-align:justify\">The engraved map does not bear any indication to any author. It is titled: <i>Carte de l&#8217;Isle de St. Domingue une des grandes Antilles, Colonie fran\u00e7oise et espagnole<\/i>. It shows in the north-west part a portion of Cuba.<\/p>\n<p style=\"text-align:justify\">Very rare; Sabin mentions this work only in the footnote for item no. 3312 on <i>R\u00e9flexions sur la colonie de Saint-Domingue<\/i> (Paris 1796) by Barb\u00e9-Marbois.<\/p>\n<p style=\"text-align:justify\">Very good copy albeit rare ocasional foxing.<\/p>\n","protected":false},"excerpt":{"rendered":"<p style=\"text-align:justify\">8vo (190 x 120 mm) XII, 388 pp., 1 large engraved folding map. Later half-blue calf, flat spine elaborately gilt in romantic style.<\/p>\n","protected":false},"featured_media":86824,"comment_status":"open","ping_status":"closed","template":"","meta":{"_acf_changed":false},"product_brand":[],"product_cat":[552],"product_tag":[1363,1366],"class_list":{"0":"post-86831","1":"product","2":"type-product","3":"status-publish","4":"has-post-thumbnail","6":"product_cat-travel","7":"product_tag-caribbean","8":"product_tag-slavery","9":"pa_auteur-laplace-francois-4","10":"pa_type-de-livre-printed-book","12":"first","13":"outofstock","14":"shipping-taxable","15":"purchasable","16":"product-type-simple"},"acf":{"artist":"Fran\u00e7ois] [LAPLACE","chapeau":"","adresse_bibliographique":"Paris, Garnery, 1795 an III [1795]","book_type":"Printed book","provenance":"","afficher_prix":""},"yoast_head":"<!-- This site is optimized with the Yoast SEO plugin v24.7 - https:\/\/yoast.com\/wordpress\/plugins\/seo\/ -->\n<title>[LAPLACE Fran\u00e7ois] Histoire des d\u00e9sastres de Saint-Domingue, pr\u00e9c\u00e9d\u00e9 d&#039;un tableau du r\u00e9gime et des progr\u00e8s de cette colonie, depuis sa fondation, jusqu&#039;\u00e0 l&#039;\u00e9poque de la R\u00e9volution fran\u00e7aise. - Libairie Clavreuil<\/title>\n<meta name=\"robots\" content=\"index, follow, max-snippet:-1, max-image-preview:large, max-video-preview:-1\" \/>\n<link rel=\"canonical\" href=\"https:\/\/www.librairieclavreuil.com\/en\/laplace-francois-histoire-des-desastres-de-saint-domingue-precede-dun-tableau-du-regime-et-des-progres-de-cette-colonie-depuis-sa-fondation-jusqua-lepoque-de-la-revolution-francaise\/\" \/>\n<meta property=\"og:locale\" content=\"en_US\" \/>\n<meta property=\"og:type\" content=\"article\" \/>\n<meta property=\"og:title\" content=\"[LAPLACE Fran\u00e7ois] Histoire des d\u00e9sastres de Saint-Domingue, pr\u00e9c\u00e9d\u00e9 d&#039;un tableau du r\u00e9gime et des progr\u00e8s de cette colonie, depuis sa fondation, jusqu&#039;\u00e0 l&#039;\u00e9poque de la R\u00e9volution fran\u00e7aise. - Libairie Clavreuil\" \/>\n<meta property=\"og:description\" content=\"8vo (190 x 120 mm) XII, 388 pp., 1 large engraved folding map. Later half-blue calf, flat spine elaborately gilt in romantic style.\" \/>\n<meta property=\"og:url\" content=\"https:\/\/www.librairieclavreuil.com\/en\/laplace-francois-histoire-des-desastres-de-saint-domingue-precede-dun-tableau-du-regime-et-des-progres-de-cette-colonie-depuis-sa-fondation-jusqua-lepoque-de-la-revolution-francaise\/\" \/>\n<meta property=\"og:site_name\" content=\"Libairie Clavreuil\" \/>\n<meta property=\"article:modified_time\" content=\"2025-11-27T11:15:46+00:00\" \/>\n<meta property=\"og:image\" content=\"https:\/\/www.librairieclavreuil.com\/wp-content\/uploads\/2025\/06\/francois-laplace-histoire-des-desastres-de-saint-domingue-precede-d-un-tableau-du-regime-et-des-progres-de-cette-colonie-depuis-sa-fondation-6827403379092.jpg\" \/>\n\t<meta property=\"og:image:width\" content=\"800\" \/>\n\t<meta property=\"og:image:height\" content=\"622\" \/>\n\t<meta property=\"og:image:type\" content=\"image\/jpeg\" \/>\n<meta name=\"twitter:card\" content=\"summary_large_image\" \/>\n<meta name=\"twitter:label1\" content=\"Est. reading time\" \/>\n\t<meta name=\"twitter:data1\" content=\"2 minutes\" \/>\n<script type=\"application\/ld+json\" class=\"yoast-schema-graph\">{\"@context\":\"https:\/\/schema.org\",\"@graph\":[{\"@type\":\"WebPage\",\"@id\":\"https:\/\/www.librairieclavreuil.com\/en\/laplace-francois-histoire-des-desastres-de-saint-domingue-precede-dun-tableau-du-regime-et-des-progres-de-cette-colonie-depuis-sa-fondation-jusqua-lepoque-de-la-revolution-francaise\/\",\"url\":\"https:\/\/www.librairieclavreuil.com\/en\/laplace-francois-histoire-des-desastres-de-saint-domingue-precede-dun-tableau-du-regime-et-des-progres-de-cette-colonie-depuis-sa-fondation-jusqua-lepoque-de-la-revolution-francaise\/\",\"name\":\"[LAPLACE Fran\u00e7ois] Histoire des d\u00e9sastres de Saint-Domingue, pr\u00e9c\u00e9d\u00e9 d'un tableau du r\u00e9gime et des progr\u00e8s de cette colonie, depuis sa fondation, jusqu'\u00e0 l'\u00e9poque de la R\u00e9volution fran\u00e7aise. - Libairie Clavreuil\",\"isPartOf\":{\"@id\":\"https:\/\/www.librairieclavreuil.com\/#website\"},\"primaryImageOfPage\":{\"@id\":\"https:\/\/www.librairieclavreuil.com\/en\/laplace-francois-histoire-des-desastres-de-saint-domingue-precede-dun-tableau-du-regime-et-des-progres-de-cette-colonie-depuis-sa-fondation-jusqua-lepoque-de-la-revolution-francaise\/#primaryimage\"},\"image\":{\"@id\":\"https:\/\/www.librairieclavreuil.com\/en\/laplace-francois-histoire-des-desastres-de-saint-domingue-precede-dun-tableau-du-regime-et-des-progres-de-cette-colonie-depuis-sa-fondation-jusqua-lepoque-de-la-revolution-francaise\/#primaryimage\"},\"thumbnailUrl\":\"https:\/\/www.librairieclavreuil.com\/wp-content\/uploads\/2025\/06\/francois-laplace-histoire-des-desastres-de-saint-domingue-precede-d-un-tableau-du-regime-et-des-progres-de-cette-colonie-depuis-sa-fondation-6827403379092.jpg\",\"datePublished\":\"2025-06-05T12:47:27+00:00\",\"dateModified\":\"2025-11-27T11:15:46+00:00\",\"breadcrumb\":{\"@id\":\"https:\/\/www.librairieclavreuil.com\/en\/laplace-francois-histoire-des-desastres-de-saint-domingue-precede-dun-tableau-du-regime-et-des-progres-de-cette-colonie-depuis-sa-fondation-jusqua-lepoque-de-la-revolution-francaise\/#breadcrumb\"},\"inLanguage\":\"en-US\",\"potentialAction\":[{\"@type\":\"ReadAction\",\"target\":[\"https:\/\/www.librairieclavreuil.com\/en\/laplace-francois-histoire-des-desastres-de-saint-domingue-precede-dun-tableau-du-regime-et-des-progres-de-cette-colonie-depuis-sa-fondation-jusqua-lepoque-de-la-revolution-francaise\/\"]}]},{\"@type\":\"ImageObject\",\"inLanguage\":\"en-US\",\"@id\":\"https:\/\/www.librairieclavreuil.com\/en\/laplace-francois-histoire-des-desastres-de-saint-domingue-precede-dun-tableau-du-regime-et-des-progres-de-cette-colonie-depuis-sa-fondation-jusqua-lepoque-de-la-revolution-francaise\/#primaryimage\",\"url\":\"https:\/\/www.librairieclavreuil.com\/wp-content\/uploads\/2025\/06\/francois-laplace-histoire-des-desastres-de-saint-domingue-precede-d-un-tableau-du-regime-et-des-progres-de-cette-colonie-depuis-sa-fondation-6827403379092.jpg\",\"contentUrl\":\"https:\/\/www.librairieclavreuil.com\/wp-content\/uploads\/2025\/06\/francois-laplace-histoire-des-desastres-de-saint-domingue-precede-d-un-tableau-du-regime-et-des-progres-de-cette-colonie-depuis-sa-fondation-6827403379092.jpg\",\"width\":800,\"height\":622},{\"@type\":\"BreadcrumbList\",\"@id\":\"https:\/\/www.librairieclavreuil.com\/en\/laplace-francois-histoire-des-desastres-de-saint-domingue-precede-dun-tableau-du-regime-et-des-progres-de-cette-colonie-depuis-sa-fondation-jusqua-lepoque-de-la-revolution-francaise\/#breadcrumb\",\"itemListElement\":[{\"@type\":\"ListItem\",\"position\":1,\"name\":\"Accueil\",\"item\":\"https:\/\/www.librairieclavreuil.com\/\"},{\"@type\":\"ListItem\",\"position\":2,\"name\":\"All our books\",\"item\":\"https:\/\/www.librairieclavreuil.com\/en\/all-our-books\/\"},{\"@type\":\"ListItem\",\"position\":3,\"name\":\"[LAPLACE Fran\u00e7ois] Histoire des d\u00e9sastres de Saint-Domingue, pr\u00e9c\u00e9d\u00e9...\"}]},{\"@type\":\"WebSite\",\"@id\":\"https:\/\/www.librairieclavreuil.com\/#website\",\"url\":\"https:\/\/www.librairieclavreuil.com\/\",\"name\":\"Libairie Clavreuil\",\"description\":\"Livres anciens, manuscrits rares et \u00e9ditions originales \u2013 Librairie Clavreuil\",\"publisher\":{\"@id\":\"https:\/\/www.librairieclavreuil.com\/#organization\"},\"potentialAction\":[{\"@type\":\"SearchAction\",\"target\":{\"@type\":\"EntryPoint\",\"urlTemplate\":\"https:\/\/www.librairieclavreuil.com\/?s={search_term_string}\"},\"query-input\":{\"@type\":\"PropertyValueSpecification\",\"valueRequired\":true,\"valueName\":\"search_term_string\"}}],\"inLanguage\":\"en-US\"},{\"@type\":\"Organization\",\"@id\":\"https:\/\/www.librairieclavreuil.com\/#organization\",\"name\":\"Libairie Clavreuil\",\"url\":\"https:\/\/www.librairieclavreuil.com\/\",\"logo\":{\"@type\":\"ImageObject\",\"inLanguage\":\"en-US\",\"@id\":\"https:\/\/www.librairieclavreuil.com\/#\/schema\/logo\/image\/\",\"url\":\"https:\/\/www.librairieclavreuil.com\/wp-content\/uploads\/2021\/06\/cropped-LOGO_PNG_DATE-_gold-512x512-1.png\",\"contentUrl\":\"https:\/\/www.librairieclavreuil.com\/wp-content\/uploads\/2021\/06\/cropped-LOGO_PNG_DATE-_gold-512x512-1.png\",\"width\":512,\"height\":512,\"caption\":\"Libairie Clavreuil\"},\"image\":{\"@id\":\"https:\/\/www.librairieclavreuil.com\/#\/schema\/logo\/image\/\"},\"sameAs\":[\"https:\/\/www.instagram.com\/librairieclavreuil\/\"]}]}<\/script>\n<!-- \/ Yoast SEO plugin. -->","yoast_head_json":{"title":"[LAPLACE Fran\u00e7ois] Histoire des d\u00e9sastres de Saint-Domingue, pr\u00e9c\u00e9d\u00e9 d'un tableau du r\u00e9gime et des progr\u00e8s de cette colonie, depuis sa fondation, jusqu'\u00e0 l'\u00e9poque de la R\u00e9volution fran\u00e7aise. - Libairie Clavreuil","robots":{"index":"index","follow":"follow","max-snippet":"max-snippet:-1","max-image-preview":"max-image-preview:large","max-video-preview":"max-video-preview:-1"},"canonical":"https:\/\/www.librairieclavreuil.com\/en\/laplace-francois-histoire-des-desastres-de-saint-domingue-precede-dun-tableau-du-regime-et-des-progres-de-cette-colonie-depuis-sa-fondation-jusqua-lepoque-de-la-revolution-francaise\/","og_locale":"en_US","og_type":"article","og_title":"[LAPLACE Fran\u00e7ois] Histoire des d\u00e9sastres de Saint-Domingue, pr\u00e9c\u00e9d\u00e9 d'un tableau du r\u00e9gime et des progr\u00e8s de cette colonie, depuis sa fondation, jusqu'\u00e0 l'\u00e9poque de la R\u00e9volution fran\u00e7aise. - Libairie Clavreuil","og_description":"8vo (190 x 120 mm) XII, 388 pp., 1 large engraved folding map. Later half-blue calf, flat spine elaborately gilt in romantic style.","og_url":"https:\/\/www.librairieclavreuil.com\/en\/laplace-francois-histoire-des-desastres-de-saint-domingue-precede-dun-tableau-du-regime-et-des-progres-de-cette-colonie-depuis-sa-fondation-jusqua-lepoque-de-la-revolution-francaise\/","og_site_name":"Libairie Clavreuil","article_modified_time":"2025-11-27T11:15:46+00:00","og_image":[{"width":800,"height":622,"url":"https:\/\/www.librairieclavreuil.com\/wp-content\/uploads\/2025\/06\/francois-laplace-histoire-des-desastres-de-saint-domingue-precede-d-un-tableau-du-regime-et-des-progres-de-cette-colonie-depuis-sa-fondation-6827403379092.jpg","type":"image\/jpeg"}],"twitter_card":"summary_large_image","twitter_misc":{"Est. reading time":"2 minutes"},"schema":{"@context":"https:\/\/schema.org","@graph":[{"@type":"WebPage","@id":"https:\/\/www.librairieclavreuil.com\/en\/laplace-francois-histoire-des-desastres-de-saint-domingue-precede-dun-tableau-du-regime-et-des-progres-de-cette-colonie-depuis-sa-fondation-jusqua-lepoque-de-la-revolution-francaise\/","url":"https:\/\/www.librairieclavreuil.com\/en\/laplace-francois-histoire-des-desastres-de-saint-domingue-precede-dun-tableau-du-regime-et-des-progres-de-cette-colonie-depuis-sa-fondation-jusqua-lepoque-de-la-revolution-francaise\/","name":"[LAPLACE Fran\u00e7ois] Histoire des d\u00e9sastres de Saint-Domingue, pr\u00e9c\u00e9d\u00e9 d'un tableau du r\u00e9gime et des progr\u00e8s de cette colonie, depuis sa fondation, jusqu'\u00e0 l'\u00e9poque de la R\u00e9volution fran\u00e7aise. - Libairie Clavreuil","isPartOf":{"@id":"https:\/\/www.librairieclavreuil.com\/#website"},"primaryImageOfPage":{"@id":"https:\/\/www.librairieclavreuil.com\/en\/laplace-francois-histoire-des-desastres-de-saint-domingue-precede-dun-tableau-du-regime-et-des-progres-de-cette-colonie-depuis-sa-fondation-jusqua-lepoque-de-la-revolution-francaise\/#primaryimage"},"image":{"@id":"https:\/\/www.librairieclavreuil.com\/en\/laplace-francois-histoire-des-desastres-de-saint-domingue-precede-dun-tableau-du-regime-et-des-progres-de-cette-colonie-depuis-sa-fondation-jusqua-lepoque-de-la-revolution-francaise\/#primaryimage"},"thumbnailUrl":"https:\/\/www.librairieclavreuil.com\/wp-content\/uploads\/2025\/06\/francois-laplace-histoire-des-desastres-de-saint-domingue-precede-d-un-tableau-du-regime-et-des-progres-de-cette-colonie-depuis-sa-fondation-6827403379092.jpg","datePublished":"2025-06-05T12:47:27+00:00","dateModified":"2025-11-27T11:15:46+00:00","breadcrumb":{"@id":"https:\/\/www.librairieclavreuil.com\/en\/laplace-francois-histoire-des-desastres-de-saint-domingue-precede-dun-tableau-du-regime-et-des-progres-de-cette-colonie-depuis-sa-fondation-jusqua-lepoque-de-la-revolution-francaise\/#breadcrumb"},"inLanguage":"en-US","potentialAction":[{"@type":"ReadAction","target":["https:\/\/www.librairieclavreuil.com\/en\/laplace-francois-histoire-des-desastres-de-saint-domingue-precede-dun-tableau-du-regime-et-des-progres-de-cette-colonie-depuis-sa-fondation-jusqua-lepoque-de-la-revolution-francaise\/"]}]},{"@type":"ImageObject","inLanguage":"en-US","@id":"https:\/\/www.librairieclavreuil.com\/en\/laplace-francois-histoire-des-desastres-de-saint-domingue-precede-dun-tableau-du-regime-et-des-progres-de-cette-colonie-depuis-sa-fondation-jusqua-lepoque-de-la-revolution-francaise\/#primaryimage","url":"https:\/\/www.librairieclavreuil.com\/wp-content\/uploads\/2025\/06\/francois-laplace-histoire-des-desastres-de-saint-domingue-precede-d-un-tableau-du-regime-et-des-progres-de-cette-colonie-depuis-sa-fondation-6827403379092.jpg","contentUrl":"https:\/\/www.librairieclavreuil.com\/wp-content\/uploads\/2025\/06\/francois-laplace-histoire-des-desastres-de-saint-domingue-precede-d-un-tableau-du-regime-et-des-progres-de-cette-colonie-depuis-sa-fondation-6827403379092.jpg","width":800,"height":622},{"@type":"BreadcrumbList","@id":"https:\/\/www.librairieclavreuil.com\/en\/laplace-francois-histoire-des-desastres-de-saint-domingue-precede-dun-tableau-du-regime-et-des-progres-de-cette-colonie-depuis-sa-fondation-jusqua-lepoque-de-la-revolution-francaise\/#breadcrumb","itemListElement":[{"@type":"ListItem","position":1,"name":"Accueil","item":"https:\/\/www.librairieclavreuil.com\/"},{"@type":"ListItem","position":2,"name":"All our books","item":"https:\/\/www.librairieclavreuil.com\/en\/all-our-books\/"},{"@type":"ListItem","position":3,"name":"[LAPLACE Fran\u00e7ois] Histoire des d\u00e9sastres de Saint-Domingue, pr\u00e9c\u00e9d\u00e9..."}]},{"@type":"WebSite","@id":"https:\/\/www.librairieclavreuil.com\/#website","url":"https:\/\/www.librairieclavreuil.com\/","name":"Libairie Clavreuil","description":"Livres anciens, manuscrits rares et \u00e9ditions originales \u2013 Librairie Clavreuil","publisher":{"@id":"https:\/\/www.librairieclavreuil.com\/#organization"},"potentialAction":[{"@type":"SearchAction","target":{"@type":"EntryPoint","urlTemplate":"https:\/\/www.librairieclavreuil.com\/?s={search_term_string}"},"query-input":{"@type":"PropertyValueSpecification","valueRequired":true,"valueName":"search_term_string"}}],"inLanguage":"en-US"},{"@type":"Organization","@id":"https:\/\/www.librairieclavreuil.com\/#organization","name":"Libairie Clavreuil","url":"https:\/\/www.librairieclavreuil.com\/","logo":{"@type":"ImageObject","inLanguage":"en-US","@id":"https:\/\/www.librairieclavreuil.com\/#\/schema\/logo\/image\/","url":"https:\/\/www.librairieclavreuil.com\/wp-content\/uploads\/2021\/06\/cropped-LOGO_PNG_DATE-_gold-512x512-1.png","contentUrl":"https:\/\/www.librairieclavreuil.com\/wp-content\/uploads\/2021\/06\/cropped-LOGO_PNG_DATE-_gold-512x512-1.png","width":512,"height":512,"caption":"Libairie Clavreuil"},"image":{"@id":"https:\/\/www.librairieclavreuil.com\/#\/schema\/logo\/image\/"},"sameAs":["https:\/\/www.instagram.com\/librairieclavreuil\/"]}]}},"jetpack_sharing_enabled":true,"_links":{"self":[{"href":"https:\/\/www.librairieclavreuil.com\/en\/wp-json\/wp\/v2\/product\/86831","targetHints":{"allow":["GET"]}}],"collection":[{"href":"https:\/\/www.librairieclavreuil.com\/en\/wp-json\/wp\/v2\/product"}],"about":[{"href":"https:\/\/www.librairieclavreuil.com\/en\/wp-json\/wp\/v2\/types\/product"}],"replies":[{"embeddable":true,"href":"https:\/\/www.librairieclavreuil.com\/en\/wp-json\/wp\/v2\/comments?post=86831"}],"wp:featuredmedia":[{"embeddable":true,"href":"https:\/\/www.librairieclavreuil.com\/en\/wp-json\/wp\/v2\/media\/86824"}],"wp:attachment":[{"href":"https:\/\/www.librairieclavreuil.com\/en\/wp-json\/wp\/v2\/media?parent=86831"}],"wp:term":[{"taxonomy":"product_brand","embeddable":true,"href":"https:\/\/www.librairieclavreuil.com\/en\/wp-json\/wp\/v2\/product_brand?post=86831"},{"taxonomy":"product_cat","embeddable":true,"href":"https:\/\/www.librairieclavreuil.com\/en\/wp-json\/wp\/v2\/product_cat?post=86831"},{"taxonomy":"product_tag","embeddable":true,"href":"https:\/\/www.librairieclavreuil.com\/en\/wp-json\/wp\/v2\/product_tag?post=86831"}],"curies":[{"name":"wp","href":"https:\/\/api.w.org\/{rel}","templated":true}]}}