{"id":86324,"date":"2025-05-16T15:14:32","date_gmt":"2025-05-16T13:14:32","guid":{"rendered":"https:\/\/www.librairieclavreuil.com\/antilles-arret-du-conseil-detat-du-roi-concernant-le-retour-des-noirs-mulatres-ou-autres-gens-de-couleurs-aux-colonies\/"},"modified":"2026-03-07T15:29:53","modified_gmt":"2026-03-07T14:29:53","slug":"antilles-arret-du-conseil-detat-du-roi-concernant-le-retour-des-noirs-mulatres-ou-autres-gens-de-couleurs-aux-colonies","status":"publish","type":"product","link":"https:\/\/www.librairieclavreuil.com\/en\/antilles-arret-du-conseil-detat-du-roi-concernant-le-retour-des-noirs-mulatres-ou-autres-gens-de-couleurs-aux-colonies\/","title":{"rendered":"ANTILLES Arr\u00eat du conseil d&#8217;\u00e9tat du roi, concernant..."},"content":{"rendered":"<p style=\"text-align:justify\"><i>Wroth &amp; Annan, 1899.<\/i><\/p>\n<p style=\"text-align:justify\">Decree dated 7 September 1777, signed by Sartine (Minister of the Navy) granting colonists who had brought servants with them a further two months to declare their servants brought from the colonies. In the absence of this declaration, the servants could have been sent back \u2018to their homes\u2019. &#8220;&#8230;accordant Un nouveau d\u00e9lai de deux mois, \u00e0 compter du jour de la publication du pr\u00e9sent arr\u00eat, pendant lesquels lesdits habitans pourront faire repasser lesdits domestiques Noirs, Mul\u00e2tres ou autres gens de couleur, dans les colonies d&#8217;o\u00f9 ils les auroient amen\u00e9s. Veut sa majest\u00e9 que ceux desdits domestiques qui n&#8217;auroient pas \u00e9t\u00e9 remis dans deux mois pour tout d\u00e9lai, aux d\u00e9p\u00f4ts \u00e9tablis dans les ports, en ex\u00e9cution de ladite d\u00e9claration, ne puissent \u00eatre retenus que de leur consentement, au service de leurs ma\u00eetres.&#8221;<\/p>\n<p style=\"text-align:justify\">This ruling followed that of 9 August 1777, which allowed &#8220;tout habitant de nos colonies qui voudrait passer en France, d\u2019embarquer avec lui un seul noir ou Mul\u00e2tre\u2026. pour le servir pendant la travers\u00e9e \u00e0 la charge de le remettre \u00e0 son arriv\u00e9e dans le port au d\u00e9p\u00f4t \u00e0 ce destin\u00e9e&#8221; and &#8220;de le renvoyer dans la colonie par le premier bateau en partance \u00bb<\/p>\n<p style=\"text-align:justify\">Good copy of this important decree.<\/p>\n","protected":false},"excerpt":{"rendered":"<p>4to (246 x 185 mm) 2 pp. Modern boards.<\/p>\n","protected":false},"featured_media":86319,"comment_status":"open","ping_status":"closed","template":"","meta":{"_acf_changed":false},"product_brand":[],"product_cat":[528],"product_tag":[1363,1224,1366],"class_list":{"0":"post-86324","1":"product","2":"type-product","3":"status-publish","4":"has-post-thumbnail","6":"product_cat-shutdowns-changes","7":"product_tag-caribbean","8":"product_tag-colony","9":"product_tag-slavery","10":"pa_auteur-antilles-2","11":"pa_type-de-livre-printed-book","13":"first","14":"instock","15":"shipping-taxable","16":"purchasable","17":"product-type-simple"},"acf":{"artist":"ANTILLES","chapeau":"","adresse_bibliographique":"Paris, Imprimerie Royale","book_type":"Printed book","provenance":"","afficher_prix":""},"yoast_head":"<!-- This site is optimized with the Yoast SEO plugin v24.7 - https:\/\/yoast.com\/wordpress\/plugins\/seo\/ -->\n<title>ANTILLES  Arr\u00eat du conseil d&#039;\u00e9tat du roi, concernant le retour des Noirs, Mul\u00e2tres ou autres gens de couleurs aux colonies. - Libairie Clavreuil<\/title>\n<meta name=\"robots\" content=\"index, follow, max-snippet:-1, max-image-preview:large, max-video-preview:-1\" \/>\n<link rel=\"canonical\" href=\"https:\/\/www.librairieclavreuil.com\/en\/antilles-arret-du-conseil-detat-du-roi-concernant-le-retour-des-noirs-mulatres-ou-autres-gens-de-couleurs-aux-colonies\/\" \/>\n<meta property=\"og:locale\" content=\"en_US\" \/>\n<meta property=\"og:type\" content=\"article\" \/>\n<meta property=\"og:title\" content=\"ANTILLES  Arr\u00eat du conseil d&#039;\u00e9tat du roi, concernant le retour des Noirs, Mul\u00e2tres ou autres gens de couleurs aux colonies. - Libairie Clavreuil\" \/>\n<meta property=\"og:description\" content=\"4to (246 x 185 mm) 2 pp. Modern boards.\" \/>\n<meta property=\"og:url\" content=\"https:\/\/www.librairieclavreuil.com\/en\/antilles-arret-du-conseil-detat-du-roi-concernant-le-retour-des-noirs-mulatres-ou-autres-gens-de-couleurs-aux-colonies\/\" \/>\n<meta property=\"og:site_name\" content=\"Libairie Clavreuil\" \/>\n<meta property=\"article:modified_time\" content=\"2026-03-07T14:29:53+00:00\" \/>\n<meta property=\"og:image\" content=\"https:\/\/www.librairieclavreuil.com\/wp-content\/uploads\/2025\/05\/antilles-arret-du-conseil-d-etat-du-roi-concernant-le-retour-des-noirs-mulatres-ou-autres-gens-de-couleurs-aux-colonies-9797-6827369ccf558.jpg\" \/>\n\t<meta property=\"og:image:width\" content=\"622\" \/>\n\t<meta property=\"og:image:height\" content=\"800\" \/>\n\t<meta property=\"og:image:type\" content=\"image\/jpeg\" \/>\n<meta name=\"twitter:card\" content=\"summary_large_image\" \/>\n<meta name=\"twitter:label1\" content=\"Est. reading time\" \/>\n\t<meta name=\"twitter:data1\" content=\"1 minute\" \/>\n<script type=\"application\/ld+json\" class=\"yoast-schema-graph\">{\"@context\":\"https:\/\/schema.org\",\"@graph\":[{\"@type\":\"WebPage\",\"@id\":\"https:\/\/www.librairieclavreuil.com\/en\/antilles-arret-du-conseil-detat-du-roi-concernant-le-retour-des-noirs-mulatres-ou-autres-gens-de-couleurs-aux-colonies\/\",\"url\":\"https:\/\/www.librairieclavreuil.com\/en\/antilles-arret-du-conseil-detat-du-roi-concernant-le-retour-des-noirs-mulatres-ou-autres-gens-de-couleurs-aux-colonies\/\",\"name\":\"ANTILLES Arr\u00eat du conseil d'\u00e9tat du roi, concernant le retour des Noirs, Mul\u00e2tres ou autres gens de couleurs aux colonies. - Libairie Clavreuil\",\"isPartOf\":{\"@id\":\"https:\/\/www.librairieclavreuil.com\/#website\"},\"primaryImageOfPage\":{\"@id\":\"https:\/\/www.librairieclavreuil.com\/en\/antilles-arret-du-conseil-detat-du-roi-concernant-le-retour-des-noirs-mulatres-ou-autres-gens-de-couleurs-aux-colonies\/#primaryimage\"},\"image\":{\"@id\":\"https:\/\/www.librairieclavreuil.com\/en\/antilles-arret-du-conseil-detat-du-roi-concernant-le-retour-des-noirs-mulatres-ou-autres-gens-de-couleurs-aux-colonies\/#primaryimage\"},\"thumbnailUrl\":\"https:\/\/www.librairieclavreuil.com\/wp-content\/uploads\/2025\/05\/antilles-arret-du-conseil-d-etat-du-roi-concernant-le-retour-des-noirs-mulatres-ou-autres-gens-de-couleurs-aux-colonies-9797-6827369ccf558.jpg\",\"datePublished\":\"2025-05-16T13:14:32+00:00\",\"dateModified\":\"2026-03-07T14:29:53+00:00\",\"breadcrumb\":{\"@id\":\"https:\/\/www.librairieclavreuil.com\/en\/antilles-arret-du-conseil-detat-du-roi-concernant-le-retour-des-noirs-mulatres-ou-autres-gens-de-couleurs-aux-colonies\/#breadcrumb\"},\"inLanguage\":\"en-US\",\"potentialAction\":[{\"@type\":\"ReadAction\",\"target\":[\"https:\/\/www.librairieclavreuil.com\/en\/antilles-arret-du-conseil-detat-du-roi-concernant-le-retour-des-noirs-mulatres-ou-autres-gens-de-couleurs-aux-colonies\/\"]}]},{\"@type\":\"ImageObject\",\"inLanguage\":\"en-US\",\"@id\":\"https:\/\/www.librairieclavreuil.com\/en\/antilles-arret-du-conseil-detat-du-roi-concernant-le-retour-des-noirs-mulatres-ou-autres-gens-de-couleurs-aux-colonies\/#primaryimage\",\"url\":\"https:\/\/www.librairieclavreuil.com\/wp-content\/uploads\/2025\/05\/antilles-arret-du-conseil-d-etat-du-roi-concernant-le-retour-des-noirs-mulatres-ou-autres-gens-de-couleurs-aux-colonies-9797-6827369ccf558.jpg\",\"contentUrl\":\"https:\/\/www.librairieclavreuil.com\/wp-content\/uploads\/2025\/05\/antilles-arret-du-conseil-d-etat-du-roi-concernant-le-retour-des-noirs-mulatres-ou-autres-gens-de-couleurs-aux-colonies-9797-6827369ccf558.jpg\",\"width\":622,\"height\":800},{\"@type\":\"BreadcrumbList\",\"@id\":\"https:\/\/www.librairieclavreuil.com\/en\/antilles-arret-du-conseil-detat-du-roi-concernant-le-retour-des-noirs-mulatres-ou-autres-gens-de-couleurs-aux-colonies\/#breadcrumb\",\"itemListElement\":[{\"@type\":\"ListItem\",\"position\":1,\"name\":\"Accueil\",\"item\":\"https:\/\/www.librairieclavreuil.com\/\"},{\"@type\":\"ListItem\",\"position\":2,\"name\":\"All our books\",\"item\":\"https:\/\/www.librairieclavreuil.com\/en\/all-our-books\/\"},{\"@type\":\"ListItem\",\"position\":3,\"name\":\"ANTILLES Arr\u00eat du conseil d&rsquo;\u00e9tat du roi, concernant...\"}]},{\"@type\":\"WebSite\",\"@id\":\"https:\/\/www.librairieclavreuil.com\/#website\",\"url\":\"https:\/\/www.librairieclavreuil.com\/\",\"name\":\"Libairie Clavreuil\",\"description\":\"Livres anciens, manuscrits rares et \u00e9ditions originales \u2013 Librairie Clavreuil\",\"publisher\":{\"@id\":\"https:\/\/www.librairieclavreuil.com\/#organization\"},\"potentialAction\":[{\"@type\":\"SearchAction\",\"target\":{\"@type\":\"EntryPoint\",\"urlTemplate\":\"https:\/\/www.librairieclavreuil.com\/?s={search_term_string}\"},\"query-input\":{\"@type\":\"PropertyValueSpecification\",\"valueRequired\":true,\"valueName\":\"search_term_string\"}}],\"inLanguage\":\"en-US\"},{\"@type\":\"Organization\",\"@id\":\"https:\/\/www.librairieclavreuil.com\/#organization\",\"name\":\"Libairie Clavreuil\",\"url\":\"https:\/\/www.librairieclavreuil.com\/\",\"logo\":{\"@type\":\"ImageObject\",\"inLanguage\":\"en-US\",\"@id\":\"https:\/\/www.librairieclavreuil.com\/#\/schema\/logo\/image\/\",\"url\":\"https:\/\/www.librairieclavreuil.com\/wp-content\/uploads\/2021\/06\/cropped-LOGO_PNG_DATE-_gold-512x512-1.png\",\"contentUrl\":\"https:\/\/www.librairieclavreuil.com\/wp-content\/uploads\/2021\/06\/cropped-LOGO_PNG_DATE-_gold-512x512-1.png\",\"width\":512,\"height\":512,\"caption\":\"Libairie Clavreuil\"},\"image\":{\"@id\":\"https:\/\/www.librairieclavreuil.com\/#\/schema\/logo\/image\/\"},\"sameAs\":[\"https:\/\/www.instagram.com\/librairieclavreuil\/\"]}]}<\/script>\n<!-- \/ Yoast SEO plugin. -->","yoast_head_json":{"title":"ANTILLES  Arr\u00eat du conseil d'\u00e9tat du roi, concernant le retour des Noirs, Mul\u00e2tres ou autres gens de couleurs aux colonies. - Libairie Clavreuil","robots":{"index":"index","follow":"follow","max-snippet":"max-snippet:-1","max-image-preview":"max-image-preview:large","max-video-preview":"max-video-preview:-1"},"canonical":"https:\/\/www.librairieclavreuil.com\/en\/antilles-arret-du-conseil-detat-du-roi-concernant-le-retour-des-noirs-mulatres-ou-autres-gens-de-couleurs-aux-colonies\/","og_locale":"en_US","og_type":"article","og_title":"ANTILLES  Arr\u00eat du conseil d'\u00e9tat du roi, concernant le retour des Noirs, Mul\u00e2tres ou autres gens de couleurs aux colonies. - Libairie Clavreuil","og_description":"4to (246 x 185 mm) 2 pp. Modern boards.","og_url":"https:\/\/www.librairieclavreuil.com\/en\/antilles-arret-du-conseil-detat-du-roi-concernant-le-retour-des-noirs-mulatres-ou-autres-gens-de-couleurs-aux-colonies\/","og_site_name":"Libairie Clavreuil","article_modified_time":"2026-03-07T14:29:53+00:00","og_image":[{"width":622,"height":800,"url":"https:\/\/www.librairieclavreuil.com\/wp-content\/uploads\/2025\/05\/antilles-arret-du-conseil-d-etat-du-roi-concernant-le-retour-des-noirs-mulatres-ou-autres-gens-de-couleurs-aux-colonies-9797-6827369ccf558.jpg","type":"image\/jpeg"}],"twitter_card":"summary_large_image","twitter_misc":{"Est. reading time":"1 minute"},"schema":{"@context":"https:\/\/schema.org","@graph":[{"@type":"WebPage","@id":"https:\/\/www.librairieclavreuil.com\/en\/antilles-arret-du-conseil-detat-du-roi-concernant-le-retour-des-noirs-mulatres-ou-autres-gens-de-couleurs-aux-colonies\/","url":"https:\/\/www.librairieclavreuil.com\/en\/antilles-arret-du-conseil-detat-du-roi-concernant-le-retour-des-noirs-mulatres-ou-autres-gens-de-couleurs-aux-colonies\/","name":"ANTILLES Arr\u00eat du conseil d'\u00e9tat du roi, concernant le retour des Noirs, Mul\u00e2tres ou autres gens de couleurs aux colonies. - Libairie Clavreuil","isPartOf":{"@id":"https:\/\/www.librairieclavreuil.com\/#website"},"primaryImageOfPage":{"@id":"https:\/\/www.librairieclavreuil.com\/en\/antilles-arret-du-conseil-detat-du-roi-concernant-le-retour-des-noirs-mulatres-ou-autres-gens-de-couleurs-aux-colonies\/#primaryimage"},"image":{"@id":"https:\/\/www.librairieclavreuil.com\/en\/antilles-arret-du-conseil-detat-du-roi-concernant-le-retour-des-noirs-mulatres-ou-autres-gens-de-couleurs-aux-colonies\/#primaryimage"},"thumbnailUrl":"https:\/\/www.librairieclavreuil.com\/wp-content\/uploads\/2025\/05\/antilles-arret-du-conseil-d-etat-du-roi-concernant-le-retour-des-noirs-mulatres-ou-autres-gens-de-couleurs-aux-colonies-9797-6827369ccf558.jpg","datePublished":"2025-05-16T13:14:32+00:00","dateModified":"2026-03-07T14:29:53+00:00","breadcrumb":{"@id":"https:\/\/www.librairieclavreuil.com\/en\/antilles-arret-du-conseil-detat-du-roi-concernant-le-retour-des-noirs-mulatres-ou-autres-gens-de-couleurs-aux-colonies\/#breadcrumb"},"inLanguage":"en-US","potentialAction":[{"@type":"ReadAction","target":["https:\/\/www.librairieclavreuil.com\/en\/antilles-arret-du-conseil-detat-du-roi-concernant-le-retour-des-noirs-mulatres-ou-autres-gens-de-couleurs-aux-colonies\/"]}]},{"@type":"ImageObject","inLanguage":"en-US","@id":"https:\/\/www.librairieclavreuil.com\/en\/antilles-arret-du-conseil-detat-du-roi-concernant-le-retour-des-noirs-mulatres-ou-autres-gens-de-couleurs-aux-colonies\/#primaryimage","url":"https:\/\/www.librairieclavreuil.com\/wp-content\/uploads\/2025\/05\/antilles-arret-du-conseil-d-etat-du-roi-concernant-le-retour-des-noirs-mulatres-ou-autres-gens-de-couleurs-aux-colonies-9797-6827369ccf558.jpg","contentUrl":"https:\/\/www.librairieclavreuil.com\/wp-content\/uploads\/2025\/05\/antilles-arret-du-conseil-d-etat-du-roi-concernant-le-retour-des-noirs-mulatres-ou-autres-gens-de-couleurs-aux-colonies-9797-6827369ccf558.jpg","width":622,"height":800},{"@type":"BreadcrumbList","@id":"https:\/\/www.librairieclavreuil.com\/en\/antilles-arret-du-conseil-detat-du-roi-concernant-le-retour-des-noirs-mulatres-ou-autres-gens-de-couleurs-aux-colonies\/#breadcrumb","itemListElement":[{"@type":"ListItem","position":1,"name":"Accueil","item":"https:\/\/www.librairieclavreuil.com\/"},{"@type":"ListItem","position":2,"name":"All our books","item":"https:\/\/www.librairieclavreuil.com\/en\/all-our-books\/"},{"@type":"ListItem","position":3,"name":"ANTILLES Arr\u00eat du conseil d&rsquo;\u00e9tat du roi, concernant..."}]},{"@type":"WebSite","@id":"https:\/\/www.librairieclavreuil.com\/#website","url":"https:\/\/www.librairieclavreuil.com\/","name":"Libairie Clavreuil","description":"Livres anciens, manuscrits rares et \u00e9ditions originales \u2013 Librairie Clavreuil","publisher":{"@id":"https:\/\/www.librairieclavreuil.com\/#organization"},"potentialAction":[{"@type":"SearchAction","target":{"@type":"EntryPoint","urlTemplate":"https:\/\/www.librairieclavreuil.com\/?s={search_term_string}"},"query-input":{"@type":"PropertyValueSpecification","valueRequired":true,"valueName":"search_term_string"}}],"inLanguage":"en-US"},{"@type":"Organization","@id":"https:\/\/www.librairieclavreuil.com\/#organization","name":"Libairie Clavreuil","url":"https:\/\/www.librairieclavreuil.com\/","logo":{"@type":"ImageObject","inLanguage":"en-US","@id":"https:\/\/www.librairieclavreuil.com\/#\/schema\/logo\/image\/","url":"https:\/\/www.librairieclavreuil.com\/wp-content\/uploads\/2021\/06\/cropped-LOGO_PNG_DATE-_gold-512x512-1.png","contentUrl":"https:\/\/www.librairieclavreuil.com\/wp-content\/uploads\/2021\/06\/cropped-LOGO_PNG_DATE-_gold-512x512-1.png","width":512,"height":512,"caption":"Libairie Clavreuil"},"image":{"@id":"https:\/\/www.librairieclavreuil.com\/#\/schema\/logo\/image\/"},"sameAs":["https:\/\/www.instagram.com\/librairieclavreuil\/"]}]}},"jetpack_sharing_enabled":true,"_links":{"self":[{"href":"https:\/\/www.librairieclavreuil.com\/en\/wp-json\/wp\/v2\/product\/86324","targetHints":{"allow":["GET"]}}],"collection":[{"href":"https:\/\/www.librairieclavreuil.com\/en\/wp-json\/wp\/v2\/product"}],"about":[{"href":"https:\/\/www.librairieclavreuil.com\/en\/wp-json\/wp\/v2\/types\/product"}],"replies":[{"embeddable":true,"href":"https:\/\/www.librairieclavreuil.com\/en\/wp-json\/wp\/v2\/comments?post=86324"}],"wp:featuredmedia":[{"embeddable":true,"href":"https:\/\/www.librairieclavreuil.com\/en\/wp-json\/wp\/v2\/media\/86319"}],"wp:attachment":[{"href":"https:\/\/www.librairieclavreuil.com\/en\/wp-json\/wp\/v2\/media?parent=86324"}],"wp:term":[{"taxonomy":"product_brand","embeddable":true,"href":"https:\/\/www.librairieclavreuil.com\/en\/wp-json\/wp\/v2\/product_brand?post=86324"},{"taxonomy":"product_cat","embeddable":true,"href":"https:\/\/www.librairieclavreuil.com\/en\/wp-json\/wp\/v2\/product_cat?post=86324"},{"taxonomy":"product_tag","embeddable":true,"href":"https:\/\/www.librairieclavreuil.com\/en\/wp-json\/wp\/v2\/product_tag?post=86324"}],"curies":[{"name":"wp","href":"https:\/\/api.w.org\/{rel}","templated":true}]}}