{"id":86292,"date":"2025-04-25T17:25:58","date_gmt":"2025-04-25T15:25:58","guid":{"rendered":"https:\/\/www.librairieclavreuil.com\/follie-adrien-jacques-memoire-dun-francois-qui-sort-de-lesclavage\/"},"modified":"2025-04-25T17:26:02","modified_gmt":"2025-04-25T15:26:02","slug":"follie-adrien-jacques-memoire-dun-francois-qui-sort-de-lesclavage","status":"publish","type":"product","link":"https:\/\/www.librairieclavreuil.com\/en\/follie-adrien-jacques-memoire-dun-francois-qui-sort-de-lesclavage\/","title":{"rendered":"FOLLIE Adrien Jacques M\u00e9moire d&#8217;un francois qui sort..."},"content":{"rendered":"<p style=\"text-align:justify\"><i>Playfair 302 (erroneous date 1685) ; not in Gay. See Boucher de la Richarderie IV, 74 (only the second edition 1792).&nbsp;<\/i><\/p>\n<p style=\"text-align:justify\"><span><span style=\"font-variant:small-caps\">First edition, very rare, <\/span>of the account of the captivity of Adrien Jacques Follie (1746-1803), an administrative officer in the colonies, particularly in Africa. His vessel \u2018Les Deux Amis\u2019, bound for Senegal, was wrecked on 17 January 1784 off the coast of Morocco at Cape Num. The crew and some passengers were captured by Moors for 3 months in Mogador (Essaouira).<\/span><\/p>\n<p style=\"text-align:justify\"><span>&#8220;A la suite de la narration touchante de ses malheurs, [Follie] a donn\u00e9 un pr\u00e9cis exacte des moeurs, des usages et des opinions des peuplades errantes dans le d\u00e9sert de Sahara, et la description de Bildulgerid&#8221; (Boucher de la Richarderie, IV, p. 74).<\/span><\/p>\n<p style=\"text-align:justify\"><span>Broad margined copy.<\/span><\/p>\n<p style=\"text-align:justify\"><span><strong>[Bound with : [SAAS, Jean]. <\/strong>Lettre d&#8217;un professeur de Douay \u00e0 un professeur de Louvain sur le <i>Dictionnaire historique-portatif<\/i> de l&#8217;abb\u00e9 Ladvocat. <i>Douay, Jacques-Fran\u00e7ois Swerts, 1762.<\/i> 119 p.&nbsp;<\/span><\/p>\n<p style=\"text-align:justify\"><span><i>Barbier II, 1162.<\/i><\/span><\/p>\n<p><span style=\"font-variant:small-caps\">First edition. <\/span>Abb\u00e9 Jean Saas (1704-1774), born in Rouen, was a historian and bibliographer. The <i>Lettre sur le dictionnaire<\/i> occupies the first 72 pages and is followed by the <i>Lettre&#8230; sur l&#8217;Encyclop\u00e9die<\/i>. It contains remarks or rather criticisms on the veracity of the articles on geography, mythology and bibliography detailed in the first volume of Diderot &amp; d&#8217;Alembert&#8217;s famous <i>Encyclop\u00e9die<\/i>.<\/p>\n<p>Slight waterstain at the foot of the last quire. Joints partly split.<\/p>\n","protected":false},"excerpt":{"rendered":"<p><span>8vo (198 x 123 mm) 3 nn.ll., 95 pp. Veau marbr\u00e9, dos lisse orn\u00e9, tranches rouges (<i>reliure de l&#8217;\u00e9poque<\/i>).<\/span><\/p>\n","protected":false},"featured_media":86285,"comment_status":"open","ping_status":"closed","template":"","meta":{"_acf_changed":false},"product_brand":[],"product_cat":[552],"product_tag":[1352,1450,1359,1366],"class_list":{"0":"post-86292","1":"product","2":"type-product","3":"status-publish","4":"has-post-thumbnail","6":"product_cat-travel","7":"product_tag-africa","8":"product_tag-first-edition","9":"product_tag-general-africa","10":"product_tag-slavery","11":"pa_auteur-follie-adrien-jacques-2","12":"pa_type-de-livre-printed-book","14":"first","15":"instock","16":"shipping-taxable","17":"purchasable","18":"product-type-simple"},"acf":{"artist":"Adrien Jacques FOLLIE","chapeau":"","adresse_bibliographique":"Amsterdam et Paris, Laporte, 1785","book_type":"Printed book","provenance":"","afficher_prix":""},"yoast_head":"<!-- This site is optimized with the Yoast SEO plugin v24.7 - https:\/\/yoast.com\/wordpress\/plugins\/seo\/ -->\n<title>FOLLIE Adrien Jacques M\u00e9moire d&#039;un francois qui sort de l&#039;esclavage. - Libairie Clavreuil<\/title>\n<meta name=\"robots\" content=\"index, follow, max-snippet:-1, max-image-preview:large, max-video-preview:-1\" \/>\n<link rel=\"canonical\" href=\"https:\/\/www.librairieclavreuil.com\/en\/follie-adrien-jacques-memoire-dun-francois-qui-sort-de-lesclavage\/\" \/>\n<meta property=\"og:locale\" content=\"en_US\" \/>\n<meta property=\"og:type\" content=\"article\" \/>\n<meta property=\"og:title\" content=\"FOLLIE Adrien Jacques M\u00e9moire d&#039;un francois qui sort de l&#039;esclavage. - Libairie Clavreuil\" \/>\n<meta property=\"og:description\" content=\"8vo (198 x 123 mm) 3 nn.ll., 95 pp. Veau marbr\u00e9, dos lisse orn\u00e9, tranches rouges (reliure de l&#039;\u00e9poque).\" \/>\n<meta property=\"og:url\" content=\"https:\/\/www.librairieclavreuil.com\/en\/follie-adrien-jacques-memoire-dun-francois-qui-sort-de-lesclavage\/\" \/>\n<meta property=\"og:site_name\" content=\"Libairie Clavreuil\" \/>\n<meta property=\"article:modified_time\" content=\"2025-04-25T15:26:02+00:00\" \/>\n<meta property=\"og:image\" content=\"https:\/\/www.librairieclavreuil.com\/wp-content\/uploads\/2025\/04\/adrien-jacques-follie-memoire-d-un-francois-qui-sort-de-l-esclavage-9793-680ba96f40882.jpg\" \/>\n\t<meta property=\"og:image:width\" content=\"622\" \/>\n\t<meta property=\"og:image:height\" content=\"800\" \/>\n\t<meta property=\"og:image:type\" content=\"image\/jpeg\" \/>\n<meta name=\"twitter:card\" content=\"summary_large_image\" \/>\n<meta name=\"twitter:label1\" content=\"Est. reading time\" \/>\n\t<meta name=\"twitter:data1\" content=\"1 minute\" \/>\n<script type=\"application\/ld+json\" class=\"yoast-schema-graph\">{\"@context\":\"https:\/\/schema.org\",\"@graph\":[{\"@type\":\"WebPage\",\"@id\":\"https:\/\/www.librairieclavreuil.com\/en\/follie-adrien-jacques-memoire-dun-francois-qui-sort-de-lesclavage\/\",\"url\":\"https:\/\/www.librairieclavreuil.com\/en\/follie-adrien-jacques-memoire-dun-francois-qui-sort-de-lesclavage\/\",\"name\":\"FOLLIE Adrien Jacques M\u00e9moire d'un francois qui sort de l'esclavage. - Libairie Clavreuil\",\"isPartOf\":{\"@id\":\"https:\/\/www.librairieclavreuil.com\/#website\"},\"primaryImageOfPage\":{\"@id\":\"https:\/\/www.librairieclavreuil.com\/en\/follie-adrien-jacques-memoire-dun-francois-qui-sort-de-lesclavage\/#primaryimage\"},\"image\":{\"@id\":\"https:\/\/www.librairieclavreuil.com\/en\/follie-adrien-jacques-memoire-dun-francois-qui-sort-de-lesclavage\/#primaryimage\"},\"thumbnailUrl\":\"https:\/\/www.librairieclavreuil.com\/wp-content\/uploads\/2025\/04\/adrien-jacques-follie-memoire-d-un-francois-qui-sort-de-l-esclavage-9793-680ba96f40882.jpg\",\"datePublished\":\"2025-04-25T15:25:58+00:00\",\"dateModified\":\"2025-04-25T15:26:02+00:00\",\"breadcrumb\":{\"@id\":\"https:\/\/www.librairieclavreuil.com\/en\/follie-adrien-jacques-memoire-dun-francois-qui-sort-de-lesclavage\/#breadcrumb\"},\"inLanguage\":\"en-US\",\"potentialAction\":[{\"@type\":\"ReadAction\",\"target\":[\"https:\/\/www.librairieclavreuil.com\/en\/follie-adrien-jacques-memoire-dun-francois-qui-sort-de-lesclavage\/\"]}]},{\"@type\":\"ImageObject\",\"inLanguage\":\"en-US\",\"@id\":\"https:\/\/www.librairieclavreuil.com\/en\/follie-adrien-jacques-memoire-dun-francois-qui-sort-de-lesclavage\/#primaryimage\",\"url\":\"https:\/\/www.librairieclavreuil.com\/wp-content\/uploads\/2025\/04\/adrien-jacques-follie-memoire-d-un-francois-qui-sort-de-l-esclavage-9793-680ba96f40882.jpg\",\"contentUrl\":\"https:\/\/www.librairieclavreuil.com\/wp-content\/uploads\/2025\/04\/adrien-jacques-follie-memoire-d-un-francois-qui-sort-de-l-esclavage-9793-680ba96f40882.jpg\",\"width\":622,\"height\":800},{\"@type\":\"BreadcrumbList\",\"@id\":\"https:\/\/www.librairieclavreuil.com\/en\/follie-adrien-jacques-memoire-dun-francois-qui-sort-de-lesclavage\/#breadcrumb\",\"itemListElement\":[{\"@type\":\"ListItem\",\"position\":1,\"name\":\"Accueil\",\"item\":\"https:\/\/www.librairieclavreuil.com\/\"},{\"@type\":\"ListItem\",\"position\":2,\"name\":\"All our books\",\"item\":\"https:\/\/www.librairieclavreuil.com\/en\/all-our-books\/\"},{\"@type\":\"ListItem\",\"position\":3,\"name\":\"FOLLIE Adrien Jacques M\u00e9moire d&rsquo;un francois qui sort...\"}]},{\"@type\":\"WebSite\",\"@id\":\"https:\/\/www.librairieclavreuil.com\/#website\",\"url\":\"https:\/\/www.librairieclavreuil.com\/\",\"name\":\"Libairie Clavreuil\",\"description\":\"Livres anciens, manuscrits rares et \u00e9ditions originales \u2013 Librairie Clavreuil\",\"publisher\":{\"@id\":\"https:\/\/www.librairieclavreuil.com\/#organization\"},\"potentialAction\":[{\"@type\":\"SearchAction\",\"target\":{\"@type\":\"EntryPoint\",\"urlTemplate\":\"https:\/\/www.librairieclavreuil.com\/?s={search_term_string}\"},\"query-input\":{\"@type\":\"PropertyValueSpecification\",\"valueRequired\":true,\"valueName\":\"search_term_string\"}}],\"inLanguage\":\"en-US\"},{\"@type\":\"Organization\",\"@id\":\"https:\/\/www.librairieclavreuil.com\/#organization\",\"name\":\"Libairie Clavreuil\",\"url\":\"https:\/\/www.librairieclavreuil.com\/\",\"logo\":{\"@type\":\"ImageObject\",\"inLanguage\":\"en-US\",\"@id\":\"https:\/\/www.librairieclavreuil.com\/#\/schema\/logo\/image\/\",\"url\":\"https:\/\/www.librairieclavreuil.com\/wp-content\/uploads\/2021\/06\/cropped-LOGO_PNG_DATE-_gold-512x512-1.png\",\"contentUrl\":\"https:\/\/www.librairieclavreuil.com\/wp-content\/uploads\/2021\/06\/cropped-LOGO_PNG_DATE-_gold-512x512-1.png\",\"width\":512,\"height\":512,\"caption\":\"Libairie Clavreuil\"},\"image\":{\"@id\":\"https:\/\/www.librairieclavreuil.com\/#\/schema\/logo\/image\/\"},\"sameAs\":[\"https:\/\/www.instagram.com\/librairieclavreuil\/\"]}]}<\/script>\n<!-- \/ Yoast SEO plugin. -->","yoast_head_json":{"title":"FOLLIE Adrien Jacques M\u00e9moire d'un francois qui sort de l'esclavage. - Libairie Clavreuil","robots":{"index":"index","follow":"follow","max-snippet":"max-snippet:-1","max-image-preview":"max-image-preview:large","max-video-preview":"max-video-preview:-1"},"canonical":"https:\/\/www.librairieclavreuil.com\/en\/follie-adrien-jacques-memoire-dun-francois-qui-sort-de-lesclavage\/","og_locale":"en_US","og_type":"article","og_title":"FOLLIE Adrien Jacques M\u00e9moire d'un francois qui sort de l'esclavage. - Libairie Clavreuil","og_description":"8vo (198 x 123 mm) 3 nn.ll., 95 pp. Veau marbr\u00e9, dos lisse orn\u00e9, tranches rouges (reliure de l'\u00e9poque).","og_url":"https:\/\/www.librairieclavreuil.com\/en\/follie-adrien-jacques-memoire-dun-francois-qui-sort-de-lesclavage\/","og_site_name":"Libairie Clavreuil","article_modified_time":"2025-04-25T15:26:02+00:00","og_image":[{"width":622,"height":800,"url":"https:\/\/www.librairieclavreuil.com\/wp-content\/uploads\/2025\/04\/adrien-jacques-follie-memoire-d-un-francois-qui-sort-de-l-esclavage-9793-680ba96f40882.jpg","type":"image\/jpeg"}],"twitter_card":"summary_large_image","twitter_misc":{"Est. reading time":"1 minute"},"schema":{"@context":"https:\/\/schema.org","@graph":[{"@type":"WebPage","@id":"https:\/\/www.librairieclavreuil.com\/en\/follie-adrien-jacques-memoire-dun-francois-qui-sort-de-lesclavage\/","url":"https:\/\/www.librairieclavreuil.com\/en\/follie-adrien-jacques-memoire-dun-francois-qui-sort-de-lesclavage\/","name":"FOLLIE Adrien Jacques M\u00e9moire d'un francois qui sort de l'esclavage. - Libairie Clavreuil","isPartOf":{"@id":"https:\/\/www.librairieclavreuil.com\/#website"},"primaryImageOfPage":{"@id":"https:\/\/www.librairieclavreuil.com\/en\/follie-adrien-jacques-memoire-dun-francois-qui-sort-de-lesclavage\/#primaryimage"},"image":{"@id":"https:\/\/www.librairieclavreuil.com\/en\/follie-adrien-jacques-memoire-dun-francois-qui-sort-de-lesclavage\/#primaryimage"},"thumbnailUrl":"https:\/\/www.librairieclavreuil.com\/wp-content\/uploads\/2025\/04\/adrien-jacques-follie-memoire-d-un-francois-qui-sort-de-l-esclavage-9793-680ba96f40882.jpg","datePublished":"2025-04-25T15:25:58+00:00","dateModified":"2025-04-25T15:26:02+00:00","breadcrumb":{"@id":"https:\/\/www.librairieclavreuil.com\/en\/follie-adrien-jacques-memoire-dun-francois-qui-sort-de-lesclavage\/#breadcrumb"},"inLanguage":"en-US","potentialAction":[{"@type":"ReadAction","target":["https:\/\/www.librairieclavreuil.com\/en\/follie-adrien-jacques-memoire-dun-francois-qui-sort-de-lesclavage\/"]}]},{"@type":"ImageObject","inLanguage":"en-US","@id":"https:\/\/www.librairieclavreuil.com\/en\/follie-adrien-jacques-memoire-dun-francois-qui-sort-de-lesclavage\/#primaryimage","url":"https:\/\/www.librairieclavreuil.com\/wp-content\/uploads\/2025\/04\/adrien-jacques-follie-memoire-d-un-francois-qui-sort-de-l-esclavage-9793-680ba96f40882.jpg","contentUrl":"https:\/\/www.librairieclavreuil.com\/wp-content\/uploads\/2025\/04\/adrien-jacques-follie-memoire-d-un-francois-qui-sort-de-l-esclavage-9793-680ba96f40882.jpg","width":622,"height":800},{"@type":"BreadcrumbList","@id":"https:\/\/www.librairieclavreuil.com\/en\/follie-adrien-jacques-memoire-dun-francois-qui-sort-de-lesclavage\/#breadcrumb","itemListElement":[{"@type":"ListItem","position":1,"name":"Accueil","item":"https:\/\/www.librairieclavreuil.com\/"},{"@type":"ListItem","position":2,"name":"All our books","item":"https:\/\/www.librairieclavreuil.com\/en\/all-our-books\/"},{"@type":"ListItem","position":3,"name":"FOLLIE Adrien Jacques M\u00e9moire d&rsquo;un francois qui sort..."}]},{"@type":"WebSite","@id":"https:\/\/www.librairieclavreuil.com\/#website","url":"https:\/\/www.librairieclavreuil.com\/","name":"Libairie Clavreuil","description":"Livres anciens, manuscrits rares et \u00e9ditions originales \u2013 Librairie Clavreuil","publisher":{"@id":"https:\/\/www.librairieclavreuil.com\/#organization"},"potentialAction":[{"@type":"SearchAction","target":{"@type":"EntryPoint","urlTemplate":"https:\/\/www.librairieclavreuil.com\/?s={search_term_string}"},"query-input":{"@type":"PropertyValueSpecification","valueRequired":true,"valueName":"search_term_string"}}],"inLanguage":"en-US"},{"@type":"Organization","@id":"https:\/\/www.librairieclavreuil.com\/#organization","name":"Libairie Clavreuil","url":"https:\/\/www.librairieclavreuil.com\/","logo":{"@type":"ImageObject","inLanguage":"en-US","@id":"https:\/\/www.librairieclavreuil.com\/#\/schema\/logo\/image\/","url":"https:\/\/www.librairieclavreuil.com\/wp-content\/uploads\/2021\/06\/cropped-LOGO_PNG_DATE-_gold-512x512-1.png","contentUrl":"https:\/\/www.librairieclavreuil.com\/wp-content\/uploads\/2021\/06\/cropped-LOGO_PNG_DATE-_gold-512x512-1.png","width":512,"height":512,"caption":"Libairie Clavreuil"},"image":{"@id":"https:\/\/www.librairieclavreuil.com\/#\/schema\/logo\/image\/"},"sameAs":["https:\/\/www.instagram.com\/librairieclavreuil\/"]}]}},"jetpack_sharing_enabled":true,"_links":{"self":[{"href":"https:\/\/www.librairieclavreuil.com\/en\/wp-json\/wp\/v2\/product\/86292","targetHints":{"allow":["GET"]}}],"collection":[{"href":"https:\/\/www.librairieclavreuil.com\/en\/wp-json\/wp\/v2\/product"}],"about":[{"href":"https:\/\/www.librairieclavreuil.com\/en\/wp-json\/wp\/v2\/types\/product"}],"replies":[{"embeddable":true,"href":"https:\/\/www.librairieclavreuil.com\/en\/wp-json\/wp\/v2\/comments?post=86292"}],"wp:featuredmedia":[{"embeddable":true,"href":"https:\/\/www.librairieclavreuil.com\/en\/wp-json\/wp\/v2\/media\/86285"}],"wp:attachment":[{"href":"https:\/\/www.librairieclavreuil.com\/en\/wp-json\/wp\/v2\/media?parent=86292"}],"wp:term":[{"taxonomy":"product_brand","embeddable":true,"href":"https:\/\/www.librairieclavreuil.com\/en\/wp-json\/wp\/v2\/product_brand?post=86292"},{"taxonomy":"product_cat","embeddable":true,"href":"https:\/\/www.librairieclavreuil.com\/en\/wp-json\/wp\/v2\/product_cat?post=86292"},{"taxonomy":"product_tag","embeddable":true,"href":"https:\/\/www.librairieclavreuil.com\/en\/wp-json\/wp\/v2\/product_tag?post=86292"}],"curies":[{"name":"wp","href":"https:\/\/api.w.org\/{rel}","templated":true}]}}