{"id":85359,"date":"2025-04-03T14:50:42","date_gmt":"2025-04-03T12:50:42","guid":{"rendered":"https:\/\/www.librairieclavreuil.com\/nodier-charles-melanges-de-litterature-et-de-critique\/"},"modified":"2025-10-03T18:00:58","modified_gmt":"2025-10-03T16:00:58","slug":"nodier-charles-melanges-de-litterature-et-de-critique","status":"publish","type":"product","link":"https:\/\/www.librairieclavreuil.com\/en\/nodier-charles-melanges-de-litterature-et-de-critique\/","title":{"rendered":"NODIER Charles M\u00e9langes de litt\u00e9rature et de critique."},"content":{"rendered":"<p style=\"text-align:justify\"><i>Clouzot, 226 ; Qu\u00e9rard, VI, 426-427 ; Vicaire, VI, 99.<\/i><\/p>\n<p style=\"text-align:justify\">First edition.<\/p>\n<p style=\"text-align:justify\">These volumes contain the various articles, reviews and other criticics that Nodier (Besan\u00e7on 1780 &#8211; Paris 1844) wrote in different newspapers. This collection reflects the Romantic spirit that flourished in the 1820s. Many of Nodier&#8217;s works are notable for their romantic themes tinged with folklore and fantasy. Examples include<i> Le peintre de Salzbourg<\/i> (1803), <i>Jean Sbogar<\/i> (1818) and <i>Le Vampire, m\u00e9lodrame<\/i>&nbsp;(1820). Like other writers of his time, he was fascinated by the figure of the vampire, which he used several times in his works and of which he also wrote a critical history.<\/p>\n<p style=\"text-align:justify\">In fact, Nodier not only expressed this fantastic vein in his stories, he also built up a solid study of the literature of his time. An entire article on Slavonic literature is reproduced in the <i>M\u00e9langes<\/i> (volume II, pp.353-371).<\/p>\n<p style=\"text-align:justify\">This was an opportunity for Nodier to discuss Macpherson&#8217;s deception with <i>Ossian<\/i> and to contrast it with Illyrian literature: \u2018all impressions are profound, and all pleasures are true\u2019.<\/p>\n<p style=\"text-align:justify\">These two volumes were not subsequently included in Nodier&#8217;s complete works.<\/p>\n<p style=\"text-align:justify\">A magnificent copy, the boards of which are decorated with the cipher of Am\u00e9lie de Leuchtenberg (1812 -1873) princess of Leuchtenberg then empress of Brazil and duchess of Bragance.<\/p>\n","protected":false},"excerpt":{"rendered":"<p>2 volumes, 8vo (195 x 120 mm) VIII, 452 pp. for volume I; 2 nn.ll. (half-title, title), 440 pp. for volume II. Contemporary half-calf with leather corners, central crowned &#8216;EA&#8217; cipher, flat spine gilt.<\/p>\n","protected":false},"featured_media":85354,"comment_status":"open","ping_status":"closed","template":"","meta":{"_acf_changed":false},"product_brand":[],"product_cat":[544],"product_tag":[598,1267,1450],"class_list":{"0":"post-85359","1":"product","2":"type-product","3":"status-publish","4":"has-post-thumbnail","6":"product_cat-literature","7":"product_tag-19th-century-literature","8":"product_tag-binding","9":"product_tag-first-edition","10":"pa_auteur-nodier-charles-2","12":"first","13":"outofstock","14":"shipping-taxable","15":"purchasable","16":"product-type-simple"},"acf":{"artist":" Charles NODIER","chapeau":"The copy of Am\u00e9lie Eug\u00e9nie Napol\u00e9one of Leuchtenberg, Empress of Brazil","adresse_bibliographique":"Paris, Raymond, 1820","book_type":"","provenance":"","afficher_prix":""},"yoast_head":"<!-- This site is optimized with the Yoast SEO plugin v24.7 - https:\/\/yoast.com\/wordpress\/plugins\/seo\/ -->\n<title>NODIER Charles M\u00e9langes de litt\u00e9rature et de critique. - Libairie Clavreuil<\/title>\n<meta name=\"robots\" content=\"index, follow, max-snippet:-1, max-image-preview:large, max-video-preview:-1\" \/>\n<link rel=\"canonical\" href=\"https:\/\/www.librairieclavreuil.com\/en\/nodier-charles-melanges-de-litterature-et-de-critique\/\" \/>\n<meta property=\"og:locale\" content=\"en_US\" \/>\n<meta property=\"og:type\" content=\"article\" \/>\n<meta property=\"og:title\" content=\"NODIER Charles M\u00e9langes de litt\u00e9rature et de critique. - Libairie Clavreuil\" \/>\n<meta property=\"og:description\" content=\"2 volumes, 8vo (195 x 120 mm) VIII, 452 pp. for volume I; 2 nn.ll. (half-title, title), 440 pp. for volume II. Contemporary half-calf with leather corners, central crowned &#039;EA&#039; cipher, flat spine gilt.\" \/>\n<meta property=\"og:url\" content=\"https:\/\/www.librairieclavreuil.com\/en\/nodier-charles-melanges-de-litterature-et-de-critique\/\" \/>\n<meta property=\"og:site_name\" content=\"Libairie Clavreuil\" \/>\n<meta property=\"article:modified_time\" content=\"2025-10-03T16:00:58+00:00\" \/>\n<meta property=\"og:image\" content=\"https:\/\/www.librairieclavreuil.com\/wp-content\/uploads\/2025\/04\/charles-nodier-melanges-de-litterature-et-de-critique-8418-662fb08e95c97.jpg\" \/>\n\t<meta property=\"og:image:width\" content=\"556\" \/>\n\t<meta property=\"og:image:height\" content=\"800\" \/>\n\t<meta property=\"og:image:type\" content=\"image\/jpeg\" \/>\n<meta name=\"twitter:card\" content=\"summary_large_image\" \/>\n<meta name=\"twitter:label1\" content=\"Est. reading time\" \/>\n\t<meta name=\"twitter:data1\" content=\"1 minute\" \/>\n<script type=\"application\/ld+json\" class=\"yoast-schema-graph\">{\"@context\":\"https:\/\/schema.org\",\"@graph\":[{\"@type\":\"WebPage\",\"@id\":\"https:\/\/www.librairieclavreuil.com\/en\/nodier-charles-melanges-de-litterature-et-de-critique\/\",\"url\":\"https:\/\/www.librairieclavreuil.com\/en\/nodier-charles-melanges-de-litterature-et-de-critique\/\",\"name\":\"NODIER Charles M\u00e9langes de litt\u00e9rature et de critique. - Libairie Clavreuil\",\"isPartOf\":{\"@id\":\"https:\/\/www.librairieclavreuil.com\/#website\"},\"primaryImageOfPage\":{\"@id\":\"https:\/\/www.librairieclavreuil.com\/en\/nodier-charles-melanges-de-litterature-et-de-critique\/#primaryimage\"},\"image\":{\"@id\":\"https:\/\/www.librairieclavreuil.com\/en\/nodier-charles-melanges-de-litterature-et-de-critique\/#primaryimage\"},\"thumbnailUrl\":\"https:\/\/www.librairieclavreuil.com\/wp-content\/uploads\/2025\/04\/charles-nodier-melanges-de-litterature-et-de-critique-8418-662fb08e95c97.jpg\",\"datePublished\":\"2025-04-03T12:50:42+00:00\",\"dateModified\":\"2025-10-03T16:00:58+00:00\",\"breadcrumb\":{\"@id\":\"https:\/\/www.librairieclavreuil.com\/en\/nodier-charles-melanges-de-litterature-et-de-critique\/#breadcrumb\"},\"inLanguage\":\"en-US\",\"potentialAction\":[{\"@type\":\"ReadAction\",\"target\":[\"https:\/\/www.librairieclavreuil.com\/en\/nodier-charles-melanges-de-litterature-et-de-critique\/\"]}]},{\"@type\":\"ImageObject\",\"inLanguage\":\"en-US\",\"@id\":\"https:\/\/www.librairieclavreuil.com\/en\/nodier-charles-melanges-de-litterature-et-de-critique\/#primaryimage\",\"url\":\"https:\/\/www.librairieclavreuil.com\/wp-content\/uploads\/2025\/04\/charles-nodier-melanges-de-litterature-et-de-critique-8418-662fb08e95c97.jpg\",\"contentUrl\":\"https:\/\/www.librairieclavreuil.com\/wp-content\/uploads\/2025\/04\/charles-nodier-melanges-de-litterature-et-de-critique-8418-662fb08e95c97.jpg\",\"width\":556,\"height\":800},{\"@type\":\"BreadcrumbList\",\"@id\":\"https:\/\/www.librairieclavreuil.com\/en\/nodier-charles-melanges-de-litterature-et-de-critique\/#breadcrumb\",\"itemListElement\":[{\"@type\":\"ListItem\",\"position\":1,\"name\":\"Accueil\",\"item\":\"https:\/\/www.librairieclavreuil.com\/\"},{\"@type\":\"ListItem\",\"position\":2,\"name\":\"All our books\",\"item\":\"https:\/\/www.librairieclavreuil.com\/en\/all-our-books\/\"},{\"@type\":\"ListItem\",\"position\":3,\"name\":\"NODIER Charles M\u00e9langes de litt\u00e9rature et de critique.\"}]},{\"@type\":\"WebSite\",\"@id\":\"https:\/\/www.librairieclavreuil.com\/#website\",\"url\":\"https:\/\/www.librairieclavreuil.com\/\",\"name\":\"Libairie Clavreuil\",\"description\":\"Livres anciens, manuscrits rares et \u00e9ditions originales \u2013 Librairie Clavreuil\",\"publisher\":{\"@id\":\"https:\/\/www.librairieclavreuil.com\/#organization\"},\"potentialAction\":[{\"@type\":\"SearchAction\",\"target\":{\"@type\":\"EntryPoint\",\"urlTemplate\":\"https:\/\/www.librairieclavreuil.com\/?s={search_term_string}\"},\"query-input\":{\"@type\":\"PropertyValueSpecification\",\"valueRequired\":true,\"valueName\":\"search_term_string\"}}],\"inLanguage\":\"en-US\"},{\"@type\":\"Organization\",\"@id\":\"https:\/\/www.librairieclavreuil.com\/#organization\",\"name\":\"Libairie Clavreuil\",\"url\":\"https:\/\/www.librairieclavreuil.com\/\",\"logo\":{\"@type\":\"ImageObject\",\"inLanguage\":\"en-US\",\"@id\":\"https:\/\/www.librairieclavreuil.com\/#\/schema\/logo\/image\/\",\"url\":\"https:\/\/www.librairieclavreuil.com\/wp-content\/uploads\/2021\/06\/cropped-LOGO_PNG_DATE-_gold-512x512-1.png\",\"contentUrl\":\"https:\/\/www.librairieclavreuil.com\/wp-content\/uploads\/2021\/06\/cropped-LOGO_PNG_DATE-_gold-512x512-1.png\",\"width\":512,\"height\":512,\"caption\":\"Libairie Clavreuil\"},\"image\":{\"@id\":\"https:\/\/www.librairieclavreuil.com\/#\/schema\/logo\/image\/\"},\"sameAs\":[\"https:\/\/www.instagram.com\/librairieclavreuil\/\"]}]}<\/script>\n<!-- \/ Yoast SEO plugin. -->","yoast_head_json":{"title":"NODIER Charles M\u00e9langes de litt\u00e9rature et de critique. - Libairie Clavreuil","robots":{"index":"index","follow":"follow","max-snippet":"max-snippet:-1","max-image-preview":"max-image-preview:large","max-video-preview":"max-video-preview:-1"},"canonical":"https:\/\/www.librairieclavreuil.com\/en\/nodier-charles-melanges-de-litterature-et-de-critique\/","og_locale":"en_US","og_type":"article","og_title":"NODIER Charles M\u00e9langes de litt\u00e9rature et de critique. - Libairie Clavreuil","og_description":"2 volumes, 8vo (195 x 120 mm) VIII, 452 pp. for volume I; 2 nn.ll. (half-title, title), 440 pp. for volume II. Contemporary half-calf with leather corners, central crowned 'EA' cipher, flat spine gilt.","og_url":"https:\/\/www.librairieclavreuil.com\/en\/nodier-charles-melanges-de-litterature-et-de-critique\/","og_site_name":"Libairie Clavreuil","article_modified_time":"2025-10-03T16:00:58+00:00","og_image":[{"width":556,"height":800,"url":"https:\/\/www.librairieclavreuil.com\/wp-content\/uploads\/2025\/04\/charles-nodier-melanges-de-litterature-et-de-critique-8418-662fb08e95c97.jpg","type":"image\/jpeg"}],"twitter_card":"summary_large_image","twitter_misc":{"Est. reading time":"1 minute"},"schema":{"@context":"https:\/\/schema.org","@graph":[{"@type":"WebPage","@id":"https:\/\/www.librairieclavreuil.com\/en\/nodier-charles-melanges-de-litterature-et-de-critique\/","url":"https:\/\/www.librairieclavreuil.com\/en\/nodier-charles-melanges-de-litterature-et-de-critique\/","name":"NODIER Charles M\u00e9langes de litt\u00e9rature et de critique. - Libairie Clavreuil","isPartOf":{"@id":"https:\/\/www.librairieclavreuil.com\/#website"},"primaryImageOfPage":{"@id":"https:\/\/www.librairieclavreuil.com\/en\/nodier-charles-melanges-de-litterature-et-de-critique\/#primaryimage"},"image":{"@id":"https:\/\/www.librairieclavreuil.com\/en\/nodier-charles-melanges-de-litterature-et-de-critique\/#primaryimage"},"thumbnailUrl":"https:\/\/www.librairieclavreuil.com\/wp-content\/uploads\/2025\/04\/charles-nodier-melanges-de-litterature-et-de-critique-8418-662fb08e95c97.jpg","datePublished":"2025-04-03T12:50:42+00:00","dateModified":"2025-10-03T16:00:58+00:00","breadcrumb":{"@id":"https:\/\/www.librairieclavreuil.com\/en\/nodier-charles-melanges-de-litterature-et-de-critique\/#breadcrumb"},"inLanguage":"en-US","potentialAction":[{"@type":"ReadAction","target":["https:\/\/www.librairieclavreuil.com\/en\/nodier-charles-melanges-de-litterature-et-de-critique\/"]}]},{"@type":"ImageObject","inLanguage":"en-US","@id":"https:\/\/www.librairieclavreuil.com\/en\/nodier-charles-melanges-de-litterature-et-de-critique\/#primaryimage","url":"https:\/\/www.librairieclavreuil.com\/wp-content\/uploads\/2025\/04\/charles-nodier-melanges-de-litterature-et-de-critique-8418-662fb08e95c97.jpg","contentUrl":"https:\/\/www.librairieclavreuil.com\/wp-content\/uploads\/2025\/04\/charles-nodier-melanges-de-litterature-et-de-critique-8418-662fb08e95c97.jpg","width":556,"height":800},{"@type":"BreadcrumbList","@id":"https:\/\/www.librairieclavreuil.com\/en\/nodier-charles-melanges-de-litterature-et-de-critique\/#breadcrumb","itemListElement":[{"@type":"ListItem","position":1,"name":"Accueil","item":"https:\/\/www.librairieclavreuil.com\/"},{"@type":"ListItem","position":2,"name":"All our books","item":"https:\/\/www.librairieclavreuil.com\/en\/all-our-books\/"},{"@type":"ListItem","position":3,"name":"NODIER Charles M\u00e9langes de litt\u00e9rature et de critique."}]},{"@type":"WebSite","@id":"https:\/\/www.librairieclavreuil.com\/#website","url":"https:\/\/www.librairieclavreuil.com\/","name":"Libairie Clavreuil","description":"Livres anciens, manuscrits rares et \u00e9ditions originales \u2013 Librairie Clavreuil","publisher":{"@id":"https:\/\/www.librairieclavreuil.com\/#organization"},"potentialAction":[{"@type":"SearchAction","target":{"@type":"EntryPoint","urlTemplate":"https:\/\/www.librairieclavreuil.com\/?s={search_term_string}"},"query-input":{"@type":"PropertyValueSpecification","valueRequired":true,"valueName":"search_term_string"}}],"inLanguage":"en-US"},{"@type":"Organization","@id":"https:\/\/www.librairieclavreuil.com\/#organization","name":"Libairie Clavreuil","url":"https:\/\/www.librairieclavreuil.com\/","logo":{"@type":"ImageObject","inLanguage":"en-US","@id":"https:\/\/www.librairieclavreuil.com\/#\/schema\/logo\/image\/","url":"https:\/\/www.librairieclavreuil.com\/wp-content\/uploads\/2021\/06\/cropped-LOGO_PNG_DATE-_gold-512x512-1.png","contentUrl":"https:\/\/www.librairieclavreuil.com\/wp-content\/uploads\/2021\/06\/cropped-LOGO_PNG_DATE-_gold-512x512-1.png","width":512,"height":512,"caption":"Libairie Clavreuil"},"image":{"@id":"https:\/\/www.librairieclavreuil.com\/#\/schema\/logo\/image\/"},"sameAs":["https:\/\/www.instagram.com\/librairieclavreuil\/"]}]}},"jetpack_sharing_enabled":true,"_links":{"self":[{"href":"https:\/\/www.librairieclavreuil.com\/en\/wp-json\/wp\/v2\/product\/85359","targetHints":{"allow":["GET"]}}],"collection":[{"href":"https:\/\/www.librairieclavreuil.com\/en\/wp-json\/wp\/v2\/product"}],"about":[{"href":"https:\/\/www.librairieclavreuil.com\/en\/wp-json\/wp\/v2\/types\/product"}],"replies":[{"embeddable":true,"href":"https:\/\/www.librairieclavreuil.com\/en\/wp-json\/wp\/v2\/comments?post=85359"}],"wp:featuredmedia":[{"embeddable":true,"href":"https:\/\/www.librairieclavreuil.com\/en\/wp-json\/wp\/v2\/media\/85354"}],"wp:attachment":[{"href":"https:\/\/www.librairieclavreuil.com\/en\/wp-json\/wp\/v2\/media?parent=85359"}],"wp:term":[{"taxonomy":"product_brand","embeddable":true,"href":"https:\/\/www.librairieclavreuil.com\/en\/wp-json\/wp\/v2\/product_brand?post=85359"},{"taxonomy":"product_cat","embeddable":true,"href":"https:\/\/www.librairieclavreuil.com\/en\/wp-json\/wp\/v2\/product_cat?post=85359"},{"taxonomy":"product_tag","embeddable":true,"href":"https:\/\/www.librairieclavreuil.com\/en\/wp-json\/wp\/v2\/product_tag?post=85359"}],"curies":[{"name":"wp","href":"https:\/\/api.w.org\/{rel}","templated":true}]}}