{"id":85267,"date":"2025-04-02T19:13:42","date_gmt":"2025-04-02T17:13:42","guid":{"rendered":"https:\/\/www.librairieclavreuil.com\/belon-pierre-de-aquatilibus-libri-duo-cum-eiconibus-ad-vivam-ipsorum-effigiem\/"},"modified":"2025-04-08T11:10:11","modified_gmt":"2025-04-08T09:10:11","slug":"belon-pierre-de-aquatilibus-libri-duo-cum-eiconibus-ad-vivam-ipsorum-effigiem","status":"publish","type":"product","link":"https:\/\/www.librairieclavreuil.com\/en\/belon-pierre-de-aquatilibus-libri-duo-cum-eiconibus-ad-vivam-ipsorum-effigiem\/","title":{"rendered":"BELON Pierre De Aquatilibus, libri duo. Cum eiconibus..."},"content":{"rendered":"<p><i>Adams, B-554; Nissen, FB, 13; Nissen, ZBI, 302; Renouard, Estienne, p. 104:6; Boudou-Kecskemeti, La France des Humanistes, p. 40-410.<\/i><\/p>\n<p><span style=\"font-variant:small-caps\">First edition of this lovely book illustrated with 187 woodcuts. The preface is by Charles Estienne.<\/span><\/p>\n<p>Pierre Belon (1517-1564) began his career as an apothecary working for such important figures as Ren\u00e9 du Bellay, bishop of Le Mans, Guillaume du Prat, archbishop of Lyon and Fran\u00e7ois II de Tournon, which enabled him to devote himself to scientific research. After studying botany with Valerius Cordus in Wittenberg, in 1538 he took charge of the garden at the manor of Touvoie (Indre-et-Loire), considered to be one of the first botanical gardens in France.<\/p>\n<p><span style=\"font-variant:small-caps\">Journey to the Levant<\/span><\/p>\n<p>Belon was chosen to accompany the two ambassadors of Fran\u00e7ois I to Soliman I the Magnificent. During this journey, which can be classified as one of the first naturalist journeys in history, he travelled to the Levant from 1546 to 1549.<\/p>\n<p>During this trip, the scientist gathered a great deal of scientific information on natural history, archaeology and the customs of the inhabitants. On his return to France in 1549, Belon began to write books containing his scientific research.<\/p>\n<p>This fine edition, printed by Charles Estiennne, also contains a preface by this famous printer in which he praises the scientist: &#8220;Pierre Belon m&#8217;a montr\u00e9 les merveilles de la mer qu&#8217;il a rassembl\u00e9es sou forme d&#8217;images en Asie, en Afrique et en Europe. Je c\u00e8de \u00e0 son d\u00e9sir de partager son exp\u00e9rience avec tout le monde (freely translated from Latin by Boudou-Kecskemeti).<\/p>\n<p>This charming small-format work by Belon on fish and other aquatic animals (including certain reptiles and amphibians) is the result of his personal observations during his travels in Europe. The captions to the 187 woodcut illustrations give the names in different languages and dialects, depending on the region of Europe where the fish and animals are found.<\/p>\n<p>&#8220;Englobant tous les animaux marins dans le terme de &#8216;poisson&#8217;, il \u00e9tablit des principes de nomenclature et tente, mieux que Rondelet, un embryon de classification par des observations : cartilage ou squelette osseux, ovipare ou vivipare&#8221; (Boudou-Kecskemeti, p. 474).<\/p>\n<p>There are also descriptions of some very rare species of Mediterranean fish, such as the gymnote, as well as some fantastic animals, including a spectacular fish looking like a monk.<\/p>\n<p>Occasional small stains.<\/p>\n","protected":false},"excerpt":{"rendered":"<p style=\"text-align:justify\">Oblong 8vo (113 x 165 mm) 16 nn.ll. ff.n.ch., 448 pp. Contemporary flexible vellum (occasinoal stains).<\/p>\n","protected":false},"featured_media":85246,"comment_status":"open","ping_status":"closed","template":"","meta":{"_acf_changed":false},"product_brand":[],"product_cat":[540],"product_tag":[1450,1350,3301],"class_list":{"0":"post-85267","1":"product","2":"type-product","3":"status-publish","4":"has-post-thumbnail","6":"product_cat-natural-history","7":"product_tag-first-edition","8":"product_tag-fish-cetaceans","9":"product_tag-natural-science","10":"pa_auteur-belon-pierre-2","11":"pa_type-de-livre-printed-book","13":"first","14":"instock","15":"shipping-taxable","16":"purchasable","17":"product-type-simple"},"acf":{"artist":" Pierre BELON","chapeau":"Bound in contemporary flexible vellum","adresse_bibliographique":"Paris, Carolum Stephanum [Charles Estienne], 1553","book_type":"Printed book","provenance":"","afficher_prix":""},"yoast_head":"<!-- This site is optimized with the Yoast SEO plugin v24.7 - https:\/\/yoast.com\/wordpress\/plugins\/seo\/ -->\n<title>BELON Pierre De Aquatilibus, libri duo. Cum eiconibus ad vivam ipsorum effigiem. - Libairie Clavreuil<\/title>\n<meta name=\"robots\" content=\"index, follow, max-snippet:-1, max-image-preview:large, max-video-preview:-1\" \/>\n<link rel=\"canonical\" href=\"https:\/\/www.librairieclavreuil.com\/en\/belon-pierre-de-aquatilibus-libri-duo-cum-eiconibus-ad-vivam-ipsorum-effigiem\/\" \/>\n<meta property=\"og:locale\" content=\"en_US\" \/>\n<meta property=\"og:type\" content=\"article\" \/>\n<meta property=\"og:title\" content=\"BELON Pierre De Aquatilibus, libri duo. Cum eiconibus ad vivam ipsorum effigiem. - Libairie Clavreuil\" \/>\n<meta property=\"og:description\" content=\"Oblong 8vo (113 x 165 mm) 16 nn.ll. ff.n.ch., 448 pp. Contemporary flexible vellum (occasinoal stains).\" \/>\n<meta property=\"og:url\" content=\"https:\/\/www.librairieclavreuil.com\/en\/belon-pierre-de-aquatilibus-libri-duo-cum-eiconibus-ad-vivam-ipsorum-effigiem\/\" \/>\n<meta property=\"og:site_name\" content=\"Libairie Clavreuil\" \/>\n<meta property=\"article:modified_time\" content=\"2025-04-08T09:10:11+00:00\" \/>\n<meta property=\"og:image\" content=\"https:\/\/www.librairieclavreuil.com\/wp-content\/uploads\/2025\/04\/pierre-belon-de-aquatilibus-libri-duo-cum-eiconibus-ad-vivam-ipsorum-effigiem-4327-67ebf8390e26d.jpg\" \/>\n\t<meta property=\"og:image:width\" content=\"800\" \/>\n\t<meta property=\"og:image:height\" content=\"622\" \/>\n\t<meta property=\"og:image:type\" content=\"image\/jpeg\" \/>\n<meta name=\"twitter:card\" content=\"summary_large_image\" \/>\n<meta name=\"twitter:label1\" content=\"Est. reading time\" \/>\n\t<meta name=\"twitter:data1\" content=\"2 minutes\" \/>\n<script type=\"application\/ld+json\" class=\"yoast-schema-graph\">{\"@context\":\"https:\/\/schema.org\",\"@graph\":[{\"@type\":\"WebPage\",\"@id\":\"https:\/\/www.librairieclavreuil.com\/en\/belon-pierre-de-aquatilibus-libri-duo-cum-eiconibus-ad-vivam-ipsorum-effigiem\/\",\"url\":\"https:\/\/www.librairieclavreuil.com\/en\/belon-pierre-de-aquatilibus-libri-duo-cum-eiconibus-ad-vivam-ipsorum-effigiem\/\",\"name\":\"BELON Pierre De Aquatilibus, libri duo. Cum eiconibus ad vivam ipsorum effigiem. - Libairie Clavreuil\",\"isPartOf\":{\"@id\":\"https:\/\/www.librairieclavreuil.com\/#website\"},\"primaryImageOfPage\":{\"@id\":\"https:\/\/www.librairieclavreuil.com\/en\/belon-pierre-de-aquatilibus-libri-duo-cum-eiconibus-ad-vivam-ipsorum-effigiem\/#primaryimage\"},\"image\":{\"@id\":\"https:\/\/www.librairieclavreuil.com\/en\/belon-pierre-de-aquatilibus-libri-duo-cum-eiconibus-ad-vivam-ipsorum-effigiem\/#primaryimage\"},\"thumbnailUrl\":\"https:\/\/www.librairieclavreuil.com\/wp-content\/uploads\/2025\/04\/pierre-belon-de-aquatilibus-libri-duo-cum-eiconibus-ad-vivam-ipsorum-effigiem-4327-67ebf8390e26d.jpg\",\"datePublished\":\"2025-04-02T17:13:42+00:00\",\"dateModified\":\"2025-04-08T09:10:11+00:00\",\"breadcrumb\":{\"@id\":\"https:\/\/www.librairieclavreuil.com\/en\/belon-pierre-de-aquatilibus-libri-duo-cum-eiconibus-ad-vivam-ipsorum-effigiem\/#breadcrumb\"},\"inLanguage\":\"en-US\",\"potentialAction\":[{\"@type\":\"ReadAction\",\"target\":[\"https:\/\/www.librairieclavreuil.com\/en\/belon-pierre-de-aquatilibus-libri-duo-cum-eiconibus-ad-vivam-ipsorum-effigiem\/\"]}]},{\"@type\":\"ImageObject\",\"inLanguage\":\"en-US\",\"@id\":\"https:\/\/www.librairieclavreuil.com\/en\/belon-pierre-de-aquatilibus-libri-duo-cum-eiconibus-ad-vivam-ipsorum-effigiem\/#primaryimage\",\"url\":\"https:\/\/www.librairieclavreuil.com\/wp-content\/uploads\/2025\/04\/pierre-belon-de-aquatilibus-libri-duo-cum-eiconibus-ad-vivam-ipsorum-effigiem-4327-67ebf8390e26d.jpg\",\"contentUrl\":\"https:\/\/www.librairieclavreuil.com\/wp-content\/uploads\/2025\/04\/pierre-belon-de-aquatilibus-libri-duo-cum-eiconibus-ad-vivam-ipsorum-effigiem-4327-67ebf8390e26d.jpg\",\"width\":800,\"height\":622},{\"@type\":\"BreadcrumbList\",\"@id\":\"https:\/\/www.librairieclavreuil.com\/en\/belon-pierre-de-aquatilibus-libri-duo-cum-eiconibus-ad-vivam-ipsorum-effigiem\/#breadcrumb\",\"itemListElement\":[{\"@type\":\"ListItem\",\"position\":1,\"name\":\"Accueil\",\"item\":\"https:\/\/www.librairieclavreuil.com\/\"},{\"@type\":\"ListItem\",\"position\":2,\"name\":\"All our books\",\"item\":\"https:\/\/www.librairieclavreuil.com\/en\/all-our-books\/\"},{\"@type\":\"ListItem\",\"position\":3,\"name\":\"BELON Pierre De Aquatilibus, libri duo. Cum eiconibus...\"}]},{\"@type\":\"WebSite\",\"@id\":\"https:\/\/www.librairieclavreuil.com\/#website\",\"url\":\"https:\/\/www.librairieclavreuil.com\/\",\"name\":\"Libairie Clavreuil\",\"description\":\"Livres anciens, manuscrits rares et \u00e9ditions originales \u2013 Librairie Clavreuil\",\"publisher\":{\"@id\":\"https:\/\/www.librairieclavreuil.com\/#organization\"},\"potentialAction\":[{\"@type\":\"SearchAction\",\"target\":{\"@type\":\"EntryPoint\",\"urlTemplate\":\"https:\/\/www.librairieclavreuil.com\/?s={search_term_string}\"},\"query-input\":{\"@type\":\"PropertyValueSpecification\",\"valueRequired\":true,\"valueName\":\"search_term_string\"}}],\"inLanguage\":\"en-US\"},{\"@type\":\"Organization\",\"@id\":\"https:\/\/www.librairieclavreuil.com\/#organization\",\"name\":\"Libairie Clavreuil\",\"url\":\"https:\/\/www.librairieclavreuil.com\/\",\"logo\":{\"@type\":\"ImageObject\",\"inLanguage\":\"en-US\",\"@id\":\"https:\/\/www.librairieclavreuil.com\/#\/schema\/logo\/image\/\",\"url\":\"https:\/\/www.librairieclavreuil.com\/wp-content\/uploads\/2021\/06\/cropped-LOGO_PNG_DATE-_gold-512x512-1.png\",\"contentUrl\":\"https:\/\/www.librairieclavreuil.com\/wp-content\/uploads\/2021\/06\/cropped-LOGO_PNG_DATE-_gold-512x512-1.png\",\"width\":512,\"height\":512,\"caption\":\"Libairie Clavreuil\"},\"image\":{\"@id\":\"https:\/\/www.librairieclavreuil.com\/#\/schema\/logo\/image\/\"},\"sameAs\":[\"https:\/\/www.instagram.com\/librairieclavreuil\/\"]}]}<\/script>\n<!-- \/ Yoast SEO plugin. -->","yoast_head_json":{"title":"BELON Pierre De Aquatilibus, libri duo. Cum eiconibus ad vivam ipsorum effigiem. - Libairie Clavreuil","robots":{"index":"index","follow":"follow","max-snippet":"max-snippet:-1","max-image-preview":"max-image-preview:large","max-video-preview":"max-video-preview:-1"},"canonical":"https:\/\/www.librairieclavreuil.com\/en\/belon-pierre-de-aquatilibus-libri-duo-cum-eiconibus-ad-vivam-ipsorum-effigiem\/","og_locale":"en_US","og_type":"article","og_title":"BELON Pierre De Aquatilibus, libri duo. Cum eiconibus ad vivam ipsorum effigiem. - Libairie Clavreuil","og_description":"Oblong 8vo (113 x 165 mm) 16 nn.ll. ff.n.ch., 448 pp. Contemporary flexible vellum (occasinoal stains).","og_url":"https:\/\/www.librairieclavreuil.com\/en\/belon-pierre-de-aquatilibus-libri-duo-cum-eiconibus-ad-vivam-ipsorum-effigiem\/","og_site_name":"Libairie Clavreuil","article_modified_time":"2025-04-08T09:10:11+00:00","og_image":[{"width":800,"height":622,"url":"https:\/\/www.librairieclavreuil.com\/wp-content\/uploads\/2025\/04\/pierre-belon-de-aquatilibus-libri-duo-cum-eiconibus-ad-vivam-ipsorum-effigiem-4327-67ebf8390e26d.jpg","type":"image\/jpeg"}],"twitter_card":"summary_large_image","twitter_misc":{"Est. reading time":"2 minutes"},"schema":{"@context":"https:\/\/schema.org","@graph":[{"@type":"WebPage","@id":"https:\/\/www.librairieclavreuil.com\/en\/belon-pierre-de-aquatilibus-libri-duo-cum-eiconibus-ad-vivam-ipsorum-effigiem\/","url":"https:\/\/www.librairieclavreuil.com\/en\/belon-pierre-de-aquatilibus-libri-duo-cum-eiconibus-ad-vivam-ipsorum-effigiem\/","name":"BELON Pierre De Aquatilibus, libri duo. Cum eiconibus ad vivam ipsorum effigiem. - Libairie Clavreuil","isPartOf":{"@id":"https:\/\/www.librairieclavreuil.com\/#website"},"primaryImageOfPage":{"@id":"https:\/\/www.librairieclavreuil.com\/en\/belon-pierre-de-aquatilibus-libri-duo-cum-eiconibus-ad-vivam-ipsorum-effigiem\/#primaryimage"},"image":{"@id":"https:\/\/www.librairieclavreuil.com\/en\/belon-pierre-de-aquatilibus-libri-duo-cum-eiconibus-ad-vivam-ipsorum-effigiem\/#primaryimage"},"thumbnailUrl":"https:\/\/www.librairieclavreuil.com\/wp-content\/uploads\/2025\/04\/pierre-belon-de-aquatilibus-libri-duo-cum-eiconibus-ad-vivam-ipsorum-effigiem-4327-67ebf8390e26d.jpg","datePublished":"2025-04-02T17:13:42+00:00","dateModified":"2025-04-08T09:10:11+00:00","breadcrumb":{"@id":"https:\/\/www.librairieclavreuil.com\/en\/belon-pierre-de-aquatilibus-libri-duo-cum-eiconibus-ad-vivam-ipsorum-effigiem\/#breadcrumb"},"inLanguage":"en-US","potentialAction":[{"@type":"ReadAction","target":["https:\/\/www.librairieclavreuil.com\/en\/belon-pierre-de-aquatilibus-libri-duo-cum-eiconibus-ad-vivam-ipsorum-effigiem\/"]}]},{"@type":"ImageObject","inLanguage":"en-US","@id":"https:\/\/www.librairieclavreuil.com\/en\/belon-pierre-de-aquatilibus-libri-duo-cum-eiconibus-ad-vivam-ipsorum-effigiem\/#primaryimage","url":"https:\/\/www.librairieclavreuil.com\/wp-content\/uploads\/2025\/04\/pierre-belon-de-aquatilibus-libri-duo-cum-eiconibus-ad-vivam-ipsorum-effigiem-4327-67ebf8390e26d.jpg","contentUrl":"https:\/\/www.librairieclavreuil.com\/wp-content\/uploads\/2025\/04\/pierre-belon-de-aquatilibus-libri-duo-cum-eiconibus-ad-vivam-ipsorum-effigiem-4327-67ebf8390e26d.jpg","width":800,"height":622},{"@type":"BreadcrumbList","@id":"https:\/\/www.librairieclavreuil.com\/en\/belon-pierre-de-aquatilibus-libri-duo-cum-eiconibus-ad-vivam-ipsorum-effigiem\/#breadcrumb","itemListElement":[{"@type":"ListItem","position":1,"name":"Accueil","item":"https:\/\/www.librairieclavreuil.com\/"},{"@type":"ListItem","position":2,"name":"All our books","item":"https:\/\/www.librairieclavreuil.com\/en\/all-our-books\/"},{"@type":"ListItem","position":3,"name":"BELON Pierre De Aquatilibus, libri duo. Cum eiconibus..."}]},{"@type":"WebSite","@id":"https:\/\/www.librairieclavreuil.com\/#website","url":"https:\/\/www.librairieclavreuil.com\/","name":"Libairie Clavreuil","description":"Livres anciens, manuscrits rares et \u00e9ditions originales \u2013 Librairie Clavreuil","publisher":{"@id":"https:\/\/www.librairieclavreuil.com\/#organization"},"potentialAction":[{"@type":"SearchAction","target":{"@type":"EntryPoint","urlTemplate":"https:\/\/www.librairieclavreuil.com\/?s={search_term_string}"},"query-input":{"@type":"PropertyValueSpecification","valueRequired":true,"valueName":"search_term_string"}}],"inLanguage":"en-US"},{"@type":"Organization","@id":"https:\/\/www.librairieclavreuil.com\/#organization","name":"Libairie Clavreuil","url":"https:\/\/www.librairieclavreuil.com\/","logo":{"@type":"ImageObject","inLanguage":"en-US","@id":"https:\/\/www.librairieclavreuil.com\/#\/schema\/logo\/image\/","url":"https:\/\/www.librairieclavreuil.com\/wp-content\/uploads\/2021\/06\/cropped-LOGO_PNG_DATE-_gold-512x512-1.png","contentUrl":"https:\/\/www.librairieclavreuil.com\/wp-content\/uploads\/2021\/06\/cropped-LOGO_PNG_DATE-_gold-512x512-1.png","width":512,"height":512,"caption":"Libairie Clavreuil"},"image":{"@id":"https:\/\/www.librairieclavreuil.com\/#\/schema\/logo\/image\/"},"sameAs":["https:\/\/www.instagram.com\/librairieclavreuil\/"]}]}},"jetpack_sharing_enabled":true,"_links":{"self":[{"href":"https:\/\/www.librairieclavreuil.com\/en\/wp-json\/wp\/v2\/product\/85267","targetHints":{"allow":["GET"]}}],"collection":[{"href":"https:\/\/www.librairieclavreuil.com\/en\/wp-json\/wp\/v2\/product"}],"about":[{"href":"https:\/\/www.librairieclavreuil.com\/en\/wp-json\/wp\/v2\/types\/product"}],"replies":[{"embeddable":true,"href":"https:\/\/www.librairieclavreuil.com\/en\/wp-json\/wp\/v2\/comments?post=85267"}],"wp:featuredmedia":[{"embeddable":true,"href":"https:\/\/www.librairieclavreuil.com\/en\/wp-json\/wp\/v2\/media\/85246"}],"wp:attachment":[{"href":"https:\/\/www.librairieclavreuil.com\/en\/wp-json\/wp\/v2\/media?parent=85267"}],"wp:term":[{"taxonomy":"product_brand","embeddable":true,"href":"https:\/\/www.librairieclavreuil.com\/en\/wp-json\/wp\/v2\/product_brand?post=85267"},{"taxonomy":"product_cat","embeddable":true,"href":"https:\/\/www.librairieclavreuil.com\/en\/wp-json\/wp\/v2\/product_cat?post=85267"},{"taxonomy":"product_tag","embeddable":true,"href":"https:\/\/www.librairieclavreuil.com\/en\/wp-json\/wp\/v2\/product_tag?post=85267"}],"curies":[{"name":"wp","href":"https:\/\/api.w.org\/{rel}","templated":true}]}}