{"id":84009,"date":"2025-03-07T15:50:15","date_gmt":"2025-03-07T14:50:15","guid":{"rendered":"https:\/\/www.librairieclavreuil.com\/baudelaire-charles-les-fleurs-du-mal-2\/"},"modified":"2025-09-05T12:53:37","modified_gmt":"2025-09-05T10:53:37","slug":"baudelaire-charles-les-fleurs-du-mal-2","status":"publish","type":"product","link":"https:\/\/www.librairieclavreuil.com\/en\/baudelaire-charles-les-fleurs-du-mal-2\/","title":{"rendered":"BAUDELAIRE Charles Les Fleurs du mal."},"content":{"rendered":"<p style=\"text-align:justify\"><i>Carteret, I, 118; Clouzot, 43; Chalvet, 18.<\/i><\/p>\n<p style=\"text-align:justify\"><span style=\"font-variant:small-caps\">First edition. One of the very rare copies printed on large Hollande paper of which Chalvet lists 22.<\/span><\/p>\n<p style=\"text-align:justify\">This exceptional copy contains added material:<\/p>\n<p style=\"text-align:justify\">1. The reduced suite of 9 engravings by Odilon Redon illustrating Les Fleurs du Mal.<\/p>\n<p style=\"text-align:justify\">2. The frontispiece by Bracquemond, refused by Baudelaire.<\/p>\n<p style=\"text-align:justify\">3. An autograph letter from Baudelaire to La Fizeli\u00e8re dated 22 February 1864.<\/p>\n<p style=\"text-align:justify\">4. A letter from Manet to Poulet-Malassis asking for two copies of Les Fleurs du mal.<\/p>\n<p style=\"text-align:justify\">5. A portrait of Baudelaire engraved by Marcellin-Gilbert Desboustin. This portrait is not mentioned by Chalvet.<\/p>\n<p style=\"text-align:justify\">A very fine copy, with the cover in its definitive state (correct date of the notice on Jean Schelandre and the corrected name of Olympe de Gouges).<\/p>\n<p style=\"text-align:justify\"><span style=\"font-variant:small-caps\">The suite of engravings by Redon<\/span><\/p>\n<p style=\"text-align:justify\">In 1890, Redon&#8217;s engravings were published separately as a collection of drawings in Brussels by Edmond Deman. Although the text was not printed with the suite, a page presents the order of the plates with their associated poems and pages according to the edition of Baudelaire&#8217;s Oeuvres compl\u00e8tes published by Michel L\u00e9vy in 1868. In our copy, the plates are inserted opposite the poems they illustrate. Redon entitled his collection of plates <i>Les Fleurs du Mal. Interpretations by Odilon Redon.<\/i> The artist has always denied being an illustrator, no doubt associating a form of depreciation with the work of an artist who intervenes after the writer and follows his creation. He therefore preferred to interpret. Redon did not extract a passage to put it into an image but tried to concentrate the whole text into an image. He tried to understand the atmosphere of Baudelaire&#8217;s verses, of his universe, and then to disperse it in each image.<\/p>\n<p style=\"text-align:justify\"><span style=\"font-variant:small-caps\">Bracquemond&#8217;s frontispiece<\/span><\/p>\n<p style=\"text-align:justify\">This frontispiece was the subject of numerous exchanges between Braquemond, Baudelaire and Poulet-Malassis in 1860. Baudelaire seemed increasingly worried and put an end to the artist&#8217;s attempts on 20 August. As Baudelaire received the third state of the engraving, he wrote to Poulet-Malassis: \u00ab Voici l\u2019horreur de Bracquemond. Je lui ai dit que c\u2019\u00e9tait bien. Je ne savais que dire, tant j\u2019\u00e9tais \u00e9tonn\u00e9. Ce squelette marche et il est appuy\u00e9 sur un \u00e9ventail de rameaux qui partent des c\u00f4tes au lieu de partir des bras. \u00c0 quoi a servi le dessin d\u00e9calqu\u00e9 d\u2019apr\u00e8s Langlois ? Je ne souffrirai pas que cela paraisse \u00bb.<\/p>\n<p style=\"text-align:justify\">This episode was the origin of a quarrel between Baudelaire and Braquemond. The author often mentioned his regret at not having addressed himself directly to Octave Penguilly, who puts a number of fantastic tales into pictures. Braquemond\u2019s illustration seemed too literal for Baudelaire, he adorned his composition with 7 flowers dressed in headbands that are to be named after the 7 deadly sins. The skeleton was Baudelaire&#8217;s idea, he wanted it to be arborescent. He probably regretted that this idea could not be put into practice and so he used it again for <i>Les Epaves<\/i>. This time the frontispiece was executed by F\u00e9licien Rops.<\/p>\n<p style=\"text-align:justify\"><span style=\"font-variant:small-caps\">The letter to La Fizeli\u00e8re<\/span><\/p>\n<p style=\"text-align:justify\">Albert de la Fizeli\u00e8re was a friend of Baudelaire\u2019s and they corresponded. In 1868, La Fizeli\u00e8re published a biography of Baudelaire with George Decaux at L&#8217;Acad\u00e9mie des Bibliophiles. In this letter, Baudelaire mentions several press articles and aesthetic theories that seem to interest him. He begins his letter by asking for an explanation of the serpentine line developed by the painter-engraver William Hogarth in his essay, <i>The Analysis of Beauty<\/i>. The English painter, undoubtedly influenced by Vinci and the picturesque aesthetics prevalent in Great Britain, considered the curved and sinuous line to be a graceful element in a pictorial composition. He also praises the article by the historian Horace Viel de Castel in La France of 22 February. He finds it absolutely incredible and marvelous.<\/p>\n<p style=\"text-align:justify\"><span style=\"font-variant:small-caps\">Manet&#8217;s letter to Poulet-Malassis<\/span><\/p>\n<p style=\"text-align:justify\">Manet writes to Baudelaire&#8217;s publisher asking for two unexpurgated copies of <i>Les Fleurs du Mal<\/i>. He quotes two poems that he considers to be condemned: <i>Les Femmes damn\u00e9es<\/i>, which is banned, and <i>Une martyre<\/i>, which is not.<\/p>\n<p style=\"text-align:justify\">Manet and Baudelaire were close friends, and the artist painted a portrait of the poet in the 1860s, which was later included in the biography by Asselineau (1869).<\/p>\n<p style=\"text-align:justify\"><span style=\"font-variant:small-caps\">Engraved portrait by Marcellin-Gilbert Desboustin<\/span><\/p>\n<p style=\"text-align:justify\">Marcellin Desboutin was a specialist in drypoint and etching, and his portrait of Baudelaire is mentioned in B\u00e9raldi&#8217;s Grand Guide de l&#8217;Amateur de Gravure. Specialised in portraits, he produced those of the literary circle close to Baudelaire such as Jules Claretie, Alphonse Daudet and Sar P\u00e9ladan.<\/p>\n<p style=\"text-align:justify\">Very fine copy, described by Chalvet as : &#8220;Cartonnage non rogn\u00e9, couvertures conserv\u00e9es (Lemardeley). Exemplaire auquel on a ajout\u00e9 une lettre autographe de Baudelaire et une lettre autographe du peintre Manet. Le cartonnage de Lemardeley a \u00e9t\u00e9 bris\u00e9, vers 1910, pour faire place \u00e0 une nouvelle reliure dont voici la description: Maroquin jans\u00e9niste t\u00eate-de-n\u00e8gre, dos \u00e0 5 nerfs, doubl\u00e9 de maroquin vert; au centre de la doublure, composition all\u00e9gorique form\u00e9e d\u2019une branche de chardons fleuris entourant une t\u00eate de mort coiff\u00e9e d\u2019un chapeau haut de forme, t\u00eate dor\u00e9e, non rogn\u00e9, couvertures conserv\u00e9es (S. David). Exemplaire auquel on a joint 1\u00ba la suite r\u00e9duite des planches de Redon; 2\u00ba le frontispice de Bracquemond, refus\u00e9 par Baudelaire; 3\u00ba lettre de Baudelaire \u00e0 La Fizeli\u00e8re, 2 f\u00e9vrier 1864; 4\u00ba lettre de Manet \u00e0 Malassis lui demandant deux exemplaires des Fleurs du Mal. Ce volume qui est tr\u00e8s bien conserv\u00e9 mesure 195 mm de hauteur.&#8221;<\/p>\n<p style=\"text-align:justify\">Provenance: Mrs. Henry Walters (sale in New York, Parke Bernet Galleries, 23-25 April 1941, lot 118) &#8211; Louis de Sadeleer (ex-libris).<\/p>\n","protected":false},"excerpt":{"rendered":"<p style=\"text-align:justify\">12mo (195 x 119 mm) 2 unn.l., 248 pp., 2 unn.l. Jansenist hazelnut morocco, raised band, olive morocco lining decorated with a mosaic macabre decoration (skull and crossbones), mauve moire endpapers, top edge gilt, yellow cover without spine preserved, matching slipcase (<i>S. David<\/i>).<\/p>\n","protected":false},"featured_media":83996,"comment_status":"open","ping_status":"closed","template":"","meta":{"_acf_changed":false},"product_brand":[],"product_cat":[544],"product_tag":[604,598,1450,1518],"class_list":{"0":"post-84009","1":"product","2":"type-product","3":"status-publish","4":"has-post-thumbnail","6":"product_cat-literature","7":"product_tag-19th-century-illustrations","8":"product_tag-19th-century-literature","9":"product_tag-first-edition","10":"product_tag-large-paper","11":"pa_auteur-baudelaire-charles-2","12":"pa_type-de-livre-printed-book","14":"first","15":"instock","16":"shipping-taxable","17":"purchasable","18":"product-type-simple"},"acf":{"artist":" Charles BAUDELAIRE","chapeau":"One of the very few copies printed on large paper","adresse_bibliographique":"Paris, Poulet-Malassis et de Broise, 1857","book_type":"Printed book","provenance":"","afficher_prix":""},"yoast_head":"<!-- This site is optimized with the Yoast SEO plugin v24.7 - https:\/\/yoast.com\/wordpress\/plugins\/seo\/ -->\n<title>BAUDELAIRE Charles Les Fleurs du mal. - Libairie Clavreuil<\/title>\n<meta name=\"robots\" content=\"index, follow, max-snippet:-1, max-image-preview:large, max-video-preview:-1\" \/>\n<link rel=\"canonical\" href=\"https:\/\/www.librairieclavreuil.com\/en\/baudelaire-charles-les-fleurs-du-mal-2\/\" \/>\n<meta property=\"og:locale\" content=\"en_US\" \/>\n<meta property=\"og:type\" content=\"article\" \/>\n<meta property=\"og:title\" content=\"BAUDELAIRE Charles Les Fleurs du mal. - Libairie Clavreuil\" \/>\n<meta property=\"og:description\" content=\"12mo (195 x 119 mm) 2 unn.l., 248 pp., 2 unn.l. Jansenist hazelnut morocco, raised band, olive morocco lining decorated with a mosaic macabre decoration (skull and crossbones), mauve moire endpapers, top edge gilt, yellow cover without spine preserved, matching slipcase (S. David).\" \/>\n<meta property=\"og:url\" content=\"https:\/\/www.librairieclavreuil.com\/en\/baudelaire-charles-les-fleurs-du-mal-2\/\" \/>\n<meta property=\"og:site_name\" content=\"Libairie Clavreuil\" \/>\n<meta property=\"article:modified_time\" content=\"2025-09-05T10:53:37+00:00\" \/>\n<meta property=\"og:image\" content=\"https:\/\/www.librairieclavreuil.com\/wp-content\/uploads\/2025\/03\/charles-baudelaire-les-fleurs-du-mal-8146-662b8e9fcd3f3.jpg\" \/>\n\t<meta property=\"og:image:width\" content=\"533\" \/>\n\t<meta property=\"og:image:height\" content=\"800\" \/>\n\t<meta property=\"og:image:type\" content=\"image\/jpeg\" \/>\n<meta name=\"twitter:card\" content=\"summary_large_image\" \/>\n<meta name=\"twitter:label1\" content=\"Est. reading time\" \/>\n\t<meta name=\"twitter:data1\" content=\"5 minutes\" \/>\n<script type=\"application\/ld+json\" class=\"yoast-schema-graph\">{\"@context\":\"https:\/\/schema.org\",\"@graph\":[{\"@type\":\"WebPage\",\"@id\":\"https:\/\/www.librairieclavreuil.com\/en\/baudelaire-charles-les-fleurs-du-mal-2\/\",\"url\":\"https:\/\/www.librairieclavreuil.com\/en\/baudelaire-charles-les-fleurs-du-mal-2\/\",\"name\":\"BAUDELAIRE Charles Les Fleurs du mal. - Libairie Clavreuil\",\"isPartOf\":{\"@id\":\"https:\/\/www.librairieclavreuil.com\/#website\"},\"primaryImageOfPage\":{\"@id\":\"https:\/\/www.librairieclavreuil.com\/en\/baudelaire-charles-les-fleurs-du-mal-2\/#primaryimage\"},\"image\":{\"@id\":\"https:\/\/www.librairieclavreuil.com\/en\/baudelaire-charles-les-fleurs-du-mal-2\/#primaryimage\"},\"thumbnailUrl\":\"https:\/\/www.librairieclavreuil.com\/wp-content\/uploads\/2025\/03\/charles-baudelaire-les-fleurs-du-mal-8146-662b8e9fcd3f3.jpg\",\"datePublished\":\"2025-03-07T14:50:15+00:00\",\"dateModified\":\"2025-09-05T10:53:37+00:00\",\"breadcrumb\":{\"@id\":\"https:\/\/www.librairieclavreuil.com\/en\/baudelaire-charles-les-fleurs-du-mal-2\/#breadcrumb\"},\"inLanguage\":\"en-US\",\"potentialAction\":[{\"@type\":\"ReadAction\",\"target\":[\"https:\/\/www.librairieclavreuil.com\/en\/baudelaire-charles-les-fleurs-du-mal-2\/\"]}]},{\"@type\":\"ImageObject\",\"inLanguage\":\"en-US\",\"@id\":\"https:\/\/www.librairieclavreuil.com\/en\/baudelaire-charles-les-fleurs-du-mal-2\/#primaryimage\",\"url\":\"https:\/\/www.librairieclavreuil.com\/wp-content\/uploads\/2025\/03\/charles-baudelaire-les-fleurs-du-mal-8146-662b8e9fcd3f3.jpg\",\"contentUrl\":\"https:\/\/www.librairieclavreuil.com\/wp-content\/uploads\/2025\/03\/charles-baudelaire-les-fleurs-du-mal-8146-662b8e9fcd3f3.jpg\",\"width\":533,\"height\":800},{\"@type\":\"BreadcrumbList\",\"@id\":\"https:\/\/www.librairieclavreuil.com\/en\/baudelaire-charles-les-fleurs-du-mal-2\/#breadcrumb\",\"itemListElement\":[{\"@type\":\"ListItem\",\"position\":1,\"name\":\"Accueil\",\"item\":\"https:\/\/www.librairieclavreuil.com\/\"},{\"@type\":\"ListItem\",\"position\":2,\"name\":\"All our books\",\"item\":\"https:\/\/www.librairieclavreuil.com\/en\/all-our-books\/\"},{\"@type\":\"ListItem\",\"position\":3,\"name\":\"BAUDELAIRE Charles Les Fleurs du mal.\"}]},{\"@type\":\"WebSite\",\"@id\":\"https:\/\/www.librairieclavreuil.com\/#website\",\"url\":\"https:\/\/www.librairieclavreuil.com\/\",\"name\":\"Libairie Clavreuil\",\"description\":\"Livres anciens, manuscrits rares et \u00e9ditions originales \u2013 Librairie Clavreuil\",\"publisher\":{\"@id\":\"https:\/\/www.librairieclavreuil.com\/#organization\"},\"potentialAction\":[{\"@type\":\"SearchAction\",\"target\":{\"@type\":\"EntryPoint\",\"urlTemplate\":\"https:\/\/www.librairieclavreuil.com\/?s={search_term_string}\"},\"query-input\":{\"@type\":\"PropertyValueSpecification\",\"valueRequired\":true,\"valueName\":\"search_term_string\"}}],\"inLanguage\":\"en-US\"},{\"@type\":\"Organization\",\"@id\":\"https:\/\/www.librairieclavreuil.com\/#organization\",\"name\":\"Libairie Clavreuil\",\"url\":\"https:\/\/www.librairieclavreuil.com\/\",\"logo\":{\"@type\":\"ImageObject\",\"inLanguage\":\"en-US\",\"@id\":\"https:\/\/www.librairieclavreuil.com\/#\/schema\/logo\/image\/\",\"url\":\"https:\/\/www.librairieclavreuil.com\/wp-content\/uploads\/2021\/06\/cropped-LOGO_PNG_DATE-_gold-512x512-1.png\",\"contentUrl\":\"https:\/\/www.librairieclavreuil.com\/wp-content\/uploads\/2021\/06\/cropped-LOGO_PNG_DATE-_gold-512x512-1.png\",\"width\":512,\"height\":512,\"caption\":\"Libairie Clavreuil\"},\"image\":{\"@id\":\"https:\/\/www.librairieclavreuil.com\/#\/schema\/logo\/image\/\"},\"sameAs\":[\"https:\/\/www.instagram.com\/librairieclavreuil\/\"]}]}<\/script>\n<!-- \/ Yoast SEO plugin. -->","yoast_head_json":{"title":"BAUDELAIRE Charles Les Fleurs du mal. - Libairie Clavreuil","robots":{"index":"index","follow":"follow","max-snippet":"max-snippet:-1","max-image-preview":"max-image-preview:large","max-video-preview":"max-video-preview:-1"},"canonical":"https:\/\/www.librairieclavreuil.com\/en\/baudelaire-charles-les-fleurs-du-mal-2\/","og_locale":"en_US","og_type":"article","og_title":"BAUDELAIRE Charles Les Fleurs du mal. - Libairie Clavreuil","og_description":"12mo (195 x 119 mm) 2 unn.l., 248 pp., 2 unn.l. Jansenist hazelnut morocco, raised band, olive morocco lining decorated with a mosaic macabre decoration (skull and crossbones), mauve moire endpapers, top edge gilt, yellow cover without spine preserved, matching slipcase (S. David).","og_url":"https:\/\/www.librairieclavreuil.com\/en\/baudelaire-charles-les-fleurs-du-mal-2\/","og_site_name":"Libairie Clavreuil","article_modified_time":"2025-09-05T10:53:37+00:00","og_image":[{"width":533,"height":800,"url":"https:\/\/www.librairieclavreuil.com\/wp-content\/uploads\/2025\/03\/charles-baudelaire-les-fleurs-du-mal-8146-662b8e9fcd3f3.jpg","type":"image\/jpeg"}],"twitter_card":"summary_large_image","twitter_misc":{"Est. reading time":"5 minutes"},"schema":{"@context":"https:\/\/schema.org","@graph":[{"@type":"WebPage","@id":"https:\/\/www.librairieclavreuil.com\/en\/baudelaire-charles-les-fleurs-du-mal-2\/","url":"https:\/\/www.librairieclavreuil.com\/en\/baudelaire-charles-les-fleurs-du-mal-2\/","name":"BAUDELAIRE Charles Les Fleurs du mal. - Libairie Clavreuil","isPartOf":{"@id":"https:\/\/www.librairieclavreuil.com\/#website"},"primaryImageOfPage":{"@id":"https:\/\/www.librairieclavreuil.com\/en\/baudelaire-charles-les-fleurs-du-mal-2\/#primaryimage"},"image":{"@id":"https:\/\/www.librairieclavreuil.com\/en\/baudelaire-charles-les-fleurs-du-mal-2\/#primaryimage"},"thumbnailUrl":"https:\/\/www.librairieclavreuil.com\/wp-content\/uploads\/2025\/03\/charles-baudelaire-les-fleurs-du-mal-8146-662b8e9fcd3f3.jpg","datePublished":"2025-03-07T14:50:15+00:00","dateModified":"2025-09-05T10:53:37+00:00","breadcrumb":{"@id":"https:\/\/www.librairieclavreuil.com\/en\/baudelaire-charles-les-fleurs-du-mal-2\/#breadcrumb"},"inLanguage":"en-US","potentialAction":[{"@type":"ReadAction","target":["https:\/\/www.librairieclavreuil.com\/en\/baudelaire-charles-les-fleurs-du-mal-2\/"]}]},{"@type":"ImageObject","inLanguage":"en-US","@id":"https:\/\/www.librairieclavreuil.com\/en\/baudelaire-charles-les-fleurs-du-mal-2\/#primaryimage","url":"https:\/\/www.librairieclavreuil.com\/wp-content\/uploads\/2025\/03\/charles-baudelaire-les-fleurs-du-mal-8146-662b8e9fcd3f3.jpg","contentUrl":"https:\/\/www.librairieclavreuil.com\/wp-content\/uploads\/2025\/03\/charles-baudelaire-les-fleurs-du-mal-8146-662b8e9fcd3f3.jpg","width":533,"height":800},{"@type":"BreadcrumbList","@id":"https:\/\/www.librairieclavreuil.com\/en\/baudelaire-charles-les-fleurs-du-mal-2\/#breadcrumb","itemListElement":[{"@type":"ListItem","position":1,"name":"Accueil","item":"https:\/\/www.librairieclavreuil.com\/"},{"@type":"ListItem","position":2,"name":"All our books","item":"https:\/\/www.librairieclavreuil.com\/en\/all-our-books\/"},{"@type":"ListItem","position":3,"name":"BAUDELAIRE Charles Les Fleurs du mal."}]},{"@type":"WebSite","@id":"https:\/\/www.librairieclavreuil.com\/#website","url":"https:\/\/www.librairieclavreuil.com\/","name":"Libairie Clavreuil","description":"Livres anciens, manuscrits rares et \u00e9ditions originales \u2013 Librairie Clavreuil","publisher":{"@id":"https:\/\/www.librairieclavreuil.com\/#organization"},"potentialAction":[{"@type":"SearchAction","target":{"@type":"EntryPoint","urlTemplate":"https:\/\/www.librairieclavreuil.com\/?s={search_term_string}"},"query-input":{"@type":"PropertyValueSpecification","valueRequired":true,"valueName":"search_term_string"}}],"inLanguage":"en-US"},{"@type":"Organization","@id":"https:\/\/www.librairieclavreuil.com\/#organization","name":"Libairie Clavreuil","url":"https:\/\/www.librairieclavreuil.com\/","logo":{"@type":"ImageObject","inLanguage":"en-US","@id":"https:\/\/www.librairieclavreuil.com\/#\/schema\/logo\/image\/","url":"https:\/\/www.librairieclavreuil.com\/wp-content\/uploads\/2021\/06\/cropped-LOGO_PNG_DATE-_gold-512x512-1.png","contentUrl":"https:\/\/www.librairieclavreuil.com\/wp-content\/uploads\/2021\/06\/cropped-LOGO_PNG_DATE-_gold-512x512-1.png","width":512,"height":512,"caption":"Libairie Clavreuil"},"image":{"@id":"https:\/\/www.librairieclavreuil.com\/#\/schema\/logo\/image\/"},"sameAs":["https:\/\/www.instagram.com\/librairieclavreuil\/"]}]}},"jetpack_sharing_enabled":true,"_links":{"self":[{"href":"https:\/\/www.librairieclavreuil.com\/en\/wp-json\/wp\/v2\/product\/84009","targetHints":{"allow":["GET"]}}],"collection":[{"href":"https:\/\/www.librairieclavreuil.com\/en\/wp-json\/wp\/v2\/product"}],"about":[{"href":"https:\/\/www.librairieclavreuil.com\/en\/wp-json\/wp\/v2\/types\/product"}],"replies":[{"embeddable":true,"href":"https:\/\/www.librairieclavreuil.com\/en\/wp-json\/wp\/v2\/comments?post=84009"}],"wp:featuredmedia":[{"embeddable":true,"href":"https:\/\/www.librairieclavreuil.com\/en\/wp-json\/wp\/v2\/media\/83996"}],"wp:attachment":[{"href":"https:\/\/www.librairieclavreuil.com\/en\/wp-json\/wp\/v2\/media?parent=84009"}],"wp:term":[{"taxonomy":"product_brand","embeddable":true,"href":"https:\/\/www.librairieclavreuil.com\/en\/wp-json\/wp\/v2\/product_brand?post=84009"},{"taxonomy":"product_cat","embeddable":true,"href":"https:\/\/www.librairieclavreuil.com\/en\/wp-json\/wp\/v2\/product_cat?post=84009"},{"taxonomy":"product_tag","embeddable":true,"href":"https:\/\/www.librairieclavreuil.com\/en\/wp-json\/wp\/v2\/product_tag?post=84009"}],"curies":[{"name":"wp","href":"https:\/\/api.w.org\/{rel}","templated":true}]}}