{"id":83761,"date":"2025-02-19T18:13:15","date_gmt":"2025-02-19T17:13:15","guid":{"rendered":"https:\/\/www.librairieclavreuil.com\/martial-jean-raphael-martialis-cum-duobus-comentis\/"},"modified":"2025-10-10T13:38:54","modified_gmt":"2025-10-10T11:38:54","slug":"martial-jean-raphael-martialis-cum-duobus-comentis","status":"publish","type":"product","link":"https:\/\/www.librairieclavreuil.com\/en\/martial-jean-raphael-martialis-cum-duobus-comentis\/","title":{"rendered":"MARTIALIS Valerius Martialis cum duobus comentis."},"content":{"rendered":"<p style=\"text-align:justify\"><i>Graesse, IV, 423; Edit 16, n\u00b0 31243; Simon, Bachica, I, 38; not in Adams.<\/i><\/p>\n<p style=\"text-align:justify\"><span style=\"font-variant:small-caps\">A beautifully printed Milanese edition in an interesting contemporary binding.<\/span><\/p>\n<p style=\"text-align:justify\">The text of the Epigrams is accompanied by commentaries by Italian humanists Domizio Calderini (1446-1478) and Giorgio Merlano di Negro, known as Giorgio Merula (1430-1494) \u2013 of whom Baldassarre Castiglione was a pupil \u2013 first published in 1480 and 1491. This beautiful volume, attractively printed in round letters (two different sizes), was produced by Giovanni Angelo Scinzenzeler, a typographer active in Milan between 1501 and 1526 who worked mainly for the da Legnano brothers, Milanese publishers whose beautiful woodcut angel mark is printed above the title.<\/p>\n<p style=\"text-align:justify\">&#8220;Bacchus inspira Martial plus souvent que les Muses et nous trouvons dans Martial une foule de d\u00e9tails fort int\u00e9ressants sur les diff\u00e9rents vins et sur les m\u0153urs \u00e9pulaires des anciens. Parmi les vin d&#8217;Italie, Martial semble avoir affectionn\u00e9 tout particuli\u00e8rement le pr\u00e9cieux Falerne gard\u00e9 jalousement pendant de longues ann\u00e9es dans des bouteilles de verre de petit format, surtout si on le compare aux \u00e9normes amphores o\u00f9 le vin ordinaire \u00e9tait log\u00e9. Mais notre po\u00e8te \u00e9tait surtout friand des vins qui avaient de la bouteille ou de l&#8217;amphore, et que les romains d\u00e9signaient non par la date de l&#8217;ann\u00e9e de la vendange mais du nom du consul qui avait \u00e9t\u00e9 en fonction cette ann\u00e9e-l\u00e0. En \u00e9t\u00e9, Martial go\u00fbtait fort le vin rafra\u00eechi gr\u00e2ce aux provisions de neige faites en hiver et il nous donne maints d\u00e9tails sur les &#8216;Toasts&#8221; des romains. Martial comme tout franc-buveur, s&#8217;\u00e9l\u00e8ve avec force contre tous les fraudeurs de Rome et de Marseille, pr\u00e9curseur des industriels de B\u00e9ziers&#8221; (Simon).<\/p>\n<p style=\"text-align:justify\">A fine and tall copy with the occasional deckle edge, bound in an interesting Milanese binding of the period. A few old annotations and corrections in ink; minor wormholes, slight stains in the margins of the first few pages, skilful restoration to the binding.<\/p>\n<p style=\"text-align:justify\">The volume belonged to a collector from Augsburg who inscribed his bookplate in pen on the title page along with the date 1592, and whose name (\u2018Georgii\u2019?) has been scratched out twice. &#8211; Other provenance: Joseph von Lassberg from Meersburg (ownership inscription in pen on the front flyleaf). Joseph von Lassberg (1770-1855) was a German antiquary. Having studies law and economics he entered the service of F\u00fcrst F\u00fcrstenberg of Donaueschingen. Upon his retirement to caste Meersburg in 1838 he concentrated his life on his book collection. The important library of over 12000 volumes was sold before his death to the F\u00fcrstlich F\u00fcrstenbergische Hofbibliothek at Donaueschingen.<\/p>\n","protected":false},"excerpt":{"rendered":"<p style=\"text-align:justify\">Folio (310 x 206 mm) 158 num. l., 1 nn.l., 1 blank leaf. Fine contemporary Milanese binding of blind-stamped calf (minor worming, ends of spine a bit worn), sides paneled in blind with elaborate knotwork stamping, no ties.<\/p>\n","protected":false},"featured_media":83754,"comment_status":"open","ping_status":"closed","template":"","meta":{"_acf_changed":false},"product_brand":[],"product_cat":[544],"product_tag":[1243,1267,588,1229],"class_list":{"0":"post-83761","1":"product","2":"type-product","3":"status-publish","4":"has-post-thumbnail","6":"product_cat-literature","7":"product_tag-16th-century-literature","8":"product_tag-binding","9":"product_tag-gastronomy","10":"product_tag-oenology","11":"pa_auteur-martialis-valerius-2","12":"pa_type-de-livre-printed-book","14":"first","15":"instock","16":"shipping-taxable","17":"purchasable","18":"product-type-simple"},"acf":{"artist":" Valerius MARTIALIS","chapeau":"","adresse_bibliographique":"Milan, Giovanni Angelo Scinzenzeler pour Giovanni Giacomo da Legnano et ses fr\u00e8res, 1505","book_type":"Printed book","provenance":"","afficher_prix":""},"yoast_head":"<!-- This site is optimized with the Yoast SEO plugin v24.7 - https:\/\/yoast.com\/wordpress\/plugins\/seo\/ -->\n<title>MARTIALIS Valerius Martialis cum duobus comentis. - Libairie Clavreuil<\/title>\n<meta name=\"robots\" content=\"index, follow, max-snippet:-1, max-image-preview:large, max-video-preview:-1\" \/>\n<link rel=\"canonical\" href=\"https:\/\/www.librairieclavreuil.com\/en\/martial-jean-raphael-martialis-cum-duobus-comentis\/\" \/>\n<meta property=\"og:locale\" content=\"en_US\" \/>\n<meta property=\"og:type\" content=\"article\" \/>\n<meta property=\"og:title\" content=\"MARTIALIS Valerius Martialis cum duobus comentis. - Libairie Clavreuil\" \/>\n<meta property=\"og:description\" content=\"Folio (310 x 206 mm) 158 num. l., 1 nn.l., 1 blank leaf. Fine contemporary Milanese binding of blind-stamped calf (minor worming, ends of spine a bit worn), sides paneled in blind with elaborate knotwork stamping, no ties.\" \/>\n<meta property=\"og:url\" content=\"https:\/\/www.librairieclavreuil.com\/en\/martial-jean-raphael-martialis-cum-duobus-comentis\/\" \/>\n<meta property=\"og:site_name\" content=\"Libairie Clavreuil\" \/>\n<meta property=\"article:modified_time\" content=\"2025-10-10T11:38:54+00:00\" \/>\n<meta property=\"og:image\" content=\"https:\/\/www.librairieclavreuil.com\/wp-content\/uploads\/2025\/02\/jean-raphael-martial-martialis-cum-duobus-comentis-6673-669276906e7df.jpg\" \/>\n\t<meta property=\"og:image:width\" content=\"575\" \/>\n\t<meta property=\"og:image:height\" content=\"800\" \/>\n\t<meta property=\"og:image:type\" content=\"image\/jpeg\" \/>\n<meta name=\"twitter:card\" content=\"summary_large_image\" \/>\n<meta name=\"twitter:label1\" content=\"Est. reading time\" \/>\n\t<meta name=\"twitter:data1\" content=\"2 minutes\" \/>\n<script type=\"application\/ld+json\" class=\"yoast-schema-graph\">{\"@context\":\"https:\/\/schema.org\",\"@graph\":[{\"@type\":\"WebPage\",\"@id\":\"https:\/\/www.librairieclavreuil.com\/en\/martial-jean-raphael-martialis-cum-duobus-comentis\/\",\"url\":\"https:\/\/www.librairieclavreuil.com\/en\/martial-jean-raphael-martialis-cum-duobus-comentis\/\",\"name\":\"MARTIALIS Valerius Martialis cum duobus comentis. - Libairie Clavreuil\",\"isPartOf\":{\"@id\":\"https:\/\/www.librairieclavreuil.com\/#website\"},\"primaryImageOfPage\":{\"@id\":\"https:\/\/www.librairieclavreuil.com\/en\/martial-jean-raphael-martialis-cum-duobus-comentis\/#primaryimage\"},\"image\":{\"@id\":\"https:\/\/www.librairieclavreuil.com\/en\/martial-jean-raphael-martialis-cum-duobus-comentis\/#primaryimage\"},\"thumbnailUrl\":\"https:\/\/www.librairieclavreuil.com\/wp-content\/uploads\/2025\/02\/jean-raphael-martial-martialis-cum-duobus-comentis-6673-669276906e7df.jpg\",\"datePublished\":\"2025-02-19T17:13:15+00:00\",\"dateModified\":\"2025-10-10T11:38:54+00:00\",\"breadcrumb\":{\"@id\":\"https:\/\/www.librairieclavreuil.com\/en\/martial-jean-raphael-martialis-cum-duobus-comentis\/#breadcrumb\"},\"inLanguage\":\"en-US\",\"potentialAction\":[{\"@type\":\"ReadAction\",\"target\":[\"https:\/\/www.librairieclavreuil.com\/en\/martial-jean-raphael-martialis-cum-duobus-comentis\/\"]}]},{\"@type\":\"ImageObject\",\"inLanguage\":\"en-US\",\"@id\":\"https:\/\/www.librairieclavreuil.com\/en\/martial-jean-raphael-martialis-cum-duobus-comentis\/#primaryimage\",\"url\":\"https:\/\/www.librairieclavreuil.com\/wp-content\/uploads\/2025\/02\/jean-raphael-martial-martialis-cum-duobus-comentis-6673-669276906e7df.jpg\",\"contentUrl\":\"https:\/\/www.librairieclavreuil.com\/wp-content\/uploads\/2025\/02\/jean-raphael-martial-martialis-cum-duobus-comentis-6673-669276906e7df.jpg\",\"width\":575,\"height\":800},{\"@type\":\"BreadcrumbList\",\"@id\":\"https:\/\/www.librairieclavreuil.com\/en\/martial-jean-raphael-martialis-cum-duobus-comentis\/#breadcrumb\",\"itemListElement\":[{\"@type\":\"ListItem\",\"position\":1,\"name\":\"Accueil\",\"item\":\"https:\/\/www.librairieclavreuil.com\/\"},{\"@type\":\"ListItem\",\"position\":2,\"name\":\"All our books\",\"item\":\"https:\/\/www.librairieclavreuil.com\/en\/all-our-books\/\"},{\"@type\":\"ListItem\",\"position\":3,\"name\":\"MARTIALIS Valerius Martialis cum duobus comentis.\"}]},{\"@type\":\"WebSite\",\"@id\":\"https:\/\/www.librairieclavreuil.com\/#website\",\"url\":\"https:\/\/www.librairieclavreuil.com\/\",\"name\":\"Libairie Clavreuil\",\"description\":\"Livres anciens, manuscrits rares et \u00e9ditions originales \u2013 Librairie Clavreuil\",\"publisher\":{\"@id\":\"https:\/\/www.librairieclavreuil.com\/#organization\"},\"potentialAction\":[{\"@type\":\"SearchAction\",\"target\":{\"@type\":\"EntryPoint\",\"urlTemplate\":\"https:\/\/www.librairieclavreuil.com\/?s={search_term_string}\"},\"query-input\":{\"@type\":\"PropertyValueSpecification\",\"valueRequired\":true,\"valueName\":\"search_term_string\"}}],\"inLanguage\":\"en-US\"},{\"@type\":\"Organization\",\"@id\":\"https:\/\/www.librairieclavreuil.com\/#organization\",\"name\":\"Libairie Clavreuil\",\"url\":\"https:\/\/www.librairieclavreuil.com\/\",\"logo\":{\"@type\":\"ImageObject\",\"inLanguage\":\"en-US\",\"@id\":\"https:\/\/www.librairieclavreuil.com\/#\/schema\/logo\/image\/\",\"url\":\"https:\/\/www.librairieclavreuil.com\/wp-content\/uploads\/2021\/06\/cropped-LOGO_PNG_DATE-_gold-512x512-1.png\",\"contentUrl\":\"https:\/\/www.librairieclavreuil.com\/wp-content\/uploads\/2021\/06\/cropped-LOGO_PNG_DATE-_gold-512x512-1.png\",\"width\":512,\"height\":512,\"caption\":\"Libairie Clavreuil\"},\"image\":{\"@id\":\"https:\/\/www.librairieclavreuil.com\/#\/schema\/logo\/image\/\"},\"sameAs\":[\"https:\/\/www.instagram.com\/librairieclavreuil\/\"]}]}<\/script>\n<!-- \/ Yoast SEO plugin. -->","yoast_head_json":{"title":"MARTIALIS Valerius Martialis cum duobus comentis. - Libairie Clavreuil","robots":{"index":"index","follow":"follow","max-snippet":"max-snippet:-1","max-image-preview":"max-image-preview:large","max-video-preview":"max-video-preview:-1"},"canonical":"https:\/\/www.librairieclavreuil.com\/en\/martial-jean-raphael-martialis-cum-duobus-comentis\/","og_locale":"en_US","og_type":"article","og_title":"MARTIALIS Valerius Martialis cum duobus comentis. - Libairie Clavreuil","og_description":"Folio (310 x 206 mm) 158 num. l., 1 nn.l., 1 blank leaf. Fine contemporary Milanese binding of blind-stamped calf (minor worming, ends of spine a bit worn), sides paneled in blind with elaborate knotwork stamping, no ties.","og_url":"https:\/\/www.librairieclavreuil.com\/en\/martial-jean-raphael-martialis-cum-duobus-comentis\/","og_site_name":"Libairie Clavreuil","article_modified_time":"2025-10-10T11:38:54+00:00","og_image":[{"width":575,"height":800,"url":"https:\/\/www.librairieclavreuil.com\/wp-content\/uploads\/2025\/02\/jean-raphael-martial-martialis-cum-duobus-comentis-6673-669276906e7df.jpg","type":"image\/jpeg"}],"twitter_card":"summary_large_image","twitter_misc":{"Est. reading time":"2 minutes"},"schema":{"@context":"https:\/\/schema.org","@graph":[{"@type":"WebPage","@id":"https:\/\/www.librairieclavreuil.com\/en\/martial-jean-raphael-martialis-cum-duobus-comentis\/","url":"https:\/\/www.librairieclavreuil.com\/en\/martial-jean-raphael-martialis-cum-duobus-comentis\/","name":"MARTIALIS Valerius Martialis cum duobus comentis. - Libairie Clavreuil","isPartOf":{"@id":"https:\/\/www.librairieclavreuil.com\/#website"},"primaryImageOfPage":{"@id":"https:\/\/www.librairieclavreuil.com\/en\/martial-jean-raphael-martialis-cum-duobus-comentis\/#primaryimage"},"image":{"@id":"https:\/\/www.librairieclavreuil.com\/en\/martial-jean-raphael-martialis-cum-duobus-comentis\/#primaryimage"},"thumbnailUrl":"https:\/\/www.librairieclavreuil.com\/wp-content\/uploads\/2025\/02\/jean-raphael-martial-martialis-cum-duobus-comentis-6673-669276906e7df.jpg","datePublished":"2025-02-19T17:13:15+00:00","dateModified":"2025-10-10T11:38:54+00:00","breadcrumb":{"@id":"https:\/\/www.librairieclavreuil.com\/en\/martial-jean-raphael-martialis-cum-duobus-comentis\/#breadcrumb"},"inLanguage":"en-US","potentialAction":[{"@type":"ReadAction","target":["https:\/\/www.librairieclavreuil.com\/en\/martial-jean-raphael-martialis-cum-duobus-comentis\/"]}]},{"@type":"ImageObject","inLanguage":"en-US","@id":"https:\/\/www.librairieclavreuil.com\/en\/martial-jean-raphael-martialis-cum-duobus-comentis\/#primaryimage","url":"https:\/\/www.librairieclavreuil.com\/wp-content\/uploads\/2025\/02\/jean-raphael-martial-martialis-cum-duobus-comentis-6673-669276906e7df.jpg","contentUrl":"https:\/\/www.librairieclavreuil.com\/wp-content\/uploads\/2025\/02\/jean-raphael-martial-martialis-cum-duobus-comentis-6673-669276906e7df.jpg","width":575,"height":800},{"@type":"BreadcrumbList","@id":"https:\/\/www.librairieclavreuil.com\/en\/martial-jean-raphael-martialis-cum-duobus-comentis\/#breadcrumb","itemListElement":[{"@type":"ListItem","position":1,"name":"Accueil","item":"https:\/\/www.librairieclavreuil.com\/"},{"@type":"ListItem","position":2,"name":"All our books","item":"https:\/\/www.librairieclavreuil.com\/en\/all-our-books\/"},{"@type":"ListItem","position":3,"name":"MARTIALIS Valerius Martialis cum duobus comentis."}]},{"@type":"WebSite","@id":"https:\/\/www.librairieclavreuil.com\/#website","url":"https:\/\/www.librairieclavreuil.com\/","name":"Libairie Clavreuil","description":"Livres anciens, manuscrits rares et \u00e9ditions originales \u2013 Librairie Clavreuil","publisher":{"@id":"https:\/\/www.librairieclavreuil.com\/#organization"},"potentialAction":[{"@type":"SearchAction","target":{"@type":"EntryPoint","urlTemplate":"https:\/\/www.librairieclavreuil.com\/?s={search_term_string}"},"query-input":{"@type":"PropertyValueSpecification","valueRequired":true,"valueName":"search_term_string"}}],"inLanguage":"en-US"},{"@type":"Organization","@id":"https:\/\/www.librairieclavreuil.com\/#organization","name":"Libairie Clavreuil","url":"https:\/\/www.librairieclavreuil.com\/","logo":{"@type":"ImageObject","inLanguage":"en-US","@id":"https:\/\/www.librairieclavreuil.com\/#\/schema\/logo\/image\/","url":"https:\/\/www.librairieclavreuil.com\/wp-content\/uploads\/2021\/06\/cropped-LOGO_PNG_DATE-_gold-512x512-1.png","contentUrl":"https:\/\/www.librairieclavreuil.com\/wp-content\/uploads\/2021\/06\/cropped-LOGO_PNG_DATE-_gold-512x512-1.png","width":512,"height":512,"caption":"Libairie Clavreuil"},"image":{"@id":"https:\/\/www.librairieclavreuil.com\/#\/schema\/logo\/image\/"},"sameAs":["https:\/\/www.instagram.com\/librairieclavreuil\/"]}]}},"jetpack_sharing_enabled":true,"_links":{"self":[{"href":"https:\/\/www.librairieclavreuil.com\/en\/wp-json\/wp\/v2\/product\/83761","targetHints":{"allow":["GET"]}}],"collection":[{"href":"https:\/\/www.librairieclavreuil.com\/en\/wp-json\/wp\/v2\/product"}],"about":[{"href":"https:\/\/www.librairieclavreuil.com\/en\/wp-json\/wp\/v2\/types\/product"}],"replies":[{"embeddable":true,"href":"https:\/\/www.librairieclavreuil.com\/en\/wp-json\/wp\/v2\/comments?post=83761"}],"wp:featuredmedia":[{"embeddable":true,"href":"https:\/\/www.librairieclavreuil.com\/en\/wp-json\/wp\/v2\/media\/83754"}],"wp:attachment":[{"href":"https:\/\/www.librairieclavreuil.com\/en\/wp-json\/wp\/v2\/media?parent=83761"}],"wp:term":[{"taxonomy":"product_brand","embeddable":true,"href":"https:\/\/www.librairieclavreuil.com\/en\/wp-json\/wp\/v2\/product_brand?post=83761"},{"taxonomy":"product_cat","embeddable":true,"href":"https:\/\/www.librairieclavreuil.com\/en\/wp-json\/wp\/v2\/product_cat?post=83761"},{"taxonomy":"product_tag","embeddable":true,"href":"https:\/\/www.librairieclavreuil.com\/en\/wp-json\/wp\/v2\/product_tag?post=83761"}],"curies":[{"name":"wp","href":"https:\/\/api.w.org\/{rel}","templated":true}]}}