{"id":83058,"date":"2025-02-12T16:53:50","date_gmt":"2025-02-12T15:53:50","guid":{"rendered":"https:\/\/www.librairieclavreuil.com\/anonyme-le-miroir-de-la-redemption-de-lhumain-lignage\/"},"modified":"2025-06-03T12:42:16","modified_gmt":"2025-06-03T10:42:16","slug":"anonyme-le-miroir-de-la-redemption-de-lhumain-lignage","status":"publish","type":"product","link":"https:\/\/www.librairieclavreuil.com\/en\/anonyme-le-miroir-de-la-redemption-de-lhumain-lignage\/","title":{"rendered":"[ANONYME] LE Miroir de la r\u00e9demption de l&#8217;humain..."},"content":{"rendered":"<p style=\"text-align:justify\"><i>BMC, VIII, p. 259 (IB41685, for the 1482 edition); Anatole Claudin, Histoire de l\u2019Imprimerie en France eu XVe et au XVIe si\u00e8cle, Paris, 1904, tome III; Catalogue des Incunables de la Biblioth\u00e8que nationale, II, S-356 &#8212; BnF, R\u00e9serve des livres rares, A-1241 (BIS), note : http:\/\/classes.bnf.fr\/livre\/grand\/472.htm ; Goff, S-662 (edition 1484); Brunet, V, 481; GW, M-43031; Adrian Wilson et Joyce Lancaster Wilson, A Medieval Mirror : Speculum Humanae Salvationis 1324\u20131500, Berkeley, 1984; Des Livres rares, depuis l\u2019invention de l\u2019imprimerie, Paris, 1998, nos 6, 10 et 109; C. Connochie-Bourgne, in \u00ab Miroir ou image&#8230; Le choix d&#8217;un titre pour un texte didactique \u00bb, 2003; Fr\u00e9d\u00e9ric Barbier, Lyon et les livres, Gen\u00e8ve, 2006; Gustave Brunet, La France litt\u00e9raire au XVe si\u00e8cle, ou, Catalogue raisonn\u00e9 des ouvrages en tout genre imprim\u00e9s en langue fran\u00e7aise jusqu&#8217;\u00e0 l&#8217;an 1500. Geneva 1967; Dominique Coq, \u00ab Les incunables : textes anciens, textes nouveaux \u00bb, in: H. J. Martin, R. Chartier et J.-P. Vivet (dir.), Le Livre conqu\u00e9rant du Moyen-\u00e2ge au milieu du XVIIe si\u00e8cle, Paris, 1983; Genevi\u00e8ve Hasenohr, \u00ab La litt\u00e9rature religieuse \u00bb, in: D. Poirion (dir.), La Litt\u00e9rature fran\u00e7aise du XIVe et XVe si\u00e8cles, Heidelberg, 1988; Einar Mar Jonsson, Le miroir : naissance d&#8217;un genre litt\u00e9raire, Paris, 1995.<\/i><\/p>\n<p style=\"text-align:justify\"><span style=\"font-variant:small-caps\">The first illustrated French book in French language, fourth edition. It is illustrated with 257 woodcuts, &#8220;identical to Richel&#8217;s edition (Goff, S-664) but with one addition (fo. 99v) and two substitutions (a new woodcut on fo. 95v and a repeat on 151r)&#8221; (Bibl. Philosophica et Hermetica).<\/span><\/p>\n<p style=\"text-align:justify\">This is the second edition printed by Mathias Huss. Mathias&#8217;s relative, Martin Huss, had established the second press at Lyons with Johannes Siber, and in 1478 issued the first edition of the <i>Speculum <\/i>in French adorned with woodcuts; that edition was the first illustrated French book. He issued a second edition in 1479.<\/p>\n<p style=\"text-align:justify\">Martin had procured the woodcuts for both editions from Bernard Richel who had used them in the German edition at Basel two years earlier. They are the same woodcuts used by Mathias in this edition as well. The four or five editions of the <i>Speculum<\/i> printed between 1478 and 1483 made Lyons a center of the French illustrated book. Based as it is on the Richel edition, this French translation of Julien Macho includes the Epistles and Gospels for Sundays and holy days taken from the <i>Plenarium<\/i>.<\/p>\n<p style=\"text-align:justify\">The joining of these two works highlights the <i>Plenarium<\/i> as a didactic work and the <i>Speculum<\/i> as a liturgical substitute. Not only are these additional Biblical passages, arranged according to the ecclesiastical calendar, a further aid to the lesser clergy looking for inspiration for sermons, but they lend a practical order to the <i>Speculum<\/i>, making it more suited to the regularity in meditation and devotion recommended for a heightened spirituality.<\/p>\n<p style=\"text-align:justify\">Mathias Huss apparently printed two editions of the <i>Speculum<\/i> in French dated 1483, both of which are usually assigned in the Copinger reference HC 14298. Copinger took his description from the Lyons Public Library copy which matches that in the <i>Bibliotheca Philosophica Hermetica<\/i>. These two copies represent an edition distinct from the only American copies listed in Goff (Rosenwald 383, PML check list, 1569).<\/p>\n<p style=\"text-align:justify\">Although the page shows a different type-setting, and the colophon of the Bibliotheca Philosophica Hermetica \/ Lyons copies give the year only, while that in the Rosenwald \/ PML copies give the day and the month (3 March as well). (See Bibliotheca Philosophica Hermetica, no. 175, this copy).<\/p>\n<p style=\"text-align:justify\">Due to the constant use these devotional books are usually quite worn. This copy has the first leaf in facsimile, all outer margins restored, occasionally touching some letters.<\/p>\n","protected":false},"excerpt":{"rendered":"<p style=\"text-align:justify\"><i>&nbsp;<\/i>Folio (332 x 246 mm) 204 leaves (of 206, first and last blank removed at an earlier stage) of which first 3 nn.ll, then num. I-CCI. Collation: *<sup>4<\/sup>-1 a-z \u00e7<sup>8<\/sup> \u00b5<sup>10-1<\/sup>. Modern white calf decorated in blind by Louis Bescond dated 2016, additional decoration in red and gilt, flat spine decorated in blind, endpapers with gold leaf, fly-leaves in reversed calf, matching chemise and slipcase.&nbsp;<\/p>\n","protected":false},"featured_media":83043,"comment_status":"open","ping_status":"closed","template":"","meta":{"_acf_changed":false},"product_brand":[],"product_cat":[544],"product_tag":[1237,600,1267,1261],"class_list":{"0":"post-83058","1":"product","2":"type-product","3":"status-publish","4":"has-post-thumbnail","6":"product_cat-literature","7":"product_tag-15th-century-illustrations","8":"product_tag-15th-century-literature","9":"product_tag-binding","10":"product_tag-incunabula","11":"pa_auteur-anonyme-4","12":"pa_type-de-livre-incunabula","14":"first","15":"instock","16":"shipping-taxable","17":"purchasable","18":"product-type-simple"},"acf":{"artist":"[ANONYME]","chapeau":"","adresse_bibliographique":"Lyon, Matthias Huss, 1483","book_type":"Incunabula","provenance":"","afficher_prix":""},"yoast_head":"<!-- This site is optimized with the Yoast SEO plugin v24.7 - https:\/\/yoast.com\/wordpress\/plugins\/seo\/ -->\n<title>[ANONYME]  LE Miroir de la r\u00e9demption de l&#039;humain lignage. - Libairie Clavreuil<\/title>\n<meta name=\"robots\" content=\"index, follow, max-snippet:-1, max-image-preview:large, max-video-preview:-1\" \/>\n<link rel=\"canonical\" href=\"https:\/\/www.librairieclavreuil.com\/en\/anonyme-le-miroir-de-la-redemption-de-lhumain-lignage\/\" \/>\n<meta property=\"og:locale\" content=\"en_US\" \/>\n<meta property=\"og:type\" content=\"article\" \/>\n<meta property=\"og:title\" content=\"[ANONYME]  LE Miroir de la r\u00e9demption de l&#039;humain lignage. - Libairie Clavreuil\" \/>\n<meta property=\"og:description\" content=\"&nbsp;Folio (332 x 246 mm) 204 leaves (of 206, first and last blank removed at an earlier stage) of which first 3 nn.ll, then num. I-CCI. Collation: *4-1 a-z \u00e78 \u00b510-1. Modern white calf decorated in blind by Louis Bescond dated 2016, additional decoration in red and gilt, flat spine decorated in blind, endpapers with gold leaf, fly-leaves in reversed calf, matching chemise and slipcase.&nbsp;\" \/>\n<meta property=\"og:url\" content=\"https:\/\/www.librairieclavreuil.com\/en\/anonyme-le-miroir-de-la-redemption-de-lhumain-lignage\/\" \/>\n<meta property=\"og:site_name\" content=\"Libairie Clavreuil\" \/>\n<meta property=\"article:modified_time\" content=\"2025-06-03T10:42:16+00:00\" \/>\n<meta property=\"og:image\" content=\"https:\/\/www.librairieclavreuil.com\/wp-content\/uploads\/2025\/02\/unknown-le-miroir-de-la-redemption-de-l-humain-lignage-6709-6631095333b6c.jpg\" \/>\n\t<meta property=\"og:image:width\" content=\"800\" \/>\n\t<meta property=\"og:image:height\" content=\"569\" \/>\n\t<meta property=\"og:image:type\" content=\"image\/jpeg\" \/>\n<meta name=\"twitter:card\" content=\"summary_large_image\" \/>\n<meta name=\"twitter:label1\" content=\"Est. reading time\" \/>\n\t<meta name=\"twitter:data1\" content=\"3 minutes\" \/>\n<script type=\"application\/ld+json\" class=\"yoast-schema-graph\">{\"@context\":\"https:\/\/schema.org\",\"@graph\":[{\"@type\":\"WebPage\",\"@id\":\"https:\/\/www.librairieclavreuil.com\/en\/anonyme-le-miroir-de-la-redemption-de-lhumain-lignage\/\",\"url\":\"https:\/\/www.librairieclavreuil.com\/en\/anonyme-le-miroir-de-la-redemption-de-lhumain-lignage\/\",\"name\":\"[ANONYME] LE Miroir de la r\u00e9demption de l'humain lignage. - Libairie Clavreuil\",\"isPartOf\":{\"@id\":\"https:\/\/www.librairieclavreuil.com\/#website\"},\"primaryImageOfPage\":{\"@id\":\"https:\/\/www.librairieclavreuil.com\/en\/anonyme-le-miroir-de-la-redemption-de-lhumain-lignage\/#primaryimage\"},\"image\":{\"@id\":\"https:\/\/www.librairieclavreuil.com\/en\/anonyme-le-miroir-de-la-redemption-de-lhumain-lignage\/#primaryimage\"},\"thumbnailUrl\":\"https:\/\/www.librairieclavreuil.com\/wp-content\/uploads\/2025\/02\/unknown-le-miroir-de-la-redemption-de-l-humain-lignage-6709-6631095333b6c.jpg\",\"datePublished\":\"2025-02-12T15:53:50+00:00\",\"dateModified\":\"2025-06-03T10:42:16+00:00\",\"breadcrumb\":{\"@id\":\"https:\/\/www.librairieclavreuil.com\/en\/anonyme-le-miroir-de-la-redemption-de-lhumain-lignage\/#breadcrumb\"},\"inLanguage\":\"en-US\",\"potentialAction\":[{\"@type\":\"ReadAction\",\"target\":[\"https:\/\/www.librairieclavreuil.com\/en\/anonyme-le-miroir-de-la-redemption-de-lhumain-lignage\/\"]}]},{\"@type\":\"ImageObject\",\"inLanguage\":\"en-US\",\"@id\":\"https:\/\/www.librairieclavreuil.com\/en\/anonyme-le-miroir-de-la-redemption-de-lhumain-lignage\/#primaryimage\",\"url\":\"https:\/\/www.librairieclavreuil.com\/wp-content\/uploads\/2025\/02\/unknown-le-miroir-de-la-redemption-de-l-humain-lignage-6709-6631095333b6c.jpg\",\"contentUrl\":\"https:\/\/www.librairieclavreuil.com\/wp-content\/uploads\/2025\/02\/unknown-le-miroir-de-la-redemption-de-l-humain-lignage-6709-6631095333b6c.jpg\",\"width\":800,\"height\":569},{\"@type\":\"BreadcrumbList\",\"@id\":\"https:\/\/www.librairieclavreuil.com\/en\/anonyme-le-miroir-de-la-redemption-de-lhumain-lignage\/#breadcrumb\",\"itemListElement\":[{\"@type\":\"ListItem\",\"position\":1,\"name\":\"Accueil\",\"item\":\"https:\/\/www.librairieclavreuil.com\/\"},{\"@type\":\"ListItem\",\"position\":2,\"name\":\"All our books\",\"item\":\"https:\/\/www.librairieclavreuil.com\/en\/all-our-books\/\"},{\"@type\":\"ListItem\",\"position\":3,\"name\":\"[ANONYME] LE Miroir de la r\u00e9demption de l&rsquo;humain...\"}]},{\"@type\":\"WebSite\",\"@id\":\"https:\/\/www.librairieclavreuil.com\/#website\",\"url\":\"https:\/\/www.librairieclavreuil.com\/\",\"name\":\"Libairie Clavreuil\",\"description\":\"Livres anciens, manuscrits rares et \u00e9ditions originales \u2013 Librairie Clavreuil\",\"publisher\":{\"@id\":\"https:\/\/www.librairieclavreuil.com\/#organization\"},\"potentialAction\":[{\"@type\":\"SearchAction\",\"target\":{\"@type\":\"EntryPoint\",\"urlTemplate\":\"https:\/\/www.librairieclavreuil.com\/?s={search_term_string}\"},\"query-input\":{\"@type\":\"PropertyValueSpecification\",\"valueRequired\":true,\"valueName\":\"search_term_string\"}}],\"inLanguage\":\"en-US\"},{\"@type\":\"Organization\",\"@id\":\"https:\/\/www.librairieclavreuil.com\/#organization\",\"name\":\"Libairie Clavreuil\",\"url\":\"https:\/\/www.librairieclavreuil.com\/\",\"logo\":{\"@type\":\"ImageObject\",\"inLanguage\":\"en-US\",\"@id\":\"https:\/\/www.librairieclavreuil.com\/#\/schema\/logo\/image\/\",\"url\":\"https:\/\/www.librairieclavreuil.com\/wp-content\/uploads\/2021\/06\/cropped-LOGO_PNG_DATE-_gold-512x512-1.png\",\"contentUrl\":\"https:\/\/www.librairieclavreuil.com\/wp-content\/uploads\/2021\/06\/cropped-LOGO_PNG_DATE-_gold-512x512-1.png\",\"width\":512,\"height\":512,\"caption\":\"Libairie Clavreuil\"},\"image\":{\"@id\":\"https:\/\/www.librairieclavreuil.com\/#\/schema\/logo\/image\/\"},\"sameAs\":[\"https:\/\/www.instagram.com\/librairieclavreuil\/\"]}]}<\/script>\n<!-- \/ Yoast SEO plugin. -->","yoast_head_json":{"title":"[ANONYME]  LE Miroir de la r\u00e9demption de l'humain lignage. - Libairie Clavreuil","robots":{"index":"index","follow":"follow","max-snippet":"max-snippet:-1","max-image-preview":"max-image-preview:large","max-video-preview":"max-video-preview:-1"},"canonical":"https:\/\/www.librairieclavreuil.com\/en\/anonyme-le-miroir-de-la-redemption-de-lhumain-lignage\/","og_locale":"en_US","og_type":"article","og_title":"[ANONYME]  LE Miroir de la r\u00e9demption de l'humain lignage. - Libairie Clavreuil","og_description":"&nbsp;Folio (332 x 246 mm) 204 leaves (of 206, first and last blank removed at an earlier stage) of which first 3 nn.ll, then num. I-CCI. Collation: *4-1 a-z \u00e78 \u00b510-1. Modern white calf decorated in blind by Louis Bescond dated 2016, additional decoration in red and gilt, flat spine decorated in blind, endpapers with gold leaf, fly-leaves in reversed calf, matching chemise and slipcase.&nbsp;","og_url":"https:\/\/www.librairieclavreuil.com\/en\/anonyme-le-miroir-de-la-redemption-de-lhumain-lignage\/","og_site_name":"Libairie Clavreuil","article_modified_time":"2025-06-03T10:42:16+00:00","og_image":[{"width":800,"height":569,"url":"https:\/\/www.librairieclavreuil.com\/wp-content\/uploads\/2025\/02\/unknown-le-miroir-de-la-redemption-de-l-humain-lignage-6709-6631095333b6c.jpg","type":"image\/jpeg"}],"twitter_card":"summary_large_image","twitter_misc":{"Est. reading time":"3 minutes"},"schema":{"@context":"https:\/\/schema.org","@graph":[{"@type":"WebPage","@id":"https:\/\/www.librairieclavreuil.com\/en\/anonyme-le-miroir-de-la-redemption-de-lhumain-lignage\/","url":"https:\/\/www.librairieclavreuil.com\/en\/anonyme-le-miroir-de-la-redemption-de-lhumain-lignage\/","name":"[ANONYME] LE Miroir de la r\u00e9demption de l'humain lignage. - Libairie Clavreuil","isPartOf":{"@id":"https:\/\/www.librairieclavreuil.com\/#website"},"primaryImageOfPage":{"@id":"https:\/\/www.librairieclavreuil.com\/en\/anonyme-le-miroir-de-la-redemption-de-lhumain-lignage\/#primaryimage"},"image":{"@id":"https:\/\/www.librairieclavreuil.com\/en\/anonyme-le-miroir-de-la-redemption-de-lhumain-lignage\/#primaryimage"},"thumbnailUrl":"https:\/\/www.librairieclavreuil.com\/wp-content\/uploads\/2025\/02\/unknown-le-miroir-de-la-redemption-de-l-humain-lignage-6709-6631095333b6c.jpg","datePublished":"2025-02-12T15:53:50+00:00","dateModified":"2025-06-03T10:42:16+00:00","breadcrumb":{"@id":"https:\/\/www.librairieclavreuil.com\/en\/anonyme-le-miroir-de-la-redemption-de-lhumain-lignage\/#breadcrumb"},"inLanguage":"en-US","potentialAction":[{"@type":"ReadAction","target":["https:\/\/www.librairieclavreuil.com\/en\/anonyme-le-miroir-de-la-redemption-de-lhumain-lignage\/"]}]},{"@type":"ImageObject","inLanguage":"en-US","@id":"https:\/\/www.librairieclavreuil.com\/en\/anonyme-le-miroir-de-la-redemption-de-lhumain-lignage\/#primaryimage","url":"https:\/\/www.librairieclavreuil.com\/wp-content\/uploads\/2025\/02\/unknown-le-miroir-de-la-redemption-de-l-humain-lignage-6709-6631095333b6c.jpg","contentUrl":"https:\/\/www.librairieclavreuil.com\/wp-content\/uploads\/2025\/02\/unknown-le-miroir-de-la-redemption-de-l-humain-lignage-6709-6631095333b6c.jpg","width":800,"height":569},{"@type":"BreadcrumbList","@id":"https:\/\/www.librairieclavreuil.com\/en\/anonyme-le-miroir-de-la-redemption-de-lhumain-lignage\/#breadcrumb","itemListElement":[{"@type":"ListItem","position":1,"name":"Accueil","item":"https:\/\/www.librairieclavreuil.com\/"},{"@type":"ListItem","position":2,"name":"All our books","item":"https:\/\/www.librairieclavreuil.com\/en\/all-our-books\/"},{"@type":"ListItem","position":3,"name":"[ANONYME] LE Miroir de la r\u00e9demption de l&rsquo;humain..."}]},{"@type":"WebSite","@id":"https:\/\/www.librairieclavreuil.com\/#website","url":"https:\/\/www.librairieclavreuil.com\/","name":"Libairie Clavreuil","description":"Livres anciens, manuscrits rares et \u00e9ditions originales \u2013 Librairie Clavreuil","publisher":{"@id":"https:\/\/www.librairieclavreuil.com\/#organization"},"potentialAction":[{"@type":"SearchAction","target":{"@type":"EntryPoint","urlTemplate":"https:\/\/www.librairieclavreuil.com\/?s={search_term_string}"},"query-input":{"@type":"PropertyValueSpecification","valueRequired":true,"valueName":"search_term_string"}}],"inLanguage":"en-US"},{"@type":"Organization","@id":"https:\/\/www.librairieclavreuil.com\/#organization","name":"Libairie Clavreuil","url":"https:\/\/www.librairieclavreuil.com\/","logo":{"@type":"ImageObject","inLanguage":"en-US","@id":"https:\/\/www.librairieclavreuil.com\/#\/schema\/logo\/image\/","url":"https:\/\/www.librairieclavreuil.com\/wp-content\/uploads\/2021\/06\/cropped-LOGO_PNG_DATE-_gold-512x512-1.png","contentUrl":"https:\/\/www.librairieclavreuil.com\/wp-content\/uploads\/2021\/06\/cropped-LOGO_PNG_DATE-_gold-512x512-1.png","width":512,"height":512,"caption":"Libairie Clavreuil"},"image":{"@id":"https:\/\/www.librairieclavreuil.com\/#\/schema\/logo\/image\/"},"sameAs":["https:\/\/www.instagram.com\/librairieclavreuil\/"]}]}},"jetpack_sharing_enabled":true,"_links":{"self":[{"href":"https:\/\/www.librairieclavreuil.com\/en\/wp-json\/wp\/v2\/product\/83058","targetHints":{"allow":["GET"]}}],"collection":[{"href":"https:\/\/www.librairieclavreuil.com\/en\/wp-json\/wp\/v2\/product"}],"about":[{"href":"https:\/\/www.librairieclavreuil.com\/en\/wp-json\/wp\/v2\/types\/product"}],"replies":[{"embeddable":true,"href":"https:\/\/www.librairieclavreuil.com\/en\/wp-json\/wp\/v2\/comments?post=83058"}],"wp:featuredmedia":[{"embeddable":true,"href":"https:\/\/www.librairieclavreuil.com\/en\/wp-json\/wp\/v2\/media\/83043"}],"wp:attachment":[{"href":"https:\/\/www.librairieclavreuil.com\/en\/wp-json\/wp\/v2\/media?parent=83058"}],"wp:term":[{"taxonomy":"product_brand","embeddable":true,"href":"https:\/\/www.librairieclavreuil.com\/en\/wp-json\/wp\/v2\/product_brand?post=83058"},{"taxonomy":"product_cat","embeddable":true,"href":"https:\/\/www.librairieclavreuil.com\/en\/wp-json\/wp\/v2\/product_cat?post=83058"},{"taxonomy":"product_tag","embeddable":true,"href":"https:\/\/www.librairieclavreuil.com\/en\/wp-json\/wp\/v2\/product_tag?post=83058"}],"curies":[{"name":"wp","href":"https:\/\/api.w.org\/{rel}","templated":true}]}}