{"id":82958,"date":"2025-02-12T15:00:29","date_gmt":"2025-02-12T14:00:29","guid":{"rendered":"https:\/\/www.librairieclavreuil.com\/banville-theodore-de-paris-et-le-nouveau-louvre-ode\/"},"modified":"2025-10-03T18:29:19","modified_gmt":"2025-10-03T16:29:19","slug":"banville-theodore-de-paris-et-le-nouveau-louvre-ode","status":"publish","type":"product","link":"https:\/\/www.librairieclavreuil.com\/en\/banville-theodore-de-paris-et-le-nouveau-louvre-ode\/","title":{"rendered":"BANVILLE Th\u00e9odore de Paris et le nouveau Louvre...."},"content":{"rendered":"<p style=\"text-align:justify\"><i>Carteret I, 264 ; Oberl\u00e9, 156 ; Vicaire I, 264.<\/i><\/p>\n<p style=\"text-align:justify\"><span style=\"font-variant:small-caps\">First edition, printed in 400 copies on Hollande paper.<\/span><\/p>\n<p style=\"text-align:justify\">This book is printed entirely in italics. This ode to Paris is set against the backdrop of the work to link the Louvre to the Palais des Tuileries, a vast undertaking conceived by Henri IV but only carried out by Napoleon III.<\/p>\n<p style=\"text-align:justify\">Hector-Martin Lefuel worked on the construction, following plans by Louis Visconti. It took almost a decade (1854-1862) for the project to be completed. The inauguration took place before the work was completed, on 14 August 1857. Banville&#8217;s <i>Ode<\/i> was published 2 months earlier, in June. It was ironically dedicated to Doctor V\u00e9ron.<\/p>\n<p style=\"text-align:justify\">In his <i>Odes funambulesques<\/i>, published a few months earlier, Banville had fun ridiculing the doctor in the poem \u2018V&#8230; le baigneur\u2019. The satirical verses are violent and are a reaction to the events that had taken place in 1856 within the <i>Soci\u00e9t\u00e9 des Gens de Lettres<\/i>. A poetry competition financed by Doctor V\u00e9ron was organised. He wanted to encourage moral and Napoleonic literature. On the day the prizes were announced, writers hostile to the current regime booed the competition&#8217;s directors: M\u00e9rim\u00e9e, Sainte-Beuve and V\u00e9ron.<\/p>\n<p style=\"text-align:justify\">Provenance: unidentified bookplate \u2018Mihi Tantum, Mihi Tantum\u2019 by G. Huot.<\/p>\n","protected":false},"excerpt":{"rendered":"<p>12mo (175 x 115 mm) 29 pp., 1 nn.l. (printer&#8217;s device). Creme coloured buckram, flat spine, oiginal blue printed covers bound-in.<\/p>\n","protected":false},"featured_media":82951,"comment_status":"open","ping_status":"closed","template":"","meta":{"_acf_changed":false},"product_brand":[],"product_cat":[544],"product_tag":[598,1450],"class_list":{"0":"post-82958","1":"product","2":"type-product","3":"status-publish","4":"has-post-thumbnail","6":"product_cat-literature","7":"product_tag-19th-century-literature","8":"product_tag-first-edition","9":"pa_auteur-banville-theodore-de-2","10":"pa_type-de-livre-printed-book","12":"first","13":"outofstock","14":"shipping-taxable","15":"purchasable","16":"product-type-simple"},"acf":{"artist":" Th\u00e9odore de BANVILLE","chapeau":"","adresse_bibliographique":"Paris, Poulet-Malassis et de Broise, 1857","book_type":"Printed book","provenance":"","afficher_prix":""},"yoast_head":"<!-- This site is optimized with the Yoast SEO plugin v24.7 - https:\/\/yoast.com\/wordpress\/plugins\/seo\/ -->\n<title>BANVILLE Th\u00e9odore de Paris et le nouveau Louvre. Ode. - Libairie Clavreuil<\/title>\n<meta name=\"robots\" content=\"index, follow, max-snippet:-1, max-image-preview:large, max-video-preview:-1\" \/>\n<link rel=\"canonical\" href=\"https:\/\/www.librairieclavreuil.com\/en\/banville-theodore-de-paris-et-le-nouveau-louvre-ode\/\" \/>\n<meta property=\"og:locale\" content=\"en_US\" \/>\n<meta property=\"og:type\" content=\"article\" \/>\n<meta property=\"og:title\" content=\"BANVILLE Th\u00e9odore de Paris et le nouveau Louvre. Ode. - Libairie Clavreuil\" \/>\n<meta property=\"og:description\" content=\"12mo (175 x 115 mm) 29 pp., 1 nn.l. (printer&#039;s device). Creme coloured buckram, flat spine, oiginal blue printed covers bound-in.\" \/>\n<meta property=\"og:url\" content=\"https:\/\/www.librairieclavreuil.com\/en\/banville-theodore-de-paris-et-le-nouveau-louvre-ode\/\" \/>\n<meta property=\"og:site_name\" content=\"Libairie Clavreuil\" \/>\n<meta property=\"article:modified_time\" content=\"2025-10-03T16:29:19+00:00\" \/>\n<meta property=\"og:image\" content=\"https:\/\/www.librairieclavreuil.com\/wp-content\/uploads\/2025\/02\/theodore-de-banville-paris-et-le-nouveau-louvre-ode-8366-662fb6e408b90.jpg\" \/>\n\t<meta property=\"og:image:width\" content=\"533\" \/>\n\t<meta property=\"og:image:height\" content=\"800\" \/>\n\t<meta property=\"og:image:type\" content=\"image\/jpeg\" \/>\n<meta name=\"twitter:card\" content=\"summary_large_image\" \/>\n<meta name=\"twitter:label1\" content=\"Est. reading time\" \/>\n\t<meta name=\"twitter:data1\" content=\"1 minute\" \/>\n<script type=\"application\/ld+json\" class=\"yoast-schema-graph\">{\"@context\":\"https:\/\/schema.org\",\"@graph\":[{\"@type\":\"WebPage\",\"@id\":\"https:\/\/www.librairieclavreuil.com\/en\/banville-theodore-de-paris-et-le-nouveau-louvre-ode\/\",\"url\":\"https:\/\/www.librairieclavreuil.com\/en\/banville-theodore-de-paris-et-le-nouveau-louvre-ode\/\",\"name\":\"BANVILLE Th\u00e9odore de Paris et le nouveau Louvre. Ode. - Libairie Clavreuil\",\"isPartOf\":{\"@id\":\"https:\/\/www.librairieclavreuil.com\/#website\"},\"primaryImageOfPage\":{\"@id\":\"https:\/\/www.librairieclavreuil.com\/en\/banville-theodore-de-paris-et-le-nouveau-louvre-ode\/#primaryimage\"},\"image\":{\"@id\":\"https:\/\/www.librairieclavreuil.com\/en\/banville-theodore-de-paris-et-le-nouveau-louvre-ode\/#primaryimage\"},\"thumbnailUrl\":\"https:\/\/www.librairieclavreuil.com\/wp-content\/uploads\/2025\/02\/theodore-de-banville-paris-et-le-nouveau-louvre-ode-8366-662fb6e408b90.jpg\",\"datePublished\":\"2025-02-12T14:00:29+00:00\",\"dateModified\":\"2025-10-03T16:29:19+00:00\",\"breadcrumb\":{\"@id\":\"https:\/\/www.librairieclavreuil.com\/en\/banville-theodore-de-paris-et-le-nouveau-louvre-ode\/#breadcrumb\"},\"inLanguage\":\"en-US\",\"potentialAction\":[{\"@type\":\"ReadAction\",\"target\":[\"https:\/\/www.librairieclavreuil.com\/en\/banville-theodore-de-paris-et-le-nouveau-louvre-ode\/\"]}]},{\"@type\":\"ImageObject\",\"inLanguage\":\"en-US\",\"@id\":\"https:\/\/www.librairieclavreuil.com\/en\/banville-theodore-de-paris-et-le-nouveau-louvre-ode\/#primaryimage\",\"url\":\"https:\/\/www.librairieclavreuil.com\/wp-content\/uploads\/2025\/02\/theodore-de-banville-paris-et-le-nouveau-louvre-ode-8366-662fb6e408b90.jpg\",\"contentUrl\":\"https:\/\/www.librairieclavreuil.com\/wp-content\/uploads\/2025\/02\/theodore-de-banville-paris-et-le-nouveau-louvre-ode-8366-662fb6e408b90.jpg\",\"width\":533,\"height\":800},{\"@type\":\"BreadcrumbList\",\"@id\":\"https:\/\/www.librairieclavreuil.com\/en\/banville-theodore-de-paris-et-le-nouveau-louvre-ode\/#breadcrumb\",\"itemListElement\":[{\"@type\":\"ListItem\",\"position\":1,\"name\":\"Accueil\",\"item\":\"https:\/\/www.librairieclavreuil.com\/\"},{\"@type\":\"ListItem\",\"position\":2,\"name\":\"All our books\",\"item\":\"https:\/\/www.librairieclavreuil.com\/en\/all-our-books\/\"},{\"@type\":\"ListItem\",\"position\":3,\"name\":\"BANVILLE Th\u00e9odore de Paris et le nouveau Louvre....\"}]},{\"@type\":\"WebSite\",\"@id\":\"https:\/\/www.librairieclavreuil.com\/#website\",\"url\":\"https:\/\/www.librairieclavreuil.com\/\",\"name\":\"Libairie Clavreuil\",\"description\":\"Livres anciens, manuscrits rares et \u00e9ditions originales \u2013 Librairie Clavreuil\",\"publisher\":{\"@id\":\"https:\/\/www.librairieclavreuil.com\/#organization\"},\"potentialAction\":[{\"@type\":\"SearchAction\",\"target\":{\"@type\":\"EntryPoint\",\"urlTemplate\":\"https:\/\/www.librairieclavreuil.com\/?s={search_term_string}\"},\"query-input\":{\"@type\":\"PropertyValueSpecification\",\"valueRequired\":true,\"valueName\":\"search_term_string\"}}],\"inLanguage\":\"en-US\"},{\"@type\":\"Organization\",\"@id\":\"https:\/\/www.librairieclavreuil.com\/#organization\",\"name\":\"Libairie Clavreuil\",\"url\":\"https:\/\/www.librairieclavreuil.com\/\",\"logo\":{\"@type\":\"ImageObject\",\"inLanguage\":\"en-US\",\"@id\":\"https:\/\/www.librairieclavreuil.com\/#\/schema\/logo\/image\/\",\"url\":\"https:\/\/www.librairieclavreuil.com\/wp-content\/uploads\/2021\/06\/cropped-LOGO_PNG_DATE-_gold-512x512-1.png\",\"contentUrl\":\"https:\/\/www.librairieclavreuil.com\/wp-content\/uploads\/2021\/06\/cropped-LOGO_PNG_DATE-_gold-512x512-1.png\",\"width\":512,\"height\":512,\"caption\":\"Libairie Clavreuil\"},\"image\":{\"@id\":\"https:\/\/www.librairieclavreuil.com\/#\/schema\/logo\/image\/\"},\"sameAs\":[\"https:\/\/www.instagram.com\/librairieclavreuil\/\"]}]}<\/script>\n<!-- \/ Yoast SEO plugin. -->","yoast_head_json":{"title":"BANVILLE Th\u00e9odore de Paris et le nouveau Louvre. Ode. - Libairie Clavreuil","robots":{"index":"index","follow":"follow","max-snippet":"max-snippet:-1","max-image-preview":"max-image-preview:large","max-video-preview":"max-video-preview:-1"},"canonical":"https:\/\/www.librairieclavreuil.com\/en\/banville-theodore-de-paris-et-le-nouveau-louvre-ode\/","og_locale":"en_US","og_type":"article","og_title":"BANVILLE Th\u00e9odore de Paris et le nouveau Louvre. Ode. - Libairie Clavreuil","og_description":"12mo (175 x 115 mm) 29 pp., 1 nn.l. (printer's device). Creme coloured buckram, flat spine, oiginal blue printed covers bound-in.","og_url":"https:\/\/www.librairieclavreuil.com\/en\/banville-theodore-de-paris-et-le-nouveau-louvre-ode\/","og_site_name":"Libairie Clavreuil","article_modified_time":"2025-10-03T16:29:19+00:00","og_image":[{"width":533,"height":800,"url":"https:\/\/www.librairieclavreuil.com\/wp-content\/uploads\/2025\/02\/theodore-de-banville-paris-et-le-nouveau-louvre-ode-8366-662fb6e408b90.jpg","type":"image\/jpeg"}],"twitter_card":"summary_large_image","twitter_misc":{"Est. reading time":"1 minute"},"schema":{"@context":"https:\/\/schema.org","@graph":[{"@type":"WebPage","@id":"https:\/\/www.librairieclavreuil.com\/en\/banville-theodore-de-paris-et-le-nouveau-louvre-ode\/","url":"https:\/\/www.librairieclavreuil.com\/en\/banville-theodore-de-paris-et-le-nouveau-louvre-ode\/","name":"BANVILLE Th\u00e9odore de Paris et le nouveau Louvre. Ode. - Libairie Clavreuil","isPartOf":{"@id":"https:\/\/www.librairieclavreuil.com\/#website"},"primaryImageOfPage":{"@id":"https:\/\/www.librairieclavreuil.com\/en\/banville-theodore-de-paris-et-le-nouveau-louvre-ode\/#primaryimage"},"image":{"@id":"https:\/\/www.librairieclavreuil.com\/en\/banville-theodore-de-paris-et-le-nouveau-louvre-ode\/#primaryimage"},"thumbnailUrl":"https:\/\/www.librairieclavreuil.com\/wp-content\/uploads\/2025\/02\/theodore-de-banville-paris-et-le-nouveau-louvre-ode-8366-662fb6e408b90.jpg","datePublished":"2025-02-12T14:00:29+00:00","dateModified":"2025-10-03T16:29:19+00:00","breadcrumb":{"@id":"https:\/\/www.librairieclavreuil.com\/en\/banville-theodore-de-paris-et-le-nouveau-louvre-ode\/#breadcrumb"},"inLanguage":"en-US","potentialAction":[{"@type":"ReadAction","target":["https:\/\/www.librairieclavreuil.com\/en\/banville-theodore-de-paris-et-le-nouveau-louvre-ode\/"]}]},{"@type":"ImageObject","inLanguage":"en-US","@id":"https:\/\/www.librairieclavreuil.com\/en\/banville-theodore-de-paris-et-le-nouveau-louvre-ode\/#primaryimage","url":"https:\/\/www.librairieclavreuil.com\/wp-content\/uploads\/2025\/02\/theodore-de-banville-paris-et-le-nouveau-louvre-ode-8366-662fb6e408b90.jpg","contentUrl":"https:\/\/www.librairieclavreuil.com\/wp-content\/uploads\/2025\/02\/theodore-de-banville-paris-et-le-nouveau-louvre-ode-8366-662fb6e408b90.jpg","width":533,"height":800},{"@type":"BreadcrumbList","@id":"https:\/\/www.librairieclavreuil.com\/en\/banville-theodore-de-paris-et-le-nouveau-louvre-ode\/#breadcrumb","itemListElement":[{"@type":"ListItem","position":1,"name":"Accueil","item":"https:\/\/www.librairieclavreuil.com\/"},{"@type":"ListItem","position":2,"name":"All our books","item":"https:\/\/www.librairieclavreuil.com\/en\/all-our-books\/"},{"@type":"ListItem","position":3,"name":"BANVILLE Th\u00e9odore de Paris et le nouveau Louvre...."}]},{"@type":"WebSite","@id":"https:\/\/www.librairieclavreuil.com\/#website","url":"https:\/\/www.librairieclavreuil.com\/","name":"Libairie Clavreuil","description":"Livres anciens, manuscrits rares et \u00e9ditions originales \u2013 Librairie Clavreuil","publisher":{"@id":"https:\/\/www.librairieclavreuil.com\/#organization"},"potentialAction":[{"@type":"SearchAction","target":{"@type":"EntryPoint","urlTemplate":"https:\/\/www.librairieclavreuil.com\/?s={search_term_string}"},"query-input":{"@type":"PropertyValueSpecification","valueRequired":true,"valueName":"search_term_string"}}],"inLanguage":"en-US"},{"@type":"Organization","@id":"https:\/\/www.librairieclavreuil.com\/#organization","name":"Libairie Clavreuil","url":"https:\/\/www.librairieclavreuil.com\/","logo":{"@type":"ImageObject","inLanguage":"en-US","@id":"https:\/\/www.librairieclavreuil.com\/#\/schema\/logo\/image\/","url":"https:\/\/www.librairieclavreuil.com\/wp-content\/uploads\/2021\/06\/cropped-LOGO_PNG_DATE-_gold-512x512-1.png","contentUrl":"https:\/\/www.librairieclavreuil.com\/wp-content\/uploads\/2021\/06\/cropped-LOGO_PNG_DATE-_gold-512x512-1.png","width":512,"height":512,"caption":"Libairie Clavreuil"},"image":{"@id":"https:\/\/www.librairieclavreuil.com\/#\/schema\/logo\/image\/"},"sameAs":["https:\/\/www.instagram.com\/librairieclavreuil\/"]}]}},"jetpack_sharing_enabled":true,"_links":{"self":[{"href":"https:\/\/www.librairieclavreuil.com\/en\/wp-json\/wp\/v2\/product\/82958","targetHints":{"allow":["GET"]}}],"collection":[{"href":"https:\/\/www.librairieclavreuil.com\/en\/wp-json\/wp\/v2\/product"}],"about":[{"href":"https:\/\/www.librairieclavreuil.com\/en\/wp-json\/wp\/v2\/types\/product"}],"replies":[{"embeddable":true,"href":"https:\/\/www.librairieclavreuil.com\/en\/wp-json\/wp\/v2\/comments?post=82958"}],"wp:featuredmedia":[{"embeddable":true,"href":"https:\/\/www.librairieclavreuil.com\/en\/wp-json\/wp\/v2\/media\/82951"}],"wp:attachment":[{"href":"https:\/\/www.librairieclavreuil.com\/en\/wp-json\/wp\/v2\/media?parent=82958"}],"wp:term":[{"taxonomy":"product_brand","embeddable":true,"href":"https:\/\/www.librairieclavreuil.com\/en\/wp-json\/wp\/v2\/product_brand?post=82958"},{"taxonomy":"product_cat","embeddable":true,"href":"https:\/\/www.librairieclavreuil.com\/en\/wp-json\/wp\/v2\/product_cat?post=82958"},{"taxonomy":"product_tag","embeddable":true,"href":"https:\/\/www.librairieclavreuil.com\/en\/wp-json\/wp\/v2\/product_tag?post=82958"}],"curies":[{"name":"wp","href":"https:\/\/api.w.org\/{rel}","templated":true}]}}