{"id":82746,"date":"2025-01-24T15:34:26","date_gmt":"2025-01-24T14:34:26","guid":{"rendered":"https:\/\/www.librairieclavreuil.com\/la-courvee-jean-claude-de-discours-sur-la-sortie-des-dens-aux-petits-enfans\/"},"modified":"2025-09-25T15:04:38","modified_gmt":"2025-09-25T13:04:38","slug":"la-courvee-jean-claude-de-discours-sur-la-sortie-des-dens-aux-petits-enfans","status":"publish","type":"product","link":"https:\/\/www.librairieclavreuil.com\/en\/la-courvee-jean-claude-de-discours-sur-la-sortie-des-dens-aux-petits-enfans\/","title":{"rendered":"LA COURV\u00c9E Jean-Claude de Discours sur la sortie..."},"content":{"rendered":"<p style=\"text-align:justify\"><i>Krivatsy, 6543; David, p. 15. Not in Waller, Wellcome, Poletti and Weinberger.<\/i><\/p>\n<p style=\"text-align:justify\"><span style=\"font-variant:small-caps\">First edition, extremely rare.<\/span><\/p>\n<p style=\"text-align:justify\">Dedicated to the Queen of Poland and Sweden, the work begins with an overview of dentition, beginning with an explanation of the absence of teeth at birth, followed by numerology to define the \u2018good\u2019 and \u2018bad\u2019 months for teething. The doctor puts forward ideas about how late teething would harden the gums, making teething more painful or even dangerous. The next chapter deals with the effects of food on dentition, starting with \u2018milk that is too thick\u2019 due to the mother&#8217;s moods, followed by the correct choice of a nurse to ensure that the milk is perfect for growth. Finally, he recommends perfect child hygiene (for example, regular baths in a well-tempered environment) to ensure good teething. In the event of catarrh due to dentition, the doctor considers that bloodletting is necessary, followed by the application of \u2018a fire button behind the teste\u2019. The book ends with a very detailed table covering all the subjects discussed.<\/p>\n<p style=\"text-align:justify\">Jean-Claude de la Courv\u00e9e (ca. 1615-1664) was born in V\u00e9soul in Franche-Comt\u00e9 and died in Poland. After studying in Paris, he waged a bitter war against the practice of bloodletting and attracted the ire of the famous physician Guy Patin. To escape these quarrels, La Courv\u00e9e settled in Poland, where he was appointed physician to the Queen of Poland around 1650.<\/p>\n<p style=\"text-align:justify\">\u201c<i>Jean-Claude de La Courv\u00e9e (Vesoul vers 1615-Pologne vers 1664) avait \u00e9tudi\u00e9 la m\u00e9decine \u00e0 Paris (sans y recevoir le bonnet doctoral), puis s\u2019\u00e9tait \u00e9tabli \u00e0 Argenteuil. Il se fit bient\u00f4t conna\u00eetre en combattant l\u2019usage fr\u00e9quent de la saign\u00e9e et en recommandant l\u2019emploi de l\u2019\u00e9m\u00e9tique. Ces id\u00e9es lui avaient valu de violentes attaques. Pour \u00e9chapper aux tracasseries de la Facult\u00e9, La Courv\u00e9e s\u2019\u00e9tait rendu en Pologne et y \u00e9tait devenu m\u00e9decin de la reine Marie<\/i>\u201d (Descuret in Panckoucke).<\/p>\n<p style=\"text-align:justify\">WorldCat has located only 4 copies of this extremely rare edition (France: BnF; Poland: Krakow; Spain: Madrid, Complutense; United Kingdom: British Library). The other 3 copies (Poznan, Ottawa and Bethesda) are reputed to be microfilms. We have not been able to find any copies of this work offered at auction.<\/p>\n<p style=\"text-align:justify\">Some printing errors corrected by hand.<\/p>\n<p style=\"text-align:justify\">Provenance: F\u00e9lix S\u00e9guin (bookseller&#8217;s label).<\/p>\n","protected":false},"excerpt":{"rendered":"<p style=\"text-align:justify\">4to (186 x 145 mm) 4 nn.ll., 148 pp., 6 nn.ll. (including last blank). Recased in its original flexible vellum (with 32 blank leaves added at the end).<\/p>\n","protected":false},"featured_media":82741,"comment_status":"open","ping_status":"closed","template":"","meta":{"_acf_changed":false},"product_brand":[],"product_cat":[548],"product_tag":[1296],"class_list":{"0":"post-82746","1":"product","2":"type-product","3":"status-publish","4":"has-post-thumbnail","6":"product_cat-medicine","7":"product_tag-teeth","8":"pa_auteur-la-courvee-jean-claude-de-2","9":"pa_type-de-livre-printed-book","11":"first","12":"instock","13":"shipping-taxable","14":"purchasable","15":"product-type-simple"},"acf":{"artist":"Jean-Claude de LA COURV\u00c9E","chapeau":"Excessively rare Varsow imprint","adresse_bibliographique":"Varsovie, Pierre Ellert, 1651","book_type":"Printed book","provenance":"","afficher_prix":""},"yoast_head":"<!-- This site is optimized with the Yoast SEO plugin v24.7 - https:\/\/yoast.com\/wordpress\/plugins\/seo\/ -->\n<title>LA COURV\u00c9E Jean-Claude de Discours sur la sortie des dens aux petits enfans. - Libairie Clavreuil<\/title>\n<meta name=\"robots\" content=\"index, follow, max-snippet:-1, max-image-preview:large, max-video-preview:-1\" \/>\n<link rel=\"canonical\" href=\"https:\/\/www.librairieclavreuil.com\/en\/la-courvee-jean-claude-de-discours-sur-la-sortie-des-dens-aux-petits-enfans\/\" \/>\n<meta property=\"og:locale\" content=\"en_US\" \/>\n<meta property=\"og:type\" content=\"article\" \/>\n<meta property=\"og:title\" content=\"LA COURV\u00c9E Jean-Claude de Discours sur la sortie des dens aux petits enfans. - Libairie Clavreuil\" \/>\n<meta property=\"og:description\" content=\"4to (186 x 145 mm) 4 nn.ll., 148 pp., 6 nn.ll. (including last blank). Recased in its original flexible vellum (with 32 blank leaves added at the end).\" \/>\n<meta property=\"og:url\" content=\"https:\/\/www.librairieclavreuil.com\/en\/la-courvee-jean-claude-de-discours-sur-la-sortie-des-dens-aux-petits-enfans\/\" \/>\n<meta property=\"og:site_name\" content=\"Libairie Clavreuil\" \/>\n<meta property=\"article:modified_time\" content=\"2025-09-25T13:04:38+00:00\" \/>\n<meta property=\"og:image\" content=\"https:\/\/www.librairieclavreuil.com\/wp-content\/uploads\/2025\/01\/jean-claude-de-la-courvee-discours-sur-la-sortie-des-dens-aux-petits-enfans-9591-6793a4892dcc9.jpg\" \/>\n\t<meta property=\"og:image:width\" content=\"622\" \/>\n\t<meta property=\"og:image:height\" content=\"800\" \/>\n\t<meta property=\"og:image:type\" content=\"image\/jpeg\" \/>\n<meta name=\"twitter:card\" content=\"summary_large_image\" \/>\n<meta name=\"twitter:label1\" content=\"Est. reading time\" \/>\n\t<meta name=\"twitter:data1\" content=\"2 minutes\" \/>\n<script type=\"application\/ld+json\" class=\"yoast-schema-graph\">{\"@context\":\"https:\/\/schema.org\",\"@graph\":[{\"@type\":\"WebPage\",\"@id\":\"https:\/\/www.librairieclavreuil.com\/en\/la-courvee-jean-claude-de-discours-sur-la-sortie-des-dens-aux-petits-enfans\/\",\"url\":\"https:\/\/www.librairieclavreuil.com\/en\/la-courvee-jean-claude-de-discours-sur-la-sortie-des-dens-aux-petits-enfans\/\",\"name\":\"LA COURV\u00c9E Jean-Claude de Discours sur la sortie des dens aux petits enfans. - Libairie Clavreuil\",\"isPartOf\":{\"@id\":\"https:\/\/www.librairieclavreuil.com\/#website\"},\"primaryImageOfPage\":{\"@id\":\"https:\/\/www.librairieclavreuil.com\/en\/la-courvee-jean-claude-de-discours-sur-la-sortie-des-dens-aux-petits-enfans\/#primaryimage\"},\"image\":{\"@id\":\"https:\/\/www.librairieclavreuil.com\/en\/la-courvee-jean-claude-de-discours-sur-la-sortie-des-dens-aux-petits-enfans\/#primaryimage\"},\"thumbnailUrl\":\"https:\/\/www.librairieclavreuil.com\/wp-content\/uploads\/2025\/01\/jean-claude-de-la-courvee-discours-sur-la-sortie-des-dens-aux-petits-enfans-9591-6793a4892dcc9.jpg\",\"datePublished\":\"2025-01-24T14:34:26+00:00\",\"dateModified\":\"2025-09-25T13:04:38+00:00\",\"breadcrumb\":{\"@id\":\"https:\/\/www.librairieclavreuil.com\/en\/la-courvee-jean-claude-de-discours-sur-la-sortie-des-dens-aux-petits-enfans\/#breadcrumb\"},\"inLanguage\":\"en-US\",\"potentialAction\":[{\"@type\":\"ReadAction\",\"target\":[\"https:\/\/www.librairieclavreuil.com\/en\/la-courvee-jean-claude-de-discours-sur-la-sortie-des-dens-aux-petits-enfans\/\"]}]},{\"@type\":\"ImageObject\",\"inLanguage\":\"en-US\",\"@id\":\"https:\/\/www.librairieclavreuil.com\/en\/la-courvee-jean-claude-de-discours-sur-la-sortie-des-dens-aux-petits-enfans\/#primaryimage\",\"url\":\"https:\/\/www.librairieclavreuil.com\/wp-content\/uploads\/2025\/01\/jean-claude-de-la-courvee-discours-sur-la-sortie-des-dens-aux-petits-enfans-9591-6793a4892dcc9.jpg\",\"contentUrl\":\"https:\/\/www.librairieclavreuil.com\/wp-content\/uploads\/2025\/01\/jean-claude-de-la-courvee-discours-sur-la-sortie-des-dens-aux-petits-enfans-9591-6793a4892dcc9.jpg\",\"width\":622,\"height\":800},{\"@type\":\"BreadcrumbList\",\"@id\":\"https:\/\/www.librairieclavreuil.com\/en\/la-courvee-jean-claude-de-discours-sur-la-sortie-des-dens-aux-petits-enfans\/#breadcrumb\",\"itemListElement\":[{\"@type\":\"ListItem\",\"position\":1,\"name\":\"Accueil\",\"item\":\"https:\/\/www.librairieclavreuil.com\/\"},{\"@type\":\"ListItem\",\"position\":2,\"name\":\"All our books\",\"item\":\"https:\/\/www.librairieclavreuil.com\/en\/all-our-books\/\"},{\"@type\":\"ListItem\",\"position\":3,\"name\":\"LA COURV\u00c9E Jean-Claude de Discours sur la sortie...\"}]},{\"@type\":\"WebSite\",\"@id\":\"https:\/\/www.librairieclavreuil.com\/#website\",\"url\":\"https:\/\/www.librairieclavreuil.com\/\",\"name\":\"Libairie Clavreuil\",\"description\":\"Livres anciens, manuscrits rares et \u00e9ditions originales \u2013 Librairie Clavreuil\",\"publisher\":{\"@id\":\"https:\/\/www.librairieclavreuil.com\/#organization\"},\"potentialAction\":[{\"@type\":\"SearchAction\",\"target\":{\"@type\":\"EntryPoint\",\"urlTemplate\":\"https:\/\/www.librairieclavreuil.com\/?s={search_term_string}\"},\"query-input\":{\"@type\":\"PropertyValueSpecification\",\"valueRequired\":true,\"valueName\":\"search_term_string\"}}],\"inLanguage\":\"en-US\"},{\"@type\":\"Organization\",\"@id\":\"https:\/\/www.librairieclavreuil.com\/#organization\",\"name\":\"Libairie Clavreuil\",\"url\":\"https:\/\/www.librairieclavreuil.com\/\",\"logo\":{\"@type\":\"ImageObject\",\"inLanguage\":\"en-US\",\"@id\":\"https:\/\/www.librairieclavreuil.com\/#\/schema\/logo\/image\/\",\"url\":\"https:\/\/www.librairieclavreuil.com\/wp-content\/uploads\/2021\/06\/cropped-LOGO_PNG_DATE-_gold-512x512-1.png\",\"contentUrl\":\"https:\/\/www.librairieclavreuil.com\/wp-content\/uploads\/2021\/06\/cropped-LOGO_PNG_DATE-_gold-512x512-1.png\",\"width\":512,\"height\":512,\"caption\":\"Libairie Clavreuil\"},\"image\":{\"@id\":\"https:\/\/www.librairieclavreuil.com\/#\/schema\/logo\/image\/\"},\"sameAs\":[\"https:\/\/www.instagram.com\/librairieclavreuil\/\"]}]}<\/script>\n<!-- \/ Yoast SEO plugin. -->","yoast_head_json":{"title":"LA COURV\u00c9E Jean-Claude de Discours sur la sortie des dens aux petits enfans. - Libairie Clavreuil","robots":{"index":"index","follow":"follow","max-snippet":"max-snippet:-1","max-image-preview":"max-image-preview:large","max-video-preview":"max-video-preview:-1"},"canonical":"https:\/\/www.librairieclavreuil.com\/en\/la-courvee-jean-claude-de-discours-sur-la-sortie-des-dens-aux-petits-enfans\/","og_locale":"en_US","og_type":"article","og_title":"LA COURV\u00c9E Jean-Claude de Discours sur la sortie des dens aux petits enfans. - Libairie Clavreuil","og_description":"4to (186 x 145 mm) 4 nn.ll., 148 pp., 6 nn.ll. (including last blank). Recased in its original flexible vellum (with 32 blank leaves added at the end).","og_url":"https:\/\/www.librairieclavreuil.com\/en\/la-courvee-jean-claude-de-discours-sur-la-sortie-des-dens-aux-petits-enfans\/","og_site_name":"Libairie Clavreuil","article_modified_time":"2025-09-25T13:04:38+00:00","og_image":[{"width":622,"height":800,"url":"https:\/\/www.librairieclavreuil.com\/wp-content\/uploads\/2025\/01\/jean-claude-de-la-courvee-discours-sur-la-sortie-des-dens-aux-petits-enfans-9591-6793a4892dcc9.jpg","type":"image\/jpeg"}],"twitter_card":"summary_large_image","twitter_misc":{"Est. reading time":"2 minutes"},"schema":{"@context":"https:\/\/schema.org","@graph":[{"@type":"WebPage","@id":"https:\/\/www.librairieclavreuil.com\/en\/la-courvee-jean-claude-de-discours-sur-la-sortie-des-dens-aux-petits-enfans\/","url":"https:\/\/www.librairieclavreuil.com\/en\/la-courvee-jean-claude-de-discours-sur-la-sortie-des-dens-aux-petits-enfans\/","name":"LA COURV\u00c9E Jean-Claude de Discours sur la sortie des dens aux petits enfans. - Libairie Clavreuil","isPartOf":{"@id":"https:\/\/www.librairieclavreuil.com\/#website"},"primaryImageOfPage":{"@id":"https:\/\/www.librairieclavreuil.com\/en\/la-courvee-jean-claude-de-discours-sur-la-sortie-des-dens-aux-petits-enfans\/#primaryimage"},"image":{"@id":"https:\/\/www.librairieclavreuil.com\/en\/la-courvee-jean-claude-de-discours-sur-la-sortie-des-dens-aux-petits-enfans\/#primaryimage"},"thumbnailUrl":"https:\/\/www.librairieclavreuil.com\/wp-content\/uploads\/2025\/01\/jean-claude-de-la-courvee-discours-sur-la-sortie-des-dens-aux-petits-enfans-9591-6793a4892dcc9.jpg","datePublished":"2025-01-24T14:34:26+00:00","dateModified":"2025-09-25T13:04:38+00:00","breadcrumb":{"@id":"https:\/\/www.librairieclavreuil.com\/en\/la-courvee-jean-claude-de-discours-sur-la-sortie-des-dens-aux-petits-enfans\/#breadcrumb"},"inLanguage":"en-US","potentialAction":[{"@type":"ReadAction","target":["https:\/\/www.librairieclavreuil.com\/en\/la-courvee-jean-claude-de-discours-sur-la-sortie-des-dens-aux-petits-enfans\/"]}]},{"@type":"ImageObject","inLanguage":"en-US","@id":"https:\/\/www.librairieclavreuil.com\/en\/la-courvee-jean-claude-de-discours-sur-la-sortie-des-dens-aux-petits-enfans\/#primaryimage","url":"https:\/\/www.librairieclavreuil.com\/wp-content\/uploads\/2025\/01\/jean-claude-de-la-courvee-discours-sur-la-sortie-des-dens-aux-petits-enfans-9591-6793a4892dcc9.jpg","contentUrl":"https:\/\/www.librairieclavreuil.com\/wp-content\/uploads\/2025\/01\/jean-claude-de-la-courvee-discours-sur-la-sortie-des-dens-aux-petits-enfans-9591-6793a4892dcc9.jpg","width":622,"height":800},{"@type":"BreadcrumbList","@id":"https:\/\/www.librairieclavreuil.com\/en\/la-courvee-jean-claude-de-discours-sur-la-sortie-des-dens-aux-petits-enfans\/#breadcrumb","itemListElement":[{"@type":"ListItem","position":1,"name":"Accueil","item":"https:\/\/www.librairieclavreuil.com\/"},{"@type":"ListItem","position":2,"name":"All our books","item":"https:\/\/www.librairieclavreuil.com\/en\/all-our-books\/"},{"@type":"ListItem","position":3,"name":"LA COURV\u00c9E Jean-Claude de Discours sur la sortie..."}]},{"@type":"WebSite","@id":"https:\/\/www.librairieclavreuil.com\/#website","url":"https:\/\/www.librairieclavreuil.com\/","name":"Libairie Clavreuil","description":"Livres anciens, manuscrits rares et \u00e9ditions originales \u2013 Librairie Clavreuil","publisher":{"@id":"https:\/\/www.librairieclavreuil.com\/#organization"},"potentialAction":[{"@type":"SearchAction","target":{"@type":"EntryPoint","urlTemplate":"https:\/\/www.librairieclavreuil.com\/?s={search_term_string}"},"query-input":{"@type":"PropertyValueSpecification","valueRequired":true,"valueName":"search_term_string"}}],"inLanguage":"en-US"},{"@type":"Organization","@id":"https:\/\/www.librairieclavreuil.com\/#organization","name":"Libairie Clavreuil","url":"https:\/\/www.librairieclavreuil.com\/","logo":{"@type":"ImageObject","inLanguage":"en-US","@id":"https:\/\/www.librairieclavreuil.com\/#\/schema\/logo\/image\/","url":"https:\/\/www.librairieclavreuil.com\/wp-content\/uploads\/2021\/06\/cropped-LOGO_PNG_DATE-_gold-512x512-1.png","contentUrl":"https:\/\/www.librairieclavreuil.com\/wp-content\/uploads\/2021\/06\/cropped-LOGO_PNG_DATE-_gold-512x512-1.png","width":512,"height":512,"caption":"Libairie Clavreuil"},"image":{"@id":"https:\/\/www.librairieclavreuil.com\/#\/schema\/logo\/image\/"},"sameAs":["https:\/\/www.instagram.com\/librairieclavreuil\/"]}]}},"jetpack_sharing_enabled":true,"_links":{"self":[{"href":"https:\/\/www.librairieclavreuil.com\/en\/wp-json\/wp\/v2\/product\/82746","targetHints":{"allow":["GET"]}}],"collection":[{"href":"https:\/\/www.librairieclavreuil.com\/en\/wp-json\/wp\/v2\/product"}],"about":[{"href":"https:\/\/www.librairieclavreuil.com\/en\/wp-json\/wp\/v2\/types\/product"}],"replies":[{"embeddable":true,"href":"https:\/\/www.librairieclavreuil.com\/en\/wp-json\/wp\/v2\/comments?post=82746"}],"wp:featuredmedia":[{"embeddable":true,"href":"https:\/\/www.librairieclavreuil.com\/en\/wp-json\/wp\/v2\/media\/82741"}],"wp:attachment":[{"href":"https:\/\/www.librairieclavreuil.com\/en\/wp-json\/wp\/v2\/media?parent=82746"}],"wp:term":[{"taxonomy":"product_brand","embeddable":true,"href":"https:\/\/www.librairieclavreuil.com\/en\/wp-json\/wp\/v2\/product_brand?post=82746"},{"taxonomy":"product_cat","embeddable":true,"href":"https:\/\/www.librairieclavreuil.com\/en\/wp-json\/wp\/v2\/product_cat?post=82746"},{"taxonomy":"product_tag","embeddable":true,"href":"https:\/\/www.librairieclavreuil.com\/en\/wp-json\/wp\/v2\/product_tag?post=82746"}],"curies":[{"name":"wp","href":"https:\/\/api.w.org\/{rel}","templated":true}]}}