{"id":82730,"date":"2025-01-24T15:29:27","date_gmt":"2025-01-24T14:29:27","guid":{"rendered":"https:\/\/www.librairieclavreuil.com\/horst-jakob-de-aureo-dente-maxillari-pueri-silesii\/"},"modified":"2025-08-27T15:48:23","modified_gmt":"2025-08-27T13:48:23","slug":"horst-jakob-de-aureo-dente-maxillari-pueri-silesii","status":"publish","type":"product","link":"https:\/\/www.librairieclavreuil.com\/en\/horst-jakob-de-aureo-dente-maxillari-pueri-silesii\/","title":{"rendered":"HORST Jakob De Aureo dente maxillari pueri Silesii."},"content":{"rendered":"<p style=\"text-align:justify\"><i>VD-16, H 5006 &amp; 5015; Poletti, p. 105 ; Weinberger, 68 (only the first portion up to page 156)&nbsp;; Hirsch-H\u00fcbotter, III, 303&nbsp;; Waller, 10644&nbsp;; Parkinson, 1315&nbsp;; see Blake, 2460, and Wellcome, I, 176 (both for the 1596 issue). Not in David.<\/i><\/p>\n<p style=\"text-align:justify\"><span style=\"font-variant:small-caps\">First edition. The extremely rare 1595 issue.<\/span><\/p>\n<p style=\"text-align:justify\">Jacob Horst (1537\u20131600) first studied Latin in his hometown of Torgau before enrolling at the University of Wittenberg in 1552 to study philosophy. He continued his education at the University of Frankfurt\/Oder, where he studied medicine and graduated in 1562 with a doctorate in medicine. After practising as a doctor, he became a professor of medicine in 1584.<\/p>\n<p style=\"text-align:justify\">In 1593, in Silesia, eight days before Easter, a little girl discovered a molar in her classmate&#8217;s mouth that shone like gold. The news quickly reached the ears of iatrochemical doctors and astrologers, who wondered about the nature of this prodigy: was it real or miraculous? Everyone wanted to examine it, and the child ran from fair to fair to cash in on the opening of her mouth. But it was the credulity of those who attributed the character of an oracle to this gold tooth that made it a real story.<\/p>\n<p style=\"text-align:justify\">This treatise is divided into two parts, the first of which is one of the earliest treatises devoted to dentistry. Horst attempts to solve the mystery of this gold tooth, which, according to rumour, had grown in the mouth of a seven-year-old child, in the place of the first large molar on the left side of the lower jaw. He attributes this phenomenon to supernatural causes and says that it is a sign heralding the advent of the Golden Age, the last age of this world before the Last Judgement.<\/p>\n<p style=\"text-align:justify\">In a work published a few years later, Jacob Frank summarised this clinical observation in a six-page text written in the vernacular, under the title, <i>L\u2019histoire merveilleuse d\u2019une dent d\u2019or<\/i>.<\/p>\n<p style=\"text-align:justify\">&#8220;Chrestofle Molec [\u2026], estant en l\u2019\u00e2ge de sept ans qu\u2019on tient pour ann\u00e9e critique, perdit ses dents &amp; en la place d\u2019icelles luy en vint entre autres en la maschoire d\u2019en bas du cost\u00e9 gauche une d\u2019or, de la grandeur, forme &amp; proportion des autres. En fin en l\u2019an 1594, au mois de Septembre je la veis aussi, et l\u2019ayant bien consideree &amp; tastee, je l\u2019esprouvay \u00e0 la pierre de touche. Tout incontinent que le gar\u00e7on ouvrit la bouche, je veis reluyre la dent, la maniay, la trouvay ronde, &amp; par haut trenchante ayant quatre pointes, &amp; au milieu un peu creuse comme les grosses dents ont accoustum\u00e9 d\u2019estre, d\u2019une mesme grandeur ou peu plus grande que les autres &amp; en ordre toute la derni\u00e8re.&nbsp; Elle tenoit fort &amp; ferme, la gencive autour vermeille &amp; belle. Je ne me contentay de tout cela, mais feis manger l\u2019enfant, &amp; comme il mangeait le mieux, pour scavoir s\u2019il se servait de ladite dent comme les autres, je trouvay encor la chair tenir \u00e0 la dent &amp; luy ayant faict laver la bouche avec de l\u2019eau, je touchay la dent de la pierre de touche et trouvay que c\u2019estoit de l\u2019or du Rhin &amp; encor un peu meilleur. J\u2019ay aussi apperceu le gar\u00e7on estre de chaude &amp; seiche complexion &amp; de fort bon entendement.&#8221;<\/p>\n<p style=\"text-align:justify\"><i>L\u2019histoire de la dent d\u2019or<\/i> gradually became a philosophical example warning against the artifices used by religions, mainly known through Fontenelle&#8217;s (1657-1757) <i>Histoire des oracles<\/i> (1683). Dental literature took a late interest in this story, even though the creation of what was probably a gold dental crown was a remarkable feat at the end of the 16th century.<\/p>\n<p style=\"text-align:justify\">The text is followed by one of the first treatises on somnambulism and its causes, first published by the same publisher in 1593.<\/p>\n<p style=\"text-align:justify\">&#8220;Horst hat sich ein unverdientes Andenken in der Geschichte der Medizin durch seine Schrift <i>&#8216;De aureo dente<\/i>&#8216; gesichert&#8221; [Horst s&#8217;est assur\u00e9 un souvenir imm\u00e9rit\u00e9 dans l&#8217;histoire de la m\u00e9decine gr\u00e2ce \u00e0 son ouvrage <i>&#8216;De aureo dente&#8217;<\/i>]. (Hirsch-Hubotter).<\/p>\n<p style=\"text-align:justify\">Papier uniformly toned. A very good copy of the rare book.<\/p>\n","protected":false},"excerpt":{"rendered":"<p style=\"text-align:justify\">8vo (154 x 95 mm) 6 nn.ll., 318 pp., 7 nn.ll. Contemporary German red tinted vellum with yapp edges, flat spine with manuscript title.<\/p>\n","protected":false},"featured_media":82725,"comment_status":"open","ping_status":"closed","template":"","meta":{"_acf_changed":false},"product_brand":[],"product_cat":[548],"product_tag":[1296],"class_list":{"0":"post-82730","1":"product","2":"type-product","3":"status-publish","4":"has-post-thumbnail","6":"product_cat-medicine","7":"product_tag-teeth","8":"pa_auteur-horst-jakob-2","9":"pa_type-de-livre-printed-book","11":"first","12":"instock","13":"shipping-taxable","14":"purchasable","15":"product-type-simple"},"acf":{"artist":"Jakob HORST","chapeau":"","adresse_bibliographique":"Leipzig, Valentin Voegelini, 1595","book_type":"Printed book","provenance":"","afficher_prix":""},"yoast_head":"<!-- This site is optimized with the Yoast SEO plugin v24.7 - https:\/\/yoast.com\/wordpress\/plugins\/seo\/ -->\n<title>HORST Jakob De Aureo dente maxillari pueri Silesii. - Libairie Clavreuil<\/title>\n<meta name=\"robots\" content=\"index, follow, max-snippet:-1, max-image-preview:large, max-video-preview:-1\" \/>\n<link rel=\"canonical\" href=\"https:\/\/www.librairieclavreuil.com\/en\/horst-jakob-de-aureo-dente-maxillari-pueri-silesii\/\" \/>\n<meta property=\"og:locale\" content=\"en_US\" \/>\n<meta property=\"og:type\" content=\"article\" \/>\n<meta property=\"og:title\" content=\"HORST Jakob De Aureo dente maxillari pueri Silesii. - Libairie Clavreuil\" \/>\n<meta property=\"og:description\" content=\"8vo (154 x 95 mm) 6 nn.ll., 318 pp., 7 nn.ll. Contemporary German red tinted vellum with yapp edges, flat spine with manuscript title.\" \/>\n<meta property=\"og:url\" content=\"https:\/\/www.librairieclavreuil.com\/en\/horst-jakob-de-aureo-dente-maxillari-pueri-silesii\/\" \/>\n<meta property=\"og:site_name\" content=\"Libairie Clavreuil\" \/>\n<meta property=\"article:modified_time\" content=\"2025-08-27T13:48:23+00:00\" \/>\n<meta property=\"og:image\" content=\"https:\/\/www.librairieclavreuil.com\/wp-content\/uploads\/2025\/01\/jakob-horst-de-aureo-dente-maxillari-pueri-silesii-9588-6793a337a08a4.jpg\" \/>\n\t<meta property=\"og:image:width\" content=\"622\" \/>\n\t<meta property=\"og:image:height\" content=\"800\" \/>\n\t<meta property=\"og:image:type\" content=\"image\/jpeg\" \/>\n<meta name=\"twitter:card\" content=\"summary_large_image\" \/>\n<meta name=\"twitter:label1\" content=\"Est. reading time\" \/>\n\t<meta name=\"twitter:data1\" content=\"3 minutes\" \/>\n<script type=\"application\/ld+json\" class=\"yoast-schema-graph\">{\"@context\":\"https:\/\/schema.org\",\"@graph\":[{\"@type\":\"WebPage\",\"@id\":\"https:\/\/www.librairieclavreuil.com\/en\/horst-jakob-de-aureo-dente-maxillari-pueri-silesii\/\",\"url\":\"https:\/\/www.librairieclavreuil.com\/en\/horst-jakob-de-aureo-dente-maxillari-pueri-silesii\/\",\"name\":\"HORST Jakob De Aureo dente maxillari pueri Silesii. - Libairie Clavreuil\",\"isPartOf\":{\"@id\":\"https:\/\/www.librairieclavreuil.com\/#website\"},\"primaryImageOfPage\":{\"@id\":\"https:\/\/www.librairieclavreuil.com\/en\/horst-jakob-de-aureo-dente-maxillari-pueri-silesii\/#primaryimage\"},\"image\":{\"@id\":\"https:\/\/www.librairieclavreuil.com\/en\/horst-jakob-de-aureo-dente-maxillari-pueri-silesii\/#primaryimage\"},\"thumbnailUrl\":\"https:\/\/www.librairieclavreuil.com\/wp-content\/uploads\/2025\/01\/jakob-horst-de-aureo-dente-maxillari-pueri-silesii-9588-6793a337a08a4.jpg\",\"datePublished\":\"2025-01-24T14:29:27+00:00\",\"dateModified\":\"2025-08-27T13:48:23+00:00\",\"breadcrumb\":{\"@id\":\"https:\/\/www.librairieclavreuil.com\/en\/horst-jakob-de-aureo-dente-maxillari-pueri-silesii\/#breadcrumb\"},\"inLanguage\":\"en-US\",\"potentialAction\":[{\"@type\":\"ReadAction\",\"target\":[\"https:\/\/www.librairieclavreuil.com\/en\/horst-jakob-de-aureo-dente-maxillari-pueri-silesii\/\"]}]},{\"@type\":\"ImageObject\",\"inLanguage\":\"en-US\",\"@id\":\"https:\/\/www.librairieclavreuil.com\/en\/horst-jakob-de-aureo-dente-maxillari-pueri-silesii\/#primaryimage\",\"url\":\"https:\/\/www.librairieclavreuil.com\/wp-content\/uploads\/2025\/01\/jakob-horst-de-aureo-dente-maxillari-pueri-silesii-9588-6793a337a08a4.jpg\",\"contentUrl\":\"https:\/\/www.librairieclavreuil.com\/wp-content\/uploads\/2025\/01\/jakob-horst-de-aureo-dente-maxillari-pueri-silesii-9588-6793a337a08a4.jpg\",\"width\":622,\"height\":800},{\"@type\":\"BreadcrumbList\",\"@id\":\"https:\/\/www.librairieclavreuil.com\/en\/horst-jakob-de-aureo-dente-maxillari-pueri-silesii\/#breadcrumb\",\"itemListElement\":[{\"@type\":\"ListItem\",\"position\":1,\"name\":\"Accueil\",\"item\":\"https:\/\/www.librairieclavreuil.com\/\"},{\"@type\":\"ListItem\",\"position\":2,\"name\":\"All our books\",\"item\":\"https:\/\/www.librairieclavreuil.com\/en\/all-our-books\/\"},{\"@type\":\"ListItem\",\"position\":3,\"name\":\"HORST Jakob De Aureo dente maxillari pueri Silesii.\"}]},{\"@type\":\"WebSite\",\"@id\":\"https:\/\/www.librairieclavreuil.com\/#website\",\"url\":\"https:\/\/www.librairieclavreuil.com\/\",\"name\":\"Libairie Clavreuil\",\"description\":\"Livres anciens, manuscrits rares et \u00e9ditions originales \u2013 Librairie Clavreuil\",\"publisher\":{\"@id\":\"https:\/\/www.librairieclavreuil.com\/#organization\"},\"potentialAction\":[{\"@type\":\"SearchAction\",\"target\":{\"@type\":\"EntryPoint\",\"urlTemplate\":\"https:\/\/www.librairieclavreuil.com\/?s={search_term_string}\"},\"query-input\":{\"@type\":\"PropertyValueSpecification\",\"valueRequired\":true,\"valueName\":\"search_term_string\"}}],\"inLanguage\":\"en-US\"},{\"@type\":\"Organization\",\"@id\":\"https:\/\/www.librairieclavreuil.com\/#organization\",\"name\":\"Libairie Clavreuil\",\"url\":\"https:\/\/www.librairieclavreuil.com\/\",\"logo\":{\"@type\":\"ImageObject\",\"inLanguage\":\"en-US\",\"@id\":\"https:\/\/www.librairieclavreuil.com\/#\/schema\/logo\/image\/\",\"url\":\"https:\/\/www.librairieclavreuil.com\/wp-content\/uploads\/2021\/06\/cropped-LOGO_PNG_DATE-_gold-512x512-1.png\",\"contentUrl\":\"https:\/\/www.librairieclavreuil.com\/wp-content\/uploads\/2021\/06\/cropped-LOGO_PNG_DATE-_gold-512x512-1.png\",\"width\":512,\"height\":512,\"caption\":\"Libairie Clavreuil\"},\"image\":{\"@id\":\"https:\/\/www.librairieclavreuil.com\/#\/schema\/logo\/image\/\"},\"sameAs\":[\"https:\/\/www.instagram.com\/librairieclavreuil\/\"]}]}<\/script>\n<!-- \/ Yoast SEO plugin. -->","yoast_head_json":{"title":"HORST Jakob De Aureo dente maxillari pueri Silesii. - Libairie Clavreuil","robots":{"index":"index","follow":"follow","max-snippet":"max-snippet:-1","max-image-preview":"max-image-preview:large","max-video-preview":"max-video-preview:-1"},"canonical":"https:\/\/www.librairieclavreuil.com\/en\/horst-jakob-de-aureo-dente-maxillari-pueri-silesii\/","og_locale":"en_US","og_type":"article","og_title":"HORST Jakob De Aureo dente maxillari pueri Silesii. - Libairie Clavreuil","og_description":"8vo (154 x 95 mm) 6 nn.ll., 318 pp., 7 nn.ll. Contemporary German red tinted vellum with yapp edges, flat spine with manuscript title.","og_url":"https:\/\/www.librairieclavreuil.com\/en\/horst-jakob-de-aureo-dente-maxillari-pueri-silesii\/","og_site_name":"Libairie Clavreuil","article_modified_time":"2025-08-27T13:48:23+00:00","og_image":[{"width":622,"height":800,"url":"https:\/\/www.librairieclavreuil.com\/wp-content\/uploads\/2025\/01\/jakob-horst-de-aureo-dente-maxillari-pueri-silesii-9588-6793a337a08a4.jpg","type":"image\/jpeg"}],"twitter_card":"summary_large_image","twitter_misc":{"Est. reading time":"3 minutes"},"schema":{"@context":"https:\/\/schema.org","@graph":[{"@type":"WebPage","@id":"https:\/\/www.librairieclavreuil.com\/en\/horst-jakob-de-aureo-dente-maxillari-pueri-silesii\/","url":"https:\/\/www.librairieclavreuil.com\/en\/horst-jakob-de-aureo-dente-maxillari-pueri-silesii\/","name":"HORST Jakob De Aureo dente maxillari pueri Silesii. - Libairie Clavreuil","isPartOf":{"@id":"https:\/\/www.librairieclavreuil.com\/#website"},"primaryImageOfPage":{"@id":"https:\/\/www.librairieclavreuil.com\/en\/horst-jakob-de-aureo-dente-maxillari-pueri-silesii\/#primaryimage"},"image":{"@id":"https:\/\/www.librairieclavreuil.com\/en\/horst-jakob-de-aureo-dente-maxillari-pueri-silesii\/#primaryimage"},"thumbnailUrl":"https:\/\/www.librairieclavreuil.com\/wp-content\/uploads\/2025\/01\/jakob-horst-de-aureo-dente-maxillari-pueri-silesii-9588-6793a337a08a4.jpg","datePublished":"2025-01-24T14:29:27+00:00","dateModified":"2025-08-27T13:48:23+00:00","breadcrumb":{"@id":"https:\/\/www.librairieclavreuil.com\/en\/horst-jakob-de-aureo-dente-maxillari-pueri-silesii\/#breadcrumb"},"inLanguage":"en-US","potentialAction":[{"@type":"ReadAction","target":["https:\/\/www.librairieclavreuil.com\/en\/horst-jakob-de-aureo-dente-maxillari-pueri-silesii\/"]}]},{"@type":"ImageObject","inLanguage":"en-US","@id":"https:\/\/www.librairieclavreuil.com\/en\/horst-jakob-de-aureo-dente-maxillari-pueri-silesii\/#primaryimage","url":"https:\/\/www.librairieclavreuil.com\/wp-content\/uploads\/2025\/01\/jakob-horst-de-aureo-dente-maxillari-pueri-silesii-9588-6793a337a08a4.jpg","contentUrl":"https:\/\/www.librairieclavreuil.com\/wp-content\/uploads\/2025\/01\/jakob-horst-de-aureo-dente-maxillari-pueri-silesii-9588-6793a337a08a4.jpg","width":622,"height":800},{"@type":"BreadcrumbList","@id":"https:\/\/www.librairieclavreuil.com\/en\/horst-jakob-de-aureo-dente-maxillari-pueri-silesii\/#breadcrumb","itemListElement":[{"@type":"ListItem","position":1,"name":"Accueil","item":"https:\/\/www.librairieclavreuil.com\/"},{"@type":"ListItem","position":2,"name":"All our books","item":"https:\/\/www.librairieclavreuil.com\/en\/all-our-books\/"},{"@type":"ListItem","position":3,"name":"HORST Jakob De Aureo dente maxillari pueri Silesii."}]},{"@type":"WebSite","@id":"https:\/\/www.librairieclavreuil.com\/#website","url":"https:\/\/www.librairieclavreuil.com\/","name":"Libairie Clavreuil","description":"Livres anciens, manuscrits rares et \u00e9ditions originales \u2013 Librairie Clavreuil","publisher":{"@id":"https:\/\/www.librairieclavreuil.com\/#organization"},"potentialAction":[{"@type":"SearchAction","target":{"@type":"EntryPoint","urlTemplate":"https:\/\/www.librairieclavreuil.com\/?s={search_term_string}"},"query-input":{"@type":"PropertyValueSpecification","valueRequired":true,"valueName":"search_term_string"}}],"inLanguage":"en-US"},{"@type":"Organization","@id":"https:\/\/www.librairieclavreuil.com\/#organization","name":"Libairie Clavreuil","url":"https:\/\/www.librairieclavreuil.com\/","logo":{"@type":"ImageObject","inLanguage":"en-US","@id":"https:\/\/www.librairieclavreuil.com\/#\/schema\/logo\/image\/","url":"https:\/\/www.librairieclavreuil.com\/wp-content\/uploads\/2021\/06\/cropped-LOGO_PNG_DATE-_gold-512x512-1.png","contentUrl":"https:\/\/www.librairieclavreuil.com\/wp-content\/uploads\/2021\/06\/cropped-LOGO_PNG_DATE-_gold-512x512-1.png","width":512,"height":512,"caption":"Libairie Clavreuil"},"image":{"@id":"https:\/\/www.librairieclavreuil.com\/#\/schema\/logo\/image\/"},"sameAs":["https:\/\/www.instagram.com\/librairieclavreuil\/"]}]}},"jetpack_sharing_enabled":true,"_links":{"self":[{"href":"https:\/\/www.librairieclavreuil.com\/en\/wp-json\/wp\/v2\/product\/82730","targetHints":{"allow":["GET"]}}],"collection":[{"href":"https:\/\/www.librairieclavreuil.com\/en\/wp-json\/wp\/v2\/product"}],"about":[{"href":"https:\/\/www.librairieclavreuil.com\/en\/wp-json\/wp\/v2\/types\/product"}],"replies":[{"embeddable":true,"href":"https:\/\/www.librairieclavreuil.com\/en\/wp-json\/wp\/v2\/comments?post=82730"}],"wp:featuredmedia":[{"embeddable":true,"href":"https:\/\/www.librairieclavreuil.com\/en\/wp-json\/wp\/v2\/media\/82725"}],"wp:attachment":[{"href":"https:\/\/www.librairieclavreuil.com\/en\/wp-json\/wp\/v2\/media?parent=82730"}],"wp:term":[{"taxonomy":"product_brand","embeddable":true,"href":"https:\/\/www.librairieclavreuil.com\/en\/wp-json\/wp\/v2\/product_brand?post=82730"},{"taxonomy":"product_cat","embeddable":true,"href":"https:\/\/www.librairieclavreuil.com\/en\/wp-json\/wp\/v2\/product_cat?post=82730"},{"taxonomy":"product_tag","embeddable":true,"href":"https:\/\/www.librairieclavreuil.com\/en\/wp-json\/wp\/v2\/product_tag?post=82730"}],"curies":[{"name":"wp","href":"https:\/\/api.w.org\/{rel}","templated":true}]}}