{"id":81235,"date":"2024-07-18T16:19:07","date_gmt":"2024-07-18T14:19:07","guid":{"rendered":"https:\/\/www.librairieclavreuil.com\/zarate-augustin-histoire-de-la-decouverte-et-de-la-conquete-du-perou\/"},"modified":"2024-07-18T16:19:22","modified_gmt":"2024-07-18T14:19:22","slug":"zarate-augustin-histoire-de-la-decouverte-et-de-la-conquete-du-perou","status":"publish","type":"product","link":"https:\/\/www.librairieclavreuil.com\/en\/zarate-augustin-histoire-de-la-decouverte-et-de-la-conquete-du-perou\/","title":{"rendered":"ZARATE Augustin Histoire de la d\u00e9couverte et de..."},"content":{"rendered":"<p style=\"text-align:justify\"><i>Sabin, 106266; JCB, IIIrd part\/II, 2012.<\/i><\/p>\n<p style=\"text-align:justify\">Interesting French translation. Agustin de Zarate was a high official who served as secretary to the Royal Council of Castile for 15 years. In 1543, Charles V sent him to Peru along with Blasco Nunez Vela, the first viceroy of Peru, to oversee finances. Although a prudent man, he could not avoid getting involved in the ongoing conflict, and he apparently favored Gonzalo Pizarro&#8217;s faction. In 1545, he returned to Spain, bringing with him a considerable collection of personal notes and other documents about the civil war. With the help of these and other published sources, Zarate composed this book starting with the Spanish discovery of Peru and ending with the death of Gonzalo Pizarro and the restoration of royal authority by governor Pedro de la Gasca.<\/p>\n<p style=\"text-align:justify\">A fine copy illustrated with lovely plates and maps.&nbsp;<\/p>\n<p style=\"text-align:justify\">[<strong>Together with the follwing book in identical bindings<\/strong>] : <strong>SOLIS, Antonio de.<\/strong> Histoire de la conqu\u00eate du Mexique ou de la Nouvelle Espagne. Sixi\u00e8me \u00e9dition. <i>Paris, Compagnie des Libraires, 1774.<\/i> 2 volumes 12mo. XVIII, 574 pp., 1 nn.l., 11 engraved plates including maps for volume I; XII, 524 pp., 4 engraved plates including maps for volume II.<\/p>\n<p style=\"text-align:justify\"><i>Sabin, 86480; not in JCB.<\/i><\/p>\n<p style=\"text-align:justify\">Renowned for his historical knowledge, his taste for letters, and his kind nature, Solis was invited to become secretary to Philip IV, at the court, and in 1666 he was charged with the important function of &#8216;cronista mayor&#8217;, the historiographer for the Indies. Only two years before his death, his famous history of Mexico was published, a wonderful historical work with literary qualities that became immediately very populare: nearly 50 Spanish editions appeared until the middle of the nineteenth century. The work starts with the author defending himself for writing a separate description of Mexico, after which he describes South America before the Spanish arrived, as well as the situation in Spain at the time.<\/p>\n<p style=\"text-align:justify\">The present edition contains nice maps and illustrations, like a general map of Mexico, some views of sailing ships, a view of Mexico-city, a large folding bird&#8217;s eye view of Tezeuco, a map of the area surrounding the lake of Mexico, a view of the Temple, a representation of mexican dancing, views of battles\u2026 &nbsp;A fine copy of these 2 important books.&nbsp;<\/p>\n","protected":false},"excerpt":{"rendered":"<p style=\"text-align:justify\">2 volumes 12mo (165 x 96 mm) engraved frontispiece, XL, 360 pp., 14 engraved plates for volume I; VIII, 479 pp. for volume II. Contemporary marbled calf, spine gilt with raised bands, cipher &#8216;TR&#8217; in gilt on lower spine, red edges<\/p>\n","protected":false},"featured_media":81224,"comment_status":"open","ping_status":"closed","template":"","meta":{"_acf_changed":false},"product_brand":[],"product_cat":[552],"product_tag":[1380,1369,1378],"class_list":{"0":"post-81235","1":"product","2":"type-product","3":"status-publish","4":"has-post-thumbnail","6":"product_cat-travel","7":"product_tag-general-south-america","8":"product_tag-mexico","9":"product_tag-peru","10":"pa_auteur-zarate-augustin-2","11":"pa_type-de-livre-printed-book","13":"first","14":"instock","15":"shipping-taxable","16":"purchasable","17":"product-type-simple"},"acf":{"artist":" Augustin ZARATE","chapeau":"","adresse_bibliographique":"Paris, Compagnie des libraires, 1774","book_type":"Printed book","provenance":"","afficher_prix":""},"yoast_head":"<!-- This site is optimized with the Yoast SEO plugin v24.7 - https:\/\/yoast.com\/wordpress\/plugins\/seo\/ -->\n<title>ZARATE Augustin Histoire de la d\u00e9couverte et de la conqu\u00eate du P\u00e9rou. - Libairie Clavreuil<\/title>\n<meta name=\"robots\" content=\"index, follow, max-snippet:-1, max-image-preview:large, max-video-preview:-1\" \/>\n<link rel=\"canonical\" href=\"https:\/\/www.librairieclavreuil.com\/en\/zarate-augustin-histoire-de-la-decouverte-et-de-la-conquete-du-perou\/\" \/>\n<meta property=\"og:locale\" content=\"en_US\" \/>\n<meta property=\"og:type\" content=\"article\" \/>\n<meta property=\"og:title\" content=\"ZARATE Augustin Histoire de la d\u00e9couverte et de la conqu\u00eate du P\u00e9rou. - Libairie Clavreuil\" \/>\n<meta property=\"og:description\" content=\"2 volumes 12mo (165 x 96 mm) engraved frontispiece, XL, 360 pp., 14 engraved plates for volume I; VIII, 479 pp. for volume II. Contemporary marbled calf, spine gilt with raised bands, cipher &#039;TR&#039; in gilt on lower spine, red edges\" \/>\n<meta property=\"og:url\" content=\"https:\/\/www.librairieclavreuil.com\/en\/zarate-augustin-histoire-de-la-decouverte-et-de-la-conquete-du-perou\/\" \/>\n<meta property=\"og:site_name\" content=\"Libairie Clavreuil\" \/>\n<meta property=\"article:modified_time\" content=\"2024-07-18T14:19:22+00:00\" \/>\n<meta property=\"og:image\" content=\"https:\/\/www.librairieclavreuil.com\/wp-content\/uploads\/2024\/07\/augustin-zarate-histoire-de-la-decouverte-et-de-la-conquete-du-perou-9538-66927d5ecdc8e.jpg\" \/>\n\t<meta property=\"og:image:width\" content=\"604\" \/>\n\t<meta property=\"og:image:height\" content=\"800\" \/>\n\t<meta property=\"og:image:type\" content=\"image\/jpeg\" \/>\n<meta name=\"twitter:card\" content=\"summary_large_image\" \/>\n<meta name=\"twitter:label1\" content=\"Est. reading time\" \/>\n\t<meta name=\"twitter:data1\" content=\"2 minutes\" \/>\n<script type=\"application\/ld+json\" class=\"yoast-schema-graph\">{\"@context\":\"https:\/\/schema.org\",\"@graph\":[{\"@type\":\"WebPage\",\"@id\":\"https:\/\/www.librairieclavreuil.com\/en\/zarate-augustin-histoire-de-la-decouverte-et-de-la-conquete-du-perou\/\",\"url\":\"https:\/\/www.librairieclavreuil.com\/en\/zarate-augustin-histoire-de-la-decouverte-et-de-la-conquete-du-perou\/\",\"name\":\"ZARATE Augustin Histoire de la d\u00e9couverte et de la conqu\u00eate du P\u00e9rou. - Libairie Clavreuil\",\"isPartOf\":{\"@id\":\"https:\/\/www.librairieclavreuil.com\/#website\"},\"primaryImageOfPage\":{\"@id\":\"https:\/\/www.librairieclavreuil.com\/en\/zarate-augustin-histoire-de-la-decouverte-et-de-la-conquete-du-perou\/#primaryimage\"},\"image\":{\"@id\":\"https:\/\/www.librairieclavreuil.com\/en\/zarate-augustin-histoire-de-la-decouverte-et-de-la-conquete-du-perou\/#primaryimage\"},\"thumbnailUrl\":\"https:\/\/www.librairieclavreuil.com\/wp-content\/uploads\/2024\/07\/augustin-zarate-histoire-de-la-decouverte-et-de-la-conquete-du-perou-9538-66927d5ecdc8e.jpg\",\"datePublished\":\"2024-07-18T14:19:07+00:00\",\"dateModified\":\"2024-07-18T14:19:22+00:00\",\"breadcrumb\":{\"@id\":\"https:\/\/www.librairieclavreuil.com\/en\/zarate-augustin-histoire-de-la-decouverte-et-de-la-conquete-du-perou\/#breadcrumb\"},\"inLanguage\":\"en-US\",\"potentialAction\":[{\"@type\":\"ReadAction\",\"target\":[\"https:\/\/www.librairieclavreuil.com\/en\/zarate-augustin-histoire-de-la-decouverte-et-de-la-conquete-du-perou\/\"]}]},{\"@type\":\"ImageObject\",\"inLanguage\":\"en-US\",\"@id\":\"https:\/\/www.librairieclavreuil.com\/en\/zarate-augustin-histoire-de-la-decouverte-et-de-la-conquete-du-perou\/#primaryimage\",\"url\":\"https:\/\/www.librairieclavreuil.com\/wp-content\/uploads\/2024\/07\/augustin-zarate-histoire-de-la-decouverte-et-de-la-conquete-du-perou-9538-66927d5ecdc8e.jpg\",\"contentUrl\":\"https:\/\/www.librairieclavreuil.com\/wp-content\/uploads\/2024\/07\/augustin-zarate-histoire-de-la-decouverte-et-de-la-conquete-du-perou-9538-66927d5ecdc8e.jpg\",\"width\":604,\"height\":800},{\"@type\":\"BreadcrumbList\",\"@id\":\"https:\/\/www.librairieclavreuil.com\/en\/zarate-augustin-histoire-de-la-decouverte-et-de-la-conquete-du-perou\/#breadcrumb\",\"itemListElement\":[{\"@type\":\"ListItem\",\"position\":1,\"name\":\"Accueil\",\"item\":\"https:\/\/www.librairieclavreuil.com\/\"},{\"@type\":\"ListItem\",\"position\":2,\"name\":\"All our books\",\"item\":\"https:\/\/www.librairieclavreuil.com\/en\/all-our-books\/\"},{\"@type\":\"ListItem\",\"position\":3,\"name\":\"ZARATE Augustin Histoire de la d\u00e9couverte et de la conqu\u00eate du P\u00e9rou.\"}]},{\"@type\":\"WebSite\",\"@id\":\"https:\/\/www.librairieclavreuil.com\/#website\",\"url\":\"https:\/\/www.librairieclavreuil.com\/\",\"name\":\"Libairie Clavreuil\",\"description\":\"Livres anciens, manuscrits rares et \u00e9ditions originales \u2013 Librairie Clavreuil\",\"publisher\":{\"@id\":\"https:\/\/www.librairieclavreuil.com\/#organization\"},\"potentialAction\":[{\"@type\":\"SearchAction\",\"target\":{\"@type\":\"EntryPoint\",\"urlTemplate\":\"https:\/\/www.librairieclavreuil.com\/?s={search_term_string}\"},\"query-input\":{\"@type\":\"PropertyValueSpecification\",\"valueRequired\":true,\"valueName\":\"search_term_string\"}}],\"inLanguage\":\"en-US\"},{\"@type\":\"Organization\",\"@id\":\"https:\/\/www.librairieclavreuil.com\/#organization\",\"name\":\"Libairie Clavreuil\",\"url\":\"https:\/\/www.librairieclavreuil.com\/\",\"logo\":{\"@type\":\"ImageObject\",\"inLanguage\":\"en-US\",\"@id\":\"https:\/\/www.librairieclavreuil.com\/#\/schema\/logo\/image\/\",\"url\":\"https:\/\/www.librairieclavreuil.com\/wp-content\/uploads\/2021\/06\/cropped-LOGO_PNG_DATE-_gold-512x512-1.png\",\"contentUrl\":\"https:\/\/www.librairieclavreuil.com\/wp-content\/uploads\/2021\/06\/cropped-LOGO_PNG_DATE-_gold-512x512-1.png\",\"width\":512,\"height\":512,\"caption\":\"Libairie Clavreuil\"},\"image\":{\"@id\":\"https:\/\/www.librairieclavreuil.com\/#\/schema\/logo\/image\/\"},\"sameAs\":[\"https:\/\/www.instagram.com\/librairieclavreuil\/\"]}]}<\/script>\n<!-- \/ Yoast SEO plugin. -->","yoast_head_json":{"title":"ZARATE Augustin Histoire de la d\u00e9couverte et de la conqu\u00eate du P\u00e9rou. - Libairie Clavreuil","robots":{"index":"index","follow":"follow","max-snippet":"max-snippet:-1","max-image-preview":"max-image-preview:large","max-video-preview":"max-video-preview:-1"},"canonical":"https:\/\/www.librairieclavreuil.com\/en\/zarate-augustin-histoire-de-la-decouverte-et-de-la-conquete-du-perou\/","og_locale":"en_US","og_type":"article","og_title":"ZARATE Augustin Histoire de la d\u00e9couverte et de la conqu\u00eate du P\u00e9rou. - Libairie Clavreuil","og_description":"2 volumes 12mo (165 x 96 mm) engraved frontispiece, XL, 360 pp., 14 engraved plates for volume I; VIII, 479 pp. for volume II. Contemporary marbled calf, spine gilt with raised bands, cipher 'TR' in gilt on lower spine, red edges","og_url":"https:\/\/www.librairieclavreuil.com\/en\/zarate-augustin-histoire-de-la-decouverte-et-de-la-conquete-du-perou\/","og_site_name":"Libairie Clavreuil","article_modified_time":"2024-07-18T14:19:22+00:00","og_image":[{"width":604,"height":800,"url":"https:\/\/www.librairieclavreuil.com\/wp-content\/uploads\/2024\/07\/augustin-zarate-histoire-de-la-decouverte-et-de-la-conquete-du-perou-9538-66927d5ecdc8e.jpg","type":"image\/jpeg"}],"twitter_card":"summary_large_image","twitter_misc":{"Est. reading time":"2 minutes"},"schema":{"@context":"https:\/\/schema.org","@graph":[{"@type":"WebPage","@id":"https:\/\/www.librairieclavreuil.com\/en\/zarate-augustin-histoire-de-la-decouverte-et-de-la-conquete-du-perou\/","url":"https:\/\/www.librairieclavreuil.com\/en\/zarate-augustin-histoire-de-la-decouverte-et-de-la-conquete-du-perou\/","name":"ZARATE Augustin Histoire de la d\u00e9couverte et de la conqu\u00eate du P\u00e9rou. - Libairie Clavreuil","isPartOf":{"@id":"https:\/\/www.librairieclavreuil.com\/#website"},"primaryImageOfPage":{"@id":"https:\/\/www.librairieclavreuil.com\/en\/zarate-augustin-histoire-de-la-decouverte-et-de-la-conquete-du-perou\/#primaryimage"},"image":{"@id":"https:\/\/www.librairieclavreuil.com\/en\/zarate-augustin-histoire-de-la-decouverte-et-de-la-conquete-du-perou\/#primaryimage"},"thumbnailUrl":"https:\/\/www.librairieclavreuil.com\/wp-content\/uploads\/2024\/07\/augustin-zarate-histoire-de-la-decouverte-et-de-la-conquete-du-perou-9538-66927d5ecdc8e.jpg","datePublished":"2024-07-18T14:19:07+00:00","dateModified":"2024-07-18T14:19:22+00:00","breadcrumb":{"@id":"https:\/\/www.librairieclavreuil.com\/en\/zarate-augustin-histoire-de-la-decouverte-et-de-la-conquete-du-perou\/#breadcrumb"},"inLanguage":"en-US","potentialAction":[{"@type":"ReadAction","target":["https:\/\/www.librairieclavreuil.com\/en\/zarate-augustin-histoire-de-la-decouverte-et-de-la-conquete-du-perou\/"]}]},{"@type":"ImageObject","inLanguage":"en-US","@id":"https:\/\/www.librairieclavreuil.com\/en\/zarate-augustin-histoire-de-la-decouverte-et-de-la-conquete-du-perou\/#primaryimage","url":"https:\/\/www.librairieclavreuil.com\/wp-content\/uploads\/2024\/07\/augustin-zarate-histoire-de-la-decouverte-et-de-la-conquete-du-perou-9538-66927d5ecdc8e.jpg","contentUrl":"https:\/\/www.librairieclavreuil.com\/wp-content\/uploads\/2024\/07\/augustin-zarate-histoire-de-la-decouverte-et-de-la-conquete-du-perou-9538-66927d5ecdc8e.jpg","width":604,"height":800},{"@type":"BreadcrumbList","@id":"https:\/\/www.librairieclavreuil.com\/en\/zarate-augustin-histoire-de-la-decouverte-et-de-la-conquete-du-perou\/#breadcrumb","itemListElement":[{"@type":"ListItem","position":1,"name":"Accueil","item":"https:\/\/www.librairieclavreuil.com\/"},{"@type":"ListItem","position":2,"name":"All our books","item":"https:\/\/www.librairieclavreuil.com\/en\/all-our-books\/"},{"@type":"ListItem","position":3,"name":"ZARATE Augustin Histoire de la d\u00e9couverte et de la conqu\u00eate du P\u00e9rou."}]},{"@type":"WebSite","@id":"https:\/\/www.librairieclavreuil.com\/#website","url":"https:\/\/www.librairieclavreuil.com\/","name":"Libairie Clavreuil","description":"Livres anciens, manuscrits rares et \u00e9ditions originales \u2013 Librairie Clavreuil","publisher":{"@id":"https:\/\/www.librairieclavreuil.com\/#organization"},"potentialAction":[{"@type":"SearchAction","target":{"@type":"EntryPoint","urlTemplate":"https:\/\/www.librairieclavreuil.com\/?s={search_term_string}"},"query-input":{"@type":"PropertyValueSpecification","valueRequired":true,"valueName":"search_term_string"}}],"inLanguage":"en-US"},{"@type":"Organization","@id":"https:\/\/www.librairieclavreuil.com\/#organization","name":"Libairie Clavreuil","url":"https:\/\/www.librairieclavreuil.com\/","logo":{"@type":"ImageObject","inLanguage":"en-US","@id":"https:\/\/www.librairieclavreuil.com\/#\/schema\/logo\/image\/","url":"https:\/\/www.librairieclavreuil.com\/wp-content\/uploads\/2021\/06\/cropped-LOGO_PNG_DATE-_gold-512x512-1.png","contentUrl":"https:\/\/www.librairieclavreuil.com\/wp-content\/uploads\/2021\/06\/cropped-LOGO_PNG_DATE-_gold-512x512-1.png","width":512,"height":512,"caption":"Libairie Clavreuil"},"image":{"@id":"https:\/\/www.librairieclavreuil.com\/#\/schema\/logo\/image\/"},"sameAs":["https:\/\/www.instagram.com\/librairieclavreuil\/"]}]}},"jetpack_sharing_enabled":true,"_links":{"self":[{"href":"https:\/\/www.librairieclavreuil.com\/en\/wp-json\/wp\/v2\/product\/81235","targetHints":{"allow":["GET"]}}],"collection":[{"href":"https:\/\/www.librairieclavreuil.com\/en\/wp-json\/wp\/v2\/product"}],"about":[{"href":"https:\/\/www.librairieclavreuil.com\/en\/wp-json\/wp\/v2\/types\/product"}],"replies":[{"embeddable":true,"href":"https:\/\/www.librairieclavreuil.com\/en\/wp-json\/wp\/v2\/comments?post=81235"}],"wp:featuredmedia":[{"embeddable":true,"href":"https:\/\/www.librairieclavreuil.com\/en\/wp-json\/wp\/v2\/media\/81224"}],"wp:attachment":[{"href":"https:\/\/www.librairieclavreuil.com\/en\/wp-json\/wp\/v2\/media?parent=81235"}],"wp:term":[{"taxonomy":"product_brand","embeddable":true,"href":"https:\/\/www.librairieclavreuil.com\/en\/wp-json\/wp\/v2\/product_brand?post=81235"},{"taxonomy":"product_cat","embeddable":true,"href":"https:\/\/www.librairieclavreuil.com\/en\/wp-json\/wp\/v2\/product_cat?post=81235"},{"taxonomy":"product_tag","embeddable":true,"href":"https:\/\/www.librairieclavreuil.com\/en\/wp-json\/wp\/v2\/product_tag?post=81235"}],"curies":[{"name":"wp","href":"https:\/\/api.w.org\/{rel}","templated":true}]}}