{"id":80805,"date":"2024-07-17T16:08:35","date_gmt":"2024-07-17T14:08:35","guid":{"rendered":"https:\/\/www.librairieclavreuil.com\/chapelain-jean-les-sentimens-de-lacademie-francoise-sur-la-tragi-comedie-du-cid\/"},"modified":"2025-11-18T15:45:24","modified_gmt":"2025-11-18T14:45:24","slug":"chapelain-jean-les-sentimens-de-lacademie-francoise-sur-la-tragi-comedie-du-cid","status":"publish","type":"product","link":"https:\/\/www.librairieclavreuil.com\/en\/chapelain-jean-les-sentimens-de-lacademie-francoise-sur-la-tragi-comedie-du-cid\/","title":{"rendered":"CHAPELAIN Jean Les Sentimens de l&#8217;Acad\u00e9mie fran\u00e7oise sur..."},"content":{"rendered":"<p style=\"text-align:justify\"><i>Catalogue James de &nbsp;Rothschild, n\u00b0 1143; Tchemerzine-Scheler, II, 235; Pellison, Histoire de l\u2019Acad\u00e9mie fran\u00e7oise. Depuis l\u2019\u00e9tablissement de l\u2019Acad\u00e9mie jusqu\u2019en 1652, 1743 ; Picot, Bibliographie corn\u00e9lienne, n\u00b0 1380; Rahir, La Biblioth\u00e8que de l\u2019amateur, 379 ;&nbsp;Bulletin Morgand,&nbsp; n\u00b0 7835 (&#8220;Ce fut Chapelain que l\u2019Acad\u00e9mie nomma pour recueillir ses observations&#8221;); see Biblioth\u00e8que Hector de Backer, II, no. 852. Not in Brunet.<\/i><\/p>\n<p style=\"text-align:justify\"><span style=\"font-variant:small-caps\">First edition of the first book published by the Acad\u00e9mie Fran\u00e7aise.<\/span><\/p>\n<p style=\"text-align:justify\">For its first publication, the Acad\u00e9mie faced a thorny problem: not only did it take up a dispute that was raging in French literary circles between supporters of <i>Le Cid<\/i> and its opponents, at a time when hundreds of pamphlets were being published in response to one another, but it also exposed itself to a legal problem. According to its statutes, the Academy could only review works published by its members. For other writers, it could only issue opinions. Through this work, the Acad\u00e9mie Fran\u00e7aise took part in the heated controversy sparked by the publication of Corneille&#8217;s masterpiece in 1637.<\/p>\n<p style=\"text-align:justify\">The success of <i>Le Cid<\/i> had strengthened Corneille&#8217;s ego, and on February 20, 1637, he published Excuse \u00e0 Ariste in response to the first criticisms of his play:<\/p>\n<p style=\"text-align:center\"><i>\u00ab Je sais ce que je vaux, et crois ce qu&#8217;on m&#8217;en dit.&nbsp;&nbsp; &nbsp;<\/i><br \/><i>[\u2026]<\/i><br \/><i>J&#8217;arrache quelquefois trop d&#8217;applaudissements ;&nbsp;&nbsp; &nbsp;<\/i><br \/><i>[\u2026]<\/i><br \/><i>Je ne dois qu&#8217;\u00e0 moi seul toute ma renomm\u00e9e,&nbsp;&nbsp; &nbsp;<\/i><br \/><i>Et pense, toutefois, n&#8217;avoir point de rival&nbsp;&nbsp; &nbsp;<\/i><br \/><i>A qui je fasse tort en le traitant d&#8217;\u00e9gal&#8230; \u00bb<\/i><\/p>\n<p style=\"text-align:justify\">This overconfidence did not sit well with playwrights and other academics, and Georges de Scud\u00e9ry responded anonymously to Corneille by publishing his <i>Observations sur le Cid<\/i> (Observations on Le Cid). Supported by Richelieu, he continued his endeavor and in June 1637 published a <i>Lettre de Mr de Scudery a l&#8217;Illustre Acad\u00e9mie<\/i> (Letter from Mr. de Scud\u00e9ry to the Illustrious Academy), in which he requested that <i>Le Cid<\/i> be reviewed.<\/p>\n<p style=\"text-align:justify\">The publication of the <i>Sentiments de l&#8217;Acad\u00e9mie fran\u00e7aise sur la tragi-com\u00e9die du Cid<\/i> (Opinions of the French Academy on the Tragicomedy of Le Cid) marked the final stage of the dispute. On June 30, 1637, Chapelain presented his memoir to the Academy and then to Richelieu. The latter corrected it in several places, as evidenced by the manuscript preserved at the BNF, which includes numerous notes \u201cin the hand of Mr. Citois, his first physician.\u201d It was finally published at the end of the year after a privilege was granted on November 26.<\/p>\n<p style=\"text-align:justify\">The book, which was widely distributed, brought an end to the dispute thanks to the official judgment of the Academy. It was therefore a double success for the Academy, which became widely known thanks to this publication and succeeded in imposing its authority as a learned society.<\/p>\n<p style=\"text-align:justify\">\u00ab Scud\u00e9ry s\u2019\u00e9tant avis\u00e9 d\u2019\u00e9crire un libelle contre Corneille sous le titre d\u2019<i>Observations sur le Cid<\/i>\u2019 et d\u2019en appeler au jugement de l\u2019Acad\u00e9mie, le cardinal de Richelieu prit son parti et for\u00e7a la Compagnie, malgr\u00e9 ses r\u00e9pugnances, \u00e0 se m\u00ealer d\u2019une affaire dans laquelle le sentiment public s\u2019\u00e9tait d\u00e9j\u00e0 vivement prononc\u00e9 : \u2018<i>En vain contre le Cid un ministre se ligue Tout Paris pour Chim\u00e8ne a les yeux de Rodrigue<\/i>\u2019. Le 16 juin 1637, l\u2019Acad\u00e9mie, pour complaire \u00e0 son puissant protecteur, confia \u00e0 trois commissaires, dont Chapelain et Conrart, le soin de pr\u00e9parer la r\u00e9ponse aux \u2018<i>Observations<\/i>\u2019 de Scud\u00e9ry. Le manuscrit de Chapelain est conserv\u00e9 \u00e0 la Biblioth\u00e8que nationale. Presque \u00e0 chaque page, de la main du cardinal ou de celle de Citois, son m\u00e9decin, on trouve des notes marginales, des passages soulign\u00e9s, des ratures qui t\u00e9moignent de l\u2019intervention passionn\u00e9e de Richelieu. Si bien qu\u2019on peut presque affirmer que le livre qui a pour titre : \u2018<i>Les Sentimens de l\u2019Acad\u00e9mie fran\u00e7oise sur la tragi-com\u00e9die du Cid<\/i>\u2019, est bien plus son \u0153uvre que celle de la Compagnie. \u00bb Biblioth\u00e8que H. De Backer, n\u00b0852.<\/p>\n<p style=\"text-align:justify\">\u00ab Corneille ayant fait repr\u00e9senter son \u2018<i>Cid<\/i>\u2019, il fut mis infiniment au-dessus de tous les autres\u2026 Entre ceux qui ne purent souffrir l\u2019approbation qu\u2019on donnait au \u2018<i>Cid<\/i>\u2019, et qui crurent qu\u2019il ne l\u2019avait pas m\u00e9rit\u00e9e, M. de Scud\u00e9ry parut le premier, en publiant ses \u2018<i>Observations<\/i>\u2019 contre cet ouvrage, ou pour se satisfaire lui-m\u00eame, ou, comme quelques-uns disent, pour plaire au Cardinal. En de diff\u00e9rent qui partagea toute la Cour, le Cardinal sembla pencher du c\u00f4t\u00e9 de M. de Scud\u00e9ry, et fut bien aise qu\u2019il \u00e9crivit \u00e0 l\u2019Acad\u00e9mie fran\u00e7aise pour s\u2019en remettre \u00e0 son jugement\u2026 Le 16 juin 1637 il fut ordonn\u00e9 que l\u2019Acad\u00e9mie examinerait le \u2018<i>Cid<\/i>\u2019 et les \u2018<i>Observations<\/i>\u2019 contre le Cid. M. Chapelain pr\u00e9senta le manuscrit de ses m\u00e9moires au Cardinal. J\u2019ai vu avec beaucoup de plaisir ce manuscrit apostill\u00e9 par le Cardinal en sept endroits, de la main de M. Citois, son premier M\u00e9decin. Ces apostilles t\u00e9moignent qu\u2019il \u00e9tait persuad\u00e9 de ce qu\u2019on reprochait \u00e0 M. Corneille, que son ouvrage p\u00e9chait contre les r\u00e8gles. Il examina cet \u00e9crit avec beaucoup de soin et d\u2019attention. Ainsi furent mis au jour, apr\u00e8s environ cinq mois de travail, les \u2018<i>Sentimens de l\u2019Acad\u00e9mie fran\u00e7oise sur le Cid<\/i>\u2019. Le Public re\u00e7ut avec beaucoup d\u2019approbation et d\u2019estime ce travail de l\u2019Acad\u00e9mie Fran\u00e7oise. Ceux-l\u00e0 m\u00eame qui n\u2019\u00e9taient pas de son avis ne laiss\u00e8rent pas de la louer : &amp; l\u2019envie qui attendait depuis si longtemps quelque ouvrage de cette Compagnie, pour le mettre en pi\u00e8ces, ne toucha point \u00e0 celui-ci. \u00bb (Pellisson, Histoire de l\u2019Acad\u00e9mie fran\u00e7oise, 1743, pp. 110-130).<\/p>\n<p style=\"text-align:justify\">Fine copy in its contemporary binding.<\/p>\n<p style=\"text-align:justify\">Small worming in the upper white margin of the first third of the book.<\/p>\n","protected":false},"excerpt":{"rendered":"<p>8vo (173 x 114 mm) 192 pp. Contemporary vellum, flat spine with manuscript title.<\/p>\n","protected":false},"featured_media":87865,"comment_status":"open","ping_status":"closed","template":"","meta":{"_acf_changed":false},"product_brand":[],"product_cat":[544],"product_tag":[1244,1450],"class_list":{"0":"post-80805","1":"product","2":"type-product","3":"status-publish","4":"has-post-thumbnail","6":"product_cat-literature","7":"product_tag-17th-century-literature","8":"product_tag-first-edition","9":"pa_auteur-chapelain-jean-2","10":"pa_type-de-livre-printed-book","12":"first","13":"instock","14":"shipping-taxable","15":"purchasable","16":"product-type-simple"},"acf":{"artist":"Jean CHAPELAIN","chapeau":"The book that legitimised the Acad\u00e9mie fran\u00e7aise","adresse_bibliographique":"Paris, Chez Jean Camusat, 1638","book_type":"Printed book","provenance":"","afficher_prix":""},"yoast_head":"<!-- This site is optimized with the Yoast SEO plugin v24.7 - https:\/\/yoast.com\/wordpress\/plugins\/seo\/ -->\n<title>CHAPELAIN Jean Les Sentimens de l&#039;Acad\u00e9mie fran\u00e7oise sur la tragi-comedie du Cid - Libairie Clavreuil<\/title>\n<meta name=\"robots\" content=\"index, follow, max-snippet:-1, max-image-preview:large, max-video-preview:-1\" \/>\n<link rel=\"canonical\" href=\"https:\/\/www.librairieclavreuil.com\/en\/chapelain-jean-les-sentimens-de-lacademie-francoise-sur-la-tragi-comedie-du-cid\/\" \/>\n<meta property=\"og:locale\" content=\"en_US\" \/>\n<meta property=\"og:type\" content=\"article\" \/>\n<meta property=\"og:title\" content=\"CHAPELAIN Jean Les Sentimens de l&#039;Acad\u00e9mie fran\u00e7oise sur la tragi-comedie du Cid - Libairie Clavreuil\" \/>\n<meta property=\"og:description\" content=\"8vo (173 x 114 mm) 192 pp. Contemporary vellum, flat spine with manuscript title.\" \/>\n<meta property=\"og:url\" content=\"https:\/\/www.librairieclavreuil.com\/en\/chapelain-jean-les-sentimens-de-lacademie-francoise-sur-la-tragi-comedie-du-cid\/\" \/>\n<meta property=\"og:site_name\" content=\"Libairie Clavreuil\" \/>\n<meta property=\"article:modified_time\" content=\"2025-11-18T14:45:24+00:00\" \/>\n<meta property=\"og:image\" content=\"https:\/\/www.librairieclavreuil.com\/wp-content\/uploads\/2025\/09\/jean-chapelain-les-sentimens-de-l-academie-francoise-sur-la-tragi-comedie-du-cid-9401-68b595ca6da37.jpg\" \/>\n\t<meta property=\"og:image:width\" content=\"540\" \/>\n\t<meta property=\"og:image:height\" content=\"800\" \/>\n\t<meta property=\"og:image:type\" content=\"image\/jpeg\" \/>\n<meta name=\"twitter:card\" content=\"summary_large_image\" \/>\n<meta name=\"twitter:label1\" content=\"Est. reading time\" \/>\n\t<meta name=\"twitter:data1\" content=\"5 minutes\" \/>\n<script type=\"application\/ld+json\" class=\"yoast-schema-graph\">{\"@context\":\"https:\/\/schema.org\",\"@graph\":[{\"@type\":\"WebPage\",\"@id\":\"https:\/\/www.librairieclavreuil.com\/en\/chapelain-jean-les-sentimens-de-lacademie-francoise-sur-la-tragi-comedie-du-cid\/\",\"url\":\"https:\/\/www.librairieclavreuil.com\/en\/chapelain-jean-les-sentimens-de-lacademie-francoise-sur-la-tragi-comedie-du-cid\/\",\"name\":\"CHAPELAIN Jean Les Sentimens de l'Acad\u00e9mie fran\u00e7oise sur la tragi-comedie du Cid - Libairie Clavreuil\",\"isPartOf\":{\"@id\":\"https:\/\/www.librairieclavreuil.com\/#website\"},\"primaryImageOfPage\":{\"@id\":\"https:\/\/www.librairieclavreuil.com\/en\/chapelain-jean-les-sentimens-de-lacademie-francoise-sur-la-tragi-comedie-du-cid\/#primaryimage\"},\"image\":{\"@id\":\"https:\/\/www.librairieclavreuil.com\/en\/chapelain-jean-les-sentimens-de-lacademie-francoise-sur-la-tragi-comedie-du-cid\/#primaryimage\"},\"thumbnailUrl\":\"https:\/\/www.librairieclavreuil.com\/wp-content\/uploads\/2025\/09\/jean-chapelain-les-sentimens-de-l-academie-francoise-sur-la-tragi-comedie-du-cid-9401-68b595ca6da37.jpg\",\"datePublished\":\"2024-07-17T14:08:35+00:00\",\"dateModified\":\"2025-11-18T14:45:24+00:00\",\"breadcrumb\":{\"@id\":\"https:\/\/www.librairieclavreuil.com\/en\/chapelain-jean-les-sentimens-de-lacademie-francoise-sur-la-tragi-comedie-du-cid\/#breadcrumb\"},\"inLanguage\":\"en-US\",\"potentialAction\":[{\"@type\":\"ReadAction\",\"target\":[\"https:\/\/www.librairieclavreuil.com\/en\/chapelain-jean-les-sentimens-de-lacademie-francoise-sur-la-tragi-comedie-du-cid\/\"]}]},{\"@type\":\"ImageObject\",\"inLanguage\":\"en-US\",\"@id\":\"https:\/\/www.librairieclavreuil.com\/en\/chapelain-jean-les-sentimens-de-lacademie-francoise-sur-la-tragi-comedie-du-cid\/#primaryimage\",\"url\":\"https:\/\/www.librairieclavreuil.com\/wp-content\/uploads\/2025\/09\/jean-chapelain-les-sentimens-de-l-academie-francoise-sur-la-tragi-comedie-du-cid-9401-68b595ca6da37.jpg\",\"contentUrl\":\"https:\/\/www.librairieclavreuil.com\/wp-content\/uploads\/2025\/09\/jean-chapelain-les-sentimens-de-l-academie-francoise-sur-la-tragi-comedie-du-cid-9401-68b595ca6da37.jpg\",\"width\":540,\"height\":800},{\"@type\":\"BreadcrumbList\",\"@id\":\"https:\/\/www.librairieclavreuil.com\/en\/chapelain-jean-les-sentimens-de-lacademie-francoise-sur-la-tragi-comedie-du-cid\/#breadcrumb\",\"itemListElement\":[{\"@type\":\"ListItem\",\"position\":1,\"name\":\"Accueil\",\"item\":\"https:\/\/www.librairieclavreuil.com\/\"},{\"@type\":\"ListItem\",\"position\":2,\"name\":\"All our books\",\"item\":\"https:\/\/www.librairieclavreuil.com\/en\/all-our-books\/\"},{\"@type\":\"ListItem\",\"position\":3,\"name\":\"CHAPELAIN Jean Les Sentimens de l&rsquo;Acad\u00e9mie fran\u00e7oise sur...\"}]},{\"@type\":\"WebSite\",\"@id\":\"https:\/\/www.librairieclavreuil.com\/#website\",\"url\":\"https:\/\/www.librairieclavreuil.com\/\",\"name\":\"Libairie Clavreuil\",\"description\":\"Livres anciens, manuscrits rares et \u00e9ditions originales \u2013 Librairie Clavreuil\",\"publisher\":{\"@id\":\"https:\/\/www.librairieclavreuil.com\/#organization\"},\"potentialAction\":[{\"@type\":\"SearchAction\",\"target\":{\"@type\":\"EntryPoint\",\"urlTemplate\":\"https:\/\/www.librairieclavreuil.com\/?s={search_term_string}\"},\"query-input\":{\"@type\":\"PropertyValueSpecification\",\"valueRequired\":true,\"valueName\":\"search_term_string\"}}],\"inLanguage\":\"en-US\"},{\"@type\":\"Organization\",\"@id\":\"https:\/\/www.librairieclavreuil.com\/#organization\",\"name\":\"Libairie Clavreuil\",\"url\":\"https:\/\/www.librairieclavreuil.com\/\",\"logo\":{\"@type\":\"ImageObject\",\"inLanguage\":\"en-US\",\"@id\":\"https:\/\/www.librairieclavreuil.com\/#\/schema\/logo\/image\/\",\"url\":\"https:\/\/www.librairieclavreuil.com\/wp-content\/uploads\/2021\/06\/cropped-LOGO_PNG_DATE-_gold-512x512-1.png\",\"contentUrl\":\"https:\/\/www.librairieclavreuil.com\/wp-content\/uploads\/2021\/06\/cropped-LOGO_PNG_DATE-_gold-512x512-1.png\",\"width\":512,\"height\":512,\"caption\":\"Libairie Clavreuil\"},\"image\":{\"@id\":\"https:\/\/www.librairieclavreuil.com\/#\/schema\/logo\/image\/\"},\"sameAs\":[\"https:\/\/www.instagram.com\/librairieclavreuil\/\"]}]}<\/script>\n<!-- \/ Yoast SEO plugin. -->","yoast_head_json":{"title":"CHAPELAIN Jean Les Sentimens de l'Acad\u00e9mie fran\u00e7oise sur la tragi-comedie du Cid - Libairie Clavreuil","robots":{"index":"index","follow":"follow","max-snippet":"max-snippet:-1","max-image-preview":"max-image-preview:large","max-video-preview":"max-video-preview:-1"},"canonical":"https:\/\/www.librairieclavreuil.com\/en\/chapelain-jean-les-sentimens-de-lacademie-francoise-sur-la-tragi-comedie-du-cid\/","og_locale":"en_US","og_type":"article","og_title":"CHAPELAIN Jean Les Sentimens de l'Acad\u00e9mie fran\u00e7oise sur la tragi-comedie du Cid - Libairie Clavreuil","og_description":"8vo (173 x 114 mm) 192 pp. Contemporary vellum, flat spine with manuscript title.","og_url":"https:\/\/www.librairieclavreuil.com\/en\/chapelain-jean-les-sentimens-de-lacademie-francoise-sur-la-tragi-comedie-du-cid\/","og_site_name":"Libairie Clavreuil","article_modified_time":"2025-11-18T14:45:24+00:00","og_image":[{"width":540,"height":800,"url":"https:\/\/www.librairieclavreuil.com\/wp-content\/uploads\/2025\/09\/jean-chapelain-les-sentimens-de-l-academie-francoise-sur-la-tragi-comedie-du-cid-9401-68b595ca6da37.jpg","type":"image\/jpeg"}],"twitter_card":"summary_large_image","twitter_misc":{"Est. reading time":"5 minutes"},"schema":{"@context":"https:\/\/schema.org","@graph":[{"@type":"WebPage","@id":"https:\/\/www.librairieclavreuil.com\/en\/chapelain-jean-les-sentimens-de-lacademie-francoise-sur-la-tragi-comedie-du-cid\/","url":"https:\/\/www.librairieclavreuil.com\/en\/chapelain-jean-les-sentimens-de-lacademie-francoise-sur-la-tragi-comedie-du-cid\/","name":"CHAPELAIN Jean Les Sentimens de l'Acad\u00e9mie fran\u00e7oise sur la tragi-comedie du Cid - Libairie Clavreuil","isPartOf":{"@id":"https:\/\/www.librairieclavreuil.com\/#website"},"primaryImageOfPage":{"@id":"https:\/\/www.librairieclavreuil.com\/en\/chapelain-jean-les-sentimens-de-lacademie-francoise-sur-la-tragi-comedie-du-cid\/#primaryimage"},"image":{"@id":"https:\/\/www.librairieclavreuil.com\/en\/chapelain-jean-les-sentimens-de-lacademie-francoise-sur-la-tragi-comedie-du-cid\/#primaryimage"},"thumbnailUrl":"https:\/\/www.librairieclavreuil.com\/wp-content\/uploads\/2025\/09\/jean-chapelain-les-sentimens-de-l-academie-francoise-sur-la-tragi-comedie-du-cid-9401-68b595ca6da37.jpg","datePublished":"2024-07-17T14:08:35+00:00","dateModified":"2025-11-18T14:45:24+00:00","breadcrumb":{"@id":"https:\/\/www.librairieclavreuil.com\/en\/chapelain-jean-les-sentimens-de-lacademie-francoise-sur-la-tragi-comedie-du-cid\/#breadcrumb"},"inLanguage":"en-US","potentialAction":[{"@type":"ReadAction","target":["https:\/\/www.librairieclavreuil.com\/en\/chapelain-jean-les-sentimens-de-lacademie-francoise-sur-la-tragi-comedie-du-cid\/"]}]},{"@type":"ImageObject","inLanguage":"en-US","@id":"https:\/\/www.librairieclavreuil.com\/en\/chapelain-jean-les-sentimens-de-lacademie-francoise-sur-la-tragi-comedie-du-cid\/#primaryimage","url":"https:\/\/www.librairieclavreuil.com\/wp-content\/uploads\/2025\/09\/jean-chapelain-les-sentimens-de-l-academie-francoise-sur-la-tragi-comedie-du-cid-9401-68b595ca6da37.jpg","contentUrl":"https:\/\/www.librairieclavreuil.com\/wp-content\/uploads\/2025\/09\/jean-chapelain-les-sentimens-de-l-academie-francoise-sur-la-tragi-comedie-du-cid-9401-68b595ca6da37.jpg","width":540,"height":800},{"@type":"BreadcrumbList","@id":"https:\/\/www.librairieclavreuil.com\/en\/chapelain-jean-les-sentimens-de-lacademie-francoise-sur-la-tragi-comedie-du-cid\/#breadcrumb","itemListElement":[{"@type":"ListItem","position":1,"name":"Accueil","item":"https:\/\/www.librairieclavreuil.com\/"},{"@type":"ListItem","position":2,"name":"All our books","item":"https:\/\/www.librairieclavreuil.com\/en\/all-our-books\/"},{"@type":"ListItem","position":3,"name":"CHAPELAIN Jean Les Sentimens de l&rsquo;Acad\u00e9mie fran\u00e7oise sur..."}]},{"@type":"WebSite","@id":"https:\/\/www.librairieclavreuil.com\/#website","url":"https:\/\/www.librairieclavreuil.com\/","name":"Libairie Clavreuil","description":"Livres anciens, manuscrits rares et \u00e9ditions originales \u2013 Librairie Clavreuil","publisher":{"@id":"https:\/\/www.librairieclavreuil.com\/#organization"},"potentialAction":[{"@type":"SearchAction","target":{"@type":"EntryPoint","urlTemplate":"https:\/\/www.librairieclavreuil.com\/?s={search_term_string}"},"query-input":{"@type":"PropertyValueSpecification","valueRequired":true,"valueName":"search_term_string"}}],"inLanguage":"en-US"},{"@type":"Organization","@id":"https:\/\/www.librairieclavreuil.com\/#organization","name":"Libairie Clavreuil","url":"https:\/\/www.librairieclavreuil.com\/","logo":{"@type":"ImageObject","inLanguage":"en-US","@id":"https:\/\/www.librairieclavreuil.com\/#\/schema\/logo\/image\/","url":"https:\/\/www.librairieclavreuil.com\/wp-content\/uploads\/2021\/06\/cropped-LOGO_PNG_DATE-_gold-512x512-1.png","contentUrl":"https:\/\/www.librairieclavreuil.com\/wp-content\/uploads\/2021\/06\/cropped-LOGO_PNG_DATE-_gold-512x512-1.png","width":512,"height":512,"caption":"Libairie Clavreuil"},"image":{"@id":"https:\/\/www.librairieclavreuil.com\/#\/schema\/logo\/image\/"},"sameAs":["https:\/\/www.instagram.com\/librairieclavreuil\/"]}]}},"jetpack_sharing_enabled":true,"_links":{"self":[{"href":"https:\/\/www.librairieclavreuil.com\/en\/wp-json\/wp\/v2\/product\/80805","targetHints":{"allow":["GET"]}}],"collection":[{"href":"https:\/\/www.librairieclavreuil.com\/en\/wp-json\/wp\/v2\/product"}],"about":[{"href":"https:\/\/www.librairieclavreuil.com\/en\/wp-json\/wp\/v2\/types\/product"}],"replies":[{"embeddable":true,"href":"https:\/\/www.librairieclavreuil.com\/en\/wp-json\/wp\/v2\/comments?post=80805"}],"wp:featuredmedia":[{"embeddable":true,"href":"https:\/\/www.librairieclavreuil.com\/en\/wp-json\/wp\/v2\/media\/87865"}],"wp:attachment":[{"href":"https:\/\/www.librairieclavreuil.com\/en\/wp-json\/wp\/v2\/media?parent=80805"}],"wp:term":[{"taxonomy":"product_brand","embeddable":true,"href":"https:\/\/www.librairieclavreuil.com\/en\/wp-json\/wp\/v2\/product_brand?post=80805"},{"taxonomy":"product_cat","embeddable":true,"href":"https:\/\/www.librairieclavreuil.com\/en\/wp-json\/wp\/v2\/product_cat?post=80805"},{"taxonomy":"product_tag","embeddable":true,"href":"https:\/\/www.librairieclavreuil.com\/en\/wp-json\/wp\/v2\/product_tag?post=80805"}],"curies":[{"name":"wp","href":"https:\/\/api.w.org\/{rel}","templated":true}]}}