{"id":80267,"date":"2024-07-13T16:58:21","date_gmt":"2024-07-13T14:58:21","guid":{"rendered":"https:\/\/www.librairieclavreuil.com\/anonyme-satyre-menippee-de-la-vertu-du-catholicon-despagne-et-le-tenue-des-estatz-de-paris\/"},"modified":"2024-07-13T16:58:32","modified_gmt":"2024-07-13T14:58:32","slug":"anonyme-satyre-menippee-de-la-vertu-du-catholicon-despagne-et-le-tenue-des-estatz-de-paris","status":"publish","type":"product","link":"https:\/\/www.librairieclavreuil.com\/en\/anonyme-satyre-menippee-de-la-vertu-du-catholicon-despagne-et-le-tenue-des-estatz-de-paris\/","title":{"rendered":"ANONYME Satyre M\u00e9nipp\u00e9e de la vertu du catholicon..."},"content":{"rendered":"<p><i>Brunet, Suppl\u00e9ment, II, 54; Jean Balsamo, Satyre M\u00e9nipp\u00e9e, 1a; Tchemerzine-Scheler, 388.<\/i><\/p>\n<p>The true first edition according to Balsamo and Brunet of this famous collective political pamphlet in prose and verse against the Estates General convened by the League in 1593 to elect a Catholic king of France. It was written by Pierre Leroy, Jacques Gillot, Florent Chrestien, Pierre Pithou, Nicolas Rapin and Jean Passerat.<\/p>\n<p>There is another edition, also with 255 pages, using the same typeface as that printed in Tours by Jamet Mettayer but with typographical differences. Pages 92, 96 and 111 are erroneously numbered 76, 99 and 26 (BNF, opale, electronic catalogue). According to the BnF&#8217;s electronic catalogue, this may be an earlier edition. The present edition, printed in Torus is described by Jean Balsamo in his recent study as being the true first edition.<\/p>\n<p>&#8220;On lit aux pages 235 et suivantes, que l&#8217;auteur, se rendant \u00e0 la salle des \u00c9tats, au Louvre, voit dans l&#8217;escalier qui y conduit, plusieurs tableaux dont il donne la description. Le second, qu&#8217;il d\u00e9crit page 236, est enti\u00e8rement diff\u00e9rent de celui qui se trouve dans les autres \u00e9ditions sous la m\u00eame date. Dans ce tableau, Nicolas de Neuville de Villeroy, secr\u00e9taire d&#8217;\u00c9tat, est repr\u00e9sent\u00e9 recevant sur la t\u00eate une petite pluie d&#8217;or, ce qui veut dire qu&#8217;il s&#8217;\u00e9tait corrompu par les doublons d&#8217;Espagne&#8221; (Brunet). This passage was suppressed by the following editions of the same year.<\/p>\n<p>Magnificent copy, ruled in red, in a lovely French 18th century binding.<\/p>\n<p>Provenance : Girard de Villars (his signature on the title). This could be Charles Ren\u00e9 Girard de Villars (1698-1769), natural scientist and physician, who held a correspondence with R\u00e9aumur and Jussieu.<\/p>\n","protected":false},"excerpt":{"rendered":"<p style=\"text-align:justify\">8vo (166 x 106 mm) 255 pp. Eighteenth-century French red morocco, triple gilt filet on covers, flat spine gilt, inner gilt dentelle, gilt edges.<\/p>\n","protected":false},"featured_media":80262,"comment_status":"open","ping_status":"closed","template":"","meta":{"_acf_changed":false},"product_brand":[],"product_cat":[544],"product_tag":[1243,1450],"class_list":{"0":"post-80267","1":"product","2":"type-product","3":"status-publish","4":"has-post-thumbnail","6":"product_cat-literature","7":"product_tag-16th-century-literature","8":"product_tag-first-edition","9":"pa_auteur-anonyme-2","10":"pa_type-de-livre-printed-book","12":"first","13":"outofstock","14":"shipping-taxable","15":"purchasable","16":"product-type-simple"},"acf":{"artist":" ANONYME","chapeau":"The rare first edition","adresse_bibliographique":"Tours, Jamet Mettayer, 1593","book_type":"Printed book","provenance":"","afficher_prix":""},"yoast_head":"<!-- This site is optimized with the Yoast SEO plugin v24.7 - https:\/\/yoast.com\/wordpress\/plugins\/seo\/ -->\n<title>ANONYME  Satyre M\u00e9nipp\u00e9e de la vertu du catholicon d&#039;Espagne et le tenue des estatz de Paris. - Libairie Clavreuil<\/title>\n<meta name=\"robots\" content=\"index, follow, max-snippet:-1, max-image-preview:large, max-video-preview:-1\" \/>\n<link rel=\"canonical\" href=\"https:\/\/www.librairieclavreuil.com\/en\/anonyme-satyre-menippee-de-la-vertu-du-catholicon-despagne-et-le-tenue-des-estatz-de-paris\/\" \/>\n<meta property=\"og:locale\" content=\"en_US\" \/>\n<meta property=\"og:type\" content=\"article\" \/>\n<meta property=\"og:title\" content=\"ANONYME  Satyre M\u00e9nipp\u00e9e de la vertu du catholicon d&#039;Espagne et le tenue des estatz de Paris. - Libairie Clavreuil\" \/>\n<meta property=\"og:description\" content=\"8vo (166 x 106 mm) 255 pp. Eighteenth-century French red morocco, triple gilt filet on covers, flat spine gilt, inner gilt dentelle, gilt edges.\" \/>\n<meta property=\"og:url\" content=\"https:\/\/www.librairieclavreuil.com\/en\/anonyme-satyre-menippee-de-la-vertu-du-catholicon-despagne-et-le-tenue-des-estatz-de-paris\/\" \/>\n<meta property=\"og:site_name\" content=\"Libairie Clavreuil\" \/>\n<meta property=\"article:modified_time\" content=\"2024-07-13T14:58:32+00:00\" \/>\n<meta property=\"og:image\" content=\"https:\/\/www.librairieclavreuil.com\/wp-content\/uploads\/2024\/07\/unknown-satyre-menippee-de-la-vertu-du-catholicon-d-espagne-et-le-tenue-des-estatz-de-paris-8009-65a17faf06751.jpg\" \/>\n\t<meta property=\"og:image:width\" content=\"525\" \/>\n\t<meta property=\"og:image:height\" content=\"800\" \/>\n\t<meta property=\"og:image:type\" content=\"image\/jpeg\" \/>\n<meta name=\"twitter:card\" content=\"summary_large_image\" \/>\n<meta name=\"twitter:label1\" content=\"Est. reading time\" \/>\n\t<meta name=\"twitter:data1\" content=\"1 minute\" \/>\n<script type=\"application\/ld+json\" class=\"yoast-schema-graph\">{\"@context\":\"https:\/\/schema.org\",\"@graph\":[{\"@type\":\"WebPage\",\"@id\":\"https:\/\/www.librairieclavreuil.com\/en\/anonyme-satyre-menippee-de-la-vertu-du-catholicon-despagne-et-le-tenue-des-estatz-de-paris\/\",\"url\":\"https:\/\/www.librairieclavreuil.com\/en\/anonyme-satyre-menippee-de-la-vertu-du-catholicon-despagne-et-le-tenue-des-estatz-de-paris\/\",\"name\":\"ANONYME Satyre M\u00e9nipp\u00e9e de la vertu du catholicon d'Espagne et le tenue des estatz de Paris. - Libairie Clavreuil\",\"isPartOf\":{\"@id\":\"https:\/\/www.librairieclavreuil.com\/#website\"},\"primaryImageOfPage\":{\"@id\":\"https:\/\/www.librairieclavreuil.com\/en\/anonyme-satyre-menippee-de-la-vertu-du-catholicon-despagne-et-le-tenue-des-estatz-de-paris\/#primaryimage\"},\"image\":{\"@id\":\"https:\/\/www.librairieclavreuil.com\/en\/anonyme-satyre-menippee-de-la-vertu-du-catholicon-despagne-et-le-tenue-des-estatz-de-paris\/#primaryimage\"},\"thumbnailUrl\":\"https:\/\/www.librairieclavreuil.com\/wp-content\/uploads\/2024\/07\/unknown-satyre-menippee-de-la-vertu-du-catholicon-d-espagne-et-le-tenue-des-estatz-de-paris-8009-65a17faf06751.jpg\",\"datePublished\":\"2024-07-13T14:58:21+00:00\",\"dateModified\":\"2024-07-13T14:58:32+00:00\",\"breadcrumb\":{\"@id\":\"https:\/\/www.librairieclavreuil.com\/en\/anonyme-satyre-menippee-de-la-vertu-du-catholicon-despagne-et-le-tenue-des-estatz-de-paris\/#breadcrumb\"},\"inLanguage\":\"en-US\",\"potentialAction\":[{\"@type\":\"ReadAction\",\"target\":[\"https:\/\/www.librairieclavreuil.com\/en\/anonyme-satyre-menippee-de-la-vertu-du-catholicon-despagne-et-le-tenue-des-estatz-de-paris\/\"]}]},{\"@type\":\"ImageObject\",\"inLanguage\":\"en-US\",\"@id\":\"https:\/\/www.librairieclavreuil.com\/en\/anonyme-satyre-menippee-de-la-vertu-du-catholicon-despagne-et-le-tenue-des-estatz-de-paris\/#primaryimage\",\"url\":\"https:\/\/www.librairieclavreuil.com\/wp-content\/uploads\/2024\/07\/unknown-satyre-menippee-de-la-vertu-du-catholicon-d-espagne-et-le-tenue-des-estatz-de-paris-8009-65a17faf06751.jpg\",\"contentUrl\":\"https:\/\/www.librairieclavreuil.com\/wp-content\/uploads\/2024\/07\/unknown-satyre-menippee-de-la-vertu-du-catholicon-d-espagne-et-le-tenue-des-estatz-de-paris-8009-65a17faf06751.jpg\",\"width\":525,\"height\":800},{\"@type\":\"BreadcrumbList\",\"@id\":\"https:\/\/www.librairieclavreuil.com\/en\/anonyme-satyre-menippee-de-la-vertu-du-catholicon-despagne-et-le-tenue-des-estatz-de-paris\/#breadcrumb\",\"itemListElement\":[{\"@type\":\"ListItem\",\"position\":1,\"name\":\"Accueil\",\"item\":\"https:\/\/www.librairieclavreuil.com\/\"},{\"@type\":\"ListItem\",\"position\":2,\"name\":\"All our books\",\"item\":\"https:\/\/www.librairieclavreuil.com\/en\/all-our-books\/\"},{\"@type\":\"ListItem\",\"position\":3,\"name\":\"ANONYME Satyre M\u00e9nipp\u00e9e de la vertu du catholicon d&#8217;Espagne et le tenue des estatz de Paris.\"}]},{\"@type\":\"WebSite\",\"@id\":\"https:\/\/www.librairieclavreuil.com\/#website\",\"url\":\"https:\/\/www.librairieclavreuil.com\/\",\"name\":\"Libairie Clavreuil\",\"description\":\"Livres anciens, manuscrits rares et \u00e9ditions originales \u2013 Librairie Clavreuil\",\"publisher\":{\"@id\":\"https:\/\/www.librairieclavreuil.com\/#organization\"},\"potentialAction\":[{\"@type\":\"SearchAction\",\"target\":{\"@type\":\"EntryPoint\",\"urlTemplate\":\"https:\/\/www.librairieclavreuil.com\/?s={search_term_string}\"},\"query-input\":{\"@type\":\"PropertyValueSpecification\",\"valueRequired\":true,\"valueName\":\"search_term_string\"}}],\"inLanguage\":\"en-US\"},{\"@type\":\"Organization\",\"@id\":\"https:\/\/www.librairieclavreuil.com\/#organization\",\"name\":\"Libairie Clavreuil\",\"url\":\"https:\/\/www.librairieclavreuil.com\/\",\"logo\":{\"@type\":\"ImageObject\",\"inLanguage\":\"en-US\",\"@id\":\"https:\/\/www.librairieclavreuil.com\/#\/schema\/logo\/image\/\",\"url\":\"https:\/\/www.librairieclavreuil.com\/wp-content\/uploads\/2021\/06\/cropped-LOGO_PNG_DATE-_gold-512x512-1.png\",\"contentUrl\":\"https:\/\/www.librairieclavreuil.com\/wp-content\/uploads\/2021\/06\/cropped-LOGO_PNG_DATE-_gold-512x512-1.png\",\"width\":512,\"height\":512,\"caption\":\"Libairie Clavreuil\"},\"image\":{\"@id\":\"https:\/\/www.librairieclavreuil.com\/#\/schema\/logo\/image\/\"},\"sameAs\":[\"https:\/\/www.instagram.com\/librairieclavreuil\/\"]}]}<\/script>\n<!-- \/ Yoast SEO plugin. -->","yoast_head_json":{"title":"ANONYME  Satyre M\u00e9nipp\u00e9e de la vertu du catholicon d'Espagne et le tenue des estatz de Paris. - Libairie Clavreuil","robots":{"index":"index","follow":"follow","max-snippet":"max-snippet:-1","max-image-preview":"max-image-preview:large","max-video-preview":"max-video-preview:-1"},"canonical":"https:\/\/www.librairieclavreuil.com\/en\/anonyme-satyre-menippee-de-la-vertu-du-catholicon-despagne-et-le-tenue-des-estatz-de-paris\/","og_locale":"en_US","og_type":"article","og_title":"ANONYME  Satyre M\u00e9nipp\u00e9e de la vertu du catholicon d'Espagne et le tenue des estatz de Paris. - Libairie Clavreuil","og_description":"8vo (166 x 106 mm) 255 pp. Eighteenth-century French red morocco, triple gilt filet on covers, flat spine gilt, inner gilt dentelle, gilt edges.","og_url":"https:\/\/www.librairieclavreuil.com\/en\/anonyme-satyre-menippee-de-la-vertu-du-catholicon-despagne-et-le-tenue-des-estatz-de-paris\/","og_site_name":"Libairie Clavreuil","article_modified_time":"2024-07-13T14:58:32+00:00","og_image":[{"width":525,"height":800,"url":"https:\/\/www.librairieclavreuil.com\/wp-content\/uploads\/2024\/07\/unknown-satyre-menippee-de-la-vertu-du-catholicon-d-espagne-et-le-tenue-des-estatz-de-paris-8009-65a17faf06751.jpg","type":"image\/jpeg"}],"twitter_card":"summary_large_image","twitter_misc":{"Est. reading time":"1 minute"},"schema":{"@context":"https:\/\/schema.org","@graph":[{"@type":"WebPage","@id":"https:\/\/www.librairieclavreuil.com\/en\/anonyme-satyre-menippee-de-la-vertu-du-catholicon-despagne-et-le-tenue-des-estatz-de-paris\/","url":"https:\/\/www.librairieclavreuil.com\/en\/anonyme-satyre-menippee-de-la-vertu-du-catholicon-despagne-et-le-tenue-des-estatz-de-paris\/","name":"ANONYME Satyre M\u00e9nipp\u00e9e de la vertu du catholicon d'Espagne et le tenue des estatz de Paris. - Libairie Clavreuil","isPartOf":{"@id":"https:\/\/www.librairieclavreuil.com\/#website"},"primaryImageOfPage":{"@id":"https:\/\/www.librairieclavreuil.com\/en\/anonyme-satyre-menippee-de-la-vertu-du-catholicon-despagne-et-le-tenue-des-estatz-de-paris\/#primaryimage"},"image":{"@id":"https:\/\/www.librairieclavreuil.com\/en\/anonyme-satyre-menippee-de-la-vertu-du-catholicon-despagne-et-le-tenue-des-estatz-de-paris\/#primaryimage"},"thumbnailUrl":"https:\/\/www.librairieclavreuil.com\/wp-content\/uploads\/2024\/07\/unknown-satyre-menippee-de-la-vertu-du-catholicon-d-espagne-et-le-tenue-des-estatz-de-paris-8009-65a17faf06751.jpg","datePublished":"2024-07-13T14:58:21+00:00","dateModified":"2024-07-13T14:58:32+00:00","breadcrumb":{"@id":"https:\/\/www.librairieclavreuil.com\/en\/anonyme-satyre-menippee-de-la-vertu-du-catholicon-despagne-et-le-tenue-des-estatz-de-paris\/#breadcrumb"},"inLanguage":"en-US","potentialAction":[{"@type":"ReadAction","target":["https:\/\/www.librairieclavreuil.com\/en\/anonyme-satyre-menippee-de-la-vertu-du-catholicon-despagne-et-le-tenue-des-estatz-de-paris\/"]}]},{"@type":"ImageObject","inLanguage":"en-US","@id":"https:\/\/www.librairieclavreuil.com\/en\/anonyme-satyre-menippee-de-la-vertu-du-catholicon-despagne-et-le-tenue-des-estatz-de-paris\/#primaryimage","url":"https:\/\/www.librairieclavreuil.com\/wp-content\/uploads\/2024\/07\/unknown-satyre-menippee-de-la-vertu-du-catholicon-d-espagne-et-le-tenue-des-estatz-de-paris-8009-65a17faf06751.jpg","contentUrl":"https:\/\/www.librairieclavreuil.com\/wp-content\/uploads\/2024\/07\/unknown-satyre-menippee-de-la-vertu-du-catholicon-d-espagne-et-le-tenue-des-estatz-de-paris-8009-65a17faf06751.jpg","width":525,"height":800},{"@type":"BreadcrumbList","@id":"https:\/\/www.librairieclavreuil.com\/en\/anonyme-satyre-menippee-de-la-vertu-du-catholicon-despagne-et-le-tenue-des-estatz-de-paris\/#breadcrumb","itemListElement":[{"@type":"ListItem","position":1,"name":"Accueil","item":"https:\/\/www.librairieclavreuil.com\/"},{"@type":"ListItem","position":2,"name":"All our books","item":"https:\/\/www.librairieclavreuil.com\/en\/all-our-books\/"},{"@type":"ListItem","position":3,"name":"ANONYME Satyre M\u00e9nipp\u00e9e de la vertu du catholicon d&#8217;Espagne et le tenue des estatz de Paris."}]},{"@type":"WebSite","@id":"https:\/\/www.librairieclavreuil.com\/#website","url":"https:\/\/www.librairieclavreuil.com\/","name":"Libairie Clavreuil","description":"Livres anciens, manuscrits rares et \u00e9ditions originales \u2013 Librairie Clavreuil","publisher":{"@id":"https:\/\/www.librairieclavreuil.com\/#organization"},"potentialAction":[{"@type":"SearchAction","target":{"@type":"EntryPoint","urlTemplate":"https:\/\/www.librairieclavreuil.com\/?s={search_term_string}"},"query-input":{"@type":"PropertyValueSpecification","valueRequired":true,"valueName":"search_term_string"}}],"inLanguage":"en-US"},{"@type":"Organization","@id":"https:\/\/www.librairieclavreuil.com\/#organization","name":"Libairie Clavreuil","url":"https:\/\/www.librairieclavreuil.com\/","logo":{"@type":"ImageObject","inLanguage":"en-US","@id":"https:\/\/www.librairieclavreuil.com\/#\/schema\/logo\/image\/","url":"https:\/\/www.librairieclavreuil.com\/wp-content\/uploads\/2021\/06\/cropped-LOGO_PNG_DATE-_gold-512x512-1.png","contentUrl":"https:\/\/www.librairieclavreuil.com\/wp-content\/uploads\/2021\/06\/cropped-LOGO_PNG_DATE-_gold-512x512-1.png","width":512,"height":512,"caption":"Libairie Clavreuil"},"image":{"@id":"https:\/\/www.librairieclavreuil.com\/#\/schema\/logo\/image\/"},"sameAs":["https:\/\/www.instagram.com\/librairieclavreuil\/"]}]}},"jetpack_sharing_enabled":true,"_links":{"self":[{"href":"https:\/\/www.librairieclavreuil.com\/en\/wp-json\/wp\/v2\/product\/80267","targetHints":{"allow":["GET"]}}],"collection":[{"href":"https:\/\/www.librairieclavreuil.com\/en\/wp-json\/wp\/v2\/product"}],"about":[{"href":"https:\/\/www.librairieclavreuil.com\/en\/wp-json\/wp\/v2\/types\/product"}],"replies":[{"embeddable":true,"href":"https:\/\/www.librairieclavreuil.com\/en\/wp-json\/wp\/v2\/comments?post=80267"}],"wp:featuredmedia":[{"embeddable":true,"href":"https:\/\/www.librairieclavreuil.com\/en\/wp-json\/wp\/v2\/media\/80262"}],"wp:attachment":[{"href":"https:\/\/www.librairieclavreuil.com\/en\/wp-json\/wp\/v2\/media?parent=80267"}],"wp:term":[{"taxonomy":"product_brand","embeddable":true,"href":"https:\/\/www.librairieclavreuil.com\/en\/wp-json\/wp\/v2\/product_brand?post=80267"},{"taxonomy":"product_cat","embeddable":true,"href":"https:\/\/www.librairieclavreuil.com\/en\/wp-json\/wp\/v2\/product_cat?post=80267"},{"taxonomy":"product_tag","embeddable":true,"href":"https:\/\/www.librairieclavreuil.com\/en\/wp-json\/wp\/v2\/product_tag?post=80267"}],"curies":[{"name":"wp","href":"https:\/\/api.w.org\/{rel}","templated":true}]}}