{"id":80097,"date":"2024-07-13T14:56:19","date_gmt":"2024-07-13T12:56:19","guid":{"rendered":"https:\/\/www.librairieclavreuil.com\/morelly-etienne-gabriel-code-de-la-nature-ou-veritable-esprit-de-ses-loix-de-tout-tems-neglige-ou-meconnu\/"},"modified":"2024-07-13T14:56:28","modified_gmt":"2024-07-13T12:56:28","slug":"morelly-etienne-gabriel-code-de-la-nature-ou-veritable-esprit-de-ses-loix-de-tout-tems-neglige-ou-meconnu","status":"publish","type":"product","link":"https:\/\/www.librairieclavreuil.com\/en\/morelly-etienne-gabriel-code-de-la-nature-ou-veritable-esprit-de-ses-loix-de-tout-tems-neglige-ou-meconnu\/","title":{"rendered":"MORELLY Etienne Gabriel Code de la nature, ou..."},"content":{"rendered":"<p style=\"text-align:justify\"><i>INED, 3318; Kress, 5457; Goldsmiths&#8217;, 9074; Einaudi, 4031.<\/i><\/p>\n<p style=\"text-align:justify\">First edition. The <i>Code de la nature<\/i> is considered a forerunner of socialistic ideas.<\/p>\n<p style=\"text-align:justify\">Published the same year as the<i> Discours sur l&#8217;origine et les fondemens de l&#8217;in\u00e9galit\u00e9 des hommes<\/i>, the <i>Code de la nature<\/i> presents itself as the answers given by an anonymous writer on the attacks of the critical articles published on yet another anonymous book the <i>Naufrage des Isles Flottantes, ou Basiliade du c\u00e9l\u00e8bre Pilpai<\/i>. In the first three parts of his essay, Morelly returns to the flaws in the political organisation, as well as the morality, on which society is founded. For this philosopher of the Enlightenment, all its ills are attributable to the reign of private property, which, by fracturing the original community, bears responsibility for man&#8217;s wickedness. He thus opposed the Hobbesian idea of &#8220;Homo homini lupus est&#8221; by defending the original goodness of mankind and the need for mutual aid. Attributed for some time to Diderot, it is thanks to Babeuf that Morelly&#8217;s authorship has been ascertained. The book is considered a precursor of communistic ideas since 1917.<\/p>\n<p style=\"text-align:justify\">&#8220;Paru en 1755, le <i>Code de la nature<\/i> est un ouvrage tout \u00e0 fait essentiel pour qui s\u2019interroge sur ce que l\u2019on appelait nagu\u00e8re le &#8216;pragmatisme&#8217; des Lumi\u00e8res : c\u2019est-\u00e0-dire non pas une \u00e9l\u00e9mentaire mise en projet de simples programmes ant\u00e9rieurement pens\u00e9s, comme le croient ceux qui rapetissent tout ce qu\u2019ils touchent, mais la recherche d\u2019une forme d\u2019\u00e9nonciation de ce que l\u2019on pourrait entreprendre qui modifierait radicalement l\u2019ordre des choses et du monde\u2026 La signification profonde du Code, paru peu apr\u00e8s le <i>Naufrage des isles flottantes ou Basiliade<\/i>, s\u2019\u00e9claire de leur confrontation : le plan de l\u00e9gislation imagin\u00e9 par Morelly n\u2019\u00e9tait pas un dispositif adapt\u00e9 \u00e0 une situation marginale et exceptionnelle, mais au contraire se voulait un projet majeur de r\u00e9organisation de l\u2019ordre social dominant, fond\u00e9 sur la proposition que la &#8216;communaut\u00e9 des biens doit devenir la matrice de l\u2019organisation sociale&#8217; face \u00e0 &#8216;la propri\u00e9t\u00e9 priv\u00e9e&#8217; qui en serait son &#8220;d\u00e9tournement&#8221;. Le <i>Code de la nature<\/i> rel\u00e8ve donc moins de la po\u00e9tique que de la th\u00e9orie sociale&#8221; (see St\u00e9phanie Roza, in &nbsp;: \u00c9tienne-Gabriel Morelly, le Code de la Nature, \u00e9tude critique, Montreuil 2011).<\/p>\n<p style=\"text-align:justify\">Very nice copy of the work rarely found in a contemporary morocco binding.<\/p>\n","protected":false},"excerpt":{"rendered":"<p style=\"text-align:justify\">12mo (165 x 97 mm) 236 pp., 2 unn.ll. (index). Title printed in red and black, decorated with an engraved vignette showing putti and a globe. Contemporary olive green morocco, triple gilt filet on covers, flat spine elaborately gilt in &#8216;\u00e0 la grotesque&#8217; style, inner rules, original endpapers, gilt edges.<\/p>\n","protected":false},"featured_media":80092,"comment_status":"open","ping_status":"closed","template":"","meta":{"_acf_changed":false},"product_brand":[],"product_cat":[536],"product_tag":[1232,1210],"class_list":{"0":"post-80097","1":"product","2":"type-product","3":"status-publish","4":"has-post-thumbnail","6":"product_cat-right-economy","7":"product_tag-law","8":"product_tag-utopia","9":"pa_auteur-morelly-etienne-gabriel-2","10":"pa_type-de-livre-printed-book","12":"first","13":"instock","14":"shipping-taxable","15":"purchasable","16":"product-type-simple"},"acf":{"artist":"","chapeau":"","adresse_bibliographique":"","book_type":"","provenance":"","afficher_prix":""},"yoast_head":"<!-- This site is optimized with the Yoast SEO plugin v24.7 - https:\/\/yoast.com\/wordpress\/plugins\/seo\/ -->\n<title>MORELLY Etienne Gabriel Code de la nature, ou V\u00e9ritable esprit de ses loix, de tout tems n\u00e9glig\u00e9 ou m\u00e9connu. - Libairie Clavreuil<\/title>\n<meta name=\"robots\" content=\"index, follow, max-snippet:-1, max-image-preview:large, max-video-preview:-1\" \/>\n<link rel=\"canonical\" href=\"https:\/\/www.librairieclavreuil.com\/en\/morelly-etienne-gabriel-code-de-la-nature-ou-veritable-esprit-de-ses-loix-de-tout-tems-neglige-ou-meconnu\/\" \/>\n<meta property=\"og:locale\" content=\"en_US\" \/>\n<meta property=\"og:type\" content=\"article\" \/>\n<meta property=\"og:title\" content=\"MORELLY Etienne Gabriel Code de la nature, ou V\u00e9ritable esprit de ses loix, de tout tems n\u00e9glig\u00e9 ou m\u00e9connu. - Libairie Clavreuil\" \/>\n<meta property=\"og:description\" content=\"12mo (165 x 97 mm) 236 pp., 2 unn.ll. (index). Title printed in red and black, decorated with an engraved vignette showing putti and a globe. Contemporary olive green morocco, triple gilt filet on covers, flat spine elaborately gilt in &#039;\u00e0 la grotesque&#039; style, inner rules, original endpapers, gilt edges.\" \/>\n<meta property=\"og:url\" content=\"https:\/\/www.librairieclavreuil.com\/en\/morelly-etienne-gabriel-code-de-la-nature-ou-veritable-esprit-de-ses-loix-de-tout-tems-neglige-ou-meconnu\/\" \/>\n<meta property=\"og:site_name\" content=\"Libairie Clavreuil\" \/>\n<meta property=\"article:modified_time\" content=\"2024-07-13T12:56:28+00:00\" \/>\n<meta property=\"og:image\" content=\"https:\/\/www.librairieclavreuil.com\/wp-content\/uploads\/2024\/07\/etienne-gabriel-morelly-code-de-la-nature-ou-veritable-esprit-de-ses-loix-de-tout-tems-neglige-ou-meconnu-8201-66927836e3c53.jpg\" \/>\n\t<meta property=\"og:image:width\" content=\"489\" \/>\n\t<meta property=\"og:image:height\" content=\"800\" \/>\n\t<meta property=\"og:image:type\" content=\"image\/jpeg\" \/>\n<meta name=\"twitter:card\" content=\"summary_large_image\" \/>\n<meta name=\"twitter:label1\" content=\"Est. reading time\" \/>\n\t<meta name=\"twitter:data1\" content=\"2 minutes\" \/>\n<script type=\"application\/ld+json\" class=\"yoast-schema-graph\">{\"@context\":\"https:\/\/schema.org\",\"@graph\":[{\"@type\":\"WebPage\",\"@id\":\"https:\/\/www.librairieclavreuil.com\/en\/morelly-etienne-gabriel-code-de-la-nature-ou-veritable-esprit-de-ses-loix-de-tout-tems-neglige-ou-meconnu\/\",\"url\":\"https:\/\/www.librairieclavreuil.com\/en\/morelly-etienne-gabriel-code-de-la-nature-ou-veritable-esprit-de-ses-loix-de-tout-tems-neglige-ou-meconnu\/\",\"name\":\"MORELLY Etienne Gabriel Code de la nature, ou V\u00e9ritable esprit de ses loix, de tout tems n\u00e9glig\u00e9 ou m\u00e9connu. - Libairie Clavreuil\",\"isPartOf\":{\"@id\":\"https:\/\/www.librairieclavreuil.com\/#website\"},\"primaryImageOfPage\":{\"@id\":\"https:\/\/www.librairieclavreuil.com\/en\/morelly-etienne-gabriel-code-de-la-nature-ou-veritable-esprit-de-ses-loix-de-tout-tems-neglige-ou-meconnu\/#primaryimage\"},\"image\":{\"@id\":\"https:\/\/www.librairieclavreuil.com\/en\/morelly-etienne-gabriel-code-de-la-nature-ou-veritable-esprit-de-ses-loix-de-tout-tems-neglige-ou-meconnu\/#primaryimage\"},\"thumbnailUrl\":\"https:\/\/www.librairieclavreuil.com\/wp-content\/uploads\/2024\/07\/etienne-gabriel-morelly-code-de-la-nature-ou-veritable-esprit-de-ses-loix-de-tout-tems-neglige-ou-meconnu-8201-66927836e3c53.jpg\",\"datePublished\":\"2024-07-13T12:56:19+00:00\",\"dateModified\":\"2024-07-13T12:56:28+00:00\",\"breadcrumb\":{\"@id\":\"https:\/\/www.librairieclavreuil.com\/en\/morelly-etienne-gabriel-code-de-la-nature-ou-veritable-esprit-de-ses-loix-de-tout-tems-neglige-ou-meconnu\/#breadcrumb\"},\"inLanguage\":\"en-US\",\"potentialAction\":[{\"@type\":\"ReadAction\",\"target\":[\"https:\/\/www.librairieclavreuil.com\/en\/morelly-etienne-gabriel-code-de-la-nature-ou-veritable-esprit-de-ses-loix-de-tout-tems-neglige-ou-meconnu\/\"]}]},{\"@type\":\"ImageObject\",\"inLanguage\":\"en-US\",\"@id\":\"https:\/\/www.librairieclavreuil.com\/en\/morelly-etienne-gabriel-code-de-la-nature-ou-veritable-esprit-de-ses-loix-de-tout-tems-neglige-ou-meconnu\/#primaryimage\",\"url\":\"https:\/\/www.librairieclavreuil.com\/wp-content\/uploads\/2024\/07\/etienne-gabriel-morelly-code-de-la-nature-ou-veritable-esprit-de-ses-loix-de-tout-tems-neglige-ou-meconnu-8201-66927836e3c53.jpg\",\"contentUrl\":\"https:\/\/www.librairieclavreuil.com\/wp-content\/uploads\/2024\/07\/etienne-gabriel-morelly-code-de-la-nature-ou-veritable-esprit-de-ses-loix-de-tout-tems-neglige-ou-meconnu-8201-66927836e3c53.jpg\",\"width\":489,\"height\":800},{\"@type\":\"BreadcrumbList\",\"@id\":\"https:\/\/www.librairieclavreuil.com\/en\/morelly-etienne-gabriel-code-de-la-nature-ou-veritable-esprit-de-ses-loix-de-tout-tems-neglige-ou-meconnu\/#breadcrumb\",\"itemListElement\":[{\"@type\":\"ListItem\",\"position\":1,\"name\":\"Accueil\",\"item\":\"https:\/\/www.librairieclavreuil.com\/\"},{\"@type\":\"ListItem\",\"position\":2,\"name\":\"All our books\",\"item\":\"https:\/\/www.librairieclavreuil.com\/en\/all-our-books\/\"},{\"@type\":\"ListItem\",\"position\":3,\"name\":\"MORELLY Etienne Gabriel Code de la nature, ou V\u00e9ritable esprit de ses loix, de tout tems n\u00e9glig\u00e9 ou m\u00e9connu.\"}]},{\"@type\":\"WebSite\",\"@id\":\"https:\/\/www.librairieclavreuil.com\/#website\",\"url\":\"https:\/\/www.librairieclavreuil.com\/\",\"name\":\"Libairie Clavreuil\",\"description\":\"Livres anciens, manuscrits rares et \u00e9ditions originales \u2013 Librairie Clavreuil\",\"publisher\":{\"@id\":\"https:\/\/www.librairieclavreuil.com\/#organization\"},\"potentialAction\":[{\"@type\":\"SearchAction\",\"target\":{\"@type\":\"EntryPoint\",\"urlTemplate\":\"https:\/\/www.librairieclavreuil.com\/?s={search_term_string}\"},\"query-input\":{\"@type\":\"PropertyValueSpecification\",\"valueRequired\":true,\"valueName\":\"search_term_string\"}}],\"inLanguage\":\"en-US\"},{\"@type\":\"Organization\",\"@id\":\"https:\/\/www.librairieclavreuil.com\/#organization\",\"name\":\"Libairie Clavreuil\",\"url\":\"https:\/\/www.librairieclavreuil.com\/\",\"logo\":{\"@type\":\"ImageObject\",\"inLanguage\":\"en-US\",\"@id\":\"https:\/\/www.librairieclavreuil.com\/#\/schema\/logo\/image\/\",\"url\":\"https:\/\/www.librairieclavreuil.com\/wp-content\/uploads\/2021\/06\/cropped-LOGO_PNG_DATE-_gold-512x512-1.png\",\"contentUrl\":\"https:\/\/www.librairieclavreuil.com\/wp-content\/uploads\/2021\/06\/cropped-LOGO_PNG_DATE-_gold-512x512-1.png\",\"width\":512,\"height\":512,\"caption\":\"Libairie Clavreuil\"},\"image\":{\"@id\":\"https:\/\/www.librairieclavreuil.com\/#\/schema\/logo\/image\/\"},\"sameAs\":[\"https:\/\/www.instagram.com\/librairieclavreuil\/\"]}]}<\/script>\n<!-- \/ Yoast SEO plugin. -->","yoast_head_json":{"title":"MORELLY Etienne Gabriel Code de la nature, ou V\u00e9ritable esprit de ses loix, de tout tems n\u00e9glig\u00e9 ou m\u00e9connu. - Libairie Clavreuil","robots":{"index":"index","follow":"follow","max-snippet":"max-snippet:-1","max-image-preview":"max-image-preview:large","max-video-preview":"max-video-preview:-1"},"canonical":"https:\/\/www.librairieclavreuil.com\/en\/morelly-etienne-gabriel-code-de-la-nature-ou-veritable-esprit-de-ses-loix-de-tout-tems-neglige-ou-meconnu\/","og_locale":"en_US","og_type":"article","og_title":"MORELLY Etienne Gabriel Code de la nature, ou V\u00e9ritable esprit de ses loix, de tout tems n\u00e9glig\u00e9 ou m\u00e9connu. - Libairie Clavreuil","og_description":"12mo (165 x 97 mm) 236 pp., 2 unn.ll. (index). Title printed in red and black, decorated with an engraved vignette showing putti and a globe. Contemporary olive green morocco, triple gilt filet on covers, flat spine elaborately gilt in '\u00e0 la grotesque' style, inner rules, original endpapers, gilt edges.","og_url":"https:\/\/www.librairieclavreuil.com\/en\/morelly-etienne-gabriel-code-de-la-nature-ou-veritable-esprit-de-ses-loix-de-tout-tems-neglige-ou-meconnu\/","og_site_name":"Libairie Clavreuil","article_modified_time":"2024-07-13T12:56:28+00:00","og_image":[{"width":489,"height":800,"url":"https:\/\/www.librairieclavreuil.com\/wp-content\/uploads\/2024\/07\/etienne-gabriel-morelly-code-de-la-nature-ou-veritable-esprit-de-ses-loix-de-tout-tems-neglige-ou-meconnu-8201-66927836e3c53.jpg","type":"image\/jpeg"}],"twitter_card":"summary_large_image","twitter_misc":{"Est. reading time":"2 minutes"},"schema":{"@context":"https:\/\/schema.org","@graph":[{"@type":"WebPage","@id":"https:\/\/www.librairieclavreuil.com\/en\/morelly-etienne-gabriel-code-de-la-nature-ou-veritable-esprit-de-ses-loix-de-tout-tems-neglige-ou-meconnu\/","url":"https:\/\/www.librairieclavreuil.com\/en\/morelly-etienne-gabriel-code-de-la-nature-ou-veritable-esprit-de-ses-loix-de-tout-tems-neglige-ou-meconnu\/","name":"MORELLY Etienne Gabriel Code de la nature, ou V\u00e9ritable esprit de ses loix, de tout tems n\u00e9glig\u00e9 ou m\u00e9connu. - Libairie Clavreuil","isPartOf":{"@id":"https:\/\/www.librairieclavreuil.com\/#website"},"primaryImageOfPage":{"@id":"https:\/\/www.librairieclavreuil.com\/en\/morelly-etienne-gabriel-code-de-la-nature-ou-veritable-esprit-de-ses-loix-de-tout-tems-neglige-ou-meconnu\/#primaryimage"},"image":{"@id":"https:\/\/www.librairieclavreuil.com\/en\/morelly-etienne-gabriel-code-de-la-nature-ou-veritable-esprit-de-ses-loix-de-tout-tems-neglige-ou-meconnu\/#primaryimage"},"thumbnailUrl":"https:\/\/www.librairieclavreuil.com\/wp-content\/uploads\/2024\/07\/etienne-gabriel-morelly-code-de-la-nature-ou-veritable-esprit-de-ses-loix-de-tout-tems-neglige-ou-meconnu-8201-66927836e3c53.jpg","datePublished":"2024-07-13T12:56:19+00:00","dateModified":"2024-07-13T12:56:28+00:00","breadcrumb":{"@id":"https:\/\/www.librairieclavreuil.com\/en\/morelly-etienne-gabriel-code-de-la-nature-ou-veritable-esprit-de-ses-loix-de-tout-tems-neglige-ou-meconnu\/#breadcrumb"},"inLanguage":"en-US","potentialAction":[{"@type":"ReadAction","target":["https:\/\/www.librairieclavreuil.com\/en\/morelly-etienne-gabriel-code-de-la-nature-ou-veritable-esprit-de-ses-loix-de-tout-tems-neglige-ou-meconnu\/"]}]},{"@type":"ImageObject","inLanguage":"en-US","@id":"https:\/\/www.librairieclavreuil.com\/en\/morelly-etienne-gabriel-code-de-la-nature-ou-veritable-esprit-de-ses-loix-de-tout-tems-neglige-ou-meconnu\/#primaryimage","url":"https:\/\/www.librairieclavreuil.com\/wp-content\/uploads\/2024\/07\/etienne-gabriel-morelly-code-de-la-nature-ou-veritable-esprit-de-ses-loix-de-tout-tems-neglige-ou-meconnu-8201-66927836e3c53.jpg","contentUrl":"https:\/\/www.librairieclavreuil.com\/wp-content\/uploads\/2024\/07\/etienne-gabriel-morelly-code-de-la-nature-ou-veritable-esprit-de-ses-loix-de-tout-tems-neglige-ou-meconnu-8201-66927836e3c53.jpg","width":489,"height":800},{"@type":"BreadcrumbList","@id":"https:\/\/www.librairieclavreuil.com\/en\/morelly-etienne-gabriel-code-de-la-nature-ou-veritable-esprit-de-ses-loix-de-tout-tems-neglige-ou-meconnu\/#breadcrumb","itemListElement":[{"@type":"ListItem","position":1,"name":"Accueil","item":"https:\/\/www.librairieclavreuil.com\/"},{"@type":"ListItem","position":2,"name":"All our books","item":"https:\/\/www.librairieclavreuil.com\/en\/all-our-books\/"},{"@type":"ListItem","position":3,"name":"MORELLY Etienne Gabriel Code de la nature, ou V\u00e9ritable esprit de ses loix, de tout tems n\u00e9glig\u00e9 ou m\u00e9connu."}]},{"@type":"WebSite","@id":"https:\/\/www.librairieclavreuil.com\/#website","url":"https:\/\/www.librairieclavreuil.com\/","name":"Libairie Clavreuil","description":"Livres anciens, manuscrits rares et \u00e9ditions originales \u2013 Librairie Clavreuil","publisher":{"@id":"https:\/\/www.librairieclavreuil.com\/#organization"},"potentialAction":[{"@type":"SearchAction","target":{"@type":"EntryPoint","urlTemplate":"https:\/\/www.librairieclavreuil.com\/?s={search_term_string}"},"query-input":{"@type":"PropertyValueSpecification","valueRequired":true,"valueName":"search_term_string"}}],"inLanguage":"en-US"},{"@type":"Organization","@id":"https:\/\/www.librairieclavreuil.com\/#organization","name":"Libairie Clavreuil","url":"https:\/\/www.librairieclavreuil.com\/","logo":{"@type":"ImageObject","inLanguage":"en-US","@id":"https:\/\/www.librairieclavreuil.com\/#\/schema\/logo\/image\/","url":"https:\/\/www.librairieclavreuil.com\/wp-content\/uploads\/2021\/06\/cropped-LOGO_PNG_DATE-_gold-512x512-1.png","contentUrl":"https:\/\/www.librairieclavreuil.com\/wp-content\/uploads\/2021\/06\/cropped-LOGO_PNG_DATE-_gold-512x512-1.png","width":512,"height":512,"caption":"Libairie Clavreuil"},"image":{"@id":"https:\/\/www.librairieclavreuil.com\/#\/schema\/logo\/image\/"},"sameAs":["https:\/\/www.instagram.com\/librairieclavreuil\/"]}]}},"jetpack_sharing_enabled":true,"_links":{"self":[{"href":"https:\/\/www.librairieclavreuil.com\/en\/wp-json\/wp\/v2\/product\/80097","targetHints":{"allow":["GET"]}}],"collection":[{"href":"https:\/\/www.librairieclavreuil.com\/en\/wp-json\/wp\/v2\/product"}],"about":[{"href":"https:\/\/www.librairieclavreuil.com\/en\/wp-json\/wp\/v2\/types\/product"}],"replies":[{"embeddable":true,"href":"https:\/\/www.librairieclavreuil.com\/en\/wp-json\/wp\/v2\/comments?post=80097"}],"wp:featuredmedia":[{"embeddable":true,"href":"https:\/\/www.librairieclavreuil.com\/en\/wp-json\/wp\/v2\/media\/80092"}],"wp:attachment":[{"href":"https:\/\/www.librairieclavreuil.com\/en\/wp-json\/wp\/v2\/media?parent=80097"}],"wp:term":[{"taxonomy":"product_brand","embeddable":true,"href":"https:\/\/www.librairieclavreuil.com\/en\/wp-json\/wp\/v2\/product_brand?post=80097"},{"taxonomy":"product_cat","embeddable":true,"href":"https:\/\/www.librairieclavreuil.com\/en\/wp-json\/wp\/v2\/product_cat?post=80097"},{"taxonomy":"product_tag","embeddable":true,"href":"https:\/\/www.librairieclavreuil.com\/en\/wp-json\/wp\/v2\/product_tag?post=80097"}],"curies":[{"name":"wp","href":"https:\/\/api.w.org\/{rel}","templated":true}]}}