{"id":79820,"date":"2024-07-12T16:49:12","date_gmt":"2024-07-12T14:49:12","guid":{"rendered":"https:\/\/www.librairieclavreuil.com\/montgon-abbe-de-memoires-publiees-par-lui-meme-contenant-les-differentes-negociations-dont-il-a-ete-charge-dans-les-cours-de-france-despagne-de-portugal\/"},"modified":"2024-07-12T16:49:27","modified_gmt":"2024-07-12T14:49:27","slug":"montgon-abbe-de-memoires-publiees-par-lui-meme-contenant-les-differentes-negociations-dont-il-a-ete-charge-dans-les-cours-de-france-despagne-de-portugal","status":"publish","type":"product","link":"https:\/\/www.librairieclavreuil.com\/en\/montgon-abbe-de-memoires-publiees-par-lui-meme-contenant-les-differentes-negociations-dont-il-a-ete-charge-dans-les-cours-de-france-despagne-de-portugal\/","title":{"rendered":"MONTGON abb\u00e9 de M\u00e9moires, publi\u00e9es par lui-m\u00eame, contenant..."},"content":{"rendered":"<p style=\"text-align:justify\"><i>Not in Brunet.<\/i><\/p>\n<p style=\"text-align:justify\">First complete edition (after the incomplete edition of 1734 published in The Hague).<\/p>\n<p style=\"text-align:justify\">Charles-Alexandre de Montgon (1690-1770), a religious, entered the service of Philip V, King of Spain, in 1724. In 1726, he was commissioned by his sovereign to travel to France with the secret mission of intriguing to ensure his succession to the crown in the event of Louis XV dying childless. After unmasking himself through carelessness to the Cardinal de Fleury, the Prime Minister, Montgon had to go into exile in Douai. His Memoirs were composed during his exile.<\/p>\n<p style=\"text-align:justify\">The first five volumes were published without a publisher&#8217;s name or place; it is only from volume VI onwards that the name of the Lausanne printer, Marc-Michel Bousquet, appears.<\/p>\n<p style=\"text-align:justify\">In this copy, the <i>Pi\u00e8ces justificatives <\/i>of volumes I to V are bound in a single volume, with a title page that reads &#8220;Tome Sixi\u00e8me&#8221; (thus there are two volumes with the heading &#8216;VI&#8217;, one for the Memoirs and one for the Pi\u00e8ces justificatives).<\/p>\n<p style=\"text-align:justify\">The <i>Pi\u00e8ces justificatives<\/i> of volumes VI (CXXVII pp.) and VII (CLXXXVIII pp.) are missing.<\/p>\n<p style=\"text-align:justify\">Traces of use on the bindings, spines slightly faded.<\/p>\n<p style=\"text-align:justify\">Provenance: Rohan-Chabot family collection (armorial binding).<\/p>\n","protected":false},"excerpt":{"rendered":"<p style=\"text-align:justify\">9 volume 12mo (162 x 92 mm) one engraved portrait of Tang\u00e9 after Huber as frontispiece, 2 unn.l., XLVIII, 547 pp. for volume I ; 2 nn.l., 494 pp. for the volume II; 2 nn.ll., 450 pp. for volume III ; 1 nn.l., 503 pp. for volume IV; 1 unn.l., 488 pp. for volume V; 2 nn.l., 448 pp. for volume VI (M\u00e9moires); 572 pp. for volume VI (Pi\u00e8ces justificatives I-V) ; 2 nn.l., 494 pp. for volume VII; 2 nn.l., 516, CLXIII pp. for volume VIII. Contemporary polished calf, Rohan-Chabot coat of arms on the corners, spine with raised bands, red edges.<\/p>\n","protected":false},"featured_media":79813,"comment_status":"open","ping_status":"closed","template":"","meta":{"_acf_changed":false},"product_brand":[],"product_cat":[536],"product_tag":[1265,1213],"class_list":{"0":"post-79820","1":"product","2":"type-product","3":"status-publish","4":"has-post-thumbnail","6":"product_cat-right-economy","7":"product_tag-christianity","8":"product_tag-history","9":"pa_auteur-montgon-abbe-de-2","10":"pa_type-de-livre-printed-book","12":"first","13":"outofstock","14":"shipping-taxable","15":"purchasable","16":"product-type-simple"},"acf":{"artist":" abb\u00e9 de MONTGON","chapeau":"Rohan-Chabot's copy","adresse_bibliographique":"1750-1753","book_type":"Printed book","provenance":"","afficher_prix":""},"yoast_head":"<!-- This site is optimized with the Yoast SEO plugin v24.7 - https:\/\/yoast.com\/wordpress\/plugins\/seo\/ -->\n<title>MONTGON abb\u00e9 de M\u00e9moires, publi\u00e9es par lui-m\u00eame, contenant les diff\u00e9rentes n\u00e9gociations dont il a \u00e9t\u00e9 charg\u00e9 dans les cours de France, d&#039;Espagne, &amp; de Portugal. - Libairie Clavreuil<\/title>\n<meta name=\"robots\" content=\"index, follow, max-snippet:-1, max-image-preview:large, max-video-preview:-1\" \/>\n<link rel=\"canonical\" href=\"https:\/\/www.librairieclavreuil.com\/en\/montgon-abbe-de-memoires-publiees-par-lui-meme-contenant-les-differentes-negociations-dont-il-a-ete-charge-dans-les-cours-de-france-despagne-de-portugal\/\" \/>\n<meta property=\"og:locale\" content=\"en_US\" \/>\n<meta property=\"og:type\" content=\"article\" \/>\n<meta property=\"og:title\" content=\"MONTGON abb\u00e9 de M\u00e9moires, publi\u00e9es par lui-m\u00eame, contenant les diff\u00e9rentes n\u00e9gociations dont il a \u00e9t\u00e9 charg\u00e9 dans les cours de France, d&#039;Espagne, &amp; de Portugal. - Libairie Clavreuil\" \/>\n<meta property=\"og:description\" content=\"9 volume 12mo (162 x 92 mm) one engraved portrait of Tang\u00e9 after Huber as frontispiece, 2 unn.l., XLVIII, 547 pp. for volume I ; 2 nn.l., 494 pp. for the volume II; 2 nn.ll., 450 pp. for volume III ; 1 nn.l., 503 pp. for volume IV; 1 unn.l., 488 pp. for volume V; 2 nn.l., 448 pp. for volume VI (M\u00e9moires); 572 pp. for volume VI (Pi\u00e8ces justificatives I-V) ; 2 nn.l., 494 pp. for volume VII; 2 nn.l., 516, CLXIII pp. for volume VIII. Contemporary polished calf, Rohan-Chabot coat of arms on the corners, spine with raised bands, red edges.\" \/>\n<meta property=\"og:url\" content=\"https:\/\/www.librairieclavreuil.com\/en\/montgon-abbe-de-memoires-publiees-par-lui-meme-contenant-les-differentes-negociations-dont-il-a-ete-charge-dans-les-cours-de-france-despagne-de-portugal\/\" \/>\n<meta property=\"og:site_name\" content=\"Libairie Clavreuil\" \/>\n<meta property=\"article:modified_time\" content=\"2024-07-12T14:49:27+00:00\" \/>\n<meta property=\"og:image\" content=\"https:\/\/www.librairieclavreuil.com\/wp-content\/uploads\/2024\/07\/abbe-de-montgon-memoires-publiees-par-lui-meme-contenant-les-differentes-negociations-dont-il-a-ete-charge-dans-les-cours-de-france-d-espagne-de-portu.jpg\" \/>\n\t<meta property=\"og:image:width\" content=\"539\" \/>\n\t<meta property=\"og:image:height\" content=\"800\" \/>\n\t<meta property=\"og:image:type\" content=\"image\/jpeg\" \/>\n<meta name=\"twitter:card\" content=\"summary_large_image\" \/>\n<meta name=\"twitter:label1\" content=\"Est. reading time\" \/>\n\t<meta name=\"twitter:data1\" content=\"1 minute\" \/>\n<script type=\"application\/ld+json\" class=\"yoast-schema-graph\">{\"@context\":\"https:\/\/schema.org\",\"@graph\":[{\"@type\":\"WebPage\",\"@id\":\"https:\/\/www.librairieclavreuil.com\/en\/montgon-abbe-de-memoires-publiees-par-lui-meme-contenant-les-differentes-negociations-dont-il-a-ete-charge-dans-les-cours-de-france-despagne-de-portugal\/\",\"url\":\"https:\/\/www.librairieclavreuil.com\/en\/montgon-abbe-de-memoires-publiees-par-lui-meme-contenant-les-differentes-negociations-dont-il-a-ete-charge-dans-les-cours-de-france-despagne-de-portugal\/\",\"name\":\"MONTGON abb\u00e9 de M\u00e9moires, publi\u00e9es par lui-m\u00eame, contenant les diff\u00e9rentes n\u00e9gociations dont il a \u00e9t\u00e9 charg\u00e9 dans les cours de France, d'Espagne, &amp; de Portugal. - Libairie Clavreuil\",\"isPartOf\":{\"@id\":\"https:\/\/www.librairieclavreuil.com\/#website\"},\"primaryImageOfPage\":{\"@id\":\"https:\/\/www.librairieclavreuil.com\/en\/montgon-abbe-de-memoires-publiees-par-lui-meme-contenant-les-differentes-negociations-dont-il-a-ete-charge-dans-les-cours-de-france-despagne-de-portugal\/#primaryimage\"},\"image\":{\"@id\":\"https:\/\/www.librairieclavreuil.com\/en\/montgon-abbe-de-memoires-publiees-par-lui-meme-contenant-les-differentes-negociations-dont-il-a-ete-charge-dans-les-cours-de-france-despagne-de-portugal\/#primaryimage\"},\"thumbnailUrl\":\"https:\/\/www.librairieclavreuil.com\/wp-content\/uploads\/2024\/07\/abbe-de-montgon-memoires-publiees-par-lui-meme-contenant-les-differentes-negociations-dont-il-a-ete-charge-dans-les-cours-de-france-d-espagne-de-portu.jpg\",\"datePublished\":\"2024-07-12T14:49:12+00:00\",\"dateModified\":\"2024-07-12T14:49:27+00:00\",\"breadcrumb\":{\"@id\":\"https:\/\/www.librairieclavreuil.com\/en\/montgon-abbe-de-memoires-publiees-par-lui-meme-contenant-les-differentes-negociations-dont-il-a-ete-charge-dans-les-cours-de-france-despagne-de-portugal\/#breadcrumb\"},\"inLanguage\":\"en-US\",\"potentialAction\":[{\"@type\":\"ReadAction\",\"target\":[\"https:\/\/www.librairieclavreuil.com\/en\/montgon-abbe-de-memoires-publiees-par-lui-meme-contenant-les-differentes-negociations-dont-il-a-ete-charge-dans-les-cours-de-france-despagne-de-portugal\/\"]}]},{\"@type\":\"ImageObject\",\"inLanguage\":\"en-US\",\"@id\":\"https:\/\/www.librairieclavreuil.com\/en\/montgon-abbe-de-memoires-publiees-par-lui-meme-contenant-les-differentes-negociations-dont-il-a-ete-charge-dans-les-cours-de-france-despagne-de-portugal\/#primaryimage\",\"url\":\"https:\/\/www.librairieclavreuil.com\/wp-content\/uploads\/2024\/07\/abbe-de-montgon-memoires-publiees-par-lui-meme-contenant-les-differentes-negociations-dont-il-a-ete-charge-dans-les-cours-de-france-d-espagne-de-portu.jpg\",\"contentUrl\":\"https:\/\/www.librairieclavreuil.com\/wp-content\/uploads\/2024\/07\/abbe-de-montgon-memoires-publiees-par-lui-meme-contenant-les-differentes-negociations-dont-il-a-ete-charge-dans-les-cours-de-france-d-espagne-de-portu.jpg\",\"width\":539,\"height\":800},{\"@type\":\"BreadcrumbList\",\"@id\":\"https:\/\/www.librairieclavreuil.com\/en\/montgon-abbe-de-memoires-publiees-par-lui-meme-contenant-les-differentes-negociations-dont-il-a-ete-charge-dans-les-cours-de-france-despagne-de-portugal\/#breadcrumb\",\"itemListElement\":[{\"@type\":\"ListItem\",\"position\":1,\"name\":\"Accueil\",\"item\":\"https:\/\/www.librairieclavreuil.com\/\"},{\"@type\":\"ListItem\",\"position\":2,\"name\":\"All our books\",\"item\":\"https:\/\/www.librairieclavreuil.com\/en\/all-our-books\/\"},{\"@type\":\"ListItem\",\"position\":3,\"name\":\"MONTGON abb\u00e9 de M\u00e9moires, publi\u00e9es par lui-m\u00eame, contenant les diff\u00e9rentes n\u00e9gociations dont il a \u00e9t\u00e9 charg\u00e9 dans les cours de France, d&#8217;Espagne, &amp; de Portugal.\"}]},{\"@type\":\"WebSite\",\"@id\":\"https:\/\/www.librairieclavreuil.com\/#website\",\"url\":\"https:\/\/www.librairieclavreuil.com\/\",\"name\":\"Libairie Clavreuil\",\"description\":\"Livres anciens, manuscrits rares et \u00e9ditions originales \u2013 Librairie Clavreuil\",\"publisher\":{\"@id\":\"https:\/\/www.librairieclavreuil.com\/#organization\"},\"potentialAction\":[{\"@type\":\"SearchAction\",\"target\":{\"@type\":\"EntryPoint\",\"urlTemplate\":\"https:\/\/www.librairieclavreuil.com\/?s={search_term_string}\"},\"query-input\":{\"@type\":\"PropertyValueSpecification\",\"valueRequired\":true,\"valueName\":\"search_term_string\"}}],\"inLanguage\":\"en-US\"},{\"@type\":\"Organization\",\"@id\":\"https:\/\/www.librairieclavreuil.com\/#organization\",\"name\":\"Libairie Clavreuil\",\"url\":\"https:\/\/www.librairieclavreuil.com\/\",\"logo\":{\"@type\":\"ImageObject\",\"inLanguage\":\"en-US\",\"@id\":\"https:\/\/www.librairieclavreuil.com\/#\/schema\/logo\/image\/\",\"url\":\"https:\/\/www.librairieclavreuil.com\/wp-content\/uploads\/2021\/06\/cropped-LOGO_PNG_DATE-_gold-512x512-1.png\",\"contentUrl\":\"https:\/\/www.librairieclavreuil.com\/wp-content\/uploads\/2021\/06\/cropped-LOGO_PNG_DATE-_gold-512x512-1.png\",\"width\":512,\"height\":512,\"caption\":\"Libairie Clavreuil\"},\"image\":{\"@id\":\"https:\/\/www.librairieclavreuil.com\/#\/schema\/logo\/image\/\"},\"sameAs\":[\"https:\/\/www.instagram.com\/librairieclavreuil\/\"]}]}<\/script>\n<!-- \/ Yoast SEO plugin. -->","yoast_head_json":{"title":"MONTGON abb\u00e9 de M\u00e9moires, publi\u00e9es par lui-m\u00eame, contenant les diff\u00e9rentes n\u00e9gociations dont il a \u00e9t\u00e9 charg\u00e9 dans les cours de France, d'Espagne, &amp; de Portugal. - Libairie Clavreuil","robots":{"index":"index","follow":"follow","max-snippet":"max-snippet:-1","max-image-preview":"max-image-preview:large","max-video-preview":"max-video-preview:-1"},"canonical":"https:\/\/www.librairieclavreuil.com\/en\/montgon-abbe-de-memoires-publiees-par-lui-meme-contenant-les-differentes-negociations-dont-il-a-ete-charge-dans-les-cours-de-france-despagne-de-portugal\/","og_locale":"en_US","og_type":"article","og_title":"MONTGON abb\u00e9 de M\u00e9moires, publi\u00e9es par lui-m\u00eame, contenant les diff\u00e9rentes n\u00e9gociations dont il a \u00e9t\u00e9 charg\u00e9 dans les cours de France, d'Espagne, &amp; de Portugal. - Libairie Clavreuil","og_description":"9 volume 12mo (162 x 92 mm) one engraved portrait of Tang\u00e9 after Huber as frontispiece, 2 unn.l., XLVIII, 547 pp. for volume I ; 2 nn.l., 494 pp. for the volume II; 2 nn.ll., 450 pp. for volume III ; 1 nn.l., 503 pp. for volume IV; 1 unn.l., 488 pp. for volume V; 2 nn.l., 448 pp. for volume VI (M\u00e9moires); 572 pp. for volume VI (Pi\u00e8ces justificatives I-V) ; 2 nn.l., 494 pp. for volume VII; 2 nn.l., 516, CLXIII pp. for volume VIII. Contemporary polished calf, Rohan-Chabot coat of arms on the corners, spine with raised bands, red edges.","og_url":"https:\/\/www.librairieclavreuil.com\/en\/montgon-abbe-de-memoires-publiees-par-lui-meme-contenant-les-differentes-negociations-dont-il-a-ete-charge-dans-les-cours-de-france-despagne-de-portugal\/","og_site_name":"Libairie Clavreuil","article_modified_time":"2024-07-12T14:49:27+00:00","og_image":[{"width":539,"height":800,"url":"https:\/\/www.librairieclavreuil.com\/wp-content\/uploads\/2024\/07\/abbe-de-montgon-memoires-publiees-par-lui-meme-contenant-les-differentes-negociations-dont-il-a-ete-charge-dans-les-cours-de-france-d-espagne-de-portu.jpg","type":"image\/jpeg"}],"twitter_card":"summary_large_image","twitter_misc":{"Est. reading time":"1 minute"},"schema":{"@context":"https:\/\/schema.org","@graph":[{"@type":"WebPage","@id":"https:\/\/www.librairieclavreuil.com\/en\/montgon-abbe-de-memoires-publiees-par-lui-meme-contenant-les-differentes-negociations-dont-il-a-ete-charge-dans-les-cours-de-france-despagne-de-portugal\/","url":"https:\/\/www.librairieclavreuil.com\/en\/montgon-abbe-de-memoires-publiees-par-lui-meme-contenant-les-differentes-negociations-dont-il-a-ete-charge-dans-les-cours-de-france-despagne-de-portugal\/","name":"MONTGON abb\u00e9 de M\u00e9moires, publi\u00e9es par lui-m\u00eame, contenant les diff\u00e9rentes n\u00e9gociations dont il a \u00e9t\u00e9 charg\u00e9 dans les cours de France, d'Espagne, &amp; de Portugal. - Libairie Clavreuil","isPartOf":{"@id":"https:\/\/www.librairieclavreuil.com\/#website"},"primaryImageOfPage":{"@id":"https:\/\/www.librairieclavreuil.com\/en\/montgon-abbe-de-memoires-publiees-par-lui-meme-contenant-les-differentes-negociations-dont-il-a-ete-charge-dans-les-cours-de-france-despagne-de-portugal\/#primaryimage"},"image":{"@id":"https:\/\/www.librairieclavreuil.com\/en\/montgon-abbe-de-memoires-publiees-par-lui-meme-contenant-les-differentes-negociations-dont-il-a-ete-charge-dans-les-cours-de-france-despagne-de-portugal\/#primaryimage"},"thumbnailUrl":"https:\/\/www.librairieclavreuil.com\/wp-content\/uploads\/2024\/07\/abbe-de-montgon-memoires-publiees-par-lui-meme-contenant-les-differentes-negociations-dont-il-a-ete-charge-dans-les-cours-de-france-d-espagne-de-portu.jpg","datePublished":"2024-07-12T14:49:12+00:00","dateModified":"2024-07-12T14:49:27+00:00","breadcrumb":{"@id":"https:\/\/www.librairieclavreuil.com\/en\/montgon-abbe-de-memoires-publiees-par-lui-meme-contenant-les-differentes-negociations-dont-il-a-ete-charge-dans-les-cours-de-france-despagne-de-portugal\/#breadcrumb"},"inLanguage":"en-US","potentialAction":[{"@type":"ReadAction","target":["https:\/\/www.librairieclavreuil.com\/en\/montgon-abbe-de-memoires-publiees-par-lui-meme-contenant-les-differentes-negociations-dont-il-a-ete-charge-dans-les-cours-de-france-despagne-de-portugal\/"]}]},{"@type":"ImageObject","inLanguage":"en-US","@id":"https:\/\/www.librairieclavreuil.com\/en\/montgon-abbe-de-memoires-publiees-par-lui-meme-contenant-les-differentes-negociations-dont-il-a-ete-charge-dans-les-cours-de-france-despagne-de-portugal\/#primaryimage","url":"https:\/\/www.librairieclavreuil.com\/wp-content\/uploads\/2024\/07\/abbe-de-montgon-memoires-publiees-par-lui-meme-contenant-les-differentes-negociations-dont-il-a-ete-charge-dans-les-cours-de-france-d-espagne-de-portu.jpg","contentUrl":"https:\/\/www.librairieclavreuil.com\/wp-content\/uploads\/2024\/07\/abbe-de-montgon-memoires-publiees-par-lui-meme-contenant-les-differentes-negociations-dont-il-a-ete-charge-dans-les-cours-de-france-d-espagne-de-portu.jpg","width":539,"height":800},{"@type":"BreadcrumbList","@id":"https:\/\/www.librairieclavreuil.com\/en\/montgon-abbe-de-memoires-publiees-par-lui-meme-contenant-les-differentes-negociations-dont-il-a-ete-charge-dans-les-cours-de-france-despagne-de-portugal\/#breadcrumb","itemListElement":[{"@type":"ListItem","position":1,"name":"Accueil","item":"https:\/\/www.librairieclavreuil.com\/"},{"@type":"ListItem","position":2,"name":"All our books","item":"https:\/\/www.librairieclavreuil.com\/en\/all-our-books\/"},{"@type":"ListItem","position":3,"name":"MONTGON abb\u00e9 de M\u00e9moires, publi\u00e9es par lui-m\u00eame, contenant les diff\u00e9rentes n\u00e9gociations dont il a \u00e9t\u00e9 charg\u00e9 dans les cours de France, d&#8217;Espagne, &amp; de Portugal."}]},{"@type":"WebSite","@id":"https:\/\/www.librairieclavreuil.com\/#website","url":"https:\/\/www.librairieclavreuil.com\/","name":"Libairie Clavreuil","description":"Livres anciens, manuscrits rares et \u00e9ditions originales \u2013 Librairie Clavreuil","publisher":{"@id":"https:\/\/www.librairieclavreuil.com\/#organization"},"potentialAction":[{"@type":"SearchAction","target":{"@type":"EntryPoint","urlTemplate":"https:\/\/www.librairieclavreuil.com\/?s={search_term_string}"},"query-input":{"@type":"PropertyValueSpecification","valueRequired":true,"valueName":"search_term_string"}}],"inLanguage":"en-US"},{"@type":"Organization","@id":"https:\/\/www.librairieclavreuil.com\/#organization","name":"Libairie Clavreuil","url":"https:\/\/www.librairieclavreuil.com\/","logo":{"@type":"ImageObject","inLanguage":"en-US","@id":"https:\/\/www.librairieclavreuil.com\/#\/schema\/logo\/image\/","url":"https:\/\/www.librairieclavreuil.com\/wp-content\/uploads\/2021\/06\/cropped-LOGO_PNG_DATE-_gold-512x512-1.png","contentUrl":"https:\/\/www.librairieclavreuil.com\/wp-content\/uploads\/2021\/06\/cropped-LOGO_PNG_DATE-_gold-512x512-1.png","width":512,"height":512,"caption":"Libairie Clavreuil"},"image":{"@id":"https:\/\/www.librairieclavreuil.com\/#\/schema\/logo\/image\/"},"sameAs":["https:\/\/www.instagram.com\/librairieclavreuil\/"]}]}},"jetpack_sharing_enabled":true,"_links":{"self":[{"href":"https:\/\/www.librairieclavreuil.com\/en\/wp-json\/wp\/v2\/product\/79820","targetHints":{"allow":["GET"]}}],"collection":[{"href":"https:\/\/www.librairieclavreuil.com\/en\/wp-json\/wp\/v2\/product"}],"about":[{"href":"https:\/\/www.librairieclavreuil.com\/en\/wp-json\/wp\/v2\/types\/product"}],"replies":[{"embeddable":true,"href":"https:\/\/www.librairieclavreuil.com\/en\/wp-json\/wp\/v2\/comments?post=79820"}],"wp:featuredmedia":[{"embeddable":true,"href":"https:\/\/www.librairieclavreuil.com\/en\/wp-json\/wp\/v2\/media\/79813"}],"wp:attachment":[{"href":"https:\/\/www.librairieclavreuil.com\/en\/wp-json\/wp\/v2\/media?parent=79820"}],"wp:term":[{"taxonomy":"product_brand","embeddable":true,"href":"https:\/\/www.librairieclavreuil.com\/en\/wp-json\/wp\/v2\/product_brand?post=79820"},{"taxonomy":"product_cat","embeddable":true,"href":"https:\/\/www.librairieclavreuil.com\/en\/wp-json\/wp\/v2\/product_cat?post=79820"},{"taxonomy":"product_tag","embeddable":true,"href":"https:\/\/www.librairieclavreuil.com\/en\/wp-json\/wp\/v2\/product_tag?post=79820"}],"curies":[{"name":"wp","href":"https:\/\/api.w.org\/{rel}","templated":true}]}}