{"id":79679,"date":"2024-07-10T17:41:07","date_gmt":"2024-07-10T15:41:07","guid":{"rendered":"https:\/\/www.librairieclavreuil.com\/bouchet-camille-les-regnars-transersant-les-perilleuses-voyes-des-folles-fiances-du-monde-composees-par-sebastien-brand-lequel-composa-la-nef-des-folz-dernierement-imprimee-a-paris-et-autres-plusi\/"},"modified":"2024-07-16T13:06:35","modified_gmt":"2024-07-16T11:06:35","slug":"bouchet-camille-les-regnars-transersant-les-perilleuses-voyes-des-folles-fiances-du-monde-composees-par-sebastien-brand-lequel-composa-la-nef-des-folz-dernierement-imprimee-a-paris-et-autres-plusi","status":"publish","type":"product","link":"https:\/\/www.librairieclavreuil.com\/en\/bouchet-camille-les-regnars-transersant-les-perilleuses-voyes-des-folles-fiances-du-monde-composees-par-sebastien-brand-lequel-composa-la-nef-des-folz-dernierement-imprimee-a-paris-et-autres-plusi\/","title":{"rendered":"BOUCHET Jean Les Regnars transersant les perilleuses voyes..."},"content":{"rendered":"<p><i>Fairfax-Murray, 57; McFarlane, 182; Renouard-Moreau, 1504, 19; Rothschild, III, 2583 (for the first edition published only a few months earlier.<\/i><\/p>\n<p>Second edition, very rare, equally undated , published only a short while after the first.<br \/>This is the first book by Jean Bouchet, who came from a family of jurists in Poitiers and enjoyed the protection of great local lords: he was attached to the house of La Tr\u00e9moille.<br \/>Although undated, we can affirm that this volume was printed between 1503 and 1504 according to the first verses of the author, who was born in Poitiers in 1476 and presents himself as follows:<\/p>\n<p>&#8220;Jeune suis et nay pas des ans trente<br \/>Non vingt et huyt, touteffoys ie me vante<br \/>Davoir plus veu que ie ne dy ne compte&#8221;.<\/p>\n<p>[I am a young lad, just under 30, not quite28 anymore \/ I have pride to have lived a fuller life than other people of my age].<\/p>\n<p>The book is illustrated with 42 magnificent woodcuts: the first series of 11 woodcuts was executed especially for this book. The other woodcuts had already been used by V\u00e9rard for other publications.<br \/>Title with old &nbsp;expert restoration at the top and in the corner, touching some letters, however a fine copy with wide margins, some with deckle edges.<\/p>\n<p>Provenance: Ch. Butler, Edouard Rahir (his collection sale, II, n\u00b0 268), Silvain Brunschwig (28 March 1955, n\u00b0 340), Paul Harth, (20 November 1985, n\u00b0 24); Otto Sch\u00e4fer (27 June 1995, n\u00b0 40).<\/p>\n","protected":false},"excerpt":{"rendered":"<p>4to (211 x 151 mm) 138 unn.ll. Ninteenth-century brown morocco by Lortic Fils, covers decorated with blind and gilt filets, gilt central and corner pieces, inner dentelle, gilt edges.<\/p>\n","protected":false},"featured_media":79668,"comment_status":"open","ping_status":"closed","template":"","meta":{"_acf_changed":false},"product_brand":[],"product_cat":[544],"product_tag":[1238,1243],"class_list":{"0":"post-79679","1":"product","2":"type-product","3":"status-publish","4":"has-post-thumbnail","6":"product_cat-literature","7":"product_tag-16th-century-illustrations","8":"product_tag-16th-century-literature","9":"pa_auteur-bouchet-jean-2","10":"pa_type-de-livre-printed-book","12":"first","13":"instock","14":"shipping-taxable","15":"purchasable","16":"product-type-simple"},"acf":{"artist":"Jean BOUCHET","chapeau":"","adresse_bibliographique":"Paris, Antoine V\u00e9rard, vers 1504","book_type":"Printed book","provenance":"","afficher_prix":""},"yoast_head":"<!-- This site is optimized with the Yoast SEO plugin v24.7 - https:\/\/yoast.com\/wordpress\/plugins\/seo\/ -->\n<title>BOUCHET Jean Les Regnars transersant les perilleuses voyes des folles fiances du monde. Compos\u00e9es par S\u00e9bastien Brand, lequel composa la nef des folz derni\u00e8rement imprim\u00e9e \u00e0 Paris. Et autres plusieurs choses compos\u00e9es par autres facteurs. - Libairie Clavreuil<\/title>\n<meta name=\"robots\" content=\"index, follow, max-snippet:-1, max-image-preview:large, max-video-preview:-1\" \/>\n<link rel=\"canonical\" href=\"https:\/\/www.librairieclavreuil.com\/en\/bouchet-camille-les-regnars-transersant-les-perilleuses-voyes-des-folles-fiances-du-monde-composees-par-sebastien-brand-lequel-composa-la-nef-des-folz-dernierement-imprimee-a-paris-et-autres-plusi\/\" \/>\n<meta property=\"og:locale\" content=\"en_US\" \/>\n<meta property=\"og:type\" content=\"article\" \/>\n<meta property=\"og:title\" content=\"BOUCHET Jean Les Regnars transersant les perilleuses voyes des folles fiances du monde. Compos\u00e9es par S\u00e9bastien Brand, lequel composa la nef des folz derni\u00e8rement imprim\u00e9e \u00e0 Paris. Et autres plusieurs choses compos\u00e9es par autres facteurs. - Libairie Clavreuil\" \/>\n<meta property=\"og:description\" content=\"4to (211 x 151 mm) 138 unn.ll. Ninteenth-century brown morocco by Lortic Fils, covers decorated with blind and gilt filets, gilt central and corner pieces, inner dentelle, gilt edges.\" \/>\n<meta property=\"og:url\" content=\"https:\/\/www.librairieclavreuil.com\/en\/bouchet-camille-les-regnars-transersant-les-perilleuses-voyes-des-folles-fiances-du-monde-composees-par-sebastien-brand-lequel-composa-la-nef-des-folz-dernierement-imprimee-a-paris-et-autres-plusi\/\" \/>\n<meta property=\"og:site_name\" content=\"Libairie Clavreuil\" \/>\n<meta property=\"article:modified_time\" content=\"2024-07-16T11:06:35+00:00\" \/>\n<meta property=\"og:image\" content=\"https:\/\/www.librairieclavreuil.com\/wp-content\/uploads\/2024\/07\/camille-bouchet-les-regnars-transersant-les-perilleuses-voyes-des-folles-fiances-du-monde-composees-par-sebastien-brand-lequel-composa-la-nef-des-folz.jpg\" \/>\n\t<meta property=\"og:image:width\" content=\"591\" \/>\n\t<meta property=\"og:image:height\" content=\"800\" \/>\n\t<meta property=\"og:image:type\" content=\"image\/jpeg\" \/>\n<meta name=\"twitter:card\" content=\"summary_large_image\" \/>\n<meta name=\"twitter:label1\" content=\"Est. reading time\" \/>\n\t<meta name=\"twitter:data1\" content=\"1 minute\" \/>\n<script type=\"application\/ld+json\" class=\"yoast-schema-graph\">{\"@context\":\"https:\/\/schema.org\",\"@graph\":[{\"@type\":\"WebPage\",\"@id\":\"https:\/\/www.librairieclavreuil.com\/en\/bouchet-camille-les-regnars-transersant-les-perilleuses-voyes-des-folles-fiances-du-monde-composees-par-sebastien-brand-lequel-composa-la-nef-des-folz-dernierement-imprimee-a-paris-et-autres-plusi\/\",\"url\":\"https:\/\/www.librairieclavreuil.com\/en\/bouchet-camille-les-regnars-transersant-les-perilleuses-voyes-des-folles-fiances-du-monde-composees-par-sebastien-brand-lequel-composa-la-nef-des-folz-dernierement-imprimee-a-paris-et-autres-plusi\/\",\"name\":\"BOUCHET Jean Les Regnars transersant les perilleuses voyes des folles fiances du monde. Compos\u00e9es par S\u00e9bastien Brand, lequel composa la nef des folz derni\u00e8rement imprim\u00e9e \u00e0 Paris. Et autres plusieurs choses compos\u00e9es par autres facteurs. - Libairie Clavreuil\",\"isPartOf\":{\"@id\":\"https:\/\/www.librairieclavreuil.com\/#website\"},\"primaryImageOfPage\":{\"@id\":\"https:\/\/www.librairieclavreuil.com\/en\/bouchet-camille-les-regnars-transersant-les-perilleuses-voyes-des-folles-fiances-du-monde-composees-par-sebastien-brand-lequel-composa-la-nef-des-folz-dernierement-imprimee-a-paris-et-autres-plusi\/#primaryimage\"},\"image\":{\"@id\":\"https:\/\/www.librairieclavreuil.com\/en\/bouchet-camille-les-regnars-transersant-les-perilleuses-voyes-des-folles-fiances-du-monde-composees-par-sebastien-brand-lequel-composa-la-nef-des-folz-dernierement-imprimee-a-paris-et-autres-plusi\/#primaryimage\"},\"thumbnailUrl\":\"https:\/\/www.librairieclavreuil.com\/wp-content\/uploads\/2024\/07\/camille-bouchet-les-regnars-transersant-les-perilleuses-voyes-des-folles-fiances-du-monde-composees-par-sebastien-brand-lequel-composa-la-nef-des-folz.jpg\",\"datePublished\":\"2024-07-10T15:41:07+00:00\",\"dateModified\":\"2024-07-16T11:06:35+00:00\",\"breadcrumb\":{\"@id\":\"https:\/\/www.librairieclavreuil.com\/en\/bouchet-camille-les-regnars-transersant-les-perilleuses-voyes-des-folles-fiances-du-monde-composees-par-sebastien-brand-lequel-composa-la-nef-des-folz-dernierement-imprimee-a-paris-et-autres-plusi\/#breadcrumb\"},\"inLanguage\":\"en-US\",\"potentialAction\":[{\"@type\":\"ReadAction\",\"target\":[\"https:\/\/www.librairieclavreuil.com\/en\/bouchet-camille-les-regnars-transersant-les-perilleuses-voyes-des-folles-fiances-du-monde-composees-par-sebastien-brand-lequel-composa-la-nef-des-folz-dernierement-imprimee-a-paris-et-autres-plusi\/\"]}]},{\"@type\":\"ImageObject\",\"inLanguage\":\"en-US\",\"@id\":\"https:\/\/www.librairieclavreuil.com\/en\/bouchet-camille-les-regnars-transersant-les-perilleuses-voyes-des-folles-fiances-du-monde-composees-par-sebastien-brand-lequel-composa-la-nef-des-folz-dernierement-imprimee-a-paris-et-autres-plusi\/#primaryimage\",\"url\":\"https:\/\/www.librairieclavreuil.com\/wp-content\/uploads\/2024\/07\/camille-bouchet-les-regnars-transersant-les-perilleuses-voyes-des-folles-fiances-du-monde-composees-par-sebastien-brand-lequel-composa-la-nef-des-folz.jpg\",\"contentUrl\":\"https:\/\/www.librairieclavreuil.com\/wp-content\/uploads\/2024\/07\/camille-bouchet-les-regnars-transersant-les-perilleuses-voyes-des-folles-fiances-du-monde-composees-par-sebastien-brand-lequel-composa-la-nef-des-folz.jpg\",\"width\":591,\"height\":800},{\"@type\":\"BreadcrumbList\",\"@id\":\"https:\/\/www.librairieclavreuil.com\/en\/bouchet-camille-les-regnars-transersant-les-perilleuses-voyes-des-folles-fiances-du-monde-composees-par-sebastien-brand-lequel-composa-la-nef-des-folz-dernierement-imprimee-a-paris-et-autres-plusi\/#breadcrumb\",\"itemListElement\":[{\"@type\":\"ListItem\",\"position\":1,\"name\":\"Accueil\",\"item\":\"https:\/\/www.librairieclavreuil.com\/\"},{\"@type\":\"ListItem\",\"position\":2,\"name\":\"All our books\",\"item\":\"https:\/\/www.librairieclavreuil.com\/en\/all-our-books\/\"},{\"@type\":\"ListItem\",\"position\":3,\"name\":\"BOUCHET Jean Les Regnars transersant les perilleuses voyes des folles fiances du monde. Compos\u00e9es par S\u00e9bastien Brand, lequel composa la nef des folz derni\u00e8rement imprim\u00e9e \u00e0 Paris. Et autres plusieurs choses compos\u00e9es par autres facteurs.\"}]},{\"@type\":\"WebSite\",\"@id\":\"https:\/\/www.librairieclavreuil.com\/#website\",\"url\":\"https:\/\/www.librairieclavreuil.com\/\",\"name\":\"Libairie Clavreuil\",\"description\":\"Livres anciens, manuscrits rares et \u00e9ditions originales \u2013 Librairie Clavreuil\",\"publisher\":{\"@id\":\"https:\/\/www.librairieclavreuil.com\/#organization\"},\"potentialAction\":[{\"@type\":\"SearchAction\",\"target\":{\"@type\":\"EntryPoint\",\"urlTemplate\":\"https:\/\/www.librairieclavreuil.com\/?s={search_term_string}\"},\"query-input\":{\"@type\":\"PropertyValueSpecification\",\"valueRequired\":true,\"valueName\":\"search_term_string\"}}],\"inLanguage\":\"en-US\"},{\"@type\":\"Organization\",\"@id\":\"https:\/\/www.librairieclavreuil.com\/#organization\",\"name\":\"Libairie Clavreuil\",\"url\":\"https:\/\/www.librairieclavreuil.com\/\",\"logo\":{\"@type\":\"ImageObject\",\"inLanguage\":\"en-US\",\"@id\":\"https:\/\/www.librairieclavreuil.com\/#\/schema\/logo\/image\/\",\"url\":\"https:\/\/www.librairieclavreuil.com\/wp-content\/uploads\/2021\/06\/cropped-LOGO_PNG_DATE-_gold-512x512-1.png\",\"contentUrl\":\"https:\/\/www.librairieclavreuil.com\/wp-content\/uploads\/2021\/06\/cropped-LOGO_PNG_DATE-_gold-512x512-1.png\",\"width\":512,\"height\":512,\"caption\":\"Libairie Clavreuil\"},\"image\":{\"@id\":\"https:\/\/www.librairieclavreuil.com\/#\/schema\/logo\/image\/\"},\"sameAs\":[\"https:\/\/www.instagram.com\/librairieclavreuil\/\"]}]}<\/script>\n<!-- \/ Yoast SEO plugin. -->","yoast_head_json":{"title":"BOUCHET Jean Les Regnars transersant les perilleuses voyes des folles fiances du monde. Compos\u00e9es par S\u00e9bastien Brand, lequel composa la nef des folz derni\u00e8rement imprim\u00e9e \u00e0 Paris. Et autres plusieurs choses compos\u00e9es par autres facteurs. - Libairie Clavreuil","robots":{"index":"index","follow":"follow","max-snippet":"max-snippet:-1","max-image-preview":"max-image-preview:large","max-video-preview":"max-video-preview:-1"},"canonical":"https:\/\/www.librairieclavreuil.com\/en\/bouchet-camille-les-regnars-transersant-les-perilleuses-voyes-des-folles-fiances-du-monde-composees-par-sebastien-brand-lequel-composa-la-nef-des-folz-dernierement-imprimee-a-paris-et-autres-plusi\/","og_locale":"en_US","og_type":"article","og_title":"BOUCHET Jean Les Regnars transersant les perilleuses voyes des folles fiances du monde. Compos\u00e9es par S\u00e9bastien Brand, lequel composa la nef des folz derni\u00e8rement imprim\u00e9e \u00e0 Paris. Et autres plusieurs choses compos\u00e9es par autres facteurs. - Libairie Clavreuil","og_description":"4to (211 x 151 mm) 138 unn.ll. Ninteenth-century brown morocco by Lortic Fils, covers decorated with blind and gilt filets, gilt central and corner pieces, inner dentelle, gilt edges.","og_url":"https:\/\/www.librairieclavreuil.com\/en\/bouchet-camille-les-regnars-transersant-les-perilleuses-voyes-des-folles-fiances-du-monde-composees-par-sebastien-brand-lequel-composa-la-nef-des-folz-dernierement-imprimee-a-paris-et-autres-plusi\/","og_site_name":"Libairie Clavreuil","article_modified_time":"2024-07-16T11:06:35+00:00","og_image":[{"width":591,"height":800,"url":"https:\/\/www.librairieclavreuil.com\/wp-content\/uploads\/2024\/07\/camille-bouchet-les-regnars-transersant-les-perilleuses-voyes-des-folles-fiances-du-monde-composees-par-sebastien-brand-lequel-composa-la-nef-des-folz.jpg","type":"image\/jpeg"}],"twitter_card":"summary_large_image","twitter_misc":{"Est. reading time":"1 minute"},"schema":{"@context":"https:\/\/schema.org","@graph":[{"@type":"WebPage","@id":"https:\/\/www.librairieclavreuil.com\/en\/bouchet-camille-les-regnars-transersant-les-perilleuses-voyes-des-folles-fiances-du-monde-composees-par-sebastien-brand-lequel-composa-la-nef-des-folz-dernierement-imprimee-a-paris-et-autres-plusi\/","url":"https:\/\/www.librairieclavreuil.com\/en\/bouchet-camille-les-regnars-transersant-les-perilleuses-voyes-des-folles-fiances-du-monde-composees-par-sebastien-brand-lequel-composa-la-nef-des-folz-dernierement-imprimee-a-paris-et-autres-plusi\/","name":"BOUCHET Jean Les Regnars transersant les perilleuses voyes des folles fiances du monde. Compos\u00e9es par S\u00e9bastien Brand, lequel composa la nef des folz derni\u00e8rement imprim\u00e9e \u00e0 Paris. Et autres plusieurs choses compos\u00e9es par autres facteurs. - Libairie Clavreuil","isPartOf":{"@id":"https:\/\/www.librairieclavreuil.com\/#website"},"primaryImageOfPage":{"@id":"https:\/\/www.librairieclavreuil.com\/en\/bouchet-camille-les-regnars-transersant-les-perilleuses-voyes-des-folles-fiances-du-monde-composees-par-sebastien-brand-lequel-composa-la-nef-des-folz-dernierement-imprimee-a-paris-et-autres-plusi\/#primaryimage"},"image":{"@id":"https:\/\/www.librairieclavreuil.com\/en\/bouchet-camille-les-regnars-transersant-les-perilleuses-voyes-des-folles-fiances-du-monde-composees-par-sebastien-brand-lequel-composa-la-nef-des-folz-dernierement-imprimee-a-paris-et-autres-plusi\/#primaryimage"},"thumbnailUrl":"https:\/\/www.librairieclavreuil.com\/wp-content\/uploads\/2024\/07\/camille-bouchet-les-regnars-transersant-les-perilleuses-voyes-des-folles-fiances-du-monde-composees-par-sebastien-brand-lequel-composa-la-nef-des-folz.jpg","datePublished":"2024-07-10T15:41:07+00:00","dateModified":"2024-07-16T11:06:35+00:00","breadcrumb":{"@id":"https:\/\/www.librairieclavreuil.com\/en\/bouchet-camille-les-regnars-transersant-les-perilleuses-voyes-des-folles-fiances-du-monde-composees-par-sebastien-brand-lequel-composa-la-nef-des-folz-dernierement-imprimee-a-paris-et-autres-plusi\/#breadcrumb"},"inLanguage":"en-US","potentialAction":[{"@type":"ReadAction","target":["https:\/\/www.librairieclavreuil.com\/en\/bouchet-camille-les-regnars-transersant-les-perilleuses-voyes-des-folles-fiances-du-monde-composees-par-sebastien-brand-lequel-composa-la-nef-des-folz-dernierement-imprimee-a-paris-et-autres-plusi\/"]}]},{"@type":"ImageObject","inLanguage":"en-US","@id":"https:\/\/www.librairieclavreuil.com\/en\/bouchet-camille-les-regnars-transersant-les-perilleuses-voyes-des-folles-fiances-du-monde-composees-par-sebastien-brand-lequel-composa-la-nef-des-folz-dernierement-imprimee-a-paris-et-autres-plusi\/#primaryimage","url":"https:\/\/www.librairieclavreuil.com\/wp-content\/uploads\/2024\/07\/camille-bouchet-les-regnars-transersant-les-perilleuses-voyes-des-folles-fiances-du-monde-composees-par-sebastien-brand-lequel-composa-la-nef-des-folz.jpg","contentUrl":"https:\/\/www.librairieclavreuil.com\/wp-content\/uploads\/2024\/07\/camille-bouchet-les-regnars-transersant-les-perilleuses-voyes-des-folles-fiances-du-monde-composees-par-sebastien-brand-lequel-composa-la-nef-des-folz.jpg","width":591,"height":800},{"@type":"BreadcrumbList","@id":"https:\/\/www.librairieclavreuil.com\/en\/bouchet-camille-les-regnars-transersant-les-perilleuses-voyes-des-folles-fiances-du-monde-composees-par-sebastien-brand-lequel-composa-la-nef-des-folz-dernierement-imprimee-a-paris-et-autres-plusi\/#breadcrumb","itemListElement":[{"@type":"ListItem","position":1,"name":"Accueil","item":"https:\/\/www.librairieclavreuil.com\/"},{"@type":"ListItem","position":2,"name":"All our books","item":"https:\/\/www.librairieclavreuil.com\/en\/all-our-books\/"},{"@type":"ListItem","position":3,"name":"BOUCHET Jean Les Regnars transersant les perilleuses voyes des folles fiances du monde. Compos\u00e9es par S\u00e9bastien Brand, lequel composa la nef des folz derni\u00e8rement imprim\u00e9e \u00e0 Paris. Et autres plusieurs choses compos\u00e9es par autres facteurs."}]},{"@type":"WebSite","@id":"https:\/\/www.librairieclavreuil.com\/#website","url":"https:\/\/www.librairieclavreuil.com\/","name":"Libairie Clavreuil","description":"Livres anciens, manuscrits rares et \u00e9ditions originales \u2013 Librairie Clavreuil","publisher":{"@id":"https:\/\/www.librairieclavreuil.com\/#organization"},"potentialAction":[{"@type":"SearchAction","target":{"@type":"EntryPoint","urlTemplate":"https:\/\/www.librairieclavreuil.com\/?s={search_term_string}"},"query-input":{"@type":"PropertyValueSpecification","valueRequired":true,"valueName":"search_term_string"}}],"inLanguage":"en-US"},{"@type":"Organization","@id":"https:\/\/www.librairieclavreuil.com\/#organization","name":"Libairie Clavreuil","url":"https:\/\/www.librairieclavreuil.com\/","logo":{"@type":"ImageObject","inLanguage":"en-US","@id":"https:\/\/www.librairieclavreuil.com\/#\/schema\/logo\/image\/","url":"https:\/\/www.librairieclavreuil.com\/wp-content\/uploads\/2021\/06\/cropped-LOGO_PNG_DATE-_gold-512x512-1.png","contentUrl":"https:\/\/www.librairieclavreuil.com\/wp-content\/uploads\/2021\/06\/cropped-LOGO_PNG_DATE-_gold-512x512-1.png","width":512,"height":512,"caption":"Libairie Clavreuil"},"image":{"@id":"https:\/\/www.librairieclavreuil.com\/#\/schema\/logo\/image\/"},"sameAs":["https:\/\/www.instagram.com\/librairieclavreuil\/"]}]}},"jetpack_sharing_enabled":true,"_links":{"self":[{"href":"https:\/\/www.librairieclavreuil.com\/en\/wp-json\/wp\/v2\/product\/79679","targetHints":{"allow":["GET"]}}],"collection":[{"href":"https:\/\/www.librairieclavreuil.com\/en\/wp-json\/wp\/v2\/product"}],"about":[{"href":"https:\/\/www.librairieclavreuil.com\/en\/wp-json\/wp\/v2\/types\/product"}],"replies":[{"embeddable":true,"href":"https:\/\/www.librairieclavreuil.com\/en\/wp-json\/wp\/v2\/comments?post=79679"}],"wp:featuredmedia":[{"embeddable":true,"href":"https:\/\/www.librairieclavreuil.com\/en\/wp-json\/wp\/v2\/media\/79668"}],"wp:attachment":[{"href":"https:\/\/www.librairieclavreuil.com\/en\/wp-json\/wp\/v2\/media?parent=79679"}],"wp:term":[{"taxonomy":"product_brand","embeddable":true,"href":"https:\/\/www.librairieclavreuil.com\/en\/wp-json\/wp\/v2\/product_brand?post=79679"},{"taxonomy":"product_cat","embeddable":true,"href":"https:\/\/www.librairieclavreuil.com\/en\/wp-json\/wp\/v2\/product_cat?post=79679"},{"taxonomy":"product_tag","embeddable":true,"href":"https:\/\/www.librairieclavreuil.com\/en\/wp-json\/wp\/v2\/product_tag?post=79679"}],"curies":[{"name":"wp","href":"https:\/\/api.w.org\/{rel}","templated":true}]}}