{"id":79435,"date":"2024-07-09T17:50:52","date_gmt":"2024-07-09T15:50:52","guid":{"rendered":"https:\/\/www.librairieclavreuil.com\/gariot-jean-baptiste-traite-des-maladies-de-la-bouche-dapres-letat-actuel-des-connaissances-en-medecine-et-en-chirurgie\/"},"modified":"2024-07-09T17:51:06","modified_gmt":"2024-07-09T15:51:06","slug":"gariot-jean-baptiste-traite-des-maladies-de-la-bouche-dapres-letat-actuel-des-connaissances-en-medecine-et-en-chirurgie","status":"publish","type":"product","link":"https:\/\/www.librairieclavreuil.com\/en\/gariot-jean-baptiste-traite-des-maladies-de-la-bouche-dapres-letat-actuel-des-connaissances-en-medecine-et-en-chirurgie\/","title":{"rendered":"GARIOT Jean-Baptiste Trait\u00e9 des maladies de la bouche,..."},"content":{"rendered":"<p style=\"text-align:justify\"><i>David, p. 125; Poletti, p. 88; Weinberger, p. 55; Wellcome III, p. 90.<\/i><\/p>\n<p style=\"text-align:justify\"><span style=\"font-variant:small-caps\">First edition.<\/span><\/p>\n<p style=\"text-align:justify\">&#8220;Jean-Baptiste Gariot (1761-1835) is recognised worldwide as the inventor of the first hinged dental articulator. From 1798 to 1808, he was dentist and surgeon to the royal family of Charles IV of Spain. In 1807, Gariot completed a work on diseases of the mouth, which he submitted to the Paris Medical Society for approval. On 8 November, he presented it to the Governmental Board of Surgeons and asked its members to persuade the King to allow him to dedicate it; on 26 November, Gimbernat, Galli, Vullier and Lacaba replied that it would have to be translated into Castilian or Latin to be approved. The work was published in French the following year in Paris by the printing house L. Duprat-Duverger&#8230; In discovering his life, which was both glorious and difficult, one cannot help but become attached to the author of <i>Trait\u00e9 des maladies de la bouche<\/i>. It is a true work of odontostomatology, rich in in-depth medical knowledge, original thinking, innovative concepts and recommendations&#8221; (see : Javier Sanz &amp; Micheline Ruel-Kellermann, Jean Baptiste Gariot, Sa vie &#8211; son \u0153uvre, Madrid).<\/p>\n<p style=\"text-align:justify\">A good copy.<\/p>\n","protected":false},"excerpt":{"rendered":"<p style=\"text-align:justify\">8vo (194 x 124 mm) engraved frontispiece and title, 2 nn.ll., XVI, 352 pp., 13 engraved plates. Contemporary sheep-backed boards, flat spine gilt.<\/p>\n","protected":false},"featured_media":79420,"comment_status":"open","ping_status":"closed","template":"","meta":{"_acf_changed":false},"product_brand":[],"product_cat":[548],"product_tag":[1271,1294,1296],"class_list":{"0":"post-79435","1":"product","2":"type-product","3":"status-publish","4":"has-post-thumbnail","6":"product_cat-medicine","7":"product_tag-medicine","8":"product_tag-organes-2","9":"product_tag-teeth","10":"pa_auteur-gariot-jean-baptiste-2","11":"pa_type-de-livre-printed-book","13":"first","14":"instock","15":"shipping-taxable","16":"purchasable","17":"product-type-simple"},"acf":{"artist":"Jean-Baptiste GARIOT","chapeau":"","adresse_bibliographique":"Paris, Duprat-Duverger, 1805","book_type":"Printed book","provenance":"","afficher_prix":""},"yoast_head":"<!-- This site is optimized with the Yoast SEO plugin v24.7 - https:\/\/yoast.com\/wordpress\/plugins\/seo\/ -->\n<title>GARIOT Jean-Baptiste Trait\u00e9 des maladies de la bouche, d&#039;apr\u00e8s l&#039;\u00e9tat actuel des connaissances en m\u00e9decine et en chirurgie. - Libairie Clavreuil<\/title>\n<meta name=\"robots\" content=\"index, follow, max-snippet:-1, max-image-preview:large, max-video-preview:-1\" \/>\n<link rel=\"canonical\" href=\"https:\/\/www.librairieclavreuil.com\/en\/gariot-jean-baptiste-traite-des-maladies-de-la-bouche-dapres-letat-actuel-des-connaissances-en-medecine-et-en-chirurgie\/\" \/>\n<meta property=\"og:locale\" content=\"en_US\" \/>\n<meta property=\"og:type\" content=\"article\" \/>\n<meta property=\"og:title\" content=\"GARIOT Jean-Baptiste Trait\u00e9 des maladies de la bouche, d&#039;apr\u00e8s l&#039;\u00e9tat actuel des connaissances en m\u00e9decine et en chirurgie. - Libairie Clavreuil\" \/>\n<meta property=\"og:description\" content=\"8vo (194 x 124 mm) engraved frontispiece and title, 2 nn.ll., XVI, 352 pp., 13 engraved plates. Contemporary sheep-backed boards, flat spine gilt.\" \/>\n<meta property=\"og:url\" content=\"https:\/\/www.librairieclavreuil.com\/en\/gariot-jean-baptiste-traite-des-maladies-de-la-bouche-dapres-letat-actuel-des-connaissances-en-medecine-et-en-chirurgie\/\" \/>\n<meta property=\"og:site_name\" content=\"Libairie Clavreuil\" \/>\n<meta property=\"article:modified_time\" content=\"2024-07-09T15:51:06+00:00\" \/>\n<meta property=\"og:image\" content=\"https:\/\/www.librairieclavreuil.com\/wp-content\/uploads\/2024\/07\/j-b-gariot-traite-des-maladies-de-la-bouche-d-apres-l-etat-actuel-des-connaissances-en-medecine-et-en-chirurgie-3317-65ae55315e6ea.jpg\" \/>\n\t<meta property=\"og:image:width\" content=\"600\" \/>\n\t<meta property=\"og:image:height\" content=\"800\" \/>\n\t<meta property=\"og:image:type\" content=\"image\/jpeg\" \/>\n<meta name=\"twitter:card\" content=\"summary_large_image\" \/>\n<meta name=\"twitter:label1\" content=\"Est. reading time\" \/>\n\t<meta name=\"twitter:data1\" content=\"1 minute\" \/>\n<script type=\"application\/ld+json\" class=\"yoast-schema-graph\">{\"@context\":\"https:\/\/schema.org\",\"@graph\":[{\"@type\":\"WebPage\",\"@id\":\"https:\/\/www.librairieclavreuil.com\/en\/gariot-jean-baptiste-traite-des-maladies-de-la-bouche-dapres-letat-actuel-des-connaissances-en-medecine-et-en-chirurgie\/\",\"url\":\"https:\/\/www.librairieclavreuil.com\/en\/gariot-jean-baptiste-traite-des-maladies-de-la-bouche-dapres-letat-actuel-des-connaissances-en-medecine-et-en-chirurgie\/\",\"name\":\"GARIOT Jean-Baptiste Trait\u00e9 des maladies de la bouche, d'apr\u00e8s l'\u00e9tat actuel des connaissances en m\u00e9decine et en chirurgie. - Libairie Clavreuil\",\"isPartOf\":{\"@id\":\"https:\/\/www.librairieclavreuil.com\/#website\"},\"primaryImageOfPage\":{\"@id\":\"https:\/\/www.librairieclavreuil.com\/en\/gariot-jean-baptiste-traite-des-maladies-de-la-bouche-dapres-letat-actuel-des-connaissances-en-medecine-et-en-chirurgie\/#primaryimage\"},\"image\":{\"@id\":\"https:\/\/www.librairieclavreuil.com\/en\/gariot-jean-baptiste-traite-des-maladies-de-la-bouche-dapres-letat-actuel-des-connaissances-en-medecine-et-en-chirurgie\/#primaryimage\"},\"thumbnailUrl\":\"https:\/\/www.librairieclavreuil.com\/wp-content\/uploads\/2024\/07\/j-b-gariot-traite-des-maladies-de-la-bouche-d-apres-l-etat-actuel-des-connaissances-en-medecine-et-en-chirurgie-3317-65ae55315e6ea.jpg\",\"datePublished\":\"2024-07-09T15:50:52+00:00\",\"dateModified\":\"2024-07-09T15:51:06+00:00\",\"breadcrumb\":{\"@id\":\"https:\/\/www.librairieclavreuil.com\/en\/gariot-jean-baptiste-traite-des-maladies-de-la-bouche-dapres-letat-actuel-des-connaissances-en-medecine-et-en-chirurgie\/#breadcrumb\"},\"inLanguage\":\"en-US\",\"potentialAction\":[{\"@type\":\"ReadAction\",\"target\":[\"https:\/\/www.librairieclavreuil.com\/en\/gariot-jean-baptiste-traite-des-maladies-de-la-bouche-dapres-letat-actuel-des-connaissances-en-medecine-et-en-chirurgie\/\"]}]},{\"@type\":\"ImageObject\",\"inLanguage\":\"en-US\",\"@id\":\"https:\/\/www.librairieclavreuil.com\/en\/gariot-jean-baptiste-traite-des-maladies-de-la-bouche-dapres-letat-actuel-des-connaissances-en-medecine-et-en-chirurgie\/#primaryimage\",\"url\":\"https:\/\/www.librairieclavreuil.com\/wp-content\/uploads\/2024\/07\/j-b-gariot-traite-des-maladies-de-la-bouche-d-apres-l-etat-actuel-des-connaissances-en-medecine-et-en-chirurgie-3317-65ae55315e6ea.jpg\",\"contentUrl\":\"https:\/\/www.librairieclavreuil.com\/wp-content\/uploads\/2024\/07\/j-b-gariot-traite-des-maladies-de-la-bouche-d-apres-l-etat-actuel-des-connaissances-en-medecine-et-en-chirurgie-3317-65ae55315e6ea.jpg\",\"width\":600,\"height\":800},{\"@type\":\"BreadcrumbList\",\"@id\":\"https:\/\/www.librairieclavreuil.com\/en\/gariot-jean-baptiste-traite-des-maladies-de-la-bouche-dapres-letat-actuel-des-connaissances-en-medecine-et-en-chirurgie\/#breadcrumb\",\"itemListElement\":[{\"@type\":\"ListItem\",\"position\":1,\"name\":\"Accueil\",\"item\":\"https:\/\/www.librairieclavreuil.com\/\"},{\"@type\":\"ListItem\",\"position\":2,\"name\":\"All our books\",\"item\":\"https:\/\/www.librairieclavreuil.com\/en\/all-our-books\/\"},{\"@type\":\"ListItem\",\"position\":3,\"name\":\"GARIOT Jean-Baptiste Trait\u00e9 des maladies de la bouche, d&#8217;apr\u00e8s l&#8217;\u00e9tat actuel des connaissances en m\u00e9decine et en chirurgie.\"}]},{\"@type\":\"WebSite\",\"@id\":\"https:\/\/www.librairieclavreuil.com\/#website\",\"url\":\"https:\/\/www.librairieclavreuil.com\/\",\"name\":\"Libairie Clavreuil\",\"description\":\"Livres anciens, manuscrits rares et \u00e9ditions originales \u2013 Librairie Clavreuil\",\"publisher\":{\"@id\":\"https:\/\/www.librairieclavreuil.com\/#organization\"},\"potentialAction\":[{\"@type\":\"SearchAction\",\"target\":{\"@type\":\"EntryPoint\",\"urlTemplate\":\"https:\/\/www.librairieclavreuil.com\/?s={search_term_string}\"},\"query-input\":{\"@type\":\"PropertyValueSpecification\",\"valueRequired\":true,\"valueName\":\"search_term_string\"}}],\"inLanguage\":\"en-US\"},{\"@type\":\"Organization\",\"@id\":\"https:\/\/www.librairieclavreuil.com\/#organization\",\"name\":\"Libairie Clavreuil\",\"url\":\"https:\/\/www.librairieclavreuil.com\/\",\"logo\":{\"@type\":\"ImageObject\",\"inLanguage\":\"en-US\",\"@id\":\"https:\/\/www.librairieclavreuil.com\/#\/schema\/logo\/image\/\",\"url\":\"https:\/\/www.librairieclavreuil.com\/wp-content\/uploads\/2021\/06\/cropped-LOGO_PNG_DATE-_gold-512x512-1.png\",\"contentUrl\":\"https:\/\/www.librairieclavreuil.com\/wp-content\/uploads\/2021\/06\/cropped-LOGO_PNG_DATE-_gold-512x512-1.png\",\"width\":512,\"height\":512,\"caption\":\"Libairie Clavreuil\"},\"image\":{\"@id\":\"https:\/\/www.librairieclavreuil.com\/#\/schema\/logo\/image\/\"},\"sameAs\":[\"https:\/\/www.instagram.com\/librairieclavreuil\/\"]}]}<\/script>\n<!-- \/ Yoast SEO plugin. -->","yoast_head_json":{"title":"GARIOT Jean-Baptiste Trait\u00e9 des maladies de la bouche, d'apr\u00e8s l'\u00e9tat actuel des connaissances en m\u00e9decine et en chirurgie. - Libairie Clavreuil","robots":{"index":"index","follow":"follow","max-snippet":"max-snippet:-1","max-image-preview":"max-image-preview:large","max-video-preview":"max-video-preview:-1"},"canonical":"https:\/\/www.librairieclavreuil.com\/en\/gariot-jean-baptiste-traite-des-maladies-de-la-bouche-dapres-letat-actuel-des-connaissances-en-medecine-et-en-chirurgie\/","og_locale":"en_US","og_type":"article","og_title":"GARIOT Jean-Baptiste Trait\u00e9 des maladies de la bouche, d'apr\u00e8s l'\u00e9tat actuel des connaissances en m\u00e9decine et en chirurgie. - Libairie Clavreuil","og_description":"8vo (194 x 124 mm) engraved frontispiece and title, 2 nn.ll., XVI, 352 pp., 13 engraved plates. Contemporary sheep-backed boards, flat spine gilt.","og_url":"https:\/\/www.librairieclavreuil.com\/en\/gariot-jean-baptiste-traite-des-maladies-de-la-bouche-dapres-letat-actuel-des-connaissances-en-medecine-et-en-chirurgie\/","og_site_name":"Libairie Clavreuil","article_modified_time":"2024-07-09T15:51:06+00:00","og_image":[{"width":600,"height":800,"url":"https:\/\/www.librairieclavreuil.com\/wp-content\/uploads\/2024\/07\/j-b-gariot-traite-des-maladies-de-la-bouche-d-apres-l-etat-actuel-des-connaissances-en-medecine-et-en-chirurgie-3317-65ae55315e6ea.jpg","type":"image\/jpeg"}],"twitter_card":"summary_large_image","twitter_misc":{"Est. reading time":"1 minute"},"schema":{"@context":"https:\/\/schema.org","@graph":[{"@type":"WebPage","@id":"https:\/\/www.librairieclavreuil.com\/en\/gariot-jean-baptiste-traite-des-maladies-de-la-bouche-dapres-letat-actuel-des-connaissances-en-medecine-et-en-chirurgie\/","url":"https:\/\/www.librairieclavreuil.com\/en\/gariot-jean-baptiste-traite-des-maladies-de-la-bouche-dapres-letat-actuel-des-connaissances-en-medecine-et-en-chirurgie\/","name":"GARIOT Jean-Baptiste Trait\u00e9 des maladies de la bouche, d'apr\u00e8s l'\u00e9tat actuel des connaissances en m\u00e9decine et en chirurgie. - Libairie Clavreuil","isPartOf":{"@id":"https:\/\/www.librairieclavreuil.com\/#website"},"primaryImageOfPage":{"@id":"https:\/\/www.librairieclavreuil.com\/en\/gariot-jean-baptiste-traite-des-maladies-de-la-bouche-dapres-letat-actuel-des-connaissances-en-medecine-et-en-chirurgie\/#primaryimage"},"image":{"@id":"https:\/\/www.librairieclavreuil.com\/en\/gariot-jean-baptiste-traite-des-maladies-de-la-bouche-dapres-letat-actuel-des-connaissances-en-medecine-et-en-chirurgie\/#primaryimage"},"thumbnailUrl":"https:\/\/www.librairieclavreuil.com\/wp-content\/uploads\/2024\/07\/j-b-gariot-traite-des-maladies-de-la-bouche-d-apres-l-etat-actuel-des-connaissances-en-medecine-et-en-chirurgie-3317-65ae55315e6ea.jpg","datePublished":"2024-07-09T15:50:52+00:00","dateModified":"2024-07-09T15:51:06+00:00","breadcrumb":{"@id":"https:\/\/www.librairieclavreuil.com\/en\/gariot-jean-baptiste-traite-des-maladies-de-la-bouche-dapres-letat-actuel-des-connaissances-en-medecine-et-en-chirurgie\/#breadcrumb"},"inLanguage":"en-US","potentialAction":[{"@type":"ReadAction","target":["https:\/\/www.librairieclavreuil.com\/en\/gariot-jean-baptiste-traite-des-maladies-de-la-bouche-dapres-letat-actuel-des-connaissances-en-medecine-et-en-chirurgie\/"]}]},{"@type":"ImageObject","inLanguage":"en-US","@id":"https:\/\/www.librairieclavreuil.com\/en\/gariot-jean-baptiste-traite-des-maladies-de-la-bouche-dapres-letat-actuel-des-connaissances-en-medecine-et-en-chirurgie\/#primaryimage","url":"https:\/\/www.librairieclavreuil.com\/wp-content\/uploads\/2024\/07\/j-b-gariot-traite-des-maladies-de-la-bouche-d-apres-l-etat-actuel-des-connaissances-en-medecine-et-en-chirurgie-3317-65ae55315e6ea.jpg","contentUrl":"https:\/\/www.librairieclavreuil.com\/wp-content\/uploads\/2024\/07\/j-b-gariot-traite-des-maladies-de-la-bouche-d-apres-l-etat-actuel-des-connaissances-en-medecine-et-en-chirurgie-3317-65ae55315e6ea.jpg","width":600,"height":800},{"@type":"BreadcrumbList","@id":"https:\/\/www.librairieclavreuil.com\/en\/gariot-jean-baptiste-traite-des-maladies-de-la-bouche-dapres-letat-actuel-des-connaissances-en-medecine-et-en-chirurgie\/#breadcrumb","itemListElement":[{"@type":"ListItem","position":1,"name":"Accueil","item":"https:\/\/www.librairieclavreuil.com\/"},{"@type":"ListItem","position":2,"name":"All our books","item":"https:\/\/www.librairieclavreuil.com\/en\/all-our-books\/"},{"@type":"ListItem","position":3,"name":"GARIOT Jean-Baptiste Trait\u00e9 des maladies de la bouche, d&#8217;apr\u00e8s l&#8217;\u00e9tat actuel des connaissances en m\u00e9decine et en chirurgie."}]},{"@type":"WebSite","@id":"https:\/\/www.librairieclavreuil.com\/#website","url":"https:\/\/www.librairieclavreuil.com\/","name":"Libairie Clavreuil","description":"Livres anciens, manuscrits rares et \u00e9ditions originales \u2013 Librairie Clavreuil","publisher":{"@id":"https:\/\/www.librairieclavreuil.com\/#organization"},"potentialAction":[{"@type":"SearchAction","target":{"@type":"EntryPoint","urlTemplate":"https:\/\/www.librairieclavreuil.com\/?s={search_term_string}"},"query-input":{"@type":"PropertyValueSpecification","valueRequired":true,"valueName":"search_term_string"}}],"inLanguage":"en-US"},{"@type":"Organization","@id":"https:\/\/www.librairieclavreuil.com\/#organization","name":"Libairie Clavreuil","url":"https:\/\/www.librairieclavreuil.com\/","logo":{"@type":"ImageObject","inLanguage":"en-US","@id":"https:\/\/www.librairieclavreuil.com\/#\/schema\/logo\/image\/","url":"https:\/\/www.librairieclavreuil.com\/wp-content\/uploads\/2021\/06\/cropped-LOGO_PNG_DATE-_gold-512x512-1.png","contentUrl":"https:\/\/www.librairieclavreuil.com\/wp-content\/uploads\/2021\/06\/cropped-LOGO_PNG_DATE-_gold-512x512-1.png","width":512,"height":512,"caption":"Libairie Clavreuil"},"image":{"@id":"https:\/\/www.librairieclavreuil.com\/#\/schema\/logo\/image\/"},"sameAs":["https:\/\/www.instagram.com\/librairieclavreuil\/"]}]}},"jetpack_sharing_enabled":true,"_links":{"self":[{"href":"https:\/\/www.librairieclavreuil.com\/en\/wp-json\/wp\/v2\/product\/79435","targetHints":{"allow":["GET"]}}],"collection":[{"href":"https:\/\/www.librairieclavreuil.com\/en\/wp-json\/wp\/v2\/product"}],"about":[{"href":"https:\/\/www.librairieclavreuil.com\/en\/wp-json\/wp\/v2\/types\/product"}],"replies":[{"embeddable":true,"href":"https:\/\/www.librairieclavreuil.com\/en\/wp-json\/wp\/v2\/comments?post=79435"}],"wp:featuredmedia":[{"embeddable":true,"href":"https:\/\/www.librairieclavreuil.com\/en\/wp-json\/wp\/v2\/media\/79420"}],"wp:attachment":[{"href":"https:\/\/www.librairieclavreuil.com\/en\/wp-json\/wp\/v2\/media?parent=79435"}],"wp:term":[{"taxonomy":"product_brand","embeddable":true,"href":"https:\/\/www.librairieclavreuil.com\/en\/wp-json\/wp\/v2\/product_brand?post=79435"},{"taxonomy":"product_cat","embeddable":true,"href":"https:\/\/www.librairieclavreuil.com\/en\/wp-json\/wp\/v2\/product_cat?post=79435"},{"taxonomy":"product_tag","embeddable":true,"href":"https:\/\/www.librairieclavreuil.com\/en\/wp-json\/wp\/v2\/product_tag?post=79435"}],"curies":[{"name":"wp","href":"https:\/\/api.w.org\/{rel}","templated":true}]}}