{"id":79234,"date":"2024-07-05T13:19:47","date_gmt":"2024-07-05T11:19:47","guid":{"rendered":"https:\/\/www.librairieclavreuil.com\/fourier-jean-baptiste-joseph-memoire-sur-la-statique-contenant-la-demonstration-du-principe-des-vitesses-virtuelles-et-la-theorie-des-momens\/"},"modified":"2024-07-05T13:20:01","modified_gmt":"2024-07-05T11:20:01","slug":"fourier-jean-baptiste-joseph-memoire-sur-la-statique-contenant-la-demonstration-du-principe-des-vitesses-virtuelles-et-la-theorie-des-momens","status":"publish","type":"product","link":"https:\/\/www.librairieclavreuil.com\/en\/fourier-jean-baptiste-joseph-memoire-sur-la-statique-contenant-la-demonstration-du-principe-des-vitesses-virtuelles-et-la-theorie-des-momens\/","title":{"rendered":"FOURIER Jean Baptiste Joseph M\u00e9moire sur la statique,..."},"content":{"rendered":"<p style=\"text-align:justify\">First edition of this rare memoire, published in J<i>ournal de l&#8217;\u00c9cole Polytechnique<\/i>, Ve cahier, p. 20, ann\u00e9e 1798.<\/p>\n<p style=\"text-align:justify\">From its creation in 1795, Jean Baptiste Joseph Fourier (1768-1830) was attached to the \u00c9cole Polytechnique, where he worked as a police administrator and assisted Gaspard Monge and Joseph Lagrange in their lectures. Arrested under false pretences, Fourier was released under pressure from his colleagues and was part of the scientific commission during the Expedition to Egypt. When Napoleon returned to France in 1801, he noticed Fourier&#8217;s brilliant mind and entrusted him with the management of the Is\u00e8re department under the title of prefect.<\/p>\n<p style=\"text-align:justify\">This memoir is entirely devoted to equilibrium &#8211; Fourier refers to St\u00e9vin, among others &#8211; and analytical mechanics.<\/p>\n<p style=\"text-align:justify\">Good copy.<\/p>\n","protected":false},"excerpt":{"rendered":"<p>4to (247 x 194 mm) 40 pp. Modern blue boards (Ateliers Laurenchet).<\/p>\n","protected":false},"featured_media":79229,"comment_status":"open","ping_status":"closed","template":"","meta":{"_acf_changed":false},"product_brand":[],"product_cat":[550],"product_tag":[947],"class_list":{"0":"post-79234","1":"product","2":"type-product","3":"status-publish","4":"has-post-thumbnail","6":"product_cat-science","7":"product_tag-algebra","8":"pa_auteur-fourier-jean-baptiste-joseph-2","9":"pa_type-de-livre-printed-book","11":"first","12":"outofstock","13":"shipping-taxable","14":"purchasable","15":"product-type-simple"},"acf":{"artist":"Jean Baptiste Joseph FOURIER","chapeau":"","adresse_bibliographique":"Paris, Imprimerie de la R\u00e9publique, 1798","book_type":"Printed book","provenance":"","afficher_prix":""},"yoast_head":"<!-- This site is optimized with the Yoast SEO plugin v24.7 - https:\/\/yoast.com\/wordpress\/plugins\/seo\/ -->\n<title>FOURIER Jean Baptiste Joseph M\u00e9moire sur la statique, contenant la d\u00e9monstration du principe des vitesses virtuelles, et la th\u00e9orie des momens. - Libairie Clavreuil<\/title>\n<meta name=\"robots\" content=\"index, follow, max-snippet:-1, max-image-preview:large, max-video-preview:-1\" \/>\n<link rel=\"canonical\" href=\"https:\/\/www.librairieclavreuil.com\/produit\/fourier-jean-baptiste-joseph-memoire-sur-la-statique-contenant-la-demonstration-du-principe-des-vitesses-virtuelles-et-la-theorie-des-momens\/\" \/>\n<meta property=\"og:locale\" content=\"en_US\" \/>\n<meta property=\"og:type\" content=\"article\" \/>\n<meta property=\"og:title\" content=\"FOURIER Jean Baptiste Joseph M\u00e9moire sur la statique, contenant la d\u00e9monstration du principe des vitesses virtuelles, et la th\u00e9orie des momens. - Libairie Clavreuil\" \/>\n<meta property=\"og:description\" content=\"4to (247 x 194 mm) 40 pp. Modern blue boards (Ateliers Laurenchet).\" \/>\n<meta property=\"og:url\" content=\"https:\/\/www.librairieclavreuil.com\/produit\/fourier-jean-baptiste-joseph-memoire-sur-la-statique-contenant-la-demonstration-du-principe-des-vitesses-virtuelles-et-la-theorie-des-momens\/\" \/>\n<meta property=\"og:site_name\" content=\"Libairie Clavreuil\" \/>\n<meta property=\"article:modified_time\" content=\"2024-07-05T11:20:01+00:00\" \/>\n<meta property=\"og:image\" content=\"https:\/\/www.librairieclavreuil.com\/wp-content\/uploads\/2024\/07\/charles-fourier-memoire-sur-la-statique-contenant-la-demonstration-du-principe-des-vitesses-virtuelles-et-la-theorie-des-momens-5757-65832aad62288.jpg\" \/>\n\t<meta property=\"og:image:width\" content=\"600\" \/>\n\t<meta property=\"og:image:height\" content=\"800\" \/>\n\t<meta property=\"og:image:type\" content=\"image\/jpeg\" \/>\n<meta name=\"twitter:card\" content=\"summary_large_image\" \/>\n<meta name=\"twitter:label1\" content=\"Est. reading time\" \/>\n\t<meta name=\"twitter:data1\" content=\"1 minute\" \/>\n<script type=\"application\/ld+json\" class=\"yoast-schema-graph\">{\"@context\":\"https:\/\/schema.org\",\"@graph\":[{\"@type\":\"WebPage\",\"@id\":\"https:\/\/www.librairieclavreuil.com\/produit\/fourier-jean-baptiste-joseph-memoire-sur-la-statique-contenant-la-demonstration-du-principe-des-vitesses-virtuelles-et-la-theorie-des-momens\/\",\"url\":\"https:\/\/www.librairieclavreuil.com\/produit\/fourier-jean-baptiste-joseph-memoire-sur-la-statique-contenant-la-demonstration-du-principe-des-vitesses-virtuelles-et-la-theorie-des-momens\/\",\"name\":\"FOURIER Jean Baptiste Joseph M\u00e9moire sur la statique, contenant la d\u00e9monstration du principe des vitesses virtuelles, et la th\u00e9orie des momens. - Libairie Clavreuil\",\"isPartOf\":{\"@id\":\"https:\/\/www.librairieclavreuil.com\/#website\"},\"primaryImageOfPage\":{\"@id\":\"https:\/\/www.librairieclavreuil.com\/produit\/fourier-jean-baptiste-joseph-memoire-sur-la-statique-contenant-la-demonstration-du-principe-des-vitesses-virtuelles-et-la-theorie-des-momens\/#primaryimage\"},\"image\":{\"@id\":\"https:\/\/www.librairieclavreuil.com\/produit\/fourier-jean-baptiste-joseph-memoire-sur-la-statique-contenant-la-demonstration-du-principe-des-vitesses-virtuelles-et-la-theorie-des-momens\/#primaryimage\"},\"thumbnailUrl\":\"https:\/\/www.librairieclavreuil.com\/wp-content\/uploads\/2024\/07\/charles-fourier-memoire-sur-la-statique-contenant-la-demonstration-du-principe-des-vitesses-virtuelles-et-la-theorie-des-momens-5757-65832aad62288.jpg\",\"datePublished\":\"2024-07-05T11:19:47+00:00\",\"dateModified\":\"2024-07-05T11:20:01+00:00\",\"breadcrumb\":{\"@id\":\"https:\/\/www.librairieclavreuil.com\/produit\/fourier-jean-baptiste-joseph-memoire-sur-la-statique-contenant-la-demonstration-du-principe-des-vitesses-virtuelles-et-la-theorie-des-momens\/#breadcrumb\"},\"inLanguage\":\"en-US\",\"potentialAction\":[{\"@type\":\"ReadAction\",\"target\":[\"https:\/\/www.librairieclavreuil.com\/produit\/fourier-jean-baptiste-joseph-memoire-sur-la-statique-contenant-la-demonstration-du-principe-des-vitesses-virtuelles-et-la-theorie-des-momens\/\"]}]},{\"@type\":\"ImageObject\",\"inLanguage\":\"en-US\",\"@id\":\"https:\/\/www.librairieclavreuil.com\/produit\/fourier-jean-baptiste-joseph-memoire-sur-la-statique-contenant-la-demonstration-du-principe-des-vitesses-virtuelles-et-la-theorie-des-momens\/#primaryimage\",\"url\":\"https:\/\/www.librairieclavreuil.com\/wp-content\/uploads\/2024\/07\/charles-fourier-memoire-sur-la-statique-contenant-la-demonstration-du-principe-des-vitesses-virtuelles-et-la-theorie-des-momens-5757-65832aad62288.jpg\",\"contentUrl\":\"https:\/\/www.librairieclavreuil.com\/wp-content\/uploads\/2024\/07\/charles-fourier-memoire-sur-la-statique-contenant-la-demonstration-du-principe-des-vitesses-virtuelles-et-la-theorie-des-momens-5757-65832aad62288.jpg\",\"width\":600,\"height\":800},{\"@type\":\"BreadcrumbList\",\"@id\":\"https:\/\/www.librairieclavreuil.com\/produit\/fourier-jean-baptiste-joseph-memoire-sur-la-statique-contenant-la-demonstration-du-principe-des-vitesses-virtuelles-et-la-theorie-des-momens\/#breadcrumb\",\"itemListElement\":[{\"@type\":\"ListItem\",\"position\":1,\"name\":\"Accueil\",\"item\":\"https:\/\/www.librairieclavreuil.com\/\"},{\"@type\":\"ListItem\",\"position\":2,\"name\":\"All our books\",\"item\":\"https:\/\/www.librairieclavreuil.com\/en\/all-our-books\/\"},{\"@type\":\"ListItem\",\"position\":3,\"name\":\"FOURIER Jean Baptiste Joseph M\u00e9moire sur la statique,...\"}]},{\"@type\":\"WebSite\",\"@id\":\"https:\/\/www.librairieclavreuil.com\/#website\",\"url\":\"https:\/\/www.librairieclavreuil.com\/\",\"name\":\"Libairie Clavreuil\",\"description\":\"Livres anciens, manuscrits rares et \u00e9ditions originales \u2013 Librairie Clavreuil\",\"publisher\":{\"@id\":\"https:\/\/www.librairieclavreuil.com\/#organization\"},\"potentialAction\":[{\"@type\":\"SearchAction\",\"target\":{\"@type\":\"EntryPoint\",\"urlTemplate\":\"https:\/\/www.librairieclavreuil.com\/?s={search_term_string}\"},\"query-input\":{\"@type\":\"PropertyValueSpecification\",\"valueRequired\":true,\"valueName\":\"search_term_string\"}}],\"inLanguage\":\"en-US\"},{\"@type\":\"Organization\",\"@id\":\"https:\/\/www.librairieclavreuil.com\/#organization\",\"name\":\"Libairie Clavreuil\",\"url\":\"https:\/\/www.librairieclavreuil.com\/\",\"logo\":{\"@type\":\"ImageObject\",\"inLanguage\":\"en-US\",\"@id\":\"https:\/\/www.librairieclavreuil.com\/#\/schema\/logo\/image\/\",\"url\":\"https:\/\/www.librairieclavreuil.com\/wp-content\/uploads\/2021\/06\/cropped-LOGO_PNG_DATE-_gold-512x512-1.png\",\"contentUrl\":\"https:\/\/www.librairieclavreuil.com\/wp-content\/uploads\/2021\/06\/cropped-LOGO_PNG_DATE-_gold-512x512-1.png\",\"width\":512,\"height\":512,\"caption\":\"Libairie Clavreuil\"},\"image\":{\"@id\":\"https:\/\/www.librairieclavreuil.com\/#\/schema\/logo\/image\/\"},\"sameAs\":[\"https:\/\/www.instagram.com\/librairieclavreuil\/\"]}]}<\/script>\n<!-- \/ Yoast SEO plugin. -->","yoast_head_json":{"title":"FOURIER Jean Baptiste Joseph M\u00e9moire sur la statique, contenant la d\u00e9monstration du principe des vitesses virtuelles, et la th\u00e9orie des momens. - Libairie Clavreuil","robots":{"index":"index","follow":"follow","max-snippet":"max-snippet:-1","max-image-preview":"max-image-preview:large","max-video-preview":"max-video-preview:-1"},"canonical":"https:\/\/www.librairieclavreuil.com\/produit\/fourier-jean-baptiste-joseph-memoire-sur-la-statique-contenant-la-demonstration-du-principe-des-vitesses-virtuelles-et-la-theorie-des-momens\/","og_locale":"en_US","og_type":"article","og_title":"FOURIER Jean Baptiste Joseph M\u00e9moire sur la statique, contenant la d\u00e9monstration du principe des vitesses virtuelles, et la th\u00e9orie des momens. - Libairie Clavreuil","og_description":"4to (247 x 194 mm) 40 pp. Modern blue boards (Ateliers Laurenchet).","og_url":"https:\/\/www.librairieclavreuil.com\/produit\/fourier-jean-baptiste-joseph-memoire-sur-la-statique-contenant-la-demonstration-du-principe-des-vitesses-virtuelles-et-la-theorie-des-momens\/","og_site_name":"Libairie Clavreuil","article_modified_time":"2024-07-05T11:20:01+00:00","og_image":[{"width":600,"height":800,"url":"https:\/\/www.librairieclavreuil.com\/wp-content\/uploads\/2024\/07\/charles-fourier-memoire-sur-la-statique-contenant-la-demonstration-du-principe-des-vitesses-virtuelles-et-la-theorie-des-momens-5757-65832aad62288.jpg","type":"image\/jpeg"}],"twitter_card":"summary_large_image","twitter_misc":{"Est. reading time":"1 minute"},"schema":{"@context":"https:\/\/schema.org","@graph":[{"@type":"WebPage","@id":"https:\/\/www.librairieclavreuil.com\/produit\/fourier-jean-baptiste-joseph-memoire-sur-la-statique-contenant-la-demonstration-du-principe-des-vitesses-virtuelles-et-la-theorie-des-momens\/","url":"https:\/\/www.librairieclavreuil.com\/produit\/fourier-jean-baptiste-joseph-memoire-sur-la-statique-contenant-la-demonstration-du-principe-des-vitesses-virtuelles-et-la-theorie-des-momens\/","name":"FOURIER Jean Baptiste Joseph M\u00e9moire sur la statique, contenant la d\u00e9monstration du principe des vitesses virtuelles, et la th\u00e9orie des momens. - Libairie Clavreuil","isPartOf":{"@id":"https:\/\/www.librairieclavreuil.com\/#website"},"primaryImageOfPage":{"@id":"https:\/\/www.librairieclavreuil.com\/produit\/fourier-jean-baptiste-joseph-memoire-sur-la-statique-contenant-la-demonstration-du-principe-des-vitesses-virtuelles-et-la-theorie-des-momens\/#primaryimage"},"image":{"@id":"https:\/\/www.librairieclavreuil.com\/produit\/fourier-jean-baptiste-joseph-memoire-sur-la-statique-contenant-la-demonstration-du-principe-des-vitesses-virtuelles-et-la-theorie-des-momens\/#primaryimage"},"thumbnailUrl":"https:\/\/www.librairieclavreuil.com\/wp-content\/uploads\/2024\/07\/charles-fourier-memoire-sur-la-statique-contenant-la-demonstration-du-principe-des-vitesses-virtuelles-et-la-theorie-des-momens-5757-65832aad62288.jpg","datePublished":"2024-07-05T11:19:47+00:00","dateModified":"2024-07-05T11:20:01+00:00","breadcrumb":{"@id":"https:\/\/www.librairieclavreuil.com\/produit\/fourier-jean-baptiste-joseph-memoire-sur-la-statique-contenant-la-demonstration-du-principe-des-vitesses-virtuelles-et-la-theorie-des-momens\/#breadcrumb"},"inLanguage":"en-US","potentialAction":[{"@type":"ReadAction","target":["https:\/\/www.librairieclavreuil.com\/produit\/fourier-jean-baptiste-joseph-memoire-sur-la-statique-contenant-la-demonstration-du-principe-des-vitesses-virtuelles-et-la-theorie-des-momens\/"]}]},{"@type":"ImageObject","inLanguage":"en-US","@id":"https:\/\/www.librairieclavreuil.com\/produit\/fourier-jean-baptiste-joseph-memoire-sur-la-statique-contenant-la-demonstration-du-principe-des-vitesses-virtuelles-et-la-theorie-des-momens\/#primaryimage","url":"https:\/\/www.librairieclavreuil.com\/wp-content\/uploads\/2024\/07\/charles-fourier-memoire-sur-la-statique-contenant-la-demonstration-du-principe-des-vitesses-virtuelles-et-la-theorie-des-momens-5757-65832aad62288.jpg","contentUrl":"https:\/\/www.librairieclavreuil.com\/wp-content\/uploads\/2024\/07\/charles-fourier-memoire-sur-la-statique-contenant-la-demonstration-du-principe-des-vitesses-virtuelles-et-la-theorie-des-momens-5757-65832aad62288.jpg","width":600,"height":800},{"@type":"BreadcrumbList","@id":"https:\/\/www.librairieclavreuil.com\/produit\/fourier-jean-baptiste-joseph-memoire-sur-la-statique-contenant-la-demonstration-du-principe-des-vitesses-virtuelles-et-la-theorie-des-momens\/#breadcrumb","itemListElement":[{"@type":"ListItem","position":1,"name":"Accueil","item":"https:\/\/www.librairieclavreuil.com\/"},{"@type":"ListItem","position":2,"name":"All our books","item":"https:\/\/www.librairieclavreuil.com\/en\/all-our-books\/"},{"@type":"ListItem","position":3,"name":"FOURIER Jean Baptiste Joseph M\u00e9moire sur la statique,..."}]},{"@type":"WebSite","@id":"https:\/\/www.librairieclavreuil.com\/#website","url":"https:\/\/www.librairieclavreuil.com\/","name":"Libairie Clavreuil","description":"Livres anciens, manuscrits rares et \u00e9ditions originales \u2013 Librairie Clavreuil","publisher":{"@id":"https:\/\/www.librairieclavreuil.com\/#organization"},"potentialAction":[{"@type":"SearchAction","target":{"@type":"EntryPoint","urlTemplate":"https:\/\/www.librairieclavreuil.com\/?s={search_term_string}"},"query-input":{"@type":"PropertyValueSpecification","valueRequired":true,"valueName":"search_term_string"}}],"inLanguage":"en-US"},{"@type":"Organization","@id":"https:\/\/www.librairieclavreuil.com\/#organization","name":"Libairie Clavreuil","url":"https:\/\/www.librairieclavreuil.com\/","logo":{"@type":"ImageObject","inLanguage":"en-US","@id":"https:\/\/www.librairieclavreuil.com\/#\/schema\/logo\/image\/","url":"https:\/\/www.librairieclavreuil.com\/wp-content\/uploads\/2021\/06\/cropped-LOGO_PNG_DATE-_gold-512x512-1.png","contentUrl":"https:\/\/www.librairieclavreuil.com\/wp-content\/uploads\/2021\/06\/cropped-LOGO_PNG_DATE-_gold-512x512-1.png","width":512,"height":512,"caption":"Libairie Clavreuil"},"image":{"@id":"https:\/\/www.librairieclavreuil.com\/#\/schema\/logo\/image\/"},"sameAs":["https:\/\/www.instagram.com\/librairieclavreuil\/"]}]}},"jetpack_sharing_enabled":true,"_links":{"self":[{"href":"https:\/\/www.librairieclavreuil.com\/en\/wp-json\/wp\/v2\/product\/79234","targetHints":{"allow":["GET"]}}],"collection":[{"href":"https:\/\/www.librairieclavreuil.com\/en\/wp-json\/wp\/v2\/product"}],"about":[{"href":"https:\/\/www.librairieclavreuil.com\/en\/wp-json\/wp\/v2\/types\/product"}],"replies":[{"embeddable":true,"href":"https:\/\/www.librairieclavreuil.com\/en\/wp-json\/wp\/v2\/comments?post=79234"}],"wp:featuredmedia":[{"embeddable":true,"href":"https:\/\/www.librairieclavreuil.com\/en\/wp-json\/wp\/v2\/media\/79229"}],"wp:attachment":[{"href":"https:\/\/www.librairieclavreuil.com\/en\/wp-json\/wp\/v2\/media?parent=79234"}],"wp:term":[{"taxonomy":"product_brand","embeddable":true,"href":"https:\/\/www.librairieclavreuil.com\/en\/wp-json\/wp\/v2\/product_brand?post=79234"},{"taxonomy":"product_cat","embeddable":true,"href":"https:\/\/www.librairieclavreuil.com\/en\/wp-json\/wp\/v2\/product_cat?post=79234"},{"taxonomy":"product_tag","embeddable":true,"href":"https:\/\/www.librairieclavreuil.com\/en\/wp-json\/wp\/v2\/product_tag?post=79234"}],"curies":[{"name":"wp","href":"https:\/\/api.w.org\/{rel}","templated":true}]}}