{"id":78982,"date":"2024-06-29T12:59:28","date_gmt":"2024-06-29T10:59:28","guid":{"rendered":"https:\/\/www.librairieclavreuil.com\/colette-la-treille-muscate-eaux-fortes-par-dunoyer-de-segonzac\/"},"modified":"2024-06-29T12:59:49","modified_gmt":"2024-06-29T10:59:49","slug":"colette-la-treille-muscate-eaux-fortes-par-dunoyer-de-segonzac","status":"publish","type":"product","link":"https:\/\/www.librairieclavreuil.com\/en\/colette-la-treille-muscate-eaux-fortes-par-dunoyer-de-segonzac\/","title":{"rendered":"COLETTE La Treille Muscate. Eaux-fortes par Dunoyer de..."},"content":{"rendered":"<p><i>Garvey, The Artist and the Book, 280 ; Monod, 3047.<\/i><\/p>\n<p>First edition. It is illustrated by Andr\u00e9 Dunoyer de Segonzac with a total of 36 etchings, 18 of which are full-page (13 hors texte) and 18 vignettes.<\/p>\n<p>This deluxe edition with text printed by Aim\u00e9 Jourde, engravings were printed by Vernant and Brunel. The engravings were created in 1930 by Dunoyer de Segonzac in the homonimous&nbsp;<i>Treille Muscate<\/i> where he regularly visited his friend Colette. Limited edition of 165 copies on Hollande van Gelder, this one of 100 copies (numbered 51 to 150, number 129).<\/p>\n<p>An exceptional copy, enriched with a double deciation on one of the first blank leaves, signed by both author and artist.<\/p>\n<p>&#8220;Pour Ernest Simon, vrai ami des livres, avec toute ma sympathie et ma tr\u00e8s vive reconnaissance. A. Dunoyer de Segonzac, juin 1942&#8221;<\/p>\n<p>&#8220;Pour Ernest Simon, une &#8220;Treille&#8221; que la main de Segonzac a plac\u00e9e dans l&#8217;\u00e9ternit\u00e9, en souvenir de Colette&#8221;<\/p>\n<p>Large original and signed drawing<\/p>\n<p>The copy is further embellished with a large original Indian ink drawing signed by Dunoyer de Segonzac, depicting Colette&#8217;s property in Saint-Tropez with the autograph note &#8220;pour la Treille Muscate de Colette. A. Dunoyer de Segonzac&#8221;. In November 1925 Colette bought a house in Saint Tropez, which she later named &#8220;La Treille Muscate&#8221;. She spent a lot of time there until 1939, when she sold the house to the actor Charles Vanel.<\/p>\n<p>&#8220;Segonzac had long wanted to illustrate Colette, his neighbor at St. Tropez. This pictorial portrait of her villa was the first of their collaborations&#8221; (Garvey).<\/p>\n<p>A fine copy.<\/p>\n<p>Provenance: Fran\u00e7ois Ragazzoni (book plate, library sold in Paris, 2003, lot 226).<\/p>\n","protected":false},"excerpt":{"rendered":"<p>4to (329 x 252 mm) 86 pp., 5 nn.ll., 18 full-page etchings. Grenn morocco signed &#8220;G. Crett\u00e9 succr. de Marius Michel&#8221;,&nbsp; covers decorated with a stylised trellis and special tools (small grapes or tendrils), flat spine decorated similarly, endpapers and p\u00e2ste dow in polished white calf decorated with same special tools, gilt edges, original printed wrappers and spine bound in, matching chemise and slipcase (minor wear to the dust jacket and slipcase).<\/p>\n","protected":false},"featured_media":78969,"comment_status":"open","ping_status":"closed","template":"","meta":{"_acf_changed":false},"product_brand":[],"product_cat":[544],"product_tag":[1241,1246,1450,1264,1235],"class_list":{"0":"post-78982","1":"product","2":"type-product","3":"status-publish","4":"has-post-thumbnail","6":"product_cat-literature","7":"product_tag-20th-century-illustrations","8":"product_tag-20th-century-literature","9":"product_tag-first-edition","10":"product_tag-inscription","11":"product_tag-women","12":"pa_auteur-colette-2","13":"pa_type-de-livre-printed-book","15":"first","16":"instock","17":"shipping-taxable","18":"purchasable","19":"product-type-simple"},"acf":{"artist":" COLETTE","chapeau":"Inscribed by both Colette and Dunoyer de Segonzac\r\nAnd with a large original and signed drawing","adresse_bibliographique":"Paris, pour l'artiste, 1932","book_type":"Printed book","provenance":"","afficher_prix":""},"yoast_head":"<!-- This site is optimized with the Yoast SEO plugin v24.7 - https:\/\/yoast.com\/wordpress\/plugins\/seo\/ -->\n<title>COLETTE  La Treille Muscate. Eaux-fortes par Dunoyer de Segonzac. - Libairie Clavreuil<\/title>\n<meta name=\"robots\" content=\"index, follow, max-snippet:-1, max-image-preview:large, max-video-preview:-1\" \/>\n<link rel=\"canonical\" href=\"https:\/\/www.librairieclavreuil.com\/en\/colette-la-treille-muscate-eaux-fortes-par-dunoyer-de-segonzac\/\" \/>\n<meta property=\"og:locale\" content=\"en_US\" \/>\n<meta property=\"og:type\" content=\"article\" \/>\n<meta property=\"og:title\" content=\"COLETTE  La Treille Muscate. Eaux-fortes par Dunoyer de Segonzac. - Libairie Clavreuil\" \/>\n<meta property=\"og:description\" content=\"4to (329 x 252 mm) 86 pp., 5 nn.ll., 18 full-page etchings. Grenn morocco signed &quot;G. Crett\u00e9 succr. de Marius Michel&quot;,&nbsp; covers decorated with a stylised trellis and special tools (small grapes or tendrils), flat spine decorated similarly, endpapers and p\u00e2ste dow in polished white calf decorated with same special tools, gilt edges, original printed wrappers and spine bound in, matching chemise and slipcase (minor wear to the dust jacket and slipcase).\" \/>\n<meta property=\"og:url\" content=\"https:\/\/www.librairieclavreuil.com\/en\/colette-la-treille-muscate-eaux-fortes-par-dunoyer-de-segonzac\/\" \/>\n<meta property=\"og:site_name\" content=\"Libairie Clavreuil\" \/>\n<meta property=\"article:modified_time\" content=\"2024-06-29T10:59:49+00:00\" \/>\n<meta property=\"og:image\" content=\"https:\/\/www.librairieclavreuil.com\/wp-content\/uploads\/2024\/06\/colette-la-treille-muscate-eaux-fortes-par-dunoyer-de-segonzac-8465-6615380bd8a30.jpg\" \/>\n\t<meta property=\"og:image:width\" content=\"1586\" \/>\n\t<meta property=\"og:image:height\" content=\"2115\" \/>\n\t<meta property=\"og:image:type\" content=\"image\/jpeg\" \/>\n<meta name=\"twitter:card\" content=\"summary_large_image\" \/>\n<meta name=\"twitter:label1\" content=\"Est. reading time\" \/>\n\t<meta name=\"twitter:data1\" content=\"1 minute\" \/>\n<script type=\"application\/ld+json\" class=\"yoast-schema-graph\">{\"@context\":\"https:\/\/schema.org\",\"@graph\":[{\"@type\":\"WebPage\",\"@id\":\"https:\/\/www.librairieclavreuil.com\/en\/colette-la-treille-muscate-eaux-fortes-par-dunoyer-de-segonzac\/\",\"url\":\"https:\/\/www.librairieclavreuil.com\/en\/colette-la-treille-muscate-eaux-fortes-par-dunoyer-de-segonzac\/\",\"name\":\"COLETTE La Treille Muscate. Eaux-fortes par Dunoyer de Segonzac. - Libairie Clavreuil\",\"isPartOf\":{\"@id\":\"https:\/\/www.librairieclavreuil.com\/#website\"},\"primaryImageOfPage\":{\"@id\":\"https:\/\/www.librairieclavreuil.com\/en\/colette-la-treille-muscate-eaux-fortes-par-dunoyer-de-segonzac\/#primaryimage\"},\"image\":{\"@id\":\"https:\/\/www.librairieclavreuil.com\/en\/colette-la-treille-muscate-eaux-fortes-par-dunoyer-de-segonzac\/#primaryimage\"},\"thumbnailUrl\":\"https:\/\/www.librairieclavreuil.com\/wp-content\/uploads\/2024\/06\/colette-la-treille-muscate-eaux-fortes-par-dunoyer-de-segonzac-8465-6615380bd8a30.jpg\",\"datePublished\":\"2024-06-29T10:59:28+00:00\",\"dateModified\":\"2024-06-29T10:59:49+00:00\",\"breadcrumb\":{\"@id\":\"https:\/\/www.librairieclavreuil.com\/en\/colette-la-treille-muscate-eaux-fortes-par-dunoyer-de-segonzac\/#breadcrumb\"},\"inLanguage\":\"en-US\",\"potentialAction\":[{\"@type\":\"ReadAction\",\"target\":[\"https:\/\/www.librairieclavreuil.com\/en\/colette-la-treille-muscate-eaux-fortes-par-dunoyer-de-segonzac\/\"]}]},{\"@type\":\"ImageObject\",\"inLanguage\":\"en-US\",\"@id\":\"https:\/\/www.librairieclavreuil.com\/en\/colette-la-treille-muscate-eaux-fortes-par-dunoyer-de-segonzac\/#primaryimage\",\"url\":\"https:\/\/www.librairieclavreuil.com\/wp-content\/uploads\/2024\/06\/colette-la-treille-muscate-eaux-fortes-par-dunoyer-de-segonzac-8465-6615380bd8a30.jpg\",\"contentUrl\":\"https:\/\/www.librairieclavreuil.com\/wp-content\/uploads\/2024\/06\/colette-la-treille-muscate-eaux-fortes-par-dunoyer-de-segonzac-8465-6615380bd8a30.jpg\",\"width\":1586,\"height\":2115},{\"@type\":\"BreadcrumbList\",\"@id\":\"https:\/\/www.librairieclavreuil.com\/en\/colette-la-treille-muscate-eaux-fortes-par-dunoyer-de-segonzac\/#breadcrumb\",\"itemListElement\":[{\"@type\":\"ListItem\",\"position\":1,\"name\":\"Accueil\",\"item\":\"https:\/\/www.librairieclavreuil.com\/\"},{\"@type\":\"ListItem\",\"position\":2,\"name\":\"All our books\",\"item\":\"https:\/\/www.librairieclavreuil.com\/en\/all-our-books\/\"},{\"@type\":\"ListItem\",\"position\":3,\"name\":\"COLETTE La Treille Muscate. Eaux-fortes par Dunoyer de Segonzac.\"}]},{\"@type\":\"WebSite\",\"@id\":\"https:\/\/www.librairieclavreuil.com\/#website\",\"url\":\"https:\/\/www.librairieclavreuil.com\/\",\"name\":\"Libairie Clavreuil\",\"description\":\"Livres anciens, manuscrits rares et \u00e9ditions originales \u2013 Librairie Clavreuil\",\"publisher\":{\"@id\":\"https:\/\/www.librairieclavreuil.com\/#organization\"},\"potentialAction\":[{\"@type\":\"SearchAction\",\"target\":{\"@type\":\"EntryPoint\",\"urlTemplate\":\"https:\/\/www.librairieclavreuil.com\/?s={search_term_string}\"},\"query-input\":{\"@type\":\"PropertyValueSpecification\",\"valueRequired\":true,\"valueName\":\"search_term_string\"}}],\"inLanguage\":\"en-US\"},{\"@type\":\"Organization\",\"@id\":\"https:\/\/www.librairieclavreuil.com\/#organization\",\"name\":\"Libairie Clavreuil\",\"url\":\"https:\/\/www.librairieclavreuil.com\/\",\"logo\":{\"@type\":\"ImageObject\",\"inLanguage\":\"en-US\",\"@id\":\"https:\/\/www.librairieclavreuil.com\/#\/schema\/logo\/image\/\",\"url\":\"https:\/\/www.librairieclavreuil.com\/wp-content\/uploads\/2021\/06\/cropped-LOGO_PNG_DATE-_gold-512x512-1.png\",\"contentUrl\":\"https:\/\/www.librairieclavreuil.com\/wp-content\/uploads\/2021\/06\/cropped-LOGO_PNG_DATE-_gold-512x512-1.png\",\"width\":512,\"height\":512,\"caption\":\"Libairie Clavreuil\"},\"image\":{\"@id\":\"https:\/\/www.librairieclavreuil.com\/#\/schema\/logo\/image\/\"},\"sameAs\":[\"https:\/\/www.instagram.com\/librairieclavreuil\/\"]}]}<\/script>\n<!-- \/ Yoast SEO plugin. -->","yoast_head_json":{"title":"COLETTE  La Treille Muscate. Eaux-fortes par Dunoyer de Segonzac. - Libairie Clavreuil","robots":{"index":"index","follow":"follow","max-snippet":"max-snippet:-1","max-image-preview":"max-image-preview:large","max-video-preview":"max-video-preview:-1"},"canonical":"https:\/\/www.librairieclavreuil.com\/en\/colette-la-treille-muscate-eaux-fortes-par-dunoyer-de-segonzac\/","og_locale":"en_US","og_type":"article","og_title":"COLETTE  La Treille Muscate. Eaux-fortes par Dunoyer de Segonzac. - Libairie Clavreuil","og_description":"4to (329 x 252 mm) 86 pp., 5 nn.ll., 18 full-page etchings. Grenn morocco signed \"G. Crett\u00e9 succr. de Marius Michel\",&nbsp; covers decorated with a stylised trellis and special tools (small grapes or tendrils), flat spine decorated similarly, endpapers and p\u00e2ste dow in polished white calf decorated with same special tools, gilt edges, original printed wrappers and spine bound in, matching chemise and slipcase (minor wear to the dust jacket and slipcase).","og_url":"https:\/\/www.librairieclavreuil.com\/en\/colette-la-treille-muscate-eaux-fortes-par-dunoyer-de-segonzac\/","og_site_name":"Libairie Clavreuil","article_modified_time":"2024-06-29T10:59:49+00:00","og_image":[{"width":1586,"height":2115,"url":"https:\/\/www.librairieclavreuil.com\/wp-content\/uploads\/2024\/06\/colette-la-treille-muscate-eaux-fortes-par-dunoyer-de-segonzac-8465-6615380bd8a30.jpg","type":"image\/jpeg"}],"twitter_card":"summary_large_image","twitter_misc":{"Est. reading time":"1 minute"},"schema":{"@context":"https:\/\/schema.org","@graph":[{"@type":"WebPage","@id":"https:\/\/www.librairieclavreuil.com\/en\/colette-la-treille-muscate-eaux-fortes-par-dunoyer-de-segonzac\/","url":"https:\/\/www.librairieclavreuil.com\/en\/colette-la-treille-muscate-eaux-fortes-par-dunoyer-de-segonzac\/","name":"COLETTE La Treille Muscate. Eaux-fortes par Dunoyer de Segonzac. - Libairie Clavreuil","isPartOf":{"@id":"https:\/\/www.librairieclavreuil.com\/#website"},"primaryImageOfPage":{"@id":"https:\/\/www.librairieclavreuil.com\/en\/colette-la-treille-muscate-eaux-fortes-par-dunoyer-de-segonzac\/#primaryimage"},"image":{"@id":"https:\/\/www.librairieclavreuil.com\/en\/colette-la-treille-muscate-eaux-fortes-par-dunoyer-de-segonzac\/#primaryimage"},"thumbnailUrl":"https:\/\/www.librairieclavreuil.com\/wp-content\/uploads\/2024\/06\/colette-la-treille-muscate-eaux-fortes-par-dunoyer-de-segonzac-8465-6615380bd8a30.jpg","datePublished":"2024-06-29T10:59:28+00:00","dateModified":"2024-06-29T10:59:49+00:00","breadcrumb":{"@id":"https:\/\/www.librairieclavreuil.com\/en\/colette-la-treille-muscate-eaux-fortes-par-dunoyer-de-segonzac\/#breadcrumb"},"inLanguage":"en-US","potentialAction":[{"@type":"ReadAction","target":["https:\/\/www.librairieclavreuil.com\/en\/colette-la-treille-muscate-eaux-fortes-par-dunoyer-de-segonzac\/"]}]},{"@type":"ImageObject","inLanguage":"en-US","@id":"https:\/\/www.librairieclavreuil.com\/en\/colette-la-treille-muscate-eaux-fortes-par-dunoyer-de-segonzac\/#primaryimage","url":"https:\/\/www.librairieclavreuil.com\/wp-content\/uploads\/2024\/06\/colette-la-treille-muscate-eaux-fortes-par-dunoyer-de-segonzac-8465-6615380bd8a30.jpg","contentUrl":"https:\/\/www.librairieclavreuil.com\/wp-content\/uploads\/2024\/06\/colette-la-treille-muscate-eaux-fortes-par-dunoyer-de-segonzac-8465-6615380bd8a30.jpg","width":1586,"height":2115},{"@type":"BreadcrumbList","@id":"https:\/\/www.librairieclavreuil.com\/en\/colette-la-treille-muscate-eaux-fortes-par-dunoyer-de-segonzac\/#breadcrumb","itemListElement":[{"@type":"ListItem","position":1,"name":"Accueil","item":"https:\/\/www.librairieclavreuil.com\/"},{"@type":"ListItem","position":2,"name":"All our books","item":"https:\/\/www.librairieclavreuil.com\/en\/all-our-books\/"},{"@type":"ListItem","position":3,"name":"COLETTE La Treille Muscate. Eaux-fortes par Dunoyer de Segonzac."}]},{"@type":"WebSite","@id":"https:\/\/www.librairieclavreuil.com\/#website","url":"https:\/\/www.librairieclavreuil.com\/","name":"Libairie Clavreuil","description":"Livres anciens, manuscrits rares et \u00e9ditions originales \u2013 Librairie Clavreuil","publisher":{"@id":"https:\/\/www.librairieclavreuil.com\/#organization"},"potentialAction":[{"@type":"SearchAction","target":{"@type":"EntryPoint","urlTemplate":"https:\/\/www.librairieclavreuil.com\/?s={search_term_string}"},"query-input":{"@type":"PropertyValueSpecification","valueRequired":true,"valueName":"search_term_string"}}],"inLanguage":"en-US"},{"@type":"Organization","@id":"https:\/\/www.librairieclavreuil.com\/#organization","name":"Libairie Clavreuil","url":"https:\/\/www.librairieclavreuil.com\/","logo":{"@type":"ImageObject","inLanguage":"en-US","@id":"https:\/\/www.librairieclavreuil.com\/#\/schema\/logo\/image\/","url":"https:\/\/www.librairieclavreuil.com\/wp-content\/uploads\/2021\/06\/cropped-LOGO_PNG_DATE-_gold-512x512-1.png","contentUrl":"https:\/\/www.librairieclavreuil.com\/wp-content\/uploads\/2021\/06\/cropped-LOGO_PNG_DATE-_gold-512x512-1.png","width":512,"height":512,"caption":"Libairie Clavreuil"},"image":{"@id":"https:\/\/www.librairieclavreuil.com\/#\/schema\/logo\/image\/"},"sameAs":["https:\/\/www.instagram.com\/librairieclavreuil\/"]}]}},"jetpack_sharing_enabled":true,"_links":{"self":[{"href":"https:\/\/www.librairieclavreuil.com\/en\/wp-json\/wp\/v2\/product\/78982","targetHints":{"allow":["GET"]}}],"collection":[{"href":"https:\/\/www.librairieclavreuil.com\/en\/wp-json\/wp\/v2\/product"}],"about":[{"href":"https:\/\/www.librairieclavreuil.com\/en\/wp-json\/wp\/v2\/types\/product"}],"replies":[{"embeddable":true,"href":"https:\/\/www.librairieclavreuil.com\/en\/wp-json\/wp\/v2\/comments?post=78982"}],"wp:featuredmedia":[{"embeddable":true,"href":"https:\/\/www.librairieclavreuil.com\/en\/wp-json\/wp\/v2\/media\/78969"}],"wp:attachment":[{"href":"https:\/\/www.librairieclavreuil.com\/en\/wp-json\/wp\/v2\/media?parent=78982"}],"wp:term":[{"taxonomy":"product_brand","embeddable":true,"href":"https:\/\/www.librairieclavreuil.com\/en\/wp-json\/wp\/v2\/product_brand?post=78982"},{"taxonomy":"product_cat","embeddable":true,"href":"https:\/\/www.librairieclavreuil.com\/en\/wp-json\/wp\/v2\/product_cat?post=78982"},{"taxonomy":"product_tag","embeddable":true,"href":"https:\/\/www.librairieclavreuil.com\/en\/wp-json\/wp\/v2\/product_tag?post=78982"}],"curies":[{"name":"wp","href":"https:\/\/api.w.org\/{rel}","templated":true}]}}