{"id":78918,"date":"2024-06-28T19:01:03","date_gmt":"2024-06-28T17:01:03","guid":{"rendered":"https:\/\/www.librairieclavreuil.com\/guidetti-giovanni-directorium-chori-ad-usum-sacrosanctae-basilice-vaticanae-aliarum-cathedralium-collegium-ecclesiarum\/"},"modified":"2024-06-28T19:01:24","modified_gmt":"2024-06-28T17:01:24","slug":"guidetti-giovanni-directorium-chori-ad-usum-sacrosanctae-basilice-vaticanae-aliarum-cathedralium-collegium-ecclesiarum","status":"publish","type":"product","link":"https:\/\/www.librairieclavreuil.com\/en\/guidetti-giovanni-directorium-chori-ad-usum-sacrosanctae-basilice-vaticanae-aliarum-cathedralium-collegium-ecclesiarum\/","title":{"rendered":"GUIDETTI Giovanni Directorium Chori ad usum Sacrosanct\u00e6 Basilice..."},"content":{"rendered":"<p style=\"text-align:justify\"><i>F\u00e9tis, IV, p.144-145 ; Vervliet, &#8220;Robert Granjon \u00e0 Rome&#8221;, in : Bulletin de l&#8217;Institut historique belge de Rome, 1967, p. 209 ; cf. Clavreuil &amp; Perier, Les Fran\u00e7ais \u00e0 Rome, n\u00b0 9.<\/i><\/p>\n<p style=\"text-align:justify\"><span style=\"font-variant:small-caps\">Rare first edition of this important collection of Church music.<\/span><\/p>\n<p style=\"text-align:justify\">The book bearing pope Gregory XIII arms on the title is beautifully printed by Robert Granjon ; this is the only known book by the famous printer published with the Rome address. This &#8220;excellent livre&#8221; (F\u00e9tis) was very successful and reissued until 1757. Giovanni Guidetti, chaplain to Pope Gregory, was born in Bologna in 1532. He studied in Rome under Palestrina, the latter being in charge to review and correct the books of Church Chant after the oldest existing manuscripts in the Vatican. Guidetti offered his help and together they both worked in this project for several years. The work was finished in 1579 but an important edition of the Graduale had already been undertaken in Venice in 1580. While Palestrina gave up his efforts Guidetti gave a new impulse to his work and concentrated his book on choir songs. According to Vervliet, the scores are new compositions and are by Granjon himself.<\/p>\n<p>&#8220;On ne trouve pas d&#8217;ing\u00e9niosit\u00e9 stylistique dans cette musique tr\u00e8s simple, carr\u00e9e, commun\u00e9ment appel\u00e9e &#8216;Romaine&#8217;. Cette simplicit\u00e9 ne trahit pas le ma\u00eetre, \u00e0 l&#8217;exception peut-\u00eatre de la forme parfaite des chiffres interlin\u00e9aires et des points d&#8217;orgue&#8230;&#8221; (cf. Vervliet).<\/p>\n<p>Fine copy.&nbsp;<\/p>\n<p>Some occasional slight staining, title page slightly thumbed, small restauration to foot of title and corner of one leaf of the preface.&nbsp;<\/p>\n<p>From the library of Camillo Zeppa, &#8220;sacerdote&#8221;, with his rubberstamp on the verso of the title.<\/p>\n","protected":false},"excerpt":{"rendered":"<p style=\"text-align:justify\">8vo (157 x 102 mm) 8 nn.ll., 573 pp. ; printed in red and black with musical scores. Seventeenth-century morocco, gilt border on covers, spine gilt with raised bands, gilt edges.<\/p>\n","protected":false},"featured_media":78911,"comment_status":"open","ping_status":"closed","template":"","meta":{"_acf_changed":false},"product_brand":[],"product_cat":[544],"product_tag":[568,1253],"class_list":{"0":"post-78918","1":"product","2":"type-product","3":"status-publish","4":"has-post-thumbnail","6":"product_cat-literature","7":"product_tag-music","8":"product_tag-typography","9":"pa_auteur-guidetti-giovanni-2","10":"pa_type-de-livre-printed-book","12":"first","13":"instock","14":"shipping-taxable","15":"purchasable","16":"product-type-simple"},"acf":{"artist":" Giovanni GUIDETTI","chapeau":"Rare item on sacral music","adresse_bibliographique":"Rome, Robert Granjon [apud Robertum Granjon Parisie\u00f1], 1582","book_type":"Printed book","provenance":"","afficher_prix":""},"yoast_head":"<!-- This site is optimized with the Yoast SEO plugin v24.7 - https:\/\/yoast.com\/wordpress\/plugins\/seo\/ -->\n<title>GUIDETTI Giovanni Directorium Chori ad usum Sacrosanct\u00e6 Basilice Vatican\u00e6, &amp; aliarum Cathedralium, &amp; Collegium Ecclesiarum. - Libairie Clavreuil<\/title>\n<meta name=\"robots\" content=\"index, follow, max-snippet:-1, max-image-preview:large, max-video-preview:-1\" \/>\n<link rel=\"canonical\" href=\"https:\/\/www.librairieclavreuil.com\/produit\/guidetti-giovanni-directorium-chori-ad-usum-sacrosanctae-basilice-vaticanae-aliarum-cathedralium-collegium-ecclesiarum\/\" \/>\n<meta property=\"og:locale\" content=\"en_US\" \/>\n<meta property=\"og:type\" content=\"article\" \/>\n<meta property=\"og:title\" content=\"GUIDETTI Giovanni Directorium Chori ad usum Sacrosanct\u00e6 Basilice Vatican\u00e6, &amp; aliarum Cathedralium, &amp; Collegium Ecclesiarum. - Libairie Clavreuil\" \/>\n<meta property=\"og:description\" content=\"8vo (157 x 102 mm) 8 nn.ll., 573 pp. ; printed in red and black with musical scores. Seventeenth-century morocco, gilt border on covers, spine gilt with raised bands, gilt edges.\" \/>\n<meta property=\"og:url\" content=\"https:\/\/www.librairieclavreuil.com\/produit\/guidetti-giovanni-directorium-chori-ad-usum-sacrosanctae-basilice-vaticanae-aliarum-cathedralium-collegium-ecclesiarum\/\" \/>\n<meta property=\"og:site_name\" content=\"Libairie Clavreuil\" \/>\n<meta property=\"article:modified_time\" content=\"2024-06-28T17:01:24+00:00\" \/>\n<meta property=\"og:image\" content=\"https:\/\/www.librairieclavreuil.com\/wp-content\/uploads\/2024\/06\/giovanni-guidetti-directorium-chori-ad-usum-sacrosanctae-basilice-vaticanae-aliarum-cathedralium-collegium-ecclesiarum-4425-65957d5cb1f3a-scaled.jpg\" \/>\n\t<meta property=\"og:image:width\" content=\"1920\" \/>\n\t<meta property=\"og:image:height\" content=\"2560\" \/>\n\t<meta property=\"og:image:type\" content=\"image\/jpeg\" \/>\n<meta name=\"twitter:card\" content=\"summary_large_image\" \/>\n<meta name=\"twitter:label1\" content=\"Est. reading time\" \/>\n\t<meta name=\"twitter:data1\" content=\"1 minute\" \/>\n<script type=\"application\/ld+json\" class=\"yoast-schema-graph\">{\"@context\":\"https:\/\/schema.org\",\"@graph\":[{\"@type\":\"WebPage\",\"@id\":\"https:\/\/www.librairieclavreuil.com\/produit\/guidetti-giovanni-directorium-chori-ad-usum-sacrosanctae-basilice-vaticanae-aliarum-cathedralium-collegium-ecclesiarum\/\",\"url\":\"https:\/\/www.librairieclavreuil.com\/produit\/guidetti-giovanni-directorium-chori-ad-usum-sacrosanctae-basilice-vaticanae-aliarum-cathedralium-collegium-ecclesiarum\/\",\"name\":\"GUIDETTI Giovanni Directorium Chori ad usum Sacrosanct\u00e6 Basilice Vatican\u00e6, &amp; aliarum Cathedralium, &amp; Collegium Ecclesiarum. - Libairie Clavreuil\",\"isPartOf\":{\"@id\":\"https:\/\/www.librairieclavreuil.com\/#website\"},\"primaryImageOfPage\":{\"@id\":\"https:\/\/www.librairieclavreuil.com\/produit\/guidetti-giovanni-directorium-chori-ad-usum-sacrosanctae-basilice-vaticanae-aliarum-cathedralium-collegium-ecclesiarum\/#primaryimage\"},\"image\":{\"@id\":\"https:\/\/www.librairieclavreuil.com\/produit\/guidetti-giovanni-directorium-chori-ad-usum-sacrosanctae-basilice-vaticanae-aliarum-cathedralium-collegium-ecclesiarum\/#primaryimage\"},\"thumbnailUrl\":\"https:\/\/www.librairieclavreuil.com\/wp-content\/uploads\/2024\/06\/giovanni-guidetti-directorium-chori-ad-usum-sacrosanctae-basilice-vaticanae-aliarum-cathedralium-collegium-ecclesiarum-4425-65957d5cb1f3a-scaled.jpg\",\"datePublished\":\"2024-06-28T17:01:03+00:00\",\"dateModified\":\"2024-06-28T17:01:24+00:00\",\"breadcrumb\":{\"@id\":\"https:\/\/www.librairieclavreuil.com\/produit\/guidetti-giovanni-directorium-chori-ad-usum-sacrosanctae-basilice-vaticanae-aliarum-cathedralium-collegium-ecclesiarum\/#breadcrumb\"},\"inLanguage\":\"en-US\",\"potentialAction\":[{\"@type\":\"ReadAction\",\"target\":[\"https:\/\/www.librairieclavreuil.com\/produit\/guidetti-giovanni-directorium-chori-ad-usum-sacrosanctae-basilice-vaticanae-aliarum-cathedralium-collegium-ecclesiarum\/\"]}]},{\"@type\":\"ImageObject\",\"inLanguage\":\"en-US\",\"@id\":\"https:\/\/www.librairieclavreuil.com\/produit\/guidetti-giovanni-directorium-chori-ad-usum-sacrosanctae-basilice-vaticanae-aliarum-cathedralium-collegium-ecclesiarum\/#primaryimage\",\"url\":\"https:\/\/www.librairieclavreuil.com\/wp-content\/uploads\/2024\/06\/giovanni-guidetti-directorium-chori-ad-usum-sacrosanctae-basilice-vaticanae-aliarum-cathedralium-collegium-ecclesiarum-4425-65957d5cb1f3a-scaled.jpg\",\"contentUrl\":\"https:\/\/www.librairieclavreuil.com\/wp-content\/uploads\/2024\/06\/giovanni-guidetti-directorium-chori-ad-usum-sacrosanctae-basilice-vaticanae-aliarum-cathedralium-collegium-ecclesiarum-4425-65957d5cb1f3a-scaled.jpg\",\"width\":1920,\"height\":2560},{\"@type\":\"BreadcrumbList\",\"@id\":\"https:\/\/www.librairieclavreuil.com\/produit\/guidetti-giovanni-directorium-chori-ad-usum-sacrosanctae-basilice-vaticanae-aliarum-cathedralium-collegium-ecclesiarum\/#breadcrumb\",\"itemListElement\":[{\"@type\":\"ListItem\",\"position\":1,\"name\":\"Accueil\",\"item\":\"https:\/\/www.librairieclavreuil.com\/\"},{\"@type\":\"ListItem\",\"position\":2,\"name\":\"All our books\",\"item\":\"https:\/\/www.librairieclavreuil.com\/en\/all-our-books\/\"},{\"@type\":\"ListItem\",\"position\":3,\"name\":\"GUIDETTI Giovanni Directorium Chori ad usum Sacrosanct\u00e6 Basilice...\"}]},{\"@type\":\"WebSite\",\"@id\":\"https:\/\/www.librairieclavreuil.com\/#website\",\"url\":\"https:\/\/www.librairieclavreuil.com\/\",\"name\":\"Libairie Clavreuil\",\"description\":\"Livres anciens, manuscrits rares et \u00e9ditions originales \u2013 Librairie Clavreuil\",\"publisher\":{\"@id\":\"https:\/\/www.librairieclavreuil.com\/#organization\"},\"potentialAction\":[{\"@type\":\"SearchAction\",\"target\":{\"@type\":\"EntryPoint\",\"urlTemplate\":\"https:\/\/www.librairieclavreuil.com\/?s={search_term_string}\"},\"query-input\":{\"@type\":\"PropertyValueSpecification\",\"valueRequired\":true,\"valueName\":\"search_term_string\"}}],\"inLanguage\":\"en-US\"},{\"@type\":\"Organization\",\"@id\":\"https:\/\/www.librairieclavreuil.com\/#organization\",\"name\":\"Libairie Clavreuil\",\"url\":\"https:\/\/www.librairieclavreuil.com\/\",\"logo\":{\"@type\":\"ImageObject\",\"inLanguage\":\"en-US\",\"@id\":\"https:\/\/www.librairieclavreuil.com\/#\/schema\/logo\/image\/\",\"url\":\"https:\/\/www.librairieclavreuil.com\/wp-content\/uploads\/2021\/06\/cropped-LOGO_PNG_DATE-_gold-512x512-1.png\",\"contentUrl\":\"https:\/\/www.librairieclavreuil.com\/wp-content\/uploads\/2021\/06\/cropped-LOGO_PNG_DATE-_gold-512x512-1.png\",\"width\":512,\"height\":512,\"caption\":\"Libairie Clavreuil\"},\"image\":{\"@id\":\"https:\/\/www.librairieclavreuil.com\/#\/schema\/logo\/image\/\"},\"sameAs\":[\"https:\/\/www.instagram.com\/librairieclavreuil\/\"]}]}<\/script>\n<!-- \/ Yoast SEO plugin. -->","yoast_head_json":{"title":"GUIDETTI Giovanni Directorium Chori ad usum Sacrosanct\u00e6 Basilice Vatican\u00e6, &amp; aliarum Cathedralium, &amp; Collegium Ecclesiarum. - Libairie Clavreuil","robots":{"index":"index","follow":"follow","max-snippet":"max-snippet:-1","max-image-preview":"max-image-preview:large","max-video-preview":"max-video-preview:-1"},"canonical":"https:\/\/www.librairieclavreuil.com\/produit\/guidetti-giovanni-directorium-chori-ad-usum-sacrosanctae-basilice-vaticanae-aliarum-cathedralium-collegium-ecclesiarum\/","og_locale":"en_US","og_type":"article","og_title":"GUIDETTI Giovanni Directorium Chori ad usum Sacrosanct\u00e6 Basilice Vatican\u00e6, &amp; aliarum Cathedralium, &amp; Collegium Ecclesiarum. - Libairie Clavreuil","og_description":"8vo (157 x 102 mm) 8 nn.ll., 573 pp. ; printed in red and black with musical scores. Seventeenth-century morocco, gilt border on covers, spine gilt with raised bands, gilt edges.","og_url":"https:\/\/www.librairieclavreuil.com\/produit\/guidetti-giovanni-directorium-chori-ad-usum-sacrosanctae-basilice-vaticanae-aliarum-cathedralium-collegium-ecclesiarum\/","og_site_name":"Libairie Clavreuil","article_modified_time":"2024-06-28T17:01:24+00:00","og_image":[{"width":1920,"height":2560,"url":"https:\/\/www.librairieclavreuil.com\/wp-content\/uploads\/2024\/06\/giovanni-guidetti-directorium-chori-ad-usum-sacrosanctae-basilice-vaticanae-aliarum-cathedralium-collegium-ecclesiarum-4425-65957d5cb1f3a-scaled.jpg","type":"image\/jpeg"}],"twitter_card":"summary_large_image","twitter_misc":{"Est. reading time":"1 minute"},"schema":{"@context":"https:\/\/schema.org","@graph":[{"@type":"WebPage","@id":"https:\/\/www.librairieclavreuil.com\/produit\/guidetti-giovanni-directorium-chori-ad-usum-sacrosanctae-basilice-vaticanae-aliarum-cathedralium-collegium-ecclesiarum\/","url":"https:\/\/www.librairieclavreuil.com\/produit\/guidetti-giovanni-directorium-chori-ad-usum-sacrosanctae-basilice-vaticanae-aliarum-cathedralium-collegium-ecclesiarum\/","name":"GUIDETTI Giovanni Directorium Chori ad usum Sacrosanct\u00e6 Basilice Vatican\u00e6, &amp; aliarum Cathedralium, &amp; Collegium Ecclesiarum. - Libairie Clavreuil","isPartOf":{"@id":"https:\/\/www.librairieclavreuil.com\/#website"},"primaryImageOfPage":{"@id":"https:\/\/www.librairieclavreuil.com\/produit\/guidetti-giovanni-directorium-chori-ad-usum-sacrosanctae-basilice-vaticanae-aliarum-cathedralium-collegium-ecclesiarum\/#primaryimage"},"image":{"@id":"https:\/\/www.librairieclavreuil.com\/produit\/guidetti-giovanni-directorium-chori-ad-usum-sacrosanctae-basilice-vaticanae-aliarum-cathedralium-collegium-ecclesiarum\/#primaryimage"},"thumbnailUrl":"https:\/\/www.librairieclavreuil.com\/wp-content\/uploads\/2024\/06\/giovanni-guidetti-directorium-chori-ad-usum-sacrosanctae-basilice-vaticanae-aliarum-cathedralium-collegium-ecclesiarum-4425-65957d5cb1f3a-scaled.jpg","datePublished":"2024-06-28T17:01:03+00:00","dateModified":"2024-06-28T17:01:24+00:00","breadcrumb":{"@id":"https:\/\/www.librairieclavreuil.com\/produit\/guidetti-giovanni-directorium-chori-ad-usum-sacrosanctae-basilice-vaticanae-aliarum-cathedralium-collegium-ecclesiarum\/#breadcrumb"},"inLanguage":"en-US","potentialAction":[{"@type":"ReadAction","target":["https:\/\/www.librairieclavreuil.com\/produit\/guidetti-giovanni-directorium-chori-ad-usum-sacrosanctae-basilice-vaticanae-aliarum-cathedralium-collegium-ecclesiarum\/"]}]},{"@type":"ImageObject","inLanguage":"en-US","@id":"https:\/\/www.librairieclavreuil.com\/produit\/guidetti-giovanni-directorium-chori-ad-usum-sacrosanctae-basilice-vaticanae-aliarum-cathedralium-collegium-ecclesiarum\/#primaryimage","url":"https:\/\/www.librairieclavreuil.com\/wp-content\/uploads\/2024\/06\/giovanni-guidetti-directorium-chori-ad-usum-sacrosanctae-basilice-vaticanae-aliarum-cathedralium-collegium-ecclesiarum-4425-65957d5cb1f3a-scaled.jpg","contentUrl":"https:\/\/www.librairieclavreuil.com\/wp-content\/uploads\/2024\/06\/giovanni-guidetti-directorium-chori-ad-usum-sacrosanctae-basilice-vaticanae-aliarum-cathedralium-collegium-ecclesiarum-4425-65957d5cb1f3a-scaled.jpg","width":1920,"height":2560},{"@type":"BreadcrumbList","@id":"https:\/\/www.librairieclavreuil.com\/produit\/guidetti-giovanni-directorium-chori-ad-usum-sacrosanctae-basilice-vaticanae-aliarum-cathedralium-collegium-ecclesiarum\/#breadcrumb","itemListElement":[{"@type":"ListItem","position":1,"name":"Accueil","item":"https:\/\/www.librairieclavreuil.com\/"},{"@type":"ListItem","position":2,"name":"All our books","item":"https:\/\/www.librairieclavreuil.com\/en\/all-our-books\/"},{"@type":"ListItem","position":3,"name":"GUIDETTI Giovanni Directorium Chori ad usum Sacrosanct\u00e6 Basilice..."}]},{"@type":"WebSite","@id":"https:\/\/www.librairieclavreuil.com\/#website","url":"https:\/\/www.librairieclavreuil.com\/","name":"Libairie Clavreuil","description":"Livres anciens, manuscrits rares et \u00e9ditions originales \u2013 Librairie Clavreuil","publisher":{"@id":"https:\/\/www.librairieclavreuil.com\/#organization"},"potentialAction":[{"@type":"SearchAction","target":{"@type":"EntryPoint","urlTemplate":"https:\/\/www.librairieclavreuil.com\/?s={search_term_string}"},"query-input":{"@type":"PropertyValueSpecification","valueRequired":true,"valueName":"search_term_string"}}],"inLanguage":"en-US"},{"@type":"Organization","@id":"https:\/\/www.librairieclavreuil.com\/#organization","name":"Libairie Clavreuil","url":"https:\/\/www.librairieclavreuil.com\/","logo":{"@type":"ImageObject","inLanguage":"en-US","@id":"https:\/\/www.librairieclavreuil.com\/#\/schema\/logo\/image\/","url":"https:\/\/www.librairieclavreuil.com\/wp-content\/uploads\/2021\/06\/cropped-LOGO_PNG_DATE-_gold-512x512-1.png","contentUrl":"https:\/\/www.librairieclavreuil.com\/wp-content\/uploads\/2021\/06\/cropped-LOGO_PNG_DATE-_gold-512x512-1.png","width":512,"height":512,"caption":"Libairie Clavreuil"},"image":{"@id":"https:\/\/www.librairieclavreuil.com\/#\/schema\/logo\/image\/"},"sameAs":["https:\/\/www.instagram.com\/librairieclavreuil\/"]}]}},"jetpack_sharing_enabled":true,"_links":{"self":[{"href":"https:\/\/www.librairieclavreuil.com\/en\/wp-json\/wp\/v2\/product\/78918","targetHints":{"allow":["GET"]}}],"collection":[{"href":"https:\/\/www.librairieclavreuil.com\/en\/wp-json\/wp\/v2\/product"}],"about":[{"href":"https:\/\/www.librairieclavreuil.com\/en\/wp-json\/wp\/v2\/types\/product"}],"replies":[{"embeddable":true,"href":"https:\/\/www.librairieclavreuil.com\/en\/wp-json\/wp\/v2\/comments?post=78918"}],"wp:featuredmedia":[{"embeddable":true,"href":"https:\/\/www.librairieclavreuil.com\/en\/wp-json\/wp\/v2\/media\/78911"}],"wp:attachment":[{"href":"https:\/\/www.librairieclavreuil.com\/en\/wp-json\/wp\/v2\/media?parent=78918"}],"wp:term":[{"taxonomy":"product_brand","embeddable":true,"href":"https:\/\/www.librairieclavreuil.com\/en\/wp-json\/wp\/v2\/product_brand?post=78918"},{"taxonomy":"product_cat","embeddable":true,"href":"https:\/\/www.librairieclavreuil.com\/en\/wp-json\/wp\/v2\/product_cat?post=78918"},{"taxonomy":"product_tag","embeddable":true,"href":"https:\/\/www.librairieclavreuil.com\/en\/wp-json\/wp\/v2\/product_tag?post=78918"}],"curies":[{"name":"wp","href":"https:\/\/api.w.org\/{rel}","templated":true}]}}