{"id":78280,"date":"2024-06-11T18:07:07","date_gmt":"2024-06-11T16:07:07","guid":{"rendered":"https:\/\/www.librairieclavreuil.com\/mirabeau-victor-riqueti-lami-des-hommes-ou-traite-de-la-population-premiere-sixieme-partie\/"},"modified":"2024-07-15T13:06:40","modified_gmt":"2024-07-15T11:06:40","slug":"mirabeau-victor-riqueti-lami-des-hommes-ou-traite-de-la-population-premiere-sixieme-partie","status":"publish","type":"product","link":"https:\/\/www.librairieclavreuil.com\/en\/mirabeau-victor-riqueti-lami-des-hommes-ou-traite-de-la-population-premiere-sixieme-partie\/","title":{"rendered":"MIRABEAU Victor Riqueti L&#8217;Ami des hommes ou Trait\u00e9..."},"content":{"rendered":"<p style=\"text-align:justify\"><i>Einaudi, 3941; Goldsmith, 9092; INED, 3194; Kress, 5543; Tchemerzine, III, 749-750 (erroneously mentioning a frontispiece, absent in the scanned copy of the Biblioth\u00e8que de l&#8217;Arsenal, Paris).<\/i><\/p>\n<p style=\"text-align:justify\"><span style=\"font-variant:small-caps\">First edition of the six parts of one of the fouding texts of the Physiocratic doctrine, containing the first public appearance of Quesnay\u2019s <\/span><i><span style=\"font-variant:small-caps\">Tableau Economique<\/span><\/i><span style=\"font-variant:small-caps\">.<\/span><\/p>\n<p style=\"text-align:justify\">Mirabeau was the first economist to follow Quesnay in founding the physiocratic circle and had read and admired Cantillon&#8217;s theories. In 1756, he began publishing <i>L&#8217;Ami des hommes ou Trait\u00e9 sur la population<\/i> (The Friend of Men or Treatise on Population), a work that contributed to the fame of its author, who came from a line of Italian merchants established in Marseille and ennobled in the 16th century.<\/p>\n<p style=\"text-align:justify\">Mirabeau had already published the first three parts of <i>L&#8217;Ami des Hommes<\/i> when he met Fran\u00e7ois Quesnay. Noticed by Quesnay, who was a friend of Madame de Pompadour, Mirabeau joined the group of Physiocrats led by him. Their motto was: \u2018Laissez faire, laisser passer\u201d. There he met Dupont de Nemours, as well as Turgot, d&#8217;Alembert, Diderot, Helv\u00e9tius and Buffon. From the fourth part, published in 1758, Quesnay&#8217;s influence is clearly visible. The last two parts appeared in 1760, the last containing Quesnay&#8217;s <i>Tableau \u00e9conomique<\/i>, which thus became accessible to the public for the first time. The first edition, which had been printed in very small numbers on Madame de Pompadour&#8217;s private press in December 1758 at the Ch\u00e2teau de Versailles, had been carefully suppressed, and almost no copies remain. As for the second printing, which took place at the end of 1759, only three copies are known to exist. So it was thanks to <i>L&#8217;Ami des Hommes<\/i> that the <i>Tableau \u00e9conomique<\/i> was finally published.<\/p>\n<p style=\"text-align:justify\">Parts 4 to 5 each have a subtitle, in particular : <i>Pr\u00e9cis de l&#8217;organisation ou m\u00e9moire sur les \u00e9tats provinciaux<\/i> (part 4); <i>M\u00e9moire sur l&#8217;agriculture envoy\u00e9 \u00e0 la tr\u00e8s louable soci\u00e9t\u00e9 d&#8217;agriculture de Berne, avec l&#8217;extrait des six premiers livres du corps complet d&#8217;oeconomie rustique de feu M. Thomas Hall<\/i> (part 5). Part 6 has no individual title but is entitled: <i>R\u00e9ponse \u00e0 l&#8217;essai sur les Ponts et Chauss\u00e9es, la voierie et les corv\u00e9es<\/i>, of which the famous Tableau \u00e9conomique is a very large part.<\/p>\n<p style=\"text-align:justify\">&#8220;This remarkable treatise created the greatest sensation throughout the whole of Europe. It is said to have gone through forty editions and was translated into several languages&#8221; (Palgrave).<\/p>\n<p style=\"text-align:justify\">[Bound at the end of volume III:] [<strong>MIRABEAU, Victor Riquetti, marquis de<\/strong>]. Th\u00e9orie de l&#8217;imp\u00f4t. <i>Paris, no name, 1760.<\/i> 4to (253 x 194 mm) VIII, 336 pp.<\/p>\n<p style=\"text-align:justify\"><i>Einaudi, 3946; Kress, 5883; Goldsmiths, 9602; INED, 3209.<\/i><\/p>\n<p style=\"text-align:justify\"><span style=\"font-variant:small-caps\">First edition. Rare. This treatise, which sets out a plan for tax reform in France, is one of the most important economic and financial works of the Ancien R\u00e9gime.<\/span><\/p>\n<p style=\"text-align:justify\">Written in collaboration with Quesnay, <i>Th\u00e9orie de l&#8217;imp\u00f4t<\/i> helped to establish the ideas of the physiocratic movement, to which it is a highly valuable contribution.<\/p>\n<p style=\"text-align:justify\">&#8220;Ce fut la premi\u00e8re \u0153uvre vraiment personnelle de Mirabeau depuis sa conversion [\u00e0 la physiocratie]. Le succ\u00e8s en fut tr\u00e8s vif. Mirabeau d\u00e9veloppe les principes de la nouvelle \u00e9cole avec un franc-parler qui lui attira de nombreux suffrages et le fit emprisonner. Il s&#8217;\u00e9l\u00e8ve notamment contre les fermiers-g\u00e9n\u00e9raux, fait une critique s\u00e9v\u00e8re du r\u00e9gime fiscal alors en vigueur, et \u00e9nonce trois conditions n\u00e9cessaires \u00e0 une juste imposition&#8221; (INED).<\/p>\n<p style=\"text-align:justify\">Fine copies of these rare editions.<\/p>\n","protected":false},"excerpt":{"rendered":"<p style=\"text-align:justify\">6 parts in 3 volumes, 4to (253 x 195 mm). Volume I: VI, 156 pp., 1 nn.l. for part I; 218 pp., 1 nn.ll. for part II; 216 pp (misnumbered 158), 2 nn.ll. (privilege and errata for the three parts) for part III. Volume II: 4 nn.l., 278, 81 pp. for part IV. Volume III: VIII, 167 pp. for part V; 1 nn.l., 279 pp., 2 nn.ll. for part VI. Contemporary polished calf, triple gilt filet on covers, corner pieces with armorial tools of the Rohan-Chabot family, red edges (some expert restorations, some scuffing).<\/p>\n","protected":false},"featured_media":78277,"comment_status":"open","ping_status":"closed","template":"","meta":{"_acf_changed":false},"product_brand":[],"product_cat":[536],"product_tag":[1267,1209,1450,1208],"class_list":{"0":"post-78280","1":"product","2":"type-product","3":"status-publish","4":"has-post-thumbnail","6":"product_cat-right-economy","7":"product_tag-binding","8":"product_tag-economics","9":"product_tag-first-edition","10":"product_tag-political-economy","11":"pa_auteur-mirabeau-victor-riqueti-2","12":"pa_type-de-livre-printed-book","14":"first","15":"instock","16":"shipping-taxable","17":"purchasable","18":"product-type-simple"},"acf":{"artist":" Victor Riqueti MIRABEAU","chapeau":"The Rohan-Chabot copy","adresse_bibliographique":"Avigon","book_type":"Printed book","provenance":"","afficher_prix":""},"yoast_head":"<!-- This site is optimized with the Yoast SEO plugin v24.7 - https:\/\/yoast.com\/wordpress\/plugins\/seo\/ -->\n<title>MIRABEAU Victor Riqueti L&#039;Ami des hommes ou Trait\u00e9 de la population. Premi\u00e8re [-sixi\u00e8me] partie. - Libairie Clavreuil<\/title>\n<meta name=\"robots\" content=\"index, follow, max-snippet:-1, max-image-preview:large, max-video-preview:-1\" \/>\n<link rel=\"canonical\" href=\"https:\/\/www.librairieclavreuil.com\/en\/mirabeau-victor-riqueti-lami-des-hommes-ou-traite-de-la-population-premiere-sixieme-partie\/\" \/>\n<meta property=\"og:locale\" content=\"en_US\" \/>\n<meta property=\"og:type\" content=\"article\" \/>\n<meta property=\"og:title\" content=\"MIRABEAU Victor Riqueti L&#039;Ami des hommes ou Trait\u00e9 de la population. Premi\u00e8re [-sixi\u00e8me] partie. - Libairie Clavreuil\" \/>\n<meta property=\"og:description\" content=\"6 parts in 3 volumes, 4to (253 x 195 mm). Volume I: VI, 156 pp., 1 nn.l. for part I; 218 pp., 1 nn.ll. for part II; 216 pp (misnumbered 158), 2 nn.ll. (privilege and errata for the three parts) for part III. Volume II: 4 nn.l., 278, 81 pp. for part IV. Volume III: VIII, 167 pp. for part V; 1 nn.l., 279 pp., 2 nn.ll. for part VI. Contemporary polished calf, triple gilt filet on covers, corner pieces with armorial tools of the Rohan-Chabot family, red edges (some expert restorations, some scuffing).\" \/>\n<meta property=\"og:url\" content=\"https:\/\/www.librairieclavreuil.com\/en\/mirabeau-victor-riqueti-lami-des-hommes-ou-traite-de-la-population-premiere-sixieme-partie\/\" \/>\n<meta property=\"og:site_name\" content=\"Libairie Clavreuil\" \/>\n<meta property=\"article:modified_time\" content=\"2024-07-15T11:06:40+00:00\" \/>\n<meta property=\"og:image\" content=\"https:\/\/www.librairieclavreuil.com\/wp-content\/uploads\/2024\/06\/victor-riqueti-mirabeau-l-ami-des-hommes-ou-traite-de-la-population-premiere-sixieme-partie-7556-6657654539282-scaled.jpg\" \/>\n\t<meta property=\"og:image:width\" content=\"1945\" \/>\n\t<meta property=\"og:image:height\" content=\"2560\" \/>\n\t<meta property=\"og:image:type\" content=\"image\/jpeg\" \/>\n<meta name=\"twitter:card\" content=\"summary_large_image\" \/>\n<meta name=\"twitter:label1\" content=\"Est. reading time\" \/>\n\t<meta name=\"twitter:data1\" content=\"3 minutes\" \/>\n<script type=\"application\/ld+json\" class=\"yoast-schema-graph\">{\"@context\":\"https:\/\/schema.org\",\"@graph\":[{\"@type\":\"WebPage\",\"@id\":\"https:\/\/www.librairieclavreuil.com\/en\/mirabeau-victor-riqueti-lami-des-hommes-ou-traite-de-la-population-premiere-sixieme-partie\/\",\"url\":\"https:\/\/www.librairieclavreuil.com\/en\/mirabeau-victor-riqueti-lami-des-hommes-ou-traite-de-la-population-premiere-sixieme-partie\/\",\"name\":\"MIRABEAU Victor Riqueti L'Ami des hommes ou Trait\u00e9 de la population. Premi\u00e8re [-sixi\u00e8me] partie. - Libairie Clavreuil\",\"isPartOf\":{\"@id\":\"https:\/\/www.librairieclavreuil.com\/#website\"},\"primaryImageOfPage\":{\"@id\":\"https:\/\/www.librairieclavreuil.com\/en\/mirabeau-victor-riqueti-lami-des-hommes-ou-traite-de-la-population-premiere-sixieme-partie\/#primaryimage\"},\"image\":{\"@id\":\"https:\/\/www.librairieclavreuil.com\/en\/mirabeau-victor-riqueti-lami-des-hommes-ou-traite-de-la-population-premiere-sixieme-partie\/#primaryimage\"},\"thumbnailUrl\":\"https:\/\/www.librairieclavreuil.com\/wp-content\/uploads\/2024\/06\/victor-riqueti-mirabeau-l-ami-des-hommes-ou-traite-de-la-population-premiere-sixieme-partie-7556-6657654539282-scaled.jpg\",\"datePublished\":\"2024-06-11T16:07:07+00:00\",\"dateModified\":\"2024-07-15T11:06:40+00:00\",\"breadcrumb\":{\"@id\":\"https:\/\/www.librairieclavreuil.com\/en\/mirabeau-victor-riqueti-lami-des-hommes-ou-traite-de-la-population-premiere-sixieme-partie\/#breadcrumb\"},\"inLanguage\":\"en-US\",\"potentialAction\":[{\"@type\":\"ReadAction\",\"target\":[\"https:\/\/www.librairieclavreuil.com\/en\/mirabeau-victor-riqueti-lami-des-hommes-ou-traite-de-la-population-premiere-sixieme-partie\/\"]}]},{\"@type\":\"ImageObject\",\"inLanguage\":\"en-US\",\"@id\":\"https:\/\/www.librairieclavreuil.com\/en\/mirabeau-victor-riqueti-lami-des-hommes-ou-traite-de-la-population-premiere-sixieme-partie\/#primaryimage\",\"url\":\"https:\/\/www.librairieclavreuil.com\/wp-content\/uploads\/2024\/06\/victor-riqueti-mirabeau-l-ami-des-hommes-ou-traite-de-la-population-premiere-sixieme-partie-7556-6657654539282-scaled.jpg\",\"contentUrl\":\"https:\/\/www.librairieclavreuil.com\/wp-content\/uploads\/2024\/06\/victor-riqueti-mirabeau-l-ami-des-hommes-ou-traite-de-la-population-premiere-sixieme-partie-7556-6657654539282-scaled.jpg\",\"width\":1945,\"height\":2560},{\"@type\":\"BreadcrumbList\",\"@id\":\"https:\/\/www.librairieclavreuil.com\/en\/mirabeau-victor-riqueti-lami-des-hommes-ou-traite-de-la-population-premiere-sixieme-partie\/#breadcrumb\",\"itemListElement\":[{\"@type\":\"ListItem\",\"position\":1,\"name\":\"Accueil\",\"item\":\"https:\/\/www.librairieclavreuil.com\/\"},{\"@type\":\"ListItem\",\"position\":2,\"name\":\"All our books\",\"item\":\"https:\/\/www.librairieclavreuil.com\/en\/all-our-books\/\"},{\"@type\":\"ListItem\",\"position\":3,\"name\":\"MIRABEAU Victor Riqueti L&#8217;Ami des hommes ou Trait\u00e9 de la population. Premi\u00e8re [-sixi\u00e8me] partie.\"}]},{\"@type\":\"WebSite\",\"@id\":\"https:\/\/www.librairieclavreuil.com\/#website\",\"url\":\"https:\/\/www.librairieclavreuil.com\/\",\"name\":\"Libairie Clavreuil\",\"description\":\"Livres anciens, manuscrits rares et \u00e9ditions originales \u2013 Librairie Clavreuil\",\"publisher\":{\"@id\":\"https:\/\/www.librairieclavreuil.com\/#organization\"},\"potentialAction\":[{\"@type\":\"SearchAction\",\"target\":{\"@type\":\"EntryPoint\",\"urlTemplate\":\"https:\/\/www.librairieclavreuil.com\/?s={search_term_string}\"},\"query-input\":{\"@type\":\"PropertyValueSpecification\",\"valueRequired\":true,\"valueName\":\"search_term_string\"}}],\"inLanguage\":\"en-US\"},{\"@type\":\"Organization\",\"@id\":\"https:\/\/www.librairieclavreuil.com\/#organization\",\"name\":\"Libairie Clavreuil\",\"url\":\"https:\/\/www.librairieclavreuil.com\/\",\"logo\":{\"@type\":\"ImageObject\",\"inLanguage\":\"en-US\",\"@id\":\"https:\/\/www.librairieclavreuil.com\/#\/schema\/logo\/image\/\",\"url\":\"https:\/\/www.librairieclavreuil.com\/wp-content\/uploads\/2021\/06\/cropped-LOGO_PNG_DATE-_gold-512x512-1.png\",\"contentUrl\":\"https:\/\/www.librairieclavreuil.com\/wp-content\/uploads\/2021\/06\/cropped-LOGO_PNG_DATE-_gold-512x512-1.png\",\"width\":512,\"height\":512,\"caption\":\"Libairie Clavreuil\"},\"image\":{\"@id\":\"https:\/\/www.librairieclavreuil.com\/#\/schema\/logo\/image\/\"},\"sameAs\":[\"https:\/\/www.instagram.com\/librairieclavreuil\/\"]}]}<\/script>\n<!-- \/ Yoast SEO plugin. -->","yoast_head_json":{"title":"MIRABEAU Victor Riqueti L'Ami des hommes ou Trait\u00e9 de la population. Premi\u00e8re [-sixi\u00e8me] partie. - Libairie Clavreuil","robots":{"index":"index","follow":"follow","max-snippet":"max-snippet:-1","max-image-preview":"max-image-preview:large","max-video-preview":"max-video-preview:-1"},"canonical":"https:\/\/www.librairieclavreuil.com\/en\/mirabeau-victor-riqueti-lami-des-hommes-ou-traite-de-la-population-premiere-sixieme-partie\/","og_locale":"en_US","og_type":"article","og_title":"MIRABEAU Victor Riqueti L'Ami des hommes ou Trait\u00e9 de la population. Premi\u00e8re [-sixi\u00e8me] partie. - Libairie Clavreuil","og_description":"6 parts in 3 volumes, 4to (253 x 195 mm). Volume I: VI, 156 pp., 1 nn.l. for part I; 218 pp., 1 nn.ll. for part II; 216 pp (misnumbered 158), 2 nn.ll. (privilege and errata for the three parts) for part III. Volume II: 4 nn.l., 278, 81 pp. for part IV. Volume III: VIII, 167 pp. for part V; 1 nn.l., 279 pp., 2 nn.ll. for part VI. Contemporary polished calf, triple gilt filet on covers, corner pieces with armorial tools of the Rohan-Chabot family, red edges (some expert restorations, some scuffing).","og_url":"https:\/\/www.librairieclavreuil.com\/en\/mirabeau-victor-riqueti-lami-des-hommes-ou-traite-de-la-population-premiere-sixieme-partie\/","og_site_name":"Libairie Clavreuil","article_modified_time":"2024-07-15T11:06:40+00:00","og_image":[{"width":1945,"height":2560,"url":"https:\/\/www.librairieclavreuil.com\/wp-content\/uploads\/2024\/06\/victor-riqueti-mirabeau-l-ami-des-hommes-ou-traite-de-la-population-premiere-sixieme-partie-7556-6657654539282-scaled.jpg","type":"image\/jpeg"}],"twitter_card":"summary_large_image","twitter_misc":{"Est. reading time":"3 minutes"},"schema":{"@context":"https:\/\/schema.org","@graph":[{"@type":"WebPage","@id":"https:\/\/www.librairieclavreuil.com\/en\/mirabeau-victor-riqueti-lami-des-hommes-ou-traite-de-la-population-premiere-sixieme-partie\/","url":"https:\/\/www.librairieclavreuil.com\/en\/mirabeau-victor-riqueti-lami-des-hommes-ou-traite-de-la-population-premiere-sixieme-partie\/","name":"MIRABEAU Victor Riqueti L'Ami des hommes ou Trait\u00e9 de la population. Premi\u00e8re [-sixi\u00e8me] partie. - Libairie Clavreuil","isPartOf":{"@id":"https:\/\/www.librairieclavreuil.com\/#website"},"primaryImageOfPage":{"@id":"https:\/\/www.librairieclavreuil.com\/en\/mirabeau-victor-riqueti-lami-des-hommes-ou-traite-de-la-population-premiere-sixieme-partie\/#primaryimage"},"image":{"@id":"https:\/\/www.librairieclavreuil.com\/en\/mirabeau-victor-riqueti-lami-des-hommes-ou-traite-de-la-population-premiere-sixieme-partie\/#primaryimage"},"thumbnailUrl":"https:\/\/www.librairieclavreuil.com\/wp-content\/uploads\/2024\/06\/victor-riqueti-mirabeau-l-ami-des-hommes-ou-traite-de-la-population-premiere-sixieme-partie-7556-6657654539282-scaled.jpg","datePublished":"2024-06-11T16:07:07+00:00","dateModified":"2024-07-15T11:06:40+00:00","breadcrumb":{"@id":"https:\/\/www.librairieclavreuil.com\/en\/mirabeau-victor-riqueti-lami-des-hommes-ou-traite-de-la-population-premiere-sixieme-partie\/#breadcrumb"},"inLanguage":"en-US","potentialAction":[{"@type":"ReadAction","target":["https:\/\/www.librairieclavreuil.com\/en\/mirabeau-victor-riqueti-lami-des-hommes-ou-traite-de-la-population-premiere-sixieme-partie\/"]}]},{"@type":"ImageObject","inLanguage":"en-US","@id":"https:\/\/www.librairieclavreuil.com\/en\/mirabeau-victor-riqueti-lami-des-hommes-ou-traite-de-la-population-premiere-sixieme-partie\/#primaryimage","url":"https:\/\/www.librairieclavreuil.com\/wp-content\/uploads\/2024\/06\/victor-riqueti-mirabeau-l-ami-des-hommes-ou-traite-de-la-population-premiere-sixieme-partie-7556-6657654539282-scaled.jpg","contentUrl":"https:\/\/www.librairieclavreuil.com\/wp-content\/uploads\/2024\/06\/victor-riqueti-mirabeau-l-ami-des-hommes-ou-traite-de-la-population-premiere-sixieme-partie-7556-6657654539282-scaled.jpg","width":1945,"height":2560},{"@type":"BreadcrumbList","@id":"https:\/\/www.librairieclavreuil.com\/en\/mirabeau-victor-riqueti-lami-des-hommes-ou-traite-de-la-population-premiere-sixieme-partie\/#breadcrumb","itemListElement":[{"@type":"ListItem","position":1,"name":"Accueil","item":"https:\/\/www.librairieclavreuil.com\/"},{"@type":"ListItem","position":2,"name":"All our books","item":"https:\/\/www.librairieclavreuil.com\/en\/all-our-books\/"},{"@type":"ListItem","position":3,"name":"MIRABEAU Victor Riqueti L&#8217;Ami des hommes ou Trait\u00e9 de la population. Premi\u00e8re [-sixi\u00e8me] partie."}]},{"@type":"WebSite","@id":"https:\/\/www.librairieclavreuil.com\/#website","url":"https:\/\/www.librairieclavreuil.com\/","name":"Libairie Clavreuil","description":"Livres anciens, manuscrits rares et \u00e9ditions originales \u2013 Librairie Clavreuil","publisher":{"@id":"https:\/\/www.librairieclavreuil.com\/#organization"},"potentialAction":[{"@type":"SearchAction","target":{"@type":"EntryPoint","urlTemplate":"https:\/\/www.librairieclavreuil.com\/?s={search_term_string}"},"query-input":{"@type":"PropertyValueSpecification","valueRequired":true,"valueName":"search_term_string"}}],"inLanguage":"en-US"},{"@type":"Organization","@id":"https:\/\/www.librairieclavreuil.com\/#organization","name":"Libairie Clavreuil","url":"https:\/\/www.librairieclavreuil.com\/","logo":{"@type":"ImageObject","inLanguage":"en-US","@id":"https:\/\/www.librairieclavreuil.com\/#\/schema\/logo\/image\/","url":"https:\/\/www.librairieclavreuil.com\/wp-content\/uploads\/2021\/06\/cropped-LOGO_PNG_DATE-_gold-512x512-1.png","contentUrl":"https:\/\/www.librairieclavreuil.com\/wp-content\/uploads\/2021\/06\/cropped-LOGO_PNG_DATE-_gold-512x512-1.png","width":512,"height":512,"caption":"Libairie Clavreuil"},"image":{"@id":"https:\/\/www.librairieclavreuil.com\/#\/schema\/logo\/image\/"},"sameAs":["https:\/\/www.instagram.com\/librairieclavreuil\/"]}]}},"jetpack_sharing_enabled":true,"_links":{"self":[{"href":"https:\/\/www.librairieclavreuil.com\/en\/wp-json\/wp\/v2\/product\/78280","targetHints":{"allow":["GET"]}}],"collection":[{"href":"https:\/\/www.librairieclavreuil.com\/en\/wp-json\/wp\/v2\/product"}],"about":[{"href":"https:\/\/www.librairieclavreuil.com\/en\/wp-json\/wp\/v2\/types\/product"}],"replies":[{"embeddable":true,"href":"https:\/\/www.librairieclavreuil.com\/en\/wp-json\/wp\/v2\/comments?post=78280"}],"wp:featuredmedia":[{"embeddable":true,"href":"https:\/\/www.librairieclavreuil.com\/en\/wp-json\/wp\/v2\/media\/78277"}],"wp:attachment":[{"href":"https:\/\/www.librairieclavreuil.com\/en\/wp-json\/wp\/v2\/media?parent=78280"}],"wp:term":[{"taxonomy":"product_brand","embeddable":true,"href":"https:\/\/www.librairieclavreuil.com\/en\/wp-json\/wp\/v2\/product_brand?post=78280"},{"taxonomy":"product_cat","embeddable":true,"href":"https:\/\/www.librairieclavreuil.com\/en\/wp-json\/wp\/v2\/product_cat?post=78280"},{"taxonomy":"product_tag","embeddable":true,"href":"https:\/\/www.librairieclavreuil.com\/en\/wp-json\/wp\/v2\/product_tag?post=78280"}],"curies":[{"name":"wp","href":"https:\/\/api.w.org\/{rel}","templated":true}]}}