{"id":77987,"date":"2024-06-11T16:26:44","date_gmt":"2024-06-11T14:26:44","guid":{"rendered":"https:\/\/www.librairieclavreuil.com\/baudelaire-charles-les-fleurs-du-mal\/"},"modified":"2025-03-07T15:50:10","modified_gmt":"2025-03-07T14:50:10","slug":"baudelaire-charles-les-fleurs-du-mal","status":"publish","type":"product","link":"https:\/\/www.librairieclavreuil.com\/en\/baudelaire-charles-les-fleurs-du-mal\/","title":{"rendered":"BAUDELAIRE Charles Les Fleurs du Mal. Seconde \u00e9dition,..."},"content":{"rendered":"<p style=\"text-align:justify\"><i>Carteret, I, 124 ; Clouzot, 43 ; Pichois &amp; Avice, 191 ; Vicaire, I, 343-344.<\/i><\/p>\n<p style=\"text-align:justify\"><span style=\"font-variant:small-caps\">Second edition, partly original. A magnificent copy, one of the very few printed on large paper (papier v\u00e9lin) at Baudelaire\u2019s request and bound at the time by Wenger.<\/span><\/p>\n<p style=\"text-align:justify\">&#8220;C&#8217;est la seconde \u00e9dition originale. Apr\u00e8s la condamnation de 1857 et la suppression de six po\u00e8mes, Baudelaire doit recomposer son recueil, d&#8217;autant que, d\u00e8s ao\u00fbt 1858, le catalogue des \u00e9ditions Malassis et De Broise mentionne que la premi\u00e8re \u00e9dition est \u00e9puis\u00e9e. Le 1er janvier 1860 est sign\u00e9 un nouveau contrat (CP\/ 1, 648-649). Malassis a tenu \u00e0 demander le frontispice all\u00e9gorique \u00e0 son ami Bracquemond, qui finalement gravera un portrait. L&#8217;impression est faite \u00e0 Paris, chez Simon Ra\u00e7on et Cie. Le tirage est de 1500 exemplaires (prix: 3 F), plus 4 exemplaires sur chine, quelques exemplaires sur hollande, et quelques exemplaires sur v\u00e9lin fort, ceux-ci tir\u00e9s \u00e0 la de- mande de Baudelaire. La mise en vente a lieu au d\u00e9but de f\u00e9vrier 1861. Le volume contient les 100 pi\u00e8ces de l&#8217;\u00e9dition de 1857-moins les 6 pi\u00e8ces condamn\u00e9es &#8211; plus 31 des 33 pi\u00e8ces publi\u00e9es depuis la mise en vente de l&#8217;\u00e9dition de 1857 &#8211; moins Hymne et La Ran\u00e7on. Une seule pi\u00e8ce \u00e9tait encore in\u00e9dite : <i>La Fin de la journ\u00e9e<\/i>. En tout, 126 pi\u00e8ces, ou 129 si l&#8217;on compte les quatre sonnets d&#8217;<i>Un fant\u00f4me pour autant d&#8217;unit\u00e9s<\/i>. L&#8217;autre grande nouveaut\u00e9 est l&#8217;introduction de la section <i>Tableaux parisiens<\/i> ; l&#8217;ordre des sections de 1857 est d&#8217;ailleurs modifi\u00e9&#8221; (Pichois &amp; Avice).<\/p>\n<p style=\"text-align:justify\">One of the very rare copies on large paper, this one of the few (the number is unknown) printed on strong wove paper. About the copies on large paper Clouzot notes: &#8220;Some very rare copies on Chine, strong vellum and Hollande, very precious&#8221;.<\/p>\n<p style=\"text-align:justify\">As already mentioned above, Pichois is more precise about the copies on large paper: &#8220;4 on chine, a few copies on Hollande, and a few copies on strong vellum, these printed at Baudelaire&#8217;s request&#8221;.<\/p>\n<p style=\"text-align:justify\">This copy on strong vellum paper has an added portrait of Charles Baudelaire in 1844 after \u00c9mile Deroy, etched by Bracqumond and mounted on a stubb (the painting is today at the Mus\u00e9e national du ch\u00e2teau de Versailles. Inv MV 5682).<\/p>\n<p style=\"text-align:justify\">It also contains a loosely inserted autograph letter, signed, by Charles Baudelaire to Jules Rozier, dated 9 July 1861. Bifolium, 8vo (198 x 150mm), 1p., and adresse on verso of second leaf, 3 postmarks:<br \/>&#8220;Mon cher Rozier, <i>L\u2019horizon<\/i> s\u2019\u00e9claircit de nouveau pour moi, et je serais bien aise de faire promptement mon exp\u00e9dition. Je suis maintenant bien honteux de vous tourmenter ainsi, vous qui avez des affaires, et qui en m\u00eame temps montrez une si charmante bienveillance pour moi&#8221;;<\/p>\n<p style=\"text-align:justify\">Stamp cut out, without affecting the text. This letter does not appear in the Correspondance de Baudelaire edited by Claude Pichois. Rosier&#8217;s name (with an &#8220;s&#8221;) appears in the notebook in which Baudelaire kept his accounts, lists and schedule from July 1861 (the month in which this letter was written) to November 1863. This name appears in the column &#8220;Objects to take back&#8221;. Jules Rozier (1821-1882), Baudelaire&#8217;s contemporary and neighbour on the Ile Saint Louis, Rozier was a landscape painter and aquafortist, a friend of Henry Murger, author of Sc\u00e8nes de la vie de boh\u00e8me. He was a talented restorer of paintings and drawings.<\/p>\n<p style=\"text-align:justify\">Baudelaire entrusted him with at least one &#8220;detestable drawing&#8221; (1861). It is assumed that this was a drawing by his father. Baudelaire recognised its lack of artistic value but tried to acquire them. The &#8220;horizon&#8221; that Baudelaire refers to here concerns the new edition of <i>Les Fleurs du Mal<\/i>.<\/p>\n<p style=\"text-align:justify\">Minor foxing on a few leaves and on the portrait of the edition.<\/p>\n<p style=\"text-align:justify\">A very fine copy on large paper, preserved in a rare signed contemporary binding.<\/p>\n","protected":false},"excerpt":{"rendered":"<p>8vo (186 x 121mm) portrait frontispiece by Bracquemont, 3 nn.ll. (half-title, title, dedication), 319pp. Title printed in red and black. Contemporary 3\/4 citron morocco by Wenger, spine gilt with raised bands, top edge gilt, slipcase.<\/p>\n","protected":false},"featured_media":77976,"comment_status":"open","ping_status":"closed","template":"","meta":{"_acf_changed":false},"product_brand":[],"product_cat":[544],"product_tag":[604,598,1450,1518],"class_list":{"0":"post-77987","1":"product","2":"type-product","3":"status-publish","4":"has-post-thumbnail","6":"product_cat-literature","7":"product_tag-19th-century-illustrations","8":"product_tag-19th-century-literature","9":"product_tag-first-edition","10":"product_tag-large-paper","11":"pa_auteur-baudelaire-charles-2","12":"pa_type-de-livre-printed-book","14":"first","15":"outofstock","16":"shipping-taxable","17":"purchasable","18":"product-type-simple"},"acf":{"artist":" Charles BAUDELAIRE","chapeau":"Large paper copy","adresse_bibliographique":"Paris, Poulet-Malassis, 1861","book_type":"Printed book","provenance":"","afficher_prix":""},"yoast_head":"<!-- This site is optimized with the Yoast SEO plugin v24.7 - https:\/\/yoast.com\/wordpress\/plugins\/seo\/ -->\n<title>BAUDELAIRE Charles Les Fleurs du Mal. Seconde \u00e9dition, augment\u00e9e de trente-cinq po\u00ebmes nouveaux. - Libairie Clavreuil<\/title>\n<meta name=\"robots\" content=\"index, follow, max-snippet:-1, max-image-preview:large, max-video-preview:-1\" \/>\n<link rel=\"canonical\" href=\"https:\/\/www.librairieclavreuil.com\/en\/baudelaire-charles-les-fleurs-du-mal\/\" \/>\n<meta property=\"og:locale\" content=\"en_US\" \/>\n<meta property=\"og:type\" content=\"article\" \/>\n<meta property=\"og:title\" content=\"BAUDELAIRE Charles Les Fleurs du Mal. Seconde \u00e9dition, augment\u00e9e de trente-cinq po\u00ebmes nouveaux. - Libairie Clavreuil\" \/>\n<meta property=\"og:description\" content=\"8vo (186 x 121mm) portrait frontispiece by Bracquemont, 3 nn.ll. (half-title, title, dedication), 319pp. Title printed in red and black. Contemporary 3\/4 citron morocco by Wenger, spine gilt with raised bands, top edge gilt, slipcase.\" \/>\n<meta property=\"og:url\" content=\"https:\/\/www.librairieclavreuil.com\/en\/baudelaire-charles-les-fleurs-du-mal\/\" \/>\n<meta property=\"og:site_name\" content=\"Libairie Clavreuil\" \/>\n<meta property=\"article:modified_time\" content=\"2025-03-07T14:50:10+00:00\" \/>\n<meta property=\"og:image\" content=\"https:\/\/www.librairieclavreuil.com\/wp-content\/uploads\/2024\/06\/charles-baudelaire-les-fleurs-du-mal-9395-65f06e6cd6293.jpg\" \/>\n\t<meta property=\"og:image:width\" content=\"1228\" \/>\n\t<meta property=\"og:image:height\" content=\"1793\" \/>\n\t<meta property=\"og:image:type\" content=\"image\/jpeg\" \/>\n<meta name=\"twitter:card\" content=\"summary_large_image\" \/>\n<meta name=\"twitter:label1\" content=\"Est. reading time\" \/>\n\t<meta name=\"twitter:data1\" content=\"3 minutes\" \/>\n<script type=\"application\/ld+json\" class=\"yoast-schema-graph\">{\"@context\":\"https:\/\/schema.org\",\"@graph\":[{\"@type\":\"WebPage\",\"@id\":\"https:\/\/www.librairieclavreuil.com\/en\/baudelaire-charles-les-fleurs-du-mal\/\",\"url\":\"https:\/\/www.librairieclavreuil.com\/en\/baudelaire-charles-les-fleurs-du-mal\/\",\"name\":\"BAUDELAIRE Charles Les Fleurs du Mal. Seconde \u00e9dition, augment\u00e9e de trente-cinq po\u00ebmes nouveaux. - Libairie Clavreuil\",\"isPartOf\":{\"@id\":\"https:\/\/www.librairieclavreuil.com\/#website\"},\"primaryImageOfPage\":{\"@id\":\"https:\/\/www.librairieclavreuil.com\/en\/baudelaire-charles-les-fleurs-du-mal\/#primaryimage\"},\"image\":{\"@id\":\"https:\/\/www.librairieclavreuil.com\/en\/baudelaire-charles-les-fleurs-du-mal\/#primaryimage\"},\"thumbnailUrl\":\"https:\/\/www.librairieclavreuil.com\/wp-content\/uploads\/2024\/06\/charles-baudelaire-les-fleurs-du-mal-9395-65f06e6cd6293.jpg\",\"datePublished\":\"2024-06-11T14:26:44+00:00\",\"dateModified\":\"2025-03-07T14:50:10+00:00\",\"breadcrumb\":{\"@id\":\"https:\/\/www.librairieclavreuil.com\/en\/baudelaire-charles-les-fleurs-du-mal\/#breadcrumb\"},\"inLanguage\":\"en-US\",\"potentialAction\":[{\"@type\":\"ReadAction\",\"target\":[\"https:\/\/www.librairieclavreuil.com\/en\/baudelaire-charles-les-fleurs-du-mal\/\"]}]},{\"@type\":\"ImageObject\",\"inLanguage\":\"en-US\",\"@id\":\"https:\/\/www.librairieclavreuil.com\/en\/baudelaire-charles-les-fleurs-du-mal\/#primaryimage\",\"url\":\"https:\/\/www.librairieclavreuil.com\/wp-content\/uploads\/2024\/06\/charles-baudelaire-les-fleurs-du-mal-9395-65f06e6cd6293.jpg\",\"contentUrl\":\"https:\/\/www.librairieclavreuil.com\/wp-content\/uploads\/2024\/06\/charles-baudelaire-les-fleurs-du-mal-9395-65f06e6cd6293.jpg\",\"width\":1228,\"height\":1793},{\"@type\":\"BreadcrumbList\",\"@id\":\"https:\/\/www.librairieclavreuil.com\/en\/baudelaire-charles-les-fleurs-du-mal\/#breadcrumb\",\"itemListElement\":[{\"@type\":\"ListItem\",\"position\":1,\"name\":\"Accueil\",\"item\":\"https:\/\/www.librairieclavreuil.com\/\"},{\"@type\":\"ListItem\",\"position\":2,\"name\":\"All our books\",\"item\":\"https:\/\/www.librairieclavreuil.com\/en\/all-our-books\/\"},{\"@type\":\"ListItem\",\"position\":3,\"name\":\"BAUDELAIRE Charles Les Fleurs du Mal. Seconde \u00e9dition,...\"}]},{\"@type\":\"WebSite\",\"@id\":\"https:\/\/www.librairieclavreuil.com\/#website\",\"url\":\"https:\/\/www.librairieclavreuil.com\/\",\"name\":\"Libairie Clavreuil\",\"description\":\"Livres anciens, manuscrits rares et \u00e9ditions originales \u2013 Librairie Clavreuil\",\"publisher\":{\"@id\":\"https:\/\/www.librairieclavreuil.com\/#organization\"},\"potentialAction\":[{\"@type\":\"SearchAction\",\"target\":{\"@type\":\"EntryPoint\",\"urlTemplate\":\"https:\/\/www.librairieclavreuil.com\/?s={search_term_string}\"},\"query-input\":{\"@type\":\"PropertyValueSpecification\",\"valueRequired\":true,\"valueName\":\"search_term_string\"}}],\"inLanguage\":\"en-US\"},{\"@type\":\"Organization\",\"@id\":\"https:\/\/www.librairieclavreuil.com\/#organization\",\"name\":\"Libairie Clavreuil\",\"url\":\"https:\/\/www.librairieclavreuil.com\/\",\"logo\":{\"@type\":\"ImageObject\",\"inLanguage\":\"en-US\",\"@id\":\"https:\/\/www.librairieclavreuil.com\/#\/schema\/logo\/image\/\",\"url\":\"https:\/\/www.librairieclavreuil.com\/wp-content\/uploads\/2021\/06\/cropped-LOGO_PNG_DATE-_gold-512x512-1.png\",\"contentUrl\":\"https:\/\/www.librairieclavreuil.com\/wp-content\/uploads\/2021\/06\/cropped-LOGO_PNG_DATE-_gold-512x512-1.png\",\"width\":512,\"height\":512,\"caption\":\"Libairie Clavreuil\"},\"image\":{\"@id\":\"https:\/\/www.librairieclavreuil.com\/#\/schema\/logo\/image\/\"},\"sameAs\":[\"https:\/\/www.instagram.com\/librairieclavreuil\/\"]}]}<\/script>\n<!-- \/ Yoast SEO plugin. -->","yoast_head_json":{"title":"BAUDELAIRE Charles Les Fleurs du Mal. Seconde \u00e9dition, augment\u00e9e de trente-cinq po\u00ebmes nouveaux. - Libairie Clavreuil","robots":{"index":"index","follow":"follow","max-snippet":"max-snippet:-1","max-image-preview":"max-image-preview:large","max-video-preview":"max-video-preview:-1"},"canonical":"https:\/\/www.librairieclavreuil.com\/en\/baudelaire-charles-les-fleurs-du-mal\/","og_locale":"en_US","og_type":"article","og_title":"BAUDELAIRE Charles Les Fleurs du Mal. Seconde \u00e9dition, augment\u00e9e de trente-cinq po\u00ebmes nouveaux. - Libairie Clavreuil","og_description":"8vo (186 x 121mm) portrait frontispiece by Bracquemont, 3 nn.ll. (half-title, title, dedication), 319pp. Title printed in red and black. Contemporary 3\/4 citron morocco by Wenger, spine gilt with raised bands, top edge gilt, slipcase.","og_url":"https:\/\/www.librairieclavreuil.com\/en\/baudelaire-charles-les-fleurs-du-mal\/","og_site_name":"Libairie Clavreuil","article_modified_time":"2025-03-07T14:50:10+00:00","og_image":[{"width":1228,"height":1793,"url":"https:\/\/www.librairieclavreuil.com\/wp-content\/uploads\/2024\/06\/charles-baudelaire-les-fleurs-du-mal-9395-65f06e6cd6293.jpg","type":"image\/jpeg"}],"twitter_card":"summary_large_image","twitter_misc":{"Est. reading time":"3 minutes"},"schema":{"@context":"https:\/\/schema.org","@graph":[{"@type":"WebPage","@id":"https:\/\/www.librairieclavreuil.com\/en\/baudelaire-charles-les-fleurs-du-mal\/","url":"https:\/\/www.librairieclavreuil.com\/en\/baudelaire-charles-les-fleurs-du-mal\/","name":"BAUDELAIRE Charles Les Fleurs du Mal. Seconde \u00e9dition, augment\u00e9e de trente-cinq po\u00ebmes nouveaux. - Libairie Clavreuil","isPartOf":{"@id":"https:\/\/www.librairieclavreuil.com\/#website"},"primaryImageOfPage":{"@id":"https:\/\/www.librairieclavreuil.com\/en\/baudelaire-charles-les-fleurs-du-mal\/#primaryimage"},"image":{"@id":"https:\/\/www.librairieclavreuil.com\/en\/baudelaire-charles-les-fleurs-du-mal\/#primaryimage"},"thumbnailUrl":"https:\/\/www.librairieclavreuil.com\/wp-content\/uploads\/2024\/06\/charles-baudelaire-les-fleurs-du-mal-9395-65f06e6cd6293.jpg","datePublished":"2024-06-11T14:26:44+00:00","dateModified":"2025-03-07T14:50:10+00:00","breadcrumb":{"@id":"https:\/\/www.librairieclavreuil.com\/en\/baudelaire-charles-les-fleurs-du-mal\/#breadcrumb"},"inLanguage":"en-US","potentialAction":[{"@type":"ReadAction","target":["https:\/\/www.librairieclavreuil.com\/en\/baudelaire-charles-les-fleurs-du-mal\/"]}]},{"@type":"ImageObject","inLanguage":"en-US","@id":"https:\/\/www.librairieclavreuil.com\/en\/baudelaire-charles-les-fleurs-du-mal\/#primaryimage","url":"https:\/\/www.librairieclavreuil.com\/wp-content\/uploads\/2024\/06\/charles-baudelaire-les-fleurs-du-mal-9395-65f06e6cd6293.jpg","contentUrl":"https:\/\/www.librairieclavreuil.com\/wp-content\/uploads\/2024\/06\/charles-baudelaire-les-fleurs-du-mal-9395-65f06e6cd6293.jpg","width":1228,"height":1793},{"@type":"BreadcrumbList","@id":"https:\/\/www.librairieclavreuil.com\/en\/baudelaire-charles-les-fleurs-du-mal\/#breadcrumb","itemListElement":[{"@type":"ListItem","position":1,"name":"Accueil","item":"https:\/\/www.librairieclavreuil.com\/"},{"@type":"ListItem","position":2,"name":"All our books","item":"https:\/\/www.librairieclavreuil.com\/en\/all-our-books\/"},{"@type":"ListItem","position":3,"name":"BAUDELAIRE Charles Les Fleurs du Mal. Seconde \u00e9dition,..."}]},{"@type":"WebSite","@id":"https:\/\/www.librairieclavreuil.com\/#website","url":"https:\/\/www.librairieclavreuil.com\/","name":"Libairie Clavreuil","description":"Livres anciens, manuscrits rares et \u00e9ditions originales \u2013 Librairie Clavreuil","publisher":{"@id":"https:\/\/www.librairieclavreuil.com\/#organization"},"potentialAction":[{"@type":"SearchAction","target":{"@type":"EntryPoint","urlTemplate":"https:\/\/www.librairieclavreuil.com\/?s={search_term_string}"},"query-input":{"@type":"PropertyValueSpecification","valueRequired":true,"valueName":"search_term_string"}}],"inLanguage":"en-US"},{"@type":"Organization","@id":"https:\/\/www.librairieclavreuil.com\/#organization","name":"Libairie Clavreuil","url":"https:\/\/www.librairieclavreuil.com\/","logo":{"@type":"ImageObject","inLanguage":"en-US","@id":"https:\/\/www.librairieclavreuil.com\/#\/schema\/logo\/image\/","url":"https:\/\/www.librairieclavreuil.com\/wp-content\/uploads\/2021\/06\/cropped-LOGO_PNG_DATE-_gold-512x512-1.png","contentUrl":"https:\/\/www.librairieclavreuil.com\/wp-content\/uploads\/2021\/06\/cropped-LOGO_PNG_DATE-_gold-512x512-1.png","width":512,"height":512,"caption":"Libairie Clavreuil"},"image":{"@id":"https:\/\/www.librairieclavreuil.com\/#\/schema\/logo\/image\/"},"sameAs":["https:\/\/www.instagram.com\/librairieclavreuil\/"]}]}},"jetpack_sharing_enabled":true,"_links":{"self":[{"href":"https:\/\/www.librairieclavreuil.com\/en\/wp-json\/wp\/v2\/product\/77987","targetHints":{"allow":["GET"]}}],"collection":[{"href":"https:\/\/www.librairieclavreuil.com\/en\/wp-json\/wp\/v2\/product"}],"about":[{"href":"https:\/\/www.librairieclavreuil.com\/en\/wp-json\/wp\/v2\/types\/product"}],"replies":[{"embeddable":true,"href":"https:\/\/www.librairieclavreuil.com\/en\/wp-json\/wp\/v2\/comments?post=77987"}],"wp:featuredmedia":[{"embeddable":true,"href":"https:\/\/www.librairieclavreuil.com\/en\/wp-json\/wp\/v2\/media\/77976"}],"wp:attachment":[{"href":"https:\/\/www.librairieclavreuil.com\/en\/wp-json\/wp\/v2\/media?parent=77987"}],"wp:term":[{"taxonomy":"product_brand","embeddable":true,"href":"https:\/\/www.librairieclavreuil.com\/en\/wp-json\/wp\/v2\/product_brand?post=77987"},{"taxonomy":"product_cat","embeddable":true,"href":"https:\/\/www.librairieclavreuil.com\/en\/wp-json\/wp\/v2\/product_cat?post=77987"},{"taxonomy":"product_tag","embeddable":true,"href":"https:\/\/www.librairieclavreuil.com\/en\/wp-json\/wp\/v2\/product_tag?post=77987"}],"curies":[{"name":"wp","href":"https:\/\/api.w.org\/{rel}","templated":true}]}}