{"id":77408,"date":"2024-05-15T17:49:05","date_gmt":"2024-05-15T15:49:05","guid":{"rendered":"https:\/\/www.librairieclavreuil.com\/gide-andre-les-cahiers-dandre-walter-oeuvre-posthume\/"},"modified":"2024-05-23T20:26:41","modified_gmt":"2024-05-23T18:26:41","slug":"gide-andre-les-cahiers-dandre-walter-oeuvre-posthume","status":"publish","type":"product","link":"https:\/\/www.librairieclavreuil.com\/en\/gide-andre-les-cahiers-dandre-walter-oeuvre-posthume\/","title":{"rendered":"GIDE Andr\u00e9 Les Cahiers d&#8217;Andr\u00e9 Walter. \u0152uvre posthume."},"content":{"rendered":"<p>First edition.<\/p>\n<p>In June 1890 Andr&eacute; Gide isolates himself in a chalet on the shores of Lake Annecy to write Les Cahiers d&#039;Andr&eacute; Walter, a &lsquo;summing up&rsquo; of his youth and a declaration of love to his cousin Madeleine.<\/p>\n<p>The work takes the form of a fictional diary, written by the hero who lives in seclusion in Brittany after his dying mother asks him to give up the idea of marrying his cousin Emmanu&egrave;le.<\/p>\n<p>&laquo;&nbsp;Le premier ouvrage de M. Andr&eacute; Gide, Les Cahiers d&rsquo;Andr&eacute; Walter, parut en 1891, sans nom d&rsquo;auteur, &agrave; la librairie de l&rsquo;Art ind&eacute;pendant (&hellip;). Andr&eacute;. Gide&nbsp;&hellip; &eacute;crit, dirait-on, pour lui-m&ecirc;me, ou tout au plus, comme Stendhal, pour cent lecteurs. C&rsquo;est un esprit fonci&egrave;rement subjectif. Ses livres ne sont que des confidences (&hellip;) qui par la suite ne lui paraissent pas plus importantes que les paperasses jaunies ou les fleurs fan&eacute;es. Peut-&ecirc;tre relit-il parfois Andr&eacute; Walter ; mais il ne d&eacute;sire point que nous le relisions. &Eacute;tant homme de lettres&nbsp;(&hellip;) il n&rsquo;a pu compl&egrave;tement r&eacute;sister au d&eacute;sir de l&rsquo;impression&nbsp;; mais il se replie et rentre dans la retraite, avec d&eacute;lices&nbsp;; il est l&rsquo;homme du volume introuvable. C&rsquo;est comme une &laquo;&nbsp;&oelig;uvre posthume&nbsp;&raquo; que se pr&eacute;sentaient Les Cahiers d&rsquo;Andr&eacute; Walter&nbsp;: M. Andr&eacute; Gide n&rsquo;avait m&ecirc;me pas mis sa signature, selon l&rsquo;usage, &agrave; titre d&rsquo;&eacute;diteur des papiers d&rsquo;un ami d&eacute;funt. Cependant, je me souviens que dans les milieux symbolistes o&ugrave; je fr&eacute;quentais alors, on avait su tout de suite qui &eacute;tait l&rsquo;auteur v&eacute;ritable, et bien que le hasard ne m&rsquo;e&ucirc;t point permis de rencontrer M. Andr&eacute; Gide, je n&rsquo;avais plus oubli&eacute; ce nom. Andr&eacute; Walter, dont le journal en deux cahiers &ndash; cahier blanc et cahier noir &ndash; &eacute;tait livr&eacute; au public, avait eu le chagrin d&rsquo;aimer vainement sa cousine Emmanu&egrave;le, qui ne s&rsquo;en &eacute;tait m&ecirc;me point aper&ccedil;ue et qui avait &eacute;pous&eacute; un M. T&hellip; La m&egrave;re d&rsquo;Andr&eacute; lui avait, en mourant, conseill&eacute; la r&eacute;signation. Quelques mois apr&egrave;s, Emmanu&egrave;le meurt &agrave; son tour. Andr&eacute; br&ucirc;le pour la morte d&rsquo;un amour r&eacute;trospectif, mais ardent et hallucin&eacute;, qui le conduit au tombeau par les voies rapides de la fi&egrave;vre c&eacute;r&eacute;brale. Bien entendu, Andr&eacute; Walter est un jeune homme de lettres. Ses m&eacute;ditations esth&eacute;tiques alternent avec ses effusions sentimentales. J&rsquo;ai peut-&ecirc;tre trop insist&eacute; sur ce premier volume, mais il explique toute l&rsquo;&oelig;uvre de M. Andr&eacute; Gide.&nbsp;&raquo; (Paul Souday)<\/p>\n<p>An exceptional copy, enriched with this autograph inscription the half title:&nbsp;&laquo;&nbsp;A Elie All&eacute;gret, cette &oelig;uvre contemplative et pour qu&#039;il se dise un peu plus, &oelig;uvre qu&#039;il a eu raison de choisir &quot;l&#039;autre part&quot; &#8211; en souvenir de son ami Andr&eacute; Gide. &#039;Je ne me laisserai dominer par quoique ce soit&#039;. St. Paul.&nbsp;&raquo;<\/p>\n<p>Born in Paris on 22 November 1869. In 1885, at the family castle of La Roque-Baignard, he studied for a while under a tutor. It was a family friend, the Protestant pastor &Eacute;lie All&eacute;gret (1865-1940), whom Gide&#039;s mother chose to supervise both the reading and the religious education of her son. The teacher was 20, the pupil 16, and from this meeting a lasting friendship was born. Later, having become a missionary, Pastor All&eacute;gret was sent on a mission to Cameroon. For the All&eacute;gret family, Gide was &lsquo;Uncle Andr&eacute;&rsquo;, the one you could always count on, the one you could confide in, and who often took care of day-to-day things. The former tutor officially entrusted his friend with the education of his son Marc. The two men maintained a relationship that ended after their trip to the Congo in 1927.<\/p>\n<p>Precious provenance.<\/p>\n<p>Some foxing and traces of reading.<\/p>\n","protected":false},"excerpt":{"rendered":"<p>12mo (180 x 117 mm) of 2 unn.l., 279 pp. Half-sheep, flat spine, slipcase (contemporary binding).<\/p>\n","protected":false},"featured_media":77401,"comment_status":"open","ping_status":"closed","template":"","meta":{"_acf_changed":false},"product_brand":[],"product_cat":[544],"product_tag":[598,1450,1264],"class_list":{"0":"post-77408","1":"product","2":"type-product","3":"status-publish","4":"has-post-thumbnail","6":"product_cat-literature","7":"product_tag-19th-century-literature","8":"product_tag-first-edition","9":"product_tag-inscription","10":"pa_auteur-gide-andre-2","11":"pa_type-de-livre-printed-book","13":"first","14":"instock","15":"shipping-taxable","16":"purchasable","17":"product-type-simple"},"acf":{"artist":" Andr\u00e9 GIDE","chapeau":"Pastor Elie All\u00e9gret's copy","adresse_bibliographique":"Paris, librairie acad\u00e9mique Didier Perrin et Cie., 1891","book_type":"Printed book","provenance":"","afficher_prix":""},"yoast_head":"<!-- This site is optimized with the Yoast SEO plugin v24.7 - https:\/\/yoast.com\/wordpress\/plugins\/seo\/ -->\n<title>GIDE Andr\u00e9 Les Cahiers d&#039;Andr\u00e9 Walter. \u0152uvre posthume. - Libairie Clavreuil<\/title>\n<meta name=\"robots\" content=\"index, follow, max-snippet:-1, max-image-preview:large, max-video-preview:-1\" \/>\n<link rel=\"canonical\" href=\"https:\/\/www.librairieclavreuil.com\/produit\/gide-andre-les-cahiers-dandre-walter-oeuvre-posthume\/\" \/>\n<meta property=\"og:locale\" content=\"en_US\" \/>\n<meta property=\"og:type\" content=\"article\" \/>\n<meta property=\"og:title\" content=\"GIDE Andr\u00e9 Les Cahiers d&#039;Andr\u00e9 Walter. \u0152uvre posthume. - Libairie Clavreuil\" \/>\n<meta property=\"og:description\" content=\"12mo (180 x 117 mm) of 2 unn.l., 279 pp. Half-sheep, flat spine, slipcase (contemporary binding).\" \/>\n<meta property=\"og:url\" content=\"https:\/\/www.librairieclavreuil.com\/produit\/gide-andre-les-cahiers-dandre-walter-oeuvre-posthume\/\" \/>\n<meta property=\"og:site_name\" content=\"Libairie Clavreuil\" \/>\n<meta property=\"article:modified_time\" content=\"2024-05-23T18:26:41+00:00\" \/>\n<meta property=\"og:image\" content=\"https:\/\/www.librairieclavreuil.com\/wp-content\/uploads\/2024\/05\/andre-gide-les-cahiers-d-andre-walter-oeuvre-posthume-5592-6644d90192fc8-scaled.jpg\" \/>\n\t<meta property=\"og:image:width\" content=\"1651\" \/>\n\t<meta property=\"og:image:height\" content=\"2560\" \/>\n\t<meta property=\"og:image:type\" content=\"image\/jpeg\" \/>\n<meta name=\"twitter:card\" content=\"summary_large_image\" \/>\n<meta name=\"twitter:label1\" content=\"Est. reading time\" \/>\n\t<meta name=\"twitter:data1\" content=\"4 minutes\" \/>\n<script type=\"application\/ld+json\" class=\"yoast-schema-graph\">{\"@context\":\"https:\/\/schema.org\",\"@graph\":[{\"@type\":\"WebPage\",\"@id\":\"https:\/\/www.librairieclavreuil.com\/produit\/gide-andre-les-cahiers-dandre-walter-oeuvre-posthume\/\",\"url\":\"https:\/\/www.librairieclavreuil.com\/produit\/gide-andre-les-cahiers-dandre-walter-oeuvre-posthume\/\",\"name\":\"GIDE Andr\u00e9 Les Cahiers d'Andr\u00e9 Walter. \u0152uvre posthume. - Libairie Clavreuil\",\"isPartOf\":{\"@id\":\"https:\/\/www.librairieclavreuil.com\/#website\"},\"primaryImageOfPage\":{\"@id\":\"https:\/\/www.librairieclavreuil.com\/produit\/gide-andre-les-cahiers-dandre-walter-oeuvre-posthume\/#primaryimage\"},\"image\":{\"@id\":\"https:\/\/www.librairieclavreuil.com\/produit\/gide-andre-les-cahiers-dandre-walter-oeuvre-posthume\/#primaryimage\"},\"thumbnailUrl\":\"https:\/\/www.librairieclavreuil.com\/wp-content\/uploads\/2024\/05\/andre-gide-les-cahiers-d-andre-walter-oeuvre-posthume-5592-6644d90192fc8-scaled.jpg\",\"datePublished\":\"2024-05-15T15:49:05+00:00\",\"dateModified\":\"2024-05-23T18:26:41+00:00\",\"breadcrumb\":{\"@id\":\"https:\/\/www.librairieclavreuil.com\/produit\/gide-andre-les-cahiers-dandre-walter-oeuvre-posthume\/#breadcrumb\"},\"inLanguage\":\"en-US\",\"potentialAction\":[{\"@type\":\"ReadAction\",\"target\":[\"https:\/\/www.librairieclavreuil.com\/produit\/gide-andre-les-cahiers-dandre-walter-oeuvre-posthume\/\"]}]},{\"@type\":\"ImageObject\",\"inLanguage\":\"en-US\",\"@id\":\"https:\/\/www.librairieclavreuil.com\/produit\/gide-andre-les-cahiers-dandre-walter-oeuvre-posthume\/#primaryimage\",\"url\":\"https:\/\/www.librairieclavreuil.com\/wp-content\/uploads\/2024\/05\/andre-gide-les-cahiers-d-andre-walter-oeuvre-posthume-5592-6644d90192fc8-scaled.jpg\",\"contentUrl\":\"https:\/\/www.librairieclavreuil.com\/wp-content\/uploads\/2024\/05\/andre-gide-les-cahiers-d-andre-walter-oeuvre-posthume-5592-6644d90192fc8-scaled.jpg\",\"width\":1651,\"height\":2560},{\"@type\":\"BreadcrumbList\",\"@id\":\"https:\/\/www.librairieclavreuil.com\/produit\/gide-andre-les-cahiers-dandre-walter-oeuvre-posthume\/#breadcrumb\",\"itemListElement\":[{\"@type\":\"ListItem\",\"position\":1,\"name\":\"Accueil\",\"item\":\"https:\/\/www.librairieclavreuil.com\/\"},{\"@type\":\"ListItem\",\"position\":2,\"name\":\"All our books\",\"item\":\"https:\/\/www.librairieclavreuil.com\/en\/all-our-books\/\"},{\"@type\":\"ListItem\",\"position\":3,\"name\":\"GIDE Andr\u00e9 Les Cahiers d&rsquo;Andr\u00e9 Walter. \u0152uvre posthume.\"}]},{\"@type\":\"WebSite\",\"@id\":\"https:\/\/www.librairieclavreuil.com\/#website\",\"url\":\"https:\/\/www.librairieclavreuil.com\/\",\"name\":\"Libairie Clavreuil\",\"description\":\"Livres anciens, manuscrits rares et \u00e9ditions originales \u2013 Librairie Clavreuil\",\"publisher\":{\"@id\":\"https:\/\/www.librairieclavreuil.com\/#organization\"},\"potentialAction\":[{\"@type\":\"SearchAction\",\"target\":{\"@type\":\"EntryPoint\",\"urlTemplate\":\"https:\/\/www.librairieclavreuil.com\/?s={search_term_string}\"},\"query-input\":{\"@type\":\"PropertyValueSpecification\",\"valueRequired\":true,\"valueName\":\"search_term_string\"}}],\"inLanguage\":\"en-US\"},{\"@type\":\"Organization\",\"@id\":\"https:\/\/www.librairieclavreuil.com\/#organization\",\"name\":\"Libairie Clavreuil\",\"url\":\"https:\/\/www.librairieclavreuil.com\/\",\"logo\":{\"@type\":\"ImageObject\",\"inLanguage\":\"en-US\",\"@id\":\"https:\/\/www.librairieclavreuil.com\/#\/schema\/logo\/image\/\",\"url\":\"https:\/\/www.librairieclavreuil.com\/wp-content\/uploads\/2021\/06\/cropped-LOGO_PNG_DATE-_gold-512x512-1.png\",\"contentUrl\":\"https:\/\/www.librairieclavreuil.com\/wp-content\/uploads\/2021\/06\/cropped-LOGO_PNG_DATE-_gold-512x512-1.png\",\"width\":512,\"height\":512,\"caption\":\"Libairie Clavreuil\"},\"image\":{\"@id\":\"https:\/\/www.librairieclavreuil.com\/#\/schema\/logo\/image\/\"},\"sameAs\":[\"https:\/\/www.instagram.com\/librairieclavreuil\/\"]}]}<\/script>\n<!-- \/ Yoast SEO plugin. -->","yoast_head_json":{"title":"GIDE Andr\u00e9 Les Cahiers d'Andr\u00e9 Walter. \u0152uvre posthume. - Libairie Clavreuil","robots":{"index":"index","follow":"follow","max-snippet":"max-snippet:-1","max-image-preview":"max-image-preview:large","max-video-preview":"max-video-preview:-1"},"canonical":"https:\/\/www.librairieclavreuil.com\/produit\/gide-andre-les-cahiers-dandre-walter-oeuvre-posthume\/","og_locale":"en_US","og_type":"article","og_title":"GIDE Andr\u00e9 Les Cahiers d'Andr\u00e9 Walter. \u0152uvre posthume. - Libairie Clavreuil","og_description":"12mo (180 x 117 mm) of 2 unn.l., 279 pp. Half-sheep, flat spine, slipcase (contemporary binding).","og_url":"https:\/\/www.librairieclavreuil.com\/produit\/gide-andre-les-cahiers-dandre-walter-oeuvre-posthume\/","og_site_name":"Libairie Clavreuil","article_modified_time":"2024-05-23T18:26:41+00:00","og_image":[{"width":1651,"height":2560,"url":"https:\/\/www.librairieclavreuil.com\/wp-content\/uploads\/2024\/05\/andre-gide-les-cahiers-d-andre-walter-oeuvre-posthume-5592-6644d90192fc8-scaled.jpg","type":"image\/jpeg"}],"twitter_card":"summary_large_image","twitter_misc":{"Est. reading time":"4 minutes"},"schema":{"@context":"https:\/\/schema.org","@graph":[{"@type":"WebPage","@id":"https:\/\/www.librairieclavreuil.com\/produit\/gide-andre-les-cahiers-dandre-walter-oeuvre-posthume\/","url":"https:\/\/www.librairieclavreuil.com\/produit\/gide-andre-les-cahiers-dandre-walter-oeuvre-posthume\/","name":"GIDE Andr\u00e9 Les Cahiers d'Andr\u00e9 Walter. \u0152uvre posthume. - Libairie Clavreuil","isPartOf":{"@id":"https:\/\/www.librairieclavreuil.com\/#website"},"primaryImageOfPage":{"@id":"https:\/\/www.librairieclavreuil.com\/produit\/gide-andre-les-cahiers-dandre-walter-oeuvre-posthume\/#primaryimage"},"image":{"@id":"https:\/\/www.librairieclavreuil.com\/produit\/gide-andre-les-cahiers-dandre-walter-oeuvre-posthume\/#primaryimage"},"thumbnailUrl":"https:\/\/www.librairieclavreuil.com\/wp-content\/uploads\/2024\/05\/andre-gide-les-cahiers-d-andre-walter-oeuvre-posthume-5592-6644d90192fc8-scaled.jpg","datePublished":"2024-05-15T15:49:05+00:00","dateModified":"2024-05-23T18:26:41+00:00","breadcrumb":{"@id":"https:\/\/www.librairieclavreuil.com\/produit\/gide-andre-les-cahiers-dandre-walter-oeuvre-posthume\/#breadcrumb"},"inLanguage":"en-US","potentialAction":[{"@type":"ReadAction","target":["https:\/\/www.librairieclavreuil.com\/produit\/gide-andre-les-cahiers-dandre-walter-oeuvre-posthume\/"]}]},{"@type":"ImageObject","inLanguage":"en-US","@id":"https:\/\/www.librairieclavreuil.com\/produit\/gide-andre-les-cahiers-dandre-walter-oeuvre-posthume\/#primaryimage","url":"https:\/\/www.librairieclavreuil.com\/wp-content\/uploads\/2024\/05\/andre-gide-les-cahiers-d-andre-walter-oeuvre-posthume-5592-6644d90192fc8-scaled.jpg","contentUrl":"https:\/\/www.librairieclavreuil.com\/wp-content\/uploads\/2024\/05\/andre-gide-les-cahiers-d-andre-walter-oeuvre-posthume-5592-6644d90192fc8-scaled.jpg","width":1651,"height":2560},{"@type":"BreadcrumbList","@id":"https:\/\/www.librairieclavreuil.com\/produit\/gide-andre-les-cahiers-dandre-walter-oeuvre-posthume\/#breadcrumb","itemListElement":[{"@type":"ListItem","position":1,"name":"Accueil","item":"https:\/\/www.librairieclavreuil.com\/"},{"@type":"ListItem","position":2,"name":"All our books","item":"https:\/\/www.librairieclavreuil.com\/en\/all-our-books\/"},{"@type":"ListItem","position":3,"name":"GIDE Andr\u00e9 Les Cahiers d&rsquo;Andr\u00e9 Walter. \u0152uvre posthume."}]},{"@type":"WebSite","@id":"https:\/\/www.librairieclavreuil.com\/#website","url":"https:\/\/www.librairieclavreuil.com\/","name":"Libairie Clavreuil","description":"Livres anciens, manuscrits rares et \u00e9ditions originales \u2013 Librairie Clavreuil","publisher":{"@id":"https:\/\/www.librairieclavreuil.com\/#organization"},"potentialAction":[{"@type":"SearchAction","target":{"@type":"EntryPoint","urlTemplate":"https:\/\/www.librairieclavreuil.com\/?s={search_term_string}"},"query-input":{"@type":"PropertyValueSpecification","valueRequired":true,"valueName":"search_term_string"}}],"inLanguage":"en-US"},{"@type":"Organization","@id":"https:\/\/www.librairieclavreuil.com\/#organization","name":"Libairie Clavreuil","url":"https:\/\/www.librairieclavreuil.com\/","logo":{"@type":"ImageObject","inLanguage":"en-US","@id":"https:\/\/www.librairieclavreuil.com\/#\/schema\/logo\/image\/","url":"https:\/\/www.librairieclavreuil.com\/wp-content\/uploads\/2021\/06\/cropped-LOGO_PNG_DATE-_gold-512x512-1.png","contentUrl":"https:\/\/www.librairieclavreuil.com\/wp-content\/uploads\/2021\/06\/cropped-LOGO_PNG_DATE-_gold-512x512-1.png","width":512,"height":512,"caption":"Libairie Clavreuil"},"image":{"@id":"https:\/\/www.librairieclavreuil.com\/#\/schema\/logo\/image\/"},"sameAs":["https:\/\/www.instagram.com\/librairieclavreuil\/"]}]}},"jetpack_sharing_enabled":true,"_links":{"self":[{"href":"https:\/\/www.librairieclavreuil.com\/en\/wp-json\/wp\/v2\/product\/77408","targetHints":{"allow":["GET"]}}],"collection":[{"href":"https:\/\/www.librairieclavreuil.com\/en\/wp-json\/wp\/v2\/product"}],"about":[{"href":"https:\/\/www.librairieclavreuil.com\/en\/wp-json\/wp\/v2\/types\/product"}],"replies":[{"embeddable":true,"href":"https:\/\/www.librairieclavreuil.com\/en\/wp-json\/wp\/v2\/comments?post=77408"}],"wp:featuredmedia":[{"embeddable":true,"href":"https:\/\/www.librairieclavreuil.com\/en\/wp-json\/wp\/v2\/media\/77401"}],"wp:attachment":[{"href":"https:\/\/www.librairieclavreuil.com\/en\/wp-json\/wp\/v2\/media?parent=77408"}],"wp:term":[{"taxonomy":"product_brand","embeddable":true,"href":"https:\/\/www.librairieclavreuil.com\/en\/wp-json\/wp\/v2\/product_brand?post=77408"},{"taxonomy":"product_cat","embeddable":true,"href":"https:\/\/www.librairieclavreuil.com\/en\/wp-json\/wp\/v2\/product_cat?post=77408"},{"taxonomy":"product_tag","embeddable":true,"href":"https:\/\/www.librairieclavreuil.com\/en\/wp-json\/wp\/v2\/product_tag?post=77408"}],"curies":[{"name":"wp","href":"https:\/\/api.w.org\/{rel}","templated":true}]}}