{"id":76821,"date":"2024-04-26T10:05:15","date_gmt":"2024-04-26T08:05:15","guid":{"rendered":"https:\/\/clavreuil-wordpress.logiciel-arteo.fr\/vauban-sebastien-le-prestre-de-projet-dune-dixme-royale-qui-supprimant-la-taille-les-aydes-les-douanes-dune-province-a-lautre-les-decimes-du-clerge-les-affaires-extraordinaires-tous\/"},"modified":"2024-07-15T17:41:49","modified_gmt":"2024-07-15T15:41:49","slug":"vauban-sebastien-le-prestre-de-projet-dune-dixme-royale-qui-supprimant-la-taille-les-aydes-les-douanes-dune-province-a-lautre-les-decimes-du-clerge-les-affaires-extraordinaires-tous","status":"publish","type":"product","link":"https:\/\/www.librairieclavreuil.com\/en\/vauban-sebastien-le-prestre-de-projet-dune-dixme-royale-qui-supprimant-la-taille-les-aydes-les-douanes-dune-province-a-lautre-les-decimes-du-clerge-les-affaires-extraordinaires-tous\/","title":{"rendered":"VAUBAN S\u00e9bastien le Prestre de Projet d&#8217;une Dixme..."},"content":{"rendered":"<p style=\"text-align:justify\"><i>En fran\u00e7ais dans le texte, 134; Carpenter, X; Goldsmiths&#8217; 4432 (for an undated edition with the same pagination); Kress, 2586; voir INED, 4397 (edition with 270 pages).<\/i><\/p>\n<p style=\"text-align:justify\"><span style=\"font-variant:small-caps\">One of the editions published in the year of the first.<\/span><\/p>\n<p style=\"text-align:justify\">Born in May 1633 in Saint-L\u00e9ger-de-Foucherets (Saint l\u00e9ger Vauban in the Yonne), Vauban is the best-known of all French military engineers. The archetypal honest man of the 17th century, he wrote numerous treatises throughout his life on science, economics, agriculture, strategy and military architecture.<\/p>\n<p style=\"text-align:justify\">In 1689, he wrote a memoir on the &#8220;recall of the Huguenots&#8221;, urging Louis XIV to reverse the revocation of the Edict of Nantes in the name of freedom of conscience. In 1698, he set up a population census, but above all, in 1707, he drew up a tax project known as the &#8220;royal tithe&#8221; to simplify taxes (which were numerous, complicated and inefficient): he proposed a single tax on income, which could be at different rates, but with a maximum of 10%. In order to justify this project (which Mirabeau was to follow), Vauban argued, in the manner of William Petty, on the basis of facts, weights and measures. Not only did he participate in the creation of statistics, he also used them to support his arguments.<\/p>\n<p style=\"text-align:justify\">&#8220;C&#8217;est ce qui fait de lui un \u00e9conomiste classique, au sens apolog\u00e9tique du mot, et un pr\u00e9curseur des tendances modernes&#8221; (Schumpeter, History of Economic Analysis , pp. 203 passim).<\/p>\n<p style=\"text-align:justify\">The publication of this work compromised Vauban&#8217;s position with Louis XIV. Printed without privilege, copies were immediately seized.<\/p>\n<p style=\"text-align:justify\">&#8220;D\u00e9cembre 1706 : un mar\u00e9chal de France [Vauban] \u00e2g\u00e9 de soixante treize ans, introduit lui-m\u00eame dans son carrosse franchissant la porte Saint Denis, deux ballots de feuilles clandestinement imprim\u00e9es \u00e0 Rouen, qu&#8217;il fait aussit\u00f4t relier chez la Veuve F\u00e9til, rue Saint Jacques. Un bel in-quarto qu&#8217;il s&#8217;agit de distribuer aux amis influents qui auraient pu contribuer au succ\u00e8s de son action. Les Arr\u00eats du Conseil priv\u00e9 du roi devaient enjoindre que tous les exemplaires (au nombre de 276) fussent saisis, confisqu\u00e9s et mis au pilon.&#8221;(En Fran\u00e7ais dans le texte).<\/p>\n<p>Michel de Boislisle states in<i> La Proscription du projet de Dime Royale et la mort de Vauban<\/i> that the bookbinder declared to the police that she had only received 264 copies in total, of which 12 had been bound in morocco and the rest in calfskin or vellum. The ban on the original edition (in quarto format) had the opposite effect and the production of counterfeits was launched; in the two years that followed there was a very large number of editions, all without the author&#8217;s name, sometimes without a date.<\/p>\n","protected":false},"excerpt":{"rendered":"<p style=\"text-align:justify\">12mo (165 x 95 mm) of VIII, 268 pp., 4 folding tables, title with armillary sphere. Contemporary tortoiseshell calf, spine with raised bands, speckled edges&nbsp;<i>(expertly rebacked<\/i>).<\/p>\n","protected":false},"featured_media":76814,"comment_status":"open","ping_status":"closed","template":"","meta":{"_acf_changed":false},"product_brand":[],"product_cat":[536],"product_tag":[1209,1213,1208],"class_list":{"0":"post-76821","1":"product","2":"type-product","3":"status-publish","4":"has-post-thumbnail","6":"product_cat-right-economy","7":"product_tag-economics","8":"product_tag-history","9":"product_tag-political-economy","10":"pa_auteur-vauban-sebastien-le-prestre-de-2","11":"pa_type-de-livre-printed-book","13":"first","14":"instock","15":"shipping-taxable","16":"purchasable","17":"product-type-simple"},"acf":{"artist":" S\u00e9bastien le Prestre de VAUBAN","chapeau":"","adresse_bibliographique":"1707","book_type":"Printed book","provenance":"","afficher_prix":""},"yoast_head":"<!-- This site is optimized with the Yoast SEO plugin v24.7 - https:\/\/yoast.com\/wordpress\/plugins\/seo\/ -->\n<title>VAUBAN S\u00e9bastien le Prestre de Projet d&#039;une Dixme Royale. Qui supprimant la Taille, les Aydes, les Do\u00fcanes d&#039;une province \u00e0 l&#039;autre, les D\u00e9cimes du clerg\u00e9, les Affaires extraordinaires; &amp; tous autres Imp\u00f4ts onereux... - Libairie Clavreuil<\/title>\n<meta name=\"robots\" content=\"index, follow, max-snippet:-1, max-image-preview:large, max-video-preview:-1\" \/>\n<link rel=\"canonical\" href=\"https:\/\/www.librairieclavreuil.com\/en\/vauban-sebastien-le-prestre-de-projet-dune-dixme-royale-qui-supprimant-la-taille-les-aydes-les-douanes-dune-province-a-lautre-les-decimes-du-clerge-les-affaires-extraordinaires-tous\/\" \/>\n<meta property=\"og:locale\" content=\"en_US\" \/>\n<meta property=\"og:type\" content=\"article\" \/>\n<meta property=\"og:title\" content=\"VAUBAN S\u00e9bastien le Prestre de Projet d&#039;une Dixme Royale. Qui supprimant la Taille, les Aydes, les Do\u00fcanes d&#039;une province \u00e0 l&#039;autre, les D\u00e9cimes du clerg\u00e9, les Affaires extraordinaires; &amp; tous autres Imp\u00f4ts onereux... - Libairie Clavreuil\" \/>\n<meta property=\"og:description\" content=\"12mo (165 x 95 mm) of VIII, 268 pp., 4 folding tables, title with armillary sphere. Contemporary tortoiseshell calf, spine with raised bands, speckled edges&nbsp;(expertly rebacked).\" \/>\n<meta property=\"og:url\" content=\"https:\/\/www.librairieclavreuil.com\/en\/vauban-sebastien-le-prestre-de-projet-dune-dixme-royale-qui-supprimant-la-taille-les-aydes-les-douanes-dune-province-a-lautre-les-decimes-du-clerge-les-affaires-extraordinaires-tous\/\" \/>\n<meta property=\"og:site_name\" content=\"Libairie Clavreuil\" \/>\n<meta property=\"article:modified_time\" content=\"2024-07-15T15:41:49+00:00\" \/>\n<meta property=\"og:image\" content=\"https:\/\/www.librairieclavreuil.com\/wp-content\/uploads\/2024\/04\/sebastien-le-prestre-de-vauban-projet-d-une-dixme-royale-qui-supprimant-la-taille-les-aydes-les-doueanes-d-une-province-a-l-autre-les-decimes-du-clerg-scaled.jpg\" \/>\n\t<meta property=\"og:image:width\" content=\"1457\" \/>\n\t<meta property=\"og:image:height\" content=\"2560\" \/>\n\t<meta property=\"og:image:type\" content=\"image\/jpeg\" \/>\n<meta name=\"twitter:card\" content=\"summary_large_image\" \/>\n<meta name=\"twitter:label1\" content=\"Est. reading time\" \/>\n\t<meta name=\"twitter:data1\" content=\"2 minutes\" \/>\n<script type=\"application\/ld+json\" class=\"yoast-schema-graph\">{\"@context\":\"https:\/\/schema.org\",\"@graph\":[{\"@type\":\"WebPage\",\"@id\":\"https:\/\/www.librairieclavreuil.com\/en\/vauban-sebastien-le-prestre-de-projet-dune-dixme-royale-qui-supprimant-la-taille-les-aydes-les-douanes-dune-province-a-lautre-les-decimes-du-clerge-les-affaires-extraordinaires-tous\/\",\"url\":\"https:\/\/www.librairieclavreuil.com\/en\/vauban-sebastien-le-prestre-de-projet-dune-dixme-royale-qui-supprimant-la-taille-les-aydes-les-douanes-dune-province-a-lautre-les-decimes-du-clerge-les-affaires-extraordinaires-tous\/\",\"name\":\"VAUBAN S\u00e9bastien le Prestre de Projet d'une Dixme Royale. Qui supprimant la Taille, les Aydes, les Do\u00fcanes d'une province \u00e0 l'autre, les D\u00e9cimes du clerg\u00e9, les Affaires extraordinaires; &amp; tous autres Imp\u00f4ts onereux... - Libairie Clavreuil\",\"isPartOf\":{\"@id\":\"https:\/\/www.librairieclavreuil.com\/#website\"},\"primaryImageOfPage\":{\"@id\":\"https:\/\/www.librairieclavreuil.com\/en\/vauban-sebastien-le-prestre-de-projet-dune-dixme-royale-qui-supprimant-la-taille-les-aydes-les-douanes-dune-province-a-lautre-les-decimes-du-clerge-les-affaires-extraordinaires-tous\/#primaryimage\"},\"image\":{\"@id\":\"https:\/\/www.librairieclavreuil.com\/en\/vauban-sebastien-le-prestre-de-projet-dune-dixme-royale-qui-supprimant-la-taille-les-aydes-les-douanes-dune-province-a-lautre-les-decimes-du-clerge-les-affaires-extraordinaires-tous\/#primaryimage\"},\"thumbnailUrl\":\"https:\/\/www.librairieclavreuil.com\/wp-content\/uploads\/2024\/04\/sebastien-le-prestre-de-vauban-projet-d-une-dixme-royale-qui-supprimant-la-taille-les-aydes-les-doueanes-d-une-province-a-l-autre-les-decimes-du-clerg-scaled.jpg\",\"datePublished\":\"2024-04-26T08:05:15+00:00\",\"dateModified\":\"2024-07-15T15:41:49+00:00\",\"breadcrumb\":{\"@id\":\"https:\/\/www.librairieclavreuil.com\/en\/vauban-sebastien-le-prestre-de-projet-dune-dixme-royale-qui-supprimant-la-taille-les-aydes-les-douanes-dune-province-a-lautre-les-decimes-du-clerge-les-affaires-extraordinaires-tous\/#breadcrumb\"},\"inLanguage\":\"en-US\",\"potentialAction\":[{\"@type\":\"ReadAction\",\"target\":[\"https:\/\/www.librairieclavreuil.com\/en\/vauban-sebastien-le-prestre-de-projet-dune-dixme-royale-qui-supprimant-la-taille-les-aydes-les-douanes-dune-province-a-lautre-les-decimes-du-clerge-les-affaires-extraordinaires-tous\/\"]}]},{\"@type\":\"ImageObject\",\"inLanguage\":\"en-US\",\"@id\":\"https:\/\/www.librairieclavreuil.com\/en\/vauban-sebastien-le-prestre-de-projet-dune-dixme-royale-qui-supprimant-la-taille-les-aydes-les-douanes-dune-province-a-lautre-les-decimes-du-clerge-les-affaires-extraordinaires-tous\/#primaryimage\",\"url\":\"https:\/\/www.librairieclavreuil.com\/wp-content\/uploads\/2024\/04\/sebastien-le-prestre-de-vauban-projet-d-une-dixme-royale-qui-supprimant-la-taille-les-aydes-les-doueanes-d-une-province-a-l-autre-les-decimes-du-clerg-scaled.jpg\",\"contentUrl\":\"https:\/\/www.librairieclavreuil.com\/wp-content\/uploads\/2024\/04\/sebastien-le-prestre-de-vauban-projet-d-une-dixme-royale-qui-supprimant-la-taille-les-aydes-les-doueanes-d-une-province-a-l-autre-les-decimes-du-clerg-scaled.jpg\",\"width\":1457,\"height\":2560},{\"@type\":\"BreadcrumbList\",\"@id\":\"https:\/\/www.librairieclavreuil.com\/en\/vauban-sebastien-le-prestre-de-projet-dune-dixme-royale-qui-supprimant-la-taille-les-aydes-les-douanes-dune-province-a-lautre-les-decimes-du-clerge-les-affaires-extraordinaires-tous\/#breadcrumb\",\"itemListElement\":[{\"@type\":\"ListItem\",\"position\":1,\"name\":\"Accueil\",\"item\":\"https:\/\/www.librairieclavreuil.com\/\"},{\"@type\":\"ListItem\",\"position\":2,\"name\":\"All our books\",\"item\":\"https:\/\/www.librairieclavreuil.com\/en\/all-our-books\/\"},{\"@type\":\"ListItem\",\"position\":3,\"name\":\"VAUBAN S\u00e9bastien le Prestre de Projet d&#8217;une Dixme Royale. Qui supprimant la Taille, les Aydes, les Do\u00fcanes d&#8217;une province \u00e0 l&#8217;autre, les D\u00e9cimes du clerg\u00e9, les Affaires extraordinaires; &amp; tous autres Imp\u00f4ts onereux&#8230;\"}]},{\"@type\":\"WebSite\",\"@id\":\"https:\/\/www.librairieclavreuil.com\/#website\",\"url\":\"https:\/\/www.librairieclavreuil.com\/\",\"name\":\"Libairie Clavreuil\",\"description\":\"Livres anciens, manuscrits rares et \u00e9ditions originales \u2013 Librairie Clavreuil\",\"publisher\":{\"@id\":\"https:\/\/www.librairieclavreuil.com\/#organization\"},\"potentialAction\":[{\"@type\":\"SearchAction\",\"target\":{\"@type\":\"EntryPoint\",\"urlTemplate\":\"https:\/\/www.librairieclavreuil.com\/?s={search_term_string}\"},\"query-input\":{\"@type\":\"PropertyValueSpecification\",\"valueRequired\":true,\"valueName\":\"search_term_string\"}}],\"inLanguage\":\"en-US\"},{\"@type\":\"Organization\",\"@id\":\"https:\/\/www.librairieclavreuil.com\/#organization\",\"name\":\"Libairie Clavreuil\",\"url\":\"https:\/\/www.librairieclavreuil.com\/\",\"logo\":{\"@type\":\"ImageObject\",\"inLanguage\":\"en-US\",\"@id\":\"https:\/\/www.librairieclavreuil.com\/#\/schema\/logo\/image\/\",\"url\":\"https:\/\/www.librairieclavreuil.com\/wp-content\/uploads\/2021\/06\/cropped-LOGO_PNG_DATE-_gold-512x512-1.png\",\"contentUrl\":\"https:\/\/www.librairieclavreuil.com\/wp-content\/uploads\/2021\/06\/cropped-LOGO_PNG_DATE-_gold-512x512-1.png\",\"width\":512,\"height\":512,\"caption\":\"Libairie Clavreuil\"},\"image\":{\"@id\":\"https:\/\/www.librairieclavreuil.com\/#\/schema\/logo\/image\/\"},\"sameAs\":[\"https:\/\/www.instagram.com\/librairieclavreuil\/\"]}]}<\/script>\n<!-- \/ Yoast SEO plugin. -->","yoast_head_json":{"title":"VAUBAN S\u00e9bastien le Prestre de Projet d'une Dixme Royale. Qui supprimant la Taille, les Aydes, les Do\u00fcanes d'une province \u00e0 l'autre, les D\u00e9cimes du clerg\u00e9, les Affaires extraordinaires; &amp; tous autres Imp\u00f4ts onereux... - Libairie Clavreuil","robots":{"index":"index","follow":"follow","max-snippet":"max-snippet:-1","max-image-preview":"max-image-preview:large","max-video-preview":"max-video-preview:-1"},"canonical":"https:\/\/www.librairieclavreuil.com\/en\/vauban-sebastien-le-prestre-de-projet-dune-dixme-royale-qui-supprimant-la-taille-les-aydes-les-douanes-dune-province-a-lautre-les-decimes-du-clerge-les-affaires-extraordinaires-tous\/","og_locale":"en_US","og_type":"article","og_title":"VAUBAN S\u00e9bastien le Prestre de Projet d'une Dixme Royale. Qui supprimant la Taille, les Aydes, les Do\u00fcanes d'une province \u00e0 l'autre, les D\u00e9cimes du clerg\u00e9, les Affaires extraordinaires; &amp; tous autres Imp\u00f4ts onereux... - Libairie Clavreuil","og_description":"12mo (165 x 95 mm) of VIII, 268 pp., 4 folding tables, title with armillary sphere. Contemporary tortoiseshell calf, spine with raised bands, speckled edges&nbsp;(expertly rebacked).","og_url":"https:\/\/www.librairieclavreuil.com\/en\/vauban-sebastien-le-prestre-de-projet-dune-dixme-royale-qui-supprimant-la-taille-les-aydes-les-douanes-dune-province-a-lautre-les-decimes-du-clerge-les-affaires-extraordinaires-tous\/","og_site_name":"Libairie Clavreuil","article_modified_time":"2024-07-15T15:41:49+00:00","og_image":[{"width":1457,"height":2560,"url":"https:\/\/www.librairieclavreuil.com\/wp-content\/uploads\/2024\/04\/sebastien-le-prestre-de-vauban-projet-d-une-dixme-royale-qui-supprimant-la-taille-les-aydes-les-doueanes-d-une-province-a-l-autre-les-decimes-du-clerg-scaled.jpg","type":"image\/jpeg"}],"twitter_card":"summary_large_image","twitter_misc":{"Est. reading time":"2 minutes"},"schema":{"@context":"https:\/\/schema.org","@graph":[{"@type":"WebPage","@id":"https:\/\/www.librairieclavreuil.com\/en\/vauban-sebastien-le-prestre-de-projet-dune-dixme-royale-qui-supprimant-la-taille-les-aydes-les-douanes-dune-province-a-lautre-les-decimes-du-clerge-les-affaires-extraordinaires-tous\/","url":"https:\/\/www.librairieclavreuil.com\/en\/vauban-sebastien-le-prestre-de-projet-dune-dixme-royale-qui-supprimant-la-taille-les-aydes-les-douanes-dune-province-a-lautre-les-decimes-du-clerge-les-affaires-extraordinaires-tous\/","name":"VAUBAN S\u00e9bastien le Prestre de Projet d'une Dixme Royale. Qui supprimant la Taille, les Aydes, les Do\u00fcanes d'une province \u00e0 l'autre, les D\u00e9cimes du clerg\u00e9, les Affaires extraordinaires; &amp; tous autres Imp\u00f4ts onereux... - Libairie Clavreuil","isPartOf":{"@id":"https:\/\/www.librairieclavreuil.com\/#website"},"primaryImageOfPage":{"@id":"https:\/\/www.librairieclavreuil.com\/en\/vauban-sebastien-le-prestre-de-projet-dune-dixme-royale-qui-supprimant-la-taille-les-aydes-les-douanes-dune-province-a-lautre-les-decimes-du-clerge-les-affaires-extraordinaires-tous\/#primaryimage"},"image":{"@id":"https:\/\/www.librairieclavreuil.com\/en\/vauban-sebastien-le-prestre-de-projet-dune-dixme-royale-qui-supprimant-la-taille-les-aydes-les-douanes-dune-province-a-lautre-les-decimes-du-clerge-les-affaires-extraordinaires-tous\/#primaryimage"},"thumbnailUrl":"https:\/\/www.librairieclavreuil.com\/wp-content\/uploads\/2024\/04\/sebastien-le-prestre-de-vauban-projet-d-une-dixme-royale-qui-supprimant-la-taille-les-aydes-les-doueanes-d-une-province-a-l-autre-les-decimes-du-clerg-scaled.jpg","datePublished":"2024-04-26T08:05:15+00:00","dateModified":"2024-07-15T15:41:49+00:00","breadcrumb":{"@id":"https:\/\/www.librairieclavreuil.com\/en\/vauban-sebastien-le-prestre-de-projet-dune-dixme-royale-qui-supprimant-la-taille-les-aydes-les-douanes-dune-province-a-lautre-les-decimes-du-clerge-les-affaires-extraordinaires-tous\/#breadcrumb"},"inLanguage":"en-US","potentialAction":[{"@type":"ReadAction","target":["https:\/\/www.librairieclavreuil.com\/en\/vauban-sebastien-le-prestre-de-projet-dune-dixme-royale-qui-supprimant-la-taille-les-aydes-les-douanes-dune-province-a-lautre-les-decimes-du-clerge-les-affaires-extraordinaires-tous\/"]}]},{"@type":"ImageObject","inLanguage":"en-US","@id":"https:\/\/www.librairieclavreuil.com\/en\/vauban-sebastien-le-prestre-de-projet-dune-dixme-royale-qui-supprimant-la-taille-les-aydes-les-douanes-dune-province-a-lautre-les-decimes-du-clerge-les-affaires-extraordinaires-tous\/#primaryimage","url":"https:\/\/www.librairieclavreuil.com\/wp-content\/uploads\/2024\/04\/sebastien-le-prestre-de-vauban-projet-d-une-dixme-royale-qui-supprimant-la-taille-les-aydes-les-doueanes-d-une-province-a-l-autre-les-decimes-du-clerg-scaled.jpg","contentUrl":"https:\/\/www.librairieclavreuil.com\/wp-content\/uploads\/2024\/04\/sebastien-le-prestre-de-vauban-projet-d-une-dixme-royale-qui-supprimant-la-taille-les-aydes-les-doueanes-d-une-province-a-l-autre-les-decimes-du-clerg-scaled.jpg","width":1457,"height":2560},{"@type":"BreadcrumbList","@id":"https:\/\/www.librairieclavreuil.com\/en\/vauban-sebastien-le-prestre-de-projet-dune-dixme-royale-qui-supprimant-la-taille-les-aydes-les-douanes-dune-province-a-lautre-les-decimes-du-clerge-les-affaires-extraordinaires-tous\/#breadcrumb","itemListElement":[{"@type":"ListItem","position":1,"name":"Accueil","item":"https:\/\/www.librairieclavreuil.com\/"},{"@type":"ListItem","position":2,"name":"All our books","item":"https:\/\/www.librairieclavreuil.com\/en\/all-our-books\/"},{"@type":"ListItem","position":3,"name":"VAUBAN S\u00e9bastien le Prestre de Projet d&#8217;une Dixme Royale. Qui supprimant la Taille, les Aydes, les Do\u00fcanes d&#8217;une province \u00e0 l&#8217;autre, les D\u00e9cimes du clerg\u00e9, les Affaires extraordinaires; &amp; tous autres Imp\u00f4ts onereux&#8230;"}]},{"@type":"WebSite","@id":"https:\/\/www.librairieclavreuil.com\/#website","url":"https:\/\/www.librairieclavreuil.com\/","name":"Libairie Clavreuil","description":"Livres anciens, manuscrits rares et \u00e9ditions originales \u2013 Librairie Clavreuil","publisher":{"@id":"https:\/\/www.librairieclavreuil.com\/#organization"},"potentialAction":[{"@type":"SearchAction","target":{"@type":"EntryPoint","urlTemplate":"https:\/\/www.librairieclavreuil.com\/?s={search_term_string}"},"query-input":{"@type":"PropertyValueSpecification","valueRequired":true,"valueName":"search_term_string"}}],"inLanguage":"en-US"},{"@type":"Organization","@id":"https:\/\/www.librairieclavreuil.com\/#organization","name":"Libairie Clavreuil","url":"https:\/\/www.librairieclavreuil.com\/","logo":{"@type":"ImageObject","inLanguage":"en-US","@id":"https:\/\/www.librairieclavreuil.com\/#\/schema\/logo\/image\/","url":"https:\/\/www.librairieclavreuil.com\/wp-content\/uploads\/2021\/06\/cropped-LOGO_PNG_DATE-_gold-512x512-1.png","contentUrl":"https:\/\/www.librairieclavreuil.com\/wp-content\/uploads\/2021\/06\/cropped-LOGO_PNG_DATE-_gold-512x512-1.png","width":512,"height":512,"caption":"Libairie Clavreuil"},"image":{"@id":"https:\/\/www.librairieclavreuil.com\/#\/schema\/logo\/image\/"},"sameAs":["https:\/\/www.instagram.com\/librairieclavreuil\/"]}]}},"jetpack_sharing_enabled":true,"_links":{"self":[{"href":"https:\/\/www.librairieclavreuil.com\/en\/wp-json\/wp\/v2\/product\/76821","targetHints":{"allow":["GET"]}}],"collection":[{"href":"https:\/\/www.librairieclavreuil.com\/en\/wp-json\/wp\/v2\/product"}],"about":[{"href":"https:\/\/www.librairieclavreuil.com\/en\/wp-json\/wp\/v2\/types\/product"}],"replies":[{"embeddable":true,"href":"https:\/\/www.librairieclavreuil.com\/en\/wp-json\/wp\/v2\/comments?post=76821"}],"wp:featuredmedia":[{"embeddable":true,"href":"https:\/\/www.librairieclavreuil.com\/en\/wp-json\/wp\/v2\/media\/76814"}],"wp:attachment":[{"href":"https:\/\/www.librairieclavreuil.com\/en\/wp-json\/wp\/v2\/media?parent=76821"}],"wp:term":[{"taxonomy":"product_brand","embeddable":true,"href":"https:\/\/www.librairieclavreuil.com\/en\/wp-json\/wp\/v2\/product_brand?post=76821"},{"taxonomy":"product_cat","embeddable":true,"href":"https:\/\/www.librairieclavreuil.com\/en\/wp-json\/wp\/v2\/product_cat?post=76821"},{"taxonomy":"product_tag","embeddable":true,"href":"https:\/\/www.librairieclavreuil.com\/en\/wp-json\/wp\/v2\/product_tag?post=76821"}],"curies":[{"name":"wp","href":"https:\/\/api.w.org\/{rel}","templated":true}]}}