{"id":75762,"date":"2024-04-24T18:08:26","date_gmt":"2024-04-24T16:08:26","guid":{"rendered":"https:\/\/clavreuil-wordpress.logiciel-arteo.fr\/cevallos-pedro-confederation-des-royaumes-et-provinces-despagne-contre-buonaparte-ou-recueil-des-pieces-officielles-publiees-relativement-aux-affaires-despagne-depuis-lusurpation-de-buonapart\/"},"modified":"2024-07-19T16:19:53","modified_gmt":"2024-07-19T14:19:53","slug":"cevallos-pedro-confederation-des-royaumes-et-provinces-despagne-contre-buonaparte-ou-recueil-des-pieces-officielles-publiees-relativement-aux-affaires-despagne-depuis-lusurpation-de-buonapart","status":"publish","type":"product","link":"https:\/\/www.librairieclavreuil.com\/en\/cevallos-pedro-confederation-des-royaumes-et-provinces-despagne-contre-buonaparte-ou-recueil-des-pieces-officielles-publiees-relativement-aux-affaires-despagne-depuis-lusurpation-de-buonapart\/","title":{"rendered":"CEVALLOS Pedro Conf\u00e9d\u00e9ration des royaumes et provinces d&#8217;Espagne..."},"content":{"rendered":"<p style=\"text-align:justify\"><span style=\"font-variant:small-caps\">First edition of this extremely rare work.<\/span><\/p>\n<p style=\"text-align:justify\">Handwritten inscription at the end of the foreword : &#8220;Comte d&#8217;Antraigues&#8221;. The signature is that of Louis-Alexandre de Launay, Count of Antraigues (https:\/\/www.traces-ecrites.com\/document\/louis-dantraigues-ecrit-a-saint-huberti\/).<\/p>\n<p style=\"text-align:justify\">In 1805 he published<i> Traduction d&#8217;un fragment du XVIII. Livre de Polybe trouv\u00e9 dans le monast\u00e8re Sainte Laure au Mont Athos<\/i>, which was in fact a violent pamphlet aimed at Napoleon and the First Empire.<\/p>\n<p style=\"text-align:justify\">The foreword praises the patient and determined Spanish people, who can only defeat the Corsican tyrant:&nbsp;&#8220;Savoir mourir, et savoir ha\u00efr ; voil\u00e0 les gages de la Victoire pour les Espagnols [&#8230;] L\u2019\u0153uvre qu&#8217;ils ont entreprise [sic] seroit elle la plus h\u00e9ro\u00efque de toutes les gloires, si les succ\u00e8s constans \u00e9toient le partage de tous ceux qui r\u00e9sistent \u00e0 la tyrannie.&#8221;<\/p>\n<p style=\"text-align:justify\">The official documents presented afterwards look back at the politics and events of 1808. This was a decisive year for Spain, marking the start of the War of Independence.<\/p>\n<p style=\"text-align:justify\">Provenance: Canning family (coat of arms on boards), possibly George Canning (1770-1827), Prime Minister of the United Kingdom and Foreign Secretary; or Charles Canning (1812-1862) Governor General of India from 1856 to 1862 then 1st Viceroy of India. Lord of Rosebery (bookplate of his estate, the Durdans, on the upper flyleaf and stamps on the spine and title pages). Probably Archibald Philip Primrose (1847 -1929), 5th Earl of Rosebery, also British Prime Minister from 1894 to 1895.<\/p>\n","protected":false},"excerpt":{"rendered":"<p>12mo (156 x 96 mm) de XIII pp., 258 pp., 1nn.l. (achev\u00e9 d&#8217;imprimer). Long-grained red morocco with the arms of the Canning family on the boards, flat spine gilt, inner roll, gilt edges (<i>English contemporary binding<\/i>).<\/p>\n","protected":false},"featured_media":75757,"comment_status":"open","ping_status":"closed","template":"","meta":{"_acf_changed":false},"product_brand":[],"product_cat":[530],"product_tag":[1270,1267,1390,1450,1213,1264,1393],"class_list":{"0":"post-75762","1":"product","2":"type-product","3":"status-publish","4":"has-post-thumbnail","6":"product_cat-binding","7":"product_tag-armoured","8":"product_tag-binding","9":"product_tag-europe-2","10":"product_tag-first-edition","11":"product_tag-history","12":"product_tag-inscription","13":"product_tag-spain","14":"pa_auteur-cevallos-pedro-2","15":"pa_type-de-livre-printed-book","17":"first","18":"instock","19":"shipping-taxable","20":"purchasable","21":"product-type-simple"},"acf":{"artist":" Pedro CEVALLOS","chapeau":"No copy in a French institution \r\nHandwritten inscription by the Count of Antraigues","adresse_bibliographique":"Londres, imprimerie de T. Harper, 1810","book_type":"Printed book","provenance":"","afficher_prix":""},"yoast_head":"<!-- This site is optimized with the Yoast SEO plugin v24.7 - https:\/\/yoast.com\/wordpress\/plugins\/seo\/ -->\n<title>CEVALLOS Pedro Conf\u00e9d\u00e9ration des royaumes et provinces d&#039;Espagne contre Buonaparte, ou, Recueil des pi\u00e8ces officielles publi\u00e9es relativement aux affaires d&#039;Espagne depuis l&#039;usurpation de Buonaparte, auquel on a ajout\u00e9 l&#039;exposition des faits, &amp;c. &amp;c. &amp;c., publi\u00e9e par Don Pedro Cevallos. - Libairie Clavreuil<\/title>\n<meta name=\"robots\" content=\"index, follow, max-snippet:-1, max-image-preview:large, max-video-preview:-1\" \/>\n<link rel=\"canonical\" href=\"https:\/\/www.librairieclavreuil.com\/produit\/cevallos-pedro-confederation-des-royaumes-et-provinces-despagne-contre-buonaparte-ou-recueil-des-pieces-officielles-publiees-relativement-aux-affaires-despagne-depuis-lusurpation-de-buonapart\/\" \/>\n<meta property=\"og:locale\" content=\"en_US\" \/>\n<meta property=\"og:type\" content=\"article\" \/>\n<meta property=\"og:title\" content=\"CEVALLOS Pedro Conf\u00e9d\u00e9ration des royaumes et provinces d&#039;Espagne contre Buonaparte, ou, Recueil des pi\u00e8ces officielles publi\u00e9es relativement aux affaires d&#039;Espagne depuis l&#039;usurpation de Buonaparte, auquel on a ajout\u00e9 l&#039;exposition des faits, &amp;c. &amp;c. &amp;c., publi\u00e9e par Don Pedro Cevallos. - Libairie Clavreuil\" \/>\n<meta property=\"og:description\" content=\"12mo (156 x 96 mm) de XIII pp., 258 pp., 1nn.l. (achev\u00e9 d&#039;imprimer). Long-grained red morocco with the arms of the Canning family on the boards, flat spine gilt, inner roll, gilt edges (English contemporary binding).\" \/>\n<meta property=\"og:url\" content=\"https:\/\/www.librairieclavreuil.com\/produit\/cevallos-pedro-confederation-des-royaumes-et-provinces-despagne-contre-buonaparte-ou-recueil-des-pieces-officielles-publiees-relativement-aux-affaires-despagne-depuis-lusurpation-de-buonapart\/\" \/>\n<meta property=\"og:site_name\" content=\"Libairie Clavreuil\" \/>\n<meta property=\"article:modified_time\" content=\"2024-07-19T14:19:53+00:00\" \/>\n<meta property=\"og:image\" content=\"https:\/\/www.librairieclavreuil.com\/wp-content\/uploads\/2024\/04\/pedro-cevallos-confederation-des-royaumes-et-provinces-d-espagne-contre-buonaparte-ou-recueil-des-pieces-officielles-publiees-relativement-aux-affaire-scaled.jpg\" \/>\n\t<meta property=\"og:image:width\" content=\"1975\" \/>\n\t<meta property=\"og:image:height\" content=\"2560\" \/>\n\t<meta property=\"og:image:type\" content=\"image\/jpeg\" \/>\n<meta name=\"twitter:card\" content=\"summary_large_image\" \/>\n<meta name=\"twitter:label1\" content=\"Est. reading time\" \/>\n\t<meta name=\"twitter:data1\" content=\"1 minute\" \/>\n<script type=\"application\/ld+json\" class=\"yoast-schema-graph\">{\"@context\":\"https:\/\/schema.org\",\"@graph\":[{\"@type\":\"WebPage\",\"@id\":\"https:\/\/www.librairieclavreuil.com\/produit\/cevallos-pedro-confederation-des-royaumes-et-provinces-despagne-contre-buonaparte-ou-recueil-des-pieces-officielles-publiees-relativement-aux-affaires-despagne-depuis-lusurpation-de-buonapart\/\",\"url\":\"https:\/\/www.librairieclavreuil.com\/produit\/cevallos-pedro-confederation-des-royaumes-et-provinces-despagne-contre-buonaparte-ou-recueil-des-pieces-officielles-publiees-relativement-aux-affaires-despagne-depuis-lusurpation-de-buonapart\/\",\"name\":\"CEVALLOS Pedro Conf\u00e9d\u00e9ration des royaumes et provinces d'Espagne contre Buonaparte, ou, Recueil des pi\u00e8ces officielles publi\u00e9es relativement aux affaires d'Espagne depuis l'usurpation de Buonaparte, auquel on a ajout\u00e9 l'exposition des faits, &amp;c. &amp;c. &amp;c., publi\u00e9e par Don Pedro Cevallos. - Libairie Clavreuil\",\"isPartOf\":{\"@id\":\"https:\/\/www.librairieclavreuil.com\/#website\"},\"primaryImageOfPage\":{\"@id\":\"https:\/\/www.librairieclavreuil.com\/produit\/cevallos-pedro-confederation-des-royaumes-et-provinces-despagne-contre-buonaparte-ou-recueil-des-pieces-officielles-publiees-relativement-aux-affaires-despagne-depuis-lusurpation-de-buonapart\/#primaryimage\"},\"image\":{\"@id\":\"https:\/\/www.librairieclavreuil.com\/produit\/cevallos-pedro-confederation-des-royaumes-et-provinces-despagne-contre-buonaparte-ou-recueil-des-pieces-officielles-publiees-relativement-aux-affaires-despagne-depuis-lusurpation-de-buonapart\/#primaryimage\"},\"thumbnailUrl\":\"https:\/\/www.librairieclavreuil.com\/wp-content\/uploads\/2024\/04\/pedro-cevallos-confederation-des-royaumes-et-provinces-d-espagne-contre-buonaparte-ou-recueil-des-pieces-officielles-publiees-relativement-aux-affaire-scaled.jpg\",\"datePublished\":\"2024-04-24T16:08:26+00:00\",\"dateModified\":\"2024-07-19T14:19:53+00:00\",\"breadcrumb\":{\"@id\":\"https:\/\/www.librairieclavreuil.com\/produit\/cevallos-pedro-confederation-des-royaumes-et-provinces-despagne-contre-buonaparte-ou-recueil-des-pieces-officielles-publiees-relativement-aux-affaires-despagne-depuis-lusurpation-de-buonapart\/#breadcrumb\"},\"inLanguage\":\"en-US\",\"potentialAction\":[{\"@type\":\"ReadAction\",\"target\":[\"https:\/\/www.librairieclavreuil.com\/produit\/cevallos-pedro-confederation-des-royaumes-et-provinces-despagne-contre-buonaparte-ou-recueil-des-pieces-officielles-publiees-relativement-aux-affaires-despagne-depuis-lusurpation-de-buonapart\/\"]}]},{\"@type\":\"ImageObject\",\"inLanguage\":\"en-US\",\"@id\":\"https:\/\/www.librairieclavreuil.com\/produit\/cevallos-pedro-confederation-des-royaumes-et-provinces-despagne-contre-buonaparte-ou-recueil-des-pieces-officielles-publiees-relativement-aux-affaires-despagne-depuis-lusurpation-de-buonapart\/#primaryimage\",\"url\":\"https:\/\/www.librairieclavreuil.com\/wp-content\/uploads\/2024\/04\/pedro-cevallos-confederation-des-royaumes-et-provinces-d-espagne-contre-buonaparte-ou-recueil-des-pieces-officielles-publiees-relativement-aux-affaire-scaled.jpg\",\"contentUrl\":\"https:\/\/www.librairieclavreuil.com\/wp-content\/uploads\/2024\/04\/pedro-cevallos-confederation-des-royaumes-et-provinces-d-espagne-contre-buonaparte-ou-recueil-des-pieces-officielles-publiees-relativement-aux-affaire-scaled.jpg\",\"width\":1975,\"height\":2560},{\"@type\":\"BreadcrumbList\",\"@id\":\"https:\/\/www.librairieclavreuil.com\/produit\/cevallos-pedro-confederation-des-royaumes-et-provinces-despagne-contre-buonaparte-ou-recueil-des-pieces-officielles-publiees-relativement-aux-affaires-despagne-depuis-lusurpation-de-buonapart\/#breadcrumb\",\"itemListElement\":[{\"@type\":\"ListItem\",\"position\":1,\"name\":\"Accueil\",\"item\":\"https:\/\/www.librairieclavreuil.com\/\"},{\"@type\":\"ListItem\",\"position\":2,\"name\":\"All our books\",\"item\":\"https:\/\/www.librairieclavreuil.com\/en\/all-our-books\/\"},{\"@type\":\"ListItem\",\"position\":3,\"name\":\"CEVALLOS Pedro Conf\u00e9d\u00e9ration des royaumes et provinces d&rsquo;Espagne...\"}]},{\"@type\":\"WebSite\",\"@id\":\"https:\/\/www.librairieclavreuil.com\/#website\",\"url\":\"https:\/\/www.librairieclavreuil.com\/\",\"name\":\"Libairie Clavreuil\",\"description\":\"Livres anciens, manuscrits rares et \u00e9ditions originales \u2013 Librairie Clavreuil\",\"publisher\":{\"@id\":\"https:\/\/www.librairieclavreuil.com\/#organization\"},\"potentialAction\":[{\"@type\":\"SearchAction\",\"target\":{\"@type\":\"EntryPoint\",\"urlTemplate\":\"https:\/\/www.librairieclavreuil.com\/?s={search_term_string}\"},\"query-input\":{\"@type\":\"PropertyValueSpecification\",\"valueRequired\":true,\"valueName\":\"search_term_string\"}}],\"inLanguage\":\"en-US\"},{\"@type\":\"Organization\",\"@id\":\"https:\/\/www.librairieclavreuil.com\/#organization\",\"name\":\"Libairie Clavreuil\",\"url\":\"https:\/\/www.librairieclavreuil.com\/\",\"logo\":{\"@type\":\"ImageObject\",\"inLanguage\":\"en-US\",\"@id\":\"https:\/\/www.librairieclavreuil.com\/#\/schema\/logo\/image\/\",\"url\":\"https:\/\/www.librairieclavreuil.com\/wp-content\/uploads\/2021\/06\/cropped-LOGO_PNG_DATE-_gold-512x512-1.png\",\"contentUrl\":\"https:\/\/www.librairieclavreuil.com\/wp-content\/uploads\/2021\/06\/cropped-LOGO_PNG_DATE-_gold-512x512-1.png\",\"width\":512,\"height\":512,\"caption\":\"Libairie Clavreuil\"},\"image\":{\"@id\":\"https:\/\/www.librairieclavreuil.com\/#\/schema\/logo\/image\/\"},\"sameAs\":[\"https:\/\/www.instagram.com\/librairieclavreuil\/\"]}]}<\/script>\n<!-- \/ Yoast SEO plugin. -->","yoast_head_json":{"title":"CEVALLOS Pedro Conf\u00e9d\u00e9ration des royaumes et provinces d'Espagne contre Buonaparte, ou, Recueil des pi\u00e8ces officielles publi\u00e9es relativement aux affaires d'Espagne depuis l'usurpation de Buonaparte, auquel on a ajout\u00e9 l'exposition des faits, &amp;c. &amp;c. &amp;c., publi\u00e9e par Don Pedro Cevallos. - Libairie Clavreuil","robots":{"index":"index","follow":"follow","max-snippet":"max-snippet:-1","max-image-preview":"max-image-preview:large","max-video-preview":"max-video-preview:-1"},"canonical":"https:\/\/www.librairieclavreuil.com\/produit\/cevallos-pedro-confederation-des-royaumes-et-provinces-despagne-contre-buonaparte-ou-recueil-des-pieces-officielles-publiees-relativement-aux-affaires-despagne-depuis-lusurpation-de-buonapart\/","og_locale":"en_US","og_type":"article","og_title":"CEVALLOS Pedro Conf\u00e9d\u00e9ration des royaumes et provinces d'Espagne contre Buonaparte, ou, Recueil des pi\u00e8ces officielles publi\u00e9es relativement aux affaires d'Espagne depuis l'usurpation de Buonaparte, auquel on a ajout\u00e9 l'exposition des faits, &amp;c. &amp;c. &amp;c., publi\u00e9e par Don Pedro Cevallos. - Libairie Clavreuil","og_description":"12mo (156 x 96 mm) de XIII pp., 258 pp., 1nn.l. (achev\u00e9 d'imprimer). Long-grained red morocco with the arms of the Canning family on the boards, flat spine gilt, inner roll, gilt edges (English contemporary binding).","og_url":"https:\/\/www.librairieclavreuil.com\/produit\/cevallos-pedro-confederation-des-royaumes-et-provinces-despagne-contre-buonaparte-ou-recueil-des-pieces-officielles-publiees-relativement-aux-affaires-despagne-depuis-lusurpation-de-buonapart\/","og_site_name":"Libairie Clavreuil","article_modified_time":"2024-07-19T14:19:53+00:00","og_image":[{"width":1975,"height":2560,"url":"https:\/\/www.librairieclavreuil.com\/wp-content\/uploads\/2024\/04\/pedro-cevallos-confederation-des-royaumes-et-provinces-d-espagne-contre-buonaparte-ou-recueil-des-pieces-officielles-publiees-relativement-aux-affaire-scaled.jpg","type":"image\/jpeg"}],"twitter_card":"summary_large_image","twitter_misc":{"Est. reading time":"1 minute"},"schema":{"@context":"https:\/\/schema.org","@graph":[{"@type":"WebPage","@id":"https:\/\/www.librairieclavreuil.com\/produit\/cevallos-pedro-confederation-des-royaumes-et-provinces-despagne-contre-buonaparte-ou-recueil-des-pieces-officielles-publiees-relativement-aux-affaires-despagne-depuis-lusurpation-de-buonapart\/","url":"https:\/\/www.librairieclavreuil.com\/produit\/cevallos-pedro-confederation-des-royaumes-et-provinces-despagne-contre-buonaparte-ou-recueil-des-pieces-officielles-publiees-relativement-aux-affaires-despagne-depuis-lusurpation-de-buonapart\/","name":"CEVALLOS Pedro Conf\u00e9d\u00e9ration des royaumes et provinces d'Espagne contre Buonaparte, ou, Recueil des pi\u00e8ces officielles publi\u00e9es relativement aux affaires d'Espagne depuis l'usurpation de Buonaparte, auquel on a ajout\u00e9 l'exposition des faits, &amp;c. &amp;c. &amp;c., publi\u00e9e par Don Pedro Cevallos. - Libairie Clavreuil","isPartOf":{"@id":"https:\/\/www.librairieclavreuil.com\/#website"},"primaryImageOfPage":{"@id":"https:\/\/www.librairieclavreuil.com\/produit\/cevallos-pedro-confederation-des-royaumes-et-provinces-despagne-contre-buonaparte-ou-recueil-des-pieces-officielles-publiees-relativement-aux-affaires-despagne-depuis-lusurpation-de-buonapart\/#primaryimage"},"image":{"@id":"https:\/\/www.librairieclavreuil.com\/produit\/cevallos-pedro-confederation-des-royaumes-et-provinces-despagne-contre-buonaparte-ou-recueil-des-pieces-officielles-publiees-relativement-aux-affaires-despagne-depuis-lusurpation-de-buonapart\/#primaryimage"},"thumbnailUrl":"https:\/\/www.librairieclavreuil.com\/wp-content\/uploads\/2024\/04\/pedro-cevallos-confederation-des-royaumes-et-provinces-d-espagne-contre-buonaparte-ou-recueil-des-pieces-officielles-publiees-relativement-aux-affaire-scaled.jpg","datePublished":"2024-04-24T16:08:26+00:00","dateModified":"2024-07-19T14:19:53+00:00","breadcrumb":{"@id":"https:\/\/www.librairieclavreuil.com\/produit\/cevallos-pedro-confederation-des-royaumes-et-provinces-despagne-contre-buonaparte-ou-recueil-des-pieces-officielles-publiees-relativement-aux-affaires-despagne-depuis-lusurpation-de-buonapart\/#breadcrumb"},"inLanguage":"en-US","potentialAction":[{"@type":"ReadAction","target":["https:\/\/www.librairieclavreuil.com\/produit\/cevallos-pedro-confederation-des-royaumes-et-provinces-despagne-contre-buonaparte-ou-recueil-des-pieces-officielles-publiees-relativement-aux-affaires-despagne-depuis-lusurpation-de-buonapart\/"]}]},{"@type":"ImageObject","inLanguage":"en-US","@id":"https:\/\/www.librairieclavreuil.com\/produit\/cevallos-pedro-confederation-des-royaumes-et-provinces-despagne-contre-buonaparte-ou-recueil-des-pieces-officielles-publiees-relativement-aux-affaires-despagne-depuis-lusurpation-de-buonapart\/#primaryimage","url":"https:\/\/www.librairieclavreuil.com\/wp-content\/uploads\/2024\/04\/pedro-cevallos-confederation-des-royaumes-et-provinces-d-espagne-contre-buonaparte-ou-recueil-des-pieces-officielles-publiees-relativement-aux-affaire-scaled.jpg","contentUrl":"https:\/\/www.librairieclavreuil.com\/wp-content\/uploads\/2024\/04\/pedro-cevallos-confederation-des-royaumes-et-provinces-d-espagne-contre-buonaparte-ou-recueil-des-pieces-officielles-publiees-relativement-aux-affaire-scaled.jpg","width":1975,"height":2560},{"@type":"BreadcrumbList","@id":"https:\/\/www.librairieclavreuil.com\/produit\/cevallos-pedro-confederation-des-royaumes-et-provinces-despagne-contre-buonaparte-ou-recueil-des-pieces-officielles-publiees-relativement-aux-affaires-despagne-depuis-lusurpation-de-buonapart\/#breadcrumb","itemListElement":[{"@type":"ListItem","position":1,"name":"Accueil","item":"https:\/\/www.librairieclavreuil.com\/"},{"@type":"ListItem","position":2,"name":"All our books","item":"https:\/\/www.librairieclavreuil.com\/en\/all-our-books\/"},{"@type":"ListItem","position":3,"name":"CEVALLOS Pedro Conf\u00e9d\u00e9ration des royaumes et provinces d&rsquo;Espagne..."}]},{"@type":"WebSite","@id":"https:\/\/www.librairieclavreuil.com\/#website","url":"https:\/\/www.librairieclavreuil.com\/","name":"Libairie Clavreuil","description":"Livres anciens, manuscrits rares et \u00e9ditions originales \u2013 Librairie Clavreuil","publisher":{"@id":"https:\/\/www.librairieclavreuil.com\/#organization"},"potentialAction":[{"@type":"SearchAction","target":{"@type":"EntryPoint","urlTemplate":"https:\/\/www.librairieclavreuil.com\/?s={search_term_string}"},"query-input":{"@type":"PropertyValueSpecification","valueRequired":true,"valueName":"search_term_string"}}],"inLanguage":"en-US"},{"@type":"Organization","@id":"https:\/\/www.librairieclavreuil.com\/#organization","name":"Libairie Clavreuil","url":"https:\/\/www.librairieclavreuil.com\/","logo":{"@type":"ImageObject","inLanguage":"en-US","@id":"https:\/\/www.librairieclavreuil.com\/#\/schema\/logo\/image\/","url":"https:\/\/www.librairieclavreuil.com\/wp-content\/uploads\/2021\/06\/cropped-LOGO_PNG_DATE-_gold-512x512-1.png","contentUrl":"https:\/\/www.librairieclavreuil.com\/wp-content\/uploads\/2021\/06\/cropped-LOGO_PNG_DATE-_gold-512x512-1.png","width":512,"height":512,"caption":"Libairie Clavreuil"},"image":{"@id":"https:\/\/www.librairieclavreuil.com\/#\/schema\/logo\/image\/"},"sameAs":["https:\/\/www.instagram.com\/librairieclavreuil\/"]}]}},"jetpack_sharing_enabled":true,"_links":{"self":[{"href":"https:\/\/www.librairieclavreuil.com\/en\/wp-json\/wp\/v2\/product\/75762","targetHints":{"allow":["GET"]}}],"collection":[{"href":"https:\/\/www.librairieclavreuil.com\/en\/wp-json\/wp\/v2\/product"}],"about":[{"href":"https:\/\/www.librairieclavreuil.com\/en\/wp-json\/wp\/v2\/types\/product"}],"replies":[{"embeddable":true,"href":"https:\/\/www.librairieclavreuil.com\/en\/wp-json\/wp\/v2\/comments?post=75762"}],"wp:featuredmedia":[{"embeddable":true,"href":"https:\/\/www.librairieclavreuil.com\/en\/wp-json\/wp\/v2\/media\/75757"}],"wp:attachment":[{"href":"https:\/\/www.librairieclavreuil.com\/en\/wp-json\/wp\/v2\/media?parent=75762"}],"wp:term":[{"taxonomy":"product_brand","embeddable":true,"href":"https:\/\/www.librairieclavreuil.com\/en\/wp-json\/wp\/v2\/product_brand?post=75762"},{"taxonomy":"product_cat","embeddable":true,"href":"https:\/\/www.librairieclavreuil.com\/en\/wp-json\/wp\/v2\/product_cat?post=75762"},{"taxonomy":"product_tag","embeddable":true,"href":"https:\/\/www.librairieclavreuil.com\/en\/wp-json\/wp\/v2\/product_tag?post=75762"}],"curies":[{"name":"wp","href":"https:\/\/api.w.org\/{rel}","templated":true}]}}