{"id":75215,"date":"2024-04-24T13:11:24","date_gmt":"2024-04-24T11:11:24","guid":{"rendered":"https:\/\/clavreuil-wordpress.logiciel-arteo.fr\/estienne-charles-poetae-graeci-prinipes-heroici-carminis-alii-nonnulli\/"},"modified":"2024-07-17T16:38:12","modified_gmt":"2024-07-17T14:38:12","slug":"estienne-charles-poetae-graeci-prinipes-heroici-carminis-alii-nonnulli","status":"publish","type":"product","link":"https:\/\/www.librairieclavreuil.com\/en\/estienne-charles-poetae-graeci-prinipes-heroici-carminis-alii-nonnulli\/","title":{"rendered":"ESTIENNE Charles Poetae Graeci Prinipes heroici carminis &amp;..."},"content":{"rendered":"<p style=\"text-align:justify\"><i>Renouard, Estienne, 126:5; Schreiber, 160.<\/i><\/p>\n<p style=\"text-align:justify\"><span style=\"font-variant:small-caps\">Henri Estienne&#8217;s masterpiece.<\/span><\/p>\n<p style=\"text-align:justify\"><span style=\"font-variant:small-caps\">The first Estienne edition of this collection of texts by classical Greek authors.<\/span><\/p>\n<p style=\"text-align:justify\">This monumental edition is considered to be one of the typographic masterpieces produced by this famous workshop. In 1566, at the Spring Fair in Frankfurt, Henri Estienne offered for sale the most beautiful book he had ever printed. These two majestic folio volumes are considered to be his typographic masterpieces.<\/p>\n<p style=\"text-align:justify\">They are composed in the large &#8216;king&#8217;s Greek&#8217; typeface, engraved by Claude Garamond from models supplied to him by the Cretan calligrapher Ange Verg\u00e8ce. These are undoubtedly, with the elegant curves of their ligatures, the most beautiful Greek characters ever engraved. A literary monument to Humanism.<\/p>\n<p style=\"text-align:justify\">The first part is dedicated to the poems of Homer, which Estienne arranged according to the study of 19 previous editions; this critical edition remained the model for all subsequent editions until the nineteenth century. The second part is devoted to texts by Hesiod, Orpheus, Callimachus, Theocritus, Bion, Moschus, Aratus, Nicander-Musaeus and Pythagoras. The editio princeps contains fragments by the Greek poets Solon, Turtaeus and Mimnerus.<\/p>\n<p style=\"text-align:justify\">&#8220;Henri Estienne&#8217;s monumental collection of the Greek poets, sumptuously printed in the two large sizes of the &#8216;grecs du roi&#8217;. This is unquestionably Henri Estienne&#8217;s typographic masterpiece, of which copies in fine condition are difficult to come by. The first part is devoted to the Homeric poems; by collating 18 previous printed editions and a vetussissimum exemplar, Henri Estienne succeeded in establishing a critical text of Homer which remained standard until the 19th century&#8230; In this work Henri Estienne has employed his personal diacritical notations, which he devised for this volume and for his edition of the Anthology. At the end of the first part he added 56 pages of Annotationes&#8221; (Schreiber).<\/p>\n<p style=\"text-align:justify\"><span style=\"font-variant:small-caps\">Renouard&#8217;s copy bound in red morocco by Derome<\/span><\/p>\n<p style=\"text-align:justify\">A very fine copy, once owned by the bibliophile, bibliographer and collector Renouard, who noted on the endpaper&nbsp;: &#8220;L&#8217;un des plus beaux monuments de l\u2019\u00e9rudition &amp; de l&#8217;habilit\u00e9 typographique r\u00e9unis. H. Estienne a consult\u00e9 avec autant de sagacit\u00e9 que d&#8217;attention toutes les \u00e9ditions pr\u00e9c\u00e9dentes de ces divers po\u00e8tes, &amp; surtout pour Hom\u00e8re, dont il a publi\u00e9 un texte tellement sup\u00e9rieur que pendant beaucoup d&#8217;ann\u00e9es la plupart des \u00e9diteurs n&#8217;en ont cherch\u00e9 de meilleure copie&#8221;.<\/p>\n<p style=\"text-align:justify\">Provenance: A.A. Renouard (autograph note) &#8211; Leigh (english bookplate from the 19th century).<\/p>\n","protected":false},"excerpt":{"rendered":"<p style=\"text-align:justify\">2 parts in one folio volume (353 x 212 mm) 20, LXII, 410 pp., 2 nn.l., pp. 411-781, 1 blank l., LVI pp. (misnumbered LVII), 489 pp., 1 blank l. Red morocco, triple gilt fillet framing the covers, spine gilt with raised bands, inner roll, gilt edges (<i>Derome le jeune, with his labe<\/i>l).<\/p>\n","protected":false},"featured_media":75210,"comment_status":"open","ping_status":"closed","template":"","meta":{"_acf_changed":false},"product_brand":[],"product_cat":[544],"product_tag":[1243,1267,1250,1253],"class_list":{"0":"post-75215","1":"product","2":"type-product","3":"status-publish","4":"has-post-thumbnail","6":"product_cat-literature","7":"product_tag-16th-century-literature","8":"product_tag-binding","9":"product_tag-greek","10":"product_tag-typography","11":"pa_auteur-estienne-charles-2","12":"pa_type-de-livre-printed-book","14":"first","15":"instock","16":"shipping-taxable","17":"purchasable","18":"product-type-simple"},"acf":{"artist":" Charles ESTIENNE","chapeau":"In red morocco by Derome","adresse_bibliographique":"Gen\u00e8ve, Henri Estienne, 1566","book_type":"Printed book","provenance":"","afficher_prix":""},"yoast_head":"<!-- This site is optimized with the Yoast SEO plugin v24.7 - https:\/\/yoast.com\/wordpress\/plugins\/seo\/ -->\n<title>ESTIENNE Charles Poetae Graeci Prinipes heroici carminis &amp; alii nonnulli. - Libairie Clavreuil<\/title>\n<meta name=\"robots\" content=\"index, follow, max-snippet:-1, max-image-preview:large, max-video-preview:-1\" \/>\n<link rel=\"canonical\" href=\"https:\/\/www.librairieclavreuil.com\/produit\/estienne-charles-poetae-graeci-prinipes-heroici-carminis-alii-nonnulli\/\" \/>\n<meta property=\"og:locale\" content=\"en_US\" \/>\n<meta property=\"og:type\" content=\"article\" \/>\n<meta property=\"og:title\" content=\"ESTIENNE Charles Poetae Graeci Prinipes heroici carminis &amp; alii nonnulli. - Libairie Clavreuil\" \/>\n<meta property=\"og:description\" content=\"2 parts in one folio volume (353 x 212 mm) 20, LXII, 410 pp., 2 nn.l., pp. 411-781, 1 blank l., LVI pp. (misnumbered LVII), 489 pp., 1 blank l. Red morocco, triple gilt fillet framing the covers, spine gilt with raised bands, inner roll, gilt edges (Derome le jeune, with his label).\" \/>\n<meta property=\"og:url\" content=\"https:\/\/www.librairieclavreuil.com\/produit\/estienne-charles-poetae-graeci-prinipes-heroici-carminis-alii-nonnulli\/\" \/>\n<meta property=\"og:site_name\" content=\"Libairie Clavreuil\" \/>\n<meta property=\"article:modified_time\" content=\"2024-07-17T14:38:12+00:00\" \/>\n<meta property=\"og:image\" content=\"https:\/\/www.librairieclavreuil.com\/wp-content\/uploads\/2024\/04\/charles-estienne-poetae-graeci-prinipes-heroici-carminis-alii-nonnulli-5507-65f4615602279-scaled.jpg\" \/>\n\t<meta property=\"og:image:width\" content=\"2105\" \/>\n\t<meta property=\"og:image:height\" content=\"2560\" \/>\n\t<meta property=\"og:image:type\" content=\"image\/jpeg\" \/>\n<meta name=\"twitter:card\" content=\"summary_large_image\" \/>\n<meta name=\"twitter:label1\" content=\"Est. reading time\" \/>\n\t<meta name=\"twitter:data1\" content=\"2 minutes\" \/>\n<script type=\"application\/ld+json\" class=\"yoast-schema-graph\">{\"@context\":\"https:\/\/schema.org\",\"@graph\":[{\"@type\":\"WebPage\",\"@id\":\"https:\/\/www.librairieclavreuil.com\/produit\/estienne-charles-poetae-graeci-prinipes-heroici-carminis-alii-nonnulli\/\",\"url\":\"https:\/\/www.librairieclavreuil.com\/produit\/estienne-charles-poetae-graeci-prinipes-heroici-carminis-alii-nonnulli\/\",\"name\":\"ESTIENNE Charles Poetae Graeci Prinipes heroici carminis &amp; alii nonnulli. - Libairie Clavreuil\",\"isPartOf\":{\"@id\":\"https:\/\/www.librairieclavreuil.com\/#website\"},\"primaryImageOfPage\":{\"@id\":\"https:\/\/www.librairieclavreuil.com\/produit\/estienne-charles-poetae-graeci-prinipes-heroici-carminis-alii-nonnulli\/#primaryimage\"},\"image\":{\"@id\":\"https:\/\/www.librairieclavreuil.com\/produit\/estienne-charles-poetae-graeci-prinipes-heroici-carminis-alii-nonnulli\/#primaryimage\"},\"thumbnailUrl\":\"https:\/\/www.librairieclavreuil.com\/wp-content\/uploads\/2024\/04\/charles-estienne-poetae-graeci-prinipes-heroici-carminis-alii-nonnulli-5507-65f4615602279-scaled.jpg\",\"datePublished\":\"2024-04-24T11:11:24+00:00\",\"dateModified\":\"2024-07-17T14:38:12+00:00\",\"breadcrumb\":{\"@id\":\"https:\/\/www.librairieclavreuil.com\/produit\/estienne-charles-poetae-graeci-prinipes-heroici-carminis-alii-nonnulli\/#breadcrumb\"},\"inLanguage\":\"en-US\",\"potentialAction\":[{\"@type\":\"ReadAction\",\"target\":[\"https:\/\/www.librairieclavreuil.com\/produit\/estienne-charles-poetae-graeci-prinipes-heroici-carminis-alii-nonnulli\/\"]}]},{\"@type\":\"ImageObject\",\"inLanguage\":\"en-US\",\"@id\":\"https:\/\/www.librairieclavreuil.com\/produit\/estienne-charles-poetae-graeci-prinipes-heroici-carminis-alii-nonnulli\/#primaryimage\",\"url\":\"https:\/\/www.librairieclavreuil.com\/wp-content\/uploads\/2024\/04\/charles-estienne-poetae-graeci-prinipes-heroici-carminis-alii-nonnulli-5507-65f4615602279-scaled.jpg\",\"contentUrl\":\"https:\/\/www.librairieclavreuil.com\/wp-content\/uploads\/2024\/04\/charles-estienne-poetae-graeci-prinipes-heroici-carminis-alii-nonnulli-5507-65f4615602279-scaled.jpg\",\"width\":2105,\"height\":2560},{\"@type\":\"BreadcrumbList\",\"@id\":\"https:\/\/www.librairieclavreuil.com\/produit\/estienne-charles-poetae-graeci-prinipes-heroici-carminis-alii-nonnulli\/#breadcrumb\",\"itemListElement\":[{\"@type\":\"ListItem\",\"position\":1,\"name\":\"Accueil\",\"item\":\"https:\/\/www.librairieclavreuil.com\/\"},{\"@type\":\"ListItem\",\"position\":2,\"name\":\"All our books\",\"item\":\"https:\/\/www.librairieclavreuil.com\/en\/all-our-books\/\"},{\"@type\":\"ListItem\",\"position\":3,\"name\":\"ESTIENNE Charles Poetae Graeci Prinipes heroici carminis &amp;...\"}]},{\"@type\":\"WebSite\",\"@id\":\"https:\/\/www.librairieclavreuil.com\/#website\",\"url\":\"https:\/\/www.librairieclavreuil.com\/\",\"name\":\"Libairie Clavreuil\",\"description\":\"Livres anciens, manuscrits rares et \u00e9ditions originales \u2013 Librairie Clavreuil\",\"publisher\":{\"@id\":\"https:\/\/www.librairieclavreuil.com\/#organization\"},\"potentialAction\":[{\"@type\":\"SearchAction\",\"target\":{\"@type\":\"EntryPoint\",\"urlTemplate\":\"https:\/\/www.librairieclavreuil.com\/?s={search_term_string}\"},\"query-input\":{\"@type\":\"PropertyValueSpecification\",\"valueRequired\":true,\"valueName\":\"search_term_string\"}}],\"inLanguage\":\"en-US\"},{\"@type\":\"Organization\",\"@id\":\"https:\/\/www.librairieclavreuil.com\/#organization\",\"name\":\"Libairie Clavreuil\",\"url\":\"https:\/\/www.librairieclavreuil.com\/\",\"logo\":{\"@type\":\"ImageObject\",\"inLanguage\":\"en-US\",\"@id\":\"https:\/\/www.librairieclavreuil.com\/#\/schema\/logo\/image\/\",\"url\":\"https:\/\/www.librairieclavreuil.com\/wp-content\/uploads\/2021\/06\/cropped-LOGO_PNG_DATE-_gold-512x512-1.png\",\"contentUrl\":\"https:\/\/www.librairieclavreuil.com\/wp-content\/uploads\/2021\/06\/cropped-LOGO_PNG_DATE-_gold-512x512-1.png\",\"width\":512,\"height\":512,\"caption\":\"Libairie Clavreuil\"},\"image\":{\"@id\":\"https:\/\/www.librairieclavreuil.com\/#\/schema\/logo\/image\/\"},\"sameAs\":[\"https:\/\/www.instagram.com\/librairieclavreuil\/\"]}]}<\/script>\n<!-- \/ Yoast SEO plugin. -->","yoast_head_json":{"title":"ESTIENNE Charles Poetae Graeci Prinipes heroici carminis &amp; alii nonnulli. - Libairie Clavreuil","robots":{"index":"index","follow":"follow","max-snippet":"max-snippet:-1","max-image-preview":"max-image-preview:large","max-video-preview":"max-video-preview:-1"},"canonical":"https:\/\/www.librairieclavreuil.com\/produit\/estienne-charles-poetae-graeci-prinipes-heroici-carminis-alii-nonnulli\/","og_locale":"en_US","og_type":"article","og_title":"ESTIENNE Charles Poetae Graeci Prinipes heroici carminis &amp; alii nonnulli. - Libairie Clavreuil","og_description":"2 parts in one folio volume (353 x 212 mm) 20, LXII, 410 pp., 2 nn.l., pp. 411-781, 1 blank l., LVI pp. (misnumbered LVII), 489 pp., 1 blank l. Red morocco, triple gilt fillet framing the covers, spine gilt with raised bands, inner roll, gilt edges (Derome le jeune, with his label).","og_url":"https:\/\/www.librairieclavreuil.com\/produit\/estienne-charles-poetae-graeci-prinipes-heroici-carminis-alii-nonnulli\/","og_site_name":"Libairie Clavreuil","article_modified_time":"2024-07-17T14:38:12+00:00","og_image":[{"width":2105,"height":2560,"url":"https:\/\/www.librairieclavreuil.com\/wp-content\/uploads\/2024\/04\/charles-estienne-poetae-graeci-prinipes-heroici-carminis-alii-nonnulli-5507-65f4615602279-scaled.jpg","type":"image\/jpeg"}],"twitter_card":"summary_large_image","twitter_misc":{"Est. reading time":"2 minutes"},"schema":{"@context":"https:\/\/schema.org","@graph":[{"@type":"WebPage","@id":"https:\/\/www.librairieclavreuil.com\/produit\/estienne-charles-poetae-graeci-prinipes-heroici-carminis-alii-nonnulli\/","url":"https:\/\/www.librairieclavreuil.com\/produit\/estienne-charles-poetae-graeci-prinipes-heroici-carminis-alii-nonnulli\/","name":"ESTIENNE Charles Poetae Graeci Prinipes heroici carminis &amp; alii nonnulli. - Libairie Clavreuil","isPartOf":{"@id":"https:\/\/www.librairieclavreuil.com\/#website"},"primaryImageOfPage":{"@id":"https:\/\/www.librairieclavreuil.com\/produit\/estienne-charles-poetae-graeci-prinipes-heroici-carminis-alii-nonnulli\/#primaryimage"},"image":{"@id":"https:\/\/www.librairieclavreuil.com\/produit\/estienne-charles-poetae-graeci-prinipes-heroici-carminis-alii-nonnulli\/#primaryimage"},"thumbnailUrl":"https:\/\/www.librairieclavreuil.com\/wp-content\/uploads\/2024\/04\/charles-estienne-poetae-graeci-prinipes-heroici-carminis-alii-nonnulli-5507-65f4615602279-scaled.jpg","datePublished":"2024-04-24T11:11:24+00:00","dateModified":"2024-07-17T14:38:12+00:00","breadcrumb":{"@id":"https:\/\/www.librairieclavreuil.com\/produit\/estienne-charles-poetae-graeci-prinipes-heroici-carminis-alii-nonnulli\/#breadcrumb"},"inLanguage":"en-US","potentialAction":[{"@type":"ReadAction","target":["https:\/\/www.librairieclavreuil.com\/produit\/estienne-charles-poetae-graeci-prinipes-heroici-carminis-alii-nonnulli\/"]}]},{"@type":"ImageObject","inLanguage":"en-US","@id":"https:\/\/www.librairieclavreuil.com\/produit\/estienne-charles-poetae-graeci-prinipes-heroici-carminis-alii-nonnulli\/#primaryimage","url":"https:\/\/www.librairieclavreuil.com\/wp-content\/uploads\/2024\/04\/charles-estienne-poetae-graeci-prinipes-heroici-carminis-alii-nonnulli-5507-65f4615602279-scaled.jpg","contentUrl":"https:\/\/www.librairieclavreuil.com\/wp-content\/uploads\/2024\/04\/charles-estienne-poetae-graeci-prinipes-heroici-carminis-alii-nonnulli-5507-65f4615602279-scaled.jpg","width":2105,"height":2560},{"@type":"BreadcrumbList","@id":"https:\/\/www.librairieclavreuil.com\/produit\/estienne-charles-poetae-graeci-prinipes-heroici-carminis-alii-nonnulli\/#breadcrumb","itemListElement":[{"@type":"ListItem","position":1,"name":"Accueil","item":"https:\/\/www.librairieclavreuil.com\/"},{"@type":"ListItem","position":2,"name":"All our books","item":"https:\/\/www.librairieclavreuil.com\/en\/all-our-books\/"},{"@type":"ListItem","position":3,"name":"ESTIENNE Charles Poetae Graeci Prinipes heroici carminis &amp;..."}]},{"@type":"WebSite","@id":"https:\/\/www.librairieclavreuil.com\/#website","url":"https:\/\/www.librairieclavreuil.com\/","name":"Libairie Clavreuil","description":"Livres anciens, manuscrits rares et \u00e9ditions originales \u2013 Librairie Clavreuil","publisher":{"@id":"https:\/\/www.librairieclavreuil.com\/#organization"},"potentialAction":[{"@type":"SearchAction","target":{"@type":"EntryPoint","urlTemplate":"https:\/\/www.librairieclavreuil.com\/?s={search_term_string}"},"query-input":{"@type":"PropertyValueSpecification","valueRequired":true,"valueName":"search_term_string"}}],"inLanguage":"en-US"},{"@type":"Organization","@id":"https:\/\/www.librairieclavreuil.com\/#organization","name":"Libairie Clavreuil","url":"https:\/\/www.librairieclavreuil.com\/","logo":{"@type":"ImageObject","inLanguage":"en-US","@id":"https:\/\/www.librairieclavreuil.com\/#\/schema\/logo\/image\/","url":"https:\/\/www.librairieclavreuil.com\/wp-content\/uploads\/2021\/06\/cropped-LOGO_PNG_DATE-_gold-512x512-1.png","contentUrl":"https:\/\/www.librairieclavreuil.com\/wp-content\/uploads\/2021\/06\/cropped-LOGO_PNG_DATE-_gold-512x512-1.png","width":512,"height":512,"caption":"Libairie Clavreuil"},"image":{"@id":"https:\/\/www.librairieclavreuil.com\/#\/schema\/logo\/image\/"},"sameAs":["https:\/\/www.instagram.com\/librairieclavreuil\/"]}]}},"jetpack_sharing_enabled":true,"_links":{"self":[{"href":"https:\/\/www.librairieclavreuil.com\/en\/wp-json\/wp\/v2\/product\/75215","targetHints":{"allow":["GET"]}}],"collection":[{"href":"https:\/\/www.librairieclavreuil.com\/en\/wp-json\/wp\/v2\/product"}],"about":[{"href":"https:\/\/www.librairieclavreuil.com\/en\/wp-json\/wp\/v2\/types\/product"}],"replies":[{"embeddable":true,"href":"https:\/\/www.librairieclavreuil.com\/en\/wp-json\/wp\/v2\/comments?post=75215"}],"wp:featuredmedia":[{"embeddable":true,"href":"https:\/\/www.librairieclavreuil.com\/en\/wp-json\/wp\/v2\/media\/75210"}],"wp:attachment":[{"href":"https:\/\/www.librairieclavreuil.com\/en\/wp-json\/wp\/v2\/media?parent=75215"}],"wp:term":[{"taxonomy":"product_brand","embeddable":true,"href":"https:\/\/www.librairieclavreuil.com\/en\/wp-json\/wp\/v2\/product_brand?post=75215"},{"taxonomy":"product_cat","embeddable":true,"href":"https:\/\/www.librairieclavreuil.com\/en\/wp-json\/wp\/v2\/product_cat?post=75215"},{"taxonomy":"product_tag","embeddable":true,"href":"https:\/\/www.librairieclavreuil.com\/en\/wp-json\/wp\/v2\/product_tag?post=75215"}],"curies":[{"name":"wp","href":"https:\/\/api.w.org\/{rel}","templated":true}]}}