{"id":75209,"date":"2024-04-24T13:10:40","date_gmt":"2024-04-24T11:10:40","guid":{"rendered":"https:\/\/clavreuil-wordpress.logiciel-arteo.fr\/hashimoto-tamotsu-commemoration-du-10e-anniversaire-de-lagence-du-pacifique-sud-album-de-photographies-des-archipels-du-pacifique-sud-entierement-imprime-en-japonais\/"},"modified":"2024-07-17T16:37:57","modified_gmt":"2024-07-17T14:37:57","slug":"hashimoto-tamotsu-commemoration-du-10e-anniversaire-de-lagence-du-pacifique-sud-album-de-photographies-des-archipels-du-pacifique-sud-entierement-imprime-en-japonais","status":"publish","type":"product","link":"https:\/\/www.librairieclavreuil.com\/en\/hashimoto-tamotsu-commemoration-du-10e-anniversaire-de-lagence-du-pacifique-sud-album-de-photographies-des-archipels-du-pacifique-sud-entierement-imprime-en-japonais\/","title":{"rendered":"HASHIMOTO Tamotsu Comm\u00e9moration du 10e anniversaire de l&#8217;Agence..."},"content":{"rendered":"<p style=\"text-align:justify\"><span style=\"font-variant:small-caps\">First edition.<\/span><\/p>\n<p style=\"text-align:justify\">Beginning with a portrait of Masayuki Matsuda, director of the South Pacific Agency, the work is a rich iconographic documentation of the archipelagos of the South Pacific, including Saipan, Palau, Angaoul, Truck, Pohnpei (formerly Ponape), Kusai, Yali Island and the Marshall Islands, with details of architecture, industry and personalities.<\/p>\n<p style=\"text-align:justify\">A very rare document.<\/p>\n","protected":false},"excerpt":{"rendered":"<p style=\"text-align:justify\">Album oblong folio (260 x 365 mm) 4 nn.ll., 1 map, 1 portrait, 99 plates, 1 nn.l. (colophon). Original publishers&#8217; binding in Japanese style, decorated cloth, spine with visible stitching, cardboard slipcase with printed title, in modern floral cloth slipcase.<\/p>\n","protected":false},"featured_media":75202,"comment_status":"open","ping_status":"closed","template":"","meta":{"_acf_changed":false},"product_brand":[],"product_cat":[552],"product_tag":[1382,1450,620],"class_list":{"0":"post-75209","1":"product","2":"type-product","3":"status-publish","4":"has-post-thumbnail","6":"product_cat-travel","7":"product_tag-asia","8":"product_tag-first-edition","9":"product_tag-travel","10":"pa_auteur-hashimoto-tamotsu-2","11":"pa_type-de-livre-printed-book","13":"first","14":"instock","15":"shipping-taxable","16":"purchasable","17":"product-type-simple"},"acf":{"artist":" Tamotsu HASHIMOTO","chapeau":"","adresse_bibliographique":"Sa\u00efpan, agence du Pacifique Sud, 1932","book_type":"Printed book","provenance":"","afficher_prix":""},"yoast_head":"<!-- This site is optimized with the Yoast SEO plugin v24.7 - https:\/\/yoast.com\/wordpress\/plugins\/seo\/ -->\n<title>HASHIMOTO Tamotsu Comm\u00e9moration du 10e anniversaire de l&#039;Agence du Pacifique Sud. Album de photographies des archipels du Pacifique Sud (enti\u00e8rement imprim\u00e9 en japonais). - Libairie Clavreuil<\/title>\n<meta name=\"robots\" content=\"index, follow, max-snippet:-1, max-image-preview:large, max-video-preview:-1\" \/>\n<link rel=\"canonical\" href=\"https:\/\/www.librairieclavreuil.com\/en\/hashimoto-tamotsu-commemoration-du-10e-anniversaire-de-lagence-du-pacifique-sud-album-de-photographies-des-archipels-du-pacifique-sud-entierement-imprime-en-japonais\/\" \/>\n<meta property=\"og:locale\" content=\"en_US\" \/>\n<meta property=\"og:type\" content=\"article\" \/>\n<meta property=\"og:title\" content=\"HASHIMOTO Tamotsu Comm\u00e9moration du 10e anniversaire de l&#039;Agence du Pacifique Sud. Album de photographies des archipels du Pacifique Sud (enti\u00e8rement imprim\u00e9 en japonais). - Libairie Clavreuil\" \/>\n<meta property=\"og:description\" content=\"Album oblong folio (260 x 365 mm) 4 nn.ll., 1 map, 1 portrait, 99 plates, 1 nn.l. (colophon). Original publishers&#039; binding in Japanese style, decorated cloth, spine with visible stitching, cardboard slipcase with printed title, in modern floral cloth slipcase.\" \/>\n<meta property=\"og:url\" content=\"https:\/\/www.librairieclavreuil.com\/en\/hashimoto-tamotsu-commemoration-du-10e-anniversaire-de-lagence-du-pacifique-sud-album-de-photographies-des-archipels-du-pacifique-sud-entierement-imprime-en-japonais\/\" \/>\n<meta property=\"og:site_name\" content=\"Libairie Clavreuil\" \/>\n<meta property=\"article:modified_time\" content=\"2024-07-17T14:37:57+00:00\" \/>\n<meta property=\"og:image\" content=\"https:\/\/www.librairieclavreuil.com\/wp-content\/uploads\/2024\/04\/tamotsu-hashimoto-commemoration-du-10e-anniversaire-de-l-agence-du-pacifique-sud-album-de-photographies-des-archipels-du-pacifique-sud-entierement-imp-scaled.jpg\" \/>\n\t<meta property=\"og:image:width\" content=\"2560\" \/>\n\t<meta property=\"og:image:height\" content=\"2299\" \/>\n\t<meta property=\"og:image:type\" content=\"image\/jpeg\" \/>\n<meta name=\"twitter:card\" content=\"summary_large_image\" \/>\n<script type=\"application\/ld+json\" class=\"yoast-schema-graph\">{\"@context\":\"https:\/\/schema.org\",\"@graph\":[{\"@type\":\"WebPage\",\"@id\":\"https:\/\/www.librairieclavreuil.com\/en\/hashimoto-tamotsu-commemoration-du-10e-anniversaire-de-lagence-du-pacifique-sud-album-de-photographies-des-archipels-du-pacifique-sud-entierement-imprime-en-japonais\/\",\"url\":\"https:\/\/www.librairieclavreuil.com\/en\/hashimoto-tamotsu-commemoration-du-10e-anniversaire-de-lagence-du-pacifique-sud-album-de-photographies-des-archipels-du-pacifique-sud-entierement-imprime-en-japonais\/\",\"name\":\"HASHIMOTO Tamotsu Comm\u00e9moration du 10e anniversaire de l'Agence du Pacifique Sud. Album de photographies des archipels du Pacifique Sud (enti\u00e8rement imprim\u00e9 en japonais). - Libairie Clavreuil\",\"isPartOf\":{\"@id\":\"https:\/\/www.librairieclavreuil.com\/#website\"},\"primaryImageOfPage\":{\"@id\":\"https:\/\/www.librairieclavreuil.com\/en\/hashimoto-tamotsu-commemoration-du-10e-anniversaire-de-lagence-du-pacifique-sud-album-de-photographies-des-archipels-du-pacifique-sud-entierement-imprime-en-japonais\/#primaryimage\"},\"image\":{\"@id\":\"https:\/\/www.librairieclavreuil.com\/en\/hashimoto-tamotsu-commemoration-du-10e-anniversaire-de-lagence-du-pacifique-sud-album-de-photographies-des-archipels-du-pacifique-sud-entierement-imprime-en-japonais\/#primaryimage\"},\"thumbnailUrl\":\"https:\/\/www.librairieclavreuil.com\/wp-content\/uploads\/2024\/04\/tamotsu-hashimoto-commemoration-du-10e-anniversaire-de-l-agence-du-pacifique-sud-album-de-photographies-des-archipels-du-pacifique-sud-entierement-imp-scaled.jpg\",\"datePublished\":\"2024-04-24T11:10:40+00:00\",\"dateModified\":\"2024-07-17T14:37:57+00:00\",\"breadcrumb\":{\"@id\":\"https:\/\/www.librairieclavreuil.com\/en\/hashimoto-tamotsu-commemoration-du-10e-anniversaire-de-lagence-du-pacifique-sud-album-de-photographies-des-archipels-du-pacifique-sud-entierement-imprime-en-japonais\/#breadcrumb\"},\"inLanguage\":\"en-US\",\"potentialAction\":[{\"@type\":\"ReadAction\",\"target\":[\"https:\/\/www.librairieclavreuil.com\/en\/hashimoto-tamotsu-commemoration-du-10e-anniversaire-de-lagence-du-pacifique-sud-album-de-photographies-des-archipels-du-pacifique-sud-entierement-imprime-en-japonais\/\"]}]},{\"@type\":\"ImageObject\",\"inLanguage\":\"en-US\",\"@id\":\"https:\/\/www.librairieclavreuil.com\/en\/hashimoto-tamotsu-commemoration-du-10e-anniversaire-de-lagence-du-pacifique-sud-album-de-photographies-des-archipels-du-pacifique-sud-entierement-imprime-en-japonais\/#primaryimage\",\"url\":\"https:\/\/www.librairieclavreuil.com\/wp-content\/uploads\/2024\/04\/tamotsu-hashimoto-commemoration-du-10e-anniversaire-de-l-agence-du-pacifique-sud-album-de-photographies-des-archipels-du-pacifique-sud-entierement-imp-scaled.jpg\",\"contentUrl\":\"https:\/\/www.librairieclavreuil.com\/wp-content\/uploads\/2024\/04\/tamotsu-hashimoto-commemoration-du-10e-anniversaire-de-l-agence-du-pacifique-sud-album-de-photographies-des-archipels-du-pacifique-sud-entierement-imp-scaled.jpg\",\"width\":2560,\"height\":2299},{\"@type\":\"BreadcrumbList\",\"@id\":\"https:\/\/www.librairieclavreuil.com\/en\/hashimoto-tamotsu-commemoration-du-10e-anniversaire-de-lagence-du-pacifique-sud-album-de-photographies-des-archipels-du-pacifique-sud-entierement-imprime-en-japonais\/#breadcrumb\",\"itemListElement\":[{\"@type\":\"ListItem\",\"position\":1,\"name\":\"Accueil\",\"item\":\"https:\/\/www.librairieclavreuil.com\/\"},{\"@type\":\"ListItem\",\"position\":2,\"name\":\"All our books\",\"item\":\"https:\/\/www.librairieclavreuil.com\/en\/all-our-books\/\"},{\"@type\":\"ListItem\",\"position\":3,\"name\":\"HASHIMOTO Tamotsu Comm\u00e9moration du 10e anniversaire de l&#8217;Agence du Pacifique Sud. Album de photographies des archipels du Pacifique Sud (enti\u00e8rement imprim\u00e9 en japonais).\"}]},{\"@type\":\"WebSite\",\"@id\":\"https:\/\/www.librairieclavreuil.com\/#website\",\"url\":\"https:\/\/www.librairieclavreuil.com\/\",\"name\":\"Libairie Clavreuil\",\"description\":\"Livres anciens, manuscrits rares et \u00e9ditions originales \u2013 Librairie Clavreuil\",\"publisher\":{\"@id\":\"https:\/\/www.librairieclavreuil.com\/#organization\"},\"potentialAction\":[{\"@type\":\"SearchAction\",\"target\":{\"@type\":\"EntryPoint\",\"urlTemplate\":\"https:\/\/www.librairieclavreuil.com\/?s={search_term_string}\"},\"query-input\":{\"@type\":\"PropertyValueSpecification\",\"valueRequired\":true,\"valueName\":\"search_term_string\"}}],\"inLanguage\":\"en-US\"},{\"@type\":\"Organization\",\"@id\":\"https:\/\/www.librairieclavreuil.com\/#organization\",\"name\":\"Libairie Clavreuil\",\"url\":\"https:\/\/www.librairieclavreuil.com\/\",\"logo\":{\"@type\":\"ImageObject\",\"inLanguage\":\"en-US\",\"@id\":\"https:\/\/www.librairieclavreuil.com\/#\/schema\/logo\/image\/\",\"url\":\"https:\/\/www.librairieclavreuil.com\/wp-content\/uploads\/2021\/06\/cropped-LOGO_PNG_DATE-_gold-512x512-1.png\",\"contentUrl\":\"https:\/\/www.librairieclavreuil.com\/wp-content\/uploads\/2021\/06\/cropped-LOGO_PNG_DATE-_gold-512x512-1.png\",\"width\":512,\"height\":512,\"caption\":\"Libairie Clavreuil\"},\"image\":{\"@id\":\"https:\/\/www.librairieclavreuil.com\/#\/schema\/logo\/image\/\"},\"sameAs\":[\"https:\/\/www.instagram.com\/librairieclavreuil\/\"]}]}<\/script>\n<!-- \/ Yoast SEO plugin. -->","yoast_head_json":{"title":"HASHIMOTO Tamotsu Comm\u00e9moration du 10e anniversaire de l'Agence du Pacifique Sud. Album de photographies des archipels du Pacifique Sud (enti\u00e8rement imprim\u00e9 en japonais). - Libairie Clavreuil","robots":{"index":"index","follow":"follow","max-snippet":"max-snippet:-1","max-image-preview":"max-image-preview:large","max-video-preview":"max-video-preview:-1"},"canonical":"https:\/\/www.librairieclavreuil.com\/en\/hashimoto-tamotsu-commemoration-du-10e-anniversaire-de-lagence-du-pacifique-sud-album-de-photographies-des-archipels-du-pacifique-sud-entierement-imprime-en-japonais\/","og_locale":"en_US","og_type":"article","og_title":"HASHIMOTO Tamotsu Comm\u00e9moration du 10e anniversaire de l'Agence du Pacifique Sud. Album de photographies des archipels du Pacifique Sud (enti\u00e8rement imprim\u00e9 en japonais). - Libairie Clavreuil","og_description":"Album oblong folio (260 x 365 mm) 4 nn.ll., 1 map, 1 portrait, 99 plates, 1 nn.l. (colophon). Original publishers' binding in Japanese style, decorated cloth, spine with visible stitching, cardboard slipcase with printed title, in modern floral cloth slipcase.","og_url":"https:\/\/www.librairieclavreuil.com\/en\/hashimoto-tamotsu-commemoration-du-10e-anniversaire-de-lagence-du-pacifique-sud-album-de-photographies-des-archipels-du-pacifique-sud-entierement-imprime-en-japonais\/","og_site_name":"Libairie Clavreuil","article_modified_time":"2024-07-17T14:37:57+00:00","og_image":[{"width":2560,"height":2299,"url":"https:\/\/www.librairieclavreuil.com\/wp-content\/uploads\/2024\/04\/tamotsu-hashimoto-commemoration-du-10e-anniversaire-de-l-agence-du-pacifique-sud-album-de-photographies-des-archipels-du-pacifique-sud-entierement-imp-scaled.jpg","type":"image\/jpeg"}],"twitter_card":"summary_large_image","schema":{"@context":"https:\/\/schema.org","@graph":[{"@type":"WebPage","@id":"https:\/\/www.librairieclavreuil.com\/en\/hashimoto-tamotsu-commemoration-du-10e-anniversaire-de-lagence-du-pacifique-sud-album-de-photographies-des-archipels-du-pacifique-sud-entierement-imprime-en-japonais\/","url":"https:\/\/www.librairieclavreuil.com\/en\/hashimoto-tamotsu-commemoration-du-10e-anniversaire-de-lagence-du-pacifique-sud-album-de-photographies-des-archipels-du-pacifique-sud-entierement-imprime-en-japonais\/","name":"HASHIMOTO Tamotsu Comm\u00e9moration du 10e anniversaire de l'Agence du Pacifique Sud. Album de photographies des archipels du Pacifique Sud (enti\u00e8rement imprim\u00e9 en japonais). - Libairie Clavreuil","isPartOf":{"@id":"https:\/\/www.librairieclavreuil.com\/#website"},"primaryImageOfPage":{"@id":"https:\/\/www.librairieclavreuil.com\/en\/hashimoto-tamotsu-commemoration-du-10e-anniversaire-de-lagence-du-pacifique-sud-album-de-photographies-des-archipels-du-pacifique-sud-entierement-imprime-en-japonais\/#primaryimage"},"image":{"@id":"https:\/\/www.librairieclavreuil.com\/en\/hashimoto-tamotsu-commemoration-du-10e-anniversaire-de-lagence-du-pacifique-sud-album-de-photographies-des-archipels-du-pacifique-sud-entierement-imprime-en-japonais\/#primaryimage"},"thumbnailUrl":"https:\/\/www.librairieclavreuil.com\/wp-content\/uploads\/2024\/04\/tamotsu-hashimoto-commemoration-du-10e-anniversaire-de-l-agence-du-pacifique-sud-album-de-photographies-des-archipels-du-pacifique-sud-entierement-imp-scaled.jpg","datePublished":"2024-04-24T11:10:40+00:00","dateModified":"2024-07-17T14:37:57+00:00","breadcrumb":{"@id":"https:\/\/www.librairieclavreuil.com\/en\/hashimoto-tamotsu-commemoration-du-10e-anniversaire-de-lagence-du-pacifique-sud-album-de-photographies-des-archipels-du-pacifique-sud-entierement-imprime-en-japonais\/#breadcrumb"},"inLanguage":"en-US","potentialAction":[{"@type":"ReadAction","target":["https:\/\/www.librairieclavreuil.com\/en\/hashimoto-tamotsu-commemoration-du-10e-anniversaire-de-lagence-du-pacifique-sud-album-de-photographies-des-archipels-du-pacifique-sud-entierement-imprime-en-japonais\/"]}]},{"@type":"ImageObject","inLanguage":"en-US","@id":"https:\/\/www.librairieclavreuil.com\/en\/hashimoto-tamotsu-commemoration-du-10e-anniversaire-de-lagence-du-pacifique-sud-album-de-photographies-des-archipels-du-pacifique-sud-entierement-imprime-en-japonais\/#primaryimage","url":"https:\/\/www.librairieclavreuil.com\/wp-content\/uploads\/2024\/04\/tamotsu-hashimoto-commemoration-du-10e-anniversaire-de-l-agence-du-pacifique-sud-album-de-photographies-des-archipels-du-pacifique-sud-entierement-imp-scaled.jpg","contentUrl":"https:\/\/www.librairieclavreuil.com\/wp-content\/uploads\/2024\/04\/tamotsu-hashimoto-commemoration-du-10e-anniversaire-de-l-agence-du-pacifique-sud-album-de-photographies-des-archipels-du-pacifique-sud-entierement-imp-scaled.jpg","width":2560,"height":2299},{"@type":"BreadcrumbList","@id":"https:\/\/www.librairieclavreuil.com\/en\/hashimoto-tamotsu-commemoration-du-10e-anniversaire-de-lagence-du-pacifique-sud-album-de-photographies-des-archipels-du-pacifique-sud-entierement-imprime-en-japonais\/#breadcrumb","itemListElement":[{"@type":"ListItem","position":1,"name":"Accueil","item":"https:\/\/www.librairieclavreuil.com\/"},{"@type":"ListItem","position":2,"name":"All our books","item":"https:\/\/www.librairieclavreuil.com\/en\/all-our-books\/"},{"@type":"ListItem","position":3,"name":"HASHIMOTO Tamotsu Comm\u00e9moration du 10e anniversaire de l&#8217;Agence du Pacifique Sud. Album de photographies des archipels du Pacifique Sud (enti\u00e8rement imprim\u00e9 en japonais)."}]},{"@type":"WebSite","@id":"https:\/\/www.librairieclavreuil.com\/#website","url":"https:\/\/www.librairieclavreuil.com\/","name":"Libairie Clavreuil","description":"Livres anciens, manuscrits rares et \u00e9ditions originales \u2013 Librairie Clavreuil","publisher":{"@id":"https:\/\/www.librairieclavreuil.com\/#organization"},"potentialAction":[{"@type":"SearchAction","target":{"@type":"EntryPoint","urlTemplate":"https:\/\/www.librairieclavreuil.com\/?s={search_term_string}"},"query-input":{"@type":"PropertyValueSpecification","valueRequired":true,"valueName":"search_term_string"}}],"inLanguage":"en-US"},{"@type":"Organization","@id":"https:\/\/www.librairieclavreuil.com\/#organization","name":"Libairie Clavreuil","url":"https:\/\/www.librairieclavreuil.com\/","logo":{"@type":"ImageObject","inLanguage":"en-US","@id":"https:\/\/www.librairieclavreuil.com\/#\/schema\/logo\/image\/","url":"https:\/\/www.librairieclavreuil.com\/wp-content\/uploads\/2021\/06\/cropped-LOGO_PNG_DATE-_gold-512x512-1.png","contentUrl":"https:\/\/www.librairieclavreuil.com\/wp-content\/uploads\/2021\/06\/cropped-LOGO_PNG_DATE-_gold-512x512-1.png","width":512,"height":512,"caption":"Libairie Clavreuil"},"image":{"@id":"https:\/\/www.librairieclavreuil.com\/#\/schema\/logo\/image\/"},"sameAs":["https:\/\/www.instagram.com\/librairieclavreuil\/"]}]}},"jetpack_sharing_enabled":true,"_links":{"self":[{"href":"https:\/\/www.librairieclavreuil.com\/en\/wp-json\/wp\/v2\/product\/75209","targetHints":{"allow":["GET"]}}],"collection":[{"href":"https:\/\/www.librairieclavreuil.com\/en\/wp-json\/wp\/v2\/product"}],"about":[{"href":"https:\/\/www.librairieclavreuil.com\/en\/wp-json\/wp\/v2\/types\/product"}],"replies":[{"embeddable":true,"href":"https:\/\/www.librairieclavreuil.com\/en\/wp-json\/wp\/v2\/comments?post=75209"}],"wp:featuredmedia":[{"embeddable":true,"href":"https:\/\/www.librairieclavreuil.com\/en\/wp-json\/wp\/v2\/media\/75202"}],"wp:attachment":[{"href":"https:\/\/www.librairieclavreuil.com\/en\/wp-json\/wp\/v2\/media?parent=75209"}],"wp:term":[{"taxonomy":"product_brand","embeddable":true,"href":"https:\/\/www.librairieclavreuil.com\/en\/wp-json\/wp\/v2\/product_brand?post=75209"},{"taxonomy":"product_cat","embeddable":true,"href":"https:\/\/www.librairieclavreuil.com\/en\/wp-json\/wp\/v2\/product_cat?post=75209"},{"taxonomy":"product_tag","embeddable":true,"href":"https:\/\/www.librairieclavreuil.com\/en\/wp-json\/wp\/v2\/product_tag?post=75209"}],"curies":[{"name":"wp","href":"https:\/\/api.w.org\/{rel}","templated":true}]}}