{"id":74839,"date":"2024-04-23T19:14:32","date_gmt":"2024-04-23T17:14:32","guid":{"rendered":"https:\/\/clavreuil-wordpress.logiciel-arteo.fr\/espinosa-jose-ygnacio-memoria-que-en-el-cumplimiento-del-articulo-120-de-la-constitucion-federal-de-los-estados-unidos-mexicanos-leyo-el-secretario-de-estado-y-del-despacho-universal-de-justicia-y-n\/"},"modified":"2024-07-16T19:07:43","modified_gmt":"2024-07-16T17:07:43","slug":"espinosa-jose-ygnacio-memoria-que-en-el-cumplimiento-del-articulo-120-de-la-constitucion-federal-de-los-estados-unidos-mexicanos-leyo-el-secretario-de-estado-y-del-despacho-universal-de-justicia-y-n","status":"publish","type":"product","link":"https:\/\/www.librairieclavreuil.com\/en\/espinosa-jose-ygnacio-memoria-que-en-el-cumplimiento-del-articulo-120-de-la-constitucion-federal-de-los-estados-unidos-mexicanos-leyo-el-secretario-de-estado-y-del-despacho-universal-de-justicia-y-n\/","title":{"rendered":"ESPINOSA Jos\u00e9 Ygnacio Memoria que en el cumplimiento..."},"content":{"rendered":"<p style=\"text-align:justify\"><i>Manuel Ferrer Mu\u00f1oz, La Formaci\u00f3n de un estado nacional en M\u00e9xico. El Imperio y la Republica federal : 1821-1835, Mexico, 1995, p. 366.<\/i><\/p>\n<p style=\"text-align:justify\">Interesting document printed in Mexico.<\/p>\n<p style=\"text-align:justify\">&nbsp;The work contains the speech held by the liberal polititian Jos\u00e9 Ygnacio de Espinosa, held before the Chamber of Deputies of the young Mexican Republic. Minister of Justice and of Religion under the presidency of Anatolio Bustamante, Espinosa had to retire from his post in 1832 at the arrival of General Antonio L\u00f3pez de Santa Anna.&nbsp;<\/p>\n<p style=\"text-align:justify\">The text contains many references on prison, jurisdiction in the various districts, the status of Missions (Zacatecas, Tarahumaras, Chihuahua, Monterrey, Durango, etc.), births, status of California, and others.<\/p>\n<p style=\"text-align:justify\">Beautiful specimen of Mexican craftsmanship.<\/p>\n","protected":false},"excerpt":{"rendered":"<p style=\"text-align:justify\">4to (266 x 187 mm) 1 nn.l., 15 pp., 1 nn.l., 12 tables including 3 folding. Contemporary Mexican red morocco binding, richly gilt, flat spine gilt, inner covers with three bands in differnt colours (green, red and beige) inspired by the Mexican flag, divided by a special tool, pink silk endpapers.<\/p>\n","protected":false},"featured_media":77815,"comment_status":"open","ping_status":"closed","template":"","meta":{"_acf_changed":false},"product_brand":[],"product_cat":[530],"product_tag":[1267,1369],"class_list":{"0":"post-74839","1":"product","2":"type-product","3":"status-publish","4":"has-post-thumbnail","6":"product_cat-binding","7":"product_tag-binding","8":"product_tag-mexico","9":"pa_auteur-espinosa-jose-ygnacio-2","10":"pa_type-de-livre-printed-book","12":"first","13":"instock","14":"shipping-taxable","15":"purchasable","16":"product-type-simple"},"acf":{"artist":" Jos\u00e9 Ygnacio ESPINOSA","chapeau":"A rare Mexican imprint in a binding using the colours of the Mexican flag","adresse_bibliographique":"Mexico, Imprenta del Aguila, 1831","book_type":"Printed book","provenance":"","afficher_prix":""},"yoast_head":"<!-- This site is optimized with the Yoast SEO plugin v24.7 - https:\/\/yoast.com\/wordpress\/plugins\/seo\/ -->\n<title>ESPINOSA Jos\u00e9 Ygnacio Memoria que en el cumplimiento del articulo 120 de la constitucion federal de los Estados-Unidos Mexicanos, ley\u00f3 el Secretario de Estado y del Despacho universal de Justicia y Negocios Ecclesi\u00e1sticos en la C\u00e1mara de Diputados el dia 8 y en la de Senadores el dia 11 de Enero del ano del 1831, sobre los ramos del Ministerio de su cargo. - Libairie Clavreuil<\/title>\n<meta name=\"robots\" content=\"index, follow, max-snippet:-1, max-image-preview:large, max-video-preview:-1\" \/>\n<link rel=\"canonical\" href=\"https:\/\/www.librairieclavreuil.com\/produit\/espinosa-jose-ygnacio-memoria-que-en-el-cumplimiento-del-articulo-120-de-la-constitucion-federal-de-los-estados-unidos-mexicanos-leyo-el-secretario-de-estado-y-del-despacho-universal-de-justicia-y-n\/\" \/>\n<meta property=\"og:locale\" content=\"en_US\" \/>\n<meta property=\"og:type\" content=\"article\" \/>\n<meta property=\"og:title\" content=\"ESPINOSA Jos\u00e9 Ygnacio Memoria que en el cumplimiento del articulo 120 de la constitucion federal de los Estados-Unidos Mexicanos, ley\u00f3 el Secretario de Estado y del Despacho universal de Justicia y Negocios Ecclesi\u00e1sticos en la C\u00e1mara de Diputados el dia 8 y en la de Senadores el dia 11 de Enero del ano del 1831, sobre los ramos del Ministerio de su cargo. - Libairie Clavreuil\" \/>\n<meta property=\"og:description\" content=\"4to (266 x 187 mm) 1 nn.l., 15 pp., 1 nn.l., 12 tables including 3 folding. Contemporary Mexican red morocco binding, richly gilt, flat spine gilt, inner covers with three bands in differnt colours (green, red and beige) inspired by the Mexican flag, divided by a special tool, pink silk endpapers.\" \/>\n<meta property=\"og:url\" content=\"https:\/\/www.librairieclavreuil.com\/produit\/espinosa-jose-ygnacio-memoria-que-en-el-cumplimiento-del-articulo-120-de-la-constitucion-federal-de-los-estados-unidos-mexicanos-leyo-el-secretario-de-estado-y-del-despacho-universal-de-justicia-y-n\/\" \/>\n<meta property=\"og:site_name\" content=\"Libairie Clavreuil\" \/>\n<meta property=\"article:modified_time\" content=\"2024-07-16T17:07:43+00:00\" \/>\n<meta property=\"og:image\" content=\"https:\/\/www.librairieclavreuil.com\/wp-content\/uploads\/2024\/06\/jose-ygnacio-espinosa-memoria-que-en-el-cumplimiento-del-articulo-120-de-la-constitucion-federal-de-los-estados-unidos-mexicanos-leyo-el-sec-66605f66b14db-scaled.jpg\" \/>\n\t<meta property=\"og:image:width\" content=\"2560\" \/>\n\t<meta property=\"og:image:height\" content=\"2024\" \/>\n\t<meta property=\"og:image:type\" content=\"image\/jpeg\" \/>\n<meta name=\"twitter:card\" content=\"summary_large_image\" \/>\n<meta name=\"twitter:label1\" content=\"Est. reading time\" \/>\n\t<meta name=\"twitter:data1\" content=\"1 minute\" \/>\n<script type=\"application\/ld+json\" class=\"yoast-schema-graph\">{\"@context\":\"https:\/\/schema.org\",\"@graph\":[{\"@type\":\"WebPage\",\"@id\":\"https:\/\/www.librairieclavreuil.com\/produit\/espinosa-jose-ygnacio-memoria-que-en-el-cumplimiento-del-articulo-120-de-la-constitucion-federal-de-los-estados-unidos-mexicanos-leyo-el-secretario-de-estado-y-del-despacho-universal-de-justicia-y-n\/\",\"url\":\"https:\/\/www.librairieclavreuil.com\/produit\/espinosa-jose-ygnacio-memoria-que-en-el-cumplimiento-del-articulo-120-de-la-constitucion-federal-de-los-estados-unidos-mexicanos-leyo-el-secretario-de-estado-y-del-despacho-universal-de-justicia-y-n\/\",\"name\":\"ESPINOSA Jos\u00e9 Ygnacio Memoria que en el cumplimiento del articulo 120 de la constitucion federal de los Estados-Unidos Mexicanos, ley\u00f3 el Secretario de Estado y del Despacho universal de Justicia y Negocios Ecclesi\u00e1sticos en la C\u00e1mara de Diputados el dia 8 y en la de Senadores el dia 11 de Enero del ano del 1831, sobre los ramos del Ministerio de su cargo. - Libairie Clavreuil\",\"isPartOf\":{\"@id\":\"https:\/\/www.librairieclavreuil.com\/#website\"},\"primaryImageOfPage\":{\"@id\":\"https:\/\/www.librairieclavreuil.com\/produit\/espinosa-jose-ygnacio-memoria-que-en-el-cumplimiento-del-articulo-120-de-la-constitucion-federal-de-los-estados-unidos-mexicanos-leyo-el-secretario-de-estado-y-del-despacho-universal-de-justicia-y-n\/#primaryimage\"},\"image\":{\"@id\":\"https:\/\/www.librairieclavreuil.com\/produit\/espinosa-jose-ygnacio-memoria-que-en-el-cumplimiento-del-articulo-120-de-la-constitucion-federal-de-los-estados-unidos-mexicanos-leyo-el-secretario-de-estado-y-del-despacho-universal-de-justicia-y-n\/#primaryimage\"},\"thumbnailUrl\":\"https:\/\/www.librairieclavreuil.com\/wp-content\/uploads\/2024\/06\/jose-ygnacio-espinosa-memoria-que-en-el-cumplimiento-del-articulo-120-de-la-constitucion-federal-de-los-estados-unidos-mexicanos-leyo-el-sec-66605f66b14db-scaled.jpg\",\"datePublished\":\"2024-04-23T17:14:32+00:00\",\"dateModified\":\"2024-07-16T17:07:43+00:00\",\"breadcrumb\":{\"@id\":\"https:\/\/www.librairieclavreuil.com\/produit\/espinosa-jose-ygnacio-memoria-que-en-el-cumplimiento-del-articulo-120-de-la-constitucion-federal-de-los-estados-unidos-mexicanos-leyo-el-secretario-de-estado-y-del-despacho-universal-de-justicia-y-n\/#breadcrumb\"},\"inLanguage\":\"en-US\",\"potentialAction\":[{\"@type\":\"ReadAction\",\"target\":[\"https:\/\/www.librairieclavreuil.com\/produit\/espinosa-jose-ygnacio-memoria-que-en-el-cumplimiento-del-articulo-120-de-la-constitucion-federal-de-los-estados-unidos-mexicanos-leyo-el-secretario-de-estado-y-del-despacho-universal-de-justicia-y-n\/\"]}]},{\"@type\":\"ImageObject\",\"inLanguage\":\"en-US\",\"@id\":\"https:\/\/www.librairieclavreuil.com\/produit\/espinosa-jose-ygnacio-memoria-que-en-el-cumplimiento-del-articulo-120-de-la-constitucion-federal-de-los-estados-unidos-mexicanos-leyo-el-secretario-de-estado-y-del-despacho-universal-de-justicia-y-n\/#primaryimage\",\"url\":\"https:\/\/www.librairieclavreuil.com\/wp-content\/uploads\/2024\/06\/jose-ygnacio-espinosa-memoria-que-en-el-cumplimiento-del-articulo-120-de-la-constitucion-federal-de-los-estados-unidos-mexicanos-leyo-el-sec-66605f66b14db-scaled.jpg\",\"contentUrl\":\"https:\/\/www.librairieclavreuil.com\/wp-content\/uploads\/2024\/06\/jose-ygnacio-espinosa-memoria-que-en-el-cumplimiento-del-articulo-120-de-la-constitucion-federal-de-los-estados-unidos-mexicanos-leyo-el-sec-66605f66b14db-scaled.jpg\",\"width\":2560,\"height\":2024},{\"@type\":\"BreadcrumbList\",\"@id\":\"https:\/\/www.librairieclavreuil.com\/produit\/espinosa-jose-ygnacio-memoria-que-en-el-cumplimiento-del-articulo-120-de-la-constitucion-federal-de-los-estados-unidos-mexicanos-leyo-el-secretario-de-estado-y-del-despacho-universal-de-justicia-y-n\/#breadcrumb\",\"itemListElement\":[{\"@type\":\"ListItem\",\"position\":1,\"name\":\"Accueil\",\"item\":\"https:\/\/www.librairieclavreuil.com\/\"},{\"@type\":\"ListItem\",\"position\":2,\"name\":\"All our books\",\"item\":\"https:\/\/www.librairieclavreuil.com\/en\/all-our-books\/\"},{\"@type\":\"ListItem\",\"position\":3,\"name\":\"ESPINOSA Jos\u00e9 Ygnacio Memoria que en el cumplimiento...\"}]},{\"@type\":\"WebSite\",\"@id\":\"https:\/\/www.librairieclavreuil.com\/#website\",\"url\":\"https:\/\/www.librairieclavreuil.com\/\",\"name\":\"Libairie Clavreuil\",\"description\":\"Livres anciens, manuscrits rares et \u00e9ditions originales \u2013 Librairie Clavreuil\",\"publisher\":{\"@id\":\"https:\/\/www.librairieclavreuil.com\/#organization\"},\"potentialAction\":[{\"@type\":\"SearchAction\",\"target\":{\"@type\":\"EntryPoint\",\"urlTemplate\":\"https:\/\/www.librairieclavreuil.com\/?s={search_term_string}\"},\"query-input\":{\"@type\":\"PropertyValueSpecification\",\"valueRequired\":true,\"valueName\":\"search_term_string\"}}],\"inLanguage\":\"en-US\"},{\"@type\":\"Organization\",\"@id\":\"https:\/\/www.librairieclavreuil.com\/#organization\",\"name\":\"Libairie Clavreuil\",\"url\":\"https:\/\/www.librairieclavreuil.com\/\",\"logo\":{\"@type\":\"ImageObject\",\"inLanguage\":\"en-US\",\"@id\":\"https:\/\/www.librairieclavreuil.com\/#\/schema\/logo\/image\/\",\"url\":\"https:\/\/www.librairieclavreuil.com\/wp-content\/uploads\/2021\/06\/cropped-LOGO_PNG_DATE-_gold-512x512-1.png\",\"contentUrl\":\"https:\/\/www.librairieclavreuil.com\/wp-content\/uploads\/2021\/06\/cropped-LOGO_PNG_DATE-_gold-512x512-1.png\",\"width\":512,\"height\":512,\"caption\":\"Libairie Clavreuil\"},\"image\":{\"@id\":\"https:\/\/www.librairieclavreuil.com\/#\/schema\/logo\/image\/\"},\"sameAs\":[\"https:\/\/www.instagram.com\/librairieclavreuil\/\"]}]}<\/script>\n<!-- \/ Yoast SEO plugin. -->","yoast_head_json":{"title":"ESPINOSA Jos\u00e9 Ygnacio Memoria que en el cumplimiento del articulo 120 de la constitucion federal de los Estados-Unidos Mexicanos, ley\u00f3 el Secretario de Estado y del Despacho universal de Justicia y Negocios Ecclesi\u00e1sticos en la C\u00e1mara de Diputados el dia 8 y en la de Senadores el dia 11 de Enero del ano del 1831, sobre los ramos del Ministerio de su cargo. - Libairie Clavreuil","robots":{"index":"index","follow":"follow","max-snippet":"max-snippet:-1","max-image-preview":"max-image-preview:large","max-video-preview":"max-video-preview:-1"},"canonical":"https:\/\/www.librairieclavreuil.com\/produit\/espinosa-jose-ygnacio-memoria-que-en-el-cumplimiento-del-articulo-120-de-la-constitucion-federal-de-los-estados-unidos-mexicanos-leyo-el-secretario-de-estado-y-del-despacho-universal-de-justicia-y-n\/","og_locale":"en_US","og_type":"article","og_title":"ESPINOSA Jos\u00e9 Ygnacio Memoria que en el cumplimiento del articulo 120 de la constitucion federal de los Estados-Unidos Mexicanos, ley\u00f3 el Secretario de Estado y del Despacho universal de Justicia y Negocios Ecclesi\u00e1sticos en la C\u00e1mara de Diputados el dia 8 y en la de Senadores el dia 11 de Enero del ano del 1831, sobre los ramos del Ministerio de su cargo. - Libairie Clavreuil","og_description":"4to (266 x 187 mm) 1 nn.l., 15 pp., 1 nn.l., 12 tables including 3 folding. Contemporary Mexican red morocco binding, richly gilt, flat spine gilt, inner covers with three bands in differnt colours (green, red and beige) inspired by the Mexican flag, divided by a special tool, pink silk endpapers.","og_url":"https:\/\/www.librairieclavreuil.com\/produit\/espinosa-jose-ygnacio-memoria-que-en-el-cumplimiento-del-articulo-120-de-la-constitucion-federal-de-los-estados-unidos-mexicanos-leyo-el-secretario-de-estado-y-del-despacho-universal-de-justicia-y-n\/","og_site_name":"Libairie Clavreuil","article_modified_time":"2024-07-16T17:07:43+00:00","og_image":[{"width":2560,"height":2024,"url":"https:\/\/www.librairieclavreuil.com\/wp-content\/uploads\/2024\/06\/jose-ygnacio-espinosa-memoria-que-en-el-cumplimiento-del-articulo-120-de-la-constitucion-federal-de-los-estados-unidos-mexicanos-leyo-el-sec-66605f66b14db-scaled.jpg","type":"image\/jpeg"}],"twitter_card":"summary_large_image","twitter_misc":{"Est. reading time":"1 minute"},"schema":{"@context":"https:\/\/schema.org","@graph":[{"@type":"WebPage","@id":"https:\/\/www.librairieclavreuil.com\/produit\/espinosa-jose-ygnacio-memoria-que-en-el-cumplimiento-del-articulo-120-de-la-constitucion-federal-de-los-estados-unidos-mexicanos-leyo-el-secretario-de-estado-y-del-despacho-universal-de-justicia-y-n\/","url":"https:\/\/www.librairieclavreuil.com\/produit\/espinosa-jose-ygnacio-memoria-que-en-el-cumplimiento-del-articulo-120-de-la-constitucion-federal-de-los-estados-unidos-mexicanos-leyo-el-secretario-de-estado-y-del-despacho-universal-de-justicia-y-n\/","name":"ESPINOSA Jos\u00e9 Ygnacio Memoria que en el cumplimiento del articulo 120 de la constitucion federal de los Estados-Unidos Mexicanos, ley\u00f3 el Secretario de Estado y del Despacho universal de Justicia y Negocios Ecclesi\u00e1sticos en la C\u00e1mara de Diputados el dia 8 y en la de Senadores el dia 11 de Enero del ano del 1831, sobre los ramos del Ministerio de su cargo. - Libairie Clavreuil","isPartOf":{"@id":"https:\/\/www.librairieclavreuil.com\/#website"},"primaryImageOfPage":{"@id":"https:\/\/www.librairieclavreuil.com\/produit\/espinosa-jose-ygnacio-memoria-que-en-el-cumplimiento-del-articulo-120-de-la-constitucion-federal-de-los-estados-unidos-mexicanos-leyo-el-secretario-de-estado-y-del-despacho-universal-de-justicia-y-n\/#primaryimage"},"image":{"@id":"https:\/\/www.librairieclavreuil.com\/produit\/espinosa-jose-ygnacio-memoria-que-en-el-cumplimiento-del-articulo-120-de-la-constitucion-federal-de-los-estados-unidos-mexicanos-leyo-el-secretario-de-estado-y-del-despacho-universal-de-justicia-y-n\/#primaryimage"},"thumbnailUrl":"https:\/\/www.librairieclavreuil.com\/wp-content\/uploads\/2024\/06\/jose-ygnacio-espinosa-memoria-que-en-el-cumplimiento-del-articulo-120-de-la-constitucion-federal-de-los-estados-unidos-mexicanos-leyo-el-sec-66605f66b14db-scaled.jpg","datePublished":"2024-04-23T17:14:32+00:00","dateModified":"2024-07-16T17:07:43+00:00","breadcrumb":{"@id":"https:\/\/www.librairieclavreuil.com\/produit\/espinosa-jose-ygnacio-memoria-que-en-el-cumplimiento-del-articulo-120-de-la-constitucion-federal-de-los-estados-unidos-mexicanos-leyo-el-secretario-de-estado-y-del-despacho-universal-de-justicia-y-n\/#breadcrumb"},"inLanguage":"en-US","potentialAction":[{"@type":"ReadAction","target":["https:\/\/www.librairieclavreuil.com\/produit\/espinosa-jose-ygnacio-memoria-que-en-el-cumplimiento-del-articulo-120-de-la-constitucion-federal-de-los-estados-unidos-mexicanos-leyo-el-secretario-de-estado-y-del-despacho-universal-de-justicia-y-n\/"]}]},{"@type":"ImageObject","inLanguage":"en-US","@id":"https:\/\/www.librairieclavreuil.com\/produit\/espinosa-jose-ygnacio-memoria-que-en-el-cumplimiento-del-articulo-120-de-la-constitucion-federal-de-los-estados-unidos-mexicanos-leyo-el-secretario-de-estado-y-del-despacho-universal-de-justicia-y-n\/#primaryimage","url":"https:\/\/www.librairieclavreuil.com\/wp-content\/uploads\/2024\/06\/jose-ygnacio-espinosa-memoria-que-en-el-cumplimiento-del-articulo-120-de-la-constitucion-federal-de-los-estados-unidos-mexicanos-leyo-el-sec-66605f66b14db-scaled.jpg","contentUrl":"https:\/\/www.librairieclavreuil.com\/wp-content\/uploads\/2024\/06\/jose-ygnacio-espinosa-memoria-que-en-el-cumplimiento-del-articulo-120-de-la-constitucion-federal-de-los-estados-unidos-mexicanos-leyo-el-sec-66605f66b14db-scaled.jpg","width":2560,"height":2024},{"@type":"BreadcrumbList","@id":"https:\/\/www.librairieclavreuil.com\/produit\/espinosa-jose-ygnacio-memoria-que-en-el-cumplimiento-del-articulo-120-de-la-constitucion-federal-de-los-estados-unidos-mexicanos-leyo-el-secretario-de-estado-y-del-despacho-universal-de-justicia-y-n\/#breadcrumb","itemListElement":[{"@type":"ListItem","position":1,"name":"Accueil","item":"https:\/\/www.librairieclavreuil.com\/"},{"@type":"ListItem","position":2,"name":"All our books","item":"https:\/\/www.librairieclavreuil.com\/en\/all-our-books\/"},{"@type":"ListItem","position":3,"name":"ESPINOSA Jos\u00e9 Ygnacio Memoria que en el cumplimiento..."}]},{"@type":"WebSite","@id":"https:\/\/www.librairieclavreuil.com\/#website","url":"https:\/\/www.librairieclavreuil.com\/","name":"Libairie Clavreuil","description":"Livres anciens, manuscrits rares et \u00e9ditions originales \u2013 Librairie Clavreuil","publisher":{"@id":"https:\/\/www.librairieclavreuil.com\/#organization"},"potentialAction":[{"@type":"SearchAction","target":{"@type":"EntryPoint","urlTemplate":"https:\/\/www.librairieclavreuil.com\/?s={search_term_string}"},"query-input":{"@type":"PropertyValueSpecification","valueRequired":true,"valueName":"search_term_string"}}],"inLanguage":"en-US"},{"@type":"Organization","@id":"https:\/\/www.librairieclavreuil.com\/#organization","name":"Libairie Clavreuil","url":"https:\/\/www.librairieclavreuil.com\/","logo":{"@type":"ImageObject","inLanguage":"en-US","@id":"https:\/\/www.librairieclavreuil.com\/#\/schema\/logo\/image\/","url":"https:\/\/www.librairieclavreuil.com\/wp-content\/uploads\/2021\/06\/cropped-LOGO_PNG_DATE-_gold-512x512-1.png","contentUrl":"https:\/\/www.librairieclavreuil.com\/wp-content\/uploads\/2021\/06\/cropped-LOGO_PNG_DATE-_gold-512x512-1.png","width":512,"height":512,"caption":"Libairie Clavreuil"},"image":{"@id":"https:\/\/www.librairieclavreuil.com\/#\/schema\/logo\/image\/"},"sameAs":["https:\/\/www.instagram.com\/librairieclavreuil\/"]}]}},"jetpack_sharing_enabled":true,"_links":{"self":[{"href":"https:\/\/www.librairieclavreuil.com\/en\/wp-json\/wp\/v2\/product\/74839","targetHints":{"allow":["GET"]}}],"collection":[{"href":"https:\/\/www.librairieclavreuil.com\/en\/wp-json\/wp\/v2\/product"}],"about":[{"href":"https:\/\/www.librairieclavreuil.com\/en\/wp-json\/wp\/v2\/types\/product"}],"replies":[{"embeddable":true,"href":"https:\/\/www.librairieclavreuil.com\/en\/wp-json\/wp\/v2\/comments?post=74839"}],"wp:featuredmedia":[{"embeddable":true,"href":"https:\/\/www.librairieclavreuil.com\/en\/wp-json\/wp\/v2\/media\/77815"}],"wp:attachment":[{"href":"https:\/\/www.librairieclavreuil.com\/en\/wp-json\/wp\/v2\/media?parent=74839"}],"wp:term":[{"taxonomy":"product_brand","embeddable":true,"href":"https:\/\/www.librairieclavreuil.com\/en\/wp-json\/wp\/v2\/product_brand?post=74839"},{"taxonomy":"product_cat","embeddable":true,"href":"https:\/\/www.librairieclavreuil.com\/en\/wp-json\/wp\/v2\/product_cat?post=74839"},{"taxonomy":"product_tag","embeddable":true,"href":"https:\/\/www.librairieclavreuil.com\/en\/wp-json\/wp\/v2\/product_tag?post=74839"}],"curies":[{"name":"wp","href":"https:\/\/api.w.org\/{rel}","templated":true}]}}