{"id":74829,"date":"2024-04-23T19:13:48","date_gmt":"2024-04-23T17:13:48","guid":{"rendered":"https:\/\/clavreuil-wordpress.logiciel-arteo.fr\/raveneau-de-lussan-journal-fait-a-la-mer-du-sud-avec-les-flibustiers-de-lamerique\/"},"modified":"2024-07-16T19:07:30","modified_gmt":"2024-07-16T17:07:30","slug":"raveneau-de-lussan-journal-fait-a-la-mer-du-sud-avec-les-flibustiers-de-lamerique","status":"publish","type":"product","link":"https:\/\/www.librairieclavreuil.com\/en\/raveneau-de-lussan-journal-fait-a-la-mer-du-sud-avec-les-flibustiers-de-lamerique\/","title":{"rendered":"RAVENEAU DE LUSSAN Journal fait \u00e0 la mer..."},"content":{"rendered":"<p style=\"text-align:justify\"><i>Polak, 7962; JCBL V, 705\/144 ; Leclerc, Bibliotheca Americana, 487 for the 2nd edition, c690 (&#8216;Cette relation, qui est ins\u00e9r\u00e9e toute enti\u00e8re dans le troisi\u00e8me volume de l\u2019histoire des flibustiers, est la meilleure relation de toutes celles qui sont entr\u00e9es dans cet ouvrage&#8217;); Howgego, Encyclopedia of Exploration to 1800 I, p. 654; Sabin, 67984, and de Diesbach, Biblioth\u00e8que Jean Bonna, XVIIe si\u00e8cle, no. 276 for the first edition.<\/i><\/p>\n<p style=\"text-align:justify\">Reissue of this text, which forms the third volume of Exquemelin&#8217;s <i>Histoire des Aventuriers flibustiers<\/i> which is said to have inspired Daniel Defoe for the creation of his Robinson Crusoe. &#8220;Embarqu\u00e9 \u00e0 vingt-deux ans (?) \u00e0 Dieppe pour Saint-Domingue, Raveneau de Lussan y resta pendant trois ans et &#8220;r\u00e9joignit une bande de flibustiers dans le but d&#8217;honorer les dettes qu&#8217;il avait contract\u00e9s. Parti le 22 novembre 1684, l&#8217;exp\u00e9dition dura jusqu&#8217;en f\u00e9vrier 1686; l&#8217;auteur ne nous \u00e9pargne aucun combat, ni aucun pillage et nous livre toutes les violences commises par les pirates, dont la vie est d\u00e9peinte de mani\u00e8re tr\u00e8s r\u00e9aliste. Raveanu de Lussan d\u00e9crit aussi les sites, les animaux, les plantes, les m\u0153urs des Indiens. L&#8217;ouvrage concerne essentiellement Cuba, le Chili, le Chili, le P\u00e9rou, l&#8217;Am\u00e9rique central et le Mexique&#8230; Selon Gilbert Chinard, Daniel Defoe aurait d&#8217;ailleurs puis\u00e9 dans ce journal quelques inspirations pour la premi\u00e8re partie de son Robinson Crusoe&#8221; (Soultrait).<\/p>\n<p style=\"text-align:justify\">Very good copy.<\/p>\n","protected":false},"excerpt":{"rendered":"<p style=\"text-align:justify\">12mo (161 x 92 mm) 6 nn.ll., 443 pp. Contemporary mottled calf, spine gilt with raised bnds, red speckled edges (skilfully restored).<\/p>\n","protected":false},"featured_media":74824,"comment_status":"open","ping_status":"closed","template":"","meta":{"_acf_changed":false},"product_brand":[],"product_cat":[552],"product_tag":[1380,1373],"class_list":{"0":"post-74829","1":"product","2":"type-product","3":"status-publish","4":"has-post-thumbnail","6":"product_cat-travel","7":"product_tag-general-south-america","8":"product_tag-south-america","9":"pa_auteur-raveneau-de-lussan-2","10":"pa_type-de-livre-printed-book","12":"first","13":"instock","14":"shipping-taxable","15":"purchasable","16":"product-type-simple"},"acf":{"artist":" RAVENEAU DE LUSSAN","chapeau":"","adresse_bibliographique":"Paris, Jacques Le Febvre, 1705","book_type":"Printed book","provenance":"","afficher_prix":""},"yoast_head":"<!-- This site is optimized with the Yoast SEO plugin v24.7 - https:\/\/yoast.com\/wordpress\/plugins\/seo\/ -->\n<title>RAVENEAU DE LUSSAN  Journal fait \u00e0 la mer du Sud avec les flibustiers de l&#039;Am\u00e9rique. - Libairie Clavreuil<\/title>\n<meta name=\"robots\" content=\"index, follow, max-snippet:-1, max-image-preview:large, max-video-preview:-1\" \/>\n<link rel=\"canonical\" href=\"https:\/\/www.librairieclavreuil.com\/en\/raveneau-de-lussan-journal-fait-a-la-mer-du-sud-avec-les-flibustiers-de-lamerique\/\" \/>\n<meta property=\"og:locale\" content=\"en_US\" \/>\n<meta property=\"og:type\" content=\"article\" \/>\n<meta property=\"og:title\" content=\"RAVENEAU DE LUSSAN  Journal fait \u00e0 la mer du Sud avec les flibustiers de l&#039;Am\u00e9rique. - Libairie Clavreuil\" \/>\n<meta property=\"og:description\" content=\"12mo (161 x 92 mm) 6 nn.ll., 443 pp. Contemporary mottled calf, spine gilt with raised bnds, red speckled edges (skilfully restored).\" \/>\n<meta property=\"og:url\" content=\"https:\/\/www.librairieclavreuil.com\/en\/raveneau-de-lussan-journal-fait-a-la-mer-du-sud-avec-les-flibustiers-de-lamerique\/\" \/>\n<meta property=\"og:site_name\" content=\"Libairie Clavreuil\" \/>\n<meta property=\"article:modified_time\" content=\"2024-07-16T17:07:30+00:00\" \/>\n<meta property=\"og:image\" content=\"https:\/\/www.librairieclavreuil.com\/wp-content\/uploads\/2024\/04\/raveneau-de-lussan-journal-fait-a-la-mer-du-sud-avec-les-flibustiers-de-l-amerique-7301-65e7394ea2f74.jpg\" \/>\n\t<meta property=\"og:image:width\" content=\"1720\" \/>\n\t<meta property=\"og:image:height\" content=\"2535\" \/>\n\t<meta property=\"og:image:type\" content=\"image\/jpeg\" \/>\n<meta name=\"twitter:card\" content=\"summary_large_image\" \/>\n<meta name=\"twitter:label1\" content=\"Est. reading time\" \/>\n\t<meta name=\"twitter:data1\" content=\"1 minute\" \/>\n<script type=\"application\/ld+json\" class=\"yoast-schema-graph\">{\"@context\":\"https:\/\/schema.org\",\"@graph\":[{\"@type\":\"WebPage\",\"@id\":\"https:\/\/www.librairieclavreuil.com\/en\/raveneau-de-lussan-journal-fait-a-la-mer-du-sud-avec-les-flibustiers-de-lamerique\/\",\"url\":\"https:\/\/www.librairieclavreuil.com\/en\/raveneau-de-lussan-journal-fait-a-la-mer-du-sud-avec-les-flibustiers-de-lamerique\/\",\"name\":\"RAVENEAU DE LUSSAN Journal fait \u00e0 la mer du Sud avec les flibustiers de l'Am\u00e9rique. - Libairie Clavreuil\",\"isPartOf\":{\"@id\":\"https:\/\/www.librairieclavreuil.com\/#website\"},\"primaryImageOfPage\":{\"@id\":\"https:\/\/www.librairieclavreuil.com\/en\/raveneau-de-lussan-journal-fait-a-la-mer-du-sud-avec-les-flibustiers-de-lamerique\/#primaryimage\"},\"image\":{\"@id\":\"https:\/\/www.librairieclavreuil.com\/en\/raveneau-de-lussan-journal-fait-a-la-mer-du-sud-avec-les-flibustiers-de-lamerique\/#primaryimage\"},\"thumbnailUrl\":\"https:\/\/www.librairieclavreuil.com\/wp-content\/uploads\/2024\/04\/raveneau-de-lussan-journal-fait-a-la-mer-du-sud-avec-les-flibustiers-de-l-amerique-7301-65e7394ea2f74.jpg\",\"datePublished\":\"2024-04-23T17:13:48+00:00\",\"dateModified\":\"2024-07-16T17:07:30+00:00\",\"breadcrumb\":{\"@id\":\"https:\/\/www.librairieclavreuil.com\/en\/raveneau-de-lussan-journal-fait-a-la-mer-du-sud-avec-les-flibustiers-de-lamerique\/#breadcrumb\"},\"inLanguage\":\"en-US\",\"potentialAction\":[{\"@type\":\"ReadAction\",\"target\":[\"https:\/\/www.librairieclavreuil.com\/en\/raveneau-de-lussan-journal-fait-a-la-mer-du-sud-avec-les-flibustiers-de-lamerique\/\"]}]},{\"@type\":\"ImageObject\",\"inLanguage\":\"en-US\",\"@id\":\"https:\/\/www.librairieclavreuil.com\/en\/raveneau-de-lussan-journal-fait-a-la-mer-du-sud-avec-les-flibustiers-de-lamerique\/#primaryimage\",\"url\":\"https:\/\/www.librairieclavreuil.com\/wp-content\/uploads\/2024\/04\/raveneau-de-lussan-journal-fait-a-la-mer-du-sud-avec-les-flibustiers-de-l-amerique-7301-65e7394ea2f74.jpg\",\"contentUrl\":\"https:\/\/www.librairieclavreuil.com\/wp-content\/uploads\/2024\/04\/raveneau-de-lussan-journal-fait-a-la-mer-du-sud-avec-les-flibustiers-de-l-amerique-7301-65e7394ea2f74.jpg\",\"width\":1720,\"height\":2535},{\"@type\":\"BreadcrumbList\",\"@id\":\"https:\/\/www.librairieclavreuil.com\/en\/raveneau-de-lussan-journal-fait-a-la-mer-du-sud-avec-les-flibustiers-de-lamerique\/#breadcrumb\",\"itemListElement\":[{\"@type\":\"ListItem\",\"position\":1,\"name\":\"Accueil\",\"item\":\"https:\/\/www.librairieclavreuil.com\/\"},{\"@type\":\"ListItem\",\"position\":2,\"name\":\"All our books\",\"item\":\"https:\/\/www.librairieclavreuil.com\/en\/all-our-books\/\"},{\"@type\":\"ListItem\",\"position\":3,\"name\":\"RAVENEAU DE LUSSAN Journal fait \u00e0 la mer...\"}]},{\"@type\":\"WebSite\",\"@id\":\"https:\/\/www.librairieclavreuil.com\/#website\",\"url\":\"https:\/\/www.librairieclavreuil.com\/\",\"name\":\"Libairie Clavreuil\",\"description\":\"Livres anciens, manuscrits rares et \u00e9ditions originales \u2013 Librairie Clavreuil\",\"publisher\":{\"@id\":\"https:\/\/www.librairieclavreuil.com\/#organization\"},\"potentialAction\":[{\"@type\":\"SearchAction\",\"target\":{\"@type\":\"EntryPoint\",\"urlTemplate\":\"https:\/\/www.librairieclavreuil.com\/?s={search_term_string}\"},\"query-input\":{\"@type\":\"PropertyValueSpecification\",\"valueRequired\":true,\"valueName\":\"search_term_string\"}}],\"inLanguage\":\"en-US\"},{\"@type\":\"Organization\",\"@id\":\"https:\/\/www.librairieclavreuil.com\/#organization\",\"name\":\"Libairie Clavreuil\",\"url\":\"https:\/\/www.librairieclavreuil.com\/\",\"logo\":{\"@type\":\"ImageObject\",\"inLanguage\":\"en-US\",\"@id\":\"https:\/\/www.librairieclavreuil.com\/#\/schema\/logo\/image\/\",\"url\":\"https:\/\/www.librairieclavreuil.com\/wp-content\/uploads\/2021\/06\/cropped-LOGO_PNG_DATE-_gold-512x512-1.png\",\"contentUrl\":\"https:\/\/www.librairieclavreuil.com\/wp-content\/uploads\/2021\/06\/cropped-LOGO_PNG_DATE-_gold-512x512-1.png\",\"width\":512,\"height\":512,\"caption\":\"Libairie Clavreuil\"},\"image\":{\"@id\":\"https:\/\/www.librairieclavreuil.com\/#\/schema\/logo\/image\/\"},\"sameAs\":[\"https:\/\/www.instagram.com\/librairieclavreuil\/\"]}]}<\/script>\n<!-- \/ Yoast SEO plugin. -->","yoast_head_json":{"title":"RAVENEAU DE LUSSAN  Journal fait \u00e0 la mer du Sud avec les flibustiers de l'Am\u00e9rique. - Libairie Clavreuil","robots":{"index":"index","follow":"follow","max-snippet":"max-snippet:-1","max-image-preview":"max-image-preview:large","max-video-preview":"max-video-preview:-1"},"canonical":"https:\/\/www.librairieclavreuil.com\/en\/raveneau-de-lussan-journal-fait-a-la-mer-du-sud-avec-les-flibustiers-de-lamerique\/","og_locale":"en_US","og_type":"article","og_title":"RAVENEAU DE LUSSAN  Journal fait \u00e0 la mer du Sud avec les flibustiers de l'Am\u00e9rique. - Libairie Clavreuil","og_description":"12mo (161 x 92 mm) 6 nn.ll., 443 pp. Contemporary mottled calf, spine gilt with raised bnds, red speckled edges (skilfully restored).","og_url":"https:\/\/www.librairieclavreuil.com\/en\/raveneau-de-lussan-journal-fait-a-la-mer-du-sud-avec-les-flibustiers-de-lamerique\/","og_site_name":"Libairie Clavreuil","article_modified_time":"2024-07-16T17:07:30+00:00","og_image":[{"width":1720,"height":2535,"url":"https:\/\/www.librairieclavreuil.com\/wp-content\/uploads\/2024\/04\/raveneau-de-lussan-journal-fait-a-la-mer-du-sud-avec-les-flibustiers-de-l-amerique-7301-65e7394ea2f74.jpg","type":"image\/jpeg"}],"twitter_card":"summary_large_image","twitter_misc":{"Est. reading time":"1 minute"},"schema":{"@context":"https:\/\/schema.org","@graph":[{"@type":"WebPage","@id":"https:\/\/www.librairieclavreuil.com\/en\/raveneau-de-lussan-journal-fait-a-la-mer-du-sud-avec-les-flibustiers-de-lamerique\/","url":"https:\/\/www.librairieclavreuil.com\/en\/raveneau-de-lussan-journal-fait-a-la-mer-du-sud-avec-les-flibustiers-de-lamerique\/","name":"RAVENEAU DE LUSSAN Journal fait \u00e0 la mer du Sud avec les flibustiers de l'Am\u00e9rique. - Libairie Clavreuil","isPartOf":{"@id":"https:\/\/www.librairieclavreuil.com\/#website"},"primaryImageOfPage":{"@id":"https:\/\/www.librairieclavreuil.com\/en\/raveneau-de-lussan-journal-fait-a-la-mer-du-sud-avec-les-flibustiers-de-lamerique\/#primaryimage"},"image":{"@id":"https:\/\/www.librairieclavreuil.com\/en\/raveneau-de-lussan-journal-fait-a-la-mer-du-sud-avec-les-flibustiers-de-lamerique\/#primaryimage"},"thumbnailUrl":"https:\/\/www.librairieclavreuil.com\/wp-content\/uploads\/2024\/04\/raveneau-de-lussan-journal-fait-a-la-mer-du-sud-avec-les-flibustiers-de-l-amerique-7301-65e7394ea2f74.jpg","datePublished":"2024-04-23T17:13:48+00:00","dateModified":"2024-07-16T17:07:30+00:00","breadcrumb":{"@id":"https:\/\/www.librairieclavreuil.com\/en\/raveneau-de-lussan-journal-fait-a-la-mer-du-sud-avec-les-flibustiers-de-lamerique\/#breadcrumb"},"inLanguage":"en-US","potentialAction":[{"@type":"ReadAction","target":["https:\/\/www.librairieclavreuil.com\/en\/raveneau-de-lussan-journal-fait-a-la-mer-du-sud-avec-les-flibustiers-de-lamerique\/"]}]},{"@type":"ImageObject","inLanguage":"en-US","@id":"https:\/\/www.librairieclavreuil.com\/en\/raveneau-de-lussan-journal-fait-a-la-mer-du-sud-avec-les-flibustiers-de-lamerique\/#primaryimage","url":"https:\/\/www.librairieclavreuil.com\/wp-content\/uploads\/2024\/04\/raveneau-de-lussan-journal-fait-a-la-mer-du-sud-avec-les-flibustiers-de-l-amerique-7301-65e7394ea2f74.jpg","contentUrl":"https:\/\/www.librairieclavreuil.com\/wp-content\/uploads\/2024\/04\/raveneau-de-lussan-journal-fait-a-la-mer-du-sud-avec-les-flibustiers-de-l-amerique-7301-65e7394ea2f74.jpg","width":1720,"height":2535},{"@type":"BreadcrumbList","@id":"https:\/\/www.librairieclavreuil.com\/en\/raveneau-de-lussan-journal-fait-a-la-mer-du-sud-avec-les-flibustiers-de-lamerique\/#breadcrumb","itemListElement":[{"@type":"ListItem","position":1,"name":"Accueil","item":"https:\/\/www.librairieclavreuil.com\/"},{"@type":"ListItem","position":2,"name":"All our books","item":"https:\/\/www.librairieclavreuil.com\/en\/all-our-books\/"},{"@type":"ListItem","position":3,"name":"RAVENEAU DE LUSSAN Journal fait \u00e0 la mer..."}]},{"@type":"WebSite","@id":"https:\/\/www.librairieclavreuil.com\/#website","url":"https:\/\/www.librairieclavreuil.com\/","name":"Libairie Clavreuil","description":"Livres anciens, manuscrits rares et \u00e9ditions originales \u2013 Librairie Clavreuil","publisher":{"@id":"https:\/\/www.librairieclavreuil.com\/#organization"},"potentialAction":[{"@type":"SearchAction","target":{"@type":"EntryPoint","urlTemplate":"https:\/\/www.librairieclavreuil.com\/?s={search_term_string}"},"query-input":{"@type":"PropertyValueSpecification","valueRequired":true,"valueName":"search_term_string"}}],"inLanguage":"en-US"},{"@type":"Organization","@id":"https:\/\/www.librairieclavreuil.com\/#organization","name":"Libairie Clavreuil","url":"https:\/\/www.librairieclavreuil.com\/","logo":{"@type":"ImageObject","inLanguage":"en-US","@id":"https:\/\/www.librairieclavreuil.com\/#\/schema\/logo\/image\/","url":"https:\/\/www.librairieclavreuil.com\/wp-content\/uploads\/2021\/06\/cropped-LOGO_PNG_DATE-_gold-512x512-1.png","contentUrl":"https:\/\/www.librairieclavreuil.com\/wp-content\/uploads\/2021\/06\/cropped-LOGO_PNG_DATE-_gold-512x512-1.png","width":512,"height":512,"caption":"Libairie Clavreuil"},"image":{"@id":"https:\/\/www.librairieclavreuil.com\/#\/schema\/logo\/image\/"},"sameAs":["https:\/\/www.instagram.com\/librairieclavreuil\/"]}]}},"jetpack_sharing_enabled":true,"_links":{"self":[{"href":"https:\/\/www.librairieclavreuil.com\/en\/wp-json\/wp\/v2\/product\/74829","targetHints":{"allow":["GET"]}}],"collection":[{"href":"https:\/\/www.librairieclavreuil.com\/en\/wp-json\/wp\/v2\/product"}],"about":[{"href":"https:\/\/www.librairieclavreuil.com\/en\/wp-json\/wp\/v2\/types\/product"}],"replies":[{"embeddable":true,"href":"https:\/\/www.librairieclavreuil.com\/en\/wp-json\/wp\/v2\/comments?post=74829"}],"wp:featuredmedia":[{"embeddable":true,"href":"https:\/\/www.librairieclavreuil.com\/en\/wp-json\/wp\/v2\/media\/74824"}],"wp:attachment":[{"href":"https:\/\/www.librairieclavreuil.com\/en\/wp-json\/wp\/v2\/media?parent=74829"}],"wp:term":[{"taxonomy":"product_brand","embeddable":true,"href":"https:\/\/www.librairieclavreuil.com\/en\/wp-json\/wp\/v2\/product_brand?post=74829"},{"taxonomy":"product_cat","embeddable":true,"href":"https:\/\/www.librairieclavreuil.com\/en\/wp-json\/wp\/v2\/product_cat?post=74829"},{"taxonomy":"product_tag","embeddable":true,"href":"https:\/\/www.librairieclavreuil.com\/en\/wp-json\/wp\/v2\/product_tag?post=74829"}],"curies":[{"name":"wp","href":"https:\/\/api.w.org\/{rel}","templated":true}]}}