{"id":74393,"date":"2024-04-23T15:05:00","date_gmt":"2024-04-23T13:05:00","guid":{"rendered":"https:\/\/clavreuil-wordpress.logiciel-arteo.fr\/montesquieu-charles-de-secondat-de-lesprit-des-loix\/"},"modified":"2024-09-23T18:07:16","modified_gmt":"2024-09-23T16:07:16","slug":"montesquieu-charles-de-secondat-de-lesprit-des-loix","status":"publish","type":"product","link":"https:\/\/www.librairieclavreuil.com\/en\/montesquieu-charles-de-secondat-de-lesprit-des-loix\/","title":{"rendered":"MONTESQUIEU Charles de Secondat De l&#8217;esprit des loix."},"content":{"rendered":"<p style=\"text-align:justify\"><i>Tchemerzine-Scheler, IV, 929 ; PMM, 197 ; En fran\u00e7ais dans le texte, 138; Dangeau, 15. \u2013 On the publishing history of De L&#8217;Esprit des lois, see : C. Volpilhac-Auger, G. Sabbagh and F. Weil, Un auteur en qu\u00eate d&#8217;\u00e9diteurs ? Histoire \u00e9ditoriale de l&#8217;\u0153uvre de Montesquieu, Paris, 2011, pp. 24-146.<\/i><\/p>\n<p style=\"text-align:justify\"><span style=\"font-variant:small-caps\">First edition of one of the fundamental works of modern political science.<\/span><\/p>\n<p style=\"text-align:justify\">&#8220;In many ways one of the most remarkable works of the 18th century, <i>The Spirit of Law<\/i>, owing in the main to the high plane of generalization on which it is written, defies easy classification and for that reason has never enjoyed a great popularity. So, too, its author puzzled his contemporaries, and very diverse opinions were passed on him and his work even by the philosophes, whose predecessor Montesquieu was&#8230; His theories underlay the thinking which led up to the American and French revolutions, and the United States Constitution in particular is a lasting tribute to the principles he advocated &#8221; (PMM).<\/p>\n<p style=\"text-align:justify\">&#8220;Distinguant, selon les degr\u00e9s de libert\u00e9 qu&#8217;ils comportent, trois formes de gouvernement, la r\u00e9publique (d\u00e9mocratie et aristocratie), la monarchie et le despotisme&#8221;, Montesquieu se livre \u00e0 l&#8217;analyse de &#8220;la forme de chaque gouvernement pour d\u00e9couvrir les lois propres, c&#8217;est-\u00e0-dire fondamentales, \u00e0 chacun, et en d\u00e9duire les lois positives que chacun de ces gouvernements doit adopter&#8221; cf. (Louis Desgraves, in : En fran\u00e7ais dans le texte).<\/p>\n<p style=\"text-align:justify\">This copy with all the cancels as described by Tchemerzine. Some smaller stains, mostly in the margins and the occasional small tear; bindings slightly restored.<\/p>\n","protected":false},"excerpt":{"rendered":"<p style=\"text-align:justify\">2 volumes, 4to (248 x 183 mm) 4 nn.ll., XXIV, 522 pp. for volume I; 2 nn.ll., XVI, 564 pp. for volume II. Late 18th century speckled sheep, flat spines gilt.<\/p>\n","protected":false},"featured_media":74388,"comment_status":"open","ping_status":"closed","template":"","meta":{"_acf_changed":false},"product_brand":[],"product_cat":[544],"product_tag":[1245,1450,1266,1233],"class_list":{"0":"post-74393","1":"product","2":"type-product","3":"status-publish","4":"has-post-thumbnail","6":"product_cat-literature","7":"product_tag-18th-century-literature","8":"product_tag-first-edition","9":"product_tag-philosophy","10":"product_tag-pmm-2","11":"pa_auteur-montesquieu-charles-de-secondat-2","12":"pa_type-de-livre-printed-book","14":"first","15":"instock","16":"shipping-taxable","17":"purchasable","18":"product-type-simple"},"acf":{"artist":" Charles de Secondat MONTESQUIEU","chapeau":"The true first edition","adresse_bibliographique":"Gen\u00e8ve, Barrillot [sic] & Fils, 1748","book_type":"Printed book","provenance":"","afficher_prix":""},"yoast_head":"<!-- This site is optimized with the Yoast SEO plugin v24.7 - https:\/\/yoast.com\/wordpress\/plugins\/seo\/ -->\n<title>MONTESQUIEU Charles de Secondat De l&#039;esprit des loix. - Libairie Clavreuil<\/title>\n<meta name=\"robots\" content=\"index, follow, max-snippet:-1, max-image-preview:large, max-video-preview:-1\" \/>\n<link rel=\"canonical\" href=\"https:\/\/www.librairieclavreuil.com\/en\/montesquieu-charles-de-secondat-de-lesprit-des-loix\/\" \/>\n<meta property=\"og:locale\" content=\"en_US\" \/>\n<meta property=\"og:type\" content=\"article\" \/>\n<meta property=\"og:title\" content=\"MONTESQUIEU Charles de Secondat De l&#039;esprit des loix. - Libairie Clavreuil\" \/>\n<meta property=\"og:description\" content=\"2 volumes, 4to (248 x 183 mm) 4 nn.ll., XXIV, 522 pp. for volume I; 2 nn.ll., XVI, 564 pp. for volume II. Late 18th century speckled sheep, flat spines gilt.\" \/>\n<meta property=\"og:url\" content=\"https:\/\/www.librairieclavreuil.com\/en\/montesquieu-charles-de-secondat-de-lesprit-des-loix\/\" \/>\n<meta property=\"og:site_name\" content=\"Libairie Clavreuil\" \/>\n<meta property=\"article:modified_time\" content=\"2024-09-23T16:07:16+00:00\" \/>\n<meta property=\"og:image\" content=\"https:\/\/www.librairieclavreuil.com\/wp-content\/uploads\/2024\/04\/charles-de-secondat-montesquieu-de-l-esprit-des-loix-4245-65b9260947ea2-scaled.jpg\" \/>\n\t<meta property=\"og:image:width\" content=\"1843\" \/>\n\t<meta property=\"og:image:height\" content=\"2560\" \/>\n\t<meta property=\"og:image:type\" content=\"image\/jpeg\" \/>\n<meta name=\"twitter:card\" content=\"summary_large_image\" \/>\n<meta name=\"twitter:label1\" content=\"Est. reading time\" \/>\n\t<meta name=\"twitter:data1\" content=\"1 minute\" \/>\n<script type=\"application\/ld+json\" class=\"yoast-schema-graph\">{\"@context\":\"https:\/\/schema.org\",\"@graph\":[{\"@type\":\"WebPage\",\"@id\":\"https:\/\/www.librairieclavreuil.com\/en\/montesquieu-charles-de-secondat-de-lesprit-des-loix\/\",\"url\":\"https:\/\/www.librairieclavreuil.com\/en\/montesquieu-charles-de-secondat-de-lesprit-des-loix\/\",\"name\":\"MONTESQUIEU Charles de Secondat De l'esprit des loix. - Libairie Clavreuil\",\"isPartOf\":{\"@id\":\"https:\/\/www.librairieclavreuil.com\/#website\"},\"primaryImageOfPage\":{\"@id\":\"https:\/\/www.librairieclavreuil.com\/en\/montesquieu-charles-de-secondat-de-lesprit-des-loix\/#primaryimage\"},\"image\":{\"@id\":\"https:\/\/www.librairieclavreuil.com\/en\/montesquieu-charles-de-secondat-de-lesprit-des-loix\/#primaryimage\"},\"thumbnailUrl\":\"https:\/\/www.librairieclavreuil.com\/wp-content\/uploads\/2024\/04\/charles-de-secondat-montesquieu-de-l-esprit-des-loix-4245-65b9260947ea2-scaled.jpg\",\"datePublished\":\"2024-04-23T13:05:00+00:00\",\"dateModified\":\"2024-09-23T16:07:16+00:00\",\"breadcrumb\":{\"@id\":\"https:\/\/www.librairieclavreuil.com\/en\/montesquieu-charles-de-secondat-de-lesprit-des-loix\/#breadcrumb\"},\"inLanguage\":\"en-US\",\"potentialAction\":[{\"@type\":\"ReadAction\",\"target\":[\"https:\/\/www.librairieclavreuil.com\/en\/montesquieu-charles-de-secondat-de-lesprit-des-loix\/\"]}]},{\"@type\":\"ImageObject\",\"inLanguage\":\"en-US\",\"@id\":\"https:\/\/www.librairieclavreuil.com\/en\/montesquieu-charles-de-secondat-de-lesprit-des-loix\/#primaryimage\",\"url\":\"https:\/\/www.librairieclavreuil.com\/wp-content\/uploads\/2024\/04\/charles-de-secondat-montesquieu-de-l-esprit-des-loix-4245-65b9260947ea2-scaled.jpg\",\"contentUrl\":\"https:\/\/www.librairieclavreuil.com\/wp-content\/uploads\/2024\/04\/charles-de-secondat-montesquieu-de-l-esprit-des-loix-4245-65b9260947ea2-scaled.jpg\",\"width\":1843,\"height\":2560},{\"@type\":\"BreadcrumbList\",\"@id\":\"https:\/\/www.librairieclavreuil.com\/en\/montesquieu-charles-de-secondat-de-lesprit-des-loix\/#breadcrumb\",\"itemListElement\":[{\"@type\":\"ListItem\",\"position\":1,\"name\":\"Accueil\",\"item\":\"https:\/\/www.librairieclavreuil.com\/\"},{\"@type\":\"ListItem\",\"position\":2,\"name\":\"All our books\",\"item\":\"https:\/\/www.librairieclavreuil.com\/en\/all-our-books\/\"},{\"@type\":\"ListItem\",\"position\":3,\"name\":\"MONTESQUIEU Charles de Secondat De l&#8217;esprit des loix.\"}]},{\"@type\":\"WebSite\",\"@id\":\"https:\/\/www.librairieclavreuil.com\/#website\",\"url\":\"https:\/\/www.librairieclavreuil.com\/\",\"name\":\"Libairie Clavreuil\",\"description\":\"Livres anciens, manuscrits rares et \u00e9ditions originales \u2013 Librairie Clavreuil\",\"publisher\":{\"@id\":\"https:\/\/www.librairieclavreuil.com\/#organization\"},\"potentialAction\":[{\"@type\":\"SearchAction\",\"target\":{\"@type\":\"EntryPoint\",\"urlTemplate\":\"https:\/\/www.librairieclavreuil.com\/?s={search_term_string}\"},\"query-input\":{\"@type\":\"PropertyValueSpecification\",\"valueRequired\":true,\"valueName\":\"search_term_string\"}}],\"inLanguage\":\"en-US\"},{\"@type\":\"Organization\",\"@id\":\"https:\/\/www.librairieclavreuil.com\/#organization\",\"name\":\"Libairie Clavreuil\",\"url\":\"https:\/\/www.librairieclavreuil.com\/\",\"logo\":{\"@type\":\"ImageObject\",\"inLanguage\":\"en-US\",\"@id\":\"https:\/\/www.librairieclavreuil.com\/#\/schema\/logo\/image\/\",\"url\":\"https:\/\/www.librairieclavreuil.com\/wp-content\/uploads\/2021\/06\/cropped-LOGO_PNG_DATE-_gold-512x512-1.png\",\"contentUrl\":\"https:\/\/www.librairieclavreuil.com\/wp-content\/uploads\/2021\/06\/cropped-LOGO_PNG_DATE-_gold-512x512-1.png\",\"width\":512,\"height\":512,\"caption\":\"Libairie Clavreuil\"},\"image\":{\"@id\":\"https:\/\/www.librairieclavreuil.com\/#\/schema\/logo\/image\/\"},\"sameAs\":[\"https:\/\/www.instagram.com\/librairieclavreuil\/\"]}]}<\/script>\n<!-- \/ Yoast SEO plugin. -->","yoast_head_json":{"title":"MONTESQUIEU Charles de Secondat De l'esprit des loix. - Libairie Clavreuil","robots":{"index":"index","follow":"follow","max-snippet":"max-snippet:-1","max-image-preview":"max-image-preview:large","max-video-preview":"max-video-preview:-1"},"canonical":"https:\/\/www.librairieclavreuil.com\/en\/montesquieu-charles-de-secondat-de-lesprit-des-loix\/","og_locale":"en_US","og_type":"article","og_title":"MONTESQUIEU Charles de Secondat De l'esprit des loix. - Libairie Clavreuil","og_description":"2 volumes, 4to (248 x 183 mm) 4 nn.ll., XXIV, 522 pp. for volume I; 2 nn.ll., XVI, 564 pp. for volume II. Late 18th century speckled sheep, flat spines gilt.","og_url":"https:\/\/www.librairieclavreuil.com\/en\/montesquieu-charles-de-secondat-de-lesprit-des-loix\/","og_site_name":"Libairie Clavreuil","article_modified_time":"2024-09-23T16:07:16+00:00","og_image":[{"width":1843,"height":2560,"url":"https:\/\/www.librairieclavreuil.com\/wp-content\/uploads\/2024\/04\/charles-de-secondat-montesquieu-de-l-esprit-des-loix-4245-65b9260947ea2-scaled.jpg","type":"image\/jpeg"}],"twitter_card":"summary_large_image","twitter_misc":{"Est. reading time":"1 minute"},"schema":{"@context":"https:\/\/schema.org","@graph":[{"@type":"WebPage","@id":"https:\/\/www.librairieclavreuil.com\/en\/montesquieu-charles-de-secondat-de-lesprit-des-loix\/","url":"https:\/\/www.librairieclavreuil.com\/en\/montesquieu-charles-de-secondat-de-lesprit-des-loix\/","name":"MONTESQUIEU Charles de Secondat De l'esprit des loix. - Libairie Clavreuil","isPartOf":{"@id":"https:\/\/www.librairieclavreuil.com\/#website"},"primaryImageOfPage":{"@id":"https:\/\/www.librairieclavreuil.com\/en\/montesquieu-charles-de-secondat-de-lesprit-des-loix\/#primaryimage"},"image":{"@id":"https:\/\/www.librairieclavreuil.com\/en\/montesquieu-charles-de-secondat-de-lesprit-des-loix\/#primaryimage"},"thumbnailUrl":"https:\/\/www.librairieclavreuil.com\/wp-content\/uploads\/2024\/04\/charles-de-secondat-montesquieu-de-l-esprit-des-loix-4245-65b9260947ea2-scaled.jpg","datePublished":"2024-04-23T13:05:00+00:00","dateModified":"2024-09-23T16:07:16+00:00","breadcrumb":{"@id":"https:\/\/www.librairieclavreuil.com\/en\/montesquieu-charles-de-secondat-de-lesprit-des-loix\/#breadcrumb"},"inLanguage":"en-US","potentialAction":[{"@type":"ReadAction","target":["https:\/\/www.librairieclavreuil.com\/en\/montesquieu-charles-de-secondat-de-lesprit-des-loix\/"]}]},{"@type":"ImageObject","inLanguage":"en-US","@id":"https:\/\/www.librairieclavreuil.com\/en\/montesquieu-charles-de-secondat-de-lesprit-des-loix\/#primaryimage","url":"https:\/\/www.librairieclavreuil.com\/wp-content\/uploads\/2024\/04\/charles-de-secondat-montesquieu-de-l-esprit-des-loix-4245-65b9260947ea2-scaled.jpg","contentUrl":"https:\/\/www.librairieclavreuil.com\/wp-content\/uploads\/2024\/04\/charles-de-secondat-montesquieu-de-l-esprit-des-loix-4245-65b9260947ea2-scaled.jpg","width":1843,"height":2560},{"@type":"BreadcrumbList","@id":"https:\/\/www.librairieclavreuil.com\/en\/montesquieu-charles-de-secondat-de-lesprit-des-loix\/#breadcrumb","itemListElement":[{"@type":"ListItem","position":1,"name":"Accueil","item":"https:\/\/www.librairieclavreuil.com\/"},{"@type":"ListItem","position":2,"name":"All our books","item":"https:\/\/www.librairieclavreuil.com\/en\/all-our-books\/"},{"@type":"ListItem","position":3,"name":"MONTESQUIEU Charles de Secondat De l&#8217;esprit des loix."}]},{"@type":"WebSite","@id":"https:\/\/www.librairieclavreuil.com\/#website","url":"https:\/\/www.librairieclavreuil.com\/","name":"Libairie Clavreuil","description":"Livres anciens, manuscrits rares et \u00e9ditions originales \u2013 Librairie Clavreuil","publisher":{"@id":"https:\/\/www.librairieclavreuil.com\/#organization"},"potentialAction":[{"@type":"SearchAction","target":{"@type":"EntryPoint","urlTemplate":"https:\/\/www.librairieclavreuil.com\/?s={search_term_string}"},"query-input":{"@type":"PropertyValueSpecification","valueRequired":true,"valueName":"search_term_string"}}],"inLanguage":"en-US"},{"@type":"Organization","@id":"https:\/\/www.librairieclavreuil.com\/#organization","name":"Libairie Clavreuil","url":"https:\/\/www.librairieclavreuil.com\/","logo":{"@type":"ImageObject","inLanguage":"en-US","@id":"https:\/\/www.librairieclavreuil.com\/#\/schema\/logo\/image\/","url":"https:\/\/www.librairieclavreuil.com\/wp-content\/uploads\/2021\/06\/cropped-LOGO_PNG_DATE-_gold-512x512-1.png","contentUrl":"https:\/\/www.librairieclavreuil.com\/wp-content\/uploads\/2021\/06\/cropped-LOGO_PNG_DATE-_gold-512x512-1.png","width":512,"height":512,"caption":"Libairie Clavreuil"},"image":{"@id":"https:\/\/www.librairieclavreuil.com\/#\/schema\/logo\/image\/"},"sameAs":["https:\/\/www.instagram.com\/librairieclavreuil\/"]}]}},"jetpack_sharing_enabled":true,"_links":{"self":[{"href":"https:\/\/www.librairieclavreuil.com\/en\/wp-json\/wp\/v2\/product\/74393","targetHints":{"allow":["GET"]}}],"collection":[{"href":"https:\/\/www.librairieclavreuil.com\/en\/wp-json\/wp\/v2\/product"}],"about":[{"href":"https:\/\/www.librairieclavreuil.com\/en\/wp-json\/wp\/v2\/types\/product"}],"replies":[{"embeddable":true,"href":"https:\/\/www.librairieclavreuil.com\/en\/wp-json\/wp\/v2\/comments?post=74393"}],"wp:featuredmedia":[{"embeddable":true,"href":"https:\/\/www.librairieclavreuil.com\/en\/wp-json\/wp\/v2\/media\/74388"}],"wp:attachment":[{"href":"https:\/\/www.librairieclavreuil.com\/en\/wp-json\/wp\/v2\/media?parent=74393"}],"wp:term":[{"taxonomy":"product_brand","embeddable":true,"href":"https:\/\/www.librairieclavreuil.com\/en\/wp-json\/wp\/v2\/product_brand?post=74393"},{"taxonomy":"product_cat","embeddable":true,"href":"https:\/\/www.librairieclavreuil.com\/en\/wp-json\/wp\/v2\/product_cat?post=74393"},{"taxonomy":"product_tag","embeddable":true,"href":"https:\/\/www.librairieclavreuil.com\/en\/wp-json\/wp\/v2\/product_tag?post=74393"}],"curies":[{"name":"wp","href":"https:\/\/api.w.org\/{rel}","templated":true}]}}