{"id":74338,"date":"2024-04-23T13:04:06","date_gmt":"2024-04-23T11:04:06","guid":{"rendered":"https:\/\/clavreuil-wordpress.logiciel-arteo.fr\/helvetius-claude-adrien-de-lesprit\/"},"modified":"2024-07-15T13:05:48","modified_gmt":"2024-07-15T11:05:48","slug":"helvetius-claude-adrien-de-lesprit","status":"publish","type":"product","link":"https:\/\/www.librairieclavreuil.com\/en\/helvetius-claude-adrien-de-lesprit\/","title":{"rendered":"HELVETIUS Claude Adrien De l&#8217;Esprit."},"content":{"rendered":"<p style=\"text-align:justify\"><i>Smith, pp. 121-127.<\/i><\/p>\n<p style=\"text-align:justify\"><span style=\"font-variant:small-caps\">First edition, second issue.<\/span><\/p>\n<p style=\"text-align:justify\">One of the key books of materialist thought, &#8220;a furious blow to prejudice&#8221; (Diderot). It was seized and condemned to be burnt as soon as it was published. <i>De l&#8217;esprit<\/i> was a huge scandal: dedicated to the royal family, the work was rejected by them, and on 10 August, shortly after publication, the privilege granted on 12 May 1758 was revoked. Helv\u00e9tius&#8217;s book broke down &#8220;the last theological barriers in which the sensualism of Locke, and also that of Condillac, was still enclosed. With Helv\u00e9tius, eighteenth-century French materialism took one of its most systematic and absolute forms and resolutely replaced the idealist myth, which holds that ideas govern the world and mankind, with the materialist principle, which holds that man will be transformed by transforming the environment that formed him&#8221; (see : Dict. des \u0153uvres).<\/p>\n<p style=\"text-align:justify\">Bound with : <strong>a<\/strong> &#8211; Portrait of Helv\u00e9tius engraved by Saint-Aubin after Vanloo in 1775. <strong>b<\/strong> &#8211; \u00c9loge de M. Helv\u00e9tius [par F.-J. de Chastellux. No place, no name, [1774], 28 pp. (missing title). Both items have been window-mounted at the time of binding. <strong>c<\/strong> &#8211; Censure de la Facult\u00e9 de Th\u00e9ologie de Paris, contre un livre qui a pour titre, De l&#8217;esprit. <i>Paris, J.-B. Garnier, 1759.&nbsp;<\/i>79 pp. <strong>d<\/strong> &#8211; Arrest de la cour de Parlement, portant condamnation de plusieurs Livres &amp; autres Ouvrages imprim\u00e9s. Extrait des registres de Parlement. Du 23 Janvier 1759. [<i>Paris, P.G. Simon, 1759<\/i>], 31 pp. The condamnation of <i>De l&#8217;esprit<\/i> is mentioned on p. 29. <strong>e<\/strong> &#8211; Arrest du Conseil d&#8217;\u00c9tat du Roy, rendu au sujet du Privil\u00e8ge ci-devant accord\u00e9 pour l&#8217;impression de l&#8217;Ouvrage intitul\u00e9, De l&#8217;esprit. Du 10 Ao\u00fbt 1758. [<i>Paris, Claude Girard, no date.<\/i>], 2 pp. <strong>f<\/strong> &#8211; Lettre au R\u00e9v\u00e9rend P\u00e8re *** J\u00e9suite [by Helv\u00e9tius]. No place, no date. 4 pp. Apologies by Helv\u00e9tius au to father Berthier or, according to toher sources, to father Pleix.<\/p>\n<p style=\"text-align:justify\">Fine, broad margined copy.<\/p>\n","protected":false},"excerpt":{"rendered":"<p style=\"text-align:justify\">4to (187 x 152 mm) 2 nn.ll., XXII, 643 pp. Contemporary sheep, spine gilt with raised bands, red edges.<\/p>\n","protected":false},"featured_media":74333,"comment_status":"open","ping_status":"closed","template":"","meta":{"_acf_changed":false},"product_brand":[],"product_cat":[544],"product_tag":[1244,1450,1266],"class_list":{"0":"post-74338","1":"product","2":"type-product","3":"status-publish","4":"has-post-thumbnail","6":"product_cat-literature","7":"product_tag-17th-century-literature","8":"product_tag-first-edition","9":"product_tag-philosophy","10":"pa_auteur-helvetius-claude-adrien-2","11":"pa_type-de-livre-printed-book","13":"first","14":"instock","15":"shipping-taxable","16":"purchasable","17":"product-type-simple"},"acf":{"artist":" Claude Adrien HELVETIUS","chapeau":"","adresse_bibliographique":"Paris, Durand, 1758","book_type":"Printed book","provenance":"","afficher_prix":""},"yoast_head":"<!-- This site is optimized with the Yoast SEO plugin v24.7 - https:\/\/yoast.com\/wordpress\/plugins\/seo\/ -->\n<title>HELVETIUS Claude Adrien De l&#039;Esprit. - Libairie Clavreuil<\/title>\n<meta name=\"robots\" content=\"index, follow, max-snippet:-1, max-image-preview:large, max-video-preview:-1\" \/>\n<link rel=\"canonical\" href=\"https:\/\/www.librairieclavreuil.com\/en\/helvetius-claude-adrien-de-lesprit\/\" \/>\n<meta property=\"og:locale\" content=\"en_US\" \/>\n<meta property=\"og:type\" content=\"article\" \/>\n<meta property=\"og:title\" content=\"HELVETIUS Claude Adrien De l&#039;Esprit. - Libairie Clavreuil\" \/>\n<meta property=\"og:description\" content=\"4to (187 x 152 mm) 2 nn.ll., XXII, 643 pp. Contemporary sheep, spine gilt with raised bands, red edges.\" \/>\n<meta property=\"og:url\" content=\"https:\/\/www.librairieclavreuil.com\/en\/helvetius-claude-adrien-de-lesprit\/\" \/>\n<meta property=\"og:site_name\" content=\"Libairie Clavreuil\" \/>\n<meta property=\"article:modified_time\" content=\"2024-07-15T11:05:48+00:00\" \/>\n<meta property=\"og:image\" content=\"https:\/\/www.librairieclavreuil.com\/wp-content\/uploads\/2024\/04\/claude-adrien-helvetius-de-l-esprit-4261-65b152791f99f-scaled.jpg\" \/>\n\t<meta property=\"og:image:width\" content=\"1749\" \/>\n\t<meta property=\"og:image:height\" content=\"2560\" \/>\n\t<meta property=\"og:image:type\" content=\"image\/jpeg\" \/>\n<meta name=\"twitter:card\" content=\"summary_large_image\" \/>\n<meta name=\"twitter:label1\" content=\"Est. reading time\" \/>\n\t<meta name=\"twitter:data1\" content=\"2 minutes\" \/>\n<script type=\"application\/ld+json\" class=\"yoast-schema-graph\">{\"@context\":\"https:\/\/schema.org\",\"@graph\":[{\"@type\":\"WebPage\",\"@id\":\"https:\/\/www.librairieclavreuil.com\/en\/helvetius-claude-adrien-de-lesprit\/\",\"url\":\"https:\/\/www.librairieclavreuil.com\/en\/helvetius-claude-adrien-de-lesprit\/\",\"name\":\"HELVETIUS Claude Adrien De l'Esprit. - Libairie Clavreuil\",\"isPartOf\":{\"@id\":\"https:\/\/www.librairieclavreuil.com\/#website\"},\"primaryImageOfPage\":{\"@id\":\"https:\/\/www.librairieclavreuil.com\/en\/helvetius-claude-adrien-de-lesprit\/#primaryimage\"},\"image\":{\"@id\":\"https:\/\/www.librairieclavreuil.com\/en\/helvetius-claude-adrien-de-lesprit\/#primaryimage\"},\"thumbnailUrl\":\"https:\/\/www.librairieclavreuil.com\/wp-content\/uploads\/2024\/04\/claude-adrien-helvetius-de-l-esprit-4261-65b152791f99f-scaled.jpg\",\"datePublished\":\"2024-04-23T11:04:06+00:00\",\"dateModified\":\"2024-07-15T11:05:48+00:00\",\"breadcrumb\":{\"@id\":\"https:\/\/www.librairieclavreuil.com\/en\/helvetius-claude-adrien-de-lesprit\/#breadcrumb\"},\"inLanguage\":\"en-US\",\"potentialAction\":[{\"@type\":\"ReadAction\",\"target\":[\"https:\/\/www.librairieclavreuil.com\/en\/helvetius-claude-adrien-de-lesprit\/\"]}]},{\"@type\":\"ImageObject\",\"inLanguage\":\"en-US\",\"@id\":\"https:\/\/www.librairieclavreuil.com\/en\/helvetius-claude-adrien-de-lesprit\/#primaryimage\",\"url\":\"https:\/\/www.librairieclavreuil.com\/wp-content\/uploads\/2024\/04\/claude-adrien-helvetius-de-l-esprit-4261-65b152791f99f-scaled.jpg\",\"contentUrl\":\"https:\/\/www.librairieclavreuil.com\/wp-content\/uploads\/2024\/04\/claude-adrien-helvetius-de-l-esprit-4261-65b152791f99f-scaled.jpg\",\"width\":1749,\"height\":2560},{\"@type\":\"BreadcrumbList\",\"@id\":\"https:\/\/www.librairieclavreuil.com\/en\/helvetius-claude-adrien-de-lesprit\/#breadcrumb\",\"itemListElement\":[{\"@type\":\"ListItem\",\"position\":1,\"name\":\"Accueil\",\"item\":\"https:\/\/www.librairieclavreuil.com\/\"},{\"@type\":\"ListItem\",\"position\":2,\"name\":\"All our books\",\"item\":\"https:\/\/www.librairieclavreuil.com\/en\/all-our-books\/\"},{\"@type\":\"ListItem\",\"position\":3,\"name\":\"HELVETIUS Claude Adrien De l&#8217;Esprit.\"}]},{\"@type\":\"WebSite\",\"@id\":\"https:\/\/www.librairieclavreuil.com\/#website\",\"url\":\"https:\/\/www.librairieclavreuil.com\/\",\"name\":\"Libairie Clavreuil\",\"description\":\"Livres anciens, manuscrits rares et \u00e9ditions originales \u2013 Librairie Clavreuil\",\"publisher\":{\"@id\":\"https:\/\/www.librairieclavreuil.com\/#organization\"},\"potentialAction\":[{\"@type\":\"SearchAction\",\"target\":{\"@type\":\"EntryPoint\",\"urlTemplate\":\"https:\/\/www.librairieclavreuil.com\/?s={search_term_string}\"},\"query-input\":{\"@type\":\"PropertyValueSpecification\",\"valueRequired\":true,\"valueName\":\"search_term_string\"}}],\"inLanguage\":\"en-US\"},{\"@type\":\"Organization\",\"@id\":\"https:\/\/www.librairieclavreuil.com\/#organization\",\"name\":\"Libairie Clavreuil\",\"url\":\"https:\/\/www.librairieclavreuil.com\/\",\"logo\":{\"@type\":\"ImageObject\",\"inLanguage\":\"en-US\",\"@id\":\"https:\/\/www.librairieclavreuil.com\/#\/schema\/logo\/image\/\",\"url\":\"https:\/\/www.librairieclavreuil.com\/wp-content\/uploads\/2021\/06\/cropped-LOGO_PNG_DATE-_gold-512x512-1.png\",\"contentUrl\":\"https:\/\/www.librairieclavreuil.com\/wp-content\/uploads\/2021\/06\/cropped-LOGO_PNG_DATE-_gold-512x512-1.png\",\"width\":512,\"height\":512,\"caption\":\"Libairie Clavreuil\"},\"image\":{\"@id\":\"https:\/\/www.librairieclavreuil.com\/#\/schema\/logo\/image\/\"},\"sameAs\":[\"https:\/\/www.instagram.com\/librairieclavreuil\/\"]}]}<\/script>\n<!-- \/ Yoast SEO plugin. -->","yoast_head_json":{"title":"HELVETIUS Claude Adrien De l'Esprit. - Libairie Clavreuil","robots":{"index":"index","follow":"follow","max-snippet":"max-snippet:-1","max-image-preview":"max-image-preview:large","max-video-preview":"max-video-preview:-1"},"canonical":"https:\/\/www.librairieclavreuil.com\/en\/helvetius-claude-adrien-de-lesprit\/","og_locale":"en_US","og_type":"article","og_title":"HELVETIUS Claude Adrien De l'Esprit. - Libairie Clavreuil","og_description":"4to (187 x 152 mm) 2 nn.ll., XXII, 643 pp. Contemporary sheep, spine gilt with raised bands, red edges.","og_url":"https:\/\/www.librairieclavreuil.com\/en\/helvetius-claude-adrien-de-lesprit\/","og_site_name":"Libairie Clavreuil","article_modified_time":"2024-07-15T11:05:48+00:00","og_image":[{"width":1749,"height":2560,"url":"https:\/\/www.librairieclavreuil.com\/wp-content\/uploads\/2024\/04\/claude-adrien-helvetius-de-l-esprit-4261-65b152791f99f-scaled.jpg","type":"image\/jpeg"}],"twitter_card":"summary_large_image","twitter_misc":{"Est. reading time":"2 minutes"},"schema":{"@context":"https:\/\/schema.org","@graph":[{"@type":"WebPage","@id":"https:\/\/www.librairieclavreuil.com\/en\/helvetius-claude-adrien-de-lesprit\/","url":"https:\/\/www.librairieclavreuil.com\/en\/helvetius-claude-adrien-de-lesprit\/","name":"HELVETIUS Claude Adrien De l'Esprit. - Libairie Clavreuil","isPartOf":{"@id":"https:\/\/www.librairieclavreuil.com\/#website"},"primaryImageOfPage":{"@id":"https:\/\/www.librairieclavreuil.com\/en\/helvetius-claude-adrien-de-lesprit\/#primaryimage"},"image":{"@id":"https:\/\/www.librairieclavreuil.com\/en\/helvetius-claude-adrien-de-lesprit\/#primaryimage"},"thumbnailUrl":"https:\/\/www.librairieclavreuil.com\/wp-content\/uploads\/2024\/04\/claude-adrien-helvetius-de-l-esprit-4261-65b152791f99f-scaled.jpg","datePublished":"2024-04-23T11:04:06+00:00","dateModified":"2024-07-15T11:05:48+00:00","breadcrumb":{"@id":"https:\/\/www.librairieclavreuil.com\/en\/helvetius-claude-adrien-de-lesprit\/#breadcrumb"},"inLanguage":"en-US","potentialAction":[{"@type":"ReadAction","target":["https:\/\/www.librairieclavreuil.com\/en\/helvetius-claude-adrien-de-lesprit\/"]}]},{"@type":"ImageObject","inLanguage":"en-US","@id":"https:\/\/www.librairieclavreuil.com\/en\/helvetius-claude-adrien-de-lesprit\/#primaryimage","url":"https:\/\/www.librairieclavreuil.com\/wp-content\/uploads\/2024\/04\/claude-adrien-helvetius-de-l-esprit-4261-65b152791f99f-scaled.jpg","contentUrl":"https:\/\/www.librairieclavreuil.com\/wp-content\/uploads\/2024\/04\/claude-adrien-helvetius-de-l-esprit-4261-65b152791f99f-scaled.jpg","width":1749,"height":2560},{"@type":"BreadcrumbList","@id":"https:\/\/www.librairieclavreuil.com\/en\/helvetius-claude-adrien-de-lesprit\/#breadcrumb","itemListElement":[{"@type":"ListItem","position":1,"name":"Accueil","item":"https:\/\/www.librairieclavreuil.com\/"},{"@type":"ListItem","position":2,"name":"All our books","item":"https:\/\/www.librairieclavreuil.com\/en\/all-our-books\/"},{"@type":"ListItem","position":3,"name":"HELVETIUS Claude Adrien De l&#8217;Esprit."}]},{"@type":"WebSite","@id":"https:\/\/www.librairieclavreuil.com\/#website","url":"https:\/\/www.librairieclavreuil.com\/","name":"Libairie Clavreuil","description":"Livres anciens, manuscrits rares et \u00e9ditions originales \u2013 Librairie Clavreuil","publisher":{"@id":"https:\/\/www.librairieclavreuil.com\/#organization"},"potentialAction":[{"@type":"SearchAction","target":{"@type":"EntryPoint","urlTemplate":"https:\/\/www.librairieclavreuil.com\/?s={search_term_string}"},"query-input":{"@type":"PropertyValueSpecification","valueRequired":true,"valueName":"search_term_string"}}],"inLanguage":"en-US"},{"@type":"Organization","@id":"https:\/\/www.librairieclavreuil.com\/#organization","name":"Libairie Clavreuil","url":"https:\/\/www.librairieclavreuil.com\/","logo":{"@type":"ImageObject","inLanguage":"en-US","@id":"https:\/\/www.librairieclavreuil.com\/#\/schema\/logo\/image\/","url":"https:\/\/www.librairieclavreuil.com\/wp-content\/uploads\/2021\/06\/cropped-LOGO_PNG_DATE-_gold-512x512-1.png","contentUrl":"https:\/\/www.librairieclavreuil.com\/wp-content\/uploads\/2021\/06\/cropped-LOGO_PNG_DATE-_gold-512x512-1.png","width":512,"height":512,"caption":"Libairie Clavreuil"},"image":{"@id":"https:\/\/www.librairieclavreuil.com\/#\/schema\/logo\/image\/"},"sameAs":["https:\/\/www.instagram.com\/librairieclavreuil\/"]}]}},"jetpack_sharing_enabled":true,"_links":{"self":[{"href":"https:\/\/www.librairieclavreuil.com\/en\/wp-json\/wp\/v2\/product\/74338","targetHints":{"allow":["GET"]}}],"collection":[{"href":"https:\/\/www.librairieclavreuil.com\/en\/wp-json\/wp\/v2\/product"}],"about":[{"href":"https:\/\/www.librairieclavreuil.com\/en\/wp-json\/wp\/v2\/types\/product"}],"replies":[{"embeddable":true,"href":"https:\/\/www.librairieclavreuil.com\/en\/wp-json\/wp\/v2\/comments?post=74338"}],"wp:featuredmedia":[{"embeddable":true,"href":"https:\/\/www.librairieclavreuil.com\/en\/wp-json\/wp\/v2\/media\/74333"}],"wp:attachment":[{"href":"https:\/\/www.librairieclavreuil.com\/en\/wp-json\/wp\/v2\/media?parent=74338"}],"wp:term":[{"taxonomy":"product_brand","embeddable":true,"href":"https:\/\/www.librairieclavreuil.com\/en\/wp-json\/wp\/v2\/product_brand?post=74338"},{"taxonomy":"product_cat","embeddable":true,"href":"https:\/\/www.librairieclavreuil.com\/en\/wp-json\/wp\/v2\/product_cat?post=74338"},{"taxonomy":"product_tag","embeddable":true,"href":"https:\/\/www.librairieclavreuil.com\/en\/wp-json\/wp\/v2\/product_tag?post=74338"}],"curies":[{"name":"wp","href":"https:\/\/api.w.org\/{rel}","templated":true}]}}