{"id":74326,"date":"2024-04-23T12:41:39","date_gmt":"2024-04-23T10:41:39","guid":{"rendered":"https:\/\/clavreuil-wordpress.logiciel-arteo.fr\/malherbe-francois-de-poesies-rangees-par-ordre-chronologique-avec-un-discours-sur-les-obligations-que-la-langue-la-poesie-francoise-ont-a-malherbe-quelques-remarques-historiques-c\/"},"modified":"2024-05-23T20:17:54","modified_gmt":"2024-05-23T18:17:54","slug":"malherbe-francois-de-poesies-rangees-par-ordre-chronologique-avec-un-discours-sur-les-obligations-que-la-langue-la-poesie-francoise-ont-a-malherbe-quelques-remarques-historiques-c","status":"publish","type":"product","link":"https:\/\/www.librairieclavreuil.com\/en\/malherbe-francois-de-poesies-rangees-par-ordre-chronologique-avec-un-discours-sur-les-obligations-que-la-langue-la-poesie-francoise-ont-a-malherbe-quelques-remarques-historiques-c\/","title":{"rendered":"MALHERBE Fran\u00e7ois de Po\u00e9sies rang\u00e9es par ordre chronologique;..."},"content":{"rendered":"<p style=\"text-align:justify\"><em>Cohen-de Ricci, 672.<\/em><\/p>\n<p style=\"text-align:justify\">One of the rare large paper copies issued on Hollande paper.<\/p>\n<p style=\"text-align:justify\">This beautifully executed volume is composed of 119 poems, divided into four parts and arranged chronologically.<\/p>\n<p style=\"text-align:justify\">The book is completed by a detailed index. The fine portrait frontispiece is engraved by Fesssard after Dumoustier, the vingette on the title page is by Duflos.<\/p>\n<p style=\"text-align:justify\">Very good and attractive copy albeit some occasional toning.<\/p>\n","protected":false},"excerpt":{"rendered":"<p style=\"text-align:justify\">Stout 8vo (196 x 123 mm) engraved authors&#039; portrait, 8*, XXX, 492 pp., 2 nn.ll. Contemporary olive green morocco, spine gilt with raised bands, marbled and gilt edges.<\/p>\n","protected":false},"featured_media":74319,"comment_status":"open","ping_status":"closed","template":"","meta":{"_acf_changed":false},"product_brand":[],"product_cat":[544],"product_tag":[1245,1518,1478],"class_list":{"0":"post-74326","1":"product","2":"type-product","3":"status-publish","4":"has-post-thumbnail","6":"product_cat-literature","7":"product_tag-18th-century-literature","8":"product_tag-large-paper","9":"product_tag-poetry","10":"pa_auteur-malherbe-francois-de-2","11":"pa_type-de-livre-printed-book","13":"first","14":"outofstock","15":"shipping-taxable","16":"purchasable","17":"product-type-simple"},"acf":{"artist":" Fran\u00e7ois de MALHERBE","chapeau":"Large paper copy bound in 18th century morocco","adresse_bibliographique":"Paris, Joseph Barbou, 1757","book_type":"Printed book","provenance":"","afficher_prix":""},"yoast_head":"<!-- This site is optimized with the Yoast SEO plugin v24.7 - https:\/\/yoast.com\/wordpress\/plugins\/seo\/ -->\n<title>MALHERBE Fran\u00e7ois de Po\u00e9sies rang\u00e9es par ordre chronologique; avec un discours sur les obligations que la langue &amp; la po\u00e9sie fran\u00e7oise ont \u00e0 Malherbe, &amp; quelques remarques historiques &amp; critiques. - Libairie Clavreuil<\/title>\n<meta name=\"robots\" content=\"index, follow, max-snippet:-1, max-image-preview:large, max-video-preview:-1\" \/>\n<link rel=\"canonical\" href=\"https:\/\/www.librairieclavreuil.com\/produit\/malherbe-francois-de-poesies-rangees-par-ordre-chronologique-avec-un-discours-sur-les-obligations-que-la-langue-la-poesie-francoise-ont-a-malherbe-quelques-remarques-historiques-c\/\" \/>\n<meta property=\"og:locale\" content=\"en_US\" \/>\n<meta property=\"og:type\" content=\"article\" \/>\n<meta property=\"og:title\" content=\"MALHERBE Fran\u00e7ois de Po\u00e9sies rang\u00e9es par ordre chronologique; avec un discours sur les obligations que la langue &amp; la po\u00e9sie fran\u00e7oise ont \u00e0 Malherbe, &amp; quelques remarques historiques &amp; critiques. - Libairie Clavreuil\" \/>\n<meta property=\"og:description\" content=\"Stout 8vo (196 x 123 mm) engraved authors&#039; portrait, 8*, XXX, 492 pp., 2 nn.ll. Contemporary olive green morocco, spine gilt with raised bands, marbled and gilt edges.\" \/>\n<meta property=\"og:url\" content=\"https:\/\/www.librairieclavreuil.com\/produit\/malherbe-francois-de-poesies-rangees-par-ordre-chronologique-avec-un-discours-sur-les-obligations-que-la-langue-la-poesie-francoise-ont-a-malherbe-quelques-remarques-historiques-c\/\" \/>\n<meta property=\"og:site_name\" content=\"Libairie Clavreuil\" \/>\n<meta property=\"article:modified_time\" content=\"2024-05-23T18:17:54+00:00\" \/>\n<meta property=\"og:image\" content=\"https:\/\/www.librairieclavreuil.com\/wp-content\/uploads\/2024\/04\/francois-de-malherbe-poesies-rangees-par-ordre-chronologique-avec-un-discours-sur-les-obligations-que-la-langue-la-poesie-francoise-ont-a-malherbe-que.jpg\" \/>\n\t<meta property=\"og:image:width\" content=\"1095\" \/>\n\t<meta property=\"og:image:height\" content=\"1796\" \/>\n\t<meta property=\"og:image:type\" content=\"image\/jpeg\" \/>\n<meta name=\"twitter:card\" content=\"summary_large_image\" \/>\n<script type=\"application\/ld+json\" class=\"yoast-schema-graph\">{\"@context\":\"https:\/\/schema.org\",\"@graph\":[{\"@type\":\"WebPage\",\"@id\":\"https:\/\/www.librairieclavreuil.com\/produit\/malherbe-francois-de-poesies-rangees-par-ordre-chronologique-avec-un-discours-sur-les-obligations-que-la-langue-la-poesie-francoise-ont-a-malherbe-quelques-remarques-historiques-c\/\",\"url\":\"https:\/\/www.librairieclavreuil.com\/produit\/malherbe-francois-de-poesies-rangees-par-ordre-chronologique-avec-un-discours-sur-les-obligations-que-la-langue-la-poesie-francoise-ont-a-malherbe-quelques-remarques-historiques-c\/\",\"name\":\"MALHERBE Fran\u00e7ois de Po\u00e9sies rang\u00e9es par ordre chronologique; avec un discours sur les obligations que la langue &amp; la po\u00e9sie fran\u00e7oise ont \u00e0 Malherbe, &amp; quelques remarques historiques &amp; critiques. - Libairie Clavreuil\",\"isPartOf\":{\"@id\":\"https:\/\/www.librairieclavreuil.com\/#website\"},\"primaryImageOfPage\":{\"@id\":\"https:\/\/www.librairieclavreuil.com\/produit\/malherbe-francois-de-poesies-rangees-par-ordre-chronologique-avec-un-discours-sur-les-obligations-que-la-langue-la-poesie-francoise-ont-a-malherbe-quelques-remarques-historiques-c\/#primaryimage\"},\"image\":{\"@id\":\"https:\/\/www.librairieclavreuil.com\/produit\/malherbe-francois-de-poesies-rangees-par-ordre-chronologique-avec-un-discours-sur-les-obligations-que-la-langue-la-poesie-francoise-ont-a-malherbe-quelques-remarques-historiques-c\/#primaryimage\"},\"thumbnailUrl\":\"https:\/\/www.librairieclavreuil.com\/wp-content\/uploads\/2024\/04\/francois-de-malherbe-poesies-rangees-par-ordre-chronologique-avec-un-discours-sur-les-obligations-que-la-langue-la-poesie-francoise-ont-a-malherbe-que.jpg\",\"datePublished\":\"2024-04-23T10:41:39+00:00\",\"dateModified\":\"2024-05-23T18:17:54+00:00\",\"breadcrumb\":{\"@id\":\"https:\/\/www.librairieclavreuil.com\/produit\/malherbe-francois-de-poesies-rangees-par-ordre-chronologique-avec-un-discours-sur-les-obligations-que-la-langue-la-poesie-francoise-ont-a-malherbe-quelques-remarques-historiques-c\/#breadcrumb\"},\"inLanguage\":\"en-US\",\"potentialAction\":[{\"@type\":\"ReadAction\",\"target\":[\"https:\/\/www.librairieclavreuil.com\/produit\/malherbe-francois-de-poesies-rangees-par-ordre-chronologique-avec-un-discours-sur-les-obligations-que-la-langue-la-poesie-francoise-ont-a-malherbe-quelques-remarques-historiques-c\/\"]}]},{\"@type\":\"ImageObject\",\"inLanguage\":\"en-US\",\"@id\":\"https:\/\/www.librairieclavreuil.com\/produit\/malherbe-francois-de-poesies-rangees-par-ordre-chronologique-avec-un-discours-sur-les-obligations-que-la-langue-la-poesie-francoise-ont-a-malherbe-quelques-remarques-historiques-c\/#primaryimage\",\"url\":\"https:\/\/www.librairieclavreuil.com\/wp-content\/uploads\/2024\/04\/francois-de-malherbe-poesies-rangees-par-ordre-chronologique-avec-un-discours-sur-les-obligations-que-la-langue-la-poesie-francoise-ont-a-malherbe-que.jpg\",\"contentUrl\":\"https:\/\/www.librairieclavreuil.com\/wp-content\/uploads\/2024\/04\/francois-de-malherbe-poesies-rangees-par-ordre-chronologique-avec-un-discours-sur-les-obligations-que-la-langue-la-poesie-francoise-ont-a-malherbe-que.jpg\",\"width\":1095,\"height\":1796},{\"@type\":\"BreadcrumbList\",\"@id\":\"https:\/\/www.librairieclavreuil.com\/produit\/malherbe-francois-de-poesies-rangees-par-ordre-chronologique-avec-un-discours-sur-les-obligations-que-la-langue-la-poesie-francoise-ont-a-malherbe-quelques-remarques-historiques-c\/#breadcrumb\",\"itemListElement\":[{\"@type\":\"ListItem\",\"position\":1,\"name\":\"Accueil\",\"item\":\"https:\/\/www.librairieclavreuil.com\/\"},{\"@type\":\"ListItem\",\"position\":2,\"name\":\"All our books\",\"item\":\"https:\/\/www.librairieclavreuil.com\/en\/all-our-books\/\"},{\"@type\":\"ListItem\",\"position\":3,\"name\":\"MALHERBE Fran\u00e7ois de Po\u00e9sies rang\u00e9es par ordre chronologique;...\"}]},{\"@type\":\"WebSite\",\"@id\":\"https:\/\/www.librairieclavreuil.com\/#website\",\"url\":\"https:\/\/www.librairieclavreuil.com\/\",\"name\":\"Libairie Clavreuil\",\"description\":\"Livres anciens, manuscrits rares et \u00e9ditions originales \u2013 Librairie Clavreuil\",\"publisher\":{\"@id\":\"https:\/\/www.librairieclavreuil.com\/#organization\"},\"potentialAction\":[{\"@type\":\"SearchAction\",\"target\":{\"@type\":\"EntryPoint\",\"urlTemplate\":\"https:\/\/www.librairieclavreuil.com\/?s={search_term_string}\"},\"query-input\":{\"@type\":\"PropertyValueSpecification\",\"valueRequired\":true,\"valueName\":\"search_term_string\"}}],\"inLanguage\":\"en-US\"},{\"@type\":\"Organization\",\"@id\":\"https:\/\/www.librairieclavreuil.com\/#organization\",\"name\":\"Libairie Clavreuil\",\"url\":\"https:\/\/www.librairieclavreuil.com\/\",\"logo\":{\"@type\":\"ImageObject\",\"inLanguage\":\"en-US\",\"@id\":\"https:\/\/www.librairieclavreuil.com\/#\/schema\/logo\/image\/\",\"url\":\"https:\/\/www.librairieclavreuil.com\/wp-content\/uploads\/2021\/06\/cropped-LOGO_PNG_DATE-_gold-512x512-1.png\",\"contentUrl\":\"https:\/\/www.librairieclavreuil.com\/wp-content\/uploads\/2021\/06\/cropped-LOGO_PNG_DATE-_gold-512x512-1.png\",\"width\":512,\"height\":512,\"caption\":\"Libairie Clavreuil\"},\"image\":{\"@id\":\"https:\/\/www.librairieclavreuil.com\/#\/schema\/logo\/image\/\"},\"sameAs\":[\"https:\/\/www.instagram.com\/librairieclavreuil\/\"]}]}<\/script>\n<!-- \/ Yoast SEO plugin. -->","yoast_head_json":{"title":"MALHERBE Fran\u00e7ois de Po\u00e9sies rang\u00e9es par ordre chronologique; avec un discours sur les obligations que la langue &amp; la po\u00e9sie fran\u00e7oise ont \u00e0 Malherbe, &amp; quelques remarques historiques &amp; critiques. - Libairie Clavreuil","robots":{"index":"index","follow":"follow","max-snippet":"max-snippet:-1","max-image-preview":"max-image-preview:large","max-video-preview":"max-video-preview:-1"},"canonical":"https:\/\/www.librairieclavreuil.com\/produit\/malherbe-francois-de-poesies-rangees-par-ordre-chronologique-avec-un-discours-sur-les-obligations-que-la-langue-la-poesie-francoise-ont-a-malherbe-quelques-remarques-historiques-c\/","og_locale":"en_US","og_type":"article","og_title":"MALHERBE Fran\u00e7ois de Po\u00e9sies rang\u00e9es par ordre chronologique; avec un discours sur les obligations que la langue &amp; la po\u00e9sie fran\u00e7oise ont \u00e0 Malherbe, &amp; quelques remarques historiques &amp; critiques. - Libairie Clavreuil","og_description":"Stout 8vo (196 x 123 mm) engraved authors&#039; portrait, 8*, XXX, 492 pp., 2 nn.ll. Contemporary olive green morocco, spine gilt with raised bands, marbled and gilt edges.","og_url":"https:\/\/www.librairieclavreuil.com\/produit\/malherbe-francois-de-poesies-rangees-par-ordre-chronologique-avec-un-discours-sur-les-obligations-que-la-langue-la-poesie-francoise-ont-a-malherbe-quelques-remarques-historiques-c\/","og_site_name":"Libairie Clavreuil","article_modified_time":"2024-05-23T18:17:54+00:00","og_image":[{"width":1095,"height":1796,"url":"https:\/\/www.librairieclavreuil.com\/wp-content\/uploads\/2024\/04\/francois-de-malherbe-poesies-rangees-par-ordre-chronologique-avec-un-discours-sur-les-obligations-que-la-langue-la-poesie-francoise-ont-a-malherbe-que.jpg","type":"image\/jpeg"}],"twitter_card":"summary_large_image","schema":{"@context":"https:\/\/schema.org","@graph":[{"@type":"WebPage","@id":"https:\/\/www.librairieclavreuil.com\/produit\/malherbe-francois-de-poesies-rangees-par-ordre-chronologique-avec-un-discours-sur-les-obligations-que-la-langue-la-poesie-francoise-ont-a-malherbe-quelques-remarques-historiques-c\/","url":"https:\/\/www.librairieclavreuil.com\/produit\/malherbe-francois-de-poesies-rangees-par-ordre-chronologique-avec-un-discours-sur-les-obligations-que-la-langue-la-poesie-francoise-ont-a-malherbe-quelques-remarques-historiques-c\/","name":"MALHERBE Fran\u00e7ois de Po\u00e9sies rang\u00e9es par ordre chronologique; avec un discours sur les obligations que la langue &amp; la po\u00e9sie fran\u00e7oise ont \u00e0 Malherbe, &amp; quelques remarques historiques &amp; critiques. - Libairie Clavreuil","isPartOf":{"@id":"https:\/\/www.librairieclavreuil.com\/#website"},"primaryImageOfPage":{"@id":"https:\/\/www.librairieclavreuil.com\/produit\/malherbe-francois-de-poesies-rangees-par-ordre-chronologique-avec-un-discours-sur-les-obligations-que-la-langue-la-poesie-francoise-ont-a-malherbe-quelques-remarques-historiques-c\/#primaryimage"},"image":{"@id":"https:\/\/www.librairieclavreuil.com\/produit\/malherbe-francois-de-poesies-rangees-par-ordre-chronologique-avec-un-discours-sur-les-obligations-que-la-langue-la-poesie-francoise-ont-a-malherbe-quelques-remarques-historiques-c\/#primaryimage"},"thumbnailUrl":"https:\/\/www.librairieclavreuil.com\/wp-content\/uploads\/2024\/04\/francois-de-malherbe-poesies-rangees-par-ordre-chronologique-avec-un-discours-sur-les-obligations-que-la-langue-la-poesie-francoise-ont-a-malherbe-que.jpg","datePublished":"2024-04-23T10:41:39+00:00","dateModified":"2024-05-23T18:17:54+00:00","breadcrumb":{"@id":"https:\/\/www.librairieclavreuil.com\/produit\/malherbe-francois-de-poesies-rangees-par-ordre-chronologique-avec-un-discours-sur-les-obligations-que-la-langue-la-poesie-francoise-ont-a-malherbe-quelques-remarques-historiques-c\/#breadcrumb"},"inLanguage":"en-US","potentialAction":[{"@type":"ReadAction","target":["https:\/\/www.librairieclavreuil.com\/produit\/malherbe-francois-de-poesies-rangees-par-ordre-chronologique-avec-un-discours-sur-les-obligations-que-la-langue-la-poesie-francoise-ont-a-malherbe-quelques-remarques-historiques-c\/"]}]},{"@type":"ImageObject","inLanguage":"en-US","@id":"https:\/\/www.librairieclavreuil.com\/produit\/malherbe-francois-de-poesies-rangees-par-ordre-chronologique-avec-un-discours-sur-les-obligations-que-la-langue-la-poesie-francoise-ont-a-malherbe-quelques-remarques-historiques-c\/#primaryimage","url":"https:\/\/www.librairieclavreuil.com\/wp-content\/uploads\/2024\/04\/francois-de-malherbe-poesies-rangees-par-ordre-chronologique-avec-un-discours-sur-les-obligations-que-la-langue-la-poesie-francoise-ont-a-malherbe-que.jpg","contentUrl":"https:\/\/www.librairieclavreuil.com\/wp-content\/uploads\/2024\/04\/francois-de-malherbe-poesies-rangees-par-ordre-chronologique-avec-un-discours-sur-les-obligations-que-la-langue-la-poesie-francoise-ont-a-malherbe-que.jpg","width":1095,"height":1796},{"@type":"BreadcrumbList","@id":"https:\/\/www.librairieclavreuil.com\/produit\/malherbe-francois-de-poesies-rangees-par-ordre-chronologique-avec-un-discours-sur-les-obligations-que-la-langue-la-poesie-francoise-ont-a-malherbe-quelques-remarques-historiques-c\/#breadcrumb","itemListElement":[{"@type":"ListItem","position":1,"name":"Accueil","item":"https:\/\/www.librairieclavreuil.com\/"},{"@type":"ListItem","position":2,"name":"All our books","item":"https:\/\/www.librairieclavreuil.com\/en\/all-our-books\/"},{"@type":"ListItem","position":3,"name":"MALHERBE Fran\u00e7ois de Po\u00e9sies rang\u00e9es par ordre chronologique;..."}]},{"@type":"WebSite","@id":"https:\/\/www.librairieclavreuil.com\/#website","url":"https:\/\/www.librairieclavreuil.com\/","name":"Libairie Clavreuil","description":"Livres anciens, manuscrits rares et \u00e9ditions originales \u2013 Librairie Clavreuil","publisher":{"@id":"https:\/\/www.librairieclavreuil.com\/#organization"},"potentialAction":[{"@type":"SearchAction","target":{"@type":"EntryPoint","urlTemplate":"https:\/\/www.librairieclavreuil.com\/?s={search_term_string}"},"query-input":{"@type":"PropertyValueSpecification","valueRequired":true,"valueName":"search_term_string"}}],"inLanguage":"en-US"},{"@type":"Organization","@id":"https:\/\/www.librairieclavreuil.com\/#organization","name":"Libairie Clavreuil","url":"https:\/\/www.librairieclavreuil.com\/","logo":{"@type":"ImageObject","inLanguage":"en-US","@id":"https:\/\/www.librairieclavreuil.com\/#\/schema\/logo\/image\/","url":"https:\/\/www.librairieclavreuil.com\/wp-content\/uploads\/2021\/06\/cropped-LOGO_PNG_DATE-_gold-512x512-1.png","contentUrl":"https:\/\/www.librairieclavreuil.com\/wp-content\/uploads\/2021\/06\/cropped-LOGO_PNG_DATE-_gold-512x512-1.png","width":512,"height":512,"caption":"Libairie Clavreuil"},"image":{"@id":"https:\/\/www.librairieclavreuil.com\/#\/schema\/logo\/image\/"},"sameAs":["https:\/\/www.instagram.com\/librairieclavreuil\/"]}]}},"jetpack_sharing_enabled":true,"_links":{"self":[{"href":"https:\/\/www.librairieclavreuil.com\/en\/wp-json\/wp\/v2\/product\/74326","targetHints":{"allow":["GET"]}}],"collection":[{"href":"https:\/\/www.librairieclavreuil.com\/en\/wp-json\/wp\/v2\/product"}],"about":[{"href":"https:\/\/www.librairieclavreuil.com\/en\/wp-json\/wp\/v2\/types\/product"}],"replies":[{"embeddable":true,"href":"https:\/\/www.librairieclavreuil.com\/en\/wp-json\/wp\/v2\/comments?post=74326"}],"wp:featuredmedia":[{"embeddable":true,"href":"https:\/\/www.librairieclavreuil.com\/en\/wp-json\/wp\/v2\/media\/74319"}],"wp:attachment":[{"href":"https:\/\/www.librairieclavreuil.com\/en\/wp-json\/wp\/v2\/media?parent=74326"}],"wp:term":[{"taxonomy":"product_brand","embeddable":true,"href":"https:\/\/www.librairieclavreuil.com\/en\/wp-json\/wp\/v2\/product_brand?post=74326"},{"taxonomy":"product_cat","embeddable":true,"href":"https:\/\/www.librairieclavreuil.com\/en\/wp-json\/wp\/v2\/product_cat?post=74326"},{"taxonomy":"product_tag","embeddable":true,"href":"https:\/\/www.librairieclavreuil.com\/en\/wp-json\/wp\/v2\/product_tag?post=74326"}],"curies":[{"name":"wp","href":"https:\/\/api.w.org\/{rel}","templated":true}]}}