{"id":73822,"date":"2024-04-19T17:54:12","date_gmt":"2024-04-19T15:54:12","guid":{"rendered":"https:\/\/clavreuil-wordpress.logiciel-arteo.fr\/les-vies-des-saints-composees-sur-ce-que-nous-est-reste-de-plus-authentique-de-plus-assure-de-leur-histoire-disposees-selon-lordre-des-calendriers-des-martyrologes-nouvelle-edition\/"},"modified":"2024-10-15T10:42:09","modified_gmt":"2024-10-15T08:42:09","slug":"les-vies-des-saints-composees-sur-ce-que-nous-est-reste-de-plus-authentique-de-plus-assure-de-leur-histoire-disposees-selon-lordre-des-calendriers-des-martyrologes-nouvelle-edition","status":"publish","type":"product","link":"https:\/\/www.librairieclavreuil.com\/en\/les-vies-des-saints-composees-sur-ce-que-nous-est-reste-de-plus-authentique-de-plus-assure-de-leur-histoire-disposees-selon-lordre-des-calendriers-des-martyrologes-nouvelle-edition\/","title":{"rendered":"BAILLET Adrien Les Vies des Saints, compos\u00e9es sur..."},"content":{"rendered":"<p style=\"text-align:justify\">New, posthumous, edition of the magnum opus of Adrien Baillet (1649-1706).<\/p>\n<p style=\"text-align:justify\">A great scholar who was successively regent of a college, country vicar, and then librarian of the famous collector and bibliophile Chr\u00e9tien Fran\u00e7ois de Lamoignon,whose collection he compiled in a catalogue raisonn\u00e9. He was an insatiable reader and researcher, Baillet is notably known as the first biographer of Ren\u00e9 Descartes. His work on the Vies des Saints was excluded by the Church. The censors felt that Baillet was too close to the ideas of the reformers by dismissing the miracles that he did not believe to be true.<\/p>\n<p style=\"text-align:justify\">Spine faded and slighly rubbed.<\/p>\n<p style=\"text-align:justify\">Provenance: Rohan-Chabot family (cot of arms).<\/p>\n","protected":false},"excerpt":{"rendered":"<p style=\"text-align:justify\">10 volumes 4to (252 x 193 mm) engraved portrait frontispiece, 8 nn.l., 489, CLVII for volume I; 2 nn.l. , XXXX, 454 pp., 1 nn.l., 407 pp. for volume II; 2 nn.l., 815, XXII pp. for volume III; 2 nn.l., XXVII, 931 pp. for volume IV; 2 nn.l., 492, 222 pp., 1 nn.l. for volume V; 2 nn.l., XVIII, 331 pp., 1 nn.l., 34, 447 pp. for volume VI ; 2 nn.l., XXXVI, 681 pp. for volume VII; 2 nn.l., XX, 754 pp. for the volume VIII ; 2 nn.l., XXXII, 304, 298 pp. for the volume IX; 2 nn.l., 400, 280, 78 pp., 1 nn.l. for volume X. Contemporary polished calf, Rohan-Chabot coat of arms on the corners, spine with raised bands, red edges.<\/p>\n","protected":false},"featured_media":73815,"comment_status":"open","ping_status":"closed","template":"","meta":{"_acf_changed":false},"product_brand":[],"product_cat":[544],"product_tag":[1267,1265],"class_list":{"0":"post-73822","1":"product","2":"type-product","3":"status-publish","4":"has-post-thumbnail","6":"product_cat-literature","7":"product_tag-binding","8":"product_tag-christianity","9":"pa_auteur-baillet-adrien-2","10":"pa_type-de-livre-printed-book","12":"first","13":"instock","14":"shipping-taxable","15":"purchasable","16":"product-type-simple"},"acf":{"artist":" Adrien BAILLET","chapeau":"The Rohan-Chabot copy","adresse_bibliographique":"Paris, Jacques Chardon, 1739","book_type":"Printed book","provenance":"","afficher_prix":""},"yoast_head":"<!-- This site is optimized with the Yoast SEO plugin v24.7 - https:\/\/yoast.com\/wordpress\/plugins\/seo\/ -->\n<title>BAILLET Adrien Les Vies des Saints, compos\u00e9es sur ce que nous est rest\u00e9 de plus authentique &amp; de plus assur\u00e9 de leur histoire ; dispos\u00e9es selon l&#039;ordre des calendriers &amp; des martyrologes. Nouvelle \u00e9dition. - Libairie Clavreuil<\/title>\n<meta name=\"robots\" content=\"index, follow, max-snippet:-1, max-image-preview:large, max-video-preview:-1\" \/>\n<link rel=\"canonical\" href=\"https:\/\/www.librairieclavreuil.com\/produit\/les-vies-des-saints-composees-sur-ce-que-nous-est-reste-de-plus-authentique-de-plus-assure-de-leur-histoire-disposees-selon-lordre-des-calendriers-des-martyrologes-nouvelle-edition\/\" \/>\n<meta property=\"og:locale\" content=\"en_US\" \/>\n<meta property=\"og:type\" content=\"article\" \/>\n<meta property=\"og:title\" content=\"BAILLET Adrien Les Vies des Saints, compos\u00e9es sur ce que nous est rest\u00e9 de plus authentique &amp; de plus assur\u00e9 de leur histoire ; dispos\u00e9es selon l&#039;ordre des calendriers &amp; des martyrologes. Nouvelle \u00e9dition. - Libairie Clavreuil\" \/>\n<meta property=\"og:description\" content=\"10 volumes 4to (252 x 193 mm) engraved portrait frontispiece, 8 nn.l., 489, CLVII for volume I; 2 nn.l. , XXXX, 454 pp., 1 nn.l., 407 pp. for volume II; 2 nn.l., 815, XXII pp. for volume III; 2 nn.l., XXVII, 931 pp. for volume IV; 2 nn.l., 492, 222 pp., 1 nn.l. for volume V; 2 nn.l., XVIII, 331 pp., 1 nn.l., 34, 447 pp. for volume VI ; 2 nn.l., XXXVI, 681 pp. for volume VII; 2 nn.l., XX, 754 pp. for the volume VIII ; 2 nn.l., XXXII, 304, 298 pp. for the volume IX; 2 nn.l., 400, 280, 78 pp., 1 nn.l. for volume X. Contemporary polished calf, Rohan-Chabot coat of arms on the corners, spine with raised bands, red edges.\" \/>\n<meta property=\"og:url\" content=\"https:\/\/www.librairieclavreuil.com\/produit\/les-vies-des-saints-composees-sur-ce-que-nous-est-reste-de-plus-authentique-de-plus-assure-de-leur-histoire-disposees-selon-lordre-des-calendriers-des-martyrologes-nouvelle-edition\/\" \/>\n<meta property=\"og:site_name\" content=\"Libairie Clavreuil\" \/>\n<meta property=\"article:modified_time\" content=\"2024-10-15T08:42:09+00:00\" \/>\n<meta property=\"og:image\" content=\"https:\/\/www.librairieclavreuil.com\/wp-content\/uploads\/2024\/04\/adrien-baillet-les-vies-des-saints-composees-sur-ce-que-nous-est-reste-de-plus-authentique-de-plus-assure-de-leur-histoire-disposees-selon-l-ordre-des.jpg\" \/>\n\t<meta property=\"og:image:width\" content=\"913\" \/>\n\t<meta property=\"og:image:height\" content=\"1231\" \/>\n\t<meta property=\"og:image:type\" content=\"image\/jpeg\" \/>\n<meta name=\"twitter:card\" content=\"summary_large_image\" \/>\n<meta name=\"twitter:label1\" content=\"Est. reading time\" \/>\n\t<meta name=\"twitter:data1\" content=\"1 minute\" \/>\n<script type=\"application\/ld+json\" class=\"yoast-schema-graph\">{\"@context\":\"https:\/\/schema.org\",\"@graph\":[{\"@type\":\"WebPage\",\"@id\":\"https:\/\/www.librairieclavreuil.com\/produit\/les-vies-des-saints-composees-sur-ce-que-nous-est-reste-de-plus-authentique-de-plus-assure-de-leur-histoire-disposees-selon-lordre-des-calendriers-des-martyrologes-nouvelle-edition\/\",\"url\":\"https:\/\/www.librairieclavreuil.com\/produit\/les-vies-des-saints-composees-sur-ce-que-nous-est-reste-de-plus-authentique-de-plus-assure-de-leur-histoire-disposees-selon-lordre-des-calendriers-des-martyrologes-nouvelle-edition\/\",\"name\":\"BAILLET Adrien Les Vies des Saints, compos\u00e9es sur ce que nous est rest\u00e9 de plus authentique &amp; de plus assur\u00e9 de leur histoire ; dispos\u00e9es selon l'ordre des calendriers &amp; des martyrologes. Nouvelle \u00e9dition. - Libairie Clavreuil\",\"isPartOf\":{\"@id\":\"https:\/\/www.librairieclavreuil.com\/#website\"},\"primaryImageOfPage\":{\"@id\":\"https:\/\/www.librairieclavreuil.com\/produit\/les-vies-des-saints-composees-sur-ce-que-nous-est-reste-de-plus-authentique-de-plus-assure-de-leur-histoire-disposees-selon-lordre-des-calendriers-des-martyrologes-nouvelle-edition\/#primaryimage\"},\"image\":{\"@id\":\"https:\/\/www.librairieclavreuil.com\/produit\/les-vies-des-saints-composees-sur-ce-que-nous-est-reste-de-plus-authentique-de-plus-assure-de-leur-histoire-disposees-selon-lordre-des-calendriers-des-martyrologes-nouvelle-edition\/#primaryimage\"},\"thumbnailUrl\":\"https:\/\/www.librairieclavreuil.com\/wp-content\/uploads\/2024\/04\/adrien-baillet-les-vies-des-saints-composees-sur-ce-que-nous-est-reste-de-plus-authentique-de-plus-assure-de-leur-histoire-disposees-selon-l-ordre-des.jpg\",\"datePublished\":\"2024-04-19T15:54:12+00:00\",\"dateModified\":\"2024-10-15T08:42:09+00:00\",\"breadcrumb\":{\"@id\":\"https:\/\/www.librairieclavreuil.com\/produit\/les-vies-des-saints-composees-sur-ce-que-nous-est-reste-de-plus-authentique-de-plus-assure-de-leur-histoire-disposees-selon-lordre-des-calendriers-des-martyrologes-nouvelle-edition\/#breadcrumb\"},\"inLanguage\":\"en-US\",\"potentialAction\":[{\"@type\":\"ReadAction\",\"target\":[\"https:\/\/www.librairieclavreuil.com\/produit\/les-vies-des-saints-composees-sur-ce-que-nous-est-reste-de-plus-authentique-de-plus-assure-de-leur-histoire-disposees-selon-lordre-des-calendriers-des-martyrologes-nouvelle-edition\/\"]}]},{\"@type\":\"ImageObject\",\"inLanguage\":\"en-US\",\"@id\":\"https:\/\/www.librairieclavreuil.com\/produit\/les-vies-des-saints-composees-sur-ce-que-nous-est-reste-de-plus-authentique-de-plus-assure-de-leur-histoire-disposees-selon-lordre-des-calendriers-des-martyrologes-nouvelle-edition\/#primaryimage\",\"url\":\"https:\/\/www.librairieclavreuil.com\/wp-content\/uploads\/2024\/04\/adrien-baillet-les-vies-des-saints-composees-sur-ce-que-nous-est-reste-de-plus-authentique-de-plus-assure-de-leur-histoire-disposees-selon-l-ordre-des.jpg\",\"contentUrl\":\"https:\/\/www.librairieclavreuil.com\/wp-content\/uploads\/2024\/04\/adrien-baillet-les-vies-des-saints-composees-sur-ce-que-nous-est-reste-de-plus-authentique-de-plus-assure-de-leur-histoire-disposees-selon-l-ordre-des.jpg\",\"width\":913,\"height\":1231},{\"@type\":\"BreadcrumbList\",\"@id\":\"https:\/\/www.librairieclavreuil.com\/produit\/les-vies-des-saints-composees-sur-ce-que-nous-est-reste-de-plus-authentique-de-plus-assure-de-leur-histoire-disposees-selon-lordre-des-calendriers-des-martyrologes-nouvelle-edition\/#breadcrumb\",\"itemListElement\":[{\"@type\":\"ListItem\",\"position\":1,\"name\":\"Accueil\",\"item\":\"https:\/\/www.librairieclavreuil.com\/\"},{\"@type\":\"ListItem\",\"position\":2,\"name\":\"All our books\",\"item\":\"https:\/\/www.librairieclavreuil.com\/en\/all-our-books\/\"},{\"@type\":\"ListItem\",\"position\":3,\"name\":\"BAILLET Adrien Les Vies des Saints, compos\u00e9es sur...\"}]},{\"@type\":\"WebSite\",\"@id\":\"https:\/\/www.librairieclavreuil.com\/#website\",\"url\":\"https:\/\/www.librairieclavreuil.com\/\",\"name\":\"Libairie Clavreuil\",\"description\":\"Livres anciens, manuscrits rares et \u00e9ditions originales \u2013 Librairie Clavreuil\",\"publisher\":{\"@id\":\"https:\/\/www.librairieclavreuil.com\/#organization\"},\"potentialAction\":[{\"@type\":\"SearchAction\",\"target\":{\"@type\":\"EntryPoint\",\"urlTemplate\":\"https:\/\/www.librairieclavreuil.com\/?s={search_term_string}\"},\"query-input\":{\"@type\":\"PropertyValueSpecification\",\"valueRequired\":true,\"valueName\":\"search_term_string\"}}],\"inLanguage\":\"en-US\"},{\"@type\":\"Organization\",\"@id\":\"https:\/\/www.librairieclavreuil.com\/#organization\",\"name\":\"Libairie Clavreuil\",\"url\":\"https:\/\/www.librairieclavreuil.com\/\",\"logo\":{\"@type\":\"ImageObject\",\"inLanguage\":\"en-US\",\"@id\":\"https:\/\/www.librairieclavreuil.com\/#\/schema\/logo\/image\/\",\"url\":\"https:\/\/www.librairieclavreuil.com\/wp-content\/uploads\/2021\/06\/cropped-LOGO_PNG_DATE-_gold-512x512-1.png\",\"contentUrl\":\"https:\/\/www.librairieclavreuil.com\/wp-content\/uploads\/2021\/06\/cropped-LOGO_PNG_DATE-_gold-512x512-1.png\",\"width\":512,\"height\":512,\"caption\":\"Libairie Clavreuil\"},\"image\":{\"@id\":\"https:\/\/www.librairieclavreuil.com\/#\/schema\/logo\/image\/\"},\"sameAs\":[\"https:\/\/www.instagram.com\/librairieclavreuil\/\"]}]}<\/script>\n<!-- \/ Yoast SEO plugin. -->","yoast_head_json":{"title":"BAILLET Adrien Les Vies des Saints, compos\u00e9es sur ce que nous est rest\u00e9 de plus authentique &amp; de plus assur\u00e9 de leur histoire ; dispos\u00e9es selon l'ordre des calendriers &amp; des martyrologes. Nouvelle \u00e9dition. - Libairie Clavreuil","robots":{"index":"index","follow":"follow","max-snippet":"max-snippet:-1","max-image-preview":"max-image-preview:large","max-video-preview":"max-video-preview:-1"},"canonical":"https:\/\/www.librairieclavreuil.com\/produit\/les-vies-des-saints-composees-sur-ce-que-nous-est-reste-de-plus-authentique-de-plus-assure-de-leur-histoire-disposees-selon-lordre-des-calendriers-des-martyrologes-nouvelle-edition\/","og_locale":"en_US","og_type":"article","og_title":"BAILLET Adrien Les Vies des Saints, compos\u00e9es sur ce que nous est rest\u00e9 de plus authentique &amp; de plus assur\u00e9 de leur histoire ; dispos\u00e9es selon l'ordre des calendriers &amp; des martyrologes. Nouvelle \u00e9dition. - Libairie Clavreuil","og_description":"10 volumes 4to (252 x 193 mm) engraved portrait frontispiece, 8 nn.l., 489, CLVII for volume I; 2 nn.l. , XXXX, 454 pp., 1 nn.l., 407 pp. for volume II; 2 nn.l., 815, XXII pp. for volume III; 2 nn.l., XXVII, 931 pp. for volume IV; 2 nn.l., 492, 222 pp., 1 nn.l. for volume V; 2 nn.l., XVIII, 331 pp., 1 nn.l., 34, 447 pp. for volume VI ; 2 nn.l., XXXVI, 681 pp. for volume VII; 2 nn.l., XX, 754 pp. for the volume VIII ; 2 nn.l., XXXII, 304, 298 pp. for the volume IX; 2 nn.l., 400, 280, 78 pp., 1 nn.l. for volume X. Contemporary polished calf, Rohan-Chabot coat of arms on the corners, spine with raised bands, red edges.","og_url":"https:\/\/www.librairieclavreuil.com\/produit\/les-vies-des-saints-composees-sur-ce-que-nous-est-reste-de-plus-authentique-de-plus-assure-de-leur-histoire-disposees-selon-lordre-des-calendriers-des-martyrologes-nouvelle-edition\/","og_site_name":"Libairie Clavreuil","article_modified_time":"2024-10-15T08:42:09+00:00","og_image":[{"width":913,"height":1231,"url":"https:\/\/www.librairieclavreuil.com\/wp-content\/uploads\/2024\/04\/adrien-baillet-les-vies-des-saints-composees-sur-ce-que-nous-est-reste-de-plus-authentique-de-plus-assure-de-leur-histoire-disposees-selon-l-ordre-des.jpg","type":"image\/jpeg"}],"twitter_card":"summary_large_image","twitter_misc":{"Est. reading time":"1 minute"},"schema":{"@context":"https:\/\/schema.org","@graph":[{"@type":"WebPage","@id":"https:\/\/www.librairieclavreuil.com\/produit\/les-vies-des-saints-composees-sur-ce-que-nous-est-reste-de-plus-authentique-de-plus-assure-de-leur-histoire-disposees-selon-lordre-des-calendriers-des-martyrologes-nouvelle-edition\/","url":"https:\/\/www.librairieclavreuil.com\/produit\/les-vies-des-saints-composees-sur-ce-que-nous-est-reste-de-plus-authentique-de-plus-assure-de-leur-histoire-disposees-selon-lordre-des-calendriers-des-martyrologes-nouvelle-edition\/","name":"BAILLET Adrien Les Vies des Saints, compos\u00e9es sur ce que nous est rest\u00e9 de plus authentique &amp; de plus assur\u00e9 de leur histoire ; dispos\u00e9es selon l'ordre des calendriers &amp; des martyrologes. Nouvelle \u00e9dition. - Libairie Clavreuil","isPartOf":{"@id":"https:\/\/www.librairieclavreuil.com\/#website"},"primaryImageOfPage":{"@id":"https:\/\/www.librairieclavreuil.com\/produit\/les-vies-des-saints-composees-sur-ce-que-nous-est-reste-de-plus-authentique-de-plus-assure-de-leur-histoire-disposees-selon-lordre-des-calendriers-des-martyrologes-nouvelle-edition\/#primaryimage"},"image":{"@id":"https:\/\/www.librairieclavreuil.com\/produit\/les-vies-des-saints-composees-sur-ce-que-nous-est-reste-de-plus-authentique-de-plus-assure-de-leur-histoire-disposees-selon-lordre-des-calendriers-des-martyrologes-nouvelle-edition\/#primaryimage"},"thumbnailUrl":"https:\/\/www.librairieclavreuil.com\/wp-content\/uploads\/2024\/04\/adrien-baillet-les-vies-des-saints-composees-sur-ce-que-nous-est-reste-de-plus-authentique-de-plus-assure-de-leur-histoire-disposees-selon-l-ordre-des.jpg","datePublished":"2024-04-19T15:54:12+00:00","dateModified":"2024-10-15T08:42:09+00:00","breadcrumb":{"@id":"https:\/\/www.librairieclavreuil.com\/produit\/les-vies-des-saints-composees-sur-ce-que-nous-est-reste-de-plus-authentique-de-plus-assure-de-leur-histoire-disposees-selon-lordre-des-calendriers-des-martyrologes-nouvelle-edition\/#breadcrumb"},"inLanguage":"en-US","potentialAction":[{"@type":"ReadAction","target":["https:\/\/www.librairieclavreuil.com\/produit\/les-vies-des-saints-composees-sur-ce-que-nous-est-reste-de-plus-authentique-de-plus-assure-de-leur-histoire-disposees-selon-lordre-des-calendriers-des-martyrologes-nouvelle-edition\/"]}]},{"@type":"ImageObject","inLanguage":"en-US","@id":"https:\/\/www.librairieclavreuil.com\/produit\/les-vies-des-saints-composees-sur-ce-que-nous-est-reste-de-plus-authentique-de-plus-assure-de-leur-histoire-disposees-selon-lordre-des-calendriers-des-martyrologes-nouvelle-edition\/#primaryimage","url":"https:\/\/www.librairieclavreuil.com\/wp-content\/uploads\/2024\/04\/adrien-baillet-les-vies-des-saints-composees-sur-ce-que-nous-est-reste-de-plus-authentique-de-plus-assure-de-leur-histoire-disposees-selon-l-ordre-des.jpg","contentUrl":"https:\/\/www.librairieclavreuil.com\/wp-content\/uploads\/2024\/04\/adrien-baillet-les-vies-des-saints-composees-sur-ce-que-nous-est-reste-de-plus-authentique-de-plus-assure-de-leur-histoire-disposees-selon-l-ordre-des.jpg","width":913,"height":1231},{"@type":"BreadcrumbList","@id":"https:\/\/www.librairieclavreuil.com\/produit\/les-vies-des-saints-composees-sur-ce-que-nous-est-reste-de-plus-authentique-de-plus-assure-de-leur-histoire-disposees-selon-lordre-des-calendriers-des-martyrologes-nouvelle-edition\/#breadcrumb","itemListElement":[{"@type":"ListItem","position":1,"name":"Accueil","item":"https:\/\/www.librairieclavreuil.com\/"},{"@type":"ListItem","position":2,"name":"All our books","item":"https:\/\/www.librairieclavreuil.com\/en\/all-our-books\/"},{"@type":"ListItem","position":3,"name":"BAILLET Adrien Les Vies des Saints, compos\u00e9es sur..."}]},{"@type":"WebSite","@id":"https:\/\/www.librairieclavreuil.com\/#website","url":"https:\/\/www.librairieclavreuil.com\/","name":"Libairie Clavreuil","description":"Livres anciens, manuscrits rares et \u00e9ditions originales \u2013 Librairie Clavreuil","publisher":{"@id":"https:\/\/www.librairieclavreuil.com\/#organization"},"potentialAction":[{"@type":"SearchAction","target":{"@type":"EntryPoint","urlTemplate":"https:\/\/www.librairieclavreuil.com\/?s={search_term_string}"},"query-input":{"@type":"PropertyValueSpecification","valueRequired":true,"valueName":"search_term_string"}}],"inLanguage":"en-US"},{"@type":"Organization","@id":"https:\/\/www.librairieclavreuil.com\/#organization","name":"Libairie Clavreuil","url":"https:\/\/www.librairieclavreuil.com\/","logo":{"@type":"ImageObject","inLanguage":"en-US","@id":"https:\/\/www.librairieclavreuil.com\/#\/schema\/logo\/image\/","url":"https:\/\/www.librairieclavreuil.com\/wp-content\/uploads\/2021\/06\/cropped-LOGO_PNG_DATE-_gold-512x512-1.png","contentUrl":"https:\/\/www.librairieclavreuil.com\/wp-content\/uploads\/2021\/06\/cropped-LOGO_PNG_DATE-_gold-512x512-1.png","width":512,"height":512,"caption":"Libairie Clavreuil"},"image":{"@id":"https:\/\/www.librairieclavreuil.com\/#\/schema\/logo\/image\/"},"sameAs":["https:\/\/www.instagram.com\/librairieclavreuil\/"]}]}},"jetpack_sharing_enabled":true,"_links":{"self":[{"href":"https:\/\/www.librairieclavreuil.com\/en\/wp-json\/wp\/v2\/product\/73822","targetHints":{"allow":["GET"]}}],"collection":[{"href":"https:\/\/www.librairieclavreuil.com\/en\/wp-json\/wp\/v2\/product"}],"about":[{"href":"https:\/\/www.librairieclavreuil.com\/en\/wp-json\/wp\/v2\/types\/product"}],"replies":[{"embeddable":true,"href":"https:\/\/www.librairieclavreuil.com\/en\/wp-json\/wp\/v2\/comments?post=73822"}],"wp:featuredmedia":[{"embeddable":true,"href":"https:\/\/www.librairieclavreuil.com\/en\/wp-json\/wp\/v2\/media\/73815"}],"wp:attachment":[{"href":"https:\/\/www.librairieclavreuil.com\/en\/wp-json\/wp\/v2\/media?parent=73822"}],"wp:term":[{"taxonomy":"product_brand","embeddable":true,"href":"https:\/\/www.librairieclavreuil.com\/en\/wp-json\/wp\/v2\/product_brand?post=73822"},{"taxonomy":"product_cat","embeddable":true,"href":"https:\/\/www.librairieclavreuil.com\/en\/wp-json\/wp\/v2\/product_cat?post=73822"},{"taxonomy":"product_tag","embeddable":true,"href":"https:\/\/www.librairieclavreuil.com\/en\/wp-json\/wp\/v2\/product_tag?post=73822"}],"curies":[{"name":"wp","href":"https:\/\/api.w.org\/{rel}","templated":true}]}}