{"id":73309,"date":"2024-04-18T15:42:41","date_gmt":"2024-04-18T13:42:41","guid":{"rendered":"https:\/\/clavreuil-wordpress.logiciel-arteo.fr\/traite-des-degenerescences-physiques-intellectuelles-et-morales-de-lespece-humaine-benedicte-auguste-morel\/"},"modified":"2024-09-11T15:25:44","modified_gmt":"2024-09-11T13:25:44","slug":"traite-des-degenerescences-physiques-intellectuelles-et-morales-de-lespece-humaine-benedicte-auguste-morel","status":"publish","type":"product","link":"https:\/\/www.librairieclavreuil.com\/en\/traite-des-degenerescences-physiques-intellectuelles-et-morales-de-lespece-humaine-benedicte-auguste-morel\/","title":{"rendered":"MOREL B\u00e9n\u00e9dicte Auguste Trait\u00e9 des d\u00e9g\u00e9n\u00e9rescences physiques, intellectuelles..."},"content":{"rendered":"<p style=\"text-align:justify\"><i>Garrison-Morton, 4933.1; Heirs of Hippocrates, 1721 (incomplete copy missing the atlas) ; Semelaigne I, 342-351.<\/i><\/p>\n<p style=\"text-align:justify\"><span style=\"font-variant:small-caps\">First edition.<\/span><\/p>\n<p style=\"text-align:justify\">A rebellious and independent spirit, Morel was an enemy of routine from 1856 onwards, &#8220;ne songe plus qu&#8217;\u00e0 la d\u00e9g\u00e9n\u00e9rescence, passe son temps \u00e0 circuler de c\u00f4t\u00e9 et d&#8217;autre pour \u00e9tudier les types et v\u00e9rifier les lois qu&#8217;il a formul\u00e9es&#8221;.<\/p>\n<p style=\"text-align:justify\">For him, all degenerates present, despite their differences, the same impossibility &#8220;de propager dans des conditions normales la grande et unique famille du genre humain&#8221;.The insane confined in asylums are, in almost all cases, degenerates, and the degeneration may be hereditary or acquired.<\/p>\n<p style=\"text-align:justify\">He enjoyed an immense reputation, and in 1864 he was called to Munich to work with the &#8220;Prince h\u00e9ritier de Bavi\u00e8re&#8230; et son regard l&#8217;avait frapp\u00e9. Tandis que le roi Louis Ier s&#8217;\u00e9criait en admirant son fils: &#8220;Ce sont les yeux passionn\u00e9s d&#8217;Adonis&#8221;, Morel simply said : &#8220;Ce sont des yeux qui annoncent la folie&#8221;. (Semelaigne, Les Pionniers de la psychiatrie fran\u00e7aise, T. I, p. 342).<\/p>\n<p style=\"text-align:justify\">&#8220;Morel was instrumental in developing the psychiatric theory of degeneration and fully reports his findings in the present work. It was his belief that mental degeneration was caused by abnormal deviations, such as hereditary defects, which ultimately resulted in extinction. The chief caus of degeneration was heredity but other causes included social conditions, congenital defects, immorality, pathological behavior, epidemic diseases, and drug abuse or addiction&#8221; (Heirs). &#8220;The main support for the theory of mental illness as regression which dominated psychiatric practice for several decades. Morel described and illustrated the nature, causes, and signs of human degeneration&#8230; The atlas reproduces by lithography some of the earliest photogra phs of the insane&#8221; (Garrison-Morton).<\/p>\n<p>Wear to the atlas volume, plate IV with abrasion in the white without affecting the image, title with hole in the white.<\/p>\n<p>A working copy.<\/p>\n<p>Provenance : A.C. Pacheco e Silva (book plate and signature).<\/p>\n","protected":false},"excerpt":{"rendered":"<p style=\"text-align:justify\">1 volume of text 8vo (209 x 126 mm) and 1 folio atlas (305 x 207 mm) XIX, 700 pp. for the text, 23 pp. and 12 lithographed plates for the atlas. Half green sheep&nbsp;(text) and half black shagreen (atlas).<\/p>\n","protected":false},"featured_media":73300,"comment_status":"open","ping_status":"closed","template":"","meta":{"_acf_changed":false},"product_brand":[],"product_cat":[548],"product_tag":[1271,1312,1205],"class_list":{"0":"post-73309","1":"product","2":"type-product","3":"status-publish","4":"has-post-thumbnail","6":"product_cat-medicine","7":"product_tag-medicine","8":"product_tag-neurology","9":"product_tag-photography","10":"pa_auteur-morel-benedicte-auguste-2","11":"pa_type-de-livre-printed-book","13":"first","14":"instock","15":"shipping-taxable","16":"purchasable","17":"product-type-simple"},"acf":{"artist":" B\u00e9n\u00e9dicte Auguste MOREL","chapeau":"One of the first medical books illustrated from photographs","adresse_bibliographique":"Paris, Londres, New-York, J.-B. Bailli\u00e8re, 1857","book_type":"Printed book","provenance":"","afficher_prix":""},"yoast_head":"<!-- This site is optimized with the Yoast SEO plugin v24.7 - https:\/\/yoast.com\/wordpress\/plugins\/seo\/ -->\n<title>MOREL B\u00e9n\u00e9dicte Auguste Trait\u00e9 des d\u00e9g\u00e9n\u00e9rescences physiques, intellectuelles et morales de l&#039;esp\u00e8ce humaine. - Libairie Clavreuil<\/title>\n<meta name=\"robots\" content=\"index, follow, max-snippet:-1, max-image-preview:large, max-video-preview:-1\" \/>\n<link rel=\"canonical\" href=\"https:\/\/www.librairieclavreuil.com\/en\/traite-des-degenerescences-physiques-intellectuelles-et-morales-de-lespece-humaine-benedicte-auguste-morel\/\" \/>\n<meta property=\"og:locale\" content=\"en_US\" \/>\n<meta property=\"og:type\" content=\"article\" \/>\n<meta property=\"og:title\" content=\"MOREL B\u00e9n\u00e9dicte Auguste Trait\u00e9 des d\u00e9g\u00e9n\u00e9rescences physiques, intellectuelles et morales de l&#039;esp\u00e8ce humaine. - Libairie Clavreuil\" \/>\n<meta property=\"og:description\" content=\"1 volume of text 8vo (209 x 126 mm) and 1 folio atlas (305 x 207 mm) XIX, 700 pp. for the text, 23 pp. and 12 lithographed plates for the atlas. Half green sheep&nbsp;(text) and half black shagreen (atlas).\" \/>\n<meta property=\"og:url\" content=\"https:\/\/www.librairieclavreuil.com\/en\/traite-des-degenerescences-physiques-intellectuelles-et-morales-de-lespece-humaine-benedicte-auguste-morel\/\" \/>\n<meta property=\"og:site_name\" content=\"Libairie Clavreuil\" \/>\n<meta property=\"article:modified_time\" content=\"2024-09-11T13:25:44+00:00\" \/>\n<meta property=\"og:image\" content=\"https:\/\/www.librairieclavreuil.com\/wp-content\/uploads\/2024\/04\/benedicte-auguste-morel-traite-des-degenerescences-physiques-intellectuelles-et-morales-de-l-espece-humaine-725-65a9110724394-scaled.jpg\" \/>\n\t<meta property=\"og:image:width\" content=\"1920\" \/>\n\t<meta property=\"og:image:height\" content=\"2560\" \/>\n\t<meta property=\"og:image:type\" content=\"image\/jpeg\" \/>\n<meta name=\"twitter:card\" content=\"summary_large_image\" \/>\n<meta name=\"twitter:label1\" content=\"Est. reading time\" \/>\n\t<meta name=\"twitter:data1\" content=\"2 minutes\" \/>\n<script type=\"application\/ld+json\" class=\"yoast-schema-graph\">{\"@context\":\"https:\/\/schema.org\",\"@graph\":[{\"@type\":\"WebPage\",\"@id\":\"https:\/\/www.librairieclavreuil.com\/en\/traite-des-degenerescences-physiques-intellectuelles-et-morales-de-lespece-humaine-benedicte-auguste-morel\/\",\"url\":\"https:\/\/www.librairieclavreuil.com\/en\/traite-des-degenerescences-physiques-intellectuelles-et-morales-de-lespece-humaine-benedicte-auguste-morel\/\",\"name\":\"MOREL B\u00e9n\u00e9dicte Auguste Trait\u00e9 des d\u00e9g\u00e9n\u00e9rescences physiques, intellectuelles et morales de l'esp\u00e8ce humaine. - Libairie Clavreuil\",\"isPartOf\":{\"@id\":\"https:\/\/www.librairieclavreuil.com\/#website\"},\"primaryImageOfPage\":{\"@id\":\"https:\/\/www.librairieclavreuil.com\/en\/traite-des-degenerescences-physiques-intellectuelles-et-morales-de-lespece-humaine-benedicte-auguste-morel\/#primaryimage\"},\"image\":{\"@id\":\"https:\/\/www.librairieclavreuil.com\/en\/traite-des-degenerescences-physiques-intellectuelles-et-morales-de-lespece-humaine-benedicte-auguste-morel\/#primaryimage\"},\"thumbnailUrl\":\"https:\/\/www.librairieclavreuil.com\/wp-content\/uploads\/2024\/04\/benedicte-auguste-morel-traite-des-degenerescences-physiques-intellectuelles-et-morales-de-l-espece-humaine-725-65a9110724394-scaled.jpg\",\"datePublished\":\"2024-04-18T13:42:41+00:00\",\"dateModified\":\"2024-09-11T13:25:44+00:00\",\"breadcrumb\":{\"@id\":\"https:\/\/www.librairieclavreuil.com\/en\/traite-des-degenerescences-physiques-intellectuelles-et-morales-de-lespece-humaine-benedicte-auguste-morel\/#breadcrumb\"},\"inLanguage\":\"en-US\",\"potentialAction\":[{\"@type\":\"ReadAction\",\"target\":[\"https:\/\/www.librairieclavreuil.com\/en\/traite-des-degenerescences-physiques-intellectuelles-et-morales-de-lespece-humaine-benedicte-auguste-morel\/\"]}]},{\"@type\":\"ImageObject\",\"inLanguage\":\"en-US\",\"@id\":\"https:\/\/www.librairieclavreuil.com\/en\/traite-des-degenerescences-physiques-intellectuelles-et-morales-de-lespece-humaine-benedicte-auguste-morel\/#primaryimage\",\"url\":\"https:\/\/www.librairieclavreuil.com\/wp-content\/uploads\/2024\/04\/benedicte-auguste-morel-traite-des-degenerescences-physiques-intellectuelles-et-morales-de-l-espece-humaine-725-65a9110724394-scaled.jpg\",\"contentUrl\":\"https:\/\/www.librairieclavreuil.com\/wp-content\/uploads\/2024\/04\/benedicte-auguste-morel-traite-des-degenerescences-physiques-intellectuelles-et-morales-de-l-espece-humaine-725-65a9110724394-scaled.jpg\",\"width\":1920,\"height\":2560},{\"@type\":\"BreadcrumbList\",\"@id\":\"https:\/\/www.librairieclavreuil.com\/en\/traite-des-degenerescences-physiques-intellectuelles-et-morales-de-lespece-humaine-benedicte-auguste-morel\/#breadcrumb\",\"itemListElement\":[{\"@type\":\"ListItem\",\"position\":1,\"name\":\"Accueil\",\"item\":\"https:\/\/www.librairieclavreuil.com\/\"},{\"@type\":\"ListItem\",\"position\":2,\"name\":\"All our books\",\"item\":\"https:\/\/www.librairieclavreuil.com\/en\/all-our-books\/\"},{\"@type\":\"ListItem\",\"position\":3,\"name\":\"MOREL B\u00e9n\u00e9dicte Auguste Trait\u00e9 des d\u00e9g\u00e9n\u00e9rescences physiques, intellectuelles et morales de l&#8217;esp\u00e8ce humaine.\"}]},{\"@type\":\"WebSite\",\"@id\":\"https:\/\/www.librairieclavreuil.com\/#website\",\"url\":\"https:\/\/www.librairieclavreuil.com\/\",\"name\":\"Libairie Clavreuil\",\"description\":\"Livres anciens, manuscrits rares et \u00e9ditions originales \u2013 Librairie Clavreuil\",\"publisher\":{\"@id\":\"https:\/\/www.librairieclavreuil.com\/#organization\"},\"potentialAction\":[{\"@type\":\"SearchAction\",\"target\":{\"@type\":\"EntryPoint\",\"urlTemplate\":\"https:\/\/www.librairieclavreuil.com\/?s={search_term_string}\"},\"query-input\":{\"@type\":\"PropertyValueSpecification\",\"valueRequired\":true,\"valueName\":\"search_term_string\"}}],\"inLanguage\":\"en-US\"},{\"@type\":\"Organization\",\"@id\":\"https:\/\/www.librairieclavreuil.com\/#organization\",\"name\":\"Libairie Clavreuil\",\"url\":\"https:\/\/www.librairieclavreuil.com\/\",\"logo\":{\"@type\":\"ImageObject\",\"inLanguage\":\"en-US\",\"@id\":\"https:\/\/www.librairieclavreuil.com\/#\/schema\/logo\/image\/\",\"url\":\"https:\/\/www.librairieclavreuil.com\/wp-content\/uploads\/2021\/06\/cropped-LOGO_PNG_DATE-_gold-512x512-1.png\",\"contentUrl\":\"https:\/\/www.librairieclavreuil.com\/wp-content\/uploads\/2021\/06\/cropped-LOGO_PNG_DATE-_gold-512x512-1.png\",\"width\":512,\"height\":512,\"caption\":\"Libairie Clavreuil\"},\"image\":{\"@id\":\"https:\/\/www.librairieclavreuil.com\/#\/schema\/logo\/image\/\"},\"sameAs\":[\"https:\/\/www.instagram.com\/librairieclavreuil\/\"]}]}<\/script>\n<!-- \/ Yoast SEO plugin. -->","yoast_head_json":{"title":"MOREL B\u00e9n\u00e9dicte Auguste Trait\u00e9 des d\u00e9g\u00e9n\u00e9rescences physiques, intellectuelles et morales de l'esp\u00e8ce humaine. - Libairie Clavreuil","robots":{"index":"index","follow":"follow","max-snippet":"max-snippet:-1","max-image-preview":"max-image-preview:large","max-video-preview":"max-video-preview:-1"},"canonical":"https:\/\/www.librairieclavreuil.com\/en\/traite-des-degenerescences-physiques-intellectuelles-et-morales-de-lespece-humaine-benedicte-auguste-morel\/","og_locale":"en_US","og_type":"article","og_title":"MOREL B\u00e9n\u00e9dicte Auguste Trait\u00e9 des d\u00e9g\u00e9n\u00e9rescences physiques, intellectuelles et morales de l'esp\u00e8ce humaine. - Libairie Clavreuil","og_description":"1 volume of text 8vo (209 x 126 mm) and 1 folio atlas (305 x 207 mm) XIX, 700 pp. for the text, 23 pp. and 12 lithographed plates for the atlas. Half green sheep&nbsp;(text) and half black shagreen (atlas).","og_url":"https:\/\/www.librairieclavreuil.com\/en\/traite-des-degenerescences-physiques-intellectuelles-et-morales-de-lespece-humaine-benedicte-auguste-morel\/","og_site_name":"Libairie Clavreuil","article_modified_time":"2024-09-11T13:25:44+00:00","og_image":[{"width":1920,"height":2560,"url":"https:\/\/www.librairieclavreuil.com\/wp-content\/uploads\/2024\/04\/benedicte-auguste-morel-traite-des-degenerescences-physiques-intellectuelles-et-morales-de-l-espece-humaine-725-65a9110724394-scaled.jpg","type":"image\/jpeg"}],"twitter_card":"summary_large_image","twitter_misc":{"Est. reading time":"2 minutes"},"schema":{"@context":"https:\/\/schema.org","@graph":[{"@type":"WebPage","@id":"https:\/\/www.librairieclavreuil.com\/en\/traite-des-degenerescences-physiques-intellectuelles-et-morales-de-lespece-humaine-benedicte-auguste-morel\/","url":"https:\/\/www.librairieclavreuil.com\/en\/traite-des-degenerescences-physiques-intellectuelles-et-morales-de-lespece-humaine-benedicte-auguste-morel\/","name":"MOREL B\u00e9n\u00e9dicte Auguste Trait\u00e9 des d\u00e9g\u00e9n\u00e9rescences physiques, intellectuelles et morales de l'esp\u00e8ce humaine. - Libairie Clavreuil","isPartOf":{"@id":"https:\/\/www.librairieclavreuil.com\/#website"},"primaryImageOfPage":{"@id":"https:\/\/www.librairieclavreuil.com\/en\/traite-des-degenerescences-physiques-intellectuelles-et-morales-de-lespece-humaine-benedicte-auguste-morel\/#primaryimage"},"image":{"@id":"https:\/\/www.librairieclavreuil.com\/en\/traite-des-degenerescences-physiques-intellectuelles-et-morales-de-lespece-humaine-benedicte-auguste-morel\/#primaryimage"},"thumbnailUrl":"https:\/\/www.librairieclavreuil.com\/wp-content\/uploads\/2024\/04\/benedicte-auguste-morel-traite-des-degenerescences-physiques-intellectuelles-et-morales-de-l-espece-humaine-725-65a9110724394-scaled.jpg","datePublished":"2024-04-18T13:42:41+00:00","dateModified":"2024-09-11T13:25:44+00:00","breadcrumb":{"@id":"https:\/\/www.librairieclavreuil.com\/en\/traite-des-degenerescences-physiques-intellectuelles-et-morales-de-lespece-humaine-benedicte-auguste-morel\/#breadcrumb"},"inLanguage":"en-US","potentialAction":[{"@type":"ReadAction","target":["https:\/\/www.librairieclavreuil.com\/en\/traite-des-degenerescences-physiques-intellectuelles-et-morales-de-lespece-humaine-benedicte-auguste-morel\/"]}]},{"@type":"ImageObject","inLanguage":"en-US","@id":"https:\/\/www.librairieclavreuil.com\/en\/traite-des-degenerescences-physiques-intellectuelles-et-morales-de-lespece-humaine-benedicte-auguste-morel\/#primaryimage","url":"https:\/\/www.librairieclavreuil.com\/wp-content\/uploads\/2024\/04\/benedicte-auguste-morel-traite-des-degenerescences-physiques-intellectuelles-et-morales-de-l-espece-humaine-725-65a9110724394-scaled.jpg","contentUrl":"https:\/\/www.librairieclavreuil.com\/wp-content\/uploads\/2024\/04\/benedicte-auguste-morel-traite-des-degenerescences-physiques-intellectuelles-et-morales-de-l-espece-humaine-725-65a9110724394-scaled.jpg","width":1920,"height":2560},{"@type":"BreadcrumbList","@id":"https:\/\/www.librairieclavreuil.com\/en\/traite-des-degenerescences-physiques-intellectuelles-et-morales-de-lespece-humaine-benedicte-auguste-morel\/#breadcrumb","itemListElement":[{"@type":"ListItem","position":1,"name":"Accueil","item":"https:\/\/www.librairieclavreuil.com\/"},{"@type":"ListItem","position":2,"name":"All our books","item":"https:\/\/www.librairieclavreuil.com\/en\/all-our-books\/"},{"@type":"ListItem","position":3,"name":"MOREL B\u00e9n\u00e9dicte Auguste Trait\u00e9 des d\u00e9g\u00e9n\u00e9rescences physiques, intellectuelles et morales de l&#8217;esp\u00e8ce humaine."}]},{"@type":"WebSite","@id":"https:\/\/www.librairieclavreuil.com\/#website","url":"https:\/\/www.librairieclavreuil.com\/","name":"Libairie Clavreuil","description":"Livres anciens, manuscrits rares et \u00e9ditions originales \u2013 Librairie Clavreuil","publisher":{"@id":"https:\/\/www.librairieclavreuil.com\/#organization"},"potentialAction":[{"@type":"SearchAction","target":{"@type":"EntryPoint","urlTemplate":"https:\/\/www.librairieclavreuil.com\/?s={search_term_string}"},"query-input":{"@type":"PropertyValueSpecification","valueRequired":true,"valueName":"search_term_string"}}],"inLanguage":"en-US"},{"@type":"Organization","@id":"https:\/\/www.librairieclavreuil.com\/#organization","name":"Libairie Clavreuil","url":"https:\/\/www.librairieclavreuil.com\/","logo":{"@type":"ImageObject","inLanguage":"en-US","@id":"https:\/\/www.librairieclavreuil.com\/#\/schema\/logo\/image\/","url":"https:\/\/www.librairieclavreuil.com\/wp-content\/uploads\/2021\/06\/cropped-LOGO_PNG_DATE-_gold-512x512-1.png","contentUrl":"https:\/\/www.librairieclavreuil.com\/wp-content\/uploads\/2021\/06\/cropped-LOGO_PNG_DATE-_gold-512x512-1.png","width":512,"height":512,"caption":"Libairie Clavreuil"},"image":{"@id":"https:\/\/www.librairieclavreuil.com\/#\/schema\/logo\/image\/"},"sameAs":["https:\/\/www.instagram.com\/librairieclavreuil\/"]}]}},"jetpack_sharing_enabled":true,"_links":{"self":[{"href":"https:\/\/www.librairieclavreuil.com\/en\/wp-json\/wp\/v2\/product\/73309","targetHints":{"allow":["GET"]}}],"collection":[{"href":"https:\/\/www.librairieclavreuil.com\/en\/wp-json\/wp\/v2\/product"}],"about":[{"href":"https:\/\/www.librairieclavreuil.com\/en\/wp-json\/wp\/v2\/types\/product"}],"replies":[{"embeddable":true,"href":"https:\/\/www.librairieclavreuil.com\/en\/wp-json\/wp\/v2\/comments?post=73309"}],"wp:featuredmedia":[{"embeddable":true,"href":"https:\/\/www.librairieclavreuil.com\/en\/wp-json\/wp\/v2\/media\/73300"}],"wp:attachment":[{"href":"https:\/\/www.librairieclavreuil.com\/en\/wp-json\/wp\/v2\/media?parent=73309"}],"wp:term":[{"taxonomy":"product_brand","embeddable":true,"href":"https:\/\/www.librairieclavreuil.com\/en\/wp-json\/wp\/v2\/product_brand?post=73309"},{"taxonomy":"product_cat","embeddable":true,"href":"https:\/\/www.librairieclavreuil.com\/en\/wp-json\/wp\/v2\/product_cat?post=73309"},{"taxonomy":"product_tag","embeddable":true,"href":"https:\/\/www.librairieclavreuil.com\/en\/wp-json\/wp\/v2\/product_tag?post=73309"}],"curies":[{"name":"wp","href":"https:\/\/api.w.org\/{rel}","templated":true}]}}