{"id":73227,"date":"2024-04-18T15:08:40","date_gmt":"2024-04-18T13:08:40","guid":{"rendered":"https:\/\/clavreuil-wordpress.logiciel-arteo.fr\/expose-de-ce-qui-sest-passe-dans-un-comite-de-convulsionnaires-tenu-a-paris-le-10-fevrier-apres-midi-convulsionnaires-manuscrit\/"},"modified":"2025-06-03T12:19:21","modified_gmt":"2025-06-03T10:19:21","slug":"expose-de-ce-qui-sest-passe-dans-un-comite-de-convulsionnaires-tenu-a-paris-le-10-fevrier-apres-midi-convulsionnaires-manuscrit","status":"publish","type":"product","link":"https:\/\/www.librairieclavreuil.com\/en\/expose-de-ce-qui-sest-passe-dans-un-comite-de-convulsionnaires-tenu-a-paris-le-10-fevrier-apres-midi-convulsionnaires-manuscrit\/","title":{"rendered":"CONVULSIONNAIRES &#8211; MANUSCRIT Expos\u00e9 de ce qui s&#8217;est..."},"content":{"rendered":"<p style=\"text-align:justify\"><i>Biblioth\u00e8que Guy Bechtel, cat. 1978, n\u00b0 89.<\/i><\/p>\n<p style=\"text-align:justify\"><span style=\"font-variant:small-caps\">An astonishing handwritten account of a convulsion demonstration.<\/span><\/p>\n<p style=\"text-align:justify\">The document is signed Morand, possibly the surgeon Sauveur Fran\u00e7ois Morand or his son Jean-Fran\u00e7ois, also a doctor and a resident of the Acad\u00e9mie des Sciences.<\/p>\n<p style=\"text-align:justify\">The author, obviously a doctor, had anonymously entered a Paris flat where a meeting of convulsionaries was to be held. He attended the entire ceremony, which he recounts in detail.<\/p>\n<p style=\"text-align:justify\">Four convulsionaries enter the trance in succession: Sister Rachel, Sister F\u00e9licit\u00e9, Sister Sion and Sister Suzanne. A male figure in a dressing gown, called Papa by the convulsionaries, is the master of ceremonies.<\/p>\n<p style=\"text-align:justify\">&#8220;Si l&#8217;on en juge par les contorsions, par les raidissements des membres, dans lesquels les poignets se ferment et les doigts se serrent fortement, par les postures dans lesquelles on voit le visage rougir, la gorge se resserrer ou se gonfler, dans lesquelles la respiration tremblante, gesn\u00e9e, retenue ou forc\u00e9e est entrecoup\u00e9e de sanglots, de soupirs, de sons plaintifs (&#8230;) tout contribue \u00e0 faire passer (&#8230;) l&#8217;id\u00e9e d&#8217;une situation violente, d&#8217;un \u00e9tat de douleur, et d&#8217;une personne menac\u00e9e de suffocation&#8230; Dans quelques acc\u00e8s particuliers o\u00f9 les s\u0153urs saisies d&#8217;une esp\u00e8ce de delyre ou d&#8217;extase, semblent revenues \u00e0 un \u00e9tat de simplicit\u00e9 et d&#8217;innocence dans un degr\u00e9 approchant l&#8217;enfance ces secours qui r\u00e9pugneraient \u00e0 bien du monde, sont sollicit\u00e9s, sous le titre de NANAN.&#8221; Les &#8220;secours&#8221; sont en fait les souffrances vari\u00e9es inflig\u00e9es par &#8220;papa&#8221; : deux s\u0153urs sont successivement crucifi\u00e9es, sans le moindre signe de douleur (l&#8217;une d&#8217;entre elles d\u00e9clare subir la crucifixion pour la 21e fois). &#8220;Les clous qui sont employ\u00e9s \u00e0 cette op\u00e9ration, sont de l&#8217;esp\u00e8ce dite Demi Picard, tr\u00e8s aigus et longs de 5 pouces&#8221; (l&#8217;auteur parviendra \u00e0 en subtiliser un). L&#8217;une d&#8217;entre elles &#8220;non contente de cet essay, a tout de suite demand\u00e9 que sa langue fut fendue ; il lui a \u00e9t\u00e9 donn\u00e9 satisfaction&#8221;; une autre s\u0153ur choisit la b\u00fbche &#8220;un gros tron\u00e7on de bois de chesne rond, lisse et poli&#8230;&#8221; \u00e0 l&#8217;aide duquel &#8220;papa&#8221; pilonne son dos ; une autre demande la sangle.<\/p>\n<p style=\"text-align:justify\">Morand observed the pulse, breathing and other signs of convulsions with the practised eye of a doctor. He points out that &#8220;malgr\u00e9 l&#8217;intr\u00e9pidit\u00e9 d\u00e9cid\u00e9e&#8221; de l&#8217;officiant, &#8220;les secours en usage dans l&#8217;\u0153uvre des convulsions, ne sont pas pr\u00e9cis\u00e9ment ce qu&#8217;ils paraissent au premier coup d&#8217;\u0153il&#8221;, l&#8217;homme &#8220;poss\u00e8de l&#8217;art et le talent de [les] rendre supportables&#8221;.<\/p>\n<p style=\"text-align:justify\">At the end of the volume is an account of another session attended by a number of prominent figures, during which the police intervened, arresting &#8220;le papa et les s\u0153urs qui \u00e9taient au nombre de six&#8221;.<\/p>\n<p style=\"text-align:justify\">It is followed by the report of the hearing, written by another hand.<\/p>\n<p style=\"text-align:justify\">The author worked on his text, crossing it out and correcting it several times (for a presentation to the Acad\u00e9mie des Sciences? but this memoir does not appear in the table for the years 1760-61). He prefaced his signature with a Latin formula attesting to the veracity of his testimony: &#8220;testor de visu&#8221;.<\/p>\n<p style=\"text-align:justify\">On the title, in the same hand, the volume bears the words &#8220;Remis \u00e0 la biblioth\u00e8que de l&#8217;acad\u00e9mie des Sciences, par le t\u00e9moin soussign\u00e9 \u00e0 la page 45&#8221; (Morand), ainsi que plusieurs cachets de la dite biblioth\u00e8que et un cachet &#8220;Double \u00e9chang\u00e9&#8221;.<\/p>\n<p style=\"text-align:justify\">On verso of title: very interesting contemporary engraved bookplate, armorial but unidentified, repeated in stencil at the head of the text.<\/p>\n<p style=\"text-align:justify\">An exceptional document.<\/p>\n","protected":false},"excerpt":{"rendered":"<p style=\"text-align:justify\">4to manuscript (225 x180 mm) 1title leaf, 45 pp. and 3 unn.l. Contemporary velum.<\/p>\n","protected":false},"featured_media":82339,"comment_status":"open","ping_status":"closed","template":"","meta":{"_acf_changed":false},"product_brand":[],"product_cat":[546],"product_tag":[1212,1314,1312],"class_list":{"0":"post-73227","1":"product","2":"type-product","3":"status-publish","4":"has-post-thumbnail","6":"product_cat-manuscript","7":"product_tag-esotericism-witchcraft","8":"product_tag-general-psychiatry","9":"product_tag-neurology","10":"pa_auteur-convulsionnaires-manuscrit-2","11":"pa_type-de-livre-manuscript","13":"first","14":"instock","15":"shipping-taxable","16":"purchasable","17":"product-type-simple"},"acf":{"artist":"CONVULSIONNAIRES - MANUSCRIT","chapeau":"","adresse_bibliographique":"Paris, 1760","book_type":"Manuscript","provenance":"","afficher_prix":""},"yoast_head":"<!-- This site is optimized with the Yoast SEO plugin v24.7 - https:\/\/yoast.com\/wordpress\/plugins\/seo\/ -->\n<title>CONVULSIONNAIRES - MANUSCRIT  Expos\u00e9 de ce qui s&#039;est pass\u00e9 dans un Comit\u00e9 de Convulsionnaires tenu \u00e0 Paris le 10 f\u00e9vrier apr\u00e8s midi. - Libairie Clavreuil<\/title>\n<meta name=\"robots\" content=\"index, follow, max-snippet:-1, max-image-preview:large, max-video-preview:-1\" \/>\n<link rel=\"canonical\" href=\"https:\/\/www.librairieclavreuil.com\/en\/expose-de-ce-qui-sest-passe-dans-un-comite-de-convulsionnaires-tenu-a-paris-le-10-fevrier-apres-midi-convulsionnaires-manuscrit\/\" \/>\n<meta property=\"og:locale\" content=\"en_US\" \/>\n<meta property=\"og:type\" content=\"article\" \/>\n<meta property=\"og:title\" content=\"CONVULSIONNAIRES - MANUSCRIT  Expos\u00e9 de ce qui s&#039;est pass\u00e9 dans un Comit\u00e9 de Convulsionnaires tenu \u00e0 Paris le 10 f\u00e9vrier apr\u00e8s midi. - Libairie Clavreuil\" \/>\n<meta property=\"og:description\" content=\"4to manuscript (225 x180 mm) 1title leaf, 45 pp. and 3 unn.l. Contemporary velum.\" \/>\n<meta property=\"og:url\" content=\"https:\/\/www.librairieclavreuil.com\/en\/expose-de-ce-qui-sest-passe-dans-un-comite-de-convulsionnaires-tenu-a-paris-le-10-fevrier-apres-midi-convulsionnaires-manuscrit\/\" \/>\n<meta property=\"og:site_name\" content=\"Libairie Clavreuil\" \/>\n<meta property=\"article:modified_time\" content=\"2025-06-03T10:19:21+00:00\" \/>\n<meta property=\"og:image\" content=\"https:\/\/www.librairieclavreuil.com\/wp-content\/uploads\/2025\/01\/convulsionnaires-manuscrit-expose-de-ce-qui-s-est-passe-dans-un-comite-de-convulsionnaires-tenu-a-paris-le-10-fevrier-apres-midi-2863-678fb5a146620.jpg\" \/>\n\t<meta property=\"og:image:width\" content=\"622\" \/>\n\t<meta property=\"og:image:height\" content=\"800\" \/>\n\t<meta property=\"og:image:type\" content=\"image\/jpeg\" \/>\n<meta name=\"twitter:card\" content=\"summary_large_image\" \/>\n<meta name=\"twitter:label1\" content=\"Est. reading time\" \/>\n\t<meta name=\"twitter:data1\" content=\"3 minutes\" \/>\n<script type=\"application\/ld+json\" class=\"yoast-schema-graph\">{\"@context\":\"https:\/\/schema.org\",\"@graph\":[{\"@type\":\"WebPage\",\"@id\":\"https:\/\/www.librairieclavreuil.com\/en\/expose-de-ce-qui-sest-passe-dans-un-comite-de-convulsionnaires-tenu-a-paris-le-10-fevrier-apres-midi-convulsionnaires-manuscrit\/\",\"url\":\"https:\/\/www.librairieclavreuil.com\/en\/expose-de-ce-qui-sest-passe-dans-un-comite-de-convulsionnaires-tenu-a-paris-le-10-fevrier-apres-midi-convulsionnaires-manuscrit\/\",\"name\":\"CONVULSIONNAIRES - MANUSCRIT Expos\u00e9 de ce qui s'est pass\u00e9 dans un Comit\u00e9 de Convulsionnaires tenu \u00e0 Paris le 10 f\u00e9vrier apr\u00e8s midi. - Libairie Clavreuil\",\"isPartOf\":{\"@id\":\"https:\/\/www.librairieclavreuil.com\/#website\"},\"primaryImageOfPage\":{\"@id\":\"https:\/\/www.librairieclavreuil.com\/en\/expose-de-ce-qui-sest-passe-dans-un-comite-de-convulsionnaires-tenu-a-paris-le-10-fevrier-apres-midi-convulsionnaires-manuscrit\/#primaryimage\"},\"image\":{\"@id\":\"https:\/\/www.librairieclavreuil.com\/en\/expose-de-ce-qui-sest-passe-dans-un-comite-de-convulsionnaires-tenu-a-paris-le-10-fevrier-apres-midi-convulsionnaires-manuscrit\/#primaryimage\"},\"thumbnailUrl\":\"https:\/\/www.librairieclavreuil.com\/wp-content\/uploads\/2025\/01\/convulsionnaires-manuscrit-expose-de-ce-qui-s-est-passe-dans-un-comite-de-convulsionnaires-tenu-a-paris-le-10-fevrier-apres-midi-2863-678fb5a146620.jpg\",\"datePublished\":\"2024-04-18T13:08:40+00:00\",\"dateModified\":\"2025-06-03T10:19:21+00:00\",\"breadcrumb\":{\"@id\":\"https:\/\/www.librairieclavreuil.com\/en\/expose-de-ce-qui-sest-passe-dans-un-comite-de-convulsionnaires-tenu-a-paris-le-10-fevrier-apres-midi-convulsionnaires-manuscrit\/#breadcrumb\"},\"inLanguage\":\"en-US\",\"potentialAction\":[{\"@type\":\"ReadAction\",\"target\":[\"https:\/\/www.librairieclavreuil.com\/en\/expose-de-ce-qui-sest-passe-dans-un-comite-de-convulsionnaires-tenu-a-paris-le-10-fevrier-apres-midi-convulsionnaires-manuscrit\/\"]}]},{\"@type\":\"ImageObject\",\"inLanguage\":\"en-US\",\"@id\":\"https:\/\/www.librairieclavreuil.com\/en\/expose-de-ce-qui-sest-passe-dans-un-comite-de-convulsionnaires-tenu-a-paris-le-10-fevrier-apres-midi-convulsionnaires-manuscrit\/#primaryimage\",\"url\":\"https:\/\/www.librairieclavreuil.com\/wp-content\/uploads\/2025\/01\/convulsionnaires-manuscrit-expose-de-ce-qui-s-est-passe-dans-un-comite-de-convulsionnaires-tenu-a-paris-le-10-fevrier-apres-midi-2863-678fb5a146620.jpg\",\"contentUrl\":\"https:\/\/www.librairieclavreuil.com\/wp-content\/uploads\/2025\/01\/convulsionnaires-manuscrit-expose-de-ce-qui-s-est-passe-dans-un-comite-de-convulsionnaires-tenu-a-paris-le-10-fevrier-apres-midi-2863-678fb5a146620.jpg\",\"width\":622,\"height\":800},{\"@type\":\"BreadcrumbList\",\"@id\":\"https:\/\/www.librairieclavreuil.com\/en\/expose-de-ce-qui-sest-passe-dans-un-comite-de-convulsionnaires-tenu-a-paris-le-10-fevrier-apres-midi-convulsionnaires-manuscrit\/#breadcrumb\",\"itemListElement\":[{\"@type\":\"ListItem\",\"position\":1,\"name\":\"Accueil\",\"item\":\"https:\/\/www.librairieclavreuil.com\/\"},{\"@type\":\"ListItem\",\"position\":2,\"name\":\"All our books\",\"item\":\"https:\/\/www.librairieclavreuil.com\/en\/all-our-books\/\"},{\"@type\":\"ListItem\",\"position\":3,\"name\":\"CONVULSIONNAIRES &#8211; MANUSCRIT Expos\u00e9 de ce qui s&rsquo;est...\"}]},{\"@type\":\"WebSite\",\"@id\":\"https:\/\/www.librairieclavreuil.com\/#website\",\"url\":\"https:\/\/www.librairieclavreuil.com\/\",\"name\":\"Libairie Clavreuil\",\"description\":\"Livres anciens, manuscrits rares et \u00e9ditions originales \u2013 Librairie Clavreuil\",\"publisher\":{\"@id\":\"https:\/\/www.librairieclavreuil.com\/#organization\"},\"potentialAction\":[{\"@type\":\"SearchAction\",\"target\":{\"@type\":\"EntryPoint\",\"urlTemplate\":\"https:\/\/www.librairieclavreuil.com\/?s={search_term_string}\"},\"query-input\":{\"@type\":\"PropertyValueSpecification\",\"valueRequired\":true,\"valueName\":\"search_term_string\"}}],\"inLanguage\":\"en-US\"},{\"@type\":\"Organization\",\"@id\":\"https:\/\/www.librairieclavreuil.com\/#organization\",\"name\":\"Libairie Clavreuil\",\"url\":\"https:\/\/www.librairieclavreuil.com\/\",\"logo\":{\"@type\":\"ImageObject\",\"inLanguage\":\"en-US\",\"@id\":\"https:\/\/www.librairieclavreuil.com\/#\/schema\/logo\/image\/\",\"url\":\"https:\/\/www.librairieclavreuil.com\/wp-content\/uploads\/2021\/06\/cropped-LOGO_PNG_DATE-_gold-512x512-1.png\",\"contentUrl\":\"https:\/\/www.librairieclavreuil.com\/wp-content\/uploads\/2021\/06\/cropped-LOGO_PNG_DATE-_gold-512x512-1.png\",\"width\":512,\"height\":512,\"caption\":\"Libairie Clavreuil\"},\"image\":{\"@id\":\"https:\/\/www.librairieclavreuil.com\/#\/schema\/logo\/image\/\"},\"sameAs\":[\"https:\/\/www.instagram.com\/librairieclavreuil\/\"]}]}<\/script>\n<!-- \/ Yoast SEO plugin. -->","yoast_head_json":{"title":"CONVULSIONNAIRES - MANUSCRIT  Expos\u00e9 de ce qui s'est pass\u00e9 dans un Comit\u00e9 de Convulsionnaires tenu \u00e0 Paris le 10 f\u00e9vrier apr\u00e8s midi. - Libairie Clavreuil","robots":{"index":"index","follow":"follow","max-snippet":"max-snippet:-1","max-image-preview":"max-image-preview:large","max-video-preview":"max-video-preview:-1"},"canonical":"https:\/\/www.librairieclavreuil.com\/en\/expose-de-ce-qui-sest-passe-dans-un-comite-de-convulsionnaires-tenu-a-paris-le-10-fevrier-apres-midi-convulsionnaires-manuscrit\/","og_locale":"en_US","og_type":"article","og_title":"CONVULSIONNAIRES - MANUSCRIT  Expos\u00e9 de ce qui s'est pass\u00e9 dans un Comit\u00e9 de Convulsionnaires tenu \u00e0 Paris le 10 f\u00e9vrier apr\u00e8s midi. - Libairie Clavreuil","og_description":"4to manuscript (225 x180 mm) 1title leaf, 45 pp. and 3 unn.l. Contemporary velum.","og_url":"https:\/\/www.librairieclavreuil.com\/en\/expose-de-ce-qui-sest-passe-dans-un-comite-de-convulsionnaires-tenu-a-paris-le-10-fevrier-apres-midi-convulsionnaires-manuscrit\/","og_site_name":"Libairie Clavreuil","article_modified_time":"2025-06-03T10:19:21+00:00","og_image":[{"width":622,"height":800,"url":"https:\/\/www.librairieclavreuil.com\/wp-content\/uploads\/2025\/01\/convulsionnaires-manuscrit-expose-de-ce-qui-s-est-passe-dans-un-comite-de-convulsionnaires-tenu-a-paris-le-10-fevrier-apres-midi-2863-678fb5a146620.jpg","type":"image\/jpeg"}],"twitter_card":"summary_large_image","twitter_misc":{"Est. reading time":"3 minutes"},"schema":{"@context":"https:\/\/schema.org","@graph":[{"@type":"WebPage","@id":"https:\/\/www.librairieclavreuil.com\/en\/expose-de-ce-qui-sest-passe-dans-un-comite-de-convulsionnaires-tenu-a-paris-le-10-fevrier-apres-midi-convulsionnaires-manuscrit\/","url":"https:\/\/www.librairieclavreuil.com\/en\/expose-de-ce-qui-sest-passe-dans-un-comite-de-convulsionnaires-tenu-a-paris-le-10-fevrier-apres-midi-convulsionnaires-manuscrit\/","name":"CONVULSIONNAIRES - MANUSCRIT Expos\u00e9 de ce qui s'est pass\u00e9 dans un Comit\u00e9 de Convulsionnaires tenu \u00e0 Paris le 10 f\u00e9vrier apr\u00e8s midi. - Libairie Clavreuil","isPartOf":{"@id":"https:\/\/www.librairieclavreuil.com\/#website"},"primaryImageOfPage":{"@id":"https:\/\/www.librairieclavreuil.com\/en\/expose-de-ce-qui-sest-passe-dans-un-comite-de-convulsionnaires-tenu-a-paris-le-10-fevrier-apres-midi-convulsionnaires-manuscrit\/#primaryimage"},"image":{"@id":"https:\/\/www.librairieclavreuil.com\/en\/expose-de-ce-qui-sest-passe-dans-un-comite-de-convulsionnaires-tenu-a-paris-le-10-fevrier-apres-midi-convulsionnaires-manuscrit\/#primaryimage"},"thumbnailUrl":"https:\/\/www.librairieclavreuil.com\/wp-content\/uploads\/2025\/01\/convulsionnaires-manuscrit-expose-de-ce-qui-s-est-passe-dans-un-comite-de-convulsionnaires-tenu-a-paris-le-10-fevrier-apres-midi-2863-678fb5a146620.jpg","datePublished":"2024-04-18T13:08:40+00:00","dateModified":"2025-06-03T10:19:21+00:00","breadcrumb":{"@id":"https:\/\/www.librairieclavreuil.com\/en\/expose-de-ce-qui-sest-passe-dans-un-comite-de-convulsionnaires-tenu-a-paris-le-10-fevrier-apres-midi-convulsionnaires-manuscrit\/#breadcrumb"},"inLanguage":"en-US","potentialAction":[{"@type":"ReadAction","target":["https:\/\/www.librairieclavreuil.com\/en\/expose-de-ce-qui-sest-passe-dans-un-comite-de-convulsionnaires-tenu-a-paris-le-10-fevrier-apres-midi-convulsionnaires-manuscrit\/"]}]},{"@type":"ImageObject","inLanguage":"en-US","@id":"https:\/\/www.librairieclavreuil.com\/en\/expose-de-ce-qui-sest-passe-dans-un-comite-de-convulsionnaires-tenu-a-paris-le-10-fevrier-apres-midi-convulsionnaires-manuscrit\/#primaryimage","url":"https:\/\/www.librairieclavreuil.com\/wp-content\/uploads\/2025\/01\/convulsionnaires-manuscrit-expose-de-ce-qui-s-est-passe-dans-un-comite-de-convulsionnaires-tenu-a-paris-le-10-fevrier-apres-midi-2863-678fb5a146620.jpg","contentUrl":"https:\/\/www.librairieclavreuil.com\/wp-content\/uploads\/2025\/01\/convulsionnaires-manuscrit-expose-de-ce-qui-s-est-passe-dans-un-comite-de-convulsionnaires-tenu-a-paris-le-10-fevrier-apres-midi-2863-678fb5a146620.jpg","width":622,"height":800},{"@type":"BreadcrumbList","@id":"https:\/\/www.librairieclavreuil.com\/en\/expose-de-ce-qui-sest-passe-dans-un-comite-de-convulsionnaires-tenu-a-paris-le-10-fevrier-apres-midi-convulsionnaires-manuscrit\/#breadcrumb","itemListElement":[{"@type":"ListItem","position":1,"name":"Accueil","item":"https:\/\/www.librairieclavreuil.com\/"},{"@type":"ListItem","position":2,"name":"All our books","item":"https:\/\/www.librairieclavreuil.com\/en\/all-our-books\/"},{"@type":"ListItem","position":3,"name":"CONVULSIONNAIRES &#8211; MANUSCRIT Expos\u00e9 de ce qui s&rsquo;est..."}]},{"@type":"WebSite","@id":"https:\/\/www.librairieclavreuil.com\/#website","url":"https:\/\/www.librairieclavreuil.com\/","name":"Libairie Clavreuil","description":"Livres anciens, manuscrits rares et \u00e9ditions originales \u2013 Librairie Clavreuil","publisher":{"@id":"https:\/\/www.librairieclavreuil.com\/#organization"},"potentialAction":[{"@type":"SearchAction","target":{"@type":"EntryPoint","urlTemplate":"https:\/\/www.librairieclavreuil.com\/?s={search_term_string}"},"query-input":{"@type":"PropertyValueSpecification","valueRequired":true,"valueName":"search_term_string"}}],"inLanguage":"en-US"},{"@type":"Organization","@id":"https:\/\/www.librairieclavreuil.com\/#organization","name":"Libairie Clavreuil","url":"https:\/\/www.librairieclavreuil.com\/","logo":{"@type":"ImageObject","inLanguage":"en-US","@id":"https:\/\/www.librairieclavreuil.com\/#\/schema\/logo\/image\/","url":"https:\/\/www.librairieclavreuil.com\/wp-content\/uploads\/2021\/06\/cropped-LOGO_PNG_DATE-_gold-512x512-1.png","contentUrl":"https:\/\/www.librairieclavreuil.com\/wp-content\/uploads\/2021\/06\/cropped-LOGO_PNG_DATE-_gold-512x512-1.png","width":512,"height":512,"caption":"Libairie Clavreuil"},"image":{"@id":"https:\/\/www.librairieclavreuil.com\/#\/schema\/logo\/image\/"},"sameAs":["https:\/\/www.instagram.com\/librairieclavreuil\/"]}]}},"jetpack_sharing_enabled":true,"_links":{"self":[{"href":"https:\/\/www.librairieclavreuil.com\/en\/wp-json\/wp\/v2\/product\/73227","targetHints":{"allow":["GET"]}}],"collection":[{"href":"https:\/\/www.librairieclavreuil.com\/en\/wp-json\/wp\/v2\/product"}],"about":[{"href":"https:\/\/www.librairieclavreuil.com\/en\/wp-json\/wp\/v2\/types\/product"}],"replies":[{"embeddable":true,"href":"https:\/\/www.librairieclavreuil.com\/en\/wp-json\/wp\/v2\/comments?post=73227"}],"wp:featuredmedia":[{"embeddable":true,"href":"https:\/\/www.librairieclavreuil.com\/en\/wp-json\/wp\/v2\/media\/82339"}],"wp:attachment":[{"href":"https:\/\/www.librairieclavreuil.com\/en\/wp-json\/wp\/v2\/media?parent=73227"}],"wp:term":[{"taxonomy":"product_brand","embeddable":true,"href":"https:\/\/www.librairieclavreuil.com\/en\/wp-json\/wp\/v2\/product_brand?post=73227"},{"taxonomy":"product_cat","embeddable":true,"href":"https:\/\/www.librairieclavreuil.com\/en\/wp-json\/wp\/v2\/product_cat?post=73227"},{"taxonomy":"product_tag","embeddable":true,"href":"https:\/\/www.librairieclavreuil.com\/en\/wp-json\/wp\/v2\/product_tag?post=73227"}],"curies":[{"name":"wp","href":"https:\/\/api.w.org\/{rel}","templated":true}]}}