{"id":73207,"date":"2024-04-18T15:06:41","date_gmt":"2024-04-18T13:06:41","guid":{"rendered":"https:\/\/clavreuil-wordpress.logiciel-arteo.fr\/des-maladies-mentales-considerees-sous-les-rapports-medical-hygienique-et-medico-legal-e-esquirol\/"},"modified":"2025-06-05T14:08:05","modified_gmt":"2025-06-05T12:08:05","slug":"des-maladies-mentales-considerees-sous-les-rapports-medical-hygienique-et-medico-legal-e-esquirol","status":"publish","type":"product","link":"https:\/\/www.librairieclavreuil.com\/en\/des-maladies-mentales-considerees-sous-les-rapports-medical-hygienique-et-medico-legal-e-esquirol\/","title":{"rendered":"ESQUIROL Jean \u00c9tienne Dominique Des maladies mentales consid\u00e9r\u00e9es..."},"content":{"rendered":"<p style=\"text-align:justify\"><i>Garrison-Morton, 4929; Heirs of Hippocrates, 1268; Cat. Norman, 724.<\/i><\/p>\n<p style=\"text-align:justify\"><span style=\"font-variant:small-caps\">First edition of the first modern work on psychiatry, one of the first systematic attempts to classify the varieties of mental illness.<\/span><\/p>\n<p style=\"text-align:justify\">Here Jean-Etienne Esquirol (1772-1840) is the first to apply statistical methods in the clinical study of madness, making <span style=\"font-variant:small-caps\">First edition of the first modern work on psychiatry, one of the first systematic attempts to classify the varieties of mental illness.<\/span><\/p>\n<p style=\"text-align:justify\">Here Jean-Etienne Esquirol (1772-1840) is the first to apply statistical methods in the clinical study of madness, making the first distinction between hallucinations and illusions.<\/p>\n<p style=\"text-align:justify\">&#8220;Esquirol sought to classify and describe the various kinds of insanity he encountered in his practice. Esquirol coined the term monomania, a concept which anticipated the modern view of schizophrenia, and he was the first to distinguish hallucination from illusion&#8230; Des maladies mentales the work for which he is best known, served as a basic text in psychiatry for over fifty years&#8221; (Heirs).<\/p>\n<p style=\"text-align:justify\">&#8220;Along with Pinel, Esquirol is regarded as the founder of the French school of psychiatry&#8221; (Cat. Norman, p.260).<\/p>\n<p style=\"text-align:justify\">Fine copy, complete.<\/p>\n","protected":false},"excerpt":{"rendered":"<p>2 text volumes, 8vo (206 x 133 mm) XVIII, 678 pp. for volume I; 2 unn.ll., 864 pp. for volume II; atlas, 4to (233 x 161 mm) with 27 plates. Text in contemporary red shagreen backed boards, atlas in the original printed wrappers.<\/p>\n","protected":false},"featured_media":82385,"comment_status":"open","ping_status":"closed","template":"","meta":{"_acf_changed":false},"product_brand":[],"product_cat":[548],"product_tag":[1450,1314,1310],"class_list":{"0":"post-73207","1":"product","2":"type-product","3":"status-publish","4":"has-post-thumbnail","6":"product_cat-medicine","7":"product_tag-first-edition","8":"product_tag-general-psychiatry","9":"product_tag-psychiatry","10":"pa_auteur-esquirol-jean-etienne-dominique-2","11":"pa_type-de-livre-printed-book","13":"first","14":"outofstock","15":"shipping-taxable","16":"purchasable","17":"product-type-simple"},"acf":{"artist":"Jean \u00c9tienne Dominique ESQUIROL","chapeau":"","adresse_bibliographique":"Paris, Bailli\u00e8re, 1838","book_type":"Printed book","provenance":"","afficher_prix":""},"yoast_head":"<!-- This site is optimized with the Yoast SEO plugin v24.7 - https:\/\/yoast.com\/wordpress\/plugins\/seo\/ -->\n<title>ESQUIROL Jean \u00c9tienne Dominique Des maladies mentales consid\u00e9r\u00e9es sous les rapports m\u00e9dical, hygi\u00e9nique et m\u00e9dico-l\u00e9gal. - Libairie Clavreuil<\/title>\n<meta name=\"robots\" content=\"index, follow, max-snippet:-1, max-image-preview:large, max-video-preview:-1\" \/>\n<link rel=\"canonical\" href=\"https:\/\/www.librairieclavreuil.com\/en\/des-maladies-mentales-considerees-sous-les-rapports-medical-hygienique-et-medico-legal-e-esquirol\/\" \/>\n<meta property=\"og:locale\" content=\"en_US\" \/>\n<meta property=\"og:type\" content=\"article\" \/>\n<meta property=\"og:title\" content=\"ESQUIROL Jean \u00c9tienne Dominique Des maladies mentales consid\u00e9r\u00e9es sous les rapports m\u00e9dical, hygi\u00e9nique et m\u00e9dico-l\u00e9gal. - Libairie Clavreuil\" \/>\n<meta property=\"og:description\" content=\"2 text volumes, 8vo (206 x 133 mm) XVIII, 678 pp. for volume I; 2 unn.ll., 864 pp. for volume II; atlas, 4to (233 x 161 mm) with 27 plates. Text in contemporary red shagreen backed boards, atlas in the original printed wrappers.\" \/>\n<meta property=\"og:url\" content=\"https:\/\/www.librairieclavreuil.com\/en\/des-maladies-mentales-considerees-sous-les-rapports-medical-hygienique-et-medico-legal-e-esquirol\/\" \/>\n<meta property=\"og:site_name\" content=\"Libairie Clavreuil\" \/>\n<meta property=\"article:modified_time\" content=\"2025-06-05T12:08:05+00:00\" \/>\n<meta property=\"og:image\" content=\"https:\/\/www.librairieclavreuil.com\/wp-content\/uploads\/2025\/01\/jean-etienne-dominique-esquirol-des-maladies-mentales-considerees-sous-les-rapports-medical-hygienique-et-medico-legal-5110-678fbde99ce63.jpg\" \/>\n\t<meta property=\"og:image:width\" content=\"622\" \/>\n\t<meta property=\"og:image:height\" content=\"800\" \/>\n\t<meta property=\"og:image:type\" content=\"image\/jpeg\" \/>\n<meta name=\"twitter:card\" content=\"summary_large_image\" \/>\n<meta name=\"twitter:label1\" content=\"Est. reading time\" \/>\n\t<meta name=\"twitter:data1\" content=\"1 minute\" \/>\n<script type=\"application\/ld+json\" class=\"yoast-schema-graph\">{\"@context\":\"https:\/\/schema.org\",\"@graph\":[{\"@type\":\"WebPage\",\"@id\":\"https:\/\/www.librairieclavreuil.com\/en\/des-maladies-mentales-considerees-sous-les-rapports-medical-hygienique-et-medico-legal-e-esquirol\/\",\"url\":\"https:\/\/www.librairieclavreuil.com\/en\/des-maladies-mentales-considerees-sous-les-rapports-medical-hygienique-et-medico-legal-e-esquirol\/\",\"name\":\"ESQUIROL Jean \u00c9tienne Dominique Des maladies mentales consid\u00e9r\u00e9es sous les rapports m\u00e9dical, hygi\u00e9nique et m\u00e9dico-l\u00e9gal. - Libairie Clavreuil\",\"isPartOf\":{\"@id\":\"https:\/\/www.librairieclavreuil.com\/#website\"},\"primaryImageOfPage\":{\"@id\":\"https:\/\/www.librairieclavreuil.com\/en\/des-maladies-mentales-considerees-sous-les-rapports-medical-hygienique-et-medico-legal-e-esquirol\/#primaryimage\"},\"image\":{\"@id\":\"https:\/\/www.librairieclavreuil.com\/en\/des-maladies-mentales-considerees-sous-les-rapports-medical-hygienique-et-medico-legal-e-esquirol\/#primaryimage\"},\"thumbnailUrl\":\"https:\/\/www.librairieclavreuil.com\/wp-content\/uploads\/2025\/01\/jean-etienne-dominique-esquirol-des-maladies-mentales-considerees-sous-les-rapports-medical-hygienique-et-medico-legal-5110-678fbde99ce63.jpg\",\"datePublished\":\"2024-04-18T13:06:41+00:00\",\"dateModified\":\"2025-06-05T12:08:05+00:00\",\"breadcrumb\":{\"@id\":\"https:\/\/www.librairieclavreuil.com\/en\/des-maladies-mentales-considerees-sous-les-rapports-medical-hygienique-et-medico-legal-e-esquirol\/#breadcrumb\"},\"inLanguage\":\"en-US\",\"potentialAction\":[{\"@type\":\"ReadAction\",\"target\":[\"https:\/\/www.librairieclavreuil.com\/en\/des-maladies-mentales-considerees-sous-les-rapports-medical-hygienique-et-medico-legal-e-esquirol\/\"]}]},{\"@type\":\"ImageObject\",\"inLanguage\":\"en-US\",\"@id\":\"https:\/\/www.librairieclavreuil.com\/en\/des-maladies-mentales-considerees-sous-les-rapports-medical-hygienique-et-medico-legal-e-esquirol\/#primaryimage\",\"url\":\"https:\/\/www.librairieclavreuil.com\/wp-content\/uploads\/2025\/01\/jean-etienne-dominique-esquirol-des-maladies-mentales-considerees-sous-les-rapports-medical-hygienique-et-medico-legal-5110-678fbde99ce63.jpg\",\"contentUrl\":\"https:\/\/www.librairieclavreuil.com\/wp-content\/uploads\/2025\/01\/jean-etienne-dominique-esquirol-des-maladies-mentales-considerees-sous-les-rapports-medical-hygienique-et-medico-legal-5110-678fbde99ce63.jpg\",\"width\":622,\"height\":800},{\"@type\":\"BreadcrumbList\",\"@id\":\"https:\/\/www.librairieclavreuil.com\/en\/des-maladies-mentales-considerees-sous-les-rapports-medical-hygienique-et-medico-legal-e-esquirol\/#breadcrumb\",\"itemListElement\":[{\"@type\":\"ListItem\",\"position\":1,\"name\":\"Accueil\",\"item\":\"https:\/\/www.librairieclavreuil.com\/\"},{\"@type\":\"ListItem\",\"position\":2,\"name\":\"All our books\",\"item\":\"https:\/\/www.librairieclavreuil.com\/en\/all-our-books\/\"},{\"@type\":\"ListItem\",\"position\":3,\"name\":\"ESQUIROL Jean \u00c9tienne Dominique Des maladies mentales consid\u00e9r\u00e9es...\"}]},{\"@type\":\"WebSite\",\"@id\":\"https:\/\/www.librairieclavreuil.com\/#website\",\"url\":\"https:\/\/www.librairieclavreuil.com\/\",\"name\":\"Libairie Clavreuil\",\"description\":\"Livres anciens, manuscrits rares et \u00e9ditions originales \u2013 Librairie Clavreuil\",\"publisher\":{\"@id\":\"https:\/\/www.librairieclavreuil.com\/#organization\"},\"potentialAction\":[{\"@type\":\"SearchAction\",\"target\":{\"@type\":\"EntryPoint\",\"urlTemplate\":\"https:\/\/www.librairieclavreuil.com\/?s={search_term_string}\"},\"query-input\":{\"@type\":\"PropertyValueSpecification\",\"valueRequired\":true,\"valueName\":\"search_term_string\"}}],\"inLanguage\":\"en-US\"},{\"@type\":\"Organization\",\"@id\":\"https:\/\/www.librairieclavreuil.com\/#organization\",\"name\":\"Libairie Clavreuil\",\"url\":\"https:\/\/www.librairieclavreuil.com\/\",\"logo\":{\"@type\":\"ImageObject\",\"inLanguage\":\"en-US\",\"@id\":\"https:\/\/www.librairieclavreuil.com\/#\/schema\/logo\/image\/\",\"url\":\"https:\/\/www.librairieclavreuil.com\/wp-content\/uploads\/2021\/06\/cropped-LOGO_PNG_DATE-_gold-512x512-1.png\",\"contentUrl\":\"https:\/\/www.librairieclavreuil.com\/wp-content\/uploads\/2021\/06\/cropped-LOGO_PNG_DATE-_gold-512x512-1.png\",\"width\":512,\"height\":512,\"caption\":\"Libairie Clavreuil\"},\"image\":{\"@id\":\"https:\/\/www.librairieclavreuil.com\/#\/schema\/logo\/image\/\"},\"sameAs\":[\"https:\/\/www.instagram.com\/librairieclavreuil\/\"]}]}<\/script>\n<!-- \/ Yoast SEO plugin. -->","yoast_head_json":{"title":"ESQUIROL Jean \u00c9tienne Dominique Des maladies mentales consid\u00e9r\u00e9es sous les rapports m\u00e9dical, hygi\u00e9nique et m\u00e9dico-l\u00e9gal. - Libairie Clavreuil","robots":{"index":"index","follow":"follow","max-snippet":"max-snippet:-1","max-image-preview":"max-image-preview:large","max-video-preview":"max-video-preview:-1"},"canonical":"https:\/\/www.librairieclavreuil.com\/en\/des-maladies-mentales-considerees-sous-les-rapports-medical-hygienique-et-medico-legal-e-esquirol\/","og_locale":"en_US","og_type":"article","og_title":"ESQUIROL Jean \u00c9tienne Dominique Des maladies mentales consid\u00e9r\u00e9es sous les rapports m\u00e9dical, hygi\u00e9nique et m\u00e9dico-l\u00e9gal. - Libairie Clavreuil","og_description":"2 text volumes, 8vo (206 x 133 mm) XVIII, 678 pp. for volume I; 2 unn.ll., 864 pp. for volume II; atlas, 4to (233 x 161 mm) with 27 plates. Text in contemporary red shagreen backed boards, atlas in the original printed wrappers.","og_url":"https:\/\/www.librairieclavreuil.com\/en\/des-maladies-mentales-considerees-sous-les-rapports-medical-hygienique-et-medico-legal-e-esquirol\/","og_site_name":"Libairie Clavreuil","article_modified_time":"2025-06-05T12:08:05+00:00","og_image":[{"width":622,"height":800,"url":"https:\/\/www.librairieclavreuil.com\/wp-content\/uploads\/2025\/01\/jean-etienne-dominique-esquirol-des-maladies-mentales-considerees-sous-les-rapports-medical-hygienique-et-medico-legal-5110-678fbde99ce63.jpg","type":"image\/jpeg"}],"twitter_card":"summary_large_image","twitter_misc":{"Est. reading time":"1 minute"},"schema":{"@context":"https:\/\/schema.org","@graph":[{"@type":"WebPage","@id":"https:\/\/www.librairieclavreuil.com\/en\/des-maladies-mentales-considerees-sous-les-rapports-medical-hygienique-et-medico-legal-e-esquirol\/","url":"https:\/\/www.librairieclavreuil.com\/en\/des-maladies-mentales-considerees-sous-les-rapports-medical-hygienique-et-medico-legal-e-esquirol\/","name":"ESQUIROL Jean \u00c9tienne Dominique Des maladies mentales consid\u00e9r\u00e9es sous les rapports m\u00e9dical, hygi\u00e9nique et m\u00e9dico-l\u00e9gal. - Libairie Clavreuil","isPartOf":{"@id":"https:\/\/www.librairieclavreuil.com\/#website"},"primaryImageOfPage":{"@id":"https:\/\/www.librairieclavreuil.com\/en\/des-maladies-mentales-considerees-sous-les-rapports-medical-hygienique-et-medico-legal-e-esquirol\/#primaryimage"},"image":{"@id":"https:\/\/www.librairieclavreuil.com\/en\/des-maladies-mentales-considerees-sous-les-rapports-medical-hygienique-et-medico-legal-e-esquirol\/#primaryimage"},"thumbnailUrl":"https:\/\/www.librairieclavreuil.com\/wp-content\/uploads\/2025\/01\/jean-etienne-dominique-esquirol-des-maladies-mentales-considerees-sous-les-rapports-medical-hygienique-et-medico-legal-5110-678fbde99ce63.jpg","datePublished":"2024-04-18T13:06:41+00:00","dateModified":"2025-06-05T12:08:05+00:00","breadcrumb":{"@id":"https:\/\/www.librairieclavreuil.com\/en\/des-maladies-mentales-considerees-sous-les-rapports-medical-hygienique-et-medico-legal-e-esquirol\/#breadcrumb"},"inLanguage":"en-US","potentialAction":[{"@type":"ReadAction","target":["https:\/\/www.librairieclavreuil.com\/en\/des-maladies-mentales-considerees-sous-les-rapports-medical-hygienique-et-medico-legal-e-esquirol\/"]}]},{"@type":"ImageObject","inLanguage":"en-US","@id":"https:\/\/www.librairieclavreuil.com\/en\/des-maladies-mentales-considerees-sous-les-rapports-medical-hygienique-et-medico-legal-e-esquirol\/#primaryimage","url":"https:\/\/www.librairieclavreuil.com\/wp-content\/uploads\/2025\/01\/jean-etienne-dominique-esquirol-des-maladies-mentales-considerees-sous-les-rapports-medical-hygienique-et-medico-legal-5110-678fbde99ce63.jpg","contentUrl":"https:\/\/www.librairieclavreuil.com\/wp-content\/uploads\/2025\/01\/jean-etienne-dominique-esquirol-des-maladies-mentales-considerees-sous-les-rapports-medical-hygienique-et-medico-legal-5110-678fbde99ce63.jpg","width":622,"height":800},{"@type":"BreadcrumbList","@id":"https:\/\/www.librairieclavreuil.com\/en\/des-maladies-mentales-considerees-sous-les-rapports-medical-hygienique-et-medico-legal-e-esquirol\/#breadcrumb","itemListElement":[{"@type":"ListItem","position":1,"name":"Accueil","item":"https:\/\/www.librairieclavreuil.com\/"},{"@type":"ListItem","position":2,"name":"All our books","item":"https:\/\/www.librairieclavreuil.com\/en\/all-our-books\/"},{"@type":"ListItem","position":3,"name":"ESQUIROL Jean \u00c9tienne Dominique Des maladies mentales consid\u00e9r\u00e9es..."}]},{"@type":"WebSite","@id":"https:\/\/www.librairieclavreuil.com\/#website","url":"https:\/\/www.librairieclavreuil.com\/","name":"Libairie Clavreuil","description":"Livres anciens, manuscrits rares et \u00e9ditions originales \u2013 Librairie Clavreuil","publisher":{"@id":"https:\/\/www.librairieclavreuil.com\/#organization"},"potentialAction":[{"@type":"SearchAction","target":{"@type":"EntryPoint","urlTemplate":"https:\/\/www.librairieclavreuil.com\/?s={search_term_string}"},"query-input":{"@type":"PropertyValueSpecification","valueRequired":true,"valueName":"search_term_string"}}],"inLanguage":"en-US"},{"@type":"Organization","@id":"https:\/\/www.librairieclavreuil.com\/#organization","name":"Libairie Clavreuil","url":"https:\/\/www.librairieclavreuil.com\/","logo":{"@type":"ImageObject","inLanguage":"en-US","@id":"https:\/\/www.librairieclavreuil.com\/#\/schema\/logo\/image\/","url":"https:\/\/www.librairieclavreuil.com\/wp-content\/uploads\/2021\/06\/cropped-LOGO_PNG_DATE-_gold-512x512-1.png","contentUrl":"https:\/\/www.librairieclavreuil.com\/wp-content\/uploads\/2021\/06\/cropped-LOGO_PNG_DATE-_gold-512x512-1.png","width":512,"height":512,"caption":"Libairie Clavreuil"},"image":{"@id":"https:\/\/www.librairieclavreuil.com\/#\/schema\/logo\/image\/"},"sameAs":["https:\/\/www.instagram.com\/librairieclavreuil\/"]}]}},"jetpack_sharing_enabled":true,"_links":{"self":[{"href":"https:\/\/www.librairieclavreuil.com\/en\/wp-json\/wp\/v2\/product\/73207","targetHints":{"allow":["GET"]}}],"collection":[{"href":"https:\/\/www.librairieclavreuil.com\/en\/wp-json\/wp\/v2\/product"}],"about":[{"href":"https:\/\/www.librairieclavreuil.com\/en\/wp-json\/wp\/v2\/types\/product"}],"replies":[{"embeddable":true,"href":"https:\/\/www.librairieclavreuil.com\/en\/wp-json\/wp\/v2\/comments?post=73207"}],"wp:featuredmedia":[{"embeddable":true,"href":"https:\/\/www.librairieclavreuil.com\/en\/wp-json\/wp\/v2\/media\/82385"}],"wp:attachment":[{"href":"https:\/\/www.librairieclavreuil.com\/en\/wp-json\/wp\/v2\/media?parent=73207"}],"wp:term":[{"taxonomy":"product_brand","embeddable":true,"href":"https:\/\/www.librairieclavreuil.com\/en\/wp-json\/wp\/v2\/product_brand?post=73207"},{"taxonomy":"product_cat","embeddable":true,"href":"https:\/\/www.librairieclavreuil.com\/en\/wp-json\/wp\/v2\/product_cat?post=73207"},{"taxonomy":"product_tag","embeddable":true,"href":"https:\/\/www.librairieclavreuil.com\/en\/wp-json\/wp\/v2\/product_tag?post=73207"}],"curies":[{"name":"wp","href":"https:\/\/api.w.org\/{rel}","templated":true}]}}