{"id":72902,"date":"2024-04-18T11:17:25","date_gmt":"2024-04-18T09:17:25","guid":{"rendered":"https:\/\/clavreuil-wordpress.logiciel-arteo.fr\/theorie-du-mouvement-de-la-lune-et-supplement-giovanni-antonio-amedeo-plana\/"},"modified":"2024-07-03T19:42:42","modified_gmt":"2024-07-03T17:42:42","slug":"theorie-du-mouvement-de-la-lune-et-supplement-giovanni-antonio-amedeo-plana","status":"publish","type":"product","link":"https:\/\/www.librairieclavreuil.com\/en\/theorie-du-mouvement-de-la-lune-et-supplement-giovanni-antonio-amedeo-plana\/","title":{"rendered":"PLANA Giovanni Antonio Amedeo Th\u00e9orie du mouvement de..."},"content":{"rendered":"<p><i>Poggendorff, t. II, col. 460-463; Zeitlinger-Sotheran, n\u00b013387; DSB, XI, pp.6.<\/i><\/p>\n<p>The rare first edition of the important work on celestial mechanics.<\/p>\n<p>Dedicated to the King Charles-Albert of Sardinia, this edition is printed on heavy paper.<\/p>\n<p>&#8220;[Plana&#8217;s] study of the moon was inspired by Barnaba Oriani, director of the Brera Observatory in Milan. Oriani had suggested the he and Francesco Carlini, who had done geodesic work with Plana, should attempt to compile reasonably precise lunar tables solely on the basis of the law of universal gravity &#8211; that is, using only the observational data essential to determine the arbitrary constants of the problem. Plana soon quarried with Carlini, who withdrew in disgust; and Plana succeeded alone, after almost twenty years. The results were presented in the three-volume Th\u00e9orie du mouvement de la lune (Turin 1832)&#8230; of notable scientific and philosophical value&#8221; (DSB).<\/p>\n<p>The additional volume contains three offprints by Plana, taken from <i>M\u00e9moires de l&#8217;Acad\u00e9mie des sciences de Turin, S\u00e9rie II, tome XVIII<\/i> sq.:<\/p>\n<p>&#8211; M\u00e9moire sur l&#8217;\u00e9quation s\u00e9culaire du moyen mouvement de la Lune. <i>Turin, Imprimerie Royale, 1856.<\/i> 59 pp. of which the last two pages contain the errata for La Th\u00e9orie du Mouvement de la Lune.<\/p>\n<p>&#8211; Recherches historiques sur la premi\u00e8re explication de l&#8217;\u00e9quation s\u00e9culaire du moyen mouvement de la Lune d&#8217;apr\u00e8s le principe de la gravitation universelle. <i>Turin, Imprimerie Royale, 1857.<\/i> 80 pp.<\/p>\n<p>&#8211; Sur la th\u00e9orie de la Lune. Lettres \u00e0 Mr John W. Lubbock. Communiqu\u00e9es \u00e0 l&#8217;Acad\u00e9mie des Sciences de Turin le 25 Novembre 1860. <i>Turin, Imprimerie Royale, 1860.<\/i> 26 pp.<\/p>\n<p>Very nice untrimmed copy in the original printed boards. Some occasional foxing.<\/p>\n","protected":false},"excerpt":{"rendered":"<p style=\"text-align:justify\">Together 4 volumes, 4to (289 x 212 mm) 6 nn.ll., XVI pp., 4 nn.ll. (including last blank), 794 pp. for volume I; 5 nn.ll., 865 pp., 1 nn.l. (colophon) for volume II; 4 nn.ll., &nbsp;856 pp., 1 nn.l. (colophon) for volume III. Supplement: 59pp.; 80pp.; 26pp. Original publisher&#8217;s boards for volumes I to III (slightly dusty, light wear to corners), the supplement in private boards (portion of spine msising).<\/p>\n","protected":false},"featured_media":72897,"comment_status":"open","ping_status":"closed","template":"","meta":{"_acf_changed":false},"product_brand":[],"product_cat":[550],"product_tag":[1317,1318],"class_list":{"0":"post-72902","1":"product","2":"type-product","3":"status-publish","4":"has-post-thumbnail","6":"product_cat-science","7":"product_tag-astrology","8":"product_tag-watchmaking","9":"pa_auteur-plana-giovanni-antonio-amedeo-2","10":"pa_type-de-livre-printed-book","12":"first","13":"instock","14":"shipping-taxable","15":"purchasable","16":"product-type-simple"},"acf":{"artist":" Giovanni Antonio Amedeo PLANA","chapeau":"","adresse_bibliographique":"Turin, Imprimerie Royale, 1832 & 1856-1860","book_type":"Printed book","provenance":"","afficher_prix":""},"yoast_head":"<!-- This site is optimized with the Yoast SEO plugin v24.7 - https:\/\/yoast.com\/wordpress\/plugins\/seo\/ -->\n<title>PLANA Giovanni Antonio Amedeo Th\u00e9orie du mouvement de la lune. - [Et:] Suppl\u00e9m\u00e9nt. - Libairie Clavreuil<\/title>\n<meta name=\"robots\" content=\"index, follow, max-snippet:-1, max-image-preview:large, max-video-preview:-1\" \/>\n<link rel=\"canonical\" href=\"https:\/\/www.librairieclavreuil.com\/produit\/theorie-du-mouvement-de-la-lune-et-supplement-giovanni-antonio-amedeo-plana\/\" \/>\n<meta property=\"og:locale\" content=\"en_US\" \/>\n<meta property=\"og:type\" content=\"article\" \/>\n<meta property=\"og:title\" content=\"PLANA Giovanni Antonio Amedeo Th\u00e9orie du mouvement de la lune. - [Et:] Suppl\u00e9m\u00e9nt. - Libairie Clavreuil\" \/>\n<meta property=\"og:description\" content=\"Together 4 volumes, 4to (289 x 212 mm) 6 nn.ll., XVI pp., 4 nn.ll. (including last blank), 794 pp. for volume I; 5 nn.ll., 865 pp., 1 nn.l. (colophon) for volume II; 4 nn.ll., &nbsp;856 pp., 1 nn.l. (colophon) for volume III. Supplement: 59pp.; 80pp.; 26pp. Original publisher&#039;s boards for volumes I to III (slightly dusty, light wear to corners), the supplement in private boards (portion of spine msising).\" \/>\n<meta property=\"og:url\" content=\"https:\/\/www.librairieclavreuil.com\/produit\/theorie-du-mouvement-de-la-lune-et-supplement-giovanni-antonio-amedeo-plana\/\" \/>\n<meta property=\"og:site_name\" content=\"Libairie Clavreuil\" \/>\n<meta property=\"article:modified_time\" content=\"2024-07-03T17:42:42+00:00\" \/>\n<meta property=\"og:image\" content=\"https:\/\/www.librairieclavreuil.com\/wp-content\/uploads\/2024\/04\/giovanni-antonio-amedeo-plana-theorie-du-mouvement-de-la-lune-et-supplement-4940-657dae41ed2f4-scaled.jpg\" \/>\n\t<meta property=\"og:image:width\" content=\"1928\" \/>\n\t<meta property=\"og:image:height\" content=\"2560\" \/>\n\t<meta property=\"og:image:type\" content=\"image\/jpeg\" \/>\n<meta name=\"twitter:card\" content=\"summary_large_image\" \/>\n<meta name=\"twitter:label1\" content=\"Est. reading time\" \/>\n\t<meta name=\"twitter:data1\" content=\"1 minute\" \/>\n<script type=\"application\/ld+json\" class=\"yoast-schema-graph\">{\"@context\":\"https:\/\/schema.org\",\"@graph\":[{\"@type\":\"WebPage\",\"@id\":\"https:\/\/www.librairieclavreuil.com\/produit\/theorie-du-mouvement-de-la-lune-et-supplement-giovanni-antonio-amedeo-plana\/\",\"url\":\"https:\/\/www.librairieclavreuil.com\/produit\/theorie-du-mouvement-de-la-lune-et-supplement-giovanni-antonio-amedeo-plana\/\",\"name\":\"PLANA Giovanni Antonio Amedeo Th\u00e9orie du mouvement de la lune. - [Et:] Suppl\u00e9m\u00e9nt. - Libairie Clavreuil\",\"isPartOf\":{\"@id\":\"https:\/\/www.librairieclavreuil.com\/#website\"},\"primaryImageOfPage\":{\"@id\":\"https:\/\/www.librairieclavreuil.com\/produit\/theorie-du-mouvement-de-la-lune-et-supplement-giovanni-antonio-amedeo-plana\/#primaryimage\"},\"image\":{\"@id\":\"https:\/\/www.librairieclavreuil.com\/produit\/theorie-du-mouvement-de-la-lune-et-supplement-giovanni-antonio-amedeo-plana\/#primaryimage\"},\"thumbnailUrl\":\"https:\/\/www.librairieclavreuil.com\/wp-content\/uploads\/2024\/04\/giovanni-antonio-amedeo-plana-theorie-du-mouvement-de-la-lune-et-supplement-4940-657dae41ed2f4-scaled.jpg\",\"datePublished\":\"2024-04-18T09:17:25+00:00\",\"dateModified\":\"2024-07-03T17:42:42+00:00\",\"breadcrumb\":{\"@id\":\"https:\/\/www.librairieclavreuil.com\/produit\/theorie-du-mouvement-de-la-lune-et-supplement-giovanni-antonio-amedeo-plana\/#breadcrumb\"},\"inLanguage\":\"en-US\",\"potentialAction\":[{\"@type\":\"ReadAction\",\"target\":[\"https:\/\/www.librairieclavreuil.com\/produit\/theorie-du-mouvement-de-la-lune-et-supplement-giovanni-antonio-amedeo-plana\/\"]}]},{\"@type\":\"ImageObject\",\"inLanguage\":\"en-US\",\"@id\":\"https:\/\/www.librairieclavreuil.com\/produit\/theorie-du-mouvement-de-la-lune-et-supplement-giovanni-antonio-amedeo-plana\/#primaryimage\",\"url\":\"https:\/\/www.librairieclavreuil.com\/wp-content\/uploads\/2024\/04\/giovanni-antonio-amedeo-plana-theorie-du-mouvement-de-la-lune-et-supplement-4940-657dae41ed2f4-scaled.jpg\",\"contentUrl\":\"https:\/\/www.librairieclavreuil.com\/wp-content\/uploads\/2024\/04\/giovanni-antonio-amedeo-plana-theorie-du-mouvement-de-la-lune-et-supplement-4940-657dae41ed2f4-scaled.jpg\",\"width\":1928,\"height\":2560},{\"@type\":\"BreadcrumbList\",\"@id\":\"https:\/\/www.librairieclavreuil.com\/produit\/theorie-du-mouvement-de-la-lune-et-supplement-giovanni-antonio-amedeo-plana\/#breadcrumb\",\"itemListElement\":[{\"@type\":\"ListItem\",\"position\":1,\"name\":\"Accueil\",\"item\":\"https:\/\/www.librairieclavreuil.com\/\"},{\"@type\":\"ListItem\",\"position\":2,\"name\":\"All our books\",\"item\":\"https:\/\/www.librairieclavreuil.com\/en\/all-our-books\/\"},{\"@type\":\"ListItem\",\"position\":3,\"name\":\"PLANA Giovanni Antonio Amedeo Th\u00e9orie du mouvement de...\"}]},{\"@type\":\"WebSite\",\"@id\":\"https:\/\/www.librairieclavreuil.com\/#website\",\"url\":\"https:\/\/www.librairieclavreuil.com\/\",\"name\":\"Libairie Clavreuil\",\"description\":\"Livres anciens, manuscrits rares et \u00e9ditions originales \u2013 Librairie Clavreuil\",\"publisher\":{\"@id\":\"https:\/\/www.librairieclavreuil.com\/#organization\"},\"potentialAction\":[{\"@type\":\"SearchAction\",\"target\":{\"@type\":\"EntryPoint\",\"urlTemplate\":\"https:\/\/www.librairieclavreuil.com\/?s={search_term_string}\"},\"query-input\":{\"@type\":\"PropertyValueSpecification\",\"valueRequired\":true,\"valueName\":\"search_term_string\"}}],\"inLanguage\":\"en-US\"},{\"@type\":\"Organization\",\"@id\":\"https:\/\/www.librairieclavreuil.com\/#organization\",\"name\":\"Libairie Clavreuil\",\"url\":\"https:\/\/www.librairieclavreuil.com\/\",\"logo\":{\"@type\":\"ImageObject\",\"inLanguage\":\"en-US\",\"@id\":\"https:\/\/www.librairieclavreuil.com\/#\/schema\/logo\/image\/\",\"url\":\"https:\/\/www.librairieclavreuil.com\/wp-content\/uploads\/2021\/06\/cropped-LOGO_PNG_DATE-_gold-512x512-1.png\",\"contentUrl\":\"https:\/\/www.librairieclavreuil.com\/wp-content\/uploads\/2021\/06\/cropped-LOGO_PNG_DATE-_gold-512x512-1.png\",\"width\":512,\"height\":512,\"caption\":\"Libairie Clavreuil\"},\"image\":{\"@id\":\"https:\/\/www.librairieclavreuil.com\/#\/schema\/logo\/image\/\"},\"sameAs\":[\"https:\/\/www.instagram.com\/librairieclavreuil\/\"]}]}<\/script>\n<!-- \/ Yoast SEO plugin. -->","yoast_head_json":{"title":"PLANA Giovanni Antonio Amedeo Th\u00e9orie du mouvement de la lune. - [Et:] Suppl\u00e9m\u00e9nt. - Libairie Clavreuil","robots":{"index":"index","follow":"follow","max-snippet":"max-snippet:-1","max-image-preview":"max-image-preview:large","max-video-preview":"max-video-preview:-1"},"canonical":"https:\/\/www.librairieclavreuil.com\/produit\/theorie-du-mouvement-de-la-lune-et-supplement-giovanni-antonio-amedeo-plana\/","og_locale":"en_US","og_type":"article","og_title":"PLANA Giovanni Antonio Amedeo Th\u00e9orie du mouvement de la lune. - [Et:] Suppl\u00e9m\u00e9nt. - Libairie Clavreuil","og_description":"Together 4 volumes, 4to (289 x 212 mm) 6 nn.ll., XVI pp., 4 nn.ll. (including last blank), 794 pp. for volume I; 5 nn.ll., 865 pp., 1 nn.l. (colophon) for volume II; 4 nn.ll., &nbsp;856 pp., 1 nn.l. (colophon) for volume III. Supplement: 59pp.; 80pp.; 26pp. Original publisher's boards for volumes I to III (slightly dusty, light wear to corners), the supplement in private boards (portion of spine msising).","og_url":"https:\/\/www.librairieclavreuil.com\/produit\/theorie-du-mouvement-de-la-lune-et-supplement-giovanni-antonio-amedeo-plana\/","og_site_name":"Libairie Clavreuil","article_modified_time":"2024-07-03T17:42:42+00:00","og_image":[{"width":1928,"height":2560,"url":"https:\/\/www.librairieclavreuil.com\/wp-content\/uploads\/2024\/04\/giovanni-antonio-amedeo-plana-theorie-du-mouvement-de-la-lune-et-supplement-4940-657dae41ed2f4-scaled.jpg","type":"image\/jpeg"}],"twitter_card":"summary_large_image","twitter_misc":{"Est. reading time":"1 minute"},"schema":{"@context":"https:\/\/schema.org","@graph":[{"@type":"WebPage","@id":"https:\/\/www.librairieclavreuil.com\/produit\/theorie-du-mouvement-de-la-lune-et-supplement-giovanni-antonio-amedeo-plana\/","url":"https:\/\/www.librairieclavreuil.com\/produit\/theorie-du-mouvement-de-la-lune-et-supplement-giovanni-antonio-amedeo-plana\/","name":"PLANA Giovanni Antonio Amedeo Th\u00e9orie du mouvement de la lune. - [Et:] Suppl\u00e9m\u00e9nt. - Libairie Clavreuil","isPartOf":{"@id":"https:\/\/www.librairieclavreuil.com\/#website"},"primaryImageOfPage":{"@id":"https:\/\/www.librairieclavreuil.com\/produit\/theorie-du-mouvement-de-la-lune-et-supplement-giovanni-antonio-amedeo-plana\/#primaryimage"},"image":{"@id":"https:\/\/www.librairieclavreuil.com\/produit\/theorie-du-mouvement-de-la-lune-et-supplement-giovanni-antonio-amedeo-plana\/#primaryimage"},"thumbnailUrl":"https:\/\/www.librairieclavreuil.com\/wp-content\/uploads\/2024\/04\/giovanni-antonio-amedeo-plana-theorie-du-mouvement-de-la-lune-et-supplement-4940-657dae41ed2f4-scaled.jpg","datePublished":"2024-04-18T09:17:25+00:00","dateModified":"2024-07-03T17:42:42+00:00","breadcrumb":{"@id":"https:\/\/www.librairieclavreuil.com\/produit\/theorie-du-mouvement-de-la-lune-et-supplement-giovanni-antonio-amedeo-plana\/#breadcrumb"},"inLanguage":"en-US","potentialAction":[{"@type":"ReadAction","target":["https:\/\/www.librairieclavreuil.com\/produit\/theorie-du-mouvement-de-la-lune-et-supplement-giovanni-antonio-amedeo-plana\/"]}]},{"@type":"ImageObject","inLanguage":"en-US","@id":"https:\/\/www.librairieclavreuil.com\/produit\/theorie-du-mouvement-de-la-lune-et-supplement-giovanni-antonio-amedeo-plana\/#primaryimage","url":"https:\/\/www.librairieclavreuil.com\/wp-content\/uploads\/2024\/04\/giovanni-antonio-amedeo-plana-theorie-du-mouvement-de-la-lune-et-supplement-4940-657dae41ed2f4-scaled.jpg","contentUrl":"https:\/\/www.librairieclavreuil.com\/wp-content\/uploads\/2024\/04\/giovanni-antonio-amedeo-plana-theorie-du-mouvement-de-la-lune-et-supplement-4940-657dae41ed2f4-scaled.jpg","width":1928,"height":2560},{"@type":"BreadcrumbList","@id":"https:\/\/www.librairieclavreuil.com\/produit\/theorie-du-mouvement-de-la-lune-et-supplement-giovanni-antonio-amedeo-plana\/#breadcrumb","itemListElement":[{"@type":"ListItem","position":1,"name":"Accueil","item":"https:\/\/www.librairieclavreuil.com\/"},{"@type":"ListItem","position":2,"name":"All our books","item":"https:\/\/www.librairieclavreuil.com\/en\/all-our-books\/"},{"@type":"ListItem","position":3,"name":"PLANA Giovanni Antonio Amedeo Th\u00e9orie du mouvement de..."}]},{"@type":"WebSite","@id":"https:\/\/www.librairieclavreuil.com\/#website","url":"https:\/\/www.librairieclavreuil.com\/","name":"Libairie Clavreuil","description":"Livres anciens, manuscrits rares et \u00e9ditions originales \u2013 Librairie Clavreuil","publisher":{"@id":"https:\/\/www.librairieclavreuil.com\/#organization"},"potentialAction":[{"@type":"SearchAction","target":{"@type":"EntryPoint","urlTemplate":"https:\/\/www.librairieclavreuil.com\/?s={search_term_string}"},"query-input":{"@type":"PropertyValueSpecification","valueRequired":true,"valueName":"search_term_string"}}],"inLanguage":"en-US"},{"@type":"Organization","@id":"https:\/\/www.librairieclavreuil.com\/#organization","name":"Libairie Clavreuil","url":"https:\/\/www.librairieclavreuil.com\/","logo":{"@type":"ImageObject","inLanguage":"en-US","@id":"https:\/\/www.librairieclavreuil.com\/#\/schema\/logo\/image\/","url":"https:\/\/www.librairieclavreuil.com\/wp-content\/uploads\/2021\/06\/cropped-LOGO_PNG_DATE-_gold-512x512-1.png","contentUrl":"https:\/\/www.librairieclavreuil.com\/wp-content\/uploads\/2021\/06\/cropped-LOGO_PNG_DATE-_gold-512x512-1.png","width":512,"height":512,"caption":"Libairie Clavreuil"},"image":{"@id":"https:\/\/www.librairieclavreuil.com\/#\/schema\/logo\/image\/"},"sameAs":["https:\/\/www.instagram.com\/librairieclavreuil\/"]}]}},"jetpack_sharing_enabled":true,"_links":{"self":[{"href":"https:\/\/www.librairieclavreuil.com\/en\/wp-json\/wp\/v2\/product\/72902","targetHints":{"allow":["GET"]}}],"collection":[{"href":"https:\/\/www.librairieclavreuil.com\/en\/wp-json\/wp\/v2\/product"}],"about":[{"href":"https:\/\/www.librairieclavreuil.com\/en\/wp-json\/wp\/v2\/types\/product"}],"replies":[{"embeddable":true,"href":"https:\/\/www.librairieclavreuil.com\/en\/wp-json\/wp\/v2\/comments?post=72902"}],"wp:featuredmedia":[{"embeddable":true,"href":"https:\/\/www.librairieclavreuil.com\/en\/wp-json\/wp\/v2\/media\/72897"}],"wp:attachment":[{"href":"https:\/\/www.librairieclavreuil.com\/en\/wp-json\/wp\/v2\/media?parent=72902"}],"wp:term":[{"taxonomy":"product_brand","embeddable":true,"href":"https:\/\/www.librairieclavreuil.com\/en\/wp-json\/wp\/v2\/product_brand?post=72902"},{"taxonomy":"product_cat","embeddable":true,"href":"https:\/\/www.librairieclavreuil.com\/en\/wp-json\/wp\/v2\/product_cat?post=72902"},{"taxonomy":"product_tag","embeddable":true,"href":"https:\/\/www.librairieclavreuil.com\/en\/wp-json\/wp\/v2\/product_tag?post=72902"}],"curies":[{"name":"wp","href":"https:\/\/api.w.org\/{rel}","templated":true}]}}