{"id":72122,"date":"2024-04-17T11:19:48","date_gmt":"2024-04-17T09:19:48","guid":{"rendered":"https:\/\/clavreuil-wordpress.logiciel-arteo.fr\/theorie-generale-des-equations-algebriques-etienne-bezout\/"},"modified":"2025-06-03T12:15:33","modified_gmt":"2025-06-03T10:15:33","slug":"theorie-generale-des-equations-algebriques-etienne-bezout","status":"publish","type":"product","link":"https:\/\/www.librairieclavreuil.com\/en\/theorie-generale-des-equations-algebriques-etienne-bezout\/","title":{"rendered":"BEZOUT Etienne Th\u00e9orie g\u00e9n\u00e9rale des \u00e9quations alg\u00e9briques."},"content":{"rendered":"<p style=\"text-align:justify\"><i>D.S.B., II, pp. 111 sq.<\/i><\/p>\n<p style=\"text-align:justify\"><span style=\"font-variant:small-caps\">First edition of the author&#8217;s major work.<\/span><\/p>\n<p style=\"text-align:justify\">&#8220;It was not until 1779 that Bezout published his <i>Th\u00e9orie des \u00e9quations alg\u00e9briques<\/i>, his major work on elimination theory. Its best-known achievement is the statement and proof of Bezout&#8217;s theorem : &#8216;The degree of the final equation resulting from any number of complete equations in the same number of unknowns, and of any degrees, is equal to the product of the degrees of the equations. &#8216;Bezout, following Euler, defined a complete polynomial as one that contains each possible combination of the unknowns whose degree is more than the degree of the polynomial. Bezout also computed that the degree of the resultant equation is less that the product of the degrees for various systems of incomplete equations&#8230; The proof makes one marvel at the ingenuity of Bezout, who, like Euler, not only could manipulate formulas but also had the ability to choose those manipulations that would be fruitful&#8221; (D.S.B.).<\/p>\n<p style=\"text-align:justify\">Fine copy, well preserved in its first binding.<\/p>\n","protected":false},"excerpt":{"rendered":"<p style=\"text-align:justify\">4to (252 x 198 mm), 2 nn.ll. (title and dedication leaf), XXVIII, 471 pp. Contemporary cats-paw calf, triple gilt fillet on covers, central coat of arms of Antoine-Jacques Amelot de Chaillou (OHR 1248), spine gilt with five raised bands, blue marbled edges.<\/p>\n","protected":false},"featured_media":82315,"comment_status":"open","ping_status":"closed","template":"","meta":{"_acf_changed":false},"product_brand":[],"product_cat":[550],"product_tag":[947,1270,1450,1331,1330],"class_list":{"0":"post-72122","1":"product","2":"type-product","3":"status-publish","4":"has-post-thumbnail","6":"product_cat-science","7":"product_tag-algebra","8":"product_tag-armoured","9":"product_tag-first-edition","10":"product_tag-geometry","11":"product_tag-mathematics","12":"pa_auteur-bezout-etienne-2","13":"pa_type-de-livre-printed-book","15":"first","16":"instock","17":"shipping-taxable","18":"purchasable","19":"product-type-simple"},"acf":{"artist":" Etienne BEZOUT","chapeau":"His major work on elimination theory","adresse_bibliographique":"Paris, De l'Imprimerie de Ph.-D. Pierres, 1779","book_type":"Printed book","provenance":"","afficher_prix":""},"yoast_head":"<!-- This site is optimized with the Yoast SEO plugin v24.7 - https:\/\/yoast.com\/wordpress\/plugins\/seo\/ -->\n<title>BEZOUT Etienne Th\u00e9orie g\u00e9n\u00e9rale des \u00e9quations alg\u00e9briques. - Libairie Clavreuil<\/title>\n<meta name=\"robots\" content=\"index, follow, max-snippet:-1, max-image-preview:large, max-video-preview:-1\" \/>\n<link rel=\"canonical\" href=\"https:\/\/www.librairieclavreuil.com\/en\/theorie-generale-des-equations-algebriques-etienne-bezout\/\" \/>\n<meta property=\"og:locale\" content=\"en_US\" \/>\n<meta property=\"og:type\" content=\"article\" \/>\n<meta property=\"og:title\" content=\"BEZOUT Etienne Th\u00e9orie g\u00e9n\u00e9rale des \u00e9quations alg\u00e9briques. - Libairie Clavreuil\" \/>\n<meta property=\"og:description\" content=\"4to (252 x 198 mm), 2 nn.ll. (title and dedication leaf), XXVIII, 471 pp. Contemporary cats-paw calf, triple gilt fillet on covers, central coat of arms of Antoine-Jacques Amelot de Chaillou (OHR 1248), spine gilt with five raised bands, blue marbled edges.\" \/>\n<meta property=\"og:url\" content=\"https:\/\/www.librairieclavreuil.com\/en\/theorie-generale-des-equations-algebriques-etienne-bezout\/\" \/>\n<meta property=\"og:site_name\" content=\"Libairie Clavreuil\" \/>\n<meta property=\"article:modified_time\" content=\"2025-06-03T10:15:33+00:00\" \/>\n<meta property=\"og:image\" content=\"https:\/\/www.librairieclavreuil.com\/wp-content\/uploads\/2025\/01\/etienne-bezout-theorie-generale-des-equations-algebriques-4492-678fb185c7cbf.jpg\" \/>\n\t<meta property=\"og:image:width\" content=\"622\" \/>\n\t<meta property=\"og:image:height\" content=\"800\" \/>\n\t<meta property=\"og:image:type\" content=\"image\/jpeg\" \/>\n<meta name=\"twitter:card\" content=\"summary_large_image\" \/>\n<meta name=\"twitter:label1\" content=\"Est. reading time\" \/>\n\t<meta name=\"twitter:data1\" content=\"1 minute\" \/>\n<script type=\"application\/ld+json\" class=\"yoast-schema-graph\">{\"@context\":\"https:\/\/schema.org\",\"@graph\":[{\"@type\":\"WebPage\",\"@id\":\"https:\/\/www.librairieclavreuil.com\/en\/theorie-generale-des-equations-algebriques-etienne-bezout\/\",\"url\":\"https:\/\/www.librairieclavreuil.com\/en\/theorie-generale-des-equations-algebriques-etienne-bezout\/\",\"name\":\"BEZOUT Etienne Th\u00e9orie g\u00e9n\u00e9rale des \u00e9quations alg\u00e9briques. - Libairie Clavreuil\",\"isPartOf\":{\"@id\":\"https:\/\/www.librairieclavreuil.com\/#website\"},\"primaryImageOfPage\":{\"@id\":\"https:\/\/www.librairieclavreuil.com\/en\/theorie-generale-des-equations-algebriques-etienne-bezout\/#primaryimage\"},\"image\":{\"@id\":\"https:\/\/www.librairieclavreuil.com\/en\/theorie-generale-des-equations-algebriques-etienne-bezout\/#primaryimage\"},\"thumbnailUrl\":\"https:\/\/www.librairieclavreuil.com\/wp-content\/uploads\/2025\/01\/etienne-bezout-theorie-generale-des-equations-algebriques-4492-678fb185c7cbf.jpg\",\"datePublished\":\"2024-04-17T09:19:48+00:00\",\"dateModified\":\"2025-06-03T10:15:33+00:00\",\"breadcrumb\":{\"@id\":\"https:\/\/www.librairieclavreuil.com\/en\/theorie-generale-des-equations-algebriques-etienne-bezout\/#breadcrumb\"},\"inLanguage\":\"en-US\",\"potentialAction\":[{\"@type\":\"ReadAction\",\"target\":[\"https:\/\/www.librairieclavreuil.com\/en\/theorie-generale-des-equations-algebriques-etienne-bezout\/\"]}]},{\"@type\":\"ImageObject\",\"inLanguage\":\"en-US\",\"@id\":\"https:\/\/www.librairieclavreuil.com\/en\/theorie-generale-des-equations-algebriques-etienne-bezout\/#primaryimage\",\"url\":\"https:\/\/www.librairieclavreuil.com\/wp-content\/uploads\/2025\/01\/etienne-bezout-theorie-generale-des-equations-algebriques-4492-678fb185c7cbf.jpg\",\"contentUrl\":\"https:\/\/www.librairieclavreuil.com\/wp-content\/uploads\/2025\/01\/etienne-bezout-theorie-generale-des-equations-algebriques-4492-678fb185c7cbf.jpg\",\"width\":622,\"height\":800},{\"@type\":\"BreadcrumbList\",\"@id\":\"https:\/\/www.librairieclavreuil.com\/en\/theorie-generale-des-equations-algebriques-etienne-bezout\/#breadcrumb\",\"itemListElement\":[{\"@type\":\"ListItem\",\"position\":1,\"name\":\"Accueil\",\"item\":\"https:\/\/www.librairieclavreuil.com\/\"},{\"@type\":\"ListItem\",\"position\":2,\"name\":\"All our books\",\"item\":\"https:\/\/www.librairieclavreuil.com\/en\/all-our-books\/\"},{\"@type\":\"ListItem\",\"position\":3,\"name\":\"BEZOUT Etienne Th\u00e9orie g\u00e9n\u00e9rale des \u00e9quations alg\u00e9briques.\"}]},{\"@type\":\"WebSite\",\"@id\":\"https:\/\/www.librairieclavreuil.com\/#website\",\"url\":\"https:\/\/www.librairieclavreuil.com\/\",\"name\":\"Libairie Clavreuil\",\"description\":\"Livres anciens, manuscrits rares et \u00e9ditions originales \u2013 Librairie Clavreuil\",\"publisher\":{\"@id\":\"https:\/\/www.librairieclavreuil.com\/#organization\"},\"potentialAction\":[{\"@type\":\"SearchAction\",\"target\":{\"@type\":\"EntryPoint\",\"urlTemplate\":\"https:\/\/www.librairieclavreuil.com\/?s={search_term_string}\"},\"query-input\":{\"@type\":\"PropertyValueSpecification\",\"valueRequired\":true,\"valueName\":\"search_term_string\"}}],\"inLanguage\":\"en-US\"},{\"@type\":\"Organization\",\"@id\":\"https:\/\/www.librairieclavreuil.com\/#organization\",\"name\":\"Libairie Clavreuil\",\"url\":\"https:\/\/www.librairieclavreuil.com\/\",\"logo\":{\"@type\":\"ImageObject\",\"inLanguage\":\"en-US\",\"@id\":\"https:\/\/www.librairieclavreuil.com\/#\/schema\/logo\/image\/\",\"url\":\"https:\/\/www.librairieclavreuil.com\/wp-content\/uploads\/2021\/06\/cropped-LOGO_PNG_DATE-_gold-512x512-1.png\",\"contentUrl\":\"https:\/\/www.librairieclavreuil.com\/wp-content\/uploads\/2021\/06\/cropped-LOGO_PNG_DATE-_gold-512x512-1.png\",\"width\":512,\"height\":512,\"caption\":\"Libairie Clavreuil\"},\"image\":{\"@id\":\"https:\/\/www.librairieclavreuil.com\/#\/schema\/logo\/image\/\"},\"sameAs\":[\"https:\/\/www.instagram.com\/librairieclavreuil\/\"]}]}<\/script>\n<!-- \/ Yoast SEO plugin. -->","yoast_head_json":{"title":"BEZOUT Etienne Th\u00e9orie g\u00e9n\u00e9rale des \u00e9quations alg\u00e9briques. - Libairie Clavreuil","robots":{"index":"index","follow":"follow","max-snippet":"max-snippet:-1","max-image-preview":"max-image-preview:large","max-video-preview":"max-video-preview:-1"},"canonical":"https:\/\/www.librairieclavreuil.com\/en\/theorie-generale-des-equations-algebriques-etienne-bezout\/","og_locale":"en_US","og_type":"article","og_title":"BEZOUT Etienne Th\u00e9orie g\u00e9n\u00e9rale des \u00e9quations alg\u00e9briques. - Libairie Clavreuil","og_description":"4to (252 x 198 mm), 2 nn.ll. (title and dedication leaf), XXVIII, 471 pp. Contemporary cats-paw calf, triple gilt fillet on covers, central coat of arms of Antoine-Jacques Amelot de Chaillou (OHR 1248), spine gilt with five raised bands, blue marbled edges.","og_url":"https:\/\/www.librairieclavreuil.com\/en\/theorie-generale-des-equations-algebriques-etienne-bezout\/","og_site_name":"Libairie Clavreuil","article_modified_time":"2025-06-03T10:15:33+00:00","og_image":[{"width":622,"height":800,"url":"https:\/\/www.librairieclavreuil.com\/wp-content\/uploads\/2025\/01\/etienne-bezout-theorie-generale-des-equations-algebriques-4492-678fb185c7cbf.jpg","type":"image\/jpeg"}],"twitter_card":"summary_large_image","twitter_misc":{"Est. reading time":"1 minute"},"schema":{"@context":"https:\/\/schema.org","@graph":[{"@type":"WebPage","@id":"https:\/\/www.librairieclavreuil.com\/en\/theorie-generale-des-equations-algebriques-etienne-bezout\/","url":"https:\/\/www.librairieclavreuil.com\/en\/theorie-generale-des-equations-algebriques-etienne-bezout\/","name":"BEZOUT Etienne Th\u00e9orie g\u00e9n\u00e9rale des \u00e9quations alg\u00e9briques. - Libairie Clavreuil","isPartOf":{"@id":"https:\/\/www.librairieclavreuil.com\/#website"},"primaryImageOfPage":{"@id":"https:\/\/www.librairieclavreuil.com\/en\/theorie-generale-des-equations-algebriques-etienne-bezout\/#primaryimage"},"image":{"@id":"https:\/\/www.librairieclavreuil.com\/en\/theorie-generale-des-equations-algebriques-etienne-bezout\/#primaryimage"},"thumbnailUrl":"https:\/\/www.librairieclavreuil.com\/wp-content\/uploads\/2025\/01\/etienne-bezout-theorie-generale-des-equations-algebriques-4492-678fb185c7cbf.jpg","datePublished":"2024-04-17T09:19:48+00:00","dateModified":"2025-06-03T10:15:33+00:00","breadcrumb":{"@id":"https:\/\/www.librairieclavreuil.com\/en\/theorie-generale-des-equations-algebriques-etienne-bezout\/#breadcrumb"},"inLanguage":"en-US","potentialAction":[{"@type":"ReadAction","target":["https:\/\/www.librairieclavreuil.com\/en\/theorie-generale-des-equations-algebriques-etienne-bezout\/"]}]},{"@type":"ImageObject","inLanguage":"en-US","@id":"https:\/\/www.librairieclavreuil.com\/en\/theorie-generale-des-equations-algebriques-etienne-bezout\/#primaryimage","url":"https:\/\/www.librairieclavreuil.com\/wp-content\/uploads\/2025\/01\/etienne-bezout-theorie-generale-des-equations-algebriques-4492-678fb185c7cbf.jpg","contentUrl":"https:\/\/www.librairieclavreuil.com\/wp-content\/uploads\/2025\/01\/etienne-bezout-theorie-generale-des-equations-algebriques-4492-678fb185c7cbf.jpg","width":622,"height":800},{"@type":"BreadcrumbList","@id":"https:\/\/www.librairieclavreuil.com\/en\/theorie-generale-des-equations-algebriques-etienne-bezout\/#breadcrumb","itemListElement":[{"@type":"ListItem","position":1,"name":"Accueil","item":"https:\/\/www.librairieclavreuil.com\/"},{"@type":"ListItem","position":2,"name":"All our books","item":"https:\/\/www.librairieclavreuil.com\/en\/all-our-books\/"},{"@type":"ListItem","position":3,"name":"BEZOUT Etienne Th\u00e9orie g\u00e9n\u00e9rale des \u00e9quations alg\u00e9briques."}]},{"@type":"WebSite","@id":"https:\/\/www.librairieclavreuil.com\/#website","url":"https:\/\/www.librairieclavreuil.com\/","name":"Libairie Clavreuil","description":"Livres anciens, manuscrits rares et \u00e9ditions originales \u2013 Librairie Clavreuil","publisher":{"@id":"https:\/\/www.librairieclavreuil.com\/#organization"},"potentialAction":[{"@type":"SearchAction","target":{"@type":"EntryPoint","urlTemplate":"https:\/\/www.librairieclavreuil.com\/?s={search_term_string}"},"query-input":{"@type":"PropertyValueSpecification","valueRequired":true,"valueName":"search_term_string"}}],"inLanguage":"en-US"},{"@type":"Organization","@id":"https:\/\/www.librairieclavreuil.com\/#organization","name":"Libairie Clavreuil","url":"https:\/\/www.librairieclavreuil.com\/","logo":{"@type":"ImageObject","inLanguage":"en-US","@id":"https:\/\/www.librairieclavreuil.com\/#\/schema\/logo\/image\/","url":"https:\/\/www.librairieclavreuil.com\/wp-content\/uploads\/2021\/06\/cropped-LOGO_PNG_DATE-_gold-512x512-1.png","contentUrl":"https:\/\/www.librairieclavreuil.com\/wp-content\/uploads\/2021\/06\/cropped-LOGO_PNG_DATE-_gold-512x512-1.png","width":512,"height":512,"caption":"Libairie Clavreuil"},"image":{"@id":"https:\/\/www.librairieclavreuil.com\/#\/schema\/logo\/image\/"},"sameAs":["https:\/\/www.instagram.com\/librairieclavreuil\/"]}]}},"jetpack_sharing_enabled":true,"_links":{"self":[{"href":"https:\/\/www.librairieclavreuil.com\/en\/wp-json\/wp\/v2\/product\/72122","targetHints":{"allow":["GET"]}}],"collection":[{"href":"https:\/\/www.librairieclavreuil.com\/en\/wp-json\/wp\/v2\/product"}],"about":[{"href":"https:\/\/www.librairieclavreuil.com\/en\/wp-json\/wp\/v2\/types\/product"}],"replies":[{"embeddable":true,"href":"https:\/\/www.librairieclavreuil.com\/en\/wp-json\/wp\/v2\/comments?post=72122"}],"wp:featuredmedia":[{"embeddable":true,"href":"https:\/\/www.librairieclavreuil.com\/en\/wp-json\/wp\/v2\/media\/82315"}],"wp:attachment":[{"href":"https:\/\/www.librairieclavreuil.com\/en\/wp-json\/wp\/v2\/media?parent=72122"}],"wp:term":[{"taxonomy":"product_brand","embeddable":true,"href":"https:\/\/www.librairieclavreuil.com\/en\/wp-json\/wp\/v2\/product_brand?post=72122"},{"taxonomy":"product_cat","embeddable":true,"href":"https:\/\/www.librairieclavreuil.com\/en\/wp-json\/wp\/v2\/product_cat?post=72122"},{"taxonomy":"product_tag","embeddable":true,"href":"https:\/\/www.librairieclavreuil.com\/en\/wp-json\/wp\/v2\/product_tag?post=72122"}],"curies":[{"name":"wp","href":"https:\/\/api.w.org\/{rel}","templated":true}]}}